{"id":18337,"date":"2021-01-25T19:49:45","date_gmt":"2021-01-25T19:49:45","guid":{"rendered":"https:\/\/www.adra.sk\/?page_id=18337"},"modified":"2025-07-01T13:29:48","modified_gmt":"2025-07-01T13:29:48","slug":"fotogalerie","status":"publish","type":"page","link":"https:\/\/www.adra.sk\/en\/fotogalerie\/","title":{"rendered":"Photo Gallery"},"content":{"rendered":"<div data-elementor-type=\"wp-page\" data-elementor-id=\"18337\" class=\"elementor elementor-18337\" data-elementor-post-type=\"page\">\n\t\t\t\t\t\t<section class=\"elementor-section elementor-top-section elementor-element elementor-element-7b39e525 elementor-section-boxed elementor-section-height-default elementor-section-height-default\" data-id=\"7b39e525\" data-element_type=\"section\" data-e-type=\"section\">\n\t\t\t\t\t\t<div class=\"elementor-container elementor-column-gap-default\">\n\t\t\t\t\t<div class=\"elementor-column elementor-col-100 elementor-top-column elementor-element elementor-element-4fdacd52\" data-id=\"4fdacd52\" data-element_type=\"column\" data-e-type=\"column\">\n\t\t\t<div class=\"elementor-widget-wrap elementor-element-populated\">\n\t\t\t\t\t\t<div class=\"elementor-element elementor-element-18d28511 elementor-widget elementor-widget-text-editor\" data-id=\"18d28511\" data-element_type=\"widget\" data-e-type=\"widget\" data-widget_type=\"text-editor.default\">\n\t\t\t\t<div class=\"elementor-widget-container\">\n\t\t\t\t\t\t\t\t\t\n\t<div class=\"ngg-albumoverview default-view\">\n\t\t\t\t\t<div class=\"ngg-album-compact\">\n\t\t\t\t<div class=\"ngg-album-compactbox\">\n\t\t\t\t\t<div class=\"ngg-album-link\">\n\t\t\t\t\t\t\t\t\t\t\t\t\t\t\t\t\t\t\t\t\t<a title='ADRA CUP 2025' href='https:\/\/www.adra.sk\/en\/fotogalerie\/nggallery\/fotogalerie\/adra-cup-2025'>\n\t\t\t\t\t\t\t\t\t<img class=\"Thumb\"\n\t\t\t\t\t\t\t\t\t\talt=\"ADRA CUP 2025\"\n\t\t\t\t\t\t\t\t\t\tsrc=\"https:\/\/www.adra.sk\/wp-content\/gallery\/adra-cup-2025\/cache\/20250622_162515.jpg-nggid042285-ngg0dyn-240x160x100-00f0w010c011r110f110r010t010.jpg\"\/>\n\t\t\t\t\t\t\t\t<\/a>\n\t\t\t\t\t\t\t\t\t\t\t\t\t\t\t\t\t\t<\/div>\n\t\t\t\t<\/div>\n\t\t\t\t\t\t\t\t<h4>\n\t\t\t\t\t<a class='ngg-album-desc'\n\t\t\t\t\ttitle='ADRA CUP 2025' href='https:\/\/www.adra.sk\/en\/fotogalerie\/nggallery\/fotogalerie\/adra-cup-2025'style=\"max-width: 260px\"\t\t\t\t\t>\n\t\t\t\t\t\tADRA CUP 2025\t\t\t\t\t<\/a>\n\t\t\t\t<\/h4>\n\t\t\t\t<p class=\"ngg-album-gallery-image-counter\">\n\t\t\t\t\t\t\t\t\t\t\t<strong>27<\/strong>&nbsp;Photos\t\t\t\t\t\t\t\t\t<\/p>\n\t\t\t<\/div>\n\t\t\t\t\t<div class=\"ngg-album-compact\">\n\t\t\t\t<div class=\"ngg-album-compactbox\">\n\t\t\t\t\t<div class=\"ngg-album-link\">\n\t\t\t\t\t\t\t\t\t\t\t\t\t\t\t\t\t\t\t\t\t<a title='DSS Sosnicia' href='https:\/\/www.adra.sk\/en\/fotogalerie\/nggallery\/fotogalerie\/dss-sosnicia'>\n\t\t\t\t\t\t\t\t\t<img class=\"Thumb\"\n\t\t\t\t\t\t\t\t\t\talt=\"DSS Sosnicia\"\n\t\t\t\t\t\t\t\t\t\tsrc=\"https:\/\/www.adra.sk\/wp-content\/gallery\/dss-sosnicia\/cache\/20250521_142531.jpg-nggid042269-ngg0dyn-240x160x100-00f0w010c011r110f110r010t010.jpg\"\/>\n\t\t\t\t\t\t\t\t<\/a>\n\t\t\t\t\t\t\t\t\t\t\t\t\t\t\t\t\t\t<\/div>\n\t\t\t\t<\/div>\n\t\t\t\t\t\t\t\t<h4>\n\t\t\t\t\t<a class='ngg-album-desc'\n\t\t\t\t\ttitle='DSS Sosnicia' href='https:\/\/www.adra.sk\/en\/fotogalerie\/nggallery\/fotogalerie\/dss-sosnicia'style=\"max-width: 260px\"\t\t\t\t\t>\n\t\t\t\t\t\tDSS Sosnicia\t\t\t\t\t<\/a>\n\t\t\t\t<\/h4>\n\t\t\t\t<p class=\"ngg-album-gallery-image-counter\">\n\t\t\t\t\t\t\t\t\t\t\t<strong>16<\/strong>&nbsp;Photos\t\t\t\t\t\t\t\t\t<\/p>\n\t\t\t<\/div>\n\t\t\t\t\t<div class=\"ngg-album-compact\">\n\t\t\t\t<div class=\"ngg-album-compactbox\">\n\t\t\t\t\t<div class=\"ngg-album-link\">\n\t\t\t\t\t\t\t\t\t\t\t\t\t\t\t\t\t\t\t\t\t<a title='Chernihiv generators' href='https:\/\/www.adra.sk\/en\/fotogalerie\/nggallery\/fotogalerie\/cernihiv-generatory'>\n\t\t\t\t\t\t\t\t\t<img class=\"Thumb\"\n\t\t\t\t\t\t\t\t\t\talt=\"\u010cernihiv generatory\"\n\t\t\t\t\t\t\t\t\t\tsrc=\"https:\/\/www.adra.sk\/wp-content\/gallery\/cernihiv-generatory\/cache\/20250520_142323.jpg-nggid042256-ngg0dyn-240x160x100-00f0w010c011r110f110r010t010.jpg\"\/>\n\t\t\t\t\t\t\t\t<\/a>\n\t\t\t\t\t\t\t\t\t\t\t\t\t\t\t\t\t\t<\/div>\n\t\t\t\t<\/div>\n\t\t\t\t\t\t\t\t<h4>\n\t\t\t\t\t<a class='ngg-album-desc'\n\t\t\t\t\ttitle='Chernihiv generators' href='https:\/\/www.adra.sk\/en\/fotogalerie\/nggallery\/fotogalerie\/cernihiv-generatory'style=\"max-width: 260px\"\t\t\t\t\t>\n\t\t\t\t\t\tChernihiv generators\t\t\t\t\t<\/a>\n\t\t\t\t<\/h4>\n\t\t\t\t<p class=\"ngg-album-gallery-image-counter\">\n\t\t\t\t\t\t\t\t\t\t\t<strong>14<\/strong>&nbsp;Photos\t\t\t\t\t\t\t\t\t<\/p>\n\t\t\t<\/div>\n\t\t\t\t\t<div class=\"ngg-album-compact\">\n\t\t\t\t<div class=\"ngg-album-compactbox\">\n\t\t\t\t\t<div class=\"ngg-album-link\">\n\t\t\t\t\t\t\t\t\t\t\t\t\t\t\t\t\t\t\t\t\t<a title='Shostka Hospital 2025' href='https:\/\/www.adra.sk\/en\/fotogalerie\/nggallery\/fotogalerie\/sostka-nemocnica-2025'>\n\t\t\t\t\t\t\t\t\t<img class=\"Thumb\"\n\t\t\t\t\t\t\t\t\t\talt=\"\u0160ostka nemocnica 2025\"\n\t\t\t\t\t\t\t\t\t\tsrc=\"https:\/\/www.adra.sk\/wp-content\/gallery\/sostka-nemocnica-2025\/cache\/IMG-20250522-WA0055.jpg-nggid042245-ngg0dyn-240x160x100-00f0w010c011r110f110r010t010.jpg\"\/>\n\t\t\t\t\t\t\t\t<\/a>\n\t\t\t\t\t\t\t\t\t\t\t\t\t\t\t\t\t\t<\/div>\n\t\t\t\t<\/div>\n\t\t\t\t\t\t\t\t<h4>\n\t\t\t\t\t<a class='ngg-album-desc'\n\t\t\t\t\ttitle='Shostka Hospital 2025' href='https:\/\/www.adra.sk\/en\/fotogalerie\/nggallery\/fotogalerie\/sostka-nemocnica-2025'style=\"max-width: 260px\"\t\t\t\t\t>\n\t\t\t\t\t\tShostka Hospital 2025\t\t\t\t\t<\/a>\n\t\t\t\t<\/h4>\n\t\t\t\t<p class=\"ngg-album-gallery-image-counter\">\n\t\t\t\t\t\t\t\t\t\t\t<strong>7<\/strong>&nbsp;Photos\t\t\t\t\t\t\t\t\t<\/p>\n\t\t\t<\/div>\n\t\t\t\t\t<div class=\"ngg-album-compact\">\n\t\t\t\t<div class=\"ngg-album-compactbox\">\n\t\t\t\t\t<div class=\"ngg-album-link\">\n\t\t\t\t\t\t\t\t\t\t\t\t\t\t\t\t\t\t\t\t\t<a title='25_05 - Slovakia - ERT training' href='https:\/\/www.adra.sk\/en\/fotogalerie\/nggallery\/fotogalerie\/25_05-slovensko-ert-trening'>\n\t\t\t\t\t\t\t\t\t<img class=\"Thumb\"\n\t\t\t\t\t\t\t\t\t\talt=\"25_05 - Slovensko - ERT trening\"\n\t\t\t\t\t\t\t\t\t\tsrc=\"https:\/\/www.adra.sk\/wp-content\/gallery\/25_05-slovensko-ert-trening\/cache\/IMG-20250505-WA0012.jpg-nggid042185-ngg0dyn-240x160x100-00f0w010c011r110f110r010t010.jpg\"\/>\n\t\t\t\t\t\t\t\t<\/a>\n\t\t\t\t\t\t\t\t\t\t\t\t\t\t\t\t\t\t<\/div>\n\t\t\t\t<\/div>\n\t\t\t\t\t\t\t\t<h4>\n\t\t\t\t\t<a class='ngg-album-desc'\n\t\t\t\t\ttitle='25_05 - Slovakia - ERT training' href='https:\/\/www.adra.sk\/en\/fotogalerie\/nggallery\/fotogalerie\/25_05-slovensko-ert-trening'style=\"max-width: 260px\"\t\t\t\t\t>\n\t\t\t\t\t\t25_05 - Slovakia - ERT training\t\t\t\t\t<\/a>\n\t\t\t\t<\/h4>\n\t\t\t\t<p class=\"ngg-album-gallery-image-counter\">\n\t\t\t\t\t\t\t\t\t\t\t<strong>32<\/strong>&nbsp;Photos\t\t\t\t\t\t\t\t\t<\/p>\n\t\t\t<\/div>\n\t\t\t\t\t<div class=\"ngg-album-compact\">\n\t\t\t\t<div class=\"ngg-album-compactbox\">\n\t\t\t\t\t<div class=\"ngg-album-link\">\n\t\t\t\t\t\t\t\t\t\t\t\t\t\t\t\t\t\t\t\t\t<a title='Seniors to seniors ' href='https:\/\/www.adra.sk\/en\/fotogalerie\/nggallery\/fotogalerie\/seniori-seniorom'>\n\t\t\t\t\t\t\t\t\t<img class=\"Thumb\"\n\t\t\t\t\t\t\t\t\t\talt=\"Seniori seniorom \"\n\t\t\t\t\t\t\t\t\t\tsrc=\"https:\/\/www.adra.sk\/wp-content\/gallery\/seniori-seniorom\/cache\/IMG-20250409-WA0001.jpg-nggid042171-ngg0dyn-240x160x100-00f0w010c011r110f110r010t010.jpg\"\/>\n\t\t\t\t\t\t\t\t<\/a>\n\t\t\t\t\t\t\t\t\t\t\t\t\t\t\t\t\t\t<\/div>\n\t\t\t\t<\/div>\n\t\t\t\t\t\t\t\t<h4>\n\t\t\t\t\t<a class='ngg-album-desc'\n\t\t\t\t\ttitle='Seniors to seniors ' href='https:\/\/www.adra.sk\/en\/fotogalerie\/nggallery\/fotogalerie\/seniori-seniorom'style=\"max-width: 260px\"\t\t\t\t\t>\n\t\t\t\t\t\tSeniors to seniors \t\t\t\t\t<\/a>\n\t\t\t\t<\/h4>\n\t\t\t\t<p class=\"ngg-album-gallery-image-counter\">\n\t\t\t\t\t\t\t\t\t\t\t<strong>12<\/strong>&nbsp;Photos\t\t\t\t\t\t\t\t\t<\/p>\n\t\t\t<\/div>\n\t\t\t\t\t<div class=\"ngg-album-compact\">\n\t\t\t\t<div class=\"ngg-album-compactbox\">\n\t\t\t\t\t<div class=\"ngg-album-link\">\n\t\t\t\t\t\t\t\t\t\t\t\t\t\t\t\t\t\t\t\t\t<a title='25_03 - Uganda - A heart in the palm of your hand for Annika Joachim' href='https:\/\/www.adra.sk\/en\/fotogalerie\/nggallery\/fotogalerie\/25_03-uganda-srdce-na-dlani-pre-anicku-joachimovu'>\n\t\t\t\t\t\t\t\t\t<img class=\"Thumb\"\n\t\t\t\t\t\t\t\t\t\talt=\"25_03 - Uganda - Srdce na dlani pre Ani\u010dku Joach\u00edmov\u00fa\"\n\t\t\t\t\t\t\t\t\t\tsrc=\"https:\/\/www.adra.sk\/wp-content\/gallery\/25_03-uganda-srdce-na-dlani-pre-anicku-joachimovu\/cache\/Kopia-suboru-R6__8966-43.jpg-nggid042168-ngg0dyn-240x160x100-00f0w010c011r110f110r010t010.jpg\"\/>\n\t\t\t\t\t\t\t\t<\/a>\n\t\t\t\t\t\t\t\t\t\t\t\t\t\t\t\t\t\t<\/div>\n\t\t\t\t<\/div>\n\t\t\t\t\t\t\t\t<h4>\n\t\t\t\t\t<a class='ngg-album-desc'\n\t\t\t\t\ttitle='25_03 - Uganda - A heart in the palm of your hand for Annika Joachim' href='https:\/\/www.adra.sk\/en\/fotogalerie\/nggallery\/fotogalerie\/25_03-uganda-srdce-na-dlani-pre-anicku-joachimovu'style=\"max-width: 260px\"\t\t\t\t\t>\n\t\t\t\t\t\t25_03 - Uganda - A heart in the palm of your hand for Annika Joachim\t\t\t\t\t<\/a>\n\t\t\t\t<\/h4>\n\t\t\t\t<p class=\"ngg-album-gallery-image-counter\">\n\t\t\t\t\t\t\t\t\t\t\t<strong>4<\/strong>&nbsp;Photos\t\t\t\t\t\t\t\t\t<\/p>\n\t\t\t<\/div>\n\t\t\t\t\t<div class=\"ngg-album-compact\">\n\t\t\t\t<div class=\"ngg-album-compactbox\">\n\t\t\t\t\t<div class=\"ngg-album-link\">\n\t\t\t\t\t\t\t\t\t\t\t\t\t\t\t\t\t\t\t\t\t<a title='Kyaka lunches' href='https:\/\/www.adra.sk\/en\/fotogalerie\/nggallery\/fotogalerie\/obedy-kyaka'>\n\t\t\t\t\t\t\t\t\t<img class=\"Thumb\"\n\t\t\t\t\t\t\t\t\t\talt=\"Obedy Kyaka\"\n\t\t\t\t\t\t\t\t\t\tsrc=\"https:\/\/www.adra.sk\/wp-content\/gallery\/obedy-kyaka\/cache\/20250221_111054.jpg-nggid042155-ngg0dyn-240x160x100-00f0w010c011r110f110r010t010.jpg\"\/>\n\t\t\t\t\t\t\t\t<\/a>\n\t\t\t\t\t\t\t\t\t\t\t\t\t\t\t\t\t\t<\/div>\n\t\t\t\t<\/div>\n\t\t\t\t\t\t\t\t<h4>\n\t\t\t\t\t<a class='ngg-album-desc'\n\t\t\t\t\ttitle='Kyaka lunches' href='https:\/\/www.adra.sk\/en\/fotogalerie\/nggallery\/fotogalerie\/obedy-kyaka'style=\"max-width: 260px\"\t\t\t\t\t>\n\t\t\t\t\t\tKyaka lunches\t\t\t\t\t<\/a>\n\t\t\t\t<\/h4>\n\t\t\t\t<p class=\"ngg-album-gallery-image-counter\">\n\t\t\t\t\t\t\t\t\t\t\t<strong>12<\/strong>&nbsp;Photos\t\t\t\t\t\t\t\t\t<\/p>\n\t\t\t<\/div>\n\t\t\t\t\t<div class=\"ngg-album-compact\">\n\t\t\t\t<div class=\"ngg-album-compactbox\">\n\t\t\t\t\t<div class=\"ngg-album-link\">\n\t\t\t\t\t\t\t\t\t\t\t\t\t\t\t\t\t\t\t\t\t<a title='25_02 - Slovakia - Fire in Lomni\u010dka' href='https:\/\/www.adra.sk\/en\/fotogalerie\/nggallery\/fotogalerie\/25_02-slovensko-poziar-v-lomnicke'>\n\t\t\t\t\t\t\t\t\t<img class=\"Thumb\"\n\t\t\t\t\t\t\t\t\t\talt=\"25_02 - Slovensko - Po\u017eiar v Lomni\u010dke\"\n\t\t\t\t\t\t\t\t\t\tsrc=\"https:\/\/www.adra.sk\/wp-content\/gallery\/25_02-slovensko-poziar-v-lomnicke\/cache\/IMG-20250224-WA0001.jpg-nggid042148-ngg0dyn-240x160x100-00f0w010c011r110f110r010t010.jpg\"\/>\n\t\t\t\t\t\t\t\t<\/a>\n\t\t\t\t\t\t\t\t\t\t\t\t\t\t\t\t\t\t<\/div>\n\t\t\t\t<\/div>\n\t\t\t\t\t\t\t\t<h4>\n\t\t\t\t\t<a class='ngg-album-desc'\n\t\t\t\t\ttitle='25_02 - Slovakia - Fire in Lomni\u010dka' href='https:\/\/www.adra.sk\/en\/fotogalerie\/nggallery\/fotogalerie\/25_02-slovensko-poziar-v-lomnicke'style=\"max-width: 260px\"\t\t\t\t\t>\n\t\t\t\t\t\t25_02 - Slovakia - Fire in Lomni\u010dka\t\t\t\t\t<\/a>\n\t\t\t\t<\/h4>\n\t\t\t\t<p class=\"ngg-album-gallery-image-counter\">\n\t\t\t\t\t\t\t\t\t\t\t<strong>8<\/strong>&nbsp;Photos\t\t\t\t\t\t\t\t\t<\/p>\n\t\t\t<\/div>\n\t\t\t\t\t<div class=\"ngg-album-compact\">\n\t\t\t\t<div class=\"ngg-album-compactbox\">\n\t\t\t\t\t<div class=\"ngg-album-link\">\n\t\t\t\t\t\t\t\t\t\t\t\t\t\t\t\t\t\t\t\t\t<a title='24_12 - Syria - containers' href='https:\/\/www.adra.sk\/en\/fotogalerie\/nggallery\/fotogalerie\/24_12-syria-kontajnery'>\n\t\t\t\t\t\t\t\t\t<img class=\"Thumb\"\n\t\t\t\t\t\t\t\t\t\talt=\"24_12 - S\u00fdria - kontajnery\"\n\t\t\t\t\t\t\t\t\t\tsrc=\"https:\/\/www.adra.sk\/wp-content\/gallery\/24_12-syria-kontajnery\/cache\/20241202_110409.jpg-nggid042092-ngg0dyn-240x160x100-00f0w010c011r110f110r010t010.jpg\"\/>\n\t\t\t\t\t\t\t\t<\/a>\n\t\t\t\t\t\t\t\t\t\t\t\t\t\t\t\t\t\t<\/div>\n\t\t\t\t<\/div>\n\t\t\t\t\t\t\t\t<h4>\n\t\t\t\t\t<a class='ngg-album-desc'\n\t\t\t\t\ttitle='24_12 - Syria - containers' href='https:\/\/www.adra.sk\/en\/fotogalerie\/nggallery\/fotogalerie\/24_12-syria-kontajnery'style=\"max-width: 260px\"\t\t\t\t\t>\n\t\t\t\t\t\t24_12 - Syria - containers\t\t\t\t\t<\/a>\n\t\t\t\t<\/h4>\n\t\t\t\t<p class=\"ngg-album-gallery-image-counter\">\n\t\t\t\t\t\t\t\t\t\t\t<strong>4<\/strong>&nbsp;Photos\t\t\t\t\t\t\t\t\t<\/p>\n\t\t\t<\/div>\n\t\t\t\t\t<div class=\"ngg-album-compact\">\n\t\t\t\t<div class=\"ngg-album-compactbox\">\n\t\t\t\t\t<div class=\"ngg-album-link\">\n\t\t\t\t\t\t\t\t\t\t\t\t\t\t\t\t\t\t\t\t\t<a title='24_11 - Ukraine - Dnipro briquettes' href='https:\/\/www.adra.sk\/en\/fotogalerie\/nggallery\/fotogalerie\/24_11-ukrajina-dnipro-brikety'>\n\t\t\t\t\t\t\t\t\t<img class=\"Thumb\"\n\t\t\t\t\t\t\t\t\t\talt=\"24_11 - Ukrajina - Dnipro brikety\"\n\t\t\t\t\t\t\t\t\t\tsrc=\"https:\/\/www.adra.sk\/wp-content\/gallery\/24_11-ukrajina-dnipro-brikety\/cache\/IMG-20241105-WA0002.jpg-nggid042086-ngg0dyn-240x160x100-00f0w010c011r110f110r010t010.jpg\"\/>\n\t\t\t\t\t\t\t\t<\/a>\n\t\t\t\t\t\t\t\t\t\t\t\t\t\t\t\t\t\t<\/div>\n\t\t\t\t<\/div>\n\t\t\t\t\t\t\t\t<h4>\n\t\t\t\t\t<a class='ngg-album-desc'\n\t\t\t\t\ttitle='24_11 - Ukraine - Dnipro briquettes' href='https:\/\/www.adra.sk\/en\/fotogalerie\/nggallery\/fotogalerie\/24_11-ukrajina-dnipro-brikety'style=\"max-width: 260px\"\t\t\t\t\t>\n\t\t\t\t\t\t24_11 - Ukraine - Dnipro briquettes\t\t\t\t\t<\/a>\n\t\t\t\t<\/h4>\n\t\t\t\t<p class=\"ngg-album-gallery-image-counter\">\n\t\t\t\t\t\t\t\t\t\t\t<strong>7<\/strong>&nbsp;Photos\t\t\t\t\t\t\t\t\t<\/p>\n\t\t\t<\/div>\n\t\t\t\t\t<div class=\"ngg-album-compact\">\n\t\t\t\t<div class=\"ngg-album-compactbox\">\n\t\t\t\t\t<div class=\"ngg-album-link\">\n\t\t\t\t\t\t\t\t\t\t\t\t\t\t\t\t\t\t\t\t\t<a title='UKRAINE Totals ' href='https:\/\/www.adra.sk\/en\/fotogalerie\/nggallery\/fotogalerie\/ukrajina-sumy'>\n\t\t\t\t\t\t\t\t\t<img class=\"Thumb\"\n\t\t\t\t\t\t\t\t\t\talt=\"UKRAJINA Sumy \"\n\t\t\t\t\t\t\t\t\t\tsrc=\"https:\/\/www.adra.sk\/wp-content\/gallery\/ukrajina-sumy\/cache\/KBE_4036.jpg-nggid042066-ngg0dyn-240x160x100-00f0w010c011r110f110r010t010.jpg\"\/>\n\t\t\t\t\t\t\t\t<\/a>\n\t\t\t\t\t\t\t\t\t\t\t\t\t\t\t\t\t\t<\/div>\n\t\t\t\t<\/div>\n\t\t\t\t\t\t\t\t<h4>\n\t\t\t\t\t<a class='ngg-album-desc'\n\t\t\t\t\ttitle='UKRAINE Totals ' href='https:\/\/www.adra.sk\/en\/fotogalerie\/nggallery\/fotogalerie\/ukrajina-sumy'style=\"max-width: 260px\"\t\t\t\t\t>\n\t\t\t\t\t\tUKRAINE Totals \t\t\t\t\t<\/a>\n\t\t\t\t<\/h4>\n\t\t\t\t<p class=\"ngg-album-gallery-image-counter\">\n\t\t\t\t\t\t\t\t\t\t\t<strong>16<\/strong>&nbsp;Photos\t\t\t\t\t\t\t\t\t<\/p>\n\t\t\t<\/div>\n\t\t\t\t\t<div class=\"ngg-album-compact\">\n\t\t\t\t<div class=\"ngg-album-compactbox\">\n\t\t\t\t\t<div class=\"ngg-album-link\">\n\t\t\t\t\t\t\t\t\t\t\t\t\t\t\t\t\t\t\t\t\t<a title='24_08 - Gaza - Aid en route to Gaza' href='https:\/\/www.adra.sk\/en\/fotogalerie\/nggallery\/fotogalerie\/24_08-gaza-pomoc-na-ceste-do-gazy'>\n\t\t\t\t\t\t\t\t\t<img class=\"Thumb\"\n\t\t\t\t\t\t\t\t\t\talt=\"24_08 - Gaza - Pomoc na ceste do Gazy\"\n\t\t\t\t\t\t\t\t\t\tsrc=\"https:\/\/www.adra.sk\/wp-content\/gallery\/24_08-gaza-pomoc-na-ceste-do-gazy\/cache\/455970117_910591174430949_4042132685993513157_n.jpg-nggid042058-ngg0dyn-240x160x100-00f0w010c011r110f110r010t010.jpg\"\/>\n\t\t\t\t\t\t\t\t<\/a>\n\t\t\t\t\t\t\t\t\t\t\t\t\t\t\t\t\t\t<\/div>\n\t\t\t\t<\/div>\n\t\t\t\t\t\t\t\t<h4>\n\t\t\t\t\t<a class='ngg-album-desc'\n\t\t\t\t\ttitle='24_08 - Gaza - Aid en route to Gaza' href='https:\/\/www.adra.sk\/en\/fotogalerie\/nggallery\/fotogalerie\/24_08-gaza-pomoc-na-ceste-do-gazy'style=\"max-width: 260px\"\t\t\t\t\t>\n\t\t\t\t\t\t24_08 - Gaza - Aid en route to Gaza\t\t\t\t\t<\/a>\n\t\t\t\t<\/h4>\n\t\t\t\t<p class=\"ngg-album-gallery-image-counter\">\n\t\t\t\t\t\t\t\t\t\t\t<strong>12<\/strong>&nbsp;Photos\t\t\t\t\t\t\t\t\t<\/p>\n\t\t\t<\/div>\n\t\t\t\t\t<div class=\"ngg-album-compact\">\n\t\t\t\t<div class=\"ngg-album-compactbox\">\n\t\t\t\t\t<div class=\"ngg-album-link\">\n\t\t\t\t\t\t\t\t\t\t\t\t\t\t\t\t\t\t\t\t\t<a title='Cernihiv Hospital' href='https:\/\/www.adra.sk\/en\/fotogalerie\/nggallery\/fotogalerie\/cernihiv-nemocnica'>\n\t\t\t\t\t\t\t\t\t<img class=\"Thumb\"\n\t\t\t\t\t\t\t\t\t\talt=\"Cernihiv nemocnica\"\n\t\t\t\t\t\t\t\t\t\tsrc=\"https:\/\/www.adra.sk\/wp-content\/gallery\/cernihiv-nemocnica\/cache\/KUB_4098.jpg-nggid041975-ngg0dyn-240x160x100-00f0w010c011r110f110r010t010.jpg\"\/>\n\t\t\t\t\t\t\t\t<\/a>\n\t\t\t\t\t\t\t\t\t\t\t\t\t\t\t\t\t\t<\/div>\n\t\t\t\t<\/div>\n\t\t\t\t\t\t\t\t<h4>\n\t\t\t\t\t<a class='ngg-album-desc'\n\t\t\t\t\ttitle='Cernihiv Hospital' href='https:\/\/www.adra.sk\/en\/fotogalerie\/nggallery\/fotogalerie\/cernihiv-nemocnica'style=\"max-width: 260px\"\t\t\t\t\t>\n\t\t\t\t\t\tCernihiv Hospital\t\t\t\t\t<\/a>\n\t\t\t\t<\/h4>\n\t\t\t\t<p class=\"ngg-album-gallery-image-counter\">\n\t\t\t\t\t\t\t\t\t\t\t<strong>19<\/strong>&nbsp;Photos\t\t\t\t\t\t\t\t\t<\/p>\n\t\t\t<\/div>\n\t\t\t\t\t<div class=\"ngg-album-compact\">\n\t\t\t\t<div class=\"ngg-album-compactbox\">\n\t\t\t\t\t<div class=\"ngg-album-link\">\n\t\t\t\t\t\t\t\t\t\t\t\t\t\t\t\t\t\t\t\t\t<a title='24_06 - Ukraine - fabrics for the Chernihiv Apprenticeship' href='https:\/\/www.adra.sk\/en\/fotogalerie\/nggallery\/fotogalerie\/24_06-ukrajina-latky-pre-uciliste-v-cernihive'>\n\t\t\t\t\t\t\t\t\t<img class=\"Thumb\"\n\t\t\t\t\t\t\t\t\t\talt=\"24_06 - Ukrajina - l\u00e1tky pre u\u010dili\u0161te v \u010cernihive\"\n\t\t\t\t\t\t\t\t\t\tsrc=\"https:\/\/www.adra.sk\/wp-content\/gallery\/24_06-ukrajina-latky-pre-uciliste-v-cernihive\/cache\/Donor-Martina-Kapustova.jpg-nggid041960-ngg0dyn-240x160x100-00f0w010c011r110f110r010t010.jpg\"\/>\n\t\t\t\t\t\t\t\t<\/a>\n\t\t\t\t\t\t\t\t\t\t\t\t\t\t\t\t\t\t<\/div>\n\t\t\t\t<\/div>\n\t\t\t\t\t\t\t\t<h4>\n\t\t\t\t\t<a class='ngg-album-desc'\n\t\t\t\t\ttitle='24_06 - Ukraine - fabrics for the Chernihiv Apprenticeship' href='https:\/\/www.adra.sk\/en\/fotogalerie\/nggallery\/fotogalerie\/24_06-ukrajina-latky-pre-uciliste-v-cernihive'style=\"max-width: 260px\"\t\t\t\t\t>\n\t\t\t\t\t\t24_06 - Ukraine - fabrics for the Chernihiv Apprenticeship\t\t\t\t\t<\/a>\n\t\t\t\t<\/h4>\n\t\t\t\t<p class=\"ngg-album-gallery-image-counter\">\n\t\t\t\t\t\t\t\t\t\t\t<strong>10<\/strong>&nbsp;Photos\t\t\t\t\t\t\t\t\t<\/p>\n\t\t\t<\/div>\n\t\t\t\t\t<div class=\"ngg-album-compact\">\n\t\t\t\t<div class=\"ngg-album-compactbox\">\n\t\t\t\t\t<div class=\"ngg-album-link\">\n\t\t\t\t\t\t\t\t\t\t\t\t\t\t\t\t\t\t\t\t\t<a title='24_03 - Ukraine Semenivka' href='https:\/\/www.adra.sk\/en\/fotogalerie\/nggallery\/fotogalerie\/24_03-ukrajina-semenivka'>\n\t\t\t\t\t\t\t\t\t<img class=\"Thumb\"\n\t\t\t\t\t\t\t\t\t\talt=\"24_03 - Ukrajina Semenivka\"\n\t\t\t\t\t\t\t\t\t\tsrc=\"https:\/\/www.adra.sk\/wp-content\/gallery\/24_03-ukrajina-semenivka\/cache\/KUB_4200.jpg-nggid041939-ngg0dyn-240x160x100-00f0w010c011r110f110r010t010.jpg\"\/>\n\t\t\t\t\t\t\t\t<\/a>\n\t\t\t\t\t\t\t\t\t\t\t\t\t\t\t\t\t\t<\/div>\n\t\t\t\t<\/div>\n\t\t\t\t\t\t\t\t<h4>\n\t\t\t\t\t<a class='ngg-album-desc'\n\t\t\t\t\ttitle='24_03 - Ukraine Semenivka' href='https:\/\/www.adra.sk\/en\/fotogalerie\/nggallery\/fotogalerie\/24_03-ukrajina-semenivka'style=\"max-width: 260px\"\t\t\t\t\t>\n\t\t\t\t\t\t24_03 - Ukraine Semenivka\t\t\t\t\t<\/a>\n\t\t\t\t<\/h4>\n\t\t\t\t<p class=\"ngg-album-gallery-image-counter\">\n\t\t\t\t\t\t\t\t\t\t\t<strong>20<\/strong>&nbsp;Photos\t\t\t\t\t\t\t\t\t<\/p>\n\t\t\t<\/div>\n\t\t\t\t\t<div class=\"ngg-album-compact\">\n\t\t\t\t<div class=\"ngg-album-compactbox\">\n\t\t\t\t\t<div class=\"ngg-album-link\">\n\t\t\t\t\t\t\t\t\t\t\t\t\t\t\t\t\t\t\t\t\t<a title='24_03 - Jampil Ukraine, packages' href='https:\/\/www.adra.sk\/en\/fotogalerie\/nggallery\/fotogalerie\/24_03-jampil-ukrajina-baliky'>\n\t\t\t\t\t\t\t\t\t<img class=\"Thumb\"\n\t\t\t\t\t\t\t\t\t\talt=\"24_03 - Jampi\u013e Ukrajina, bal\u00edky\"\n\t\t\t\t\t\t\t\t\t\tsrc=\"https:\/\/www.adra.sk\/wp-content\/gallery\/03_24-jampil-ukrajina-baliky\/cache\/IMG-20240316-WA0002.jpg-nggid041920-ngg0dyn-240x160x100-00f0w010c011r110f110r010t010.jpg\"\/>\n\t\t\t\t\t\t\t\t<\/a>\n\t\t\t\t\t\t\t\t\t\t\t\t\t\t\t\t\t\t<\/div>\n\t\t\t\t<\/div>\n\t\t\t\t\t\t\t\t<h4>\n\t\t\t\t\t<a class='ngg-album-desc'\n\t\t\t\t\ttitle='24_03 - Jampil Ukraine, packages' href='https:\/\/www.adra.sk\/en\/fotogalerie\/nggallery\/fotogalerie\/24_03-jampil-ukrajina-baliky'style=\"max-width: 260px\"\t\t\t\t\t>\n\t\t\t\t\t\t24_03 - Jampil Ukraine, packages\t\t\t\t\t<\/a>\n\t\t\t\t<\/h4>\n\t\t\t\t<p class=\"ngg-album-gallery-image-counter\">\n\t\t\t\t\t\t\t\t\t\t\t<strong>9<\/strong>&nbsp;Photos\t\t\t\t\t\t\t\t\t<\/p>\n\t\t\t<\/div>\n\t\t\t\t\t<div class=\"ngg-album-compact\">\n\t\t\t\t<div class=\"ngg-album-compactbox\">\n\t\t\t\t\t<div class=\"ngg-album-link\">\n\t\t\t\t\t\t\t\t\t\t\t\t\t\t\t\t\t\t\t\t\t<a title='Lattakia 24' href='https:\/\/www.adra.sk\/en\/fotogalerie\/nggallery\/fotogalerie\/lattakia-24'>\n\t\t\t\t\t\t\t\t\t<img class=\"Thumb\"\n\t\t\t\t\t\t\t\t\t\talt=\"Lattakia 24\"\n\t\t\t\t\t\t\t\t\t\tsrc=\"https:\/\/www.adra.sk\/wp-content\/gallery\/lattakia-24\/cache\/20240414_133429.jpg-nggid041924-ngg0dyn-240x160x100-00f0w010c011r110f110r010t010.jpg\"\/>\n\t\t\t\t\t\t\t\t<\/a>\n\t\t\t\t\t\t\t\t\t\t\t\t\t\t\t\t\t\t<\/div>\n\t\t\t\t<\/div>\n\t\t\t\t\t\t\t\t<h4>\n\t\t\t\t\t<a class='ngg-album-desc'\n\t\t\t\t\ttitle='Lattakia 24' href='https:\/\/www.adra.sk\/en\/fotogalerie\/nggallery\/fotogalerie\/lattakia-24'style=\"max-width: 260px\"\t\t\t\t\t>\n\t\t\t\t\t\tLattakia 24\t\t\t\t\t<\/a>\n\t\t\t\t<\/h4>\n\t\t\t\t<p class=\"ngg-album-gallery-image-counter\">\n\t\t\t\t\t\t\t\t\t\t\t<strong>15<\/strong>&nbsp;Photos\t\t\t\t\t\t\t\t\t<\/p>\n\t\t\t<\/div>\n\t\t\t\t\t<div class=\"ngg-album-compact\">\n\t\t\t\t<div class=\"ngg-album-compactbox\">\n\t\t\t\t\t<div class=\"ngg-album-link\">\n\t\t\t\t\t\t\t\t\t\t\t\t\t\t\t\t\t\t\t\t\t<a title='24_03 - Ukraine Chernihiv school road' href='https:\/\/www.adra.sk\/en\/fotogalerie\/nggallery\/fotogalerie\/24_03-ukrajina-cernihiv-skoly-cesta'>\n\t\t\t\t\t\t\t\t\t<img class=\"Thumb\"\n\t\t\t\t\t\t\t\t\t\talt=\"24_03 - Ukrajina \u010cernihiv \u0161koly cesta\"\n\t\t\t\t\t\t\t\t\t\tsrc=\"https:\/\/www.adra.sk\/wp-content\/gallery\/24_03-ukrajina-cernihiv-skoly-cesta\/cache\/IMG-20240315-WA0004.jpg-nggid041905-ngg0dyn-240x160x100-00f0w010c011r110f110r010t010.jpg\"\/>\n\t\t\t\t\t\t\t\t<\/a>\n\t\t\t\t\t\t\t\t\t\t\t\t\t\t\t\t\t\t<\/div>\n\t\t\t\t<\/div>\n\t\t\t\t\t\t\t\t<h4>\n\t\t\t\t\t<a class='ngg-album-desc'\n\t\t\t\t\ttitle='24_03 - Ukraine Chernihiv school road' href='https:\/\/www.adra.sk\/en\/fotogalerie\/nggallery\/fotogalerie\/24_03-ukrajina-cernihiv-skoly-cesta'style=\"max-width: 260px\"\t\t\t\t\t>\n\t\t\t\t\t\t24_03 - Ukraine Chernihiv school road\t\t\t\t\t<\/a>\n\t\t\t\t<\/h4>\n\t\t\t\t<p class=\"ngg-album-gallery-image-counter\">\n\t\t\t\t\t\t\t\t\t\t\t<strong>14<\/strong>&nbsp;Photos\t\t\t\t\t\t\t\t\t<\/p>\n\t\t\t<\/div>\n\t\t\t\t\t<div class=\"ngg-album-compact\">\n\t\t\t\t<div class=\"ngg-album-compactbox\">\n\t\t\t\t\t<div class=\"ngg-album-link\">\n\t\t\t\t\t\t\t\t\t\t\t\t\t\t\t\t\t\t\t\t\t<a title='UGA training Oct 2023' href='https:\/\/www.adra.sk\/en\/fotogalerie\/nggallery\/fotogalerie\/uga-treningy-okt-2023'>\n\t\t\t\t\t\t\t\t\t<img class=\"Thumb\"\n\t\t\t\t\t\t\t\t\t\talt=\"UGA treningy okt 2023\"\n\t\t\t\t\t\t\t\t\t\tsrc=\"https:\/\/www.adra.sk\/wp-content\/gallery\/uga-treningy-okt-2023\/cache\/20231012_125203.jpg-nggid041884-ngg0dyn-240x160x100-00f0w010c011r110f110r010t010.jpg\"\/>\n\t\t\t\t\t\t\t\t<\/a>\n\t\t\t\t\t\t\t\t\t\t\t\t\t\t\t\t\t\t<\/div>\n\t\t\t\t<\/div>\n\t\t\t\t\t\t\t\t<h4>\n\t\t\t\t\t<a class='ngg-album-desc'\n\t\t\t\t\ttitle='UGA training Oct 2023' href='https:\/\/www.adra.sk\/en\/fotogalerie\/nggallery\/fotogalerie\/uga-treningy-okt-2023'style=\"max-width: 260px\"\t\t\t\t\t>\n\t\t\t\t\t\tUGA training Oct 2023\t\t\t\t\t<\/a>\n\t\t\t\t<\/h4>\n\t\t\t\t<p class=\"ngg-album-gallery-image-counter\">\n\t\t\t\t\t\t\t\t\t\t\t<strong>18<\/strong>&nbsp;Photos\t\t\t\t\t\t\t\t\t<\/p>\n\t\t\t<\/div>\n\t\t\t\t\t<div class=\"ngg-album-compact\">\n\t\t\t\t<div class=\"ngg-album-compactbox\">\n\t\t\t\t\t<div class=\"ngg-album-link\">\n\t\t\t\t\t\t\t\t\t\t\t\t\t\t\t\t\t\t\t\t\t<a title='Sweswe Hospital' href='https:\/\/www.adra.sk\/en\/fotogalerie\/nggallery\/fotogalerie\/nemocnica-sweswe'>\n\t\t\t\t\t\t\t\t\t<img class=\"Thumb\"\n\t\t\t\t\t\t\t\t\t\talt=\"Nemocnica Sweswe\"\n\t\t\t\t\t\t\t\t\t\tsrc=\"https:\/\/www.adra.sk\/wp-content\/gallery\/nemocnica-sweswe\/cache\/20230216_121408.jpg-nggid041871-ngg0dyn-240x160x100-00f0w010c011r110f110r010t010.jpg\"\/>\n\t\t\t\t\t\t\t\t<\/a>\n\t\t\t\t\t\t\t\t\t\t\t\t\t\t\t\t\t\t<\/div>\n\t\t\t\t<\/div>\n\t\t\t\t\t\t\t\t<h4>\n\t\t\t\t\t<a class='ngg-album-desc'\n\t\t\t\t\ttitle='Sweswe Hospital' href='https:\/\/www.adra.sk\/en\/fotogalerie\/nggallery\/fotogalerie\/nemocnica-sweswe'style=\"max-width: 260px\"\t\t\t\t\t>\n\t\t\t\t\t\tSweswe Hospital\t\t\t\t\t<\/a>\n\t\t\t\t<\/h4>\n\t\t\t\t<p class=\"ngg-album-gallery-image-counter\">\n\t\t\t\t\t\t\t\t\t\t\t<strong>10<\/strong>&nbsp;Photos\t\t\t\t\t\t\t\t\t<\/p>\n\t\t\t<\/div>\n\t\t\t\t\t<div class=\"ngg-album-compact\">\n\t\t\t\t<div class=\"ngg-album-compactbox\">\n\t\t\t\t\t<div class=\"ngg-album-link\">\n\t\t\t\t\t\t\t\t\t\t\t\t\t\t\t\t\t\t\t\t\t<a title='Kyjaka School' href='https:\/\/www.adra.sk\/en\/fotogalerie\/nggallery\/fotogalerie\/kyjaka-skola'>\n\t\t\t\t\t\t\t\t\t<img class=\"Thumb\"\n\t\t\t\t\t\t\t\t\t\talt=\"Kyjaka \u0161kola\"\n\t\t\t\t\t\t\t\t\t\tsrc=\"https:\/\/www.adra.sk\/wp-content\/gallery\/kyjaka-skola\/cache\/KY-23.jpg-nggid041852-ngg0dyn-240x160x100-00f0w010c011r110f110r010t010.jpg\"\/>\n\t\t\t\t\t\t\t\t<\/a>\n\t\t\t\t\t\t\t\t\t\t\t\t\t\t\t\t\t\t<\/div>\n\t\t\t\t<\/div>\n\t\t\t\t\t\t\t\t<h4>\n\t\t\t\t\t<a class='ngg-album-desc'\n\t\t\t\t\ttitle='Kyjaka School' href='https:\/\/www.adra.sk\/en\/fotogalerie\/nggallery\/fotogalerie\/kyjaka-skola'style=\"max-width: 260px\"\t\t\t\t\t>\n\t\t\t\t\t\tKyjaka School\t\t\t\t\t<\/a>\n\t\t\t\t<\/h4>\n\t\t\t\t<p class=\"ngg-album-gallery-image-counter\">\n\t\t\t\t\t\t\t\t\t\t\t<strong>16<\/strong>&nbsp;Photos\t\t\t\t\t\t\t\t\t<\/p>\n\t\t\t<\/div>\n\t\t\t\t\t<div class=\"ngg-album-compact\">\n\t\t\t\t<div class=\"ngg-album-compactbox\">\n\t\t\t\t\t<div class=\"ngg-album-link\">\n\t\t\t\t\t\t\t\t\t\t\t\t\t\t\t\t\t\t\t\t\t<a title='Help Kids Kampala' href='https:\/\/www.adra.sk\/en\/fotogalerie\/nggallery\/fotogalerie\/help-kids-kampala'>\n\t\t\t\t\t\t\t\t\t<img class=\"Thumb\"\n\t\t\t\t\t\t\t\t\t\talt=\"Help Kids Kampala\"\n\t\t\t\t\t\t\t\t\t\tsrc=\"https:\/\/www.adra.sk\/wp-content\/gallery\/help-kids-kampala\/cache\/KAM-05.JPG-nggid041838-ngg0dyn-240x160x100-00f0w010c011r110f110r010t010.JPG\"\/>\n\t\t\t\t\t\t\t\t<\/a>\n\t\t\t\t\t\t\t\t\t\t\t\t\t\t\t\t\t\t<\/div>\n\t\t\t\t<\/div>\n\t\t\t\t\t\t\t\t<h4>\n\t\t\t\t\t<a class='ngg-album-desc'\n\t\t\t\t\ttitle='Help Kids Kampala' href='https:\/\/www.adra.sk\/en\/fotogalerie\/nggallery\/fotogalerie\/help-kids-kampala'style=\"max-width: 260px\"\t\t\t\t\t>\n\t\t\t\t\t\tHelp Kids Kampala\t\t\t\t\t<\/a>\n\t\t\t\t<\/h4>\n\t\t\t\t<p class=\"ngg-album-gallery-image-counter\">\n\t\t\t\t\t\t\t\t\t\t\t<strong>17<\/strong>&nbsp;Photos\t\t\t\t\t\t\t\t\t<\/p>\n\t\t\t<\/div>\n\t\t\t\t\t<div class=\"ngg-album-compact\">\n\t\t\t\t<div class=\"ngg-album-compactbox\">\n\t\t\t\t\t<div class=\"ngg-album-link\">\n\t\t\t\t\t\t\t\t\t\t\t\t\t\t\t\t\t\t\t\t\t<a title='23_09 Ukraine - Kherson' href='https:\/\/www.adra.sk\/en\/fotogalerie\/nggallery\/fotogalerie\/23_09-ukrajina-cherson'>\n\t\t\t\t\t\t\t\t\t<img class=\"Thumb\"\n\t\t\t\t\t\t\t\t\t\talt=\"23_09 Ukrajina - Cherson\"\n\t\t\t\t\t\t\t\t\t\tsrc=\"https:\/\/www.adra.sk\/wp-content\/gallery\/23_09-ukrajina-cherson\/cache\/20230927_121514.jpg-nggid041822-ngg0dyn-240x160x100-00f0w010c011r110f110r010t010.jpg\"\/>\n\t\t\t\t\t\t\t\t<\/a>\n\t\t\t\t\t\t\t\t\t\t\t\t\t\t\t\t\t\t<\/div>\n\t\t\t\t<\/div>\n\t\t\t\t\t\t\t\t<h4>\n\t\t\t\t\t<a class='ngg-album-desc'\n\t\t\t\t\ttitle='23_09 Ukraine - Kherson' href='https:\/\/www.adra.sk\/en\/fotogalerie\/nggallery\/fotogalerie\/23_09-ukrajina-cherson'style=\"max-width: 260px\"\t\t\t\t\t>\n\t\t\t\t\t\t23_09 Ukraine - Kherson\t\t\t\t\t<\/a>\n\t\t\t\t<\/h4>\n\t\t\t\t<p class=\"ngg-album-gallery-image-counter\">\n\t\t\t\t\t\t\t\t\t\t\t<strong>18<\/strong>&nbsp;Photos\t\t\t\t\t\t\t\t\t<\/p>\n\t\t\t<\/div>\n\t\t\t\t\t<div class=\"ngg-album-compact\">\n\t\t\t\t<div class=\"ngg-album-compactbox\">\n\t\t\t\t\t<div class=\"ngg-album-link\">\n\t\t\t\t\t\t\t\t\t\t\t\t\t\t\t\t\t\t\t\t\t<a title='23_09 Ukraine - Zaporozhye generators' href='https:\/\/www.adra.sk\/en\/fotogalerie\/nggallery\/fotogalerie\/23_09-ukrajina-zaporozie-generatory'>\n\t\t\t\t\t\t\t\t\t<img class=\"Thumb\"\n\t\t\t\t\t\t\t\t\t\talt=\"23_09 Ukrajina - Z\u00e1poro\u017eie gener\u00e1tory\"\n\t\t\t\t\t\t\t\t\t\tsrc=\"https:\/\/www.adra.sk\/wp-content\/gallery\/23_09-ukrajina-zaporozie-generatory\/cache\/2023_09_25_odovzdavanie-generatorov_zaporozie_-12.jpg-nggid041801-ngg0dyn-240x160x100-00f0w010c011r110f110r010t010.jpg\"\/>\n\t\t\t\t\t\t\t\t<\/a>\n\t\t\t\t\t\t\t\t\t\t\t\t\t\t\t\t\t\t<\/div>\n\t\t\t\t<\/div>\n\t\t\t\t\t\t\t\t<h4>\n\t\t\t\t\t<a class='ngg-album-desc'\n\t\t\t\t\ttitle='23_09 Ukraine - Zaporozhye generators' href='https:\/\/www.adra.sk\/en\/fotogalerie\/nggallery\/fotogalerie\/23_09-ukrajina-zaporozie-generatory'style=\"max-width: 260px\"\t\t\t\t\t>\n\t\t\t\t\t\t23_09 Ukraine - Zaporozhye generators\t\t\t\t\t<\/a>\n\t\t\t\t<\/h4>\n\t\t\t\t<p class=\"ngg-album-gallery-image-counter\">\n\t\t\t\t\t\t\t\t\t\t\t<strong>17<\/strong>&nbsp;Photos\t\t\t\t\t\t\t\t\t<\/p>\n\t\t\t<\/div>\n\t\t\t\t\t<div class=\"ngg-album-compact\">\n\t\t\t\t<div class=\"ngg-album-compactbox\">\n\t\t\t\t\t<div class=\"ngg-album-link\">\n\t\t\t\t\t\t\t\t\t\t\t\t\t\t\t\t\t\t\t\t\t<a title='23_08 Slovakia - DSS Pohorelsk\u00e1 Ma\u0161a' href='https:\/\/www.adra.sk\/en\/fotogalerie\/nggallery\/fotogalerie\/23_08-slovensko-dss-pohorelska-masa'>\n\t\t\t\t\t\t\t\t\t<img class=\"Thumb\"\n\t\t\t\t\t\t\t\t\t\talt=\"23_08 Slovensko - DSS Pohorelsk\u00e1 Ma\u0161a\"\n\t\t\t\t\t\t\t\t\t\tsrc=\"https:\/\/www.adra.sk\/wp-content\/gallery\/23_08-slovensko-dss-pohorelska-masa\/cache\/4.png-nggid041771-ngg0dyn-240x160x100-00f0w010c011r110f110r010t010.png\"\/>\n\t\t\t\t\t\t\t\t<\/a>\n\t\t\t\t\t\t\t\t\t\t\t\t\t\t\t\t\t\t<\/div>\n\t\t\t\t<\/div>\n\t\t\t\t\t\t\t\t<h4>\n\t\t\t\t\t<a class='ngg-album-desc'\n\t\t\t\t\ttitle='23_08 Slovakia - DSS Pohorelsk\u00e1 Ma\u0161a' href='https:\/\/www.adra.sk\/en\/fotogalerie\/nggallery\/fotogalerie\/23_08-slovensko-dss-pohorelska-masa'style=\"max-width: 260px\"\t\t\t\t\t>\n\t\t\t\t\t\t23_08 Slovakia - DSS Pohorelsk\u00e1 Ma\u0161a\t\t\t\t\t<\/a>\n\t\t\t\t<\/h4>\n\t\t\t\t<p class=\"ngg-album-gallery-image-counter\">\n\t\t\t\t\t\t\t\t\t\t\t<strong>10<\/strong>&nbsp;Photos\t\t\t\t\t\t\t\t\t<\/p>\n\t\t\t<\/div>\n\t\t\t\t\t<div class=\"ngg-album-compact\">\n\t\t\t\t<div class=\"ngg-album-compactbox\">\n\t\t\t\t\t<div class=\"ngg-album-link\">\n\t\t\t\t\t\t\t\t\t\t\t\t\t\t\t\t\t\t\t\t\t<a title='23_08 Slovenia - floods' href='https:\/\/www.adra.sk\/en\/fotogalerie\/nggallery\/fotogalerie\/23_08-slovinsko-zaplavy'>\n\t\t\t\t\t\t\t\t\t<img class=\"Thumb\"\n\t\t\t\t\t\t\t\t\t\talt=\"23_08 Slovinsko - z\u00e1plavy\"\n\t\t\t\t\t\t\t\t\t\tsrc=\"https:\/\/www.adra.sk\/wp-content\/gallery\/23_08-slovinsko-zaplavy\/cache\/365676155_667106275446959_5106365460443228709_n.jpg-nggid041699-ngg0dyn-240x160x100-00f0w010c011r110f110r010t010.jpg\"\/>\n\t\t\t\t\t\t\t\t<\/a>\n\t\t\t\t\t\t\t\t\t\t\t\t\t\t\t\t\t\t<\/div>\n\t\t\t\t<\/div>\n\t\t\t\t\t\t\t\t<h4>\n\t\t\t\t\t<a class='ngg-album-desc'\n\t\t\t\t\ttitle='23_08 Slovenia - floods' href='https:\/\/www.adra.sk\/en\/fotogalerie\/nggallery\/fotogalerie\/23_08-slovinsko-zaplavy'style=\"max-width: 260px\"\t\t\t\t\t>\n\t\t\t\t\t\t23_08 Slovenia - floods\t\t\t\t\t<\/a>\n\t\t\t\t<\/h4>\n\t\t\t\t<p class=\"ngg-album-gallery-image-counter\">\n\t\t\t\t\t\t\t\t\t\t\t<strong>37<\/strong>&nbsp;Photos\t\t\t\t\t\t\t\t\t<\/p>\n\t\t\t<\/div>\n\t\t\t\t\t<div class=\"ngg-album-compact\">\n\t\t\t\t<div class=\"ngg-album-compactbox\">\n\t\t\t\t\t<div class=\"ngg-album-link\">\n\t\t\t\t\t\t\t\t\t\t\t\t\t\t\t\t\t\t\t\t\t<a title='23_07 Lebanon SWISS - water supply infrastructure' href='https:\/\/www.adra.sk\/en\/fotogalerie\/nggallery\/fotogalerie\/23_07-libanon-swiss-vodovodna-infrastruktura'>\n\t\t\t\t\t\t\t\t\t<img class=\"Thumb\"\n\t\t\t\t\t\t\t\t\t\talt=\"23_07 Libanon SWISS - vodovodn\u00e1 infra\u0161trukt\u00fara\"\n\t\t\t\t\t\t\t\t\t\tsrc=\"https:\/\/www.adra.sk\/wp-content\/gallery\/23_07-libanon-vodovodna-infrastruktura\/cache\/20230522023654_IMG_0615.JPG-nggid041680-ngg0dyn-240x160x100-00f0w010c011r110f110r010t010.JPG\"\/>\n\t\t\t\t\t\t\t\t<\/a>\n\t\t\t\t\t\t\t\t\t\t\t\t\t\t\t\t\t\t<\/div>\n\t\t\t\t<\/div>\n\t\t\t\t\t\t\t\t<h4>\n\t\t\t\t\t<a class='ngg-album-desc'\n\t\t\t\t\ttitle='23_07 Lebanon SWISS - water supply infrastructure' href='https:\/\/www.adra.sk\/en\/fotogalerie\/nggallery\/fotogalerie\/23_07-libanon-swiss-vodovodna-infrastruktura'style=\"max-width: 260px\"\t\t\t\t\t>\n\t\t\t\t\t\t23_07 Lebanon SWISS - water supply infrastructure\t\t\t\t\t<\/a>\n\t\t\t\t<\/h4>\n\t\t\t\t<p class=\"ngg-album-gallery-image-counter\">\n\t\t\t\t\t\t\t\t\t\t\t<strong>16<\/strong>&nbsp;Photos\t\t\t\t\t\t\t\t\t<\/p>\n\t\t\t<\/div>\n\t\t\t\t\t<div class=\"ngg-album-compact\">\n\t\t\t\t<div class=\"ngg-album-compactbox\">\n\t\t\t\t\t<div class=\"ngg-album-link\">\n\t\t\t\t\t\t\t\t\t\t\t\t\t\t\t\t\t\t\t\t\t<a title='23_07 Ukraine - Dishwasher EPH Foundation' href='https:\/\/www.adra.sk\/en\/fotogalerie\/nggallery\/fotogalerie\/23_07-ukrajina-umyvacka-riadu-nadacia-eph'>\n\t\t\t\t\t\t\t\t\t<img class=\"Thumb\"\n\t\t\t\t\t\t\t\t\t\talt=\"23_07 Ukrajina - um\u00fdva\u010dka riadu Nad\u00e1cia EPH\"\n\t\t\t\t\t\t\t\t\t\tsrc=\"https:\/\/www.adra.sk\/wp-content\/gallery\/23_07-umyvacka-nadacia-eph-ukrajina\/cache\/ADRA_UA_07_23_V-B_-EPH-umyvacka-13.jpg-nggid041668-ngg0dyn-240x160x100-00f0w010c011r110f110r010t010.jpg\"\/>\n\t\t\t\t\t\t\t\t<\/a>\n\t\t\t\t\t\t\t\t\t\t\t\t\t\t\t\t\t\t<\/div>\n\t\t\t\t<\/div>\n\t\t\t\t\t\t\t\t<h4>\n\t\t\t\t\t<a class='ngg-album-desc'\n\t\t\t\t\ttitle='23_07 Ukraine - Dishwasher EPH Foundation' href='https:\/\/www.adra.sk\/en\/fotogalerie\/nggallery\/fotogalerie\/23_07-ukrajina-umyvacka-riadu-nadacia-eph'style=\"max-width: 260px\"\t\t\t\t\t>\n\t\t\t\t\t\t23_07 Ukraine - Dishwasher EPH Foundation\t\t\t\t\t<\/a>\n\t\t\t\t<\/h4>\n\t\t\t\t<p class=\"ngg-album-gallery-image-counter\">\n\t\t\t\t\t\t\t\t\t\t\t<strong>12<\/strong>&nbsp;Photos\t\t\t\t\t\t\t\t\t<\/p>\n\t\t\t<\/div>\n\t\t\t\t\t<div class=\"ngg-album-compact\">\n\t\t\t\t<div class=\"ngg-album-compactbox\">\n\t\t\t\t\t<div class=\"ngg-album-link\">\n\t\t\t\t\t\t\t\t\t\t\t\t\t\t\t\t\t\t\t\t\t<a title='23_07 Ukraine - CAP Generator' href='https:\/\/www.adra.sk\/en\/fotogalerie\/nggallery\/fotogalerie\/23_07-ukrajina-generator-spp'>\n\t\t\t\t\t\t\t\t\t<img class=\"Thumb\"\n\t\t\t\t\t\t\t\t\t\talt=\"23_07 Ukrajina - Gener\u00e1tor SPP\"\n\t\t\t\t\t\t\t\t\t\tsrc=\"https:\/\/www.adra.sk\/wp-content\/gallery\/07_23-generator-spp-ukrajina\/cache\/ADRA_UA_07_23_V-B_-SPP_-generator-4.jpg-nggid041639-ngg0dyn-240x160x100-00f0w010c011r110f110r010t010.jpg\"\/>\n\t\t\t\t\t\t\t\t<\/a>\n\t\t\t\t\t\t\t\t\t\t\t\t\t\t\t\t\t\t<\/div>\n\t\t\t\t<\/div>\n\t\t\t\t\t\t\t\t<h4>\n\t\t\t\t\t<a class='ngg-album-desc'\n\t\t\t\t\ttitle='23_07 Ukraine - CAP Generator' href='https:\/\/www.adra.sk\/en\/fotogalerie\/nggallery\/fotogalerie\/23_07-ukrajina-generator-spp'style=\"max-width: 260px\"\t\t\t\t\t>\n\t\t\t\t\t\t23_07 Ukraine - CAP Generator\t\t\t\t\t<\/a>\n\t\t\t\t<\/h4>\n\t\t\t\t<p class=\"ngg-album-gallery-image-counter\">\n\t\t\t\t\t\t\t\t\t\t\t<strong>16<\/strong>&nbsp;Photos\t\t\t\t\t\t\t\t\t<\/p>\n\t\t\t<\/div>\n\t\t\t\t\t<div class=\"ngg-album-compact\">\n\t\t\t\t<div class=\"ngg-album-compactbox\">\n\t\t\t\t\t<div class=\"ngg-album-link\">\n\t\t\t\t\t\t\t\t\t\t\t\t\t\t\t\t\t\t\t\t\t<a title='23_07 Slovakia - Telg\u00e1rt fire + hail' href='https:\/\/www.adra.sk\/en\/fotogalerie\/nggallery\/fotogalerie\/23_07-slovensko-poziar-telgart-krupobitie'>\n\t\t\t\t\t\t\t\t\t<img class=\"Thumb\"\n\t\t\t\t\t\t\t\t\t\talt=\"23_07 Slovensko - po\u017eiar Telg\u00e1rt + krupobitie\"\n\t\t\t\t\t\t\t\t\t\tsrc=\"https:\/\/www.adra.sk\/wp-content\/gallery\/sos-slovensko\/cache\/04-sklenik-1.jpg-nggid041631-ngg0dyn-240x160x100-00f0w010c011r110f110r010t010.jpg\"\/>\n\t\t\t\t\t\t\t\t<\/a>\n\t\t\t\t\t\t\t\t\t\t\t\t\t\t\t\t\t\t<\/div>\n\t\t\t\t<\/div>\n\t\t\t\t\t\t\t\t<h4>\n\t\t\t\t\t<a class='ngg-album-desc'\n\t\t\t\t\ttitle='23_07 Slovakia - Telg\u00e1rt fire + hail' href='https:\/\/www.adra.sk\/en\/fotogalerie\/nggallery\/fotogalerie\/23_07-slovensko-poziar-telgart-krupobitie'style=\"max-width: 260px\"\t\t\t\t\t>\n\t\t\t\t\t\t23_07 Slovakia - Telg\u00e1rt fire + hail\t\t\t\t\t<\/a>\n\t\t\t\t<\/h4>\n\t\t\t\t<p class=\"ngg-album-gallery-image-counter\">\n\t\t\t\t\t\t\t\t\t\t\t<strong>11<\/strong>&nbsp;Photos\t\t\t\t\t\t\t\t\t<\/p>\n\t\t\t<\/div>\n\t\t\t\t\t<div class=\"ngg-album-compact\">\n\t\t\t\t<div class=\"ngg-album-compactbox\">\n\t\t\t\t\t<div class=\"ngg-album-link\">\n\t\t\t\t\t\t\t\t\t\t\t\t\t\t\t\t\t\t\t\t\t<a title='23_07 Slovakia - Telg\u00e1rt fire' href='https:\/\/www.adra.sk\/en\/fotogalerie\/nggallery\/fotogalerie\/23_07-slovensko-poziar-v-telgarte'>\n\t\t\t\t\t\t\t\t\t<img class=\"Thumb\"\n\t\t\t\t\t\t\t\t\t\talt=\"23_07 Slovensko - Po\u017eiar v Telg\u00e1rte\"\n\t\t\t\t\t\t\t\t\t\tsrc=\"https:\/\/www.adra.sk\/wp-content\/gallery\/poziar-v-telgarte\/cache\/IMG-20230721-WA0017.jpg-nggid041626-ngg0dyn-240x160x100-00f0w010c011r110f110r010t010.jpg\"\/>\n\t\t\t\t\t\t\t\t<\/a>\n\t\t\t\t\t\t\t\t\t\t\t\t\t\t\t\t\t\t<\/div>\n\t\t\t\t<\/div>\n\t\t\t\t\t\t\t\t<h4>\n\t\t\t\t\t<a class='ngg-album-desc'\n\t\t\t\t\ttitle='23_07 Slovakia - Telg\u00e1rt fire' href='https:\/\/www.adra.sk\/en\/fotogalerie\/nggallery\/fotogalerie\/23_07-slovensko-poziar-v-telgarte'style=\"max-width: 260px\"\t\t\t\t\t>\n\t\t\t\t\t\t23_07 Slovakia - Telg\u00e1rt fire\t\t\t\t\t<\/a>\n\t\t\t\t<\/h4>\n\t\t\t\t<p class=\"ngg-album-gallery-image-counter\">\n\t\t\t\t\t\t\t\t\t\t\t<strong>4<\/strong>&nbsp;Photos\t\t\t\t\t\t\t\t\t<\/p>\n\t\t\t<\/div>\n\t\t\t\t\t<div class=\"ngg-album-compact\">\n\t\t\t\t<div class=\"ngg-album-compactbox\">\n\t\t\t\t\t<div class=\"ngg-album-link\">\n\t\t\t\t\t\t\t\t\t\t\t\t\t\t\t\t\t\t\t\t\t<a title='23_06 Lebanon SWISS - visit by Minister Wlachovsk\u00fd' href='https:\/\/www.adra.sk\/en\/fotogalerie\/nggallery\/fotogalerie\/23_06-libanon-swiss-navsteva-minister-wlachovsky'>\n\t\t\t\t\t\t\t\t\t<img class=\"Thumb\"\n\t\t\t\t\t\t\t\t\t\talt=\"23_06 Libanon SWISS - n\u00e1v\u0161teva minister Wlachovsk\u00fd\"\n\t\t\t\t\t\t\t\t\t\tsrc=\"https:\/\/www.adra.sk\/wp-content\/gallery\/libanon-navsteva-ministra-wlachovsky\/cache\/230615-Wlachovsky-ZPC-Libanon-006.jpg-nggid041563-ngg0dyn-240x160x100-00f0w010c011r110f110r010t010.jpg\"\/>\n\t\t\t\t\t\t\t\t<\/a>\n\t\t\t\t\t\t\t\t\t\t\t\t\t\t\t\t\t\t<\/div>\n\t\t\t\t<\/div>\n\t\t\t\t\t\t\t\t<h4>\n\t\t\t\t\t<a class='ngg-album-desc'\n\t\t\t\t\ttitle='23_06 Lebanon SWISS - visit by Minister Wlachovsk\u00fd' href='https:\/\/www.adra.sk\/en\/fotogalerie\/nggallery\/fotogalerie\/23_06-libanon-swiss-navsteva-minister-wlachovsky'style=\"max-width: 260px\"\t\t\t\t\t>\n\t\t\t\t\t\t23_06 Lebanon SWISS - visit by Minister Wlachovsk\u00fd\t\t\t\t\t<\/a>\n\t\t\t\t<\/h4>\n\t\t\t\t<p class=\"ngg-album-gallery-image-counter\">\n\t\t\t\t\t\t\t\t\t\t\t<strong>11<\/strong>&nbsp;Photos\t\t\t\t\t\t\t\t\t<\/p>\n\t\t\t<\/div>\n\t\t\t\t\t<div class=\"ngg-album-compact\">\n\t\t\t\t<div class=\"ngg-album-compactbox\">\n\t\t\t\t\t<div class=\"ngg-album-link\">\n\t\t\t\t\t\t\t\t\t\t\t\t\t\t\t\t\t\t\t\t\t<a title='23_06 Ukraine - Kachovka floods' href='https:\/\/www.adra.sk\/en\/fotogalerie\/nggallery\/fotogalerie\/23_06-ukrajina-zaplavy-kachovka'>\n\t\t\t\t\t\t\t\t\t<img class=\"Thumb\"\n\t\t\t\t\t\t\t\t\t\talt=\"23_06 Ukrajina - Z\u00e1plavy Kachovka\"\n\t\t\t\t\t\t\t\t\t\tsrc=\"https:\/\/www.adra.sk\/wp-content\/gallery\/zaplavy-ukrajina-06-23\/cache\/IMG-20230607-WA0013.jpg-nggid041551-ngg0dyn-240x160x100-00f0w010c011r110f110r010t010.jpg\"\/>\n\t\t\t\t\t\t\t\t<\/a>\n\t\t\t\t\t\t\t\t\t\t\t\t\t\t\t\t\t\t<\/div>\n\t\t\t\t<\/div>\n\t\t\t\t\t\t\t\t<h4>\n\t\t\t\t\t<a class='ngg-album-desc'\n\t\t\t\t\ttitle='23_06 Ukraine - Kachovka floods' href='https:\/\/www.adra.sk\/en\/fotogalerie\/nggallery\/fotogalerie\/23_06-ukrajina-zaplavy-kachovka'style=\"max-width: 260px\"\t\t\t\t\t>\n\t\t\t\t\t\t23_06 Ukraine - Kachovka floods\t\t\t\t\t<\/a>\n\t\t\t\t<\/h4>\n\t\t\t\t<p class=\"ngg-album-gallery-image-counter\">\n\t\t\t\t\t\t\t\t\t\t\t<strong>15<\/strong>&nbsp;Photos\t\t\t\t\t\t\t\t\t<\/p>\n\t\t\t<\/div>\n\t\t\t\t\t<div class=\"ngg-album-compact\">\n\t\t\t\t<div class=\"ngg-album-compactbox\">\n\t\t\t\t\t<div class=\"ngg-album-link\">\n\t\t\t\t\t\t\t\t\t\t\t\t\t\t\t\t\t\t\t\t\t<a title='Kyjaka School II' href='https:\/\/www.adra.sk\/en\/fotogalerie\/nggallery\/fotogalerie\/skola-kyjaka-ii'>\n\t\t\t\t\t\t\t\t\t<img class=\"Thumb\"\n\t\t\t\t\t\t\t\t\t\talt=\"Skola Kyjaka II\"\n\t\t\t\t\t\t\t\t\t\tsrc=\"https:\/\/www.adra.sk\/wp-content\/gallery\/skola-kyjaka-ii\/cache\/5N5A9906.jpg-nggid041482-ngg0dyn-240x160x100-00f0w010c011r110f110r010t010.jpg\"\/>\n\t\t\t\t\t\t\t\t<\/a>\n\t\t\t\t\t\t\t\t\t\t\t\t\t\t\t\t\t\t<\/div>\n\t\t\t\t<\/div>\n\t\t\t\t\t\t\t\t<h4>\n\t\t\t\t\t<a class='ngg-album-desc'\n\t\t\t\t\ttitle='Kyjaka School II' href='https:\/\/www.adra.sk\/en\/fotogalerie\/nggallery\/fotogalerie\/skola-kyjaka-ii'style=\"max-width: 260px\"\t\t\t\t\t>\n\t\t\t\t\t\tKyjaka School II\t\t\t\t\t<\/a>\n\t\t\t\t<\/h4>\n\t\t\t\t<p class=\"ngg-album-gallery-image-counter\">\n\t\t\t\t\t\t\t\t\t\t\t<strong>24<\/strong>&nbsp;Photos\t\t\t\t\t\t\t\t\t<\/p>\n\t\t\t<\/div>\n\t\t\t\t\t<div class=\"ngg-album-compact\">\n\t\t\t\t<div class=\"ngg-album-compactbox\">\n\t\t\t\t\t<div class=\"ngg-album-link\">\n\t\t\t\t\t\t\t\t\t\t\t\t\t\t\t\t\t\t\t\t\t<a title='Heart on Palm 2023' href='https:\/\/www.adra.sk\/en\/fotogalerie\/nggallery\/fotogalerie\/srdce-na-dlani-2023'>\n\t\t\t\t\t\t\t\t\t<img class=\"Thumb\"\n\t\t\t\t\t\t\t\t\t\talt=\"Srdce na dlani 2023\"\n\t\t\t\t\t\t\t\t\t\tsrc=\"https:\/\/www.adra.sk\/wp-content\/gallery\/srdce-na-dlani-2023\/cache\/014.jpg-nggid041466-ngg0dyn-240x160x100-00f0w010c011r110f110r010t010.jpg\"\/>\n\t\t\t\t\t\t\t\t<\/a>\n\t\t\t\t\t\t\t\t\t\t\t\t\t\t\t\t\t\t<\/div>\n\t\t\t\t<\/div>\n\t\t\t\t\t\t\t\t<h4>\n\t\t\t\t\t<a class='ngg-album-desc'\n\t\t\t\t\ttitle='Heart on Palm 2023' href='https:\/\/www.adra.sk\/en\/fotogalerie\/nggallery\/fotogalerie\/srdce-na-dlani-2023'style=\"max-width: 260px\"\t\t\t\t\t>\n\t\t\t\t\t\tHeart on Palm 2023\t\t\t\t\t<\/a>\n\t\t\t\t<\/h4>\n\t\t\t\t<p class=\"ngg-album-gallery-image-counter\">\n\t\t\t\t\t\t\t\t\t\t\t<strong>20<\/strong>&nbsp;Photos\t\t\t\t\t\t\t\t\t<\/p>\n\t\t\t<\/div>\n\t\t\t\t\t<div class=\"ngg-album-compact\">\n\t\t\t\t<div class=\"ngg-album-compactbox\">\n\t\t\t\t\t<div class=\"ngg-album-link\">\n\t\t\t\t\t\t\t\t\t\t\t\t\t\t\t\t\t\t\t\t\t<a title='Aid for Syria' href='https:\/\/www.adra.sk\/en\/fotogalerie\/nggallery\/fotogalerie\/pomoc-pre-syriu'>\n\t\t\t\t\t\t\t\t\t<img class=\"Thumb\"\n\t\t\t\t\t\t\t\t\t\talt=\"Pomoc pre S\u00fdriu\"\n\t\t\t\t\t\t\t\t\t\tsrc=\"https:\/\/www.adra.sk\/wp-content\/gallery\/pomoc-pre-syriu\/cache\/IMG-20230221-WA0016.jpg-nggid041448-ngg0dyn-240x160x100-00f0w010c011r110f110r010t010.jpg\"\/>\n\t\t\t\t\t\t\t\t<\/a>\n\t\t\t\t\t\t\t\t\t\t\t\t\t\t\t\t\t\t<\/div>\n\t\t\t\t<\/div>\n\t\t\t\t\t\t\t\t<h4>\n\t\t\t\t\t<a class='ngg-album-desc'\n\t\t\t\t\ttitle='Aid for Syria' href='https:\/\/www.adra.sk\/en\/fotogalerie\/nggallery\/fotogalerie\/pomoc-pre-syriu'style=\"max-width: 260px\"\t\t\t\t\t>\n\t\t\t\t\t\tAid for Syria\t\t\t\t\t<\/a>\n\t\t\t\t<\/h4>\n\t\t\t\t<p class=\"ngg-album-gallery-image-counter\">\n\t\t\t\t\t\t\t\t\t\t\t<strong>9<\/strong>&nbsp;Photos\t\t\t\t\t\t\t\t\t<\/p>\n\t\t\t<\/div>\n\t\t\t\t\t<div class=\"ngg-album-compact\">\n\t\t\t\t<div class=\"ngg-album-compactbox\">\n\t\t\t\t\t<div class=\"ngg-album-link\">\n\t\t\t\t\t\t\t\t\t\t\t\t\t\t\t\t\t\t\t\t\t<a title='Uganda 02\/23 - school ' href='https:\/\/www.adra.sk\/en\/fotogalerie\/nggallery\/fotogalerie\/uganda-02-23-skola'>\n\t\t\t\t\t\t\t\t\t<img class=\"Thumb\"\n\t\t\t\t\t\t\t\t\t\talt=\"Uganda 02\/23 - \u0161kola \"\n\t\t\t\t\t\t\t\t\t\tsrc=\"https:\/\/www.adra.sk\/wp-content\/gallery\/uganda-02-23-skola\/cache\/20230214_073904.jpg-nggid041385-ngg0dyn-240x160x100-00f0w010c011r110f110r010t010.jpg\"\/>\n\t\t\t\t\t\t\t\t<\/a>\n\t\t\t\t\t\t\t\t\t\t\t\t\t\t\t\t\t\t<\/div>\n\t\t\t\t<\/div>\n\t\t\t\t\t\t\t\t<h4>\n\t\t\t\t\t<a class='ngg-album-desc'\n\t\t\t\t\ttitle='Uganda 02\/23 - school ' href='https:\/\/www.adra.sk\/en\/fotogalerie\/nggallery\/fotogalerie\/uganda-02-23-skola'style=\"max-width: 260px\"\t\t\t\t\t>\n\t\t\t\t\t\tUganda 02\/23 - school \t\t\t\t\t<\/a>\n\t\t\t\t<\/h4>\n\t\t\t\t<p class=\"ngg-album-gallery-image-counter\">\n\t\t\t\t\t\t\t\t\t\t\t<strong>6<\/strong>&nbsp;Photos\t\t\t\t\t\t\t\t\t<\/p>\n\t\t\t<\/div>\n\t\t\t\t\t<div class=\"ngg-album-compact\">\n\t\t\t\t<div class=\"ngg-album-compactbox\">\n\t\t\t\t\t<div class=\"ngg-album-link\">\n\t\t\t\t\t\t\t\t\t\t\t\t\t\t\t\t\t\t\t\t\t<a title='SOS Earthquake Turkey, Syria' href='https:\/\/www.adra.sk\/en\/fotogalerie\/nggallery\/fotogalerie\/sos-zemetrasenie-turecko-syria'>\n\t\t\t\t\t\t\t\t\t<img class=\"Thumb\"\n\t\t\t\t\t\t\t\t\t\talt=\"SOS Zemetrasenie Turecko, S\u00fdria\"\n\t\t\t\t\t\t\t\t\t\tsrc=\"https:\/\/www.adra.sk\/wp-content\/gallery\/sos-zemetrasenie-turecko-syria\/cache\/608-1080-max.jpg-nggid041366-ngg0dyn-240x160x100-00f0w010c011r110f110r010t010.jpg\"\/>\n\t\t\t\t\t\t\t\t<\/a>\n\t\t\t\t\t\t\t\t\t\t\t\t\t\t\t\t\t\t<\/div>\n\t\t\t\t<\/div>\n\t\t\t\t\t\t\t\t<h4>\n\t\t\t\t\t<a class='ngg-album-desc'\n\t\t\t\t\ttitle='SOS Earthquake Turkey, Syria' href='https:\/\/www.adra.sk\/en\/fotogalerie\/nggallery\/fotogalerie\/sos-zemetrasenie-turecko-syria'style=\"max-width: 260px\"\t\t\t\t\t>\n\t\t\t\t\t\tSOS Earthquake Turkey, Syria\t\t\t\t\t<\/a>\n\t\t\t\t<\/h4>\n\t\t\t\t<p class=\"ngg-album-gallery-image-counter\">\n\t\t\t\t\t\t\t\t\t\t\t<strong>20<\/strong>&nbsp;Photos\t\t\t\t\t\t\t\t\t<\/p>\n\t\t\t<\/div>\n\t\t\t\t\t<div class=\"ngg-album-compact\">\n\t\t\t\t<div class=\"ngg-album-compactbox\">\n\t\t\t\t\t<div class=\"ngg-album-link\">\n\t\t\t\t\t\t\t\t\t\t\t\t\t\t\t\t\t\t\t\t\t<a title='Fire in Batizovce' href='https:\/\/www.adra.sk\/en\/fotogalerie\/nggallery\/fotogalerie\/poziar-v-batizovciach'>\n\t\t\t\t\t\t\t\t\t<img class=\"Thumb\"\n\t\t\t\t\t\t\t\t\t\talt=\"Po\u017eiar v Batizovciach\"\n\t\t\t\t\t\t\t\t\t\tsrc=\"https:\/\/www.adra.sk\/wp-content\/gallery\/poziar-v-batizovciach\/cache\/IMG-20230201-WA0018.jpg-nggid041308-ngg0dyn-240x160x100-00f0w010c011r110f110r010t010.jpg\"\/>\n\t\t\t\t\t\t\t\t<\/a>\n\t\t\t\t\t\t\t\t\t\t\t\t\t\t\t\t\t\t<\/div>\n\t\t\t\t<\/div>\n\t\t\t\t\t\t\t\t<h4>\n\t\t\t\t\t<a class='ngg-album-desc'\n\t\t\t\t\ttitle='Fire in Batizovce' href='https:\/\/www.adra.sk\/en\/fotogalerie\/nggallery\/fotogalerie\/poziar-v-batizovciach'style=\"max-width: 260px\"\t\t\t\t\t>\n\t\t\t\t\t\tFire in Batizovce\t\t\t\t\t<\/a>\n\t\t\t\t<\/h4>\n\t\t\t\t<p class=\"ngg-album-gallery-image-counter\">\n\t\t\t\t\t\t\t\t\t\t\t<strong>7<\/strong>&nbsp;Photos\t\t\t\t\t\t\t\t\t<\/p>\n\t\t\t<\/div>\n\t\t\t\t\t<div class=\"ngg-album-compact\">\n\t\t\t\t<div class=\"ngg-album-compactbox\">\n\t\t\t\t\t<div class=\"ngg-album-link\">\n\t\t\t\t\t\t\t\t\t\t\t\t\t\t\t\t\t\t\t\t\t<a title='Farm courses in Uganda' href='https:\/\/www.adra.sk\/en\/fotogalerie\/nggallery\/fotogalerie\/farmarske-kurzy-v-ugande'>\n\t\t\t\t\t\t\t\t\t<img class=\"Thumb\"\n\t\t\t\t\t\t\t\t\t\talt=\"Farm\u00e1rske kurzy v Ugande\"\n\t\t\t\t\t\t\t\t\t\tsrc=\"https:\/\/www.adra.sk\/wp-content\/gallery\/farmarske-kurzy-v-ugande\/cache\/Beneficiaries-transplanting-Onions-on-the-project-farm_3.jpg-nggid041311-ngg0dyn-240x160x100-00f0w010c011r110f110r010t010.jpg\"\/>\n\t\t\t\t\t\t\t\t<\/a>\n\t\t\t\t\t\t\t\t\t\t\t\t\t\t\t\t\t\t<\/div>\n\t\t\t\t<\/div>\n\t\t\t\t\t\t\t\t<h4>\n\t\t\t\t\t<a class='ngg-album-desc'\n\t\t\t\t\ttitle='Farm courses in Uganda' href='https:\/\/www.adra.sk\/en\/fotogalerie\/nggallery\/fotogalerie\/farmarske-kurzy-v-ugande'style=\"max-width: 260px\"\t\t\t\t\t>\n\t\t\t\t\t\tFarm courses in Uganda\t\t\t\t\t<\/a>\n\t\t\t\t<\/h4>\n\t\t\t\t<p class=\"ngg-album-gallery-image-counter\">\n\t\t\t\t\t\t\t\t\t\t\t<strong>31<\/strong>&nbsp;Photos\t\t\t\t\t\t\t\t\t<\/p>\n\t\t\t<\/div>\n\t\t\t\t\t<div class=\"ngg-album-compact\">\n\t\t\t\t<div class=\"ngg-album-compactbox\">\n\t\t\t\t\t<div class=\"ngg-album-link\">\n\t\t\t\t\t\t\t\t\t\t\t\t\t\t\t\t\t\t\t\t\t<a title='EPH, NAFTA generators' href='https:\/\/www.adra.sk\/en\/fotogalerie\/nggallery\/fotogalerie\/generatory-eph-nafta'>\n\t\t\t\t\t\t\t\t\t<img class=\"Thumb\"\n\t\t\t\t\t\t\t\t\t\talt=\"Gener\u00e1tory EPH, NAFTA\"\n\t\t\t\t\t\t\t\t\t\tsrc=\"https:\/\/www.adra.sk\/wp-content\/gallery\/generatory-eph-nafta\/cache\/Gen-transport.jpg-nggid041354-ngg0dyn-240x160x100-00f0w010c011r110f110r010t010.jpg\"\/>\n\t\t\t\t\t\t\t\t<\/a>\n\t\t\t\t\t\t\t\t\t\t\t\t\t\t\t\t\t\t<\/div>\n\t\t\t\t<\/div>\n\t\t\t\t\t\t\t\t<h4>\n\t\t\t\t\t<a class='ngg-album-desc'\n\t\t\t\t\ttitle='EPH, NAFTA generators' href='https:\/\/www.adra.sk\/en\/fotogalerie\/nggallery\/fotogalerie\/generatory-eph-nafta'style=\"max-width: 260px\"\t\t\t\t\t>\n\t\t\t\t\t\tEPH, NAFTA generators\t\t\t\t\t<\/a>\n\t\t\t\t<\/h4>\n\t\t\t\t<p class=\"ngg-album-gallery-image-counter\">\n\t\t\t\t\t\t\t\t\t\t\t<strong>12<\/strong>&nbsp;Photos\t\t\t\t\t\t\t\t\t<\/p>\n\t\t\t<\/div>\n\t\t\t\t\t<div class=\"ngg-album-compact\">\n\t\t\t\t<div class=\"ngg-album-compactbox\">\n\t\t\t\t\t<div class=\"ngg-album-link\">\n\t\t\t\t\t\t\t\t\t\t\t\t\t\t\t\t\t\t\t\t\t<a title='Generators for Ukraine' href='https:\/\/www.adra.sk\/en\/fotogalerie\/nggallery\/fotogalerie\/generatory-pre-ukrajinu'>\n\t\t\t\t\t\t\t\t\t<img class=\"Thumb\"\n\t\t\t\t\t\t\t\t\t\talt=\"Gener\u00e1tory pre Ukrajinu\"\n\t\t\t\t\t\t\t\t\t\tsrc=\"https:\/\/www.adra.sk\/wp-content\/gallery\/generatory-pre-ukrajinu\/cache\/KUB_5458.jpg-nggid041283-ngg0dyn-240x160x100-00f0w010c011r110f110r010t010.jpg\"\/>\n\t\t\t\t\t\t\t\t<\/a>\n\t\t\t\t\t\t\t\t\t\t\t\t\t\t\t\t\t\t<\/div>\n\t\t\t\t<\/div>\n\t\t\t\t\t\t\t\t<h4>\n\t\t\t\t\t<a class='ngg-album-desc'\n\t\t\t\t\ttitle='Generators for Ukraine' href='https:\/\/www.adra.sk\/en\/fotogalerie\/nggallery\/fotogalerie\/generatory-pre-ukrajinu'style=\"max-width: 260px\"\t\t\t\t\t>\n\t\t\t\t\t\tGenerators for Ukraine\t\t\t\t\t<\/a>\n\t\t\t\t<\/h4>\n\t\t\t\t<p class=\"ngg-album-gallery-image-counter\">\n\t\t\t\t\t\t\t\t\t\t\t<strong>13<\/strong>&nbsp;Photos\t\t\t\t\t\t\t\t\t<\/p>\n\t\t\t<\/div>\n\t\t\t\t\t<div class=\"ngg-album-compact\">\n\t\t\t\t<div class=\"ngg-album-compactbox\">\n\t\t\t\t\t<div class=\"ngg-album-link\">\n\t\t\t\t\t\t\t\t\t\t\t\t\t\t\t\t\t\t\t\t\t<a title='Christmas Santa Bus' href='https:\/\/www.adra.sk\/en\/fotogalerie\/nggallery\/fotogalerie\/vianocny-santa-bus'>\n\t\t\t\t\t\t\t\t\t<img class=\"Thumb\"\n\t\t\t\t\t\t\t\t\t\talt=\"Viano\u010dn\u00fd Santa Bus\"\n\t\t\t\t\t\t\t\t\t\tsrc=\"https:\/\/www.adra.sk\/wp-content\/gallery\/vianocny-santa-bus\/cache\/2022_12_19_SANTA_BUS_-4.jpg-nggid041253-ngg0dyn-240x160x100-00f0w010c011r110f110r010t010.jpg\"\/>\n\t\t\t\t\t\t\t\t<\/a>\n\t\t\t\t\t\t\t\t\t\t\t\t\t\t\t\t\t\t<\/div>\n\t\t\t\t<\/div>\n\t\t\t\t\t\t\t\t<h4>\n\t\t\t\t\t<a class='ngg-album-desc'\n\t\t\t\t\ttitle='Christmas Santa Bus' href='https:\/\/www.adra.sk\/en\/fotogalerie\/nggallery\/fotogalerie\/vianocny-santa-bus'style=\"max-width: 260px\"\t\t\t\t\t>\n\t\t\t\t\t\tChristmas Santa Bus\t\t\t\t\t<\/a>\n\t\t\t\t<\/h4>\n\t\t\t\t<p class=\"ngg-album-gallery-image-counter\">\n\t\t\t\t\t\t\t\t\t\t\t<strong>9<\/strong>&nbsp;Photos\t\t\t\t\t\t\t\t\t<\/p>\n\t\t\t<\/div>\n\t\t\t\t\t<div class=\"ngg-album-compact\">\n\t\t\t\t<div class=\"ngg-album-compactbox\">\n\t\t\t\t\t<div class=\"ngg-album-link\">\n\t\t\t\t\t\t\t\t\t\t\t\t\t\t\t\t\t\t\t\t\t<a title='KPU Christmas gifts for children' href='https:\/\/www.adra.sk\/en\/fotogalerie\/nggallery\/fotogalerie\/kpu-vianocne-darceky-pre-deti'>\n\t\t\t\t\t\t\t\t\t<img class=\"Thumb\"\n\t\t\t\t\t\t\t\t\t\talt=\"KPU viano\u010dn\u00e9 dar\u010deky pre deti\"\n\t\t\t\t\t\t\t\t\t\tsrc=\"https:\/\/www.adra.sk\/wp-content\/gallery\/kpu-vianocne-darceky-pre-deti\/cache\/4Vianoce_deti-vertikal.JPG-nggid041245-ngg0dyn-240x160x100-00f0w010c011r110f110r010t010.JPG\"\/>\n\t\t\t\t\t\t\t\t<\/a>\n\t\t\t\t\t\t\t\t\t\t\t\t\t\t\t\t\t\t<\/div>\n\t\t\t\t<\/div>\n\t\t\t\t\t\t\t\t<h4>\n\t\t\t\t\t<a class='ngg-album-desc'\n\t\t\t\t\ttitle='KPU Christmas gifts for children' href='https:\/\/www.adra.sk\/en\/fotogalerie\/nggallery\/fotogalerie\/kpu-vianocne-darceky-pre-deti'style=\"max-width: 260px\"\t\t\t\t\t>\n\t\t\t\t\t\tKPU Christmas gifts for children\t\t\t\t\t<\/a>\n\t\t\t\t<\/h4>\n\t\t\t\t<p class=\"ngg-album-gallery-image-counter\">\n\t\t\t\t\t\t\t\t\t\t\t<strong>5<\/strong>&nbsp;Photos\t\t\t\t\t\t\t\t\t<\/p>\n\t\t\t<\/div>\n\t\t\t\t\t<div class=\"ngg-album-compact\">\n\t\t\t\t<div class=\"ngg-album-compactbox\">\n\t\t\t\t\t<div class=\"ngg-album-link\">\n\t\t\t\t\t\t\t\t\t\t\t\t\t\t\t\t\t\t\t\t\t<a title='KPU Heart on the Palm award' href='https:\/\/www.adra.sk\/en\/fotogalerie\/nggallery\/fotogalerie\/kpu-ocenenie-srdce-na-dlani'>\n\t\t\t\t\t\t\t\t\t<img class=\"Thumb\"\n\t\t\t\t\t\t\t\t\t\talt=\"KPU ocenenie Srdce na dlani\"\n\t\t\t\t\t\t\t\t\t\tsrc=\"https:\/\/www.adra.sk\/wp-content\/gallery\/kpu-ocenenie-srdce-na-dlani\/cache\/317930668_166640766063156_749596967017905113_n.jpg-nggid041228-ngg0dyn-240x160x100-00f0w010c011r110f110r010t010.jpg\"\/>\n\t\t\t\t\t\t\t\t<\/a>\n\t\t\t\t\t\t\t\t\t\t\t\t\t\t\t\t\t\t<\/div>\n\t\t\t\t<\/div>\n\t\t\t\t\t\t\t\t<h4>\n\t\t\t\t\t<a class='ngg-album-desc'\n\t\t\t\t\ttitle='KPU Heart on the Palm award' href='https:\/\/www.adra.sk\/en\/fotogalerie\/nggallery\/fotogalerie\/kpu-ocenenie-srdce-na-dlani'style=\"max-width: 260px\"\t\t\t\t\t>\n\t\t\t\t\t\tKPU Heart on the Palm award\t\t\t\t\t<\/a>\n\t\t\t\t<\/h4>\n\t\t\t\t<p class=\"ngg-album-gallery-image-counter\">\n\t\t\t\t\t\t\t\t\t\t\t<strong>5<\/strong>&nbsp;Photos\t\t\t\t\t\t\t\t\t<\/p>\n\t\t\t<\/div>\n\t\t\t\t\t<div class=\"ngg-album-compact\">\n\t\t\t\t<div class=\"ngg-album-compactbox\">\n\t\t\t\t\t<div class=\"ngg-album-link\">\n\t\t\t\t\t\t\t\t\t\t\t\t\t\t\t\t\t\t\t\t\t<a title='Help for Cherson' href='https:\/\/www.adra.sk\/en\/fotogalerie\/nggallery\/fotogalerie\/pomoc-pre-cherson'>\n\t\t\t\t\t\t\t\t\t<img class=\"Thumb\"\n\t\t\t\t\t\t\t\t\t\talt=\"Pomoc pre Cherson\"\n\t\t\t\t\t\t\t\t\t\tsrc=\"https:\/\/www.adra.sk\/wp-content\/gallery\/pomoc-pre-cherson\/cache\/317562288_6072588726095083_2120356098684293087_n.jpg-nggid041210-ngg0dyn-240x160x100-00f0w010c011r110f110r010t010.jpg\"\/>\n\t\t\t\t\t\t\t\t<\/a>\n\t\t\t\t\t\t\t\t\t\t\t\t\t\t\t\t\t\t<\/div>\n\t\t\t\t<\/div>\n\t\t\t\t\t\t\t\t<h4>\n\t\t\t\t\t<a class='ngg-album-desc'\n\t\t\t\t\ttitle='Help for Cherson' href='https:\/\/www.adra.sk\/en\/fotogalerie\/nggallery\/fotogalerie\/pomoc-pre-cherson'style=\"max-width: 260px\"\t\t\t\t\t>\n\t\t\t\t\t\tHelp for Cherson\t\t\t\t\t<\/a>\n\t\t\t\t<\/h4>\n\t\t\t\t<p class=\"ngg-album-gallery-image-counter\">\n\t\t\t\t\t\t\t\t\t\t\t<strong>5<\/strong>&nbsp;Photos\t\t\t\t\t\t\t\t\t<\/p>\n\t\t\t<\/div>\n\t\t\t\t\t<div class=\"ngg-album-compact\">\n\t\t\t\t<div class=\"ngg-album-compactbox\">\n\t\t\t\t\t<div class=\"ngg-album-link\">\n\t\t\t\t\t\t\t\t\t\t\t\t\t\t\t\t\t\t\t\t\t<a title='ADRA Japan Tren\u010d\u00edn' href='https:\/\/www.adra.sk\/en\/fotogalerie\/nggallery\/fotogalerie\/adra-japonsko-trencin'>\n\t\t\t\t\t\t\t\t\t<img class=\"Thumb\"\n\t\t\t\t\t\t\t\t\t\talt=\"ADRA Japonsko Tren\u010d\u00edn\"\n\t\t\t\t\t\t\t\t\t\tsrc=\"https:\/\/www.adra.sk\/wp-content\/gallery\/adra-japonsko-trencin\/cache\/IMG-20221111-WA0004.jpg-nggid041184-ngg0dyn-240x160x100-00f0w010c011r110f110r010t010.jpg\"\/>\n\t\t\t\t\t\t\t\t<\/a>\n\t\t\t\t\t\t\t\t\t\t\t\t\t\t\t\t\t\t<\/div>\n\t\t\t\t<\/div>\n\t\t\t\t\t\t\t\t<h4>\n\t\t\t\t\t<a class='ngg-album-desc'\n\t\t\t\t\ttitle='ADRA Japan Tren\u010d\u00edn' href='https:\/\/www.adra.sk\/en\/fotogalerie\/nggallery\/fotogalerie\/adra-japonsko-trencin'style=\"max-width: 260px\"\t\t\t\t\t>\n\t\t\t\t\t\tADRA Japan Tren\u010d\u00edn\t\t\t\t\t<\/a>\n\t\t\t\t<\/h4>\n\t\t\t\t<p class=\"ngg-album-gallery-image-counter\">\n\t\t\t\t\t\t\t\t\t\t\t<strong>15<\/strong>&nbsp;Photos\t\t\t\t\t\t\t\t\t<\/p>\n\t\t\t<\/div>\n\t\t\t\t\t<div class=\"ngg-album-compact\">\n\t\t\t\t<div class=\"ngg-album-compactbox\">\n\t\t\t\t\t<div class=\"ngg-album-link\">\n\t\t\t\t\t\t\t\t\t\t\t\t\t\t\t\t\t\t\t\t\t<a title='Pohorelska Masha 2022' href='https:\/\/www.adra.sk\/en\/fotogalerie\/nggallery\/fotogalerie\/pohorelska-masa-2022'>\n\t\t\t\t\t\t\t\t\t<img class=\"Thumb\"\n\t\t\t\t\t\t\t\t\t\talt=\"Pohorelsk\u00e1 Ma\u0161a 2022\"\n\t\t\t\t\t\t\t\t\t\tsrc=\"https:\/\/www.adra.sk\/wp-content\/gallery\/pohorelska-masa-2022\/cache\/PM-04-1.jpg-nggid03954-ngg0dyn-240x160x100-00f0w010c011r110f110r010t010.jpg\"\/>\n\t\t\t\t\t\t\t\t<\/a>\n\t\t\t\t\t\t\t\t\t\t\t\t\t\t\t\t\t\t<\/div>\n\t\t\t\t<\/div>\n\t\t\t\t\t\t\t\t<h4>\n\t\t\t\t\t<a class='ngg-album-desc'\n\t\t\t\t\ttitle='Pohorelska Masha 2022' href='https:\/\/www.adra.sk\/en\/fotogalerie\/nggallery\/fotogalerie\/pohorelska-masa-2022'style=\"max-width: 260px\"\t\t\t\t\t>\n\t\t\t\t\t\tPohorelska Masha 2022\t\t\t\t\t<\/a>\n\t\t\t\t<\/h4>\n\t\t\t\t<p class=\"ngg-album-gallery-image-counter\">\n\t\t\t\t\t\t\t\t\t\t\t<strong>30<\/strong>&nbsp;Photos\t\t\t\t\t\t\t\t\t<\/p>\n\t\t\t<\/div>\n\t\t\t\t\t<div class=\"ngg-album-compact\">\n\t\t\t\t<div class=\"ngg-album-compactbox\">\n\t\t\t\t\t<div class=\"ngg-album-link\">\n\t\t\t\t\t\t\t\t\t\t\t\t\t\t\t\t\t\t\t\t\t<a title='Wellbeing 2' href='https:\/\/www.adra.sk\/en\/fotogalerie\/nggallery\/fotogalerie\/pohoda-2'>\n\t\t\t\t\t\t\t\t\t<img class=\"Thumb\"\n\t\t\t\t\t\t\t\t\t\talt=\"Pohoda 2\"\n\t\t\t\t\t\t\t\t\t\tsrc=\"https:\/\/www.adra.sk\/wp-content\/gallery\/pohoda-2\/cache\/291701731_5530243667028258_8529480868286982036_n.jpg-nggid03896-ngg0dyn-240x160x100-00f0w010c011r110f110r010t010.jpg\"\/>\n\t\t\t\t\t\t\t\t<\/a>\n\t\t\t\t\t\t\t\t\t\t\t\t\t\t\t\t\t\t<\/div>\n\t\t\t\t<\/div>\n\t\t\t\t\t\t\t\t<h4>\n\t\t\t\t\t<a class='ngg-album-desc'\n\t\t\t\t\ttitle='Wellbeing 2' href='https:\/\/www.adra.sk\/en\/fotogalerie\/nggallery\/fotogalerie\/pohoda-2'style=\"max-width: 260px\"\t\t\t\t\t>\n\t\t\t\t\t\tWellbeing 2\t\t\t\t\t<\/a>\n\t\t\t\t<\/h4>\n\t\t\t\t<p class=\"ngg-album-gallery-image-counter\">\n\t\t\t\t\t\t\t\t\t\t\t<strong>23<\/strong>&nbsp;Photos\t\t\t\t\t\t\t\t\t<\/p>\n\t\t\t<\/div>\n\t\t\t\t\t<div class=\"ngg-album-compact\">\n\t\t\t\t<div class=\"ngg-album-compactbox\">\n\t\t\t\t\t<div class=\"ngg-album-link\">\n\t\t\t\t\t\t\t\t\t\t\t\t\t\t\t\t\t\t\t\t\t<a title='Congress of Families 2022 Tatry' href='https:\/\/www.adra.sk\/en\/fotogalerie\/nggallery\/fotogalerie\/kongres-rodin-2022-tatry'>\n\t\t\t\t\t\t\t\t\t<img class=\"Thumb\"\n\t\t\t\t\t\t\t\t\t\talt=\"Kongres rod\u00edn 2022 Tatry\"\n\t\t\t\t\t\t\t\t\t\tsrc=\"https:\/\/www.adra.sk\/wp-content\/gallery\/kongres-rodin-2022-tatry\/cache\/FB_IMG_1656882347289.jpg-nggid03785-ngg0dyn-240x160x100-00f0w010c011r110f110r010t010.jpg\"\/>\n\t\t\t\t\t\t\t\t<\/a>\n\t\t\t\t\t\t\t\t\t\t\t\t\t\t\t\t\t\t<\/div>\n\t\t\t\t<\/div>\n\t\t\t\t\t\t\t\t<h4>\n\t\t\t\t\t<a class='ngg-album-desc'\n\t\t\t\t\ttitle='Congress of Families 2022 Tatry' href='https:\/\/www.adra.sk\/en\/fotogalerie\/nggallery\/fotogalerie\/kongres-rodin-2022-tatry'style=\"max-width: 260px\"\t\t\t\t\t>\n\t\t\t\t\t\tCongress of Families 2022 Tatry\t\t\t\t\t<\/a>\n\t\t\t\t<\/h4>\n\t\t\t\t<p class=\"ngg-album-gallery-image-counter\">\n\t\t\t\t\t\t\t\t\t\t\t<strong>18<\/strong>&nbsp;Photos\t\t\t\t\t\t\t\t\t<\/p>\n\t\t\t<\/div>\n\t\t\t\t\t<div class=\"ngg-album-compact\">\n\t\t\t\t<div class=\"ngg-album-compactbox\">\n\t\t\t\t\t<div class=\"ngg-album-link\">\n\t\t\t\t\t\t\t\t\t\t\t\t\t\t\t\t\t\t\t\t\t<a title='Uganda Refugee Day' href='https:\/\/www.adra.sk\/en\/fotogalerie\/nggallery\/fotogalerie\/uganda-den-utecencov'>\n\t\t\t\t\t\t\t\t\t<img class=\"Thumb\"\n\t\t\t\t\t\t\t\t\t\talt=\"Uganda de\u0148 ute\u010dencov\"\n\t\t\t\t\t\t\t\t\t\tsrc=\"https:\/\/www.adra.sk\/wp-content\/gallery\/uganda-den-utecencov\/cache\/SU-02.JPG-nggid03741-ngg0dyn-240x160x100-00f0w010c011r110f110r010t010.JPG\"\/>\n\t\t\t\t\t\t\t\t<\/a>\n\t\t\t\t\t\t\t\t\t\t\t\t\t\t\t\t\t\t<\/div>\n\t\t\t\t<\/div>\n\t\t\t\t\t\t\t\t<h4>\n\t\t\t\t\t<a class='ngg-album-desc'\n\t\t\t\t\ttitle='Uganda Refugee Day' href='https:\/\/www.adra.sk\/en\/fotogalerie\/nggallery\/fotogalerie\/uganda-den-utecencov'style=\"max-width: 260px\"\t\t\t\t\t>\n\t\t\t\t\t\tUganda Refugee Day\t\t\t\t\t<\/a>\n\t\t\t\t<\/h4>\n\t\t\t\t<p class=\"ngg-album-gallery-image-counter\">\n\t\t\t\t\t\t\t\t\t\t\t<strong>26<\/strong>&nbsp;Photos\t\t\t\t\t\t\t\t\t<\/p>\n\t\t\t<\/div>\n\t\t\t\t\t<div class=\"ngg-album-compact\">\n\t\t\t\t<div class=\"ngg-album-compactbox\">\n\t\t\t\t\t<div class=\"ngg-album-link\">\n\t\t\t\t\t\t\t\t\t\t\t\t\t\t\t\t\t\t\t\t\t<a title='Monitoring Uganda SUDHAV' href='https:\/\/www.adra.sk\/en\/fotogalerie\/nggallery\/fotogalerie\/monitoring-uganda-sudhav'>\n\t\t\t\t\t\t\t\t\t<img class=\"Thumb\"\n\t\t\t\t\t\t\t\t\t\talt=\"Monitoring Uganda SUDHAV\"\n\t\t\t\t\t\t\t\t\t\tsrc=\"https:\/\/www.adra.sk\/wp-content\/gallery\/monitoring-uganda-sudhav\/cache\/SU-18.JPG-nggid03731-ngg0dyn-240x160x100-00f0w010c011r110f110r010t010.JPG\"\/>\n\t\t\t\t\t\t\t\t<\/a>\n\t\t\t\t\t\t\t\t\t\t\t\t\t\t\t\t\t\t<\/div>\n\t\t\t\t<\/div>\n\t\t\t\t\t\t\t\t<h4>\n\t\t\t\t\t<a class='ngg-album-desc'\n\t\t\t\t\ttitle='Monitoring Uganda SUDHAV' href='https:\/\/www.adra.sk\/en\/fotogalerie\/nggallery\/fotogalerie\/monitoring-uganda-sudhav'style=\"max-width: 260px\"\t\t\t\t\t>\n\t\t\t\t\t\tMonitoring Uganda SUDHAV\t\t\t\t\t<\/a>\n\t\t\t\t<\/h4>\n\t\t\t\t<p class=\"ngg-album-gallery-image-counter\">\n\t\t\t\t\t\t\t\t\t\t\t<strong>10<\/strong>&nbsp;Photos\t\t\t\t\t\t\t\t\t<\/p>\n\t\t\t<\/div>\n\t\t\t\t\t<div class=\"ngg-album-compact\">\n\t\t\t\t<div class=\"ngg-album-compactbox\">\n\t\t\t\t\t<div class=\"ngg-album-link\">\n\t\t\t\t\t\t\t\t\t\t\t\t\t\t\t\t\t\t\t\t\t<a title='Kharkiv Hospital' href='https:\/\/www.adra.sk\/en\/fotogalerie\/nggallery\/fotogalerie\/nemocnica-charkov'>\n\t\t\t\t\t\t\t\t\t<img class=\"Thumb\"\n\t\t\t\t\t\t\t\t\t\talt=\"Nemocnica Charkov\"\n\t\t\t\t\t\t\t\t\t\tsrc=\"https:\/\/www.adra.sk\/wp-content\/gallery\/nemocnica-charkov\/cache\/20220616_102318.jpg-nggid03719-ngg0dyn-240x160x100-00f0w010c011r110f110r010t010.jpg\"\/>\n\t\t\t\t\t\t\t\t<\/a>\n\t\t\t\t\t\t\t\t\t\t\t\t\t\t\t\t\t\t<\/div>\n\t\t\t\t<\/div>\n\t\t\t\t\t\t\t\t<h4>\n\t\t\t\t\t<a class='ngg-album-desc'\n\t\t\t\t\ttitle='Kharkiv Hospital' href='https:\/\/www.adra.sk\/en\/fotogalerie\/nggallery\/fotogalerie\/nemocnica-charkov'style=\"max-width: 260px\"\t\t\t\t\t>\n\t\t\t\t\t\tKharkiv Hospital\t\t\t\t\t<\/a>\n\t\t\t\t<\/h4>\n\t\t\t\t<p class=\"ngg-album-gallery-image-counter\">\n\t\t\t\t\t\t\t\t\t\t\t<strong>12<\/strong>&nbsp;Photos\t\t\t\t\t\t\t\t\t<\/p>\n\t\t\t<\/div>\n\t\t\t\t\t<div class=\"ngg-album-compact\">\n\t\t\t\t<div class=\"ngg-album-compactbox\">\n\t\t\t\t\t<div class=\"ngg-album-link\">\n\t\t\t\t\t\t\t\t\t\t\t\t\t\t\t\t\t\t\t\t\t<a title='Uganda farm 06\/2022' href='https:\/\/www.adra.sk\/en\/fotogalerie\/nggallery\/fotogalerie\/uganda-farma-06-2022'>\n\t\t\t\t\t\t\t\t\t<img class=\"Thumb\"\n\t\t\t\t\t\t\t\t\t\talt=\"Uganda farma 06\/2022\"\n\t\t\t\t\t\t\t\t\t\tsrc=\"https:\/\/www.adra.sk\/wp-content\/gallery\/uganda-farma-06-2022\/cache\/KA-08.JPG-nggid03674-ngg0dyn-240x160x100-00f0w010c011r110f110r010t010.JPG\"\/>\n\t\t\t\t\t\t\t\t<\/a>\n\t\t\t\t\t\t\t\t\t\t\t\t\t\t\t\t\t\t<\/div>\n\t\t\t\t<\/div>\n\t\t\t\t\t\t\t\t<h4>\n\t\t\t\t\t<a class='ngg-album-desc'\n\t\t\t\t\ttitle='Uganda farm 06\/2022' href='https:\/\/www.adra.sk\/en\/fotogalerie\/nggallery\/fotogalerie\/uganda-farma-06-2022'style=\"max-width: 260px\"\t\t\t\t\t>\n\t\t\t\t\t\tUganda farm 06\/2022\t\t\t\t\t<\/a>\n\t\t\t\t<\/h4>\n\t\t\t\t<p class=\"ngg-album-gallery-image-counter\">\n\t\t\t\t\t\t\t\t\t\t\t<strong>47<\/strong>&nbsp;Photos\t\t\t\t\t\t\t\t\t<\/p>\n\t\t\t<\/div>\n\t\t\t\t\t<div class=\"ngg-album-compact\">\n\t\t\t\t<div class=\"ngg-album-compactbox\">\n\t\t\t\t\t<div class=\"ngg-album-link\">\n\t\t\t\t\t\t\t\t\t\t\t\t\t\t\t\t\t\t\t\t\t<a title='Aupark - KPU' href='https:\/\/www.adra.sk\/en\/fotogalerie\/nggallery\/fotogalerie\/aupark-kpu'>\n\t\t\t\t\t\t\t\t\t<img class=\"Thumb\"\n\t\t\t\t\t\t\t\t\t\talt=\"Aupark - KPU\"\n\t\t\t\t\t\t\t\t\t\tsrc=\"https:\/\/www.adra.sk\/wp-content\/gallery\/aupark-kpu\/cache\/285525682_5455438654508760_7951839126394351527_n.jpg-nggid03663-ngg0dyn-240x160x100-00f0w010c011r110f110r010t010.jpg\"\/>\n\t\t\t\t\t\t\t\t<\/a>\n\t\t\t\t\t\t\t\t\t\t\t\t\t\t\t\t\t\t<\/div>\n\t\t\t\t<\/div>\n\t\t\t\t\t\t\t\t<h4>\n\t\t\t\t\t<a class='ngg-album-desc'\n\t\t\t\t\ttitle='Aupark - KPU' href='https:\/\/www.adra.sk\/en\/fotogalerie\/nggallery\/fotogalerie\/aupark-kpu'style=\"max-width: 260px\"\t\t\t\t\t>\n\t\t\t\t\t\tAupark - KPU\t\t\t\t\t<\/a>\n\t\t\t\t<\/h4>\n\t\t\t\t<p class=\"ngg-album-gallery-image-counter\">\n\t\t\t\t\t\t\t\t\t\t\t<strong>21<\/strong>&nbsp;Photos\t\t\t\t\t\t\t\t\t<\/p>\n\t\t\t<\/div>\n\t\t\t\t\t<div class=\"ngg-album-compact\">\n\t\t\t\t<div class=\"ngg-album-compactbox\">\n\t\t\t\t\t<div class=\"ngg-album-link\">\n\t\t\t\t\t\t\t\t\t\t\t\t\t\t\t\t\t\t\t\t\t<a title='KE Charity Concert' href='https:\/\/www.adra.sk\/en\/fotogalerie\/nggallery\/fotogalerie\/beneficny-koncert-ke'>\n\t\t\t\t\t\t\t\t\t<img class=\"Thumb\"\n\t\t\t\t\t\t\t\t\t\talt=\"Beneficny koncert KE\"\n\t\t\t\t\t\t\t\t\t\tsrc=\"https:\/\/www.adra.sk\/wp-content\/gallery\/beneficny-koncert-ke\/cache\/ADR06688.JPG-nggid03647-ngg0dyn-240x160x100-00f0w010c011r110f110r010t010.JPG\"\/>\n\t\t\t\t\t\t\t\t<\/a>\n\t\t\t\t\t\t\t\t\t\t\t\t\t\t\t\t\t\t<\/div>\n\t\t\t\t<\/div>\n\t\t\t\t\t\t\t\t<h4>\n\t\t\t\t\t<a class='ngg-album-desc'\n\t\t\t\t\ttitle='KE Charity Concert' href='https:\/\/www.adra.sk\/en\/fotogalerie\/nggallery\/fotogalerie\/beneficny-koncert-ke'style=\"max-width: 260px\"\t\t\t\t\t>\n\t\t\t\t\t\tKE Charity Concert\t\t\t\t\t<\/a>\n\t\t\t\t<\/h4>\n\t\t\t\t<p class=\"ngg-album-gallery-image-counter\">\n\t\t\t\t\t\t\t\t\t\t\t<strong>16<\/strong>&nbsp;Photos\t\t\t\t\t\t\t\t\t<\/p>\n\t\t\t<\/div>\n\t\t\t\t\t<div class=\"ngg-album-compact\">\n\t\t\t\t<div class=\"ngg-album-compactbox\">\n\t\t\t\t\t<div class=\"ngg-album-link\">\n\t\t\t\t\t\t\t\t\t\t\t\t\t\t\t\t\t\t\t\t\t<a title='Kecerovce fire' href='https:\/\/www.adra.sk\/en\/fotogalerie\/nggallery\/fotogalerie\/poziar-kecerovce'>\n\t\t\t\t\t\t\t\t\t<img class=\"Thumb\"\n\t\t\t\t\t\t\t\t\t\talt=\"Po\u017eiar Kecerovce\"\n\t\t\t\t\t\t\t\t\t\tsrc=\"https:\/\/www.adra.sk\/wp-content\/gallery\/poziar-kecerovce\/cache\/Kec-05.jpg-nggid03641-ngg0dyn-240x160x100-00f0w010c011r110f110r010t010.jpg\"\/>\n\t\t\t\t\t\t\t\t<\/a>\n\t\t\t\t\t\t\t\t\t\t\t\t\t\t\t\t\t\t<\/div>\n\t\t\t\t<\/div>\n\t\t\t\t\t\t\t\t<h4>\n\t\t\t\t\t<a class='ngg-album-desc'\n\t\t\t\t\ttitle='Kecerovce fire' href='https:\/\/www.adra.sk\/en\/fotogalerie\/nggallery\/fotogalerie\/poziar-kecerovce'style=\"max-width: 260px\"\t\t\t\t\t>\n\t\t\t\t\t\tKecerovce fire\t\t\t\t\t<\/a>\n\t\t\t\t<\/h4>\n\t\t\t\t<p class=\"ngg-album-gallery-image-counter\">\n\t\t\t\t\t\t\t\t\t\t\t<strong>5<\/strong>&nbsp;Photos\t\t\t\t\t\t\t\t\t<\/p>\n\t\t\t<\/div>\n\t\t\t\t\t<div class=\"ngg-album-compact\">\n\t\t\t\t<div class=\"ngg-album-compactbox\">\n\t\t\t\t\t<div class=\"ngg-album-link\">\n\t\t\t\t\t\t\t\t\t\t\t\t\t\t\t\t\t\t\t\t\t<a title='ADRA Korea' href='https:\/\/www.adra.sk\/en\/fotogalerie\/nggallery\/fotogalerie\/adra-korea'>\n\t\t\t\t\t\t\t\t\t<img class=\"Thumb\"\n\t\t\t\t\t\t\t\t\t\talt=\"ADRA Korea\"\n\t\t\t\t\t\t\t\t\t\tsrc=\"https:\/\/www.adra.sk\/wp-content\/gallery\/adra-korea\/cache\/KOR-03.jpg-nggid03562-ngg0dyn-240x160x100-00f0w010c011r110f110r010t010.jpg\"\/>\n\t\t\t\t\t\t\t\t<\/a>\n\t\t\t\t\t\t\t\t\t\t\t\t\t\t\t\t\t\t<\/div>\n\t\t\t\t<\/div>\n\t\t\t\t\t\t\t\t<h4>\n\t\t\t\t\t<a class='ngg-album-desc'\n\t\t\t\t\ttitle='ADRA Korea' href='https:\/\/www.adra.sk\/en\/fotogalerie\/nggallery\/fotogalerie\/adra-korea'style=\"max-width: 260px\"\t\t\t\t\t>\n\t\t\t\t\t\tADRA Korea\t\t\t\t\t<\/a>\n\t\t\t\t<\/h4>\n\t\t\t\t<p class=\"ngg-album-gallery-image-counter\">\n\t\t\t\t\t\t\t\t\t\t\t<strong>8<\/strong>&nbsp;Photos\t\t\t\t\t\t\t\t\t<\/p>\n\t\t\t<\/div>\n\t\t\t\t\t<div class=\"ngg-album-compact\">\n\t\t\t\t<div class=\"ngg-album-compactbox\">\n\t\t\t\t\t<div class=\"ngg-album-link\">\n\t\t\t\t\t\t\t\t\t\t\t\t\t\t\t\t\t\t\t\t\t<a title='Buca and Irpin' href='https:\/\/www.adra.sk\/en\/fotogalerie\/nggallery\/fotogalerie\/buca-a-irpin'>\n\t\t\t\t\t\t\t\t\t<img class=\"Thumb\"\n\t\t\t\t\t\t\t\t\t\talt=\"Buca a Irpin\"\n\t\t\t\t\t\t\t\t\t\tsrc=\"https:\/\/www.adra.sk\/wp-content\/gallery\/buca-a-irpin\/cache\/Untitled-design.png-nggid03534-ngg0dyn-240x160x100-00f0w010c011r110f110r010t010.png\"\/>\n\t\t\t\t\t\t\t\t<\/a>\n\t\t\t\t\t\t\t\t\t\t\t\t\t\t\t\t\t\t<\/div>\n\t\t\t\t<\/div>\n\t\t\t\t\t\t\t\t<h4>\n\t\t\t\t\t<a class='ngg-album-desc'\n\t\t\t\t\ttitle='Buca and Irpin' href='https:\/\/www.adra.sk\/en\/fotogalerie\/nggallery\/fotogalerie\/buca-a-irpin'style=\"max-width: 260px\"\t\t\t\t\t>\n\t\t\t\t\t\tBuca and Irpin\t\t\t\t\t<\/a>\n\t\t\t\t<\/h4>\n\t\t\t\t<p class=\"ngg-album-gallery-image-counter\">\n\t\t\t\t\t\t\t\t\t\t\t<strong>17<\/strong>&nbsp;Photos\t\t\t\t\t\t\t\t\t<\/p>\n\t\t\t<\/div>\n\t\t\t\t\t<div class=\"ngg-album-compact\">\n\t\t\t\t<div class=\"ngg-album-compactbox\">\n\t\t\t\t\t<div class=\"ngg-album-link\">\n\t\t\t\t\t\t\t\t\t\t\t\t\t\t\t\t\t\t\t\t\t<a title='Volunteer hand' href='https:\/\/www.adra.sk\/en\/fotogalerie\/nggallery\/fotogalerie\/dobrovolnik-roka-9'>\n\t\t\t\t\t\t\t\t\t<img class=\"Thumb\"\n\t\t\t\t\t\t\t\t\t\talt=\"Dobrovolnik roka\"\n\t\t\t\t\t\t\t\t\t\tsrc=\"https:\/\/www.adra.sk\/wp-content\/gallery\/dobrovolnik-roka-1\/cache\/ADR05285.JPG-nggid03527-ngg0dyn-240x160x100-00f0w010c011r110f110r010t010.JPG\"\/>\n\t\t\t\t\t\t\t\t<\/a>\n\t\t\t\t\t\t\t\t\t\t\t\t\t\t\t\t\t\t<\/div>\n\t\t\t\t<\/div>\n\t\t\t\t\t\t\t\t<h4>\n\t\t\t\t\t<a class='ngg-album-desc'\n\t\t\t\t\ttitle='Volunteer hand' href='https:\/\/www.adra.sk\/en\/fotogalerie\/nggallery\/fotogalerie\/dobrovolnik-roka-9'style=\"max-width: 260px\"\t\t\t\t\t>\n\t\t\t\t\t\tVolunteer hand\t\t\t\t\t<\/a>\n\t\t\t\t<\/h4>\n\t\t\t\t<p class=\"ngg-album-gallery-image-counter\">\n\t\t\t\t\t\t\t\t\t\t\t<strong>17<\/strong>&nbsp;Photos\t\t\t\t\t\t\t\t\t<\/p>\n\t\t\t<\/div>\n\t\t\t\t\t<div class=\"ngg-album-compact\">\n\t\t\t\t<div class=\"ngg-album-compactbox\">\n\t\t\t\t\t<div class=\"ngg-album-link\">\n\t\t\t\t\t\t\t\t\t\t\t\t\t\t\t\t\t\t\t\t\t<a title='UA packages' href='https:\/\/www.adra.sk\/en\/fotogalerie\/nggallery\/fotogalerie\/ua-baliky'>\n\t\t\t\t\t\t\t\t\t<img class=\"Thumb\"\n\t\t\t\t\t\t\t\t\t\talt=\"UA baliky\"\n\t\t\t\t\t\t\t\t\t\tsrc=\"https:\/\/www.adra.sk\/wp-content\/gallery\/ua-baliky\/cache\/BP-07-1.jpg-nggid03514-ngg0dyn-240x160x100-00f0w010c011r110f110r010t010.jpg\"\/>\n\t\t\t\t\t\t\t\t<\/a>\n\t\t\t\t\t\t\t\t\t\t\t\t\t\t\t\t\t\t<\/div>\n\t\t\t\t<\/div>\n\t\t\t\t\t\t\t\t<h4>\n\t\t\t\t\t<a class='ngg-album-desc'\n\t\t\t\t\ttitle='UA packages' href='https:\/\/www.adra.sk\/en\/fotogalerie\/nggallery\/fotogalerie\/ua-baliky'style=\"max-width: 260px\"\t\t\t\t\t>\n\t\t\t\t\t\tUA packages\t\t\t\t\t<\/a>\n\t\t\t\t<\/h4>\n\t\t\t\t<p class=\"ngg-album-gallery-image-counter\">\n\t\t\t\t\t\t\t\t\t\t\t<strong>14<\/strong>&nbsp;Photos\t\t\t\t\t\t\t\t\t<\/p>\n\t\t\t<\/div>\n\t\t\t\t\t<div class=\"ngg-album-compact\">\n\t\t\t\t<div class=\"ngg-album-compactbox\">\n\t\t\t\t\t<div class=\"ngg-album-link\">\n\t\t\t\t\t\t\t\t\t\t\t\t\t\t\t\t\t\t\t\t\t<a title='Ukraine 3' href='https:\/\/www.adra.sk\/en\/fotogalerie\/nggallery\/fotogalerie\/ukrajina-3'>\n\t\t\t\t\t\t\t\t\t<img class=\"Thumb\"\n\t\t\t\t\t\t\t\t\t\talt=\"Ukrajina 3\"\n\t\t\t\t\t\t\t\t\t\tsrc=\"https:\/\/www.adra.sk\/wp-content\/gallery\/ukrajina-3\/cache\/2UA-14-1.jpg-nggid03505-ngg0dyn-240x160x100-00f0w010c011r110f110r010t010.jpg\"\/>\n\t\t\t\t\t\t\t\t<\/a>\n\t\t\t\t\t\t\t\t\t\t\t\t\t\t\t\t\t\t<\/div>\n\t\t\t\t<\/div>\n\t\t\t\t\t\t\t\t<h4>\n\t\t\t\t\t<a class='ngg-album-desc'\n\t\t\t\t\ttitle='Ukraine 3' href='https:\/\/www.adra.sk\/en\/fotogalerie\/nggallery\/fotogalerie\/ukrajina-3'style=\"max-width: 260px\"\t\t\t\t\t>\n\t\t\t\t\t\tUkraine 3\t\t\t\t\t<\/a>\n\t\t\t\t<\/h4>\n\t\t\t\t<p class=\"ngg-album-gallery-image-counter\">\n\t\t\t\t\t\t\t\t\t\t\t<strong>10<\/strong>&nbsp;Photos\t\t\t\t\t\t\t\t\t<\/p>\n\t\t\t<\/div>\n\t\t\t\t\t<div class=\"ngg-album-compact\">\n\t\t\t\t<div class=\"ngg-album-compactbox\">\n\t\t\t\t\t<div class=\"ngg-album-link\">\n\t\t\t\t\t\t\t\t\t\t\t\t\t\t\t\t\t\t\t\t\t<a title='Ukraine 2' href='https:\/\/www.adra.sk\/en\/fotogalerie\/nggallery\/fotogalerie\/ukrajina-2'>\n\t\t\t\t\t\t\t\t\t<img class=\"Thumb\"\n\t\t\t\t\t\t\t\t\t\talt=\"Ukrajina 2\"\n\t\t\t\t\t\t\t\t\t\tsrc=\"https:\/\/www.adra.sk\/wp-content\/gallery\/ukrajina-2\/cache\/UA-33-1.jpg-nggid03492-ngg0dyn-240x160x100-00f0w010c011r110f110r010t010.jpg\"\/>\n\t\t\t\t\t\t\t\t<\/a>\n\t\t\t\t\t\t\t\t\t\t\t\t\t\t\t\t\t\t<\/div>\n\t\t\t\t<\/div>\n\t\t\t\t\t\t\t\t<h4>\n\t\t\t\t\t<a class='ngg-album-desc'\n\t\t\t\t\ttitle='Ukraine 2' href='https:\/\/www.adra.sk\/en\/fotogalerie\/nggallery\/fotogalerie\/ukrajina-2'style=\"max-width: 260px\"\t\t\t\t\t>\n\t\t\t\t\t\tUkraine 2\t\t\t\t\t<\/a>\n\t\t\t\t<\/h4>\n\t\t\t\t<p class=\"ngg-album-gallery-image-counter\">\n\t\t\t\t\t\t\t\t\t\t\t<strong>13<\/strong>&nbsp;Photos\t\t\t\t\t\t\t\t\t<\/p>\n\t\t\t<\/div>\n\t\t\t\t\t<div class=\"ngg-album-compact\">\n\t\t\t\t<div class=\"ngg-album-compactbox\">\n\t\t\t\t\t<div class=\"ngg-album-link\">\n\t\t\t\t\t\t\t\t\t\t\t\t\t\t\t\t\t\t\t\t\t<a title='Ukraine 1' href='https:\/\/www.adra.sk\/en\/fotogalerie\/nggallery\/fotogalerie\/ukrajina-1'>\n\t\t\t\t\t\t\t\t\t<img class=\"Thumb\"\n\t\t\t\t\t\t\t\t\t\talt=\"Ukrajina 1\"\n\t\t\t\t\t\t\t\t\t\tsrc=\"https:\/\/www.adra.sk\/wp-content\/gallery\/ukrajina-1\/cache\/UA-03.jpg-nggid03474-ngg0dyn-240x160x100-00f0w010c011r110f110r010t010.jpg\"\/>\n\t\t\t\t\t\t\t\t<\/a>\n\t\t\t\t\t\t\t\t\t\t\t\t\t\t\t\t\t\t<\/div>\n\t\t\t\t<\/div>\n\t\t\t\t\t\t\t\t<h4>\n\t\t\t\t\t<a class='ngg-album-desc'\n\t\t\t\t\ttitle='Ukraine 1' href='https:\/\/www.adra.sk\/en\/fotogalerie\/nggallery\/fotogalerie\/ukrajina-1'style=\"max-width: 260px\"\t\t\t\t\t>\n\t\t\t\t\t\tUkraine 1\t\t\t\t\t<\/a>\n\t\t\t\t<\/h4>\n\t\t\t\t<p class=\"ngg-album-gallery-image-counter\">\n\t\t\t\t\t\t\t\t\t\t\t<strong>14<\/strong>&nbsp;Photos\t\t\t\t\t\t\t\t\t<\/p>\n\t\t\t<\/div>\n\t\t\t\t\t<div class=\"ngg-album-compact\">\n\t\t\t\t<div class=\"ngg-album-compactbox\">\n\t\t\t\t\t<div class=\"ngg-album-link\">\n\t\t\t\t\t\t\t\t\t\t\t\t\t\t\t\t\t\t\t\t\t<a title='Opening Uganda' href='https:\/\/www.adra.sk\/en\/fotogalerie\/nggallery\/fotogalerie\/otvorenie-uganda'>\n\t\t\t\t\t\t\t\t\t<img class=\"Thumb\"\n\t\t\t\t\t\t\t\t\t\talt=\"Otvorenie Uganda\"\n\t\t\t\t\t\t\t\t\t\tsrc=\"https:\/\/www.adra.sk\/wp-content\/gallery\/otvorenie-uganda\/cache\/O-05.jpg-nggid03463-ngg0dyn-240x160x100-00f0w010c011r110f110r010t010.jpg\"\/>\n\t\t\t\t\t\t\t\t<\/a>\n\t\t\t\t\t\t\t\t\t\t\t\t\t\t\t\t\t\t<\/div>\n\t\t\t\t<\/div>\n\t\t\t\t\t\t\t\t<h4>\n\t\t\t\t\t<a class='ngg-album-desc'\n\t\t\t\t\ttitle='Opening Uganda' href='https:\/\/www.adra.sk\/en\/fotogalerie\/nggallery\/fotogalerie\/otvorenie-uganda'style=\"max-width: 260px\"\t\t\t\t\t>\n\t\t\t\t\t\tOpening Uganda\t\t\t\t\t<\/a>\n\t\t\t\t<\/h4>\n\t\t\t\t<p class=\"ngg-album-gallery-image-counter\">\n\t\t\t\t\t\t\t\t\t\t\t<strong>10<\/strong>&nbsp;Photos\t\t\t\t\t\t\t\t\t<\/p>\n\t\t\t<\/div>\n\t\t\t\t\t<div class=\"ngg-album-compact\">\n\t\t\t\t<div class=\"ngg-album-compactbox\">\n\t\t\t\t\t<div class=\"ngg-album-link\">\n\t\t\t\t\t\t\t\t\t\t\t\t\t\t\t\t\t\t\t\t\t<a title='UGA School' href='https:\/\/www.adra.sk\/en\/fotogalerie\/nggallery\/fotogalerie\/uga-skola'>\n\t\t\t\t\t\t\t\t\t<img class=\"Thumb\"\n\t\t\t\t\t\t\t\t\t\talt=\"UGA \u0160kola\"\n\t\t\t\t\t\t\t\t\t\tsrc=\"https:\/\/www.adra.sk\/wp-content\/gallery\/uga-skola\/cache\/S-01.jpg-nggid03447-ngg0dyn-240x160x100-00f0w010c011r110f110r010t010.jpg\"\/>\n\t\t\t\t\t\t\t\t<\/a>\n\t\t\t\t\t\t\t\t\t\t\t\t\t\t\t\t\t\t<\/div>\n\t\t\t\t<\/div>\n\t\t\t\t\t\t\t\t<h4>\n\t\t\t\t\t<a class='ngg-album-desc'\n\t\t\t\t\ttitle='UGA School' href='https:\/\/www.adra.sk\/en\/fotogalerie\/nggallery\/fotogalerie\/uga-skola'style=\"max-width: 260px\"\t\t\t\t\t>\n\t\t\t\t\t\tUGA School\t\t\t\t\t<\/a>\n\t\t\t\t<\/h4>\n\t\t\t\t<p class=\"ngg-album-gallery-image-counter\">\n\t\t\t\t\t\t\t\t\t\t\t<strong>16<\/strong>&nbsp;Photos\t\t\t\t\t\t\t\t\t<\/p>\n\t\t\t<\/div>\n\t\t\t\t\t<div class=\"ngg-album-compact\">\n\t\t\t\t<div class=\"ngg-album-compactbox\">\n\t\t\t\t\t<div class=\"ngg-album-link\">\n\t\t\t\t\t\t\t\t\t\t\t\t\t\t\t\t\t\t\t\t\t<a title='Moravian New Ves' href='https:\/\/www.adra.sk\/en\/fotogalerie\/nggallery\/fotogalerie\/moravska-nova-ves'>\n\t\t\t\t\t\t\t\t\t<img class=\"Thumb\"\n\t\t\t\t\t\t\t\t\t\talt=\"Moravska nova ves\"\n\t\t\t\t\t\t\t\t\t\tsrc=\"https:\/\/www.adra.sk\/wp-content\/gallery\/moravska-nova-ves\/cache\/MNV-26-1.jpg-nggid03300-ngg0dyn-240x160x100-00f0w010c011r110f110r010t010.jpg\"\/>\n\t\t\t\t\t\t\t\t<\/a>\n\t\t\t\t\t\t\t\t\t\t\t\t\t\t\t\t\t\t<\/div>\n\t\t\t\t<\/div>\n\t\t\t\t\t\t\t\t<h4>\n\t\t\t\t\t<a class='ngg-album-desc'\n\t\t\t\t\ttitle='Moravian New Ves' href='https:\/\/www.adra.sk\/en\/fotogalerie\/nggallery\/fotogalerie\/moravska-nova-ves'style=\"max-width: 260px\"\t\t\t\t\t>\n\t\t\t\t\t\tMoravian New Ves\t\t\t\t\t<\/a>\n\t\t\t\t<\/h4>\n\t\t\t\t<p class=\"ngg-album-gallery-image-counter\">\n\t\t\t\t\t\t\t\t\t\t\t<strong>17<\/strong>&nbsp;Photos\t\t\t\t\t\t\t\t\t<\/p>\n\t\t\t<\/div>\n\t\t\t\t\t<div class=\"ngg-album-compact\">\n\t\t\t\t<div class=\"ngg-album-compactbox\">\n\t\t\t\t\t<div class=\"ngg-album-link\">\n\t\t\t\t\t\t\t\t\t\t\t\t\t\t\t\t\t\t\t\t\t<a title='UGA completed buildings' href='https:\/\/www.adra.sk\/en\/fotogalerie\/nggallery\/fotogalerie\/uga-dokoncene-stavby'>\n\t\t\t\t\t\t\t\t\t<img class=\"Thumb\"\n\t\t\t\t\t\t\t\t\t\talt=\"UGA dokoncene stavby\"\n\t\t\t\t\t\t\t\t\t\tsrc=\"https:\/\/www.adra.sk\/wp-content\/gallery\/uga-dokoncene-stavby\/cache\/TC-04-1.jpg-nggid03436-ngg0dyn-240x160x100-00f0w010c011r110f110r010t010.jpg\"\/>\n\t\t\t\t\t\t\t\t<\/a>\n\t\t\t\t\t\t\t\t\t\t\t\t\t\t\t\t\t\t<\/div>\n\t\t\t\t<\/div>\n\t\t\t\t\t\t\t\t<h4>\n\t\t\t\t\t<a class='ngg-album-desc'\n\t\t\t\t\ttitle='UGA completed buildings' href='https:\/\/www.adra.sk\/en\/fotogalerie\/nggallery\/fotogalerie\/uga-dokoncene-stavby'style=\"max-width: 260px\"\t\t\t\t\t>\n\t\t\t\t\t\tUGA completed buildings\t\t\t\t\t<\/a>\n\t\t\t\t<\/h4>\n\t\t\t\t<p class=\"ngg-album-gallery-image-counter\">\n\t\t\t\t\t\t\t\t\t\t\t<strong>12<\/strong>&nbsp;Photos\t\t\t\t\t\t\t\t\t<\/p>\n\t\t\t<\/div>\n\t\t\t\t\t<div class=\"ngg-album-compact\">\n\t\t\t\t<div class=\"ngg-album-compactbox\">\n\t\t\t\t\t<div class=\"ngg-album-link\">\n\t\t\t\t\t\t\t\t\t\t\t\t\t\t\t\t\t\t\t\t\t<a title='UGA certificates' href='https:\/\/www.adra.sk\/en\/fotogalerie\/nggallery\/fotogalerie\/uga-certifikaty'>\n\t\t\t\t\t\t\t\t\t<img class=\"Thumb\"\n\t\t\t\t\t\t\t\t\t\talt=\"UGA certifikaty\"\n\t\t\t\t\t\t\t\t\t\tsrc=\"https:\/\/www.adra.sk\/wp-content\/gallery\/uga-certifikaty\/cache\/CE-04.jpg-nggid03361-ngg0dyn-240x160x100-00f0w010c011r110f110r010t010.jpg\"\/>\n\t\t\t\t\t\t\t\t<\/a>\n\t\t\t\t\t\t\t\t\t\t\t\t\t\t\t\t\t\t<\/div>\n\t\t\t\t<\/div>\n\t\t\t\t\t\t\t\t<h4>\n\t\t\t\t\t<a class='ngg-album-desc'\n\t\t\t\t\ttitle='UGA certificates' href='https:\/\/www.adra.sk\/en\/fotogalerie\/nggallery\/fotogalerie\/uga-certifikaty'style=\"max-width: 260px\"\t\t\t\t\t>\n\t\t\t\t\t\tUGA certificates\t\t\t\t\t<\/a>\n\t\t\t\t<\/h4>\n\t\t\t\t<p class=\"ngg-album-gallery-image-counter\">\n\t\t\t\t\t\t\t\t\t\t\t<strong>8<\/strong>&nbsp;Photos\t\t\t\t\t\t\t\t\t<\/p>\n\t\t\t<\/div>\n\t\t\t\t\t<div class=\"ngg-album-compact\">\n\t\t\t\t<div class=\"ngg-album-compactbox\">\n\t\t\t\t\t<div class=\"ngg-album-link\">\n\t\t\t\t\t\t\t\t\t\t\t\t\t\t\t\t\t\t\t\t\t<a title='ITIBO 21' href='https:\/\/www.adra.sk\/en\/fotogalerie\/nggallery\/fotogalerie\/itibo-21'>\n\t\t\t\t\t\t\t\t\t<img class=\"Thumb\"\n\t\t\t\t\t\t\t\t\t\talt=\"ITIBO 21\"\n\t\t\t\t\t\t\t\t\t\tsrc=\"https:\/\/www.adra.sk\/wp-content\/gallery\/itibo-21\/cache\/Guverner-3.jpg-nggid03235-ngg0dyn-240x160x100-00f0w010c011r110f110r010t010.jpg\"\/>\n\t\t\t\t\t\t\t\t<\/a>\n\t\t\t\t\t\t\t\t\t\t\t\t\t\t\t\t\t\t<\/div>\n\t\t\t\t<\/div>\n\t\t\t\t\t\t\t\t<h4>\n\t\t\t\t\t<a class='ngg-album-desc'\n\t\t\t\t\ttitle='ITIBO 21' href='https:\/\/www.adra.sk\/en\/fotogalerie\/nggallery\/fotogalerie\/itibo-21'style=\"max-width: 260px\"\t\t\t\t\t>\n\t\t\t\t\t\tITIBO 21\t\t\t\t\t<\/a>\n\t\t\t\t<\/h4>\n\t\t\t\t<p class=\"ngg-album-gallery-image-counter\">\n\t\t\t\t\t\t\t\t\t\t\t<strong>10<\/strong>&nbsp;Photos\t\t\t\t\t\t\t\t\t<\/p>\n\t\t\t<\/div>\n\t\t\t\t\t<div class=\"ngg-album-compact\">\n\t\t\t\t<div class=\"ngg-album-compactbox\">\n\t\t\t\t\t<div class=\"ngg-album-link\">\n\t\t\t\t\t\t\t\t\t\t\t\t\t\t\t\t\t\t\t\t\t<a title='MASS 2021' href='https:\/\/www.adra.sk\/en\/fotogalerie\/nggallery\/fotogalerie\/masa-2021'>\n\t\t\t\t\t\t\t\t\t<img class=\"Thumb\"\n\t\t\t\t\t\t\t\t\t\talt=\"MASA 2021\"\n\t\t\t\t\t\t\t\t\t\tsrc=\"https:\/\/www.adra.sk\/wp-content\/gallery\/masa-2021\/cache\/MASA-04.jpg-nggid03326-ngg0dyn-240x160x100-00f0w010c011r110f110r010t010.jpg\"\/>\n\t\t\t\t\t\t\t\t<\/a>\n\t\t\t\t\t\t\t\t\t\t\t\t\t\t\t\t\t\t<\/div>\n\t\t\t\t<\/div>\n\t\t\t\t\t\t\t\t<h4>\n\t\t\t\t\t<a class='ngg-album-desc'\n\t\t\t\t\ttitle='MASS 2021' href='https:\/\/www.adra.sk\/en\/fotogalerie\/nggallery\/fotogalerie\/masa-2021'style=\"max-width: 260px\"\t\t\t\t\t>\n\t\t\t\t\t\tMASS 2021\t\t\t\t\t<\/a>\n\t\t\t\t<\/h4>\n\t\t\t\t<p class=\"ngg-album-gallery-image-counter\">\n\t\t\t\t\t\t\t\t\t\t\t<strong>21<\/strong>&nbsp;Photos\t\t\t\t\t\t\t\t\t<\/p>\n\t\t\t<\/div>\n\t\t\t\t\t<div class=\"ngg-album-compact\">\n\t\t\t\t<div class=\"ngg-album-compactbox\">\n\t\t\t\t\t<div class=\"ngg-album-link\">\n\t\t\t\t\t\t\t\t\t\t\t\t\t\t\t\t\t\t\t\t\t<a title='Lebanon material assistance' href='https:\/\/www.adra.sk\/en\/fotogalerie\/nggallery\/fotogalerie\/libanon-materialna-pomoc'>\n\t\t\t\t\t\t\t\t\t<img class=\"Thumb\"\n\t\t\t\t\t\t\t\t\t\talt=\"Libanon materi\u00e1lna pomoc\"\n\t\t\t\t\t\t\t\t\t\tsrc=\"https:\/\/www.adra.sk\/wp-content\/gallery\/libanon-materialna-pomoc\/cache\/IMG-20210519-WA0005.jpg-nggid03287-ngg0dyn-240x160x100-00f0w010c011r110f110r010t010.jpg\"\/>\n\t\t\t\t\t\t\t\t<\/a>\n\t\t\t\t\t\t\t\t\t\t\t\t\t\t\t\t\t\t<\/div>\n\t\t\t\t<\/div>\n\t\t\t\t\t\t\t\t<h4>\n\t\t\t\t\t<a class='ngg-album-desc'\n\t\t\t\t\ttitle='Lebanon material assistance' href='https:\/\/www.adra.sk\/en\/fotogalerie\/nggallery\/fotogalerie\/libanon-materialna-pomoc'style=\"max-width: 260px\"\t\t\t\t\t>\n\t\t\t\t\t\tLebanon material assistance\t\t\t\t\t<\/a>\n\t\t\t\t<\/h4>\n\t\t\t\t<p class=\"ngg-album-gallery-image-counter\">\n\t\t\t\t\t\t\t\t\t\t\t<strong>6<\/strong>&nbsp;Photos\t\t\t\t\t\t\t\t\t<\/p>\n\t\t\t<\/div>\n\t\t\t\t\t<div class=\"ngg-album-compact\">\n\t\t\t\t<div class=\"ngg-album-compactbox\">\n\t\t\t\t\t<div class=\"ngg-album-link\">\n\t\t\t\t\t\t\t\t\t\t\t\t\t\t\t\t\t\t\t\t\t<a title='Lebanon tank handover' href='https:\/\/www.adra.sk\/en\/fotogalerie\/nggallery\/fotogalerie\/libanon-odovzdanie-nadrze'>\n\t\t\t\t\t\t\t\t\t<img class=\"Thumb\"\n\t\t\t\t\t\t\t\t\t\talt=\"Libanon odovzdanie n\u00e1dr\u017ee\"\n\t\t\t\t\t\t\t\t\t\tsrc=\"https:\/\/www.adra.sk\/wp-content\/gallery\/libanon-odovzdanie-nadrze\/cache\/20210518_115015.jpg-nggid03269-ngg0dyn-240x160x100-00f0w010c011r110f110r010t010.jpg\"\/>\n\t\t\t\t\t\t\t\t<\/a>\n\t\t\t\t\t\t\t\t\t\t\t\t\t\t\t\t\t\t<\/div>\n\t\t\t\t<\/div>\n\t\t\t\t\t\t\t\t<h4>\n\t\t\t\t\t<a class='ngg-album-desc'\n\t\t\t\t\ttitle='Lebanon tank handover' href='https:\/\/www.adra.sk\/en\/fotogalerie\/nggallery\/fotogalerie\/libanon-odovzdanie-nadrze'style=\"max-width: 260px\"\t\t\t\t\t>\n\t\t\t\t\t\tLebanon tank handover\t\t\t\t\t<\/a>\n\t\t\t\t<\/h4>\n\t\t\t\t<p class=\"ngg-album-gallery-image-counter\">\n\t\t\t\t\t\t\t\t\t\t\t<strong>10<\/strong>&nbsp;Photos\t\t\t\t\t\t\t\t\t<\/p>\n\t\t\t<\/div>\n\t\t\t\t\t<div class=\"ngg-album-compact\">\n\t\t\t\t<div class=\"ngg-album-compactbox\">\n\t\t\t\t\t<div class=\"ngg-album-link\">\n\t\t\t\t\t\t\t\t\t\t\t\t\t\t\t\t\t\t\t\t\t<a title='Lebanon refugees' href='https:\/\/www.adra.sk\/en\/fotogalerie\/nggallery\/fotogalerie\/libanon-utecenci'>\n\t\t\t\t\t\t\t\t\t<img class=\"Thumb\"\n\t\t\t\t\t\t\t\t\t\talt=\"Libanon ute\u010denci\"\n\t\t\t\t\t\t\t\t\t\tsrc=\"https:\/\/www.adra.sk\/wp-content\/gallery\/libanon-utecenci\/cache\/IMG-20210518-WA0017.jpg-nggid03279-ngg0dyn-240x160x100-00f0w010c011r110f110r010t010.jpg\"\/>\n\t\t\t\t\t\t\t\t<\/a>\n\t\t\t\t\t\t\t\t\t\t\t\t\t\t\t\t\t\t<\/div>\n\t\t\t\t<\/div>\n\t\t\t\t\t\t\t\t<h4>\n\t\t\t\t\t<a class='ngg-album-desc'\n\t\t\t\t\ttitle='Lebanon refugees' href='https:\/\/www.adra.sk\/en\/fotogalerie\/nggallery\/fotogalerie\/libanon-utecenci'style=\"max-width: 260px\"\t\t\t\t\t>\n\t\t\t\t\t\tLebanon refugees\t\t\t\t\t<\/a>\n\t\t\t\t<\/h4>\n\t\t\t\t<p class=\"ngg-album-gallery-image-counter\">\n\t\t\t\t\t\t\t\t\t\t\t<strong>7<\/strong>&nbsp;Photos\t\t\t\t\t\t\t\t\t<\/p>\n\t\t\t<\/div>\n\t\t\t\t\t<div class=\"ngg-album-compact\">\n\t\t\t\t<div class=\"ngg-album-compactbox\">\n\t\t\t\t\t<div class=\"ngg-album-link\">\n\t\t\t\t\t\t\t\t\t\t\t\t\t\t\t\t\t\t\t\t\t<a title='Volunteer hand' href='https:\/\/www.adra.sk\/en\/fotogalerie\/nggallery\/fotogalerie\/dobrovolnik-roka'>\n\t\t\t\t\t\t\t\t\t<img class=\"Thumb\"\n\t\t\t\t\t\t\t\t\t\talt=\"Dobrovolnik roka\"\n\t\t\t\t\t\t\t\t\t\tsrc=\"https:\/\/www.adra.sk\/wp-content\/gallery\/dobrovolnik-roka\/cache\/160182834_4052899414762698_4027233670377662861_n.jpg-nggid03210-ngg0dyn-240x160x100-00f0w010c011r110f110r010t010.jpg\"\/>\n\t\t\t\t\t\t\t\t<\/a>\n\t\t\t\t\t\t\t\t\t\t\t\t\t\t\t\t\t\t<\/div>\n\t\t\t\t<\/div>\n\t\t\t\t\t\t\t\t<h4>\n\t\t\t\t\t<a class='ngg-album-desc'\n\t\t\t\t\ttitle='Volunteer hand' href='https:\/\/www.adra.sk\/en\/fotogalerie\/nggallery\/fotogalerie\/dobrovolnik-roka'style=\"max-width: 260px\"\t\t\t\t\t>\n\t\t\t\t\t\tVolunteer hand\t\t\t\t\t<\/a>\n\t\t\t\t<\/h4>\n\t\t\t\t<p class=\"ngg-album-gallery-image-counter\">\n\t\t\t\t\t\t\t\t\t\t\t<strong>4<\/strong>&nbsp;Photos\t\t\t\t\t\t\t\t\t<\/p>\n\t\t\t<\/div>\n\t\t\t\t\t<div class=\"ngg-album-compact\">\n\t\t\t\t<div class=\"ngg-album-compactbox\">\n\t\t\t\t\t<div class=\"ngg-album-link\">\n\t\t\t\t\t\t\t\t\t\t\t\t\t\t\t\t\t\t\t\t\t<a title='2%' href='https:\/\/www.adra.sk\/en\/fotogalerie\/nggallery\/fotogalerie\/2'>\n\t\t\t\t\t\t\t\t\t<img class=\"Thumb\"\n\t\t\t\t\t\t\t\t\t\talt=\"2%\"\n\t\t\t\t\t\t\t\t\t\tsrc=\"https:\/\/www.adra.sk\/wp-content\/gallery\/2\/cache\/Obed-2.jpg-nggid03188-ngg0dyn-240x160x100-00f0w010c011r110f110r010t010.jpg\"\/>\n\t\t\t\t\t\t\t\t<\/a>\n\t\t\t\t\t\t\t\t\t\t\t\t\t\t\t\t\t\t<\/div>\n\t\t\t\t<\/div>\n\t\t\t\t\t\t\t\t<h4>\n\t\t\t\t\t<a class='ngg-album-desc'\n\t\t\t\t\ttitle='2%' href='https:\/\/www.adra.sk\/en\/fotogalerie\/nggallery\/fotogalerie\/2'style=\"max-width: 260px\"\t\t\t\t\t>\n\t\t\t\t\t\t2%\t\t\t\t\t<\/a>\n\t\t\t\t<\/h4>\n\t\t\t\t<p class=\"ngg-album-gallery-image-counter\">\n\t\t\t\t\t\t\t\t\t\t\t<strong>7<\/strong>&nbsp;Photos\t\t\t\t\t\t\t\t\t<\/p>\n\t\t\t<\/div>\n\t\t\t\t\t<div class=\"ngg-album-compact\">\n\t\t\t\t<div class=\"ngg-album-compactbox\">\n\t\t\t\t\t<div class=\"ngg-album-link\">\n\t\t\t\t\t\t\t\t\t\t\t\t\t\t\t\t\t\t\t\t\t<a title='Seniors DSS' href='https:\/\/www.adra.sk\/en\/fotogalerie\/nggallery\/fotogalerie\/seniori-dss'>\n\t\t\t\t\t\t\t\t\t<img class=\"Thumb\"\n\t\t\t\t\t\t\t\t\t\talt=\"Seniori DSS\"\n\t\t\t\t\t\t\t\t\t\tsrc=\"https:\/\/www.adra.sk\/wp-content\/gallery\/seniori-dss\/cache\/VideoCapture_20210130-195641.jpg-nggid03183-ngg0dyn-240x160x100-00f0w010c011r110f110r010t010.jpg\"\/>\n\t\t\t\t\t\t\t\t<\/a>\n\t\t\t\t\t\t\t\t\t\t\t\t\t\t\t\t\t\t<\/div>\n\t\t\t\t<\/div>\n\t\t\t\t\t\t\t\t<h4>\n\t\t\t\t\t<a class='ngg-album-desc'\n\t\t\t\t\ttitle='Seniors DSS' href='https:\/\/www.adra.sk\/en\/fotogalerie\/nggallery\/fotogalerie\/seniori-dss'style=\"max-width: 260px\"\t\t\t\t\t>\n\t\t\t\t\t\tSeniors DSS\t\t\t\t\t<\/a>\n\t\t\t\t<\/h4>\n\t\t\t\t<p class=\"ngg-album-gallery-image-counter\">\n\t\t\t\t\t\t\t\t\t\t\t<strong>4<\/strong>&nbsp;Photos\t\t\t\t\t\t\t\t\t<\/p>\n\t\t\t<\/div>\n\t\t\t\t\t<div class=\"ngg-album-compact\">\n\t\t\t\t<div class=\"ngg-album-compactbox\">\n\t\t\t\t\t<div class=\"ngg-album-link\">\n\t\t\t\t\t\t\t\t\t\t\t\t\t\t\t\t\t\t\t\t\t<a title='DSS HELP teams' href='https:\/\/www.adra.sk\/en\/fotogalerie\/nggallery\/fotogalerie\/help-timy-dss-6'>\n\t\t\t\t\t\t\t\t\t<img class=\"Thumb\"\n\t\t\t\t\t\t\t\t\t\talt=\"HELP t\u00edmy DSS\"\n\t\t\t\t\t\t\t\t\t\tsrc=\"https:\/\/www.adra.sk\/wp-content\/gallery\/help-timy-dss-1\/cache\/Obed-4.jpg-nggid03181-ngg0dyn-240x160x100-00f0w010c011r110f110r010t010.jpg\"\/>\n\t\t\t\t\t\t\t\t<\/a>\n\t\t\t\t\t\t\t\t\t\t\t\t\t\t\t\t\t\t<\/div>\n\t\t\t\t<\/div>\n\t\t\t\t\t\t\t\t<h4>\n\t\t\t\t\t<a class='ngg-album-desc'\n\t\t\t\t\ttitle='DSS HELP teams' href='https:\/\/www.adra.sk\/en\/fotogalerie\/nggallery\/fotogalerie\/help-timy-dss-6'style=\"max-width: 260px\"\t\t\t\t\t>\n\t\t\t\t\t\tDSS HELP teams\t\t\t\t\t<\/a>\n\t\t\t\t<\/h4>\n\t\t\t\t<p class=\"ngg-album-gallery-image-counter\">\n\t\t\t\t\t\t\t\t\t\t\t<strong>4<\/strong>&nbsp;Photos\t\t\t\t\t\t\t\t\t<\/p>\n\t\t\t<\/div>\n\t\t\t\t\t<div class=\"ngg-album-compact\">\n\t\t\t\t<div class=\"ngg-album-compactbox\">\n\t\t\t\t\t<div class=\"ngg-album-link\">\n\t\t\t\t\t\t\t\t\t\t\t\t\t\t\t\t\t\t\t\t\t<a title='Uganda bricks' href='https:\/\/www.adra.sk\/en\/fotogalerie\/nggallery\/fotogalerie\/uganda-tehly-9'>\n\t\t\t\t\t\t\t\t\t<img class=\"Thumb\"\n\t\t\t\t\t\t\t\t\t\talt=\"Uganda tehly\"\n\t\t\t\t\t\t\t\t\t\tsrc=\"https:\/\/www.adra.sk\/wp-content\/gallery\/uganda-tehly-1\/cache\/Workshopy140.JPG-nggid03172-ngg0dyn-240x160x100-00f0w010c011r110f110r010t010.JPG\"\/>\n\t\t\t\t\t\t\t\t<\/a>\n\t\t\t\t\t\t\t\t\t\t\t\t\t\t\t\t\t\t<\/div>\n\t\t\t\t<\/div>\n\t\t\t\t\t\t\t\t<h4>\n\t\t\t\t\t<a class='ngg-album-desc'\n\t\t\t\t\ttitle='Uganda bricks' href='https:\/\/www.adra.sk\/en\/fotogalerie\/nggallery\/fotogalerie\/uganda-tehly-9'style=\"max-width: 260px\"\t\t\t\t\t>\n\t\t\t\t\t\tUganda bricks\t\t\t\t\t<\/a>\n\t\t\t\t<\/h4>\n\t\t\t\t<p class=\"ngg-album-gallery-image-counter\">\n\t\t\t\t\t\t\t\t\t\t\t<strong>9<\/strong>&nbsp;Photos\t\t\t\t\t\t\t\t\t<\/p>\n\t\t\t<\/div>\n\t\t\t\t\t<div class=\"ngg-album-compact\">\n\t\t\t\t<div class=\"ngg-album-compactbox\">\n\t\t\t\t\t<div class=\"ngg-album-link\">\n\t\t\t\t\t\t\t\t\t\t\t\t\t\t\t\t\t\t\t\t\t<a title='Beirut' href='https:\/\/www.adra.sk\/en\/fotogalerie\/nggallery\/fotogalerie\/bejrut'>\n\t\t\t\t\t\t\t\t\t<img class=\"Thumb\"\n\t\t\t\t\t\t\t\t\t\talt=\"Bejrut\"\n\t\t\t\t\t\t\t\t\t\tsrc=\"https:\/\/www.adra.sk\/wp-content\/gallery\/bejrut\/cache\/Libanon-01.jpg-nggid0286-ngg0dyn-240x160x100-00f0w010c011r110f110r010t010.jpg\"\/>\n\t\t\t\t\t\t\t\t<\/a>\n\t\t\t\t\t\t\t\t\t\t\t\t\t\t\t\t\t\t<\/div>\n\t\t\t\t<\/div>\n\t\t\t\t\t\t\t\t<h4>\n\t\t\t\t\t<a class='ngg-album-desc'\n\t\t\t\t\ttitle='Beirut' href='https:\/\/www.adra.sk\/en\/fotogalerie\/nggallery\/fotogalerie\/bejrut'style=\"max-width: 260px\"\t\t\t\t\t>\n\t\t\t\t\t\tBeirut\t\t\t\t\t<\/a>\n\t\t\t\t<\/h4>\n\t\t\t\t<p class=\"ngg-album-gallery-image-counter\">\n\t\t\t\t\t\t\t\t\t\t\t<strong>11<\/strong>&nbsp;Photos\t\t\t\t\t\t\t\t\t<\/p>\n\t\t\t<\/div>\n\t\t\t\t\t<div class=\"ngg-album-compact\">\n\t\t\t\t<div class=\"ngg-album-compactbox\">\n\t\t\t\t\t<div class=\"ngg-album-link\">\n\t\t\t\t\t\t\t\t\t\t\t\t\t\t\t\t\t\t\t\t\t<a title='The first tonne of ADRA aid is already in Beirut' href='https:\/\/www.adra.sk\/en\/fotogalerie\/nggallery\/fotogalerie\/prva-tona-pomoci-adra-je-uz-v-bejrute'>\n\t\t\t\t\t\t\t\t\t<img class=\"Thumb\"\n\t\t\t\t\t\t\t\t\t\talt=\"Prv\u00e1 tona pomoci ADRA je u\u017e v Bejr\u00fate\"\n\t\t\t\t\t\t\t\t\t\tsrc=\"https:\/\/www.adra.sk\/wp-content\/gallery\/prva-tona-pomoci-adra-je-uz-v-bejrute\/cache\/Bejrut-01.jpg-nggid0297-ngg0dyn-240x160x100-00f0w010c011r110f110r010t010.jpg\"\/>\n\t\t\t\t\t\t\t\t<\/a>\n\t\t\t\t\t\t\t\t\t\t\t\t\t\t\t\t\t\t<\/div>\n\t\t\t\t<\/div>\n\t\t\t\t\t\t\t\t<h4>\n\t\t\t\t\t<a class='ngg-album-desc'\n\t\t\t\t\ttitle='The first tonne of ADRA aid is already in Beirut' href='https:\/\/www.adra.sk\/en\/fotogalerie\/nggallery\/fotogalerie\/prva-tona-pomoci-adra-je-uz-v-bejrute'style=\"max-width: 260px\"\t\t\t\t\t>\n\t\t\t\t\t\tThe first tonne of ADRA aid is already in Beirut\t\t\t\t\t<\/a>\n\t\t\t\t<\/h4>\n\t\t\t\t<p class=\"ngg-album-gallery-image-counter\">\n\t\t\t\t\t\t\t\t\t\t\t<strong>8<\/strong>&nbsp;Photos\t\t\t\t\t\t\t\t\t<\/p>\n\t\t\t<\/div>\n\t\t\t\t\t<div class=\"ngg-album-compact\">\n\t\t\t\t<div class=\"ngg-album-compactbox\">\n\t\t\t\t\t<div class=\"ngg-album-link\">\n\t\t\t\t\t\t\t\t\t\t\t\t\t\t\t\t\t\t\t\t\t<a title='URGENT HELP FOR PEOPLE IN BEIRUT' href='https:\/\/www.adra.sk\/en\/fotogalerie\/nggallery\/fotogalerie\/naliehava-pomoc-ludom-v-bejrute'>\n\t\t\t\t\t\t\t\t\t<img class=\"Thumb\"\n\t\t\t\t\t\t\t\t\t\talt=\"NALIEHAV\u00c1 POMOC \u013dU\u010eOM V BEJR\u00daTE\"\n\t\t\t\t\t\t\t\t\t\tsrc=\"https:\/\/www.adra.sk\/wp-content\/gallery\/naliehava-pomoc-ludom-v-bejrute\/cache\/y9bAWBWA.jpeg-nggid03105-ngg0dyn-240x160x100-00f0w010c011r110f110r010t010.jpeg\"\/>\n\t\t\t\t\t\t\t\t<\/a>\n\t\t\t\t\t\t\t\t\t\t\t\t\t\t\t\t\t\t<\/div>\n\t\t\t\t<\/div>\n\t\t\t\t\t\t\t\t<h4>\n\t\t\t\t\t<a class='ngg-album-desc'\n\t\t\t\t\ttitle='URGENT HELP FOR PEOPLE IN BEIRUT' href='https:\/\/www.adra.sk\/en\/fotogalerie\/nggallery\/fotogalerie\/naliehava-pomoc-ludom-v-bejrute'style=\"max-width: 260px\"\t\t\t\t\t>\n\t\t\t\t\t\tURGENT HELP FOR PEOPLE IN BEIRUT\t\t\t\t\t<\/a>\n\t\t\t\t<\/h4>\n\t\t\t\t<p class=\"ngg-album-gallery-image-counter\">\n\t\t\t\t\t\t\t\t\t\t\t<strong>6<\/strong>&nbsp;Photos\t\t\t\t\t\t\t\t\t<\/p>\n\t\t\t<\/div>\n\t\t\t\t\t<div class=\"ngg-album-compact\">\n\t\t\t\t<div class=\"ngg-album-compactbox\">\n\t\t\t\t\t<div class=\"ngg-album-link\">\n\t\t\t\t\t\t\t\t\t\t\t\t\t\t\t\t\t\t\t\t\t<a title='Closure and use of the public collection for Lebanon' href='https:\/\/www.adra.sk\/en\/fotogalerie\/nggallery\/fotogalerie\/ukoncenie-a-pouzitie-verejnej-zbierky-pre-libanon'>\n\t\t\t\t\t\t\t\t\t<img class=\"Thumb\"\n\t\t\t\t\t\t\t\t\t\talt=\"Ukon\u010denie a pou\u017eitie verejnej zbierky pre Libanon\"\n\t\t\t\t\t\t\t\t\t\tsrc=\"https:\/\/www.adra.sk\/wp-content\/gallery\/ukoncenie-a-pouzitie-verejnej-zbierky-pre-libanon\/cache\/Bejrut-01.jpg-nggid03111-ngg0dyn-240x160x100-00f0w010c011r110f110r010t010.jpg\"\/>\n\t\t\t\t\t\t\t\t<\/a>\n\t\t\t\t\t\t\t\t\t\t\t\t\t\t\t\t\t\t<\/div>\n\t\t\t\t<\/div>\n\t\t\t\t\t\t\t\t<h4>\n\t\t\t\t\t<a class='ngg-album-desc'\n\t\t\t\t\ttitle='Closure and use of the public collection for Lebanon' href='https:\/\/www.adra.sk\/en\/fotogalerie\/nggallery\/fotogalerie\/ukoncenie-a-pouzitie-verejnej-zbierky-pre-libanon'style=\"max-width: 260px\"\t\t\t\t\t>\n\t\t\t\t\t\tClosure and use of the public collection for Lebanon\t\t\t\t\t<\/a>\n\t\t\t\t<\/h4>\n\t\t\t\t<p class=\"ngg-album-gallery-image-counter\">\n\t\t\t\t\t\t\t\t\t\t\t<strong>7<\/strong>&nbsp;Photos\t\t\t\t\t\t\t\t\t<\/p>\n\t\t\t<\/div>\n\t\t\t\t\t<div class=\"ngg-album-compact\">\n\t\t\t\t<div class=\"ngg-album-compactbox\">\n\t\t\t\t\t<div class=\"ngg-album-link\">\n\t\t\t\t\t\t\t\t\t\t\t\t\t\t\t\t\t\t\t\t\t<a title='Second wave of COVID-19' href='https:\/\/www.adra.sk\/en\/fotogalerie\/nggallery\/fotogalerie\/druha-vlna-covid-19'>\n\t\t\t\t\t\t\t\t\t<img class=\"Thumb\"\n\t\t\t\t\t\t\t\t\t\talt=\"Druh\u00e1 vlna COVID-19\"\n\t\t\t\t\t\t\t\t\t\tsrc=\"https:\/\/www.adra.sk\/wp-content\/gallery\/druha-vlna-covid-19\/cache\/K-010.jpg-nggid03118-ngg0dyn-240x160x100-00f0w010c011r110f110r010t010.jpg\"\/>\n\t\t\t\t\t\t\t\t<\/a>\n\t\t\t\t\t\t\t\t\t\t\t\t\t\t\t\t\t\t<\/div>\n\t\t\t\t<\/div>\n\t\t\t\t\t\t\t\t<h4>\n\t\t\t\t\t<a class='ngg-album-desc'\n\t\t\t\t\ttitle='Second wave of COVID-19' href='https:\/\/www.adra.sk\/en\/fotogalerie\/nggallery\/fotogalerie\/druha-vlna-covid-19'style=\"max-width: 260px\"\t\t\t\t\t>\n\t\t\t\t\t\tSecond wave of COVID-19\t\t\t\t\t<\/a>\n\t\t\t\t<\/h4>\n\t\t\t\t<p class=\"ngg-album-gallery-image-counter\">\n\t\t\t\t\t\t\t\t\t\t\t<strong>12<\/strong>&nbsp;Photos\t\t\t\t\t\t\t\t\t<\/p>\n\t\t\t<\/div>\n\t\t\t\t\t<div class=\"ngg-album-compact\">\n\t\t\t\t<div class=\"ngg-album-compactbox\">\n\t\t\t\t\t<div class=\"ngg-album-link\">\n\t\t\t\t\t\t\t\t\t\t\t\t\t\t\t\t\t\t\t\t\t<a title='ADRA brought help from Austria for the \u201eGood Shepherd\u201c home.' href='https:\/\/www.adra.sk\/en\/fotogalerie\/nggallery\/fotogalerie\/adra-priviezla-z-rakuska-pomoc-pre-domov-dobry-pastier'>\n\t\t\t\t\t\t\t\t\t<img class=\"Thumb\"\n\t\t\t\t\t\t\t\t\t\talt=\"ADRA priviezla z Rak\u00faska pomoc pre domov \u201eDobr\u00fd Pastier\u201c.\"\n\t\t\t\t\t\t\t\t\t\tsrc=\"https:\/\/www.adra.sk\/wp-content\/gallery\/adra-priviezla-z-rakuska-pomoc-pre-domov-dobry-pastier\/cache\/BR-01.jpg-nggid03130-ngg0dyn-240x160x100-00f0w010c011r110f110r010t010.jpg\"\/>\n\t\t\t\t\t\t\t\t<\/a>\n\t\t\t\t\t\t\t\t\t\t\t\t\t\t\t\t\t\t<\/div>\n\t\t\t\t<\/div>\n\t\t\t\t\t\t\t\t<h4>\n\t\t\t\t\t<a class='ngg-album-desc'\n\t\t\t\t\ttitle='ADRA brought help from Austria for the \u201eGood Shepherd\u201c home.' href='https:\/\/www.adra.sk\/en\/fotogalerie\/nggallery\/fotogalerie\/adra-priviezla-z-rakuska-pomoc-pre-domov-dobry-pastier'style=\"max-width: 260px\"\t\t\t\t\t>\n\t\t\t\t\t\tADRA brought help from Austria for the \u201eGood Shepherd\u201c home.\t\t\t\t\t<\/a>\n\t\t\t\t<\/h4>\n\t\t\t\t<p class=\"ngg-album-gallery-image-counter\">\n\t\t\t\t\t\t\t\t\t\t\t<strong>7<\/strong>&nbsp;Photos\t\t\t\t\t\t\t\t\t<\/p>\n\t\t\t<\/div>\n\t\t\t\t\t<div class=\"ngg-album-compact\">\n\t\t\t\t<div class=\"ngg-album-compactbox\">\n\t\t\t\t\t<div class=\"ngg-album-link\">\n\t\t\t\t\t\t\t\t\t\t\t\t\t\t\t\t\t\t\t\t\t<a title='ADRA helps in Nagorno-Karabakh' href='https:\/\/www.adra.sk\/en\/fotogalerie\/nggallery\/fotogalerie\/adra-pomaha-v-nahornom-karabachu'>\n\t\t\t\t\t\t\t\t\t<img class=\"Thumb\"\n\t\t\t\t\t\t\t\t\t\talt=\"ADRA pom\u00e1ha v N\u00e1hornom Karabachu\"\n\t\t\t\t\t\t\t\t\t\tsrc=\"https:\/\/www.adra.sk\/wp-content\/gallery\/adra-pomaha-v-nahornom-karabachu\/cache\/Karabach-2.jpg-nggid03137-ngg0dyn-240x160x100-00f0w010c011r110f110r010t010.jpg\"\/>\n\t\t\t\t\t\t\t\t<\/a>\n\t\t\t\t\t\t\t\t\t\t\t\t\t\t\t\t\t\t<\/div>\n\t\t\t\t<\/div>\n\t\t\t\t\t\t\t\t<h4>\n\t\t\t\t\t<a class='ngg-album-desc'\n\t\t\t\t\ttitle='ADRA helps in Nagorno-Karabakh' href='https:\/\/www.adra.sk\/en\/fotogalerie\/nggallery\/fotogalerie\/adra-pomaha-v-nahornom-karabachu'style=\"max-width: 260px\"\t\t\t\t\t>\n\t\t\t\t\t\tADRA helps in Nagorno-Karabakh\t\t\t\t\t<\/a>\n\t\t\t\t<\/h4>\n\t\t\t\t<p class=\"ngg-album-gallery-image-counter\">\n\t\t\t\t\t\t\t\t\t\t\t<strong>3<\/strong>&nbsp;Photos\t\t\t\t\t\t\t\t\t<\/p>\n\t\t\t<\/div>\n\t\t\t\t\t<div class=\"ngg-album-compact\">\n\t\t\t\t<div class=\"ngg-album-compactbox\">\n\t\t\t\t\t<div class=\"ngg-album-link\">\n\t\t\t\t\t\t\t\t\t\t\t\t\t\t\t\t\t\t\t\t\t<a title='Lebanon' href='https:\/\/www.adra.sk\/en\/fotogalerie\/nggallery\/fotogalerie\/libanon'>\n\t\t\t\t\t\t\t\t\t<img class=\"Thumb\"\n\t\t\t\t\t\t\t\t\t\talt=\"Libanon\"\n\t\t\t\t\t\t\t\t\t\tsrc=\"https:\/\/www.adra.sk\/wp-content\/gallery\/libanon\/cache\/Libanon-01.jpg-nggid0285-ngg0dyn-240x160x100-00f0w010c011r110f110r010t010.jpg\"\/>\n\t\t\t\t\t\t\t\t<\/a>\n\t\t\t\t\t\t\t\t\t\t\t\t\t\t\t\t\t\t<\/div>\n\t\t\t\t<\/div>\n\t\t\t\t\t\t\t\t<h4>\n\t\t\t\t\t<a class='ngg-album-desc'\n\t\t\t\t\ttitle='Lebanon' href='https:\/\/www.adra.sk\/en\/fotogalerie\/nggallery\/fotogalerie\/libanon'style=\"max-width: 260px\"\t\t\t\t\t>\n\t\t\t\t\t\tLebanon\t\t\t\t\t<\/a>\n\t\t\t\t<\/h4>\n\t\t\t\t<p class=\"ngg-album-gallery-image-counter\">\n\t\t\t\t\t\t\t\t\t\t\t<strong>5<\/strong>&nbsp;Photos\t\t\t\t\t\t\t\t\t<\/p>\n\t\t\t<\/div>\n\t\t\t\t\t<div class=\"ngg-album-compact\">\n\t\t\t\t<div class=\"ngg-album-compactbox\">\n\t\t\t\t\t<div class=\"ngg-album-link\">\n\t\t\t\t\t\t\t\t\t\t\t\t\t\t\t\t\t\t\t\t\t<a title='Helping to restart DSS Pezinok' href='https:\/\/www.adra.sk\/en\/fotogalerie\/nggallery\/fotogalerie\/pomahame-restartovat-dss-pezinok'>\n\t\t\t\t\t\t\t\t\t<img class=\"Thumb\"\n\t\t\t\t\t\t\t\t\t\talt=\"Pom\u00e1hame re\u0161tartova\u0165 DSS Pezinok\"\n\t\t\t\t\t\t\t\t\t\tsrc=\"https:\/\/www.adra.sk\/wp-content\/gallery\/pomahame-restartovat-dss-pezinok\/cache\/Pezinok-01.jpg-nggid0269-ngg0dyn-240x160x100-00f0w010c011r110f110r010t010.jpg\"\/>\n\t\t\t\t\t\t\t\t<\/a>\n\t\t\t\t\t\t\t\t\t\t\t\t\t\t\t\t\t\t<\/div>\n\t\t\t\t<\/div>\n\t\t\t\t\t\t\t\t<h4>\n\t\t\t\t\t<a class='ngg-album-desc'\n\t\t\t\t\ttitle='Helping to restart DSS Pezinok' href='https:\/\/www.adra.sk\/en\/fotogalerie\/nggallery\/fotogalerie\/pomahame-restartovat-dss-pezinok'style=\"max-width: 260px\"\t\t\t\t\t>\n\t\t\t\t\t\tHelping to restart DSS Pezinok\t\t\t\t\t<\/a>\n\t\t\t\t<\/h4>\n\t\t\t\t<p class=\"ngg-album-gallery-image-counter\">\n\t\t\t\t\t\t\t\t\t\t\t<strong>6<\/strong>&nbsp;Photos\t\t\t\t\t\t\t\t\t<\/p>\n\t\t\t<\/div>\n\t\t\t\t\t<div class=\"ngg-album-compact\">\n\t\t\t\t<div class=\"ngg-album-compactbox\">\n\t\t\t\t\t<div class=\"ngg-album-link\">\n\t\t\t\t\t\t\t\t\t\t\t\t\t\t\t\t\t\t\t\t\t<a title='Covid in Africa' href='https:\/\/www.adra.sk\/en\/fotogalerie\/nggallery\/fotogalerie\/covid-v-afrike'>\n\t\t\t\t\t\t\t\t\t<img class=\"Thumb\"\n\t\t\t\t\t\t\t\t\t\talt=\"Covid v Afrike\"\n\t\t\t\t\t\t\t\t\t\tsrc=\"https:\/\/www.adra.sk\/wp-content\/gallery\/covid-v-afrike\/cache\/UGH-05.JPG-nggid0264-ngg0dyn-240x160x100-00f0w010c011r110f110r010t010.JPG\"\/>\n\t\t\t\t\t\t\t\t<\/a>\n\t\t\t\t\t\t\t\t\t\t\t\t\t\t\t\t\t\t<\/div>\n\t\t\t\t<\/div>\n\t\t\t\t\t\t\t\t<h4>\n\t\t\t\t\t<a class='ngg-album-desc'\n\t\t\t\t\ttitle='Covid in Africa' href='https:\/\/www.adra.sk\/en\/fotogalerie\/nggallery\/fotogalerie\/covid-v-afrike'style=\"max-width: 260px\"\t\t\t\t\t>\n\t\t\t\t\t\tCovid in Africa\t\t\t\t\t<\/a>\n\t\t\t\t<\/h4>\n\t\t\t\t<p class=\"ngg-album-gallery-image-counter\">\n\t\t\t\t\t\t\t\t\t\t\t<strong>5<\/strong>&nbsp;Photos\t\t\t\t\t\t\t\t\t<\/p>\n\t\t\t<\/div>\n\t\t\t\t\t<div class=\"ngg-album-compact\">\n\t\t\t\t<div class=\"ngg-album-compactbox\">\n\t\t\t\t\t<div class=\"ngg-album-link\">\n\t\t\t\t\t\t\t\t\t\t\t\t\t\t\t\t\t\t\t\t\t<a title='Rwanda - painful memories of genocide' href='https:\/\/www.adra.sk\/en\/fotogalerie\/nggallery\/fotogalerie\/rwanda-bolestive-spomienky-na-genocidu'>\n\t\t\t\t\t\t\t\t\t<img class=\"Thumb\"\n\t\t\t\t\t\t\t\t\t\talt=\"Rwanda \u2013 bolestiv\u00e9 spomienky na genoc\u00eddu\"\n\t\t\t\t\t\t\t\t\t\tsrc=\"https:\/\/www.adra.sk\/wp-content\/gallery\/rwanda-bolestive-spomienky-na-genocidu\/cache\/RW-01.JPG-nggid0257-ngg0dyn-240x160x100-00f0w010c011r110f110r010t010.JPG\"\/>\n\t\t\t\t\t\t\t\t<\/a>\n\t\t\t\t\t\t\t\t\t\t\t\t\t\t\t\t\t\t<\/div>\n\t\t\t\t<\/div>\n\t\t\t\t\t\t\t\t<h4>\n\t\t\t\t\t<a class='ngg-album-desc'\n\t\t\t\t\ttitle='Rwanda - painful memories of genocide' href='https:\/\/www.adra.sk\/en\/fotogalerie\/nggallery\/fotogalerie\/rwanda-bolestive-spomienky-na-genocidu'style=\"max-width: 260px\"\t\t\t\t\t>\n\t\t\t\t\t\tRwanda - painful memories of genocide\t\t\t\t\t<\/a>\n\t\t\t\t<\/h4>\n\t\t\t\t<p class=\"ngg-album-gallery-image-counter\">\n\t\t\t\t\t\t\t\t\t\t\t<strong>7<\/strong>&nbsp;Photos\t\t\t\t\t\t\t\t\t<\/p>\n\t\t\t<\/div>\n\t\t\t\t\t<div class=\"ngg-album-compact\">\n\t\t\t\t<div class=\"ngg-album-compactbox\">\n\t\t\t\t\t<div class=\"ngg-album-link\">\n\t\t\t\t\t\t\t\t\t\t\t\t\t\t\t\t\t\t\t\t\t<a title='How we lit up in the African hospital ITIBO' href='https:\/\/www.adra.sk\/en\/fotogalerie\/nggallery\/fotogalerie\/ako-sme-rozsvietili-v-africkej-nemocnici-itibo'>\n\t\t\t\t\t\t\t\t\t<img class=\"Thumb\"\n\t\t\t\t\t\t\t\t\t\talt=\"Ako sme rozsvietili v africkej nemocnici ITIBO\"\n\t\t\t\t\t\t\t\t\t\tsrc=\"https:\/\/www.adra.sk\/wp-content\/gallery\/ako-sme-rozsvietili-v-africkej-nemocnici-itibo\/cache\/I-01.jpg-nggid0242-ngg0dyn-240x160x100-00f0w010c011r110f110r010t010.jpg\"\/>\n\t\t\t\t\t\t\t\t<\/a>\n\t\t\t\t\t\t\t\t\t\t\t\t\t\t\t\t\t\t<\/div>\n\t\t\t\t<\/div>\n\t\t\t\t\t\t\t\t<h4>\n\t\t\t\t\t<a class='ngg-album-desc'\n\t\t\t\t\ttitle='How we lit up in the African hospital ITIBO' href='https:\/\/www.adra.sk\/en\/fotogalerie\/nggallery\/fotogalerie\/ako-sme-rozsvietili-v-africkej-nemocnici-itibo'style=\"max-width: 260px\"\t\t\t\t\t>\n\t\t\t\t\t\tHow we lit up in the African hospital ITIBO\t\t\t\t\t<\/a>\n\t\t\t\t<\/h4>\n\t\t\t\t<p class=\"ngg-album-gallery-image-counter\">\n\t\t\t\t\t\t\t\t\t\t\t<strong>14<\/strong>&nbsp;Photos\t\t\t\t\t\t\t\t\t<\/p>\n\t\t\t<\/div>\n\t\t\t\t\t<div class=\"ngg-album-compact\">\n\t\t\t\t<div class=\"ngg-album-compactbox\">\n\t\t\t\t\t<div class=\"ngg-album-link\">\n\t\t\t\t\t\t\t\t\t\t\t\t\t\t\t\t\t\t\t\t\t<a title='Slovakia&#039;s path to food self-sufficiency in Africa.' href='https:\/\/www.adra.sk\/en\/fotogalerie\/nggallery\/fotogalerie\/slovenska-cesta-k-potravinovej-sebestacnosti-afriky'>\n\t\t\t\t\t\t\t\t\t<img class=\"Thumb\"\n\t\t\t\t\t\t\t\t\t\talt=\"Slovensk\u00e1 cesta k potravinovej sebesta\u010dnosti Afriky.\"\n\t\t\t\t\t\t\t\t\t\tsrc=\"https:\/\/www.adra.sk\/wp-content\/gallery\/slovenska-cesta-k-potravinovej-sebestacnosti-afriky\/cache\/UG-01.JPG-nggid0232-ngg0dyn-240x160x100-00f0w010c011r110f110r010t010.JPG\"\/>\n\t\t\t\t\t\t\t\t<\/a>\n\t\t\t\t\t\t\t\t\t\t\t\t\t\t\t\t\t\t<\/div>\n\t\t\t\t<\/div>\n\t\t\t\t\t\t\t\t<h4>\n\t\t\t\t\t<a class='ngg-album-desc'\n\t\t\t\t\ttitle='Slovakia&#039;s path to food self-sufficiency in Africa.' href='https:\/\/www.adra.sk\/en\/fotogalerie\/nggallery\/fotogalerie\/slovenska-cesta-k-potravinovej-sebestacnosti-afriky'style=\"max-width: 260px\"\t\t\t\t\t>\n\t\t\t\t\t\tSlovakia's path to food self-sufficiency in Africa.\t\t\t\t\t<\/a>\n\t\t\t\t<\/h4>\n\t\t\t\t<p class=\"ngg-album-gallery-image-counter\">\n\t\t\t\t\t\t\t\t\t\t\t<strong>11<\/strong>&nbsp;Photos\t\t\t\t\t\t\t\t\t<\/p>\n\t\t\t<\/div>\n\t\t\t\t\t<div class=\"ngg-album-compact\">\n\t\t\t\t<div class=\"ngg-album-compactbox\">\n\t\t\t\t\t<div class=\"ngg-album-link\">\n\t\t\t\t\t\t\t\t\t\t\t\t\t\t\t\t\t\t\t\t\t<a title='ADRA on the front line' href='https:\/\/www.adra.sk\/en\/fotogalerie\/nggallery\/fotogalerie\/adra-v-prvej-linii'>\n\t\t\t\t\t\t\t\t\t<img class=\"Thumb\"\n\t\t\t\t\t\t\t\t\t\talt=\"ADRA v prvej l\u00ednii\"\n\t\t\t\t\t\t\t\t\t\tsrc=\"https:\/\/www.adra.sk\/wp-content\/gallery\/adra-v-prvej-linii\/cache\/C01.jpg-nggid0221-ngg0dyn-240x160x100-00f0w010c011r110f110r010t010.jpg\"\/>\n\t\t\t\t\t\t\t\t<\/a>\n\t\t\t\t\t\t\t\t\t\t\t\t\t\t\t\t\t\t<\/div>\n\t\t\t\t<\/div>\n\t\t\t\t\t\t\t\t<h4>\n\t\t\t\t\t<a class='ngg-album-desc'\n\t\t\t\t\ttitle='ADRA on the front line' href='https:\/\/www.adra.sk\/en\/fotogalerie\/nggallery\/fotogalerie\/adra-v-prvej-linii'style=\"max-width: 260px\"\t\t\t\t\t>\n\t\t\t\t\t\tADRA on the front line\t\t\t\t\t<\/a>\n\t\t\t\t<\/h4>\n\t\t\t\t<p class=\"ngg-album-gallery-image-counter\">\n\t\t\t\t\t\t\t\t\t\t\t<strong>11<\/strong>&nbsp;Photos\t\t\t\t\t\t\t\t\t<\/p>\n\t\t\t<\/div>\n\t\t\t\t\t<div class=\"ngg-album-compact\">\n\t\t\t\t<div class=\"ngg-album-compactbox\">\n\t\t\t\t\t<div class=\"ngg-album-link\">\n\t\t\t\t\t\t\t\t\t\t\t\t\t\t\t\t\t\t\t\t\t<a title='ADRA helps to separate white and red zones in hospitals with filters' href='https:\/\/www.adra.sk\/en\/fotogalerie\/nggallery\/fotogalerie\/adra-pomaha-oddelit-filtrami-biele-a-cervene-zony-v-nemocniciach'>\n\t\t\t\t\t\t\t\t\t<img class=\"Thumb\"\n\t\t\t\t\t\t\t\t\t\talt=\"ADRA pom\u00e1ha oddeli\u0165 filtrami biele a \u010derven\u00e9 z\u00f3ny v nemocniciach\"\n\t\t\t\t\t\t\t\t\t\tsrc=\"https:\/\/www.adra.sk\/wp-content\/gallery\/adra-pomaha-oddelit-filtrami-biele-a-cervene-zony-v-nemocniciach\/cache\/F01.jpg-nggid0210-ngg0dyn-240x160x100-00f0w010c011r110f110r010t010.jpg\"\/>\n\t\t\t\t\t\t\t\t<\/a>\n\t\t\t\t\t\t\t\t\t\t\t\t\t\t\t\t\t\t<\/div>\n\t\t\t\t<\/div>\n\t\t\t\t\t\t\t\t<h4>\n\t\t\t\t\t<a class='ngg-album-desc'\n\t\t\t\t\ttitle='ADRA helps to separate white and red zones in hospitals with filters' href='https:\/\/www.adra.sk\/en\/fotogalerie\/nggallery\/fotogalerie\/adra-pomaha-oddelit-filtrami-biele-a-cervene-zony-v-nemocniciach'style=\"max-width: 260px\"\t\t\t\t\t>\n\t\t\t\t\t\tADRA helps to separate white and red zones in hospitals with filters\t\t\t\t\t<\/a>\n\t\t\t\t<\/h4>\n\t\t\t\t<p class=\"ngg-album-gallery-image-counter\">\n\t\t\t\t\t\t\t\t\t\t\t<strong>11<\/strong>&nbsp;Photos\t\t\t\t\t\t\t\t\t<\/p>\n\t\t\t<\/div>\n\t\t\t\t\t<div class=\"ngg-album-compact\">\n\t\t\t\t<div class=\"ngg-album-compactbox\">\n\t\t\t\t\t<div class=\"ngg-album-link\">\n\t\t\t\t\t\t\t\t\t\t\t\t\t\t\t\t\t\t\t\t\t<a title='ADRA distributes immunity-boosting vitamins for the elderly' href='https:\/\/www.adra.sk\/en\/fotogalerie\/nggallery\/fotogalerie\/adra-distribuuje-vitaminy-na-podporu-imunity-pre-seniorov'>\n\t\t\t\t\t\t\t\t\t<img class=\"Thumb\"\n\t\t\t\t\t\t\t\t\t\talt=\"ADRA distribuuje vitam\u00edny na podporu imunity pre seniorov\"\n\t\t\t\t\t\t\t\t\t\tsrc=\"https:\/\/www.adra.sk\/wp-content\/gallery\/adra-distribuuje-vitaminy-na-podporu-imunity-pre-seniorov\/cache\/V-01.jpg-nggid011-ngg0dyn-240x160x100-00f0w010c011r110f110r010t010.jpg\"\/>\n\t\t\t\t\t\t\t\t<\/a>\n\t\t\t\t\t\t\t\t\t\t\t\t\t\t\t\t\t\t<\/div>\n\t\t\t\t<\/div>\n\t\t\t\t\t\t\t\t<h4>\n\t\t\t\t\t<a class='ngg-album-desc'\n\t\t\t\t\ttitle='ADRA distributes immunity-boosting vitamins for the elderly' href='https:\/\/www.adra.sk\/en\/fotogalerie\/nggallery\/fotogalerie\/adra-distribuuje-vitaminy-na-podporu-imunity-pre-seniorov'style=\"max-width: 260px\"\t\t\t\t\t>\n\t\t\t\t\t\tADRA distributes immunity-boosting vitamins for the elderly\t\t\t\t\t<\/a>\n\t\t\t\t<\/h4>\n\t\t\t\t<p class=\"ngg-album-gallery-image-counter\">\n\t\t\t\t\t\t\t\t\t\t\t<strong>8<\/strong>&nbsp;Photos\t\t\t\t\t\t\t\t\t<\/p>\n\t\t\t<\/div>\n\t\t\t\t<br class=\"ngg-clear\"\/>\n\t\t<div class='ngg-clear'><\/div>\t<\/div>\n\n\t\t\t\t\t\t\t\t<\/div>\n\t\t\t\t<\/div>\n\t\t\t\t\t<\/div>\n\t\t<\/div>\n\t\t\t\t\t<\/div>\n\t\t<\/section>\n\t\t\t\t<\/div>","protected":false},"excerpt":{"rendered":"","protected":false},"author":9,"featured_media":0,"parent":0,"menu_order":0,"comment_status":"closed","ping_status":"closed","template":"","meta":{"_acf_changed":false,"ngg_post_thumbnail":0,"footnotes":""},"class_list":["post-18337","page","type-page","status-publish","hentry"],"acf":[],"_links":{"self":[{"href":"https:\/\/www.adra.sk\/en\/wp-json\/wp\/v2\/pages\/18337","targetHints":{"allow":["GET"]}}],"collection":[{"href":"https:\/\/www.adra.sk\/en\/wp-json\/wp\/v2\/pages"}],"about":[{"href":"https:\/\/www.adra.sk\/en\/wp-json\/wp\/v2\/types\/page"}],"author":[{"embeddable":true,"href":"https:\/\/www.adra.sk\/en\/wp-json\/wp\/v2\/users\/9"}],"replies":[{"embeddable":true,"href":"https:\/\/www.adra.sk\/en\/wp-json\/wp\/v2\/comments?post=18337"}],"version-history":[{"count":7,"href":"https:\/\/www.adra.sk\/en\/wp-json\/wp\/v2\/pages\/18337\/revisions"}],"predecessor-version":[{"id":34135,"href":"https:\/\/www.adra.sk\/en\/wp-json\/wp\/v2\/pages\/18337\/revisions\/34135"}],"wp:attachment":[{"href":"https:\/\/www.adra.sk\/en\/wp-json\/wp\/v2\/media?parent=18337"}],"curies":[{"name":"wp","href":"https:\/\/api.w.org\/{rel}","templated":true}]}}