{"id":26950,"date":"2022-11-09T23:07:17","date_gmt":"2022-11-09T23:07:17","guid":{"rendered":"https:\/\/www.adra.sk\/?page_id=26950"},"modified":"2023-10-13T10:41:48","modified_gmt":"2023-10-13T10:41:48","slug":"archiv-clankov","status":"publish","type":"page","link":"https:\/\/www.adra.sk\/en\/o-nas\/archiv-clankov\/","title":{"rendered":"Archive of articles"},"content":{"rendered":"\t\t<div data-elementor-type=\"wp-page\" data-elementor-id=\"26950\" class=\"elementor elementor-26950\" data-elementor-post-type=\"page\">\n\t\t\t\t\t\t<section class=\"elementor-section elementor-top-section elementor-element elementor-element-fa3f10e elementor-section-full_width elementor-section-height-min-height elementor-section-height-default elementor-section-items-middle\" data-id=\"fa3f10e\" data-element_type=\"section\" data-e-type=\"section\" data-settings=\"{&quot;background_background&quot;:&quot;classic&quot;}\">\n\t\t\t\t\t\t<div class=\"elementor-container elementor-column-gap-default\">\n\t\t\t\t\t<div class=\"elementor-column elementor-col-33 elementor-top-column elementor-element elementor-element-27c41cd4\" data-id=\"27c41cd4\" data-element_type=\"column\" data-e-type=\"column\">\n\t\t\t<div class=\"elementor-widget-wrap\">\n\t\t\t\t\t\t\t<\/div>\n\t\t<\/div>\n\t\t\t\t<div class=\"elementor-column elementor-col-33 elementor-top-column elementor-element elementor-element-7c18d170\" data-id=\"7c18d170\" data-element_type=\"column\" data-e-type=\"column\">\n\t\t\t<div class=\"elementor-widget-wrap elementor-element-populated\">\n\t\t\t\t\t\t<div class=\"elementor-element elementor-element-dd3b87d rotate elementor-widget elementor-widget-global elementor-global-14055 elementor-widget-heading\" data-id=\"dd3b87d\" data-element_type=\"widget\" data-e-type=\"widget\" data-widget_type=\"heading.default\">\n\t\t\t\t<div class=\"elementor-widget-container\">\n\t\t\t\t\t<h1 class=\"elementor-heading-title elementor-size-default\">Arch\u00edv \u010dl\u00e1nkov<\/h1>\t\t\t\t<\/div>\n\t\t\t\t<\/div>\n\t\t\t\t<div class=\"elementor-element elementor-element-20904aad elementor-widget elementor-widget-spacer\" data-id=\"20904aad\" data-element_type=\"widget\" data-e-type=\"widget\" data-widget_type=\"spacer.default\">\n\t\t\t\t<div class=\"elementor-widget-container\">\n\t\t\t\t\t\t\t<div class=\"elementor-spacer\">\n\t\t\t<div class=\"elementor-spacer-inner\"><\/div>\n\t\t<\/div>\n\t\t\t\t\t\t<\/div>\n\t\t\t\t<\/div>\n\t\t\t\t\t<\/div>\n\t\t<\/div>\n\t\t\t\t<div class=\"elementor-column elementor-col-33 elementor-top-column elementor-element elementor-element-521e258b\" data-id=\"521e258b\" data-element_type=\"column\" data-e-type=\"column\">\n\t\t\t<div class=\"elementor-widget-wrap\">\n\t\t\t\t\t\t\t<\/div>\n\t\t<\/div>\n\t\t\t\t\t<\/div>\n\t\t<\/section>\n\t\t\t\t<section class=\"elementor-section elementor-top-section elementor-element elementor-element-aafdd34 elementor-section-boxed elementor-section-height-default elementor-section-height-default\" data-id=\"aafdd34\" data-element_type=\"section\" data-e-type=\"section\" data-settings=\"{&quot;background_background&quot;:&quot;classic&quot;}\">\n\t\t\t\t\t\t<div class=\"elementor-container elementor-column-gap-default\">\n\t\t\t\t\t<div class=\"elementor-column elementor-col-100 elementor-top-column elementor-element elementor-element-dfd40cb\" data-id=\"dfd40cb\" data-element_type=\"column\" data-e-type=\"column\">\n\t\t\t<div class=\"elementor-widget-wrap elementor-element-populated\">\n\t\t\t\t\t\t<div class=\"elementor-element elementor-element-32c8048 elementor-widget elementor-widget-spacer\" data-id=\"32c8048\" data-element_type=\"widget\" data-e-type=\"widget\" data-widget_type=\"spacer.default\">\n\t\t\t\t<div class=\"elementor-widget-container\">\n\t\t\t\t\t\t\t<div class=\"elementor-spacer\">\n\t\t\t<div class=\"elementor-spacer-inner\"><\/div>\n\t\t<\/div>\n\t\t\t\t\t\t<\/div>\n\t\t\t\t<\/div>\n\t\t\t\t\t<\/div>\n\t\t<\/div>\n\t\t\t\t\t<\/div>\n\t\t<\/section>\n\t\t\t\t<section class=\"elementor-section elementor-top-section elementor-element elementor-element-3fc8f20 elementor-section-boxed elementor-section-height-default elementor-section-height-default\" data-id=\"3fc8f20\" data-element_type=\"section\" data-e-type=\"section\" data-settings=\"{&quot;background_background&quot;:&quot;classic&quot;}\">\n\t\t\t\t\t\t<div class=\"elementor-container elementor-column-gap-default\">\n\t\t\t\t\t<div class=\"elementor-column elementor-col-100 elementor-top-column elementor-element elementor-element-8c4eccf\" data-id=\"8c4eccf\" data-element_type=\"column\" data-e-type=\"column\">\n\t\t\t<div class=\"elementor-widget-wrap elementor-element-populated\">\n\t\t\t\t\t\t<div class=\"elementor-element elementor-element-05ed6a8 elementor-grid-4 elementor-posts--align-left elementor-grid-tablet-2 elementor-grid-mobile-1 elementor-posts--thumbnail-top elementor-card-shadow-yes elementor-posts__hover-gradient elementor-widget elementor-widget-posts\" data-id=\"05ed6a8\" data-element_type=\"widget\" data-e-type=\"widget\" data-settings=\"{&quot;cards_columns&quot;:&quot;4&quot;,&quot;cards_row_gap&quot;:{&quot;unit&quot;:&quot;px&quot;,&quot;size&quot;:15,&quot;sizes&quot;:[]},&quot;cards_columns_tablet&quot;:&quot;2&quot;,&quot;cards_columns_mobile&quot;:&quot;1&quot;,&quot;cards_row_gap_tablet&quot;:{&quot;unit&quot;:&quot;px&quot;,&quot;size&quot;:&quot;&quot;,&quot;sizes&quot;:[]},&quot;cards_row_gap_mobile&quot;:{&quot;unit&quot;:&quot;px&quot;,&quot;size&quot;:&quot;&quot;,&quot;sizes&quot;:[]}}\" data-widget_type=\"posts.cards\">\n\t\t\t\t<div class=\"elementor-widget-container\">\n\t\t\t\t\t\t\t<div class=\"elementor-posts-container elementor-posts elementor-posts--skin-cards elementor-grid\" role=\"list\">\n\t\t\t\t<article class=\"elementor-post elementor-grid-item post-35299 post type-post status-publish format-standard has-post-thumbnail hentry category-na-slovensku category-top tag-ukrajina\" role=\"listitem\">\n\t\t\t<div class=\"elementor-post__card\">\n\t\t\t\t<a class=\"elementor-post__thumbnail__link\" href=\"https:\/\/www.adra.sk\/en\/staviame-hniezdo\/\" tabindex=\"-1\" target=\"_blank\"><div class=\"elementor-post__thumbnail\"><img fetchpriority=\"high\" decoding=\"async\" width=\"300\" height=\"210\" src=\"https:\/\/www.adra.sk\/wp-content\/uploads\/2026\/04\/C012-scaled-e1775452346597-300x210.jpg\" class=\"attachment-medium size-medium wp-image-35221\" alt=\"\" srcset=\"https:\/\/www.adra.sk\/wp-content\/uploads\/2026\/04\/C012-scaled-e1775452346597-300x210.jpg 300w, https:\/\/www.adra.sk\/wp-content\/uploads\/2026\/04\/C012-scaled-e1775452346597-1024x717.jpg 1024w, https:\/\/www.adra.sk\/wp-content\/uploads\/2026\/04\/C012-scaled-e1775452346597-768x538.jpg 768w, https:\/\/www.adra.sk\/wp-content\/uploads\/2026\/04\/C012-scaled-e1775452346597-18x12.jpg 18w, https:\/\/www.adra.sk\/wp-content\/uploads\/2026\/04\/C012-scaled-e1775452346597.jpg 1305w\" sizes=\"(max-width: 300px) 100vw, 300px\" \/><\/div><\/a>\n\t\t\t\t<div class=\"elementor-post__badge\">Slovensko<\/div>\n\t\t\t\t<div class=\"elementor-post__text\">\n\t\t\t\t<h3 class=\"elementor-post__title\">\n\t\t\t<a href=\"https:\/\/www.adra.sk\/en\/staviame-hniezdo\/\" target=&quot;_blank&quot;>\n\t\t\t\tStaviame &#8222;Hniezdo&#8220;\t\t\t<\/a>\n\t\t<\/h3>\n\t\t\t\t<div class=\"elementor-post__excerpt\">\n\t\t\t<p>V \u0161peci\u00e1lnej \u0161kole v \u010cervenici budujeme nov\u00fd pavil\u00f3n, pre deti s kombinovan\u00fdm postihnut\u00edm: nepo\u010duj\u00face aj<\/p>\n\t\t<\/div>\n\t\t\t\t<\/div>\n\t\t\t\t<div class=\"elementor-post__meta-data\">\n\t\t\t\t\t<span class=\"elementor-post-date\">\n\t\t\tApril 6, 2026\t\t<\/span>\n\t\t\t\t<\/div>\n\t\t\t\t\t<\/div>\n\t\t<\/article>\n\t\t\t\t<article class=\"elementor-post elementor-grid-item post-35091 post type-post status-publish format-standard has-post-thumbnail hentry category-libanon tag-libanon tag-slovakaid\" role=\"listitem\">\n\t\t\t<div class=\"elementor-post__card\">\n\t\t\t\t<a class=\"elementor-post__thumbnail__link\" href=\"https:\/\/www.adra.sk\/en\/hygienicke-treningy-pre-ziakov-v-libanone\/\" tabindex=\"-1\" target=\"_blank\"><div class=\"elementor-post__thumbnail\"><img decoding=\"async\" width=\"300\" height=\"154\" src=\"https:\/\/www.adra.sk\/wp-content\/uploads\/2026\/03\/4-e1773011489423-300x154.png\" class=\"attachment-medium size-medium wp-image-35096\" alt=\"\" srcset=\"https:\/\/www.adra.sk\/wp-content\/uploads\/2026\/03\/4-e1773011489423-300x154.png 300w, https:\/\/www.adra.sk\/wp-content\/uploads\/2026\/03\/4-e1773011489423-1024x524.png 1024w, https:\/\/www.adra.sk\/wp-content\/uploads\/2026\/03\/4-e1773011489423-768x393.png 768w, https:\/\/www.adra.sk\/wp-content\/uploads\/2026\/03\/4-e1773011489423-18x9.png 18w, https:\/\/www.adra.sk\/wp-content\/uploads\/2026\/03\/4-e1773011489423.png 1080w\" sizes=\"(max-width: 300px) 100vw, 300px\" \/><\/div><\/a>\n\t\t\t\t<div class=\"elementor-post__badge\">Libanon<\/div>\n\t\t\t\t<div class=\"elementor-post__text\">\n\t\t\t\t<h3 class=\"elementor-post__title\">\n\t\t\t<a href=\"https:\/\/www.adra.sk\/en\/hygienicke-treningy-pre-ziakov-v-libanone\/\" target=&quot;_blank&quot;>\n\t\t\t\tHygienick\u00e9 tr\u00e9ningy pre \u017eiakov v Libanone\t\t\t<\/a>\n\t\t<\/h3>\n\t\t\t\t<div class=\"elementor-post__excerpt\">\n\t\t\t<p>Kvalitn\u00e9 vzdel\u00e1vanie za\u010d\u00edna tam, kde sa deti c\u00edtia bezpe\u010dne a maj\u00fa zabezpe\u010den\u00e9 z\u00e1kladn\u00e9 hygienick\u00e9 potreby.<\/p>\n\t\t<\/div>\n\t\t\t\t<\/div>\n\t\t\t\t<div class=\"elementor-post__meta-data\">\n\t\t\t\t\t<span class=\"elementor-post-date\">\n\t\t\tMarch 8, 2026\t\t<\/span>\n\t\t\t\t<\/div>\n\t\t\t\t\t<\/div>\n\t\t<\/article>\n\t\t\t\t<article class=\"elementor-post elementor-grid-item post-35081 post type-post status-publish format-standard has-post-thumbnail hentry category-dobrovolnictvo category-vo-svete tag-albansko\" role=\"listitem\">\n\t\t\t<div class=\"elementor-post__card\">\n\t\t\t\t<a class=\"elementor-post__thumbnail__link\" href=\"https:\/\/www.adra.sk\/en\/zeny-v-albansku\/\" tabindex=\"-1\" target=\"_blank\"><div class=\"elementor-post__thumbnail\"><img decoding=\"async\" width=\"300\" height=\"131\" src=\"https:\/\/www.adra.sk\/wp-content\/uploads\/2026\/03\/WhatsApp-Image-2025-12-11-at-10.34.59-1-e1772973830479-300x131.jpeg\" class=\"attachment-medium size-medium wp-image-35082\" alt=\"\" srcset=\"https:\/\/www.adra.sk\/wp-content\/uploads\/2026\/03\/WhatsApp-Image-2025-12-11-at-10.34.59-1-e1772973830479-300x131.jpeg 300w, https:\/\/www.adra.sk\/wp-content\/uploads\/2026\/03\/WhatsApp-Image-2025-12-11-at-10.34.59-1-e1772973830479-1024x448.jpeg 1024w, https:\/\/www.adra.sk\/wp-content\/uploads\/2026\/03\/WhatsApp-Image-2025-12-11-at-10.34.59-1-e1772973830479-768x336.jpeg 768w, https:\/\/www.adra.sk\/wp-content\/uploads\/2026\/03\/WhatsApp-Image-2025-12-11-at-10.34.59-1-e1772973830479-1536x672.jpeg 1536w, https:\/\/www.adra.sk\/wp-content\/uploads\/2026\/03\/WhatsApp-Image-2025-12-11-at-10.34.59-1-e1772973830479-18x8.jpeg 18w, https:\/\/www.adra.sk\/wp-content\/uploads\/2026\/03\/WhatsApp-Image-2025-12-11-at-10.34.59-1-e1772973830479.jpeg 1600w\" sizes=\"(max-width: 300px) 100vw, 300px\" \/><\/div><\/a>\n\t\t\t\t<div class=\"elementor-post__badge\">Dobrovo\u013en\u00edctvo<\/div>\n\t\t\t\t<div class=\"elementor-post__text\">\n\t\t\t\t<h3 class=\"elementor-post__title\">\n\t\t\t<a href=\"https:\/\/www.adra.sk\/en\/zeny-v-albansku\/\" target=&quot;_blank&quot;>\n\t\t\t\tRodovo podmienen\u00e9 n\u00e1silie v Alb\u00e1nsku\t\t\t<\/a>\n\t\t<\/h3>\n\t\t\t\t<div class=\"elementor-post__excerpt\">\n\t\t\t<p>&nbsp; Dominika Tu\u017ein\u010dinov\u00e1 p\u00f4sobila ako dobrovo\u013en\u00ed\u010dka v ADRA Alb\u00e1nsko. Vo svojom pr\u00edspevku pribli\u017euje nov\u00fd projekt<\/p>\n\t\t<\/div>\n\t\t\t\t<\/div>\n\t\t\t\t<div class=\"elementor-post__meta-data\">\n\t\t\t\t\t<span class=\"elementor-post-date\">\n\t\t\tMarch 8, 2026\t\t<\/span>\n\t\t\t\t<\/div>\n\t\t\t\t\t<\/div>\n\t\t<\/article>\n\t\t\t\t<article class=\"elementor-post elementor-grid-item post-35069 post type-post status-publish format-standard has-post-thumbnail hentry category-dobrovolnictvo category-vo-svete tag-albansko\" role=\"listitem\">\n\t\t\t<div class=\"elementor-post__card\">\n\t\t\t\t<a class=\"elementor-post__thumbnail__link\" href=\"https:\/\/www.adra.sk\/en\/albansko-medzi-tradiciou-a-modernizaciou\/\" tabindex=\"-1\" target=\"_blank\"><div class=\"elementor-post__thumbnail\"><img loading=\"lazy\" decoding=\"async\" width=\"300\" height=\"138\" src=\"https:\/\/www.adra.sk\/wp-content\/uploads\/2026\/03\/WhatsApp-Image-2026-02-09-at-11.11.51-e1772973180776-300x138.jpeg\" class=\"attachment-medium size-medium wp-image-35070\" alt=\"\" srcset=\"https:\/\/www.adra.sk\/wp-content\/uploads\/2026\/03\/WhatsApp-Image-2026-02-09-at-11.11.51-e1772973180776-300x138.jpeg 300w, https:\/\/www.adra.sk\/wp-content\/uploads\/2026\/03\/WhatsApp-Image-2026-02-09-at-11.11.51-e1772973180776-1024x473.jpeg 1024w, https:\/\/www.adra.sk\/wp-content\/uploads\/2026\/03\/WhatsApp-Image-2026-02-09-at-11.11.51-e1772973180776-768x354.jpeg 768w, https:\/\/www.adra.sk\/wp-content\/uploads\/2026\/03\/WhatsApp-Image-2026-02-09-at-11.11.51-e1772973180776-1536x709.jpeg 1536w, https:\/\/www.adra.sk\/wp-content\/uploads\/2026\/03\/WhatsApp-Image-2026-02-09-at-11.11.51-e1772973180776-18x8.jpeg 18w, https:\/\/www.adra.sk\/wp-content\/uploads\/2026\/03\/WhatsApp-Image-2026-02-09-at-11.11.51-e1772973180776-2000x923.jpeg 2000w, https:\/\/www.adra.sk\/wp-content\/uploads\/2026\/03\/WhatsApp-Image-2026-02-09-at-11.11.51-e1772973180776.jpeg 2048w\" sizes=\"(max-width: 300px) 100vw, 300px\" \/><\/div><\/a>\n\t\t\t\t<div class=\"elementor-post__badge\">Dobrovo\u013en\u00edctvo<\/div>\n\t\t\t\t<div class=\"elementor-post__text\">\n\t\t\t\t<h3 class=\"elementor-post__title\">\n\t\t\t<a href=\"https:\/\/www.adra.sk\/en\/albansko-medzi-tradiciou-a-modernizaciou\/\" target=&quot;_blank&quot;>\n\t\t\t\tAlb\u00e1nsko medzi trad\u00edciou a moderniz\u00e1ciou\t\t\t<\/a>\n\t\t<\/h3>\n\t\t\t\t<div class=\"elementor-post__excerpt\">\n\t\t\t<p>&nbsp; Dominika Tu\u017ein\u010dinov\u00e1 p\u00f4sobila ako dobrovo\u013en\u00ed\u010dka v ADRA Alb\u00e1nsko, kde sa venovala podpore projektov\u00e9ho mana\u017ementu.<\/p>\n\t\t<\/div>\n\t\t\t\t<\/div>\n\t\t\t\t<div class=\"elementor-post__meta-data\">\n\t\t\t\t\t<span class=\"elementor-post-date\">\n\t\t\tMarch 8, 2026\t\t<\/span>\n\t\t\t\t<\/div>\n\t\t\t\t\t<\/div>\n\t\t<\/article>\n\t\t\t\t<article class=\"elementor-post elementor-grid-item post-35015 post type-post status-publish format-standard has-post-thumbnail hentry category-ukrajina tag-ukrajina\" role=\"listitem\">\n\t\t\t<div class=\"elementor-post__card\">\n\t\t\t\t<a class=\"elementor-post__thumbnail__link\" href=\"https:\/\/www.adra.sk\/en\/generatory-pre-kyjev\/\" tabindex=\"-1\" target=\"_blank\"><div class=\"elementor-post__thumbnail\"><img loading=\"lazy\" decoding=\"async\" width=\"300\" height=\"131\" src=\"https:\/\/www.adra.sk\/wp-content\/uploads\/2026\/02\/20260213_112432-scaled-e1771595137481-300x131.jpg\" class=\"attachment-medium size-medium wp-image-35017\" alt=\"\" srcset=\"https:\/\/www.adra.sk\/wp-content\/uploads\/2026\/02\/20260213_112432-scaled-e1771595137481-300x131.jpg 300w, https:\/\/www.adra.sk\/wp-content\/uploads\/2026\/02\/20260213_112432-scaled-e1771595137481-1024x449.jpg 1024w, https:\/\/www.adra.sk\/wp-content\/uploads\/2026\/02\/20260213_112432-scaled-e1771595137481-768x337.jpg 768w, https:\/\/www.adra.sk\/wp-content\/uploads\/2026\/02\/20260213_112432-scaled-e1771595137481-1536x673.jpg 1536w, https:\/\/www.adra.sk\/wp-content\/uploads\/2026\/02\/20260213_112432-scaled-e1771595137481-2048x898.jpg 2048w, https:\/\/www.adra.sk\/wp-content\/uploads\/2026\/02\/20260213_112432-scaled-e1771595137481-18x8.jpg 18w, https:\/\/www.adra.sk\/wp-content\/uploads\/2026\/02\/20260213_112432-scaled-e1771595137481-2000x877.jpg 2000w\" sizes=\"(max-width: 300px) 100vw, 300px\" \/><\/div><\/a>\n\t\t\t\t<div class=\"elementor-post__badge\">Ukrajina<\/div>\n\t\t\t\t<div class=\"elementor-post__text\">\n\t\t\t\t<h3 class=\"elementor-post__title\">\n\t\t\t<a href=\"https:\/\/www.adra.sk\/en\/generatory-pre-kyjev\/\" target=&quot;_blank&quot;>\n\t\t\t\tGener\u00e1tory pre Kyjev\t\t\t<\/a>\n\t\t<\/h3>\n\t\t\t\t<div class=\"elementor-post__excerpt\">\n\t\t\t<p>Krut\u00e1 zima, zni\u010den\u00e9 elektr\u00e1rne, probl\u00e9my s dod\u00e1vkami tepla i vody. \u013dudia sa paradoxne chodia z<\/p>\n\t\t<\/div>\n\t\t\t\t<\/div>\n\t\t\t\t<div class=\"elementor-post__meta-data\">\n\t\t\t\t\t<span class=\"elementor-post-date\">\n\t\t\tFebruary 20, 2026\t\t<\/span>\n\t\t\t\t<\/div>\n\t\t\t\t\t<\/div>\n\t\t<\/article>\n\t\t\t\t<article class=\"elementor-post elementor-grid-item post-34862 post type-post status-publish format-standard has-post-thumbnail hentry category-ukrajina tag-ukrajina\" role=\"listitem\">\n\t\t\t<div class=\"elementor-post__card\">\n\t\t\t\t<a class=\"elementor-post__thumbnail__link\" href=\"https:\/\/www.adra.sk\/en\/vykladka-generatorov\/\" tabindex=\"-1\" target=\"_blank\"><div class=\"elementor-post__thumbnail\"><img loading=\"lazy\" decoding=\"async\" width=\"300\" height=\"150\" src=\"https:\/\/www.adra.sk\/wp-content\/uploads\/2026\/02\/20260201_130950-scaled-e1770007474941-300x150.jpg\" class=\"attachment-medium size-medium wp-image-34868\" alt=\"\" srcset=\"https:\/\/www.adra.sk\/wp-content\/uploads\/2026\/02\/20260201_130950-scaled-e1770007474941-300x150.jpg 300w, https:\/\/www.adra.sk\/wp-content\/uploads\/2026\/02\/20260201_130950-scaled-e1770007474941-1024x512.jpg 1024w, https:\/\/www.adra.sk\/wp-content\/uploads\/2026\/02\/20260201_130950-scaled-e1770007474941-768x384.jpg 768w, https:\/\/www.adra.sk\/wp-content\/uploads\/2026\/02\/20260201_130950-scaled-e1770007474941-1536x768.jpg 1536w, https:\/\/www.adra.sk\/wp-content\/uploads\/2026\/02\/20260201_130950-scaled-e1770007474941-2048x1024.jpg 2048w, https:\/\/www.adra.sk\/wp-content\/uploads\/2026\/02\/20260201_130950-scaled-e1770007474941-18x9.jpg 18w, https:\/\/www.adra.sk\/wp-content\/uploads\/2026\/02\/20260201_130950-scaled-e1770007474941-2000x1000.jpg 2000w\" sizes=\"(max-width: 300px) 100vw, 300px\" \/><\/div><\/a>\n\t\t\t\t<div class=\"elementor-post__badge\">Ukrajina<\/div>\n\t\t\t\t<div class=\"elementor-post__text\">\n\t\t\t\t<h3 class=\"elementor-post__title\">\n\t\t\t<a href=\"https:\/\/www.adra.sk\/en\/vykladka-generatorov\/\" target=&quot;_blank&quot;>\n\t\t\t\tGener\u00e1tory pre \u010cernihiv\t\t\t<\/a>\n\t\t<\/h3>\n\t\t\t\t<div class=\"elementor-post__excerpt\">\n\t\t\t<p>Gener\u00e1tory pre in\u0161tit\u00facie mesta u\u017e vyklad\u00e1me. &nbsp; Po 3 d\u0148och cesty vyklad\u00e1me kami\u00f3n a n\u00e1\u0161<\/p>\n\t\t<\/div>\n\t\t\t\t<\/div>\n\t\t\t\t<div class=\"elementor-post__meta-data\">\n\t\t\t\t\t<span class=\"elementor-post-date\">\n\t\t\tFebruary 2, 2026\t\t<\/span>\n\t\t\t\t<\/div>\n\t\t\t\t\t<\/div>\n\t\t<\/article>\n\t\t\t\t<article class=\"elementor-post elementor-grid-item post-34852 post type-post status-publish format-standard has-post-thumbnail hentry category-ukrajina tag-ukrajina\" role=\"listitem\">\n\t\t\t<div class=\"elementor-post__card\">\n\t\t\t\t<a class=\"elementor-post__thumbnail__link\" href=\"https:\/\/www.adra.sk\/en\/zbierka-teplo-pre-ukrajinu\/\" tabindex=\"-1\" target=\"_blank\"><div class=\"elementor-post__thumbnail\"><img loading=\"lazy\" decoding=\"async\" width=\"300\" height=\"128\" src=\"https:\/\/www.adra.sk\/wp-content\/uploads\/2026\/01\/\u0410\u043d\u0434\u0440\u0456\u0439-\u0414\u0443\u0431\u0447\u0430\u043a_Frontliner_Getty-Images-e1769173178643-300x128.png\" class=\"attachment-medium size-medium wp-image-34853\" alt=\"\" srcset=\"https:\/\/www.adra.sk\/wp-content\/uploads\/2026\/01\/\u0410\u043d\u0434\u0440\u0456\u0439-\u0414\u0443\u0431\u0447\u0430\u043a_Frontliner_Getty-Images-e1769173178643-300x128.png 300w, https:\/\/www.adra.sk\/wp-content\/uploads\/2026\/01\/\u0410\u043d\u0434\u0440\u0456\u0439-\u0414\u0443\u0431\u0447\u0430\u043a_Frontliner_Getty-Images-e1769173178643-1024x437.png 1024w, https:\/\/www.adra.sk\/wp-content\/uploads\/2026\/01\/\u0410\u043d\u0434\u0440\u0456\u0439-\u0414\u0443\u0431\u0447\u0430\u043a_Frontliner_Getty-Images-e1769173178643-768x328.png 768w, https:\/\/www.adra.sk\/wp-content\/uploads\/2026\/01\/\u0410\u043d\u0434\u0440\u0456\u0439-\u0414\u0443\u0431\u0447\u0430\u043a_Frontliner_Getty-Images-e1769173178643-1536x655.png 1536w, https:\/\/www.adra.sk\/wp-content\/uploads\/2026\/01\/\u0410\u043d\u0434\u0440\u0456\u0439-\u0414\u0443\u0431\u0447\u0430\u043a_Frontliner_Getty-Images-e1769173178643-18x8.png 18w, https:\/\/www.adra.sk\/wp-content\/uploads\/2026\/01\/\u0410\u043d\u0434\u0440\u0456\u0439-\u0414\u0443\u0431\u0447\u0430\u043a_Frontliner_Getty-Images-e1769173178643.png 1920w\" sizes=\"(max-width: 300px) 100vw, 300px\" \/><\/div><\/a>\n\t\t\t\t<div class=\"elementor-post__badge\">Ukrajina<\/div>\n\t\t\t\t<div class=\"elementor-post__text\">\n\t\t\t\t<h3 class=\"elementor-post__title\">\n\t\t\t<a href=\"https:\/\/www.adra.sk\/en\/zbierka-teplo-pre-ukrajinu\/\" target=&quot;_blank&quot;>\n\t\t\t\tZbierka: Teplo pre Ukrajinu\t\t\t<\/a>\n\t\t<\/h3>\n\t\t\t\t<div class=\"elementor-post__excerpt\">\n\t\t\t<p>Sp\u00e1jame sily, aby sme zabezpe\u010dili teplo pre Ukrajinu. &nbsp; Zima na Ukrajine znamen\u00e1 pre tis\u00edce<\/p>\n\t\t<\/div>\n\t\t\t\t<\/div>\n\t\t\t\t<div class=\"elementor-post__meta-data\">\n\t\t\t\t\t<span class=\"elementor-post-date\">\n\t\t\tJanuary 23, 2026\t\t<\/span>\n\t\t\t\t<\/div>\n\t\t\t\t\t<\/div>\n\t\t<\/article>\n\t\t\t\t<article class=\"elementor-post elementor-grid-item post-34681 post type-post status-publish format-standard has-post-thumbnail hentry category-libanon tag-libanon tag-slovakaid\" role=\"listitem\">\n\t\t\t<div class=\"elementor-post__card\">\n\t\t\t\t<a class=\"elementor-post__thumbnail__link\" href=\"https:\/\/www.adra.sk\/en\/oprava-skol-v-libanon\/\" tabindex=\"-1\" target=\"_blank\"><div class=\"elementor-post__thumbnail\"><img loading=\"lazy\" decoding=\"async\" width=\"300\" height=\"200\" src=\"https:\/\/www.adra.sk\/wp-content\/uploads\/2025\/12\/2-DSCF3875-300x200.jpg\" class=\"attachment-medium size-medium wp-image-34601\" alt=\"\" srcset=\"https:\/\/www.adra.sk\/wp-content\/uploads\/2025\/12\/2-DSCF3875-300x200.jpg 300w, https:\/\/www.adra.sk\/wp-content\/uploads\/2025\/12\/2-DSCF3875-1024x683.jpg 1024w, https:\/\/www.adra.sk\/wp-content\/uploads\/2025\/12\/2-DSCF3875-768x512.jpg 768w, https:\/\/www.adra.sk\/wp-content\/uploads\/2025\/12\/2-DSCF3875-1536x1024.jpg 1536w, https:\/\/www.adra.sk\/wp-content\/uploads\/2025\/12\/2-DSCF3875-2048x1365.jpg 2048w, https:\/\/www.adra.sk\/wp-content\/uploads\/2025\/12\/2-DSCF3875-18x12.jpg 18w, https:\/\/www.adra.sk\/wp-content\/uploads\/2025\/12\/2-DSCF3875-2000x1333.jpg 2000w\" sizes=\"(max-width: 300px) 100vw, 300px\" \/><\/div><\/a>\n\t\t\t\t<div class=\"elementor-post__badge\">Libanon<\/div>\n\t\t\t\t<div class=\"elementor-post__text\">\n\t\t\t\t<h3 class=\"elementor-post__title\">\n\t\t\t<a href=\"https:\/\/www.adra.sk\/en\/oprava-skol-v-libanon\/\" target=&quot;_blank&quot;>\n\t\t\t\tOprava \u0161k\u00f4l v Libanone\t\t\t<\/a>\n\t\t<\/h3>\n\t\t\t\t<div class=\"elementor-post__excerpt\">\n\t\t\t<p>Z\u00e1chrana \u0161k\u00f4l v Libanone: Pre\u010do deti potrebuj\u00fa funk\u010dn\u00e9 toalety a sol\u00e1rne panely? &nbsp; Libanon sa<\/p>\n\t\t<\/div>\n\t\t\t\t<\/div>\n\t\t\t\t<div class=\"elementor-post__meta-data\">\n\t\t\t\t\t<span class=\"elementor-post-date\">\n\t\t\tNovember 4, 2025\t\t<\/span>\n\t\t\t\t<\/div>\n\t\t\t\t\t<\/div>\n\t\t<\/article>\n\t\t\t\t<article class=\"elementor-post elementor-grid-item post-34419 post type-post status-publish format-standard has-post-thumbnail hentry category-ukrajina tag-ukrajina\" role=\"listitem\">\n\t\t\t<div class=\"elementor-post__card\">\n\t\t\t\t<a class=\"elementor-post__thumbnail__link\" href=\"https:\/\/www.adra.sk\/en\/pomoc-nemocniciam-v-ohrozeni\/\" tabindex=\"-1\" target=\"_blank\"><div class=\"elementor-post__thumbnail\"><img loading=\"lazy\" decoding=\"async\" width=\"300\" height=\"141\" src=\"https:\/\/www.adra.sk\/wp-content\/uploads\/2025\/10\/20251006_103332-scaled-e1760181321817-300x141.jpg\" class=\"attachment-medium size-medium wp-image-34437\" alt=\"\" srcset=\"https:\/\/www.adra.sk\/wp-content\/uploads\/2025\/10\/20251006_103332-scaled-e1760181321817-300x141.jpg 300w, https:\/\/www.adra.sk\/wp-content\/uploads\/2025\/10\/20251006_103332-scaled-e1760181321817-1024x483.jpg 1024w, https:\/\/www.adra.sk\/wp-content\/uploads\/2025\/10\/20251006_103332-scaled-e1760181321817-768x362.jpg 768w, https:\/\/www.adra.sk\/wp-content\/uploads\/2025\/10\/20251006_103332-scaled-e1760181321817-1536x724.jpg 1536w, https:\/\/www.adra.sk\/wp-content\/uploads\/2025\/10\/20251006_103332-scaled-e1760181321817-2048x966.jpg 2048w, https:\/\/www.adra.sk\/wp-content\/uploads\/2025\/10\/20251006_103332-scaled-e1760181321817-18x8.jpg 18w, https:\/\/www.adra.sk\/wp-content\/uploads\/2025\/10\/20251006_103332-scaled-e1760181321817-2000x943.jpg 2000w\" sizes=\"(max-width: 300px) 100vw, 300px\" \/><\/div><\/a>\n\t\t\t\t<div class=\"elementor-post__badge\">Ukrajina<\/div>\n\t\t\t\t<div class=\"elementor-post__text\">\n\t\t\t\t<h3 class=\"elementor-post__title\">\n\t\t\t<a href=\"https:\/\/www.adra.sk\/en\/pomoc-nemocniciam-v-ohrozeni\/\" target=&quot;_blank&quot;>\n\t\t\t\tPomoc nemocniciam v ohrozen\u00ed\t\t\t<\/a>\n\t\t<\/h3>\n\t\t\t\t<div class=\"elementor-post__excerpt\">\n\t\t\t<p>\u010eal\u0161\u00ed konvoj humanit\u00e1rnej pomoci sme napriek zhor\u0161enej bezpe\u010dnostnej situ\u00e1cii dopravili do nemocn\u00edc v prifrontovej l\u00ednii.<\/p>\n\t\t<\/div>\n\t\t\t\t<\/div>\n\t\t\t\t<div class=\"elementor-post__meta-data\">\n\t\t\t\t\t<span class=\"elementor-post-date\">\n\t\t\tOctober 11, 2025\t\t<\/span>\n\t\t\t\t<\/div>\n\t\t\t\t\t<\/div>\n\t\t<\/article>\n\t\t\t\t<article class=\"elementor-post elementor-grid-item post-34420 post type-post status-publish format-standard has-post-thumbnail hentry category-ukrajina tag-ukrajina\" role=\"listitem\">\n\t\t\t<div class=\"elementor-post__card\">\n\t\t\t\t<a class=\"elementor-post__thumbnail__link\" href=\"https:\/\/www.adra.sk\/en\/pomoc-pre-cernihiv\/\" tabindex=\"-1\" target=\"_blank\"><div class=\"elementor-post__thumbnail\"><img loading=\"lazy\" decoding=\"async\" width=\"300\" height=\"148\" src=\"https:\/\/www.adra.sk\/wp-content\/uploads\/2025\/10\/Obrazok-WhatsApp-2025-10-05-o-14.30.36_e0f8ba34-e1760177326921-300x148.jpg\" class=\"attachment-medium size-medium wp-image-34424\" alt=\"\" srcset=\"https:\/\/www.adra.sk\/wp-content\/uploads\/2025\/10\/Obrazok-WhatsApp-2025-10-05-o-14.30.36_e0f8ba34-e1760177326921-300x148.jpg 300w, https:\/\/www.adra.sk\/wp-content\/uploads\/2025\/10\/Obrazok-WhatsApp-2025-10-05-o-14.30.36_e0f8ba34-e1760177326921-1024x507.jpg 1024w, https:\/\/www.adra.sk\/wp-content\/uploads\/2025\/10\/Obrazok-WhatsApp-2025-10-05-o-14.30.36_e0f8ba34-e1760177326921-768x380.jpg 768w, https:\/\/www.adra.sk\/wp-content\/uploads\/2025\/10\/Obrazok-WhatsApp-2025-10-05-o-14.30.36_e0f8ba34-e1760177326921-1536x760.jpg 1536w, https:\/\/www.adra.sk\/wp-content\/uploads\/2025\/10\/Obrazok-WhatsApp-2025-10-05-o-14.30.36_e0f8ba34-e1760177326921-18x9.jpg 18w, https:\/\/www.adra.sk\/wp-content\/uploads\/2025\/10\/Obrazok-WhatsApp-2025-10-05-o-14.30.36_e0f8ba34-e1760177326921.jpg 1589w\" sizes=\"(max-width: 300px) 100vw, 300px\" \/><\/div><\/a>\n\t\t\t\t<div class=\"elementor-post__badge\">Ukrajina<\/div>\n\t\t\t\t<div class=\"elementor-post__text\">\n\t\t\t\t<h3 class=\"elementor-post__title\">\n\t\t\t<a href=\"https:\/\/www.adra.sk\/en\/pomoc-pre-cernihiv\/\" target=&quot;_blank&quot;>\n\t\t\t\tPomoc pre \u010cernihiv\t\t\t<\/a>\n\t\t<\/h3>\n\t\t\t\t<div class=\"elementor-post__excerpt\">\n\t\t\t<p>\u010eal\u0161iu z\u00e1sielku humanit\u00e1rnej pomoci sme napriek zhor\u0161enej bezpe\u010dnostnej situ\u00e1cii dopravili komi\u00f3nmi a dod\u00e1vkami do nemocn\u00edc<\/p>\n\t\t<\/div>\n\t\t\t\t<\/div>\n\t\t\t\t<div class=\"elementor-post__meta-data\">\n\t\t\t\t\t<span class=\"elementor-post-date\">\n\t\t\tOctober 11, 2025\t\t<\/span>\n\t\t\t\t<\/div>\n\t\t\t\t\t<\/div>\n\t\t<\/article>\n\t\t\t\t<article class=\"elementor-post elementor-grid-item post-34405 post type-post status-publish format-standard has-post-thumbnail hentry category-ukrajina tag-ukrajina\" role=\"listitem\">\n\t\t\t<div class=\"elementor-post__card\">\n\t\t\t\t<a class=\"elementor-post__thumbnail__link\" href=\"https:\/\/www.adra.sk\/en\/primarka-gynekologie\/\" tabindex=\"-1\" target=\"_blank\"><div class=\"elementor-post__thumbnail\"><img loading=\"lazy\" decoding=\"async\" width=\"300\" height=\"172\" src=\"https:\/\/www.adra.sk\/wp-content\/uploads\/2025\/10\/20251006_114328-1-scaled-e1760176058394-300x172.jpg\" class=\"attachment-medium size-medium wp-image-34418\" alt=\"\" srcset=\"https:\/\/www.adra.sk\/wp-content\/uploads\/2025\/10\/20251006_114328-1-scaled-e1760176058394-300x172.jpg 300w, https:\/\/www.adra.sk\/wp-content\/uploads\/2025\/10\/20251006_114328-1-scaled-e1760176058394-1024x587.jpg 1024w, https:\/\/www.adra.sk\/wp-content\/uploads\/2025\/10\/20251006_114328-1-scaled-e1760176058394-768x440.jpg 768w, https:\/\/www.adra.sk\/wp-content\/uploads\/2025\/10\/20251006_114328-1-scaled-e1760176058394-1536x880.jpg 1536w, https:\/\/www.adra.sk\/wp-content\/uploads\/2025\/10\/20251006_114328-1-scaled-e1760176058394-2048x1174.jpg 2048w, https:\/\/www.adra.sk\/wp-content\/uploads\/2025\/10\/20251006_114328-1-scaled-e1760176058394-18x10.jpg 18w, https:\/\/www.adra.sk\/wp-content\/uploads\/2025\/10\/20251006_114328-1-scaled-e1760176058394-2000x1146.jpg 2000w\" sizes=\"(max-width: 300px) 100vw, 300px\" \/><\/div><\/a>\n\t\t\t\t<div class=\"elementor-post__badge\">Ukrajina<\/div>\n\t\t\t\t<div class=\"elementor-post__text\">\n\t\t\t\t<h3 class=\"elementor-post__title\">\n\t\t\t<a href=\"https:\/\/www.adra.sk\/en\/primarka-gynekologie\/\" target=&quot;_blank&quot;>\n\t\t\t\tPrim\u00e1rka gynekol\u00f3gie\t\t\t<\/a>\n\t\t<\/h3>\n\t\t\t\t<div class=\"elementor-post__excerpt\">\n\t\t\t<p>\u010eal\u0161\u00ed kami\u00f3n humanit\u00e1rnej pomoci sme napriek zhor\u0161enej bezpe\u010dnostnej situ\u00e1cii dopravili do nemocn\u00edc v prifrontovej l\u00ednii.<\/p>\n\t\t<\/div>\n\t\t\t\t<\/div>\n\t\t\t\t<div class=\"elementor-post__meta-data\">\n\t\t\t\t\t<span class=\"elementor-post-date\">\n\t\t\tOctober 11, 2025\t\t<\/span>\n\t\t\t\t<\/div>\n\t\t\t\t\t<\/div>\n\t\t<\/article>\n\t\t\t\t<article class=\"elementor-post elementor-grid-item post-34369 post type-post status-publish format-standard has-post-thumbnail hentry category-ukrajina tag-ukrajina\" role=\"listitem\">\n\t\t\t<div class=\"elementor-post__card\">\n\t\t\t\t<a class=\"elementor-post__thumbnail__link\" href=\"https:\/\/www.adra.sk\/en\/babicka-z-kalendara\/\" tabindex=\"-1\" target=\"_blank\"><div class=\"elementor-post__thumbnail\"><img loading=\"lazy\" decoding=\"async\" width=\"300\" height=\"132\" src=\"https:\/\/www.adra.sk\/wp-content\/uploads\/2025\/10\/IMG_1327-scaled-e1760174467488-300x132.jpg\" class=\"attachment-medium size-medium wp-image-34394\" alt=\"\" srcset=\"https:\/\/www.adra.sk\/wp-content\/uploads\/2025\/10\/IMG_1327-scaled-e1760174467488-300x132.jpg 300w, https:\/\/www.adra.sk\/wp-content\/uploads\/2025\/10\/IMG_1327-scaled-e1760174467488-1024x452.jpg 1024w, https:\/\/www.adra.sk\/wp-content\/uploads\/2025\/10\/IMG_1327-scaled-e1760174467488-768x339.jpg 768w, https:\/\/www.adra.sk\/wp-content\/uploads\/2025\/10\/IMG_1327-scaled-e1760174467488-1536x678.jpg 1536w, https:\/\/www.adra.sk\/wp-content\/uploads\/2025\/10\/IMG_1327-scaled-e1760174467488-2048x904.jpg 2048w, https:\/\/www.adra.sk\/wp-content\/uploads\/2025\/10\/IMG_1327-scaled-e1760174467488-18x8.jpg 18w, https:\/\/www.adra.sk\/wp-content\/uploads\/2025\/10\/IMG_1327-scaled-e1760174467488-2000x883.jpg 2000w\" sizes=\"(max-width: 300px) 100vw, 300px\" \/><\/div><\/a>\n\t\t\t\t<div class=\"elementor-post__badge\">Ukrajina<\/div>\n\t\t\t\t<div class=\"elementor-post__text\">\n\t\t\t\t<h3 class=\"elementor-post__title\">\n\t\t\t<a href=\"https:\/\/www.adra.sk\/en\/babicka-z-kalendara\/\" target=&quot;_blank&quot;>\n\t\t\t\tBabi\u010dka z kalend\u00e1ra\t\t\t<\/a>\n\t\t<\/h3>\n\t\t\t\t<div class=\"elementor-post__excerpt\">\n\t\t\t<p>Po\u010das transportu pomoci do nemocnice v&nbsp;\u0160ostke sme vyu\u017eili pr\u00edle\u017eitos\u0165 op\u00e4\u0165 nav\u0161t\u00edvi\u0165 a&nbsp;osobne odovzda\u0165 potravinov\u00e9 a&nbsp;hygienick\u00e9<\/p>\n\t\t<\/div>\n\t\t\t\t<\/div>\n\t\t\t\t<div class=\"elementor-post__meta-data\">\n\t\t\t\t\t<span class=\"elementor-post-date\">\n\t\t\tOctober 11, 2025\t\t<\/span>\n\t\t\t\t<\/div>\n\t\t\t\t\t<\/div>\n\t\t<\/article>\n\t\t\t\t<article class=\"elementor-post elementor-grid-item post-34353 post type-post status-publish format-standard has-post-thumbnail hentry category-ukrajina tag-ukrajina\" role=\"listitem\">\n\t\t\t<div class=\"elementor-post__card\">\n\t\t\t\t<a class=\"elementor-post__thumbnail__link\" href=\"https:\/\/www.adra.sk\/en\/tragedia-na-zeleznici\/\" tabindex=\"-1\" target=\"_blank\"><div class=\"elementor-post__thumbnail\"><img loading=\"lazy\" decoding=\"async\" width=\"300\" height=\"136\" src=\"https:\/\/www.adra.sk\/wp-content\/uploads\/2025\/10\/20251006_145325-scaled-e1760169626509-300x136.jpg\" class=\"attachment-medium size-medium wp-image-34357\" alt=\"\" srcset=\"https:\/\/www.adra.sk\/wp-content\/uploads\/2025\/10\/20251006_145325-scaled-e1760169626509-300x136.jpg 300w, https:\/\/www.adra.sk\/wp-content\/uploads\/2025\/10\/20251006_145325-scaled-e1760169626509-1024x464.jpg 1024w, https:\/\/www.adra.sk\/wp-content\/uploads\/2025\/10\/20251006_145325-scaled-e1760169626509-768x348.jpg 768w, https:\/\/www.adra.sk\/wp-content\/uploads\/2025\/10\/20251006_145325-scaled-e1760169626509-1536x696.jpg 1536w, https:\/\/www.adra.sk\/wp-content\/uploads\/2025\/10\/20251006_145325-scaled-e1760169626509-2048x928.jpg 2048w, https:\/\/www.adra.sk\/wp-content\/uploads\/2025\/10\/20251006_145325-scaled-e1760169626509-18x8.jpg 18w, https:\/\/www.adra.sk\/wp-content\/uploads\/2025\/10\/20251006_145325-scaled-e1760169626509-2000x906.jpg 2000w\" sizes=\"(max-width: 300px) 100vw, 300px\" \/><\/div><\/a>\n\t\t\t\t<div class=\"elementor-post__badge\">Ukrajina<\/div>\n\t\t\t\t<div class=\"elementor-post__text\">\n\t\t\t\t<h3 class=\"elementor-post__title\">\n\t\t\t<a href=\"https:\/\/www.adra.sk\/en\/tragedia-na-zeleznici\/\" target=&quot;_blank&quot;>\n\t\t\t\tTrag\u00e9dia na \u017eeleznici\t\t\t<\/a>\n\t\t<\/h3>\n\t\t\t\t<div class=\"elementor-post__excerpt\">\n\t\t\t<p>Pom\u00e1hame nemocniciam, aby mohli na\u010falej zachra\u0148ova\u0165 \u017eivoty a zdravie \u013eud\u00ed v oblasti prifrontovej l\u00ednie. Ke\u010f<\/p>\n\t\t<\/div>\n\t\t\t\t<\/div>\n\t\t\t\t<div class=\"elementor-post__meta-data\">\n\t\t\t\t\t<span class=\"elementor-post-date\">\n\t\t\tOctober 11, 2025\t\t<\/span>\n\t\t\t\t<\/div>\n\t\t\t\t\t<\/div>\n\t\t<\/article>\n\t\t\t\t<article class=\"elementor-post elementor-grid-item post-34218 post type-post status-publish format-standard has-post-thumbnail hentry category-dobrovolnictvo tag-dobrovolnictvo tag-slovakaid tag-uganda\" role=\"listitem\">\n\t\t\t<div class=\"elementor-post__card\">\n\t\t\t\t<a class=\"elementor-post__thumbnail__link\" href=\"https:\/\/www.adra.sk\/en\/hladame-dobrovolnika-do-ugandy-2\/\" tabindex=\"-1\" target=\"_blank\"><div class=\"elementor-post__thumbnail\"><img loading=\"lazy\" decoding=\"async\" width=\"300\" height=\"140\" src=\"https:\/\/www.adra.sk\/wp-content\/uploads\/2024\/10\/Group-Photo-after-General-meeting-with-project-Beneficiaries_1-scaled-e1729845379929-300x140.jpg\" class=\"attachment-medium size-medium wp-image-32510\" alt=\"\" srcset=\"https:\/\/www.adra.sk\/wp-content\/uploads\/2024\/10\/Group-Photo-after-General-meeting-with-project-Beneficiaries_1-scaled-e1729845379929-300x140.jpg 300w, https:\/\/www.adra.sk\/wp-content\/uploads\/2024\/10\/Group-Photo-after-General-meeting-with-project-Beneficiaries_1-scaled-e1729845379929-1024x478.jpg 1024w, https:\/\/www.adra.sk\/wp-content\/uploads\/2024\/10\/Group-Photo-after-General-meeting-with-project-Beneficiaries_1-scaled-e1729845379929-768x358.jpg 768w, https:\/\/www.adra.sk\/wp-content\/uploads\/2024\/10\/Group-Photo-after-General-meeting-with-project-Beneficiaries_1-scaled-e1729845379929-1536x716.jpg 1536w, https:\/\/www.adra.sk\/wp-content\/uploads\/2024\/10\/Group-Photo-after-General-meeting-with-project-Beneficiaries_1-scaled-e1729845379929-2048x955.jpg 2048w, https:\/\/www.adra.sk\/wp-content\/uploads\/2024\/10\/Group-Photo-after-General-meeting-with-project-Beneficiaries_1-scaled-e1729845379929-18x8.jpg 18w, https:\/\/www.adra.sk\/wp-content\/uploads\/2024\/10\/Group-Photo-after-General-meeting-with-project-Beneficiaries_1-scaled-e1729845379929-2000x933.jpg 2000w\" sizes=\"(max-width: 300px) 100vw, 300px\" \/><\/div><\/a>\n\t\t\t\t<div class=\"elementor-post__badge\">Dobrovo\u013en\u00edctvo<\/div>\n\t\t\t\t<div class=\"elementor-post__text\">\n\t\t\t\t<h3 class=\"elementor-post__title\">\n\t\t\t<a href=\"https:\/\/www.adra.sk\/en\/hladame-dobrovolnika-do-ugandy-2\/\" target=&quot;_blank&quot;>\n\t\t\t\tH\u013ead\u00e1me dobrovo\u013en\u00edka do Ugandy\t\t\t<\/a>\n\t\t<\/h3>\n\t\t\t\t<div class=\"elementor-post__excerpt\">\n\t\t\t<p>M\u00e1\u0161 digit\u00e1lne alebo komunika\u010dn\u00e9 zru\u010dnosti a chce\u0161 ich vyu\u017ei\u0165 na podporu \u013eud\u00ed v jednej z<\/p>\n\t\t<\/div>\n\t\t\t\t<\/div>\n\t\t\t\t<div class=\"elementor-post__meta-data\">\n\t\t\t\t\t<span class=\"elementor-post-date\">\n\t\t\tOctober 11, 2025\t\t<\/span>\n\t\t\t\t<\/div>\n\t\t\t\t\t<\/div>\n\t\t<\/article>\n\t\t\t\t<article class=\"elementor-post elementor-grid-item post-34316 post type-post status-publish format-standard has-post-thumbnail hentry category-ukrajina tag-ukrajina\" role=\"listitem\">\n\t\t\t<div class=\"elementor-post__card\">\n\t\t\t\t<a class=\"elementor-post__thumbnail__link\" href=\"https:\/\/www.adra.sk\/en\/lekari-pre-lekarov\/\" tabindex=\"-1\" target=\"_blank\"><div class=\"elementor-post__thumbnail\"><img loading=\"lazy\" decoding=\"async\" width=\"300\" height=\"154\" src=\"https:\/\/www.adra.sk\/wp-content\/uploads\/2025\/08\/20250828_104349-scaled-e1756626347188-300x154.jpg\" class=\"attachment-medium size-medium wp-image-34304\" alt=\"\" srcset=\"https:\/\/www.adra.sk\/wp-content\/uploads\/2025\/08\/20250828_104349-scaled-e1756626347188-300x154.jpg 300w, https:\/\/www.adra.sk\/wp-content\/uploads\/2025\/08\/20250828_104349-scaled-e1756626347188-1024x526.jpg 1024w, https:\/\/www.adra.sk\/wp-content\/uploads\/2025\/08\/20250828_104349-scaled-e1756626347188-768x394.jpg 768w, https:\/\/www.adra.sk\/wp-content\/uploads\/2025\/08\/20250828_104349-scaled-e1756626347188-1536x788.jpg 1536w, https:\/\/www.adra.sk\/wp-content\/uploads\/2025\/08\/20250828_104349-scaled-e1756626347188-2048x1051.jpg 2048w, https:\/\/www.adra.sk\/wp-content\/uploads\/2025\/08\/20250828_104349-scaled-e1756626347188-18x9.jpg 18w, https:\/\/www.adra.sk\/wp-content\/uploads\/2025\/08\/20250828_104349-scaled-e1756626347188-2000x1027.jpg 2000w\" sizes=\"(max-width: 300px) 100vw, 300px\" \/><\/div><\/a>\n\t\t\t\t<div class=\"elementor-post__badge\">Ukrajina<\/div>\n\t\t\t\t<div class=\"elementor-post__text\">\n\t\t\t\t<h3 class=\"elementor-post__title\">\n\t\t\t<a href=\"https:\/\/www.adra.sk\/en\/lekari-pre-lekarov\/\" target=&quot;_blank&quot;>\n\t\t\t\tLek\u00e1ri pre lek\u00e1rov\t\t\t<\/a>\n\t\t<\/h3>\n\t\t\t\t<div class=\"elementor-post__excerpt\">\n\t\t\t<p>Zdravotn\u00edci z\u00a0nemocn\u00edc v\u00a0Rak\u00faskom Salzburgu vyjadruj\u00fa konkr\u00e9tnou pomocou svoju podporu pre zdravotn\u00edkov na Ukrajine, ktor\u00ed pracuj\u00fa<\/p>\n\t\t<\/div>\n\t\t\t\t<\/div>\n\t\t\t\t<div class=\"elementor-post__meta-data\">\n\t\t\t\t\t<span class=\"elementor-post-date\">\n\t\t\tAugust 31, 2025\t\t<\/span>\n\t\t\t\t<\/div>\n\t\t\t\t\t<\/div>\n\t\t<\/article>\n\t\t\t\t<article class=\"elementor-post elementor-grid-item post-34220 post type-post status-publish format-standard has-post-thumbnail hentry category-dobrovolnictvo category-vo-svete tag-bosna tag-dobrovolnictvo tag-slovakaid\" role=\"listitem\">\n\t\t\t<div class=\"elementor-post__card\">\n\t\t\t\t<a class=\"elementor-post__thumbnail__link\" href=\"https:\/\/www.adra.sk\/en\/hladame-dobrovolnika-do-bosny-a-hercegoviny\/\" tabindex=\"-1\" target=\"_blank\"><div class=\"elementor-post__thumbnail\"><img loading=\"lazy\" decoding=\"async\" width=\"300\" height=\"225\" src=\"https:\/\/www.adra.sk\/wp-content\/uploads\/2025\/08\/489234382_1066161908877738_4206143478129925689_n-300x225.jpg\" class=\"attachment-medium size-medium wp-image-34223\" alt=\"\" srcset=\"https:\/\/www.adra.sk\/wp-content\/uploads\/2025\/08\/489234382_1066161908877738_4206143478129925689_n-300x225.jpg 300w, https:\/\/www.adra.sk\/wp-content\/uploads\/2025\/08\/489234382_1066161908877738_4206143478129925689_n-1024x768.jpg 1024w, https:\/\/www.adra.sk\/wp-content\/uploads\/2025\/08\/489234382_1066161908877738_4206143478129925689_n-768x576.jpg 768w, https:\/\/www.adra.sk\/wp-content\/uploads\/2025\/08\/489234382_1066161908877738_4206143478129925689_n-16x12.jpg 16w, https:\/\/www.adra.sk\/wp-content\/uploads\/2025\/08\/489234382_1066161908877738_4206143478129925689_n-1000x750.jpg 1000w, https:\/\/www.adra.sk\/wp-content\/uploads\/2025\/08\/489234382_1066161908877738_4206143478129925689_n.jpg 1080w\" sizes=\"(max-width: 300px) 100vw, 300px\" \/><\/div><\/a>\n\t\t\t\t<div class=\"elementor-post__badge\">Dobrovo\u013en\u00edctvo<\/div>\n\t\t\t\t<div class=\"elementor-post__text\">\n\t\t\t\t<h3 class=\"elementor-post__title\">\n\t\t\t<a href=\"https:\/\/www.adra.sk\/en\/hladame-dobrovolnika-do-bosny-a-hercegoviny\/\" target=&quot;_blank&quot;>\n\t\t\t\tH\u013ead\u00e1me dobrovo\u013en\u00edka do Bosny a Hercegoviny\t\t\t<\/a>\n\t\t<\/h3>\n\t\t\t\t<div class=\"elementor-post__excerpt\">\n\t\t\t<p>Chce\u0161 str\u00e1vi\u0165 12 mesiacov priamo v srdci Balk\u00e1nu a pom\u00e1ha\u0165 \u013eu\u010fom, ktor\u00ed to najviac potrebuj\u00fa?<\/p>\n\t\t<\/div>\n\t\t\t\t<\/div>\n\t\t\t\t<div class=\"elementor-post__meta-data\">\n\t\t\t\t\t<span class=\"elementor-post-date\">\n\t\t\tAugust 11, 2025\t\t<\/span>\n\t\t\t\t<\/div>\n\t\t\t\t\t<\/div>\n\t\t<\/article>\n\t\t\t\t<article class=\"elementor-post elementor-grid-item post-34177 post type-post status-publish format-standard has-post-thumbnail hentry category-na-slovensku tag-slovensko tag-sos\" role=\"listitem\">\n\t\t\t<div class=\"elementor-post__card\">\n\t\t\t\t<a class=\"elementor-post__thumbnail__link\" href=\"https:\/\/www.adra.sk\/en\/poziar-v-spisskom-stiavniku\/\" tabindex=\"-1\" target=\"_blank\"><div class=\"elementor-post__thumbnail\"><img loading=\"lazy\" decoding=\"async\" width=\"300\" height=\"130\" src=\"https:\/\/www.adra.sk\/wp-content\/uploads\/2025\/07\/SPIS-01-scaled-e1753875974500-300x130.jpg\" class=\"attachment-medium size-medium wp-image-34192\" alt=\"\" srcset=\"https:\/\/www.adra.sk\/wp-content\/uploads\/2025\/07\/SPIS-01-scaled-e1753875974500-300x130.jpg 300w, https:\/\/www.adra.sk\/wp-content\/uploads\/2025\/07\/SPIS-01-scaled-e1753875974500-1024x444.jpg 1024w, https:\/\/www.adra.sk\/wp-content\/uploads\/2025\/07\/SPIS-01-scaled-e1753875974500-768x333.jpg 768w, https:\/\/www.adra.sk\/wp-content\/uploads\/2025\/07\/SPIS-01-scaled-e1753875974500-1536x665.jpg 1536w, https:\/\/www.adra.sk\/wp-content\/uploads\/2025\/07\/SPIS-01-scaled-e1753875974500-2048x887.jpg 2048w, https:\/\/www.adra.sk\/wp-content\/uploads\/2025\/07\/SPIS-01-scaled-e1753875974500-18x8.jpg 18w, https:\/\/www.adra.sk\/wp-content\/uploads\/2025\/07\/SPIS-01-scaled-e1753875974500-2000x866.jpg 2000w\" sizes=\"(max-width: 300px) 100vw, 300px\" \/><\/div><\/a>\n\t\t\t\t<div class=\"elementor-post__badge\">Slovensko<\/div>\n\t\t\t\t<div class=\"elementor-post__text\">\n\t\t\t\t<h3 class=\"elementor-post__title\">\n\t\t\t<a href=\"https:\/\/www.adra.sk\/en\/poziar-v-spisskom-stiavniku\/\" target=&quot;_blank&quot;>\n\t\t\t\tPo\u017eiar v Spi\u0161skom \u0160tiavniku\t\t\t<\/a>\n\t\t<\/h3>\n\t\t\t\t<div class=\"elementor-post__excerpt\">\n\t\t\t<p>Po\u017eiar v Spi\u0161skom \u0160tiavniku pripravil 22. j\u00fala pribli\u017ene 150 \u013eud\u00ed o strechu nad hlavou. Hoci<\/p>\n\t\t<\/div>\n\t\t\t\t<\/div>\n\t\t\t\t<div class=\"elementor-post__meta-data\">\n\t\t\t\t\t<span class=\"elementor-post-date\">\n\t\t\tJuly 30, 2025\t\t<\/span>\n\t\t\t\t<\/div>\n\t\t\t\t\t<\/div>\n\t\t<\/article>\n\t\t\t\t<article class=\"elementor-post elementor-grid-item post-34137 post type-post status-publish format-standard has-post-thumbnail hentry category-na-slovensku tag-slovensko tag-sos\" role=\"listitem\">\n\t\t\t<div class=\"elementor-post__card\">\n\t\t\t\t<a class=\"elementor-post__thumbnail__link\" href=\"https:\/\/www.adra.sk\/en\/adra-help-team-camp\/\" tabindex=\"-1\" target=\"_blank\"><div class=\"elementor-post__thumbnail\"><img loading=\"lazy\" decoding=\"async\" width=\"300\" height=\"162\" src=\"https:\/\/www.adra.sk\/wp-content\/uploads\/2025\/07\/20250703_102825-3-scaled-e1751691276917-300x162.jpg\" class=\"attachment-medium size-medium wp-image-34165\" alt=\"\" srcset=\"https:\/\/www.adra.sk\/wp-content\/uploads\/2025\/07\/20250703_102825-3-scaled-e1751691276917-300x162.jpg 300w, https:\/\/www.adra.sk\/wp-content\/uploads\/2025\/07\/20250703_102825-3-scaled-e1751691276917-1024x552.jpg 1024w, https:\/\/www.adra.sk\/wp-content\/uploads\/2025\/07\/20250703_102825-3-scaled-e1751691276917-768x414.jpg 768w, https:\/\/www.adra.sk\/wp-content\/uploads\/2025\/07\/20250703_102825-3-scaled-e1751691276917-1536x828.jpg 1536w, https:\/\/www.adra.sk\/wp-content\/uploads\/2025\/07\/20250703_102825-3-scaled-e1751691276917-2048x1104.jpg 2048w, https:\/\/www.adra.sk\/wp-content\/uploads\/2025\/07\/20250703_102825-3-scaled-e1751691276917-18x10.jpg 18w, https:\/\/www.adra.sk\/wp-content\/uploads\/2025\/07\/20250703_102825-3-scaled-e1751691276917-2000x1079.jpg 2000w\" sizes=\"(max-width: 300px) 100vw, 300px\" \/><\/div><\/a>\n\t\t\t\t<div class=\"elementor-post__badge\">Slovensko<\/div>\n\t\t\t\t<div class=\"elementor-post__text\">\n\t\t\t\t<h3 class=\"elementor-post__title\">\n\t\t\t<a href=\"https:\/\/www.adra.sk\/en\/adra-help-team-camp\/\" target=&quot;_blank&quot;>\n\t\t\t\tADRA camp\t\t\t<\/a>\n\t\t<\/h3>\n\t\t\t\t<div class=\"elementor-post__excerpt\">\n\t\t\t<p>&nbsp; Team ADRA op\u00e4\u0165 pom\u00e1ha v&nbsp;Pohorelskej Ma\u0161i. Aj toto leto sme pri\u0161li , aby sme<\/p>\n\t\t<\/div>\n\t\t\t\t<\/div>\n\t\t\t\t<div class=\"elementor-post__meta-data\">\n\t\t\t\t\t<span class=\"elementor-post-date\">\n\t\t\tJuly 5, 2025\t\t<\/span>\n\t\t\t\t<\/div>\n\t\t\t\t\t<\/div>\n\t\t<\/article>\n\t\t\t\t<article class=\"elementor-post elementor-grid-item post-34045 post type-post status-publish format-standard has-post-thumbnail hentry category-na-slovensku tag-slovensko tag-sos\" role=\"listitem\">\n\t\t\t<div class=\"elementor-post__card\">\n\t\t\t\t<a class=\"elementor-post__thumbnail__link\" href=\"https:\/\/www.adra.sk\/en\/sportovcom-svedci-pomahat\/\" tabindex=\"-1\" target=\"_blank\"><div class=\"elementor-post__thumbnail\"><img loading=\"lazy\" decoding=\"async\" width=\"300\" height=\"114\" src=\"https:\/\/www.adra.sk\/wp-content\/uploads\/2025\/06\/IMG_9824-scaled-e1750868955557-300x114.jpg\" class=\"attachment-medium size-medium wp-image-34049\" alt=\"\" srcset=\"https:\/\/www.adra.sk\/wp-content\/uploads\/2025\/06\/IMG_9824-scaled-e1750868955557-300x114.jpg 300w, https:\/\/www.adra.sk\/wp-content\/uploads\/2025\/06\/IMG_9824-scaled-e1750868955557-1024x389.jpg 1024w, https:\/\/www.adra.sk\/wp-content\/uploads\/2025\/06\/IMG_9824-scaled-e1750868955557-768x292.jpg 768w, https:\/\/www.adra.sk\/wp-content\/uploads\/2025\/06\/IMG_9824-scaled-e1750868955557-1536x583.jpg 1536w, https:\/\/www.adra.sk\/wp-content\/uploads\/2025\/06\/IMG_9824-scaled-e1750868955557-2048x778.jpg 2048w, https:\/\/www.adra.sk\/wp-content\/uploads\/2025\/06\/IMG_9824-scaled-e1750868955557-18x7.jpg 18w, https:\/\/www.adra.sk\/wp-content\/uploads\/2025\/06\/IMG_9824-scaled-e1750868955557-2000x759.jpg 2000w\" sizes=\"(max-width: 300px) 100vw, 300px\" \/><\/div><\/a>\n\t\t\t\t<div class=\"elementor-post__badge\">Slovensko<\/div>\n\t\t\t\t<div class=\"elementor-post__text\">\n\t\t\t\t<h3 class=\"elementor-post__title\">\n\t\t\t<a href=\"https:\/\/www.adra.sk\/en\/sportovcom-svedci-pomahat\/\" target=&quot;_blank&quot;>\n\t\t\t\t\u0160portovcom sved\u010d\u00ed pom\u00e1ha\u0165\t\t\t<\/a>\n\t\t<\/h3>\n\t\t\t\t<div class=\"elementor-post__excerpt\">\n\t\t\t<p>&nbsp; Nede\u013ea vo Voderadoch sa niesla v duchu \u0161portu, solidarity a pomoci. Cyklistick\u00e9 preteky, ktor\u00e9<\/p>\n\t\t<\/div>\n\t\t\t\t<\/div>\n\t\t\t\t<div class=\"elementor-post__meta-data\">\n\t\t\t\t\t<span class=\"elementor-post-date\">\n\t\t\tJune 25, 2025\t\t<\/span>\n\t\t\t\t<\/div>\n\t\t\t\t\t<\/div>\n\t\t<\/article>\n\t\t\t\t<article class=\"elementor-post elementor-grid-item post-33954 post type-post status-publish format-standard has-post-thumbnail hentry category-ukrajina tag-ukrajina\" role=\"listitem\">\n\t\t\t<div class=\"elementor-post__card\">\n\t\t\t\t<a class=\"elementor-post__thumbnail__link\" href=\"https:\/\/www.adra.sk\/en\/co-vam-tie-deti-urobili\/\" tabindex=\"-1\" target=\"_blank\"><div class=\"elementor-post__thumbnail\"><img loading=\"lazy\" decoding=\"async\" width=\"300\" height=\"138\" src=\"https:\/\/www.adra.sk\/wp-content\/uploads\/2025\/05\/20250521_150020-1-scaled-e1748284112560-300x138.jpg\" class=\"attachment-medium size-medium wp-image-33958\" alt=\"\" srcset=\"https:\/\/www.adra.sk\/wp-content\/uploads\/2025\/05\/20250521_150020-1-scaled-e1748284112560-300x138.jpg 300w, https:\/\/www.adra.sk\/wp-content\/uploads\/2025\/05\/20250521_150020-1-scaled-e1748284112560-1024x471.jpg 1024w, https:\/\/www.adra.sk\/wp-content\/uploads\/2025\/05\/20250521_150020-1-scaled-e1748284112560-768x353.jpg 768w, https:\/\/www.adra.sk\/wp-content\/uploads\/2025\/05\/20250521_150020-1-scaled-e1748284112560-1536x706.jpg 1536w, https:\/\/www.adra.sk\/wp-content\/uploads\/2025\/05\/20250521_150020-1-scaled-e1748284112560-2048x942.jpg 2048w, https:\/\/www.adra.sk\/wp-content\/uploads\/2025\/05\/20250521_150020-1-scaled-e1748284112560-18x8.jpg 18w, https:\/\/www.adra.sk\/wp-content\/uploads\/2025\/05\/20250521_150020-1-scaled-e1748284112560-2000x920.jpg 2000w\" sizes=\"(max-width: 300px) 100vw, 300px\" \/><\/div><\/a>\n\t\t\t\t<div class=\"elementor-post__badge\">Ukrajina<\/div>\n\t\t\t\t<div class=\"elementor-post__text\">\n\t\t\t\t<h3 class=\"elementor-post__title\">\n\t\t\t<a href=\"https:\/\/www.adra.sk\/en\/co-vam-tie-deti-urobili\/\" target=&quot;_blank&quot;>\n\t\t\t\t\u010co v\u00e1m tie deti urobili?\t\t\t<\/a>\n\t\t<\/h3>\n\t\t\t\t<div class=\"elementor-post__excerpt\">\n\t\t\t<p>\u201eNepotrebovali by ste 2 ve\u013ek\u00e9 plynov\u00e9 kotly pre nejak\u00fa in\u0161tit\u00faciu na Ukrajine?\u201c Dostali sme ponuku<\/p>\n\t\t<\/div>\n\t\t\t\t<\/div>\n\t\t\t\t<div class=\"elementor-post__meta-data\">\n\t\t\t\t\t<span class=\"elementor-post-date\">\n\t\t\tMay 26, 2025\t\t<\/span>\n\t\t\t\t<\/div>\n\t\t\t\t\t<\/div>\n\t\t<\/article>\n\t\t\t\t<article class=\"elementor-post elementor-grid-item post-33931 post type-post status-publish format-standard has-post-thumbnail hentry category-ukrajina tag-ukrajina\" role=\"listitem\">\n\t\t\t<div class=\"elementor-post__card\">\n\t\t\t\t<a class=\"elementor-post__thumbnail__link\" href=\"https:\/\/www.adra.sk\/en\/elektrina-pre-skoly\/\" tabindex=\"-1\" target=\"_blank\"><div class=\"elementor-post__thumbnail\"><img loading=\"lazy\" decoding=\"async\" width=\"300\" height=\"127\" src=\"https:\/\/www.adra.sk\/wp-content\/uploads\/2025\/05\/IMG-20250521-WA0025-e1748282981168-300x127.jpg\" class=\"attachment-medium size-medium wp-image-33933\" alt=\"\" srcset=\"https:\/\/www.adra.sk\/wp-content\/uploads\/2025\/05\/IMG-20250521-WA0025-e1748282981168-300x127.jpg 300w, https:\/\/www.adra.sk\/wp-content\/uploads\/2025\/05\/IMG-20250521-WA0025-e1748282981168-1024x434.jpg 1024w, https:\/\/www.adra.sk\/wp-content\/uploads\/2025\/05\/IMG-20250521-WA0025-e1748282981168-768x326.jpg 768w, https:\/\/www.adra.sk\/wp-content\/uploads\/2025\/05\/IMG-20250521-WA0025-e1748282981168-1536x652.jpg 1536w, https:\/\/www.adra.sk\/wp-content\/uploads\/2025\/05\/IMG-20250521-WA0025-e1748282981168-18x8.jpg 18w, https:\/\/www.adra.sk\/wp-content\/uploads\/2025\/05\/IMG-20250521-WA0025-e1748282981168.jpg 1921w\" sizes=\"(max-width: 300px) 100vw, 300px\" \/><\/div><\/a>\n\t\t\t\t<div class=\"elementor-post__badge\">Ukrajina<\/div>\n\t\t\t\t<div class=\"elementor-post__text\">\n\t\t\t\t<h3 class=\"elementor-post__title\">\n\t\t\t<a href=\"https:\/\/www.adra.sk\/en\/elektrina-pre-skoly\/\" target=&quot;_blank&quot;>\n\t\t\t\tElektrina pre \u0161koly\t\t\t<\/a>\n\t\t<\/h3>\n\t\t\t\t<div class=\"elementor-post__excerpt\">\n\t\t\t<p>\u010eal\u0161ie 4 \u0161koly dostali ve\u013ek\u00e9 gener\u00e1tory, ktor\u00e9 posl\u00fa\u017eia ako z\u00e1lo\u017en\u00e9 zdroje. &nbsp; Probl\u00e9my s dod\u00e1vkami<\/p>\n\t\t<\/div>\n\t\t\t\t<\/div>\n\t\t\t\t<div class=\"elementor-post__meta-data\">\n\t\t\t\t\t<span class=\"elementor-post-date\">\n\t\t\tMay 26, 2025\t\t<\/span>\n\t\t\t\t<\/div>\n\t\t\t\t\t<\/div>\n\t\t<\/article>\n\t\t\t\t<article class=\"elementor-post elementor-grid-item post-33912 post type-post status-publish format-standard has-post-thumbnail hentry category-ukrajina tag-ukrajina\" role=\"listitem\">\n\t\t\t<div class=\"elementor-post__card\">\n\t\t\t\t<a class=\"elementor-post__thumbnail__link\" href=\"https:\/\/www.adra.sk\/en\/mier-sa-odklada-ale-pomoc-pokracuje\/\" tabindex=\"-1\" target=\"_blank\"><div class=\"elementor-post__thumbnail\"><img loading=\"lazy\" decoding=\"async\" width=\"300\" height=\"116\" src=\"https:\/\/www.adra.sk\/wp-content\/uploads\/2025\/05\/IMG-20250522-WA0069-e1748282066476-300x116.jpg\" class=\"attachment-medium size-medium wp-image-33914\" alt=\"\" srcset=\"https:\/\/www.adra.sk\/wp-content\/uploads\/2025\/05\/IMG-20250522-WA0069-e1748282066476-300x116.jpg 300w, https:\/\/www.adra.sk\/wp-content\/uploads\/2025\/05\/IMG-20250522-WA0069-e1748282066476-1024x394.jpg 1024w, https:\/\/www.adra.sk\/wp-content\/uploads\/2025\/05\/IMG-20250522-WA0069-e1748282066476-768x296.jpg 768w, https:\/\/www.adra.sk\/wp-content\/uploads\/2025\/05\/IMG-20250522-WA0069-e1748282066476-1536x591.jpg 1536w, https:\/\/www.adra.sk\/wp-content\/uploads\/2025\/05\/IMG-20250522-WA0069-e1748282066476-18x7.jpg 18w, https:\/\/www.adra.sk\/wp-content\/uploads\/2025\/05\/IMG-20250522-WA0069-e1748282066476-2000x770.jpg 2000w, https:\/\/www.adra.sk\/wp-content\/uploads\/2025\/05\/IMG-20250522-WA0069-e1748282066476.jpg 2010w\" sizes=\"(max-width: 300px) 100vw, 300px\" \/><\/div><\/a>\n\t\t\t\t<div class=\"elementor-post__badge\">Ukrajina<\/div>\n\t\t\t\t<div class=\"elementor-post__text\">\n\t\t\t\t<h3 class=\"elementor-post__title\">\n\t\t\t<a href=\"https:\/\/www.adra.sk\/en\/mier-sa-odklada-ale-pomoc-pokracuje\/\" target=&quot;_blank&quot;>\n\t\t\t\tMier sa odklad\u00e1, ale pomoc pokra\u010duje\t\t\t<\/a>\n\t\t<\/h3>\n\t\t\t\t<div class=\"elementor-post__excerpt\">\n\t\t\t<p>N\u00e1\u0161 humanit\u00e1rny t\u00edm op\u00e4\u0165 doru\u010dil a&nbsp;distribuoval humanit\u00e1rnu pomoc do najvzdialenej\u0161\u00edch k\u00fatov na v\u00fdchode Ukrajiny. &nbsp;<\/p>\n\t\t<\/div>\n\t\t\t\t<\/div>\n\t\t\t\t<div class=\"elementor-post__meta-data\">\n\t\t\t\t\t<span class=\"elementor-post-date\">\n\t\t\tMay 26, 2025\t\t<\/span>\n\t\t\t\t<\/div>\n\t\t\t\t\t<\/div>\n\t\t<\/article>\n\t\t\t\t<article class=\"elementor-post elementor-grid-item post-33805 post type-post status-publish format-standard has-post-thumbnail hentry category-na-slovensku tag-slovensko tag-sos\" role=\"listitem\">\n\t\t\t<div class=\"elementor-post__card\">\n\t\t\t\t<a class=\"elementor-post__thumbnail__link\" href=\"https:\/\/www.adra.sk\/en\/medzinarodny-trening-krizovej-intervencie-simulacia-alebo-realita\/\" tabindex=\"-1\" target=\"_blank\"><div class=\"elementor-post__thumbnail\"><img loading=\"lazy\" decoding=\"async\" width=\"300\" height=\"200\" src=\"https:\/\/www.adra.sk\/wp-content\/uploads\/2025\/05\/Obrazok-WhatsApp-2025-05-06-o-13.03.43_23cbb79b-300x200.jpg\" class=\"attachment-medium size-medium wp-image-33806\" alt=\"\" srcset=\"https:\/\/www.adra.sk\/wp-content\/uploads\/2025\/05\/Obrazok-WhatsApp-2025-05-06-o-13.03.43_23cbb79b-300x200.jpg 300w, https:\/\/www.adra.sk\/wp-content\/uploads\/2025\/05\/Obrazok-WhatsApp-2025-05-06-o-13.03.43_23cbb79b-1024x683.jpg 1024w, https:\/\/www.adra.sk\/wp-content\/uploads\/2025\/05\/Obrazok-WhatsApp-2025-05-06-o-13.03.43_23cbb79b-768x512.jpg 768w, https:\/\/www.adra.sk\/wp-content\/uploads\/2025\/05\/Obrazok-WhatsApp-2025-05-06-o-13.03.43_23cbb79b-1536x1024.jpg 1536w, https:\/\/www.adra.sk\/wp-content\/uploads\/2025\/05\/Obrazok-WhatsApp-2025-05-06-o-13.03.43_23cbb79b-18x12.jpg 18w, https:\/\/www.adra.sk\/wp-content\/uploads\/2025\/05\/Obrazok-WhatsApp-2025-05-06-o-13.03.43_23cbb79b-2000x1333.jpg 2000w, https:\/\/www.adra.sk\/wp-content\/uploads\/2025\/05\/Obrazok-WhatsApp-2025-05-06-o-13.03.43_23cbb79b.jpg 2048w\" sizes=\"(max-width: 300px) 100vw, 300px\" \/><\/div><\/a>\n\t\t\t\t<div class=\"elementor-post__badge\">Slovensko<\/div>\n\t\t\t\t<div class=\"elementor-post__text\">\n\t\t\t\t<h3 class=\"elementor-post__title\">\n\t\t\t<a href=\"https:\/\/www.adra.sk\/en\/medzinarodny-trening-krizovej-intervencie-simulacia-alebo-realita\/\" target=&quot;_blank&quot;>\n\t\t\t\tMedzin\u00e1rodn\u00fd tr\u00e9ning kr\u00edzovej intervencie: Simul\u00e1cia alebo realita? | \u010das\u0165 2\t\t\t<\/a>\n\t\t<\/h3>\n\t\t\t\t<div class=\"elementor-post__excerpt\">\n\t\t\t<p>\u00da\u010dastn\u00edci medzin\u00e1rodn\u00e9ho tr\u00e9ningu kr\u00edzovej intervencie, ktor\u00fd sme organizovali na Slovensku, si otestovali svoju pripravenos\u0165 na<\/p>\n\t\t<\/div>\n\t\t\t\t<\/div>\n\t\t\t\t<div class=\"elementor-post__meta-data\">\n\t\t\t\t\t<span class=\"elementor-post-date\">\n\t\t\tMay 21, 2025\t\t<\/span>\n\t\t\t\t<\/div>\n\t\t\t\t\t<\/div>\n\t\t<\/article>\n\t\t\t\t<article class=\"elementor-post elementor-grid-item post-33620 post type-post status-publish format-standard has-post-thumbnail hentry category-na-slovensku tag-slovensko tag-sos\" role=\"listitem\">\n\t\t\t<div class=\"elementor-post__card\">\n\t\t\t\t<a class=\"elementor-post__thumbnail__link\" href=\"https:\/\/www.adra.sk\/en\/medzinarodny-trening-krizovej-intervencie\/\" tabindex=\"-1\" target=\"_blank\"><div class=\"elementor-post__thumbnail\"><img loading=\"lazy\" decoding=\"async\" width=\"300\" height=\"200\" src=\"https:\/\/www.adra.sk\/wp-content\/uploads\/2025\/05\/IMG-20250505-WA0011-300x200.jpg\" class=\"attachment-medium size-medium wp-image-33625\" alt=\"\" srcset=\"https:\/\/www.adra.sk\/wp-content\/uploads\/2025\/05\/IMG-20250505-WA0011-300x200.jpg 300w, https:\/\/www.adra.sk\/wp-content\/uploads\/2025\/05\/IMG-20250505-WA0011-1024x683.jpg 1024w, https:\/\/www.adra.sk\/wp-content\/uploads\/2025\/05\/IMG-20250505-WA0011-768x512.jpg 768w, https:\/\/www.adra.sk\/wp-content\/uploads\/2025\/05\/IMG-20250505-WA0011-1536x1024.jpg 1536w, https:\/\/www.adra.sk\/wp-content\/uploads\/2025\/05\/IMG-20250505-WA0011-18x12.jpg 18w, https:\/\/www.adra.sk\/wp-content\/uploads\/2025\/05\/IMG-20250505-WA0011-2000x1333.jpg 2000w, https:\/\/www.adra.sk\/wp-content\/uploads\/2025\/05\/IMG-20250505-WA0011.jpg 2048w\" sizes=\"(max-width: 300px) 100vw, 300px\" \/><\/div><\/a>\n\t\t\t\t<div class=\"elementor-post__badge\">Slovensko<\/div>\n\t\t\t\t<div class=\"elementor-post__text\">\n\t\t\t\t<h3 class=\"elementor-post__title\">\n\t\t\t<a href=\"https:\/\/www.adra.sk\/en\/medzinarodny-trening-krizovej-intervencie\/\" target=&quot;_blank&quot;>\n\t\t\t\tMedzin\u00e1rodn\u00fd tr\u00e9ning kr\u00edzovej intervencie | \u010das\u0165 1\t\t\t<\/a>\n\t\t<\/h3>\n\t\t\t\t<div class=\"elementor-post__excerpt\">\n\t\t\t<p>Organizujeme medzin\u00e1rodn\u00fd tr\u00e9ning kr\u00edzovej intervencie. Pripravenos\u0165 na kr\u00edzu testujeme aj v r\u00f3mskej komunite na v\u00fdchode<\/p>\n\t\t<\/div>\n\t\t\t\t<\/div>\n\t\t\t\t<div class=\"elementor-post__meta-data\">\n\t\t\t\t\t<span class=\"elementor-post-date\">\n\t\t\tMay 5, 2025\t\t<\/span>\n\t\t\t\t<\/div>\n\t\t\t\t\t<\/div>\n\t\t<\/article>\n\t\t\t\t<article class=\"elementor-post elementor-grid-item post-33570 post type-post status-publish format-standard has-post-thumbnail hentry category-ukrajina tag-ukrajina\" role=\"listitem\">\n\t\t\t<div class=\"elementor-post__card\">\n\t\t\t\t<a class=\"elementor-post__thumbnail__link\" href=\"https:\/\/www.adra.sk\/en\/seniori-seniorom\/\" tabindex=\"-1\" target=\"_blank\"><div class=\"elementor-post__thumbnail\"><img loading=\"lazy\" decoding=\"async\" width=\"300\" height=\"150\" src=\"https:\/\/www.adra.sk\/wp-content\/uploads\/2025\/04\/20250407_190853-scaled-e1745589066179-300x150.jpg\" class=\"attachment-medium size-medium wp-image-33585\" alt=\"\" srcset=\"https:\/\/www.adra.sk\/wp-content\/uploads\/2025\/04\/20250407_190853-scaled-e1745589066179-300x150.jpg 300w, https:\/\/www.adra.sk\/wp-content\/uploads\/2025\/04\/20250407_190853-scaled-e1745589066179-1024x512.jpg 1024w, https:\/\/www.adra.sk\/wp-content\/uploads\/2025\/04\/20250407_190853-scaled-e1745589066179-768x384.jpg 768w, https:\/\/www.adra.sk\/wp-content\/uploads\/2025\/04\/20250407_190853-scaled-e1745589066179-1536x768.jpg 1536w, https:\/\/www.adra.sk\/wp-content\/uploads\/2025\/04\/20250407_190853-scaled-e1745589066179-2048x1024.jpg 2048w, https:\/\/www.adra.sk\/wp-content\/uploads\/2025\/04\/20250407_190853-scaled-e1745589066179-18x9.jpg 18w, https:\/\/www.adra.sk\/wp-content\/uploads\/2025\/04\/20250407_190853-scaled-e1745589066179-2000x1000.jpg 2000w\" sizes=\"(max-width: 300px) 100vw, 300px\" \/><\/div><\/a>\n\t\t\t\t<div class=\"elementor-post__badge\">Ukrajina<\/div>\n\t\t\t\t<div class=\"elementor-post__text\">\n\t\t\t\t<h3 class=\"elementor-post__title\">\n\t\t\t<a href=\"https:\/\/www.adra.sk\/en\/seniori-seniorom\/\" target=&quot;_blank&quot;>\n\t\t\t\tSeniori seniorom\t\t\t<\/a>\n\t\t<\/h3>\n\t\t\t\t<div class=\"elementor-post__excerpt\">\n\t\t\t<p>Spolo\u010dne s na\u0161imi partnermi sme doru\u010dili 20 zdravotn\u00edckych polohovate\u013en\u00fdch l\u00f4\u017eok z Nemecka pre seniorov v<\/p>\n\t\t<\/div>\n\t\t\t\t<\/div>\n\t\t\t\t<div class=\"elementor-post__meta-data\">\n\t\t\t\t\t<span class=\"elementor-post-date\">\n\t\t\tApril 25, 2025\t\t<\/span>\n\t\t\t\t<\/div>\n\t\t\t\t\t<\/div>\n\t\t<\/article>\n\t\t\t\t<article class=\"elementor-post elementor-grid-item post-33353 post type-post status-publish format-standard has-post-thumbnail hentry category-dobrovolnictvo category-uganda tag-dobrovolnictvo tag-slovakaid tag-uganda\" role=\"listitem\">\n\t\t\t<div class=\"elementor-post__card\">\n\t\t\t\t<a class=\"elementor-post__thumbnail__link\" href=\"https:\/\/www.adra.sk\/en\/ocenenie-srdce-na-dlani-pre-nasu-anicku\/\" tabindex=\"-1\" target=\"_blank\"><div class=\"elementor-post__thumbnail\"><img loading=\"lazy\" decoding=\"async\" width=\"300\" height=\"200\" src=\"https:\/\/www.adra.sk\/wp-content\/uploads\/2025\/04\/Kopia-suboru-R6__8970-44-1-300x200.jpg\" class=\"attachment-medium size-medium wp-image-33354\" alt=\"\" srcset=\"https:\/\/www.adra.sk\/wp-content\/uploads\/2025\/04\/Kopia-suboru-R6__8970-44-1-300x200.jpg 300w, https:\/\/www.adra.sk\/wp-content\/uploads\/2025\/04\/Kopia-suboru-R6__8970-44-1-1024x682.jpg 1024w, https:\/\/www.adra.sk\/wp-content\/uploads\/2025\/04\/Kopia-suboru-R6__8970-44-1-768x512.jpg 768w, https:\/\/www.adra.sk\/wp-content\/uploads\/2025\/04\/Kopia-suboru-R6__8970-44-1-1536x1024.jpg 1536w, https:\/\/www.adra.sk\/wp-content\/uploads\/2025\/04\/Kopia-suboru-R6__8970-44-1-2048x1365.jpg 2048w, https:\/\/www.adra.sk\/wp-content\/uploads\/2025\/04\/Kopia-suboru-R6__8970-44-1-18x12.jpg 18w, https:\/\/www.adra.sk\/wp-content\/uploads\/2025\/04\/Kopia-suboru-R6__8970-44-1-2000x1333.jpg 2000w\" sizes=\"(max-width: 300px) 100vw, 300px\" \/><\/div><\/a>\n\t\t\t\t<div class=\"elementor-post__badge\">Dobrovo\u013en\u00edctvo<\/div>\n\t\t\t\t<div class=\"elementor-post__text\">\n\t\t\t\t<h3 class=\"elementor-post__title\">\n\t\t\t<a href=\"https:\/\/www.adra.sk\/en\/ocenenie-srdce-na-dlani-pre-nasu-anicku\/\" target=&quot;_blank&quot;>\n\t\t\t\tOcenenie Srdce na dlani pre na\u0161u Ani\u010dku\t\t\t<\/a>\n\t\t<\/h3>\n\t\t\t\t<div class=\"elementor-post__excerpt\">\n\t\t\t<p>Na\u0161a dobrovo\u013en\u00ed\u010dka Anna Joach\u00edmov\u00e1 si sl\u00e1vnostne prevzala ocenenie Srdce na dlani v kateg\u00f3rii Dobrovo\u013en\u00edk\/-\u010dka pom\u00e1haj\u00faci\/-a<\/p>\n\t\t<\/div>\n\t\t\t\t<\/div>\n\t\t\t\t<div class=\"elementor-post__meta-data\">\n\t\t\t\t\t<span class=\"elementor-post-date\">\n\t\t\tApril 1, 2025\t\t<\/span>\n\t\t\t\t<\/div>\n\t\t\t\t\t<\/div>\n\t\t<\/article>\n\t\t\t\t<article class=\"elementor-post elementor-grid-item post-33228 post type-post status-publish format-standard has-post-thumbnail hentry category-uganda tag-uganda\" role=\"listitem\">\n\t\t\t<div class=\"elementor-post__card\">\n\t\t\t\t<a class=\"elementor-post__thumbnail__link\" href=\"https:\/\/www.adra.sk\/en\/darceky-pre-deti-v-ugande\/\" tabindex=\"-1\" target=\"_blank\"><div class=\"elementor-post__thumbnail\"><img loading=\"lazy\" decoding=\"async\" width=\"300\" height=\"169\" src=\"https:\/\/www.adra.sk\/wp-content\/uploads\/2025\/03\/20250221_110226-300x169.jpg\" class=\"attachment-medium size-medium wp-image-33229\" alt=\"\" srcset=\"https:\/\/www.adra.sk\/wp-content\/uploads\/2025\/03\/20250221_110226-300x169.jpg 300w, https:\/\/www.adra.sk\/wp-content\/uploads\/2025\/03\/20250221_110226-1024x576.jpg 1024w, https:\/\/www.adra.sk\/wp-content\/uploads\/2025\/03\/20250221_110226-768x432.jpg 768w, https:\/\/www.adra.sk\/wp-content\/uploads\/2025\/03\/20250221_110226-1536x864.jpg 1536w, https:\/\/www.adra.sk\/wp-content\/uploads\/2025\/03\/20250221_110226-2048x1152.jpg 2048w, https:\/\/www.adra.sk\/wp-content\/uploads\/2025\/03\/20250221_110226-18x10.jpg 18w, https:\/\/www.adra.sk\/wp-content\/uploads\/2025\/03\/20250221_110226-2000x1125.jpg 2000w\" sizes=\"(max-width: 300px) 100vw, 300px\" \/><\/div><\/a>\n\t\t\t\t<div class=\"elementor-post__badge\">Uganda<\/div>\n\t\t\t\t<div class=\"elementor-post__text\">\n\t\t\t\t<h3 class=\"elementor-post__title\">\n\t\t\t<a href=\"https:\/\/www.adra.sk\/en\/darceky-pre-deti-v-ugande\/\" target=&quot;_blank&quot;>\n\t\t\t\tDar\u010deky pre deti v Ugande\t\t\t<\/a>\n\t\t<\/h3>\n\t\t\t\t<div class=\"elementor-post__excerpt\">\n\t\t\t<p>De\u0165om v Ugande sme venovali hra\u010dky. M\u00e1te doma dia\u013ekovo ovl\u00e1dan\u00e9 aut\u00ed\u010dko, s ktor\u00fdm sa va\u0161e<\/p>\n\t\t<\/div>\n\t\t\t\t<\/div>\n\t\t\t\t<div class=\"elementor-post__meta-data\">\n\t\t\t\t\t<span class=\"elementor-post-date\">\n\t\t\tMarch 19, 2025\t\t<\/span>\n\t\t\t\t<\/div>\n\t\t\t\t\t<\/div>\n\t\t<\/article>\n\t\t\t\t<article class=\"elementor-post elementor-grid-item post-33189 post type-post status-publish format-standard has-post-thumbnail hentry category-uganda tag-uganda\" role=\"listitem\">\n\t\t\t<div class=\"elementor-post__card\">\n\t\t\t\t<a class=\"elementor-post__thumbnail__link\" href=\"https:\/\/www.adra.sk\/en\/obedy-pre-deti-v-ugande-2\/\" tabindex=\"-1\" target=\"_blank\"><div class=\"elementor-post__thumbnail\"><img loading=\"lazy\" decoding=\"async\" width=\"300\" height=\"225\" src=\"https:\/\/www.adra.sk\/wp-content\/uploads\/2025\/03\/20250221_132132-300x225.jpg\" class=\"attachment-medium size-medium wp-image-33170\" alt=\"\" srcset=\"https:\/\/www.adra.sk\/wp-content\/uploads\/2025\/03\/20250221_132132-300x225.jpg 300w, https:\/\/www.adra.sk\/wp-content\/uploads\/2025\/03\/20250221_132132-1024x768.jpg 1024w, https:\/\/www.adra.sk\/wp-content\/uploads\/2025\/03\/20250221_132132-768x576.jpg 768w, https:\/\/www.adra.sk\/wp-content\/uploads\/2025\/03\/20250221_132132-1536x1152.jpg 1536w, https:\/\/www.adra.sk\/wp-content\/uploads\/2025\/03\/20250221_132132-2048x1536.jpg 2048w, https:\/\/www.adra.sk\/wp-content\/uploads\/2025\/03\/20250221_132132-16x12.jpg 16w, https:\/\/www.adra.sk\/wp-content\/uploads\/2025\/03\/20250221_132132-1000x750.jpg 1000w, https:\/\/www.adra.sk\/wp-content\/uploads\/2025\/03\/20250221_132132-2000x1500.jpg 2000w\" sizes=\"(max-width: 300px) 100vw, 300px\" \/><\/div><\/a>\n\t\t\t\t<div class=\"elementor-post__badge\">Uganda<\/div>\n\t\t\t\t<div class=\"elementor-post__text\">\n\t\t\t\t<h3 class=\"elementor-post__title\">\n\t\t\t<a href=\"https:\/\/www.adra.sk\/en\/obedy-pre-deti-v-ugande-2\/\" target=&quot;_blank&quot;>\n\t\t\t\tObedy pre deti v Ugande\t\t\t<\/a>\n\t\t<\/h3>\n\t\t\t\t<div class=\"elementor-post__excerpt\">\n\t\t\t<p>Deti v ute\u010deneckom t\u00e1bore Kyaka II. dost\u00e1vaj\u00fa v \u0161kole ka\u017ed\u00fd de\u0148 aj tepl\u00fd obed. \u0160kola<\/p>\n\t\t<\/div>\n\t\t\t\t<\/div>\n\t\t\t\t<div class=\"elementor-post__meta-data\">\n\t\t\t\t\t<span class=\"elementor-post-date\">\n\t\t\tMarch 11, 2025\t\t<\/span>\n\t\t\t\t<\/div>\n\t\t\t\t\t<\/div>\n\t\t<\/article>\n\t\t\t\t<article class=\"elementor-post elementor-grid-item post-33086 post type-post status-publish format-standard has-post-thumbnail hentry category-na-slovensku tag-slovensko\" role=\"listitem\">\n\t\t\t<div class=\"elementor-post__card\">\n\t\t\t\t<a class=\"elementor-post__thumbnail__link\" href=\"https:\/\/www.adra.sk\/en\/pomoc-po-poziari-v-lomnicke\/\" tabindex=\"-1\" target=\"_blank\"><div class=\"elementor-post__thumbnail\"><img loading=\"lazy\" decoding=\"async\" width=\"300\" height=\"173\" src=\"https:\/\/www.adra.sk\/wp-content\/uploads\/2025\/02\/IMG-20250224-WA0001-1-e1740571763517-300x173.jpg\" class=\"attachment-medium size-medium wp-image-33097\" alt=\"\" srcset=\"https:\/\/www.adra.sk\/wp-content\/uploads\/2025\/02\/IMG-20250224-WA0001-1-e1740571763517-300x173.jpg 300w, https:\/\/www.adra.sk\/wp-content\/uploads\/2025\/02\/IMG-20250224-WA0001-1-e1740571763517-1024x592.jpg 1024w, https:\/\/www.adra.sk\/wp-content\/uploads\/2025\/02\/IMG-20250224-WA0001-1-e1740571763517-768x444.jpg 768w, https:\/\/www.adra.sk\/wp-content\/uploads\/2025\/02\/IMG-20250224-WA0001-1-e1740571763517-1536x888.jpg 1536w, https:\/\/www.adra.sk\/wp-content\/uploads\/2025\/02\/IMG-20250224-WA0001-1-e1740571763517-18x10.jpg 18w, https:\/\/www.adra.sk\/wp-content\/uploads\/2025\/02\/IMG-20250224-WA0001-1-e1740571763517.jpg 1600w\" sizes=\"(max-width: 300px) 100vw, 300px\" \/><\/div><\/a>\n\t\t\t\t<div class=\"elementor-post__badge\">Slovensko<\/div>\n\t\t\t\t<div class=\"elementor-post__text\">\n\t\t\t\t<h3 class=\"elementor-post__title\">\n\t\t\t<a href=\"https:\/\/www.adra.sk\/en\/pomoc-po-poziari-v-lomnicke\/\" target=&quot;_blank&quot;>\n\t\t\t\tPomoc po po\u017eiari v Lomni\u010dke\t\t\t<\/a>\n\t\t<\/h3>\n\t\t\t\t<div class=\"elementor-post__excerpt\">\n\t\t\t<p>Pom\u00e1hme rodin\u00e1m postihnut\u00fdm po\u017eiarom v Lomni\u010dke. V nede\u013eu postihol obec Lomni\u010dka pri Starej \u013dubovni ni\u010div\u00fd<\/p>\n\t\t<\/div>\n\t\t\t\t<\/div>\n\t\t\t\t<div class=\"elementor-post__meta-data\">\n\t\t\t\t\t<span class=\"elementor-post-date\">\n\t\t\tFebruary 26, 2025\t\t<\/span>\n\t\t\t\t<\/div>\n\t\t\t\t\t<\/div>\n\t\t<\/article>\n\t\t\t\t<article class=\"elementor-post elementor-grid-item post-32950 post type-post status-publish format-standard has-post-thumbnail hentry category-na-slovensku tag-slovensko\" role=\"listitem\">\n\t\t\t<div class=\"elementor-post__card\">\n\t\t\t\t<a class=\"elementor-post__thumbnail__link\" href=\"https:\/\/www.adra.sk\/en\/ukoncujeme-prevadzku-centra-humanitarnej-pomoci-kto-pomoze-ukrajine\/\" tabindex=\"-1\" target=\"_blank\"><div class=\"elementor-post__thumbnail\"><img loading=\"lazy\" decoding=\"async\" width=\"300\" height=\"267\" src=\"https:\/\/www.adra.sk\/wp-content\/uploads\/2022\/11\/20220803_192104-scaled-e1668025967805-300x267.jpg\" class=\"attachment-medium size-medium wp-image-26888\" alt=\"\" srcset=\"https:\/\/www.adra.sk\/wp-content\/uploads\/2022\/11\/20220803_192104-scaled-e1668025967805-300x267.jpg 300w, https:\/\/www.adra.sk\/wp-content\/uploads\/2022\/11\/20220803_192104-scaled-e1668025967805-1024x911.jpg 1024w, https:\/\/www.adra.sk\/wp-content\/uploads\/2022\/11\/20220803_192104-scaled-e1668025967805-768x683.jpg 768w, https:\/\/www.adra.sk\/wp-content\/uploads\/2022\/11\/20220803_192104-scaled-e1668025967805-1536x1366.jpg 1536w, https:\/\/www.adra.sk\/wp-content\/uploads\/2022\/11\/20220803_192104-scaled-e1668025967805-2048x1821.jpg 2048w, https:\/\/www.adra.sk\/wp-content\/uploads\/2022\/11\/20220803_192104-scaled-e1668025967805-13x12.jpg 13w, https:\/\/www.adra.sk\/wp-content\/uploads\/2022\/11\/20220803_192104-scaled-e1668025967805-2000x1778.jpg 2000w\" sizes=\"(max-width: 300px) 100vw, 300px\" \/><\/div><\/a>\n\t\t\t\t<div class=\"elementor-post__badge\">Slovensko<\/div>\n\t\t\t\t<div class=\"elementor-post__text\">\n\t\t\t\t<h3 class=\"elementor-post__title\">\n\t\t\t<a href=\"https:\/\/www.adra.sk\/en\/ukoncujeme-prevadzku-centra-humanitarnej-pomoci-kto-pomoze-ukrajine\/\" target=&quot;_blank&quot;>\n\t\t\t\tUkon\u010dujeme prev\u00e1dzku centra humanit\u00e1rnej pomoci Kto pom\u00f4\u017ee Ukrajine\t\t\t<\/a>\n\t\t<\/h3>\n\t\t\t\t<div class=\"elementor-post__excerpt\">\n\t\t\t<p>Po takmer troch rokoch otvor\u00edme na\u0161e centrum humanit\u00e1rnej pomoci v Auparku naposledy \u2013 9. febru\u00e1ra<\/p>\n\t\t<\/div>\n\t\t\t\t<\/div>\n\t\t\t\t<div class=\"elementor-post__meta-data\">\n\t\t\t\t\t<span class=\"elementor-post-date\">\n\t\t\tJanuary 29, 2025\t\t<\/span>\n\t\t\t\t<\/div>\n\t\t\t\t\t<\/div>\n\t\t<\/article>\n\t\t\t\t<article class=\"elementor-post elementor-grid-item post-32792 post type-post status-publish format-standard has-post-thumbnail hentry category-ukrajina tag-ukrajina\" role=\"listitem\">\n\t\t\t<div class=\"elementor-post__card\">\n\t\t\t\t<a class=\"elementor-post__thumbnail__link\" href=\"https:\/\/www.adra.sk\/en\/darceky-pre-deti-a-veteranov\/\" tabindex=\"-1\" target=\"_blank\"><div class=\"elementor-post__thumbnail\"><img loading=\"lazy\" decoding=\"async\" width=\"300\" height=\"126\" src=\"https:\/\/www.adra.sk\/wp-content\/uploads\/2024\/12\/KBE_5475-scaled-e1734611744974-300x126.jpg\" class=\"attachment-medium size-medium wp-image-32793\" alt=\"\" srcset=\"https:\/\/www.adra.sk\/wp-content\/uploads\/2024\/12\/KBE_5475-scaled-e1734611744974-300x126.jpg 300w, https:\/\/www.adra.sk\/wp-content\/uploads\/2024\/12\/KBE_5475-scaled-e1734611744974-1024x432.jpg 1024w, https:\/\/www.adra.sk\/wp-content\/uploads\/2024\/12\/KBE_5475-scaled-e1734611744974-768x324.jpg 768w, https:\/\/www.adra.sk\/wp-content\/uploads\/2024\/12\/KBE_5475-scaled-e1734611744974-1536x647.jpg 1536w, https:\/\/www.adra.sk\/wp-content\/uploads\/2024\/12\/KBE_5475-scaled-e1734611744974-2048x863.jpg 2048w, https:\/\/www.adra.sk\/wp-content\/uploads\/2024\/12\/KBE_5475-scaled-e1734611744974-18x8.jpg 18w, https:\/\/www.adra.sk\/wp-content\/uploads\/2024\/12\/KBE_5475-scaled-e1734611744974-2000x843.jpg 2000w\" sizes=\"(max-width: 300px) 100vw, 300px\" \/><\/div><\/a>\n\t\t\t\t<div class=\"elementor-post__badge\">Ukrajina<\/div>\n\t\t\t\t<div class=\"elementor-post__text\">\n\t\t\t\t<h3 class=\"elementor-post__title\">\n\t\t\t<a href=\"https:\/\/www.adra.sk\/en\/darceky-pre-deti-a-veteranov\/\" target=&quot;_blank&quot;>\n\t\t\t\tDar\u010deky pre deti a veter\u00e1nov\t\t\t<\/a>\n\t\t<\/h3>\n\t\t\t\t<div class=\"elementor-post__excerpt\">\n\t\t\t<p>Pres\u00eddlen\u00fdm de\u0165om v Ukrajine sme odovzdali 500 viano\u010dn\u00fdch bal\u00edkov. Posledn\u00e1 cesta na Ukrajinu: Viano\u010dn\u00e1 n\u00e1dej<\/p>\n\t\t<\/div>\n\t\t\t\t<\/div>\n\t\t\t\t<div class=\"elementor-post__meta-data\">\n\t\t\t\t\t<span class=\"elementor-post-date\">\n\t\t\tDecember 19, 2024\t\t<\/span>\n\t\t\t\t<\/div>\n\t\t\t\t\t<\/div>\n\t\t<\/article>\n\t\t\t\t<article class=\"elementor-post elementor-grid-item post-32729 post type-post status-publish format-standard has-post-thumbnail hentry category-ukrajina tag-ukrajina\" role=\"listitem\">\n\t\t\t<div class=\"elementor-post__card\">\n\t\t\t\t<a class=\"elementor-post__thumbnail__link\" href=\"https:\/\/www.adra.sk\/en\/venovali-sme-teplo-vianoc\/\" tabindex=\"-1\" target=\"_blank\"><div class=\"elementor-post__thumbnail\"><img loading=\"lazy\" decoding=\"async\" width=\"300\" height=\"135\" src=\"https:\/\/www.adra.sk\/wp-content\/uploads\/2024\/12\/IMG-20241213-WA0039-1-e1734110947540-300x135.jpg\" class=\"attachment-medium size-medium wp-image-32748\" alt=\"\" srcset=\"https:\/\/www.adra.sk\/wp-content\/uploads\/2024\/12\/IMG-20241213-WA0039-1-e1734110947540-300x135.jpg 300w, https:\/\/www.adra.sk\/wp-content\/uploads\/2024\/12\/IMG-20241213-WA0039-1-e1734110947540-1024x462.jpg 1024w, https:\/\/www.adra.sk\/wp-content\/uploads\/2024\/12\/IMG-20241213-WA0039-1-e1734110947540-768x347.jpg 768w, https:\/\/www.adra.sk\/wp-content\/uploads\/2024\/12\/IMG-20241213-WA0039-1-e1734110947540-18x8.jpg 18w, https:\/\/www.adra.sk\/wp-content\/uploads\/2024\/12\/IMG-20241213-WA0039-1-e1734110947540.jpg 1536w\" sizes=\"(max-width: 300px) 100vw, 300px\" \/><\/div><\/a>\n\t\t\t\t<div class=\"elementor-post__badge\">Ukrajina<\/div>\n\t\t\t\t<div class=\"elementor-post__text\">\n\t\t\t\t<h3 class=\"elementor-post__title\">\n\t\t\t<a href=\"https:\/\/www.adra.sk\/en\/venovali-sme-teplo-vianoc\/\" target=&quot;_blank&quot;>\n\t\t\t\tVenovali sme teplo Vianoc\t\t\t<\/a>\n\t\t<\/h3>\n\t\t\t\t<div class=\"elementor-post__excerpt\">\n\t\t\t<p>Pres\u00eddlen\u00fdm de\u0165om v Ukrajine sme odovzdali 500 viano\u010dn\u00fdch bal\u00edkov. Darujme teplo Vianoc! Pod t\u00fdmto v\u00fdsti\u017en\u00fdm<\/p>\n\t\t<\/div>\n\t\t\t\t<\/div>\n\t\t\t\t<div class=\"elementor-post__meta-data\">\n\t\t\t\t\t<span class=\"elementor-post-date\">\n\t\t\tDecember 13, 2024\t\t<\/span>\n\t\t\t\t<\/div>\n\t\t\t\t\t<\/div>\n\t\t<\/article>\n\t\t\t\t<article class=\"elementor-post elementor-grid-item post-32723 post type-post status-publish format-standard has-post-thumbnail hentry category-na-slovensku tag-slovensko\" role=\"listitem\">\n\t\t\t<div class=\"elementor-post__card\">\n\t\t\t\t<a class=\"elementor-post__thumbnail__link\" href=\"https:\/\/www.adra.sk\/en\/beneficny-koncert-spolu-za-pokoj\/\" tabindex=\"-1\" target=\"_blank\"><div class=\"elementor-post__thumbnail\"><img loading=\"lazy\" decoding=\"async\" width=\"300\" height=\"184\" src=\"https:\/\/www.adra.sk\/wp-content\/uploads\/2024\/12\/73-its-vianocny-beneficny-koncert_A3_11-2024-\u2013-kopia-e1733952055179-300x184.jpg\" class=\"attachment-medium size-medium wp-image-32724\" alt=\"\" srcset=\"https:\/\/www.adra.sk\/wp-content\/uploads\/2024\/12\/73-its-vianocny-beneficny-koncert_A3_11-2024-\u2013-kopia-e1733952055179-300x184.jpg 300w, https:\/\/www.adra.sk\/wp-content\/uploads\/2024\/12\/73-its-vianocny-beneficny-koncert_A3_11-2024-\u2013-kopia-e1733952055179-1024x628.jpg 1024w, https:\/\/www.adra.sk\/wp-content\/uploads\/2024\/12\/73-its-vianocny-beneficny-koncert_A3_11-2024-\u2013-kopia-e1733952055179-768x471.jpg 768w, https:\/\/www.adra.sk\/wp-content\/uploads\/2024\/12\/73-its-vianocny-beneficny-koncert_A3_11-2024-\u2013-kopia-e1733952055179-1536x941.jpg 1536w, https:\/\/www.adra.sk\/wp-content\/uploads\/2024\/12\/73-its-vianocny-beneficny-koncert_A3_11-2024-\u2013-kopia-e1733952055179-18x12.jpg 18w, https:\/\/www.adra.sk\/wp-content\/uploads\/2024\/12\/73-its-vianocny-beneficny-koncert_A3_11-2024-\u2013-kopia-e1733952055179.jpg 1754w\" sizes=\"(max-width: 300px) 100vw, 300px\" \/><\/div><\/a>\n\t\t\t\t<div class=\"elementor-post__badge\">Slovensko<\/div>\n\t\t\t\t<div class=\"elementor-post__text\">\n\t\t\t\t<h3 class=\"elementor-post__title\">\n\t\t\t<a href=\"https:\/\/www.adra.sk\/en\/beneficny-koncert-spolu-za-pokoj\/\" target=&quot;_blank&quot;>\n\t\t\t\tBenefi\u010dn\u00fd koncert &#8222;Spolu za pokoj&#8220;\t\t\t<\/a>\n\t\t<\/h3>\n\t\t\t\t<div class=\"elementor-post__excerpt\">\n\t\t\t<p>22.12.2024 o 16:00 v Gr\u00e9ckokatol\u00edckom chr\u00e1me sv. Cyrila a Metoda v Tren\u010d\u00edne. Poz\u00fdvame v\u00e1s na<\/p>\n\t\t<\/div>\n\t\t\t\t<\/div>\n\t\t\t\t<div class=\"elementor-post__meta-data\">\n\t\t\t\t\t<span class=\"elementor-post-date\">\n\t\t\tDecember 11, 2024\t\t<\/span>\n\t\t\t\t<\/div>\n\t\t\t\t\t<\/div>\n\t\t<\/article>\n\t\t\t\t<article class=\"elementor-post elementor-grid-item post-32702 post type-post status-publish format-standard has-post-thumbnail hentry category-na-slovensku tag-slovensko\" role=\"listitem\">\n\t\t\t<div class=\"elementor-post__card\">\n\t\t\t\t<a class=\"elementor-post__thumbnail__link\" href=\"https:\/\/www.adra.sk\/en\/mikulasska-radost-pre-ukrajinske-deti\/\" tabindex=\"-1\" target=\"_blank\"><div class=\"elementor-post__thumbnail\"><img loading=\"lazy\" decoding=\"async\" width=\"300\" height=\"113\" src=\"https:\/\/www.adra.sk\/wp-content\/uploads\/2024\/12\/IMG-20241204-WA0012-e1733951800506-300x113.jpg\" class=\"attachment-medium size-medium wp-image-32703\" alt=\"\" srcset=\"https:\/\/www.adra.sk\/wp-content\/uploads\/2024\/12\/IMG-20241204-WA0012-e1733951800506-300x113.jpg 300w, https:\/\/www.adra.sk\/wp-content\/uploads\/2024\/12\/IMG-20241204-WA0012-e1733951800506-1024x385.jpg 1024w, https:\/\/www.adra.sk\/wp-content\/uploads\/2024\/12\/IMG-20241204-WA0012-e1733951800506-768x289.jpg 768w, https:\/\/www.adra.sk\/wp-content\/uploads\/2024\/12\/IMG-20241204-WA0012-e1733951800506-1536x578.jpg 1536w, https:\/\/www.adra.sk\/wp-content\/uploads\/2024\/12\/IMG-20241204-WA0012-e1733951800506-18x7.jpg 18w, https:\/\/www.adra.sk\/wp-content\/uploads\/2024\/12\/IMG-20241204-WA0012-e1733951800506.jpg 1600w\" sizes=\"(max-width: 300px) 100vw, 300px\" \/><\/div><\/a>\n\t\t\t\t<div class=\"elementor-post__badge\">Slovensko<\/div>\n\t\t\t\t<div class=\"elementor-post__text\">\n\t\t\t\t<h3 class=\"elementor-post__title\">\n\t\t\t<a href=\"https:\/\/www.adra.sk\/en\/mikulasska-radost-pre-ukrajinske-deti\/\" target=&quot;_blank&quot;>\n\t\t\t\tMikul\u00e1\u0161ska rados\u0165 pre ukrajinsk\u00e9 deti\t\t\t<\/a>\n\t\t<\/h3>\n\t\t\t\t<div class=\"elementor-post__excerpt\">\n\t\t\t<p>V na\u0161om ADRA Dobrocentre v Tren\u010d\u00edne sme za\u017eili kr\u00e1sny moment solidarity a radosti. S podporou<\/p>\n\t\t<\/div>\n\t\t\t\t<\/div>\n\t\t\t\t<div class=\"elementor-post__meta-data\">\n\t\t\t\t\t<span class=\"elementor-post-date\">\n\t\t\tDecember 7, 2024\t\t<\/span>\n\t\t\t\t<\/div>\n\t\t\t\t\t<\/div>\n\t\t<\/article>\n\t\t\t\t<article class=\"elementor-post elementor-grid-item post-32679 post type-post status-publish format-standard has-post-thumbnail hentry category-syria tag-slovakaid tag-syria\" role=\"listitem\">\n\t\t\t<div class=\"elementor-post__card\">\n\t\t\t\t<a class=\"elementor-post__thumbnail__link\" href=\"https:\/\/www.adra.sk\/en\/kontajnery-pre-syrsku-latakiu\/\" tabindex=\"-1\" target=\"_blank\"><div class=\"elementor-post__thumbnail\"><img loading=\"lazy\" decoding=\"async\" width=\"300\" height=\"208\" src=\"https:\/\/www.adra.sk\/wp-content\/uploads\/2024\/12\/20241202_171904-300x208.jpg\" class=\"attachment-medium size-medium wp-image-32680\" alt=\"\" srcset=\"https:\/\/www.adra.sk\/wp-content\/uploads\/2024\/12\/20241202_171904-300x208.jpg 300w, https:\/\/www.adra.sk\/wp-content\/uploads\/2024\/12\/20241202_171904-1024x711.jpg 1024w, https:\/\/www.adra.sk\/wp-content\/uploads\/2024\/12\/20241202_171904-768x533.jpg 768w, https:\/\/www.adra.sk\/wp-content\/uploads\/2024\/12\/20241202_171904-1536x1067.jpg 1536w, https:\/\/www.adra.sk\/wp-content\/uploads\/2024\/12\/20241202_171904-2048x1422.jpg 2048w, https:\/\/www.adra.sk\/wp-content\/uploads\/2024\/12\/20241202_171904-18x12.jpg 18w, https:\/\/www.adra.sk\/wp-content\/uploads\/2024\/12\/20241202_171904-2000x1389.jpg 2000w\" sizes=\"(max-width: 300px) 100vw, 300px\" \/><\/div><\/a>\n\t\t\t\t<div class=\"elementor-post__badge\">S\u00fdria<\/div>\n\t\t\t\t<div class=\"elementor-post__text\">\n\t\t\t\t<h3 class=\"elementor-post__title\">\n\t\t\t<a href=\"https:\/\/www.adra.sk\/en\/kontajnery-pre-syrsku-latakiu\/\" target=&quot;_blank&quot;>\n\t\t\t\tKontajnery pre s\u00fdrsku Latakiu\t\t\t<\/a>\n\t\t<\/h3>\n\t\t\t\t<div class=\"elementor-post__excerpt\">\n\t\t\t<p>N\u00e1\u0161 riadite\u013e Stano Bielik p\u00ed\u0161e priamo zo S\u00fdrie o na\u0161ej pomoci v Latakii. V S\u00fdrii<\/p>\n\t\t<\/div>\n\t\t\t\t<\/div>\n\t\t\t\t<div class=\"elementor-post__meta-data\">\n\t\t\t\t\t<span class=\"elementor-post-date\">\n\t\t\tDecember 3, 2024\t\t<\/span>\n\t\t\t\t<\/div>\n\t\t\t\t\t<\/div>\n\t\t<\/article>\n\t\t\t\t<article class=\"elementor-post elementor-grid-item post-32671 post type-post status-publish format-standard has-post-thumbnail hentry category-ukrajina tag-ukrajina\" role=\"listitem\">\n\t\t\t<div class=\"elementor-post__card\">\n\t\t\t\t<a class=\"elementor-post__thumbnail__link\" href=\"https:\/\/www.adra.sk\/en\/obnova-vzdelavacich-zariadeni-v-cernihive\/\" tabindex=\"-1\" target=\"_blank\"><div class=\"elementor-post__thumbnail\"><img loading=\"lazy\" decoding=\"async\" width=\"300\" height=\"136\" src=\"https:\/\/www.adra.sk\/wp-content\/uploads\/2024\/11\/KBE_2711-scaled-e1732310718817-300x136.jpg\" class=\"attachment-medium size-medium wp-image-32675\" alt=\"\" srcset=\"https:\/\/www.adra.sk\/wp-content\/uploads\/2024\/11\/KBE_2711-scaled-e1732310718817-300x136.jpg 300w, https:\/\/www.adra.sk\/wp-content\/uploads\/2024\/11\/KBE_2711-scaled-e1732310718817-1024x464.jpg 1024w, https:\/\/www.adra.sk\/wp-content\/uploads\/2024\/11\/KBE_2711-scaled-e1732310718817-768x348.jpg 768w, https:\/\/www.adra.sk\/wp-content\/uploads\/2024\/11\/KBE_2711-scaled-e1732310718817-1536x696.jpg 1536w, https:\/\/www.adra.sk\/wp-content\/uploads\/2024\/11\/KBE_2711-scaled-e1732310718817-2048x928.jpg 2048w, https:\/\/www.adra.sk\/wp-content\/uploads\/2024\/11\/KBE_2711-scaled-e1732310718817-18x8.jpg 18w, https:\/\/www.adra.sk\/wp-content\/uploads\/2024\/11\/KBE_2711-scaled-e1732310718817-2000x906.jpg 2000w\" sizes=\"(max-width: 300px) 100vw, 300px\" \/><\/div><\/a>\n\t\t\t\t<div class=\"elementor-post__badge\">Ukrajina<\/div>\n\t\t\t\t<div class=\"elementor-post__text\">\n\t\t\t\t<h3 class=\"elementor-post__title\">\n\t\t\t<a href=\"https:\/\/www.adra.sk\/en\/obnova-vzdelavacich-zariadeni-v-cernihive\/\" target=&quot;_blank&quot;>\n\t\t\t\tObnova vzdel\u00e1vac\u00edch zariaden\u00ed v \u010cernihive\t\t\t<\/a>\n\t\t<\/h3>\n\t\t\t\t<div class=\"elementor-post__excerpt\">\n\t\t\t<p>Spolu s na\u0161imi partnermi sme v ukrajinskom \u010cernihive zrekon\u0161truovali tri \u0161k\u00f4lky a dve \u0161koly. Predstavte<\/p>\n\t\t<\/div>\n\t\t\t\t<\/div>\n\t\t\t\t<div class=\"elementor-post__meta-data\">\n\t\t\t\t\t<span class=\"elementor-post-date\">\n\t\t\tNovember 22, 2024\t\t<\/span>\n\t\t\t\t<\/div>\n\t\t\t\t\t<\/div>\n\t\t<\/article>\n\t\t\t\t<article class=\"elementor-post elementor-grid-item post-32613 post type-post status-publish format-standard has-post-thumbnail hentry category-ukrajina tag-adrajaponsko tag-japanplatform tag-ukrajina\" role=\"listitem\">\n\t\t\t<div class=\"elementor-post__card\">\n\t\t\t\t<a class=\"elementor-post__thumbnail__link\" href=\"https:\/\/www.adra.sk\/en\/brikety-pre-centra-v-dnipre\/\" tabindex=\"-1\" target=\"_blank\"><div class=\"elementor-post__thumbnail\"><img loading=\"lazy\" decoding=\"async\" width=\"300\" height=\"128\" src=\"https:\/\/www.adra.sk\/wp-content\/uploads\/2024\/11\/IMG-20241105-WA0002-e1730822043560-300x128.jpg\" class=\"attachment-medium size-medium wp-image-32614\" alt=\"\" srcset=\"https:\/\/www.adra.sk\/wp-content\/uploads\/2024\/11\/IMG-20241105-WA0002-e1730822043560-300x128.jpg 300w, https:\/\/www.adra.sk\/wp-content\/uploads\/2024\/11\/IMG-20241105-WA0002-e1730822043560-1024x438.jpg 1024w, https:\/\/www.adra.sk\/wp-content\/uploads\/2024\/11\/IMG-20241105-WA0002-e1730822043560-768x329.jpg 768w, https:\/\/www.adra.sk\/wp-content\/uploads\/2024\/11\/IMG-20241105-WA0002-e1730822043560-18x8.jpg 18w, https:\/\/www.adra.sk\/wp-content\/uploads\/2024\/11\/IMG-20241105-WA0002-e1730822043560.jpg 1280w\" sizes=\"(max-width: 300px) 100vw, 300px\" \/><\/div><\/a>\n\t\t\t\t<div class=\"elementor-post__badge\">Ukrajina<\/div>\n\t\t\t\t<div class=\"elementor-post__text\">\n\t\t\t\t<h3 class=\"elementor-post__title\">\n\t\t\t<a href=\"https:\/\/www.adra.sk\/en\/brikety-pre-centra-v-dnipre\/\" target=&quot;_blank&quot;>\n\t\t\t\tBrikety pre centr\u00e1 v Dnipre\t\t\t<\/a>\n\t\t<\/h3>\n\t\t\t\t<div class=\"elementor-post__excerpt\">\n\t\t\t<p>Spolu s na\u0161\u00edm partnerom ADRA Ukrajina sme zabezpe\u010dili prevoz a distrib\u00faciu palivov\u00fdch brikiet pre do\u010dasn\u00e9<\/p>\n\t\t<\/div>\n\t\t\t\t<\/div>\n\t\t\t\t<div class=\"elementor-post__meta-data\">\n\t\t\t\t\t<span class=\"elementor-post-date\">\n\t\t\tNovember 5, 2024\t\t<\/span>\n\t\t\t\t<\/div>\n\t\t\t\t\t<\/div>\n\t\t<\/article>\n\t\t\t\t<article class=\"elementor-post elementor-grid-item post-32514 post type-post status-publish format-standard has-post-thumbnail hentry category-dobrovolnictvo tag-albansko tag-dobrovolnictvo tag-slovakaid\" role=\"listitem\">\n\t\t\t<div class=\"elementor-post__card\">\n\t\t\t\t<a class=\"elementor-post__thumbnail__link\" href=\"https:\/\/www.adra.sk\/en\/hladame-dobrovolnika-do-albanska\/\" tabindex=\"-1\" target=\"_blank\"><div class=\"elementor-post__thumbnail\"><img loading=\"lazy\" decoding=\"async\" width=\"300\" height=\"100\" src=\"https:\/\/www.adra.sk\/wp-content\/uploads\/2022\/07\/pppp-1-e1662623462638-300x100.png\" class=\"attachment-medium size-medium wp-image-26055\" alt=\"\" srcset=\"https:\/\/www.adra.sk\/wp-content\/uploads\/2022\/07\/pppp-1-e1662623462638-300x100.png 300w, https:\/\/www.adra.sk\/wp-content\/uploads\/2022\/07\/pppp-1-e1662623462638-768x255.png 768w, https:\/\/www.adra.sk\/wp-content\/uploads\/2022\/07\/pppp-1-e1662623462638-18x6.png 18w, https:\/\/www.adra.sk\/wp-content\/uploads\/2022\/07\/pppp-1-e1662623462638.png 990w\" sizes=\"(max-width: 300px) 100vw, 300px\" \/><\/div><\/a>\n\t\t\t\t<div class=\"elementor-post__badge\">Dobrovo\u013en\u00edctvo<\/div>\n\t\t\t\t<div class=\"elementor-post__text\">\n\t\t\t\t<h3 class=\"elementor-post__title\">\n\t\t\t<a href=\"https:\/\/www.adra.sk\/en\/hladame-dobrovolnika-do-albanska\/\" target=&quot;_blank&quot;>\n\t\t\t\tH\u013ead\u00e1me dobrovo\u013en\u00edka do Alb\u00e1nska\t\t\t<\/a>\n\t\t<\/h3>\n\t\t\t\t<div class=\"elementor-post__excerpt\">\n\t\t\t<p>Po\u010f na 12 mesiacov do Alb\u00e1nska a pom\u00f4\u017e zlep\u0161i\u0165 \u017eivoty marginalizovan\u00fdch komun\u00edt! Vyslan\u00fd dobrovo\u013en\u00edk\/-\u010dka bude<\/p>\n\t\t<\/div>\n\t\t\t\t<\/div>\n\t\t\t\t<div class=\"elementor-post__meta-data\">\n\t\t\t\t\t<span class=\"elementor-post-date\">\n\t\t\tOctober 25, 2024\t\t<\/span>\n\t\t\t\t<\/div>\n\t\t\t\t\t<\/div>\n\t\t<\/article>\n\t\t\t\t<article class=\"elementor-post elementor-grid-item post-32486 post type-post status-publish format-standard has-post-thumbnail hentry category-dobrovolnictvo tag-dobrovolnictvo tag-slovakaid tag-uganda\" role=\"listitem\">\n\t\t\t<div class=\"elementor-post__card\">\n\t\t\t\t<a class=\"elementor-post__thumbnail__link\" href=\"https:\/\/www.adra.sk\/en\/hladame-dobrovolnika-do-ugandy\/\" tabindex=\"-1\" target=\"_blank\"><div class=\"elementor-post__thumbnail\"><img loading=\"lazy\" decoding=\"async\" width=\"300\" height=\"140\" src=\"https:\/\/www.adra.sk\/wp-content\/uploads\/2024\/10\/Group-Photo-after-General-meeting-with-project-Beneficiaries_1-scaled-e1729845379929-300x140.jpg\" class=\"attachment-medium size-medium wp-image-32510\" alt=\"\" srcset=\"https:\/\/www.adra.sk\/wp-content\/uploads\/2024\/10\/Group-Photo-after-General-meeting-with-project-Beneficiaries_1-scaled-e1729845379929-300x140.jpg 300w, https:\/\/www.adra.sk\/wp-content\/uploads\/2024\/10\/Group-Photo-after-General-meeting-with-project-Beneficiaries_1-scaled-e1729845379929-1024x478.jpg 1024w, https:\/\/www.adra.sk\/wp-content\/uploads\/2024\/10\/Group-Photo-after-General-meeting-with-project-Beneficiaries_1-scaled-e1729845379929-768x358.jpg 768w, https:\/\/www.adra.sk\/wp-content\/uploads\/2024\/10\/Group-Photo-after-General-meeting-with-project-Beneficiaries_1-scaled-e1729845379929-1536x716.jpg 1536w, https:\/\/www.adra.sk\/wp-content\/uploads\/2024\/10\/Group-Photo-after-General-meeting-with-project-Beneficiaries_1-scaled-e1729845379929-2048x955.jpg 2048w, https:\/\/www.adra.sk\/wp-content\/uploads\/2024\/10\/Group-Photo-after-General-meeting-with-project-Beneficiaries_1-scaled-e1729845379929-18x8.jpg 18w, https:\/\/www.adra.sk\/wp-content\/uploads\/2024\/10\/Group-Photo-after-General-meeting-with-project-Beneficiaries_1-scaled-e1729845379929-2000x933.jpg 2000w\" sizes=\"(max-width: 300px) 100vw, 300px\" \/><\/div><\/a>\n\t\t\t\t<div class=\"elementor-post__badge\">Dobrovo\u013en\u00edctvo<\/div>\n\t\t\t\t<div class=\"elementor-post__text\">\n\t\t\t\t<h3 class=\"elementor-post__title\">\n\t\t\t<a href=\"https:\/\/www.adra.sk\/en\/hladame-dobrovolnika-do-ugandy\/\" target=&quot;_blank&quot;>\n\t\t\t\tH\u013ead\u00e1me dobrovo\u013en\u00edka do Ugandy\t\t\t<\/a>\n\t\t<\/h3>\n\t\t\t\t<div class=\"elementor-post__excerpt\">\n\t\t\t<p>Pridaj sa mesiacov k n\u00e1m na 10 mesiacov do Ugandy a pom\u00f4\u017e podpori\u0165 ute\u010dencov v<\/p>\n\t\t<\/div>\n\t\t\t\t<\/div>\n\t\t\t\t<div class=\"elementor-post__meta-data\">\n\t\t\t\t\t<span class=\"elementor-post-date\">\n\t\t\tOctober 25, 2024\t\t<\/span>\n\t\t\t\t<\/div>\n\t\t\t\t\t<\/div>\n\t\t<\/article>\n\t\t\t\t<article class=\"elementor-post elementor-grid-item post-32538 post type-post status-publish format-standard has-post-thumbnail hentry category-dobrovolnictvo category-srbsko tag-dobrovolnictvo tag-srbsko\" role=\"listitem\">\n\t\t\t<div class=\"elementor-post__card\">\n\t\t\t\t<a class=\"elementor-post__thumbnail__link\" href=\"https:\/\/www.adra.sk\/en\/prva-eu-dobrovolnicka-je-uz-v-srbsku\/\" tabindex=\"-1\" target=\"_blank\"><div class=\"elementor-post__thumbnail\"><img loading=\"lazy\" decoding=\"async\" width=\"300\" height=\"201\" src=\"https:\/\/www.adra.sk\/wp-content\/uploads\/2024\/10\/Obrazok-WhatsApp-2024-10-16-o-20.03.52_4b772500-e1730272913965-300x201.jpg\" class=\"attachment-medium size-medium wp-image-32539\" alt=\"\" srcset=\"https:\/\/www.adra.sk\/wp-content\/uploads\/2024\/10\/Obrazok-WhatsApp-2024-10-16-o-20.03.52_4b772500-e1730272913965-300x201.jpg 300w, https:\/\/www.adra.sk\/wp-content\/uploads\/2024\/10\/Obrazok-WhatsApp-2024-10-16-o-20.03.52_4b772500-e1730272913965-1024x684.jpg 1024w, https:\/\/www.adra.sk\/wp-content\/uploads\/2024\/10\/Obrazok-WhatsApp-2024-10-16-o-20.03.52_4b772500-e1730272913965-768x513.jpg 768w, https:\/\/www.adra.sk\/wp-content\/uploads\/2024\/10\/Obrazok-WhatsApp-2024-10-16-o-20.03.52_4b772500-e1730272913965-18x12.jpg 18w, https:\/\/www.adra.sk\/wp-content\/uploads\/2024\/10\/Obrazok-WhatsApp-2024-10-16-o-20.03.52_4b772500-e1730272913965.jpg 1200w\" sizes=\"(max-width: 300px) 100vw, 300px\" \/><\/div><\/a>\n\t\t\t\t<div class=\"elementor-post__badge\">Dobrovo\u013en\u00edctvo<\/div>\n\t\t\t\t<div class=\"elementor-post__text\">\n\t\t\t\t<h3 class=\"elementor-post__title\">\n\t\t\t<a href=\"https:\/\/www.adra.sk\/en\/prva-eu-dobrovolnicka-je-uz-v-srbsku\/\" target=&quot;_blank&quot;>\n\t\t\t\tPrv\u00e1 E\u00da dobrovo\u013en\u00ed\u010dka je u\u017e v Srbsku\t\t\t<\/a>\n\t\t<\/h3>\n\t\t\t\t<div class=\"elementor-post__excerpt\">\n\t\t\t<p>Na\u0161a prv\u00e1 dobrovo\u013en\u00ed\u010dka, Maria z Talianska, u\u017e dorazila do Srbska. Po\u010das nasleduj\u00facich deviatich mesiacov bude<\/p>\n\t\t<\/div>\n\t\t\t\t<\/div>\n\t\t\t\t<div class=\"elementor-post__meta-data\">\n\t\t\t\t\t<span class=\"elementor-post-date\">\n\t\t\tOctober 22, 2024\t\t<\/span>\n\t\t\t\t<\/div>\n\t\t\t\t\t<\/div>\n\t\t<\/article>\n\t\t\t\t<article class=\"elementor-post elementor-grid-item post-32440 post type-post status-publish format-standard has-post-thumbnail hentry category-ukrajina tag-ukrajina\" role=\"listitem\">\n\t\t\t<div class=\"elementor-post__card\">\n\t\t\t\t<a class=\"elementor-post__thumbnail__link\" href=\"https:\/\/www.adra.sk\/en\/nemocnica-v-meste-sumy\/\" tabindex=\"-1\" target=\"_blank\"><div class=\"elementor-post__thumbnail\"><img loading=\"lazy\" decoding=\"async\" width=\"300\" height=\"125\" src=\"https:\/\/www.adra.sk\/wp-content\/uploads\/2024\/10\/KBE_4065-scaled-e1729395629330-300x125.jpg\" class=\"attachment-medium size-medium wp-image-32441\" alt=\"\" srcset=\"https:\/\/www.adra.sk\/wp-content\/uploads\/2024\/10\/KBE_4065-scaled-e1729395629330-300x125.jpg 300w, https:\/\/www.adra.sk\/wp-content\/uploads\/2024\/10\/KBE_4065-scaled-e1729395629330-1024x426.jpg 1024w, https:\/\/www.adra.sk\/wp-content\/uploads\/2024\/10\/KBE_4065-scaled-e1729395629330-768x320.jpg 768w, https:\/\/www.adra.sk\/wp-content\/uploads\/2024\/10\/KBE_4065-scaled-e1729395629330-1536x640.jpg 1536w, https:\/\/www.adra.sk\/wp-content\/uploads\/2024\/10\/KBE_4065-scaled-e1729395629330-2048x853.jpg 2048w, https:\/\/www.adra.sk\/wp-content\/uploads\/2024\/10\/KBE_4065-scaled-e1729395629330-18x7.jpg 18w, https:\/\/www.adra.sk\/wp-content\/uploads\/2024\/10\/KBE_4065-scaled-e1729395629330-2000x833.jpg 2000w\" sizes=\"(max-width: 300px) 100vw, 300px\" \/><\/div><\/a>\n\t\t\t\t<div class=\"elementor-post__badge\">Ukrajina<\/div>\n\t\t\t\t<div class=\"elementor-post__text\">\n\t\t\t\t<h3 class=\"elementor-post__title\">\n\t\t\t<a href=\"https:\/\/www.adra.sk\/en\/nemocnica-v-meste-sumy\/\" target=&quot;_blank&quot;>\n\t\t\t\tNemocnica v meste Sumy\t\t\t<\/a>\n\t\t<\/h3>\n\t\t\t\t<div class=\"elementor-post__excerpt\">\n\t\t\t<p>Uplynulo pr\u00e1ve 20 dn\u00ed od tragick\u00e9ho \u00fatoku na nemocnicu Sv. Panteleimona v meste Sumy, pri<\/p>\n\t\t<\/div>\n\t\t\t\t<\/div>\n\t\t\t\t<div class=\"elementor-post__meta-data\">\n\t\t\t\t\t<span class=\"elementor-post-date\">\n\t\t\tOctober 20, 2024\t\t<\/span>\n\t\t\t\t<\/div>\n\t\t\t\t\t<\/div>\n\t\t<\/article>\n\t\t\t\t<article class=\"elementor-post elementor-grid-item post-32567 post type-post status-publish format-standard has-post-thumbnail hentry category-libanon tag-libanon\" role=\"listitem\">\n\t\t\t<div class=\"elementor-post__card\">\n\t\t\t\t<a class=\"elementor-post__thumbnail__link\" href=\"https:\/\/www.adra.sk\/en\/pomoc-pre-deti-v-bejrute\/\" tabindex=\"-1\" target=\"_blank\"><div class=\"elementor-post__thumbnail\"><img loading=\"lazy\" decoding=\"async\" width=\"300\" height=\"181\" src=\"https:\/\/www.adra.sk\/wp-content\/uploads\/2024\/10\/463493746_959916166176328_314315038441267427_n-e1730279914801-300x181.jpg\" class=\"attachment-medium size-medium wp-image-32568\" alt=\"\" srcset=\"https:\/\/www.adra.sk\/wp-content\/uploads\/2024\/10\/463493746_959916166176328_314315038441267427_n-e1730279914801-300x181.jpg 300w, https:\/\/www.adra.sk\/wp-content\/uploads\/2024\/10\/463493746_959916166176328_314315038441267427_n-e1730279914801-1024x618.jpg 1024w, https:\/\/www.adra.sk\/wp-content\/uploads\/2024\/10\/463493746_959916166176328_314315038441267427_n-e1730279914801-768x464.jpg 768w, https:\/\/www.adra.sk\/wp-content\/uploads\/2024\/10\/463493746_959916166176328_314315038441267427_n-e1730279914801-1536x927.jpg 1536w, https:\/\/www.adra.sk\/wp-content\/uploads\/2024\/10\/463493746_959916166176328_314315038441267427_n-e1730279914801-18x12.jpg 18w, https:\/\/www.adra.sk\/wp-content\/uploads\/2024\/10\/463493746_959916166176328_314315038441267427_n-e1730279914801.jpg 1938w\" sizes=\"(max-width: 300px) 100vw, 300px\" \/><\/div><\/a>\n\t\t\t\t<div class=\"elementor-post__badge\">Libanon<\/div>\n\t\t\t\t<div class=\"elementor-post__text\">\n\t\t\t\t<h3 class=\"elementor-post__title\">\n\t\t\t<a href=\"https:\/\/www.adra.sk\/en\/pomoc-pre-deti-v-bejrute\/\" target=&quot;_blank&quot;>\n\t\t\t\tPomoc pre deti v Bejr\u00fate\t\t\t<\/a>\n\t\t<\/h3>\n\t\t\t\t<div class=\"elementor-post__excerpt\">\n\t\t\t<p>Na\u0161i partneri z ADRA Libanon odovzdali 160 \u0161kolsk\u00fdch ta\u0161iek, ktor\u00e9 sme vybavili \u0161kolsk\u00fdmi pom\u00f4ckami, f\u013ea\u0161ami<\/p>\n\t\t<\/div>\n\t\t\t\t<\/div>\n\t\t\t\t<div class=\"elementor-post__meta-data\">\n\t\t\t\t\t<span class=\"elementor-post-date\">\n\t\t\tOctober 18, 2024\t\t<\/span>\n\t\t\t\t<\/div>\n\t\t\t\t\t<\/div>\n\t\t<\/article>\n\t\t\t\t<article class=\"elementor-post elementor-grid-item post-32575 post type-post status-publish format-standard has-post-thumbnail hentry category-na-slovensku tag-slovensko tag-tx\" role=\"listitem\">\n\t\t\t<div class=\"elementor-post__card\">\n\t\t\t\t<a class=\"elementor-post__thumbnail__link\" href=\"https:\/\/www.adra.sk\/en\/rekonstrukcia-skoly-pre-hluchoslepe-deti-v-cervenici\/\" tabindex=\"-1\" target=\"_blank\"><div class=\"elementor-post__thumbnail\"><img loading=\"lazy\" decoding=\"async\" width=\"300\" height=\"133\" src=\"https:\/\/www.adra.sk\/wp-content\/uploads\/2024\/10\/462713679_957561039745174_8787867077258849989_n-1-e1730280608608-300x133.jpg\" class=\"attachment-medium size-medium wp-image-32577\" alt=\"\" srcset=\"https:\/\/www.adra.sk\/wp-content\/uploads\/2024\/10\/462713679_957561039745174_8787867077258849989_n-1-e1730280608608-300x133.jpg 300w, https:\/\/www.adra.sk\/wp-content\/uploads\/2024\/10\/462713679_957561039745174_8787867077258849989_n-1-e1730280608608-18x8.jpg 18w, https:\/\/www.adra.sk\/wp-content\/uploads\/2024\/10\/462713679_957561039745174_8787867077258849989_n-1-e1730280608608.jpg 600w\" sizes=\"(max-width: 300px) 100vw, 300px\" \/><\/div><\/a>\n\t\t\t\t<div class=\"elementor-post__badge\">Slovensko<\/div>\n\t\t\t\t<div class=\"elementor-post__text\">\n\t\t\t\t<h3 class=\"elementor-post__title\">\n\t\t\t<a href=\"https:\/\/www.adra.sk\/en\/rekonstrukcia-skoly-pre-hluchoslepe-deti-v-cervenici\/\" target=&quot;_blank&quot;>\n\t\t\t\tRekon\u0161trukcia \u0161koly pre hluchoslep\u00e9 deti v \u010cervenici\t\t\t<\/a>\n\t\t<\/h3>\n\t\t\t\t<div class=\"elementor-post__excerpt\">\n\t\t\t<p>Oprav\u00edme \u0161peci\u00e1lnu \u0161kolu v \u010cervenici pri Pre\u0161ove, ktor\u00e1 ako jedin\u00e1 na Slovensku poskytuje starostlivos\u0165 de\u0165om<\/p>\n\t\t<\/div>\n\t\t\t\t<\/div>\n\t\t\t\t<div class=\"elementor-post__meta-data\">\n\t\t\t\t\t<span class=\"elementor-post-date\">\n\t\t\tOctober 15, 2024\t\t<\/span>\n\t\t\t\t<\/div>\n\t\t\t\t\t<\/div>\n\t\t<\/article>\n\t\t\t\t<article class=\"elementor-post elementor-grid-item post-32431 post type-post status-publish format-standard has-post-thumbnail hentry category-vo-svete tag-libanon tag-syria\" role=\"listitem\">\n\t\t\t<div class=\"elementor-post__card\">\n\t\t\t\t<a class=\"elementor-post__thumbnail__link\" href=\"https:\/\/www.adra.sk\/en\/zbierka-pre-libanon-a-syriu\/\" tabindex=\"-1\" target=\"_blank\"><div class=\"elementor-post__thumbnail\"><img loading=\"lazy\" decoding=\"async\" width=\"300\" height=\"169\" src=\"https:\/\/www.adra.sk\/wp-content\/uploads\/2023\/10\/Food-basket-distribution-Borg-Islam-26-2-2023-1-300x169.jpeg\" class=\"attachment-medium size-medium wp-image-30893\" alt=\"\" srcset=\"https:\/\/www.adra.sk\/wp-content\/uploads\/2023\/10\/Food-basket-distribution-Borg-Islam-26-2-2023-1-300x169.jpeg 300w, https:\/\/www.adra.sk\/wp-content\/uploads\/2023\/10\/Food-basket-distribution-Borg-Islam-26-2-2023-1-1024x576.jpeg 1024w, https:\/\/www.adra.sk\/wp-content\/uploads\/2023\/10\/Food-basket-distribution-Borg-Islam-26-2-2023-1-768x432.jpeg 768w, https:\/\/www.adra.sk\/wp-content\/uploads\/2023\/10\/Food-basket-distribution-Borg-Islam-26-2-2023-1-18x10.jpeg 18w, https:\/\/www.adra.sk\/wp-content\/uploads\/2023\/10\/Food-basket-distribution-Borg-Islam-26-2-2023-1.jpeg 1080w\" sizes=\"(max-width: 300px) 100vw, 300px\" \/><\/div><\/a>\n\t\t\t\t<div class=\"elementor-post__badge\">Vo svete<\/div>\n\t\t\t\t<div class=\"elementor-post__text\">\n\t\t\t\t<h3 class=\"elementor-post__title\">\n\t\t\t<a href=\"https:\/\/www.adra.sk\/en\/zbierka-pre-libanon-a-syriu\/\" target=&quot;_blank&quot;>\n\t\t\t\tZbierka pre Libanon a S\u00fdriu\t\t\t<\/a>\n\t\t<\/h3>\n\t\t\t\t<div class=\"elementor-post__excerpt\">\n\t\t\t<p>Vyhlasujeme verejn\u00fa zbierku na pomoc \u013eu\u010fom zasiahnut\u00fdm vojnou na Bl\u00edzkom v\u00fdchode. &nbsp; V d\u00f4sledku ka\u017edodenn\u00e9ho<\/p>\n\t\t<\/div>\n\t\t\t\t<\/div>\n\t\t\t\t<div class=\"elementor-post__meta-data\">\n\t\t\t\t\t<span class=\"elementor-post-date\">\n\t\t\tOctober 11, 2024\t\t<\/span>\n\t\t\t\t<\/div>\n\t\t\t\t\t<\/div>\n\t\t<\/article>\n\t\t\t\t<article class=\"elementor-post elementor-grid-item post-32542 post type-post status-publish format-standard has-post-thumbnail hentry category-dobrovolnictvo category-uganda tag-dobrovolnictvo tag-uganda\" role=\"listitem\">\n\t\t\t<div class=\"elementor-post__card\">\n\t\t\t\t<a class=\"elementor-post__thumbnail__link\" href=\"https:\/\/www.adra.sk\/en\/navsteva-partnerskej-organizacie-v-ugande\/\" tabindex=\"-1\" target=\"_blank\"><div class=\"elementor-post__thumbnail\"><img loading=\"lazy\" decoding=\"async\" width=\"300\" height=\"225\" src=\"https:\/\/www.adra.sk\/wp-content\/uploads\/2024\/10\/461320058_941763411324937_7546215452765785262_n-300x225.jpg\" class=\"attachment-medium size-medium wp-image-32543\" alt=\"\" srcset=\"https:\/\/www.adra.sk\/wp-content\/uploads\/2024\/10\/461320058_941763411324937_7546215452765785262_n-300x225.jpg 300w, https:\/\/www.adra.sk\/wp-content\/uploads\/2024\/10\/461320058_941763411324937_7546215452765785262_n-1024x768.jpg 1024w, https:\/\/www.adra.sk\/wp-content\/uploads\/2024\/10\/461320058_941763411324937_7546215452765785262_n-768x576.jpg 768w, https:\/\/www.adra.sk\/wp-content\/uploads\/2024\/10\/461320058_941763411324937_7546215452765785262_n-1536x1152.jpg 1536w, https:\/\/www.adra.sk\/wp-content\/uploads\/2024\/10\/461320058_941763411324937_7546215452765785262_n-16x12.jpg 16w, https:\/\/www.adra.sk\/wp-content\/uploads\/2024\/10\/461320058_941763411324937_7546215452765785262_n-1000x750.jpg 1000w, https:\/\/www.adra.sk\/wp-content\/uploads\/2024\/10\/461320058_941763411324937_7546215452765785262_n-2000x1500.jpg 2000w, https:\/\/www.adra.sk\/wp-content\/uploads\/2024\/10\/461320058_941763411324937_7546215452765785262_n.jpg 2048w\" sizes=\"(max-width: 300px) 100vw, 300px\" \/><\/div><\/a>\n\t\t\t\t<div class=\"elementor-post__badge\">Dobrovo\u013en\u00edctvo<\/div>\n\t\t\t\t<div class=\"elementor-post__text\">\n\t\t\t\t<h3 class=\"elementor-post__title\">\n\t\t\t<a href=\"https:\/\/www.adra.sk\/en\/navsteva-partnerskej-organizacie-v-ugande\/\" target=&quot;_blank&quot;>\n\t\t\t\tN\u00e1v\u0161teva partnerskej organiz\u00e1cie v Ugande\t\t\t<\/a>\n\t\t<\/h3>\n\t\t\t\t<div class=\"elementor-post__excerpt\">\n\t\t\t<p>Po\u010das na\u0161ej monitorovacej cesty do Ugandy sme nav\u0161t\u00edvili organiz\u00e1ciu CEFOVID, kde v priebehu nasleduj\u00facich dvoch<\/p>\n\t\t<\/div>\n\t\t\t\t<\/div>\n\t\t\t\t<div class=\"elementor-post__meta-data\">\n\t\t\t\t\t<span class=\"elementor-post-date\">\n\t\t\tSeptember 27, 2024\t\t<\/span>\n\t\t\t\t<\/div>\n\t\t\t\t\t<\/div>\n\t\t<\/article>\n\t\t\t\t<article class=\"elementor-post elementor-grid-item post-32552 post type-post status-publish format-standard has-post-thumbnail hentry category-uganda tag-uganda\" role=\"listitem\">\n\t\t\t<div class=\"elementor-post__card\">\n\t\t\t\t<a class=\"elementor-post__thumbnail__link\" href=\"https:\/\/www.adra.sk\/en\/navsteva-nasej-adra-farmy-v-ugande\/\" tabindex=\"-1\" target=\"_blank\"><div class=\"elementor-post__thumbnail\"><img loading=\"lazy\" decoding=\"async\" width=\"300\" height=\"134\" src=\"https:\/\/www.adra.sk\/wp-content\/uploads\/2024\/10\/461232098_941773407990604_2619835277455637746_n-e1730278364646-300x134.jpg\" class=\"attachment-medium size-medium wp-image-32553\" alt=\"\" srcset=\"https:\/\/www.adra.sk\/wp-content\/uploads\/2024\/10\/461232098_941773407990604_2619835277455637746_n-e1730278364646-300x134.jpg 300w, https:\/\/www.adra.sk\/wp-content\/uploads\/2024\/10\/461232098_941773407990604_2619835277455637746_n-e1730278364646-1024x457.jpg 1024w, https:\/\/www.adra.sk\/wp-content\/uploads\/2024\/10\/461232098_941773407990604_2619835277455637746_n-e1730278364646-768x343.jpg 768w, https:\/\/www.adra.sk\/wp-content\/uploads\/2024\/10\/461232098_941773407990604_2619835277455637746_n-e1730278364646-1536x685.jpg 1536w, https:\/\/www.adra.sk\/wp-content\/uploads\/2024\/10\/461232098_941773407990604_2619835277455637746_n-e1730278364646-18x8.jpg 18w, https:\/\/www.adra.sk\/wp-content\/uploads\/2024\/10\/461232098_941773407990604_2619835277455637746_n-e1730278364646.jpg 1992w\" sizes=\"(max-width: 300px) 100vw, 300px\" \/><\/div><\/a>\n\t\t\t\t<div class=\"elementor-post__badge\">Uganda<\/div>\n\t\t\t\t<div class=\"elementor-post__text\">\n\t\t\t\t<h3 class=\"elementor-post__title\">\n\t\t\t<a href=\"https:\/\/www.adra.sk\/en\/navsteva-nasej-adra-farmy-v-ugande\/\" target=&quot;_blank&quot;>\n\t\t\t\tN\u00e1v\u0161teva na\u0161ej ADRA farmy v Ugande\t\t\t<\/a>\n\t\t<\/h3>\n\t\t\t\t<div class=\"elementor-post__excerpt\">\n\t\t\t<p>V Ugande sme sa stretli s \u013eu\u010fmi, ktor\u00ed ako ute\u010denci z Konga, Ju\u017en\u00e9ho Sud\u00e1nu, Burundi<\/p>\n\t\t<\/div>\n\t\t\t\t<\/div>\n\t\t\t\t<div class=\"elementor-post__meta-data\">\n\t\t\t\t\t<span class=\"elementor-post-date\">\n\t\t\tSeptember 26, 2024\t\t<\/span>\n\t\t\t\t<\/div>\n\t\t\t\t\t<\/div>\n\t\t<\/article>\n\t\t\t\t<article class=\"elementor-post elementor-grid-item post-32547 post type-post status-publish format-standard has-post-thumbnail hentry category-na-slovensku tag-slovensko tag-zaplavy\" role=\"listitem\">\n\t\t\t<div class=\"elementor-post__card\">\n\t\t\t\t<a class=\"elementor-post__thumbnail__link\" href=\"https:\/\/www.adra.sk\/en\/pomoc-pre-zaplavene-obce\/\" tabindex=\"-1\" target=\"_blank\"><div class=\"elementor-post__thumbnail\"><img loading=\"lazy\" decoding=\"async\" width=\"300\" height=\"234\" src=\"https:\/\/www.adra.sk\/wp-content\/uploads\/2024\/10\/461304868_942346444599967_6121365028901434794_n-e1730278039660-300x234.jpg\" class=\"attachment-medium size-medium wp-image-32548\" alt=\"\" srcset=\"https:\/\/www.adra.sk\/wp-content\/uploads\/2024\/10\/461304868_942346444599967_6121365028901434794_n-e1730278039660-300x234.jpg 300w, https:\/\/www.adra.sk\/wp-content\/uploads\/2024\/10\/461304868_942346444599967_6121365028901434794_n-e1730278039660-1024x799.jpg 1024w, https:\/\/www.adra.sk\/wp-content\/uploads\/2024\/10\/461304868_942346444599967_6121365028901434794_n-e1730278039660-768x599.jpg 768w, https:\/\/www.adra.sk\/wp-content\/uploads\/2024\/10\/461304868_942346444599967_6121365028901434794_n-e1730278039660-1536x1198.jpg 1536w, https:\/\/www.adra.sk\/wp-content\/uploads\/2024\/10\/461304868_942346444599967_6121365028901434794_n-e1730278039660-15x12.jpg 15w, https:\/\/www.adra.sk\/wp-content\/uploads\/2024\/10\/461304868_942346444599967_6121365028901434794_n-e1730278039660-2000x1560.jpg 2000w, https:\/\/www.adra.sk\/wp-content\/uploads\/2024\/10\/461304868_942346444599967_6121365028901434794_n-e1730278039660.jpg 2048w\" sizes=\"(max-width: 300px) 100vw, 300px\" \/><\/div><\/a>\n\t\t\t\t<div class=\"elementor-post__badge\">Slovensko<\/div>\n\t\t\t\t<div class=\"elementor-post__text\">\n\t\t\t\t<h3 class=\"elementor-post__title\">\n\t\t\t<a href=\"https:\/\/www.adra.sk\/en\/pomoc-pre-zaplavene-obce\/\" target=&quot;_blank&quot;>\n\t\t\t\tPomoc pre zaplaven\u00e9 obce\t\t\t<\/a>\n\t\t<\/h3>\n\t\t\t\t<div class=\"elementor-post__excerpt\">\n\t\t\t<p>V povod\u0148ami zasiahnutej \u010cadci a Turzovke sme odovzdali 7 odvlh\u010dova\u010dov. &nbsp; Tieto pr\u00edstroje pom\u00f4\u017eu zatopen\u00fdm<\/p>\n\t\t<\/div>\n\t\t\t\t<\/div>\n\t\t\t\t<div class=\"elementor-post__meta-data\">\n\t\t\t\t\t<span class=\"elementor-post-date\">\n\t\t\tSeptember 26, 2024\t\t<\/span>\n\t\t\t\t<\/div>\n\t\t\t\t\t<\/div>\n\t\t<\/article>\n\t\t\t\t<article class=\"elementor-post elementor-grid-item post-32402 post type-post status-publish format-standard has-post-thumbnail hentry category-na-slovensku tag-slovensko\" role=\"listitem\">\n\t\t\t<div class=\"elementor-post__card\">\n\t\t\t\t<a class=\"elementor-post__thumbnail__link\" href=\"https:\/\/www.adra.sk\/en\/sos-adra-povodne-na-slovensku\/\" tabindex=\"-1\" target=\"_blank\"><div class=\"elementor-post__thumbnail\"><img loading=\"lazy\" decoding=\"async\" width=\"300\" height=\"132\" src=\"https:\/\/www.adra.sk\/wp-content\/uploads\/2024\/09\/Stupava2-300x132.jpg\" class=\"attachment-medium size-medium wp-image-32430\" alt=\"\" srcset=\"https:\/\/www.adra.sk\/wp-content\/uploads\/2024\/09\/Stupava2-300x132.jpg 300w, https:\/\/www.adra.sk\/wp-content\/uploads\/2024\/09\/Stupava2-1024x452.jpg 1024w, https:\/\/www.adra.sk\/wp-content\/uploads\/2024\/09\/Stupava2-768x339.jpg 768w, https:\/\/www.adra.sk\/wp-content\/uploads\/2024\/09\/Stupava2-1536x678.jpg 1536w, https:\/\/www.adra.sk\/wp-content\/uploads\/2024\/09\/Stupava2-18x8.jpg 18w, https:\/\/www.adra.sk\/wp-content\/uploads\/2024\/09\/Stupava2.jpg 1920w\" sizes=\"(max-width: 300px) 100vw, 300px\" \/><\/div><\/a>\n\t\t\t\t<div class=\"elementor-post__badge\">Slovensko<\/div>\n\t\t\t\t<div class=\"elementor-post__text\">\n\t\t\t\t<h3 class=\"elementor-post__title\">\n\t\t\t<a href=\"https:\/\/www.adra.sk\/en\/sos-adra-povodne-na-slovensku\/\" target=&quot;_blank&quot;>\n\t\t\t\tSOS ADRA: Povodne na Slovensku\t\t\t<\/a>\n\t\t<\/h3>\n\t\t\t\t<div class=\"elementor-post__excerpt\">\n\t\t\t<p>Vyhlasujeme verejn\u00fa zbierku na pomoc \u013eu\u010fom zasiahnut\u00fdm povod\u0148ami na Slovensku Zap\u00e1jame sa do pomoci \u013eu\u010fom<\/p>\n\t\t<\/div>\n\t\t\t\t<\/div>\n\t\t\t\t<div class=\"elementor-post__meta-data\">\n\t\t\t\t\t<span class=\"elementor-post-date\">\n\t\t\tSeptember 17, 2024\t\t<\/span>\n\t\t\t\t<\/div>\n\t\t\t\t\t<\/div>\n\t\t<\/article>\n\t\t\t\t<article class=\"elementor-post elementor-grid-item post-32396 post type-post status-publish format-standard has-post-thumbnail hentry category-ukrajina tag-ukrajina\" role=\"listitem\">\n\t\t\t<div class=\"elementor-post__card\">\n\t\t\t\t<a class=\"elementor-post__thumbnail__link\" href=\"https:\/\/www.adra.sk\/en\/pomoc-pre-obyvatelov-semenivky\/\" tabindex=\"-1\" target=\"_blank\"><div class=\"elementor-post__thumbnail\"><img loading=\"lazy\" decoding=\"async\" width=\"300\" height=\"127\" src=\"https:\/\/www.adra.sk\/wp-content\/uploads\/2024\/05\/KUB_4128-scaled-e1717146946508-300x127.jpg\" class=\"attachment-medium size-medium wp-image-31803\" alt=\"\" srcset=\"https:\/\/www.adra.sk\/wp-content\/uploads\/2024\/05\/KUB_4128-scaled-e1717146946508-300x127.jpg 300w, https:\/\/www.adra.sk\/wp-content\/uploads\/2024\/05\/KUB_4128-scaled-e1717146946508-1024x433.jpg 1024w, https:\/\/www.adra.sk\/wp-content\/uploads\/2024\/05\/KUB_4128-scaled-e1717146946508-768x325.jpg 768w, https:\/\/www.adra.sk\/wp-content\/uploads\/2024\/05\/KUB_4128-scaled-e1717146946508-1536x650.jpg 1536w, https:\/\/www.adra.sk\/wp-content\/uploads\/2024\/05\/KUB_4128-scaled-e1717146946508-2048x866.jpg 2048w, https:\/\/www.adra.sk\/wp-content\/uploads\/2024\/05\/KUB_4128-scaled-e1717146946508-18x8.jpg 18w, https:\/\/www.adra.sk\/wp-content\/uploads\/2024\/05\/KUB_4128-scaled-e1717146946508-2000x846.jpg 2000w\" sizes=\"(max-width: 300px) 100vw, 300px\" \/><\/div><\/a>\n\t\t\t\t<div class=\"elementor-post__badge\">Ukrajina<\/div>\n\t\t\t\t<div class=\"elementor-post__text\">\n\t\t\t\t<h3 class=\"elementor-post__title\">\n\t\t\t<a href=\"https:\/\/www.adra.sk\/en\/pomoc-pre-obyvatelov-semenivky\/\" target=&quot;_blank&quot;>\n\t\t\t\tPomoc pre obyvate\u013eov Semenivky\t\t\t<\/a>\n\t\t<\/h3>\n\t\t\t\t<div class=\"elementor-post__excerpt\">\n\t\t\t<p>Pom\u00e1hame t\u00fdm, ktor\u00ed ostali na hranici vojny. &nbsp; N\u00e1\u0161 ADRA t\u00edm zamieril pom\u00e1ha\u0165 do obce<\/p>\n\t\t<\/div>\n\t\t\t\t<\/div>\n\t\t\t\t<div class=\"elementor-post__meta-data\">\n\t\t\t\t\t<span class=\"elementor-post-date\">\n\t\t\tAugust 29, 2024\t\t<\/span>\n\t\t\t\t<\/div>\n\t\t\t\t\t<\/div>\n\t\t<\/article>\n\t\t\t\t<article class=\"elementor-post elementor-grid-item post-32329 post type-post status-publish format-standard has-post-thumbnail hentry category-vo-svete tag-gaza\" role=\"listitem\">\n\t\t\t<div class=\"elementor-post__card\">\n\t\t\t\t<a class=\"elementor-post__thumbnail__link\" href=\"https:\/\/www.adra.sk\/en\/nasa-pomoc-je-na-ceste-do-gazy\/\" tabindex=\"-1\" target=\"_blank\"><div class=\"elementor-post__thumbnail\"><img loading=\"lazy\" decoding=\"async\" width=\"300\" height=\"166\" src=\"https:\/\/www.adra.sk\/wp-content\/uploads\/2024\/08\/456184839_910590984430968_8267365987134522374_n-1-e1724308696121-300x166.jpg\" class=\"attachment-medium size-medium wp-image-32371\" alt=\"\" srcset=\"https:\/\/www.adra.sk\/wp-content\/uploads\/2024\/08\/456184839_910590984430968_8267365987134522374_n-1-e1724308696121-300x166.jpg 300w, https:\/\/www.adra.sk\/wp-content\/uploads\/2024\/08\/456184839_910590984430968_8267365987134522374_n-1-e1724308696121-768x426.jpg 768w, https:\/\/www.adra.sk\/wp-content\/uploads\/2024\/08\/456184839_910590984430968_8267365987134522374_n-1-e1724308696121-18x10.jpg 18w, https:\/\/www.adra.sk\/wp-content\/uploads\/2024\/08\/456184839_910590984430968_8267365987134522374_n-1-e1724308696121.jpg 922w\" sizes=\"(max-width: 300px) 100vw, 300px\" \/><\/div><\/a>\n\t\t\t\t<div class=\"elementor-post__badge\">Vo svete<\/div>\n\t\t\t\t<div class=\"elementor-post__text\">\n\t\t\t\t<h3 class=\"elementor-post__title\">\n\t\t\t<a href=\"https:\/\/www.adra.sk\/en\/nasa-pomoc-je-na-ceste-do-gazy\/\" target=&quot;_blank&quot;>\n\t\t\t\tNa\u0161a pomoc je na ceste do Gazy\t\t\t<\/a>\n\t\t<\/h3>\n\t\t\t\t<div class=\"elementor-post__excerpt\">\n\t\t\t<p>Spolo\u010dne s Ministerstvom vn\u00fatra SR sme zabezpe\u010dili z\u00e1sielku humanit\u00e1rnej pomoci do Gazy. Odkaz na tla\u010dov\u00fa<\/p>\n\t\t<\/div>\n\t\t\t\t<\/div>\n\t\t\t\t<div class=\"elementor-post__meta-data\">\n\t\t\t\t\t<span class=\"elementor-post-date\">\n\t\t\tAugust 20, 2024\t\t<\/span>\n\t\t\t\t<\/div>\n\t\t\t\t\t<\/div>\n\t\t<\/article>\n\t\t\t\t<article class=\"elementor-post elementor-grid-item post-32246 post type-post status-publish format-standard has-post-thumbnail hentry category-ukrajina tag-ukrajina\" role=\"listitem\">\n\t\t\t<div class=\"elementor-post__card\">\n\t\t\t\t<a class=\"elementor-post__thumbnail__link\" href=\"https:\/\/www.adra.sk\/en\/tim-adra-slovensko-sa-hlasi-z-cernihivskej-oblasti\/\" tabindex=\"-1\" target=\"_blank\"><div class=\"elementor-post__thumbnail\"><img loading=\"lazy\" decoding=\"async\" width=\"300\" height=\"158\" src=\"https:\/\/www.adra.sk\/wp-content\/uploads\/2024\/08\/KBE_2433-scaled-e1722672260480-300x158.jpg\" class=\"attachment-medium size-medium wp-image-32247\" alt=\"\" srcset=\"https:\/\/www.adra.sk\/wp-content\/uploads\/2024\/08\/KBE_2433-scaled-e1722672260480-300x158.jpg 300w, https:\/\/www.adra.sk\/wp-content\/uploads\/2024\/08\/KBE_2433-scaled-e1722672260480-1024x538.jpg 1024w, https:\/\/www.adra.sk\/wp-content\/uploads\/2024\/08\/KBE_2433-scaled-e1722672260480-768x403.jpg 768w, https:\/\/www.adra.sk\/wp-content\/uploads\/2024\/08\/KBE_2433-scaled-e1722672260480-1536x806.jpg 1536w, https:\/\/www.adra.sk\/wp-content\/uploads\/2024\/08\/KBE_2433-scaled-e1722672260480-2048x1075.jpg 2048w, https:\/\/www.adra.sk\/wp-content\/uploads\/2024\/08\/KBE_2433-scaled-e1722672260480-18x9.jpg 18w, https:\/\/www.adra.sk\/wp-content\/uploads\/2024\/08\/KBE_2433-scaled-e1722672260480-2000x1050.jpg 2000w\" sizes=\"(max-width: 300px) 100vw, 300px\" \/><\/div><\/a>\n\t\t\t\t<div class=\"elementor-post__badge\">Ukrajina<\/div>\n\t\t\t\t<div class=\"elementor-post__text\">\n\t\t\t\t<h3 class=\"elementor-post__title\">\n\t\t\t<a href=\"https:\/\/www.adra.sk\/en\/tim-adra-slovensko-sa-hlasi-z-cernihivskej-oblasti\/\" target=&quot;_blank&quot;>\n\t\t\t\tT\u00edm ADRA Slovensko sa hl\u00e1si z \u010cernihivskej oblasti\t\t\t<\/a>\n\t\t<\/h3>\n\t\t\t\t<div class=\"elementor-post__excerpt\">\n\t\t\t<p>Po dvoch d\u0148och za volantom sme op\u00e4\u0165 zakotvili v \u010cernihivskej oblasti. &nbsp; Nav\u0161t\u00edvime \u0161k\u00f4lky a<\/p>\n\t\t<\/div>\n\t\t\t\t<\/div>\n\t\t\t\t<div class=\"elementor-post__meta-data\">\n\t\t\t\t\t<span class=\"elementor-post-date\">\n\t\t\tAugust 3, 2024\t\t<\/span>\n\t\t\t\t<\/div>\n\t\t\t\t\t<\/div>\n\t\t<\/article>\n\t\t\t\t<article class=\"elementor-post elementor-grid-item post-32225 post type-post status-publish format-standard has-post-thumbnail hentry category-vo-svete tag-adrajapan tag-ukrajina\" role=\"listitem\">\n\t\t\t<div class=\"elementor-post__card\">\n\t\t\t\t<a class=\"elementor-post__thumbnail__link\" href=\"https:\/\/www.adra.sk\/en\/slnecnice-ako-symbol-podpory-a-nadeje\/\" tabindex=\"-1\" target=\"_blank\"><div class=\"elementor-post__thumbnail\"><img loading=\"lazy\" decoding=\"async\" width=\"300\" height=\"164\" src=\"https:\/\/www.adra.sk\/wp-content\/uploads\/2024\/07\/ImportedPhoto.743414690.05041-\u2013-kopia-\u2013-kopia-300x164.jpeg\" class=\"attachment-medium size-medium wp-image-32230\" alt=\"\" srcset=\"https:\/\/www.adra.sk\/wp-content\/uploads\/2024\/07\/ImportedPhoto.743414690.05041-\u2013-kopia-\u2013-kopia-300x164.jpeg 300w, https:\/\/www.adra.sk\/wp-content\/uploads\/2024\/07\/ImportedPhoto.743414690.05041-\u2013-kopia-\u2013-kopia-1024x558.jpeg 1024w, https:\/\/www.adra.sk\/wp-content\/uploads\/2024\/07\/ImportedPhoto.743414690.05041-\u2013-kopia-\u2013-kopia-768x419.jpeg 768w, https:\/\/www.adra.sk\/wp-content\/uploads\/2024\/07\/ImportedPhoto.743414690.05041-\u2013-kopia-\u2013-kopia-1536x838.jpeg 1536w, https:\/\/www.adra.sk\/wp-content\/uploads\/2024\/07\/ImportedPhoto.743414690.05041-\u2013-kopia-\u2013-kopia-2048x1117.jpeg 2048w, https:\/\/www.adra.sk\/wp-content\/uploads\/2024\/07\/ImportedPhoto.743414690.05041-\u2013-kopia-\u2013-kopia-18x10.jpeg 18w, https:\/\/www.adra.sk\/wp-content\/uploads\/2024\/07\/ImportedPhoto.743414690.05041-\u2013-kopia-\u2013-kopia-2000x1091.jpeg 2000w\" sizes=\"(max-width: 300px) 100vw, 300px\" \/><\/div><\/a>\n\t\t\t\t<div class=\"elementor-post__badge\">Vo svete<\/div>\n\t\t\t\t<div class=\"elementor-post__text\">\n\t\t\t\t<h3 class=\"elementor-post__title\">\n\t\t\t<a href=\"https:\/\/www.adra.sk\/en\/slnecnice-ako-symbol-podpory-a-nadeje\/\" target=&quot;_blank&quot;>\n\t\t\t\tSlne\u010dnice ako symbol podpory a n\u00e1deje\t\t\t<\/a>\n\t\t<\/h3>\n\t\t\t\t<div class=\"elementor-post__excerpt\">\n\t\t\t<p>Do podpory Ukrajiny sa zapojil cel\u00fd svet, vr\u00e1tane Japonska. Za\u010diatkom roka n\u00e1\u0161 partner, japonsk\u00e1 kancel\u00e1ria<\/p>\n\t\t<\/div>\n\t\t\t\t<\/div>\n\t\t\t\t<div class=\"elementor-post__meta-data\">\n\t\t\t\t\t<span class=\"elementor-post-date\">\n\t\t\tJuly 30, 2024\t\t<\/span>\n\t\t\t\t<\/div>\n\t\t\t\t\t<\/div>\n\t\t<\/article>\n\t\t\t\t<article class=\"elementor-post elementor-grid-item post-31971 post type-post status-publish format-standard has-post-thumbnail hentry category-ukrajina tag-ukrajina\" role=\"listitem\">\n\t\t\t<div class=\"elementor-post__card\">\n\t\t\t\t<a class=\"elementor-post__thumbnail__link\" href=\"https:\/\/www.adra.sk\/en\/pomoc-nemocniciam-v-cernihive\/\" tabindex=\"-1\" target=\"_blank\"><div class=\"elementor-post__thumbnail\"><img loading=\"lazy\" decoding=\"async\" width=\"300\" height=\"121\" src=\"https:\/\/www.adra.sk\/wp-content\/uploads\/2024\/06\/KUB_4053-scaled-e1719397552386-300x121.jpg\" class=\"attachment-medium size-medium wp-image-31995\" alt=\"\" srcset=\"https:\/\/www.adra.sk\/wp-content\/uploads\/2024\/06\/KUB_4053-scaled-e1719397552386-300x121.jpg 300w, https:\/\/www.adra.sk\/wp-content\/uploads\/2024\/06\/KUB_4053-scaled-e1719397552386-1024x413.jpg 1024w, https:\/\/www.adra.sk\/wp-content\/uploads\/2024\/06\/KUB_4053-scaled-e1719397552386-768x310.jpg 768w, https:\/\/www.adra.sk\/wp-content\/uploads\/2024\/06\/KUB_4053-scaled-e1719397552386-1536x619.jpg 1536w, https:\/\/www.adra.sk\/wp-content\/uploads\/2024\/06\/KUB_4053-scaled-e1719397552386-2048x826.jpg 2048w, https:\/\/www.adra.sk\/wp-content\/uploads\/2024\/06\/KUB_4053-scaled-e1719397552386-18x7.jpg 18w, https:\/\/www.adra.sk\/wp-content\/uploads\/2024\/06\/KUB_4053-scaled-e1719397552386-2000x806.jpg 2000w\" sizes=\"(max-width: 300px) 100vw, 300px\" \/><\/div><\/a>\n\t\t\t\t<div class=\"elementor-post__badge\">Ukrajina<\/div>\n\t\t\t\t<div class=\"elementor-post__text\">\n\t\t\t\t<h3 class=\"elementor-post__title\">\n\t\t\t<a href=\"https:\/\/www.adra.sk\/en\/pomoc-nemocniciam-v-cernihive\/\" target=&quot;_blank&quot;>\n\t\t\t\tPomoc nemocniciam v \u010cernihive\t\t\t<\/a>\n\t\t<\/h3>\n\t\t\t\t<div class=\"elementor-post__excerpt\">\n\t\t\t<p>ADRA zabezpe\u010dila zdravotn\u00edcky materi\u00e1l pre nemocnicu v \u010cernihive. Na\u0161a pomoc sa v&nbsp;poslednom obdob\u00ed viac s\u00fastredila<\/p>\n\t\t<\/div>\n\t\t\t\t<\/div>\n\t\t\t\t<div class=\"elementor-post__meta-data\">\n\t\t\t\t\t<span class=\"elementor-post-date\">\n\t\t\tJune 26, 2024\t\t<\/span>\n\t\t\t\t<\/div>\n\t\t\t\t\t<\/div>\n\t\t<\/article>\n\t\t\t\t<article class=\"elementor-post elementor-grid-item post-31912 post type-post status-publish format-standard has-post-thumbnail hentry category-vo-svete tag-gaza\" role=\"listitem\">\n\t\t\t<div class=\"elementor-post__card\">\n\t\t\t\t<a class=\"elementor-post__thumbnail__link\" href=\"https:\/\/www.adra.sk\/en\/pomoc-pre-gazu\/\" tabindex=\"-1\" target=\"_blank\"><div class=\"elementor-post__thumbnail\"><img loading=\"lazy\" decoding=\"async\" width=\"300\" height=\"146\" src=\"https:\/\/www.adra.sk\/wp-content\/uploads\/2024\/06\/IMG-20240619-WA0001-\u2013-kopia-300x146.jpg\" class=\"attachment-medium size-medium wp-image-31953\" alt=\"\" srcset=\"https:\/\/www.adra.sk\/wp-content\/uploads\/2024\/06\/IMG-20240619-WA0001-\u2013-kopia-300x146.jpg 300w, https:\/\/www.adra.sk\/wp-content\/uploads\/2024\/06\/IMG-20240619-WA0001-\u2013-kopia-1024x498.jpg 1024w, https:\/\/www.adra.sk\/wp-content\/uploads\/2024\/06\/IMG-20240619-WA0001-\u2013-kopia-768x374.jpg 768w, https:\/\/www.adra.sk\/wp-content\/uploads\/2024\/06\/IMG-20240619-WA0001-\u2013-kopia-18x9.jpg 18w, https:\/\/www.adra.sk\/wp-content\/uploads\/2024\/06\/IMG-20240619-WA0001-\u2013-kopia.jpg 1200w\" sizes=\"(max-width: 300px) 100vw, 300px\" \/><\/div><\/a>\n\t\t\t\t<div class=\"elementor-post__badge\">Vo svete<\/div>\n\t\t\t\t<div class=\"elementor-post__text\">\n\t\t\t\t<h3 class=\"elementor-post__title\">\n\t\t\t<a href=\"https:\/\/www.adra.sk\/en\/pomoc-pre-gazu\/\" target=&quot;_blank&quot;>\n\t\t\t\tPomoc pre Gazu\t\t\t<\/a>\n\t\t<\/h3>\n\t\t\t\t<div class=\"elementor-post__excerpt\">\n\t\t\t<p>Pridajte sa k n\u00e1m a pom\u00f4\u017ete tak \u013eu\u010fom vo vojnou zasiahnut\u00fdch oblastiach. &nbsp; Konflikt na<\/p>\n\t\t<\/div>\n\t\t\t\t<\/div>\n\t\t\t\t<div class=\"elementor-post__meta-data\">\n\t\t\t\t\t<span class=\"elementor-post-date\">\n\t\t\tJune 13, 2024\t\t<\/span>\n\t\t\t\t<\/div>\n\t\t\t\t\t<\/div>\n\t\t<\/article>\n\t\t\t\t<article class=\"elementor-post elementor-grid-item post-31859 post type-post status-publish format-standard has-post-thumbnail hentry category-ukrajina tag-ukrajina\" role=\"listitem\">\n\t\t\t<div class=\"elementor-post__card\">\n\t\t\t\t<a class=\"elementor-post__thumbnail__link\" href=\"https:\/\/www.adra.sk\/en\/latky-pre-studentov-ucilista-v-cernihive\/\" tabindex=\"-1\" target=\"_blank\"><div class=\"elementor-post__thumbnail\"><img loading=\"lazy\" decoding=\"async\" width=\"300\" height=\"118\" src=\"https:\/\/www.adra.sk\/wp-content\/uploads\/2024\/06\/KUB_3863-scaled-e1717675597560-300x118.jpg\" class=\"attachment-medium size-medium wp-image-31860\" alt=\"\" srcset=\"https:\/\/www.adra.sk\/wp-content\/uploads\/2024\/06\/KUB_3863-scaled-e1717675597560-300x118.jpg 300w, https:\/\/www.adra.sk\/wp-content\/uploads\/2024\/06\/KUB_3863-scaled-e1717675597560-1024x404.jpg 1024w, https:\/\/www.adra.sk\/wp-content\/uploads\/2024\/06\/KUB_3863-scaled-e1717675597560-768x303.jpg 768w, https:\/\/www.adra.sk\/wp-content\/uploads\/2024\/06\/KUB_3863-scaled-e1717675597560-1536x606.jpg 1536w, https:\/\/www.adra.sk\/wp-content\/uploads\/2024\/06\/KUB_3863-scaled-e1717675597560-2048x809.jpg 2048w, https:\/\/www.adra.sk\/wp-content\/uploads\/2024\/06\/KUB_3863-scaled-e1717675597560-18x7.jpg 18w, https:\/\/www.adra.sk\/wp-content\/uploads\/2024\/06\/KUB_3863-scaled-e1717675597560-2000x790.jpg 2000w\" sizes=\"(max-width: 300px) 100vw, 300px\" \/><\/div><\/a>\n\t\t\t\t<div class=\"elementor-post__badge\">Ukrajina<\/div>\n\t\t\t\t<div class=\"elementor-post__text\">\n\t\t\t\t<h3 class=\"elementor-post__title\">\n\t\t\t<a href=\"https:\/\/www.adra.sk\/en\/latky-pre-studentov-ucilista-v-cernihive\/\" target=&quot;_blank&quot;>\n\t\t\t\tL\u00e1tky pre \u0161tudentov u\u010dili\u0161\u0165a v \u010cernihive\t\t\t<\/a>\n\t\t<\/h3>\n\t\t\t\t<div class=\"elementor-post__excerpt\">\n\t\t\t<p>Ako sa sen o l\u00e1tkach stal realitou. Stanislav Bielik, riadite\u013e ADRA Slovensko &nbsp; Pred p\u00e1r<\/p>\n\t\t<\/div>\n\t\t\t\t<\/div>\n\t\t\t\t<div class=\"elementor-post__meta-data\">\n\t\t\t\t\t<span class=\"elementor-post-date\">\n\t\t\tJune 6, 2024\t\t<\/span>\n\t\t\t\t<\/div>\n\t\t\t\t\t<\/div>\n\t\t<\/article>\n\t\t\t\t<article class=\"elementor-post elementor-grid-item post-31695 post type-post status-publish format-standard has-post-thumbnail hentry category-ukrajina tag-ukrajina\" role=\"listitem\">\n\t\t\t<div class=\"elementor-post__card\">\n\t\t\t\t<a class=\"elementor-post__thumbnail__link\" href=\"https:\/\/www.adra.sk\/en\/pomoc-pre-osamelych-seniorov\/\" tabindex=\"-1\" target=\"_blank\"><div class=\"elementor-post__thumbnail\"><img loading=\"lazy\" decoding=\"async\" width=\"300\" height=\"147\" src=\"https:\/\/www.adra.sk\/wp-content\/uploads\/2024\/05\/DSC05831-scaled-e1716800275396-300x147.jpg\" class=\"attachment-medium size-medium wp-image-31698\" alt=\"\" srcset=\"https:\/\/www.adra.sk\/wp-content\/uploads\/2024\/05\/DSC05831-scaled-e1716800275396-300x147.jpg 300w, https:\/\/www.adra.sk\/wp-content\/uploads\/2024\/05\/DSC05831-scaled-e1716800275396-1024x502.jpg 1024w, https:\/\/www.adra.sk\/wp-content\/uploads\/2024\/05\/DSC05831-scaled-e1716800275396-768x376.jpg 768w, https:\/\/www.adra.sk\/wp-content\/uploads\/2024\/05\/DSC05831-scaled-e1716800275396-1536x752.jpg 1536w, https:\/\/www.adra.sk\/wp-content\/uploads\/2024\/05\/DSC05831-scaled-e1716800275396-2048x1003.jpg 2048w, https:\/\/www.adra.sk\/wp-content\/uploads\/2024\/05\/DSC05831-scaled-e1716800275396-18x9.jpg 18w, https:\/\/www.adra.sk\/wp-content\/uploads\/2024\/05\/DSC05831-scaled-e1716800275396-2000x980.jpg 2000w\" sizes=\"(max-width: 300px) 100vw, 300px\" \/><\/div><\/a>\n\t\t\t\t<div class=\"elementor-post__badge\">Ukrajina<\/div>\n\t\t\t\t<div class=\"elementor-post__text\">\n\t\t\t\t<h3 class=\"elementor-post__title\">\n\t\t\t<a href=\"https:\/\/www.adra.sk\/en\/pomoc-pre-osamelych-seniorov\/\" target=&quot;_blank&quot;>\n\t\t\t\tPomoc pre osamel\u00fdch seniorov\t\t\t<\/a>\n\t\t<\/h3>\n\t\t\t\t<div class=\"elementor-post__excerpt\">\n\t\t\t<p>Ukrajinsk\u00e9 mesto \u0160ostka sa nach\u00e1dza menej ne\u017e 50 km od frontovej l\u00ednie. Pr\u00e1ve sem smeroval<\/p>\n\t\t<\/div>\n\t\t\t\t<\/div>\n\t\t\t\t<div class=\"elementor-post__meta-data\">\n\t\t\t\t\t<span class=\"elementor-post-date\">\n\t\t\tMay 27, 2024\t\t<\/span>\n\t\t\t\t<\/div>\n\t\t\t\t\t<\/div>\n\t\t<\/article>\n\t\t\t\t<article class=\"elementor-post elementor-grid-item post-31688 post type-post status-publish format-standard has-post-thumbnail hentry category-libanon tag-libanon tag-slovakaid tag-wash\" role=\"listitem\">\n\t\t\t<div class=\"elementor-post__card\">\n\t\t\t\t<a class=\"elementor-post__thumbnail__link\" href=\"https:\/\/www.adra.sk\/en\/bezpecna-voda-pre-rodiny-v-libanone\/\" tabindex=\"-1\" target=\"_blank\"><div class=\"elementor-post__thumbnail\"><img loading=\"lazy\" decoding=\"async\" width=\"300\" height=\"120\" src=\"https:\/\/www.adra.sk\/wp-content\/uploads\/2024\/05\/cccccccc-e1716799631615-300x120.png\" class=\"attachment-medium size-medium wp-image-31690\" alt=\"\" srcset=\"https:\/\/www.adra.sk\/wp-content\/uploads\/2024\/05\/cccccccc-e1716799631615-300x120.png 300w, https:\/\/www.adra.sk\/wp-content\/uploads\/2024\/05\/cccccccc-e1716799631615-1024x411.png 1024w, https:\/\/www.adra.sk\/wp-content\/uploads\/2024\/05\/cccccccc-e1716799631615-768x308.png 768w, https:\/\/www.adra.sk\/wp-content\/uploads\/2024\/05\/cccccccc-e1716799631615-1536x616.png 1536w, https:\/\/www.adra.sk\/wp-content\/uploads\/2024\/05\/cccccccc-e1716799631615-18x7.png 18w, https:\/\/www.adra.sk\/wp-content\/uploads\/2024\/05\/cccccccc-e1716799631615.png 1628w\" sizes=\"(max-width: 300px) 100vw, 300px\" \/><\/div><\/a>\n\t\t\t\t<div class=\"elementor-post__badge\">Libanon<\/div>\n\t\t\t\t<div class=\"elementor-post__text\">\n\t\t\t\t<h3 class=\"elementor-post__title\">\n\t\t\t<a href=\"https:\/\/www.adra.sk\/en\/bezpecna-voda-pre-rodiny-v-libanone\/\" target=&quot;_blank&quot;>\n\t\t\t\tBezpe\u010dn\u00e1 voda pre rodiny v Libanone\t\t\t<\/a>\n\t\t<\/h3>\n\t\t\t\t<div class=\"elementor-post__excerpt\">\n\t\t\t<p>Nedostupnos\u0165 bezpe\u010dnej pitnej vody v Libanone predstavuje v\u00fdzvu nielen pre s\u00fdrske ute\u010deneck\u00e9 rodiny, ale aj<\/p>\n\t\t<\/div>\n\t\t\t\t<\/div>\n\t\t\t\t<div class=\"elementor-post__meta-data\">\n\t\t\t\t\t<span class=\"elementor-post-date\">\n\t\t\tMay 24, 2024\t\t<\/span>\n\t\t\t\t<\/div>\n\t\t\t\t\t<\/div>\n\t\t<\/article>\n\t\t\t\t<article class=\"elementor-post elementor-grid-item post-31672 post type-post status-publish format-standard has-post-thumbnail hentry category-na-slovensku tag-slovensko\" role=\"listitem\">\n\t\t\t<div class=\"elementor-post__card\">\n\t\t\t\t<a class=\"elementor-post__thumbnail__link\" href=\"https:\/\/www.adra.sk\/en\/vyjadrenie-k-atentatu-na-premiera-sr\/\" tabindex=\"-1\" target=\"_blank\"><div class=\"elementor-post__thumbnail\"><img loading=\"lazy\" decoding=\"async\" width=\"300\" height=\"251\" src=\"https:\/\/www.adra.sk\/wp-content\/uploads\/2024\/05\/Stanovisko-ADRA-300x251.png\" class=\"attachment-medium size-medium wp-image-31673\" alt=\"\" srcset=\"https:\/\/www.adra.sk\/wp-content\/uploads\/2024\/05\/Stanovisko-ADRA-300x251.png 300w, https:\/\/www.adra.sk\/wp-content\/uploads\/2024\/05\/Stanovisko-ADRA-768x644.png 768w, https:\/\/www.adra.sk\/wp-content\/uploads\/2024\/05\/Stanovisko-ADRA-14x12.png 14w, https:\/\/www.adra.sk\/wp-content\/uploads\/2024\/05\/Stanovisko-ADRA.png 940w\" sizes=\"(max-width: 300px) 100vw, 300px\" \/><\/div><\/a>\n\t\t\t\t<div class=\"elementor-post__badge\">Slovensko<\/div>\n\t\t\t\t<div class=\"elementor-post__text\">\n\t\t\t\t<h3 class=\"elementor-post__title\">\n\t\t\t<a href=\"https:\/\/www.adra.sk\/en\/vyjadrenie-k-atentatu-na-premiera-sr\/\" target=&quot;_blank&quot;>\n\t\t\t\tVyjadrenie k atent\u00e1tu na premi\u00e9ra SR\t\t\t<\/a>\n\t\t<\/h3>\n\t\t\t\t<div class=\"elementor-post__excerpt\">\n\t\t\t<p>Kategoricky odsudzujeme atent\u00e1t na premi\u00e9ra Slovenskej republiky. Atent\u00e1t na premi\u00e9ra je hrozn\u00fd \u010din, ktor\u00fd kategoricky<\/p>\n\t\t<\/div>\n\t\t\t\t<\/div>\n\t\t\t\t<div class=\"elementor-post__meta-data\">\n\t\t\t\t\t<span class=\"elementor-post-date\">\n\t\t\tMay 16, 2024\t\t<\/span>\n\t\t\t\t<\/div>\n\t\t\t\t\t<\/div>\n\t\t<\/article>\n\t\t\t\t<article class=\"elementor-post elementor-grid-item post-31608 post type-post status-publish format-standard has-post-thumbnail hentry category-libanon tag-libanon tag-slovakaid tag-wash\" role=\"listitem\">\n\t\t\t<div class=\"elementor-post__card\">\n\t\t\t\t<a class=\"elementor-post__thumbnail__link\" href=\"https:\/\/www.adra.sk\/en\/svetlo-pre-al-favour\/\" tabindex=\"-1\" target=\"_blank\"><div class=\"elementor-post__thumbnail\"><img loading=\"lazy\" decoding=\"async\" width=\"300\" height=\"104\" src=\"https:\/\/www.adra.sk\/wp-content\/uploads\/2024\/04\/20240418_130042-scaled-e1713726349745-300x104.jpg\" class=\"attachment-medium size-medium wp-image-31611\" alt=\"\" srcset=\"https:\/\/www.adra.sk\/wp-content\/uploads\/2024\/04\/20240418_130042-scaled-e1713726349745-300x104.jpg 300w, https:\/\/www.adra.sk\/wp-content\/uploads\/2024\/04\/20240418_130042-scaled-e1713726349745-1024x355.jpg 1024w, https:\/\/www.adra.sk\/wp-content\/uploads\/2024\/04\/20240418_130042-scaled-e1713726349745-768x266.jpg 768w, https:\/\/www.adra.sk\/wp-content\/uploads\/2024\/04\/20240418_130042-scaled-e1713726349745-1536x532.jpg 1536w, https:\/\/www.adra.sk\/wp-content\/uploads\/2024\/04\/20240418_130042-scaled-e1713726349745-2048x710.jpg 2048w, https:\/\/www.adra.sk\/wp-content\/uploads\/2024\/04\/20240418_130042-scaled-e1713726349745-18x6.jpg 18w, https:\/\/www.adra.sk\/wp-content\/uploads\/2024\/04\/20240418_130042-scaled-e1713726349745-2000x693.jpg 2000w\" sizes=\"(max-width: 300px) 100vw, 300px\" \/><\/div><\/a>\n\t\t\t\t<div class=\"elementor-post__badge\">Libanon<\/div>\n\t\t\t\t<div class=\"elementor-post__text\">\n\t\t\t\t<h3 class=\"elementor-post__title\">\n\t\t\t<a href=\"https:\/\/www.adra.sk\/en\/svetlo-pre-al-favour\/\" target=&quot;_blank&quot;>\n\t\t\t\tSvetlo pre Al Favour\t\t\t<\/a>\n\t\t<\/h3>\n\t\t\t\t<div class=\"elementor-post__excerpt\">\n\t\t\t<p>100 sol\u00e1rnych pouli\u010dn\u00fdch l\u00e1mp a noci v Al Favour u\u017e neb\u00fdvaj\u00fa temn\u00e9.<\/p>\n\t\t<\/div>\n\t\t\t\t<\/div>\n\t\t\t\t<div class=\"elementor-post__meta-data\">\n\t\t\t\t\t<span class=\"elementor-post-date\">\n\t\t\tApril 21, 2024\t\t<\/span>\n\t\t\t\t<\/div>\n\t\t\t\t\t<\/div>\n\t\t<\/article>\n\t\t\t\t<article class=\"elementor-post elementor-grid-item post-31570 post type-post status-publish format-standard has-post-thumbnail hentry category-syria tag-slovakaid tag-syria\" role=\"listitem\">\n\t\t\t<div class=\"elementor-post__card\">\n\t\t\t\t<a class=\"elementor-post__thumbnail__link\" href=\"https:\/\/www.adra.sk\/en\/na-ochutnavke-vody-v-syrii\/\" tabindex=\"-1\" target=\"_blank\"><div class=\"elementor-post__thumbnail\"><img loading=\"lazy\" decoding=\"async\" width=\"300\" height=\"121\" src=\"https:\/\/www.adra.sk\/wp-content\/uploads\/2024\/04\/20240414_133551-scaled-e1713339720965-300x121.jpg\" class=\"attachment-medium size-medium wp-image-31573\" alt=\"\" srcset=\"https:\/\/www.adra.sk\/wp-content\/uploads\/2024\/04\/20240414_133551-scaled-e1713339720965-300x121.jpg 300w, https:\/\/www.adra.sk\/wp-content\/uploads\/2024\/04\/20240414_133551-scaled-e1713339720965-1024x413.jpg 1024w, https:\/\/www.adra.sk\/wp-content\/uploads\/2024\/04\/20240414_133551-scaled-e1713339720965-768x310.jpg 768w, https:\/\/www.adra.sk\/wp-content\/uploads\/2024\/04\/20240414_133551-scaled-e1713339720965-1536x620.jpg 1536w, https:\/\/www.adra.sk\/wp-content\/uploads\/2024\/04\/20240414_133551-scaled-e1713339720965-2048x826.jpg 2048w, https:\/\/www.adra.sk\/wp-content\/uploads\/2024\/04\/20240414_133551-scaled-e1713339720965-18x7.jpg 18w, https:\/\/www.adra.sk\/wp-content\/uploads\/2024\/04\/20240414_133551-scaled-e1713339720965-2000x807.jpg 2000w\" sizes=\"(max-width: 300px) 100vw, 300px\" \/><\/div><\/a>\n\t\t\t\t<div class=\"elementor-post__badge\">S\u00fdria<\/div>\n\t\t\t\t<div class=\"elementor-post__text\">\n\t\t\t\t<h3 class=\"elementor-post__title\">\n\t\t\t<a href=\"https:\/\/www.adra.sk\/en\/na-ochutnavke-vody-v-syrii\/\" target=&quot;_blank&quot;>\n\t\t\t\tOchutn\u00e1vka vody v S\u00fdrii\t\t\t<\/a>\n\t\t<\/h3>\n\t\t\t\t<div class=\"elementor-post__excerpt\">\n\t\t\t<p>Kilometre potrubia s\u00fa u\u017e pod zemou a&nbsp;voda pr\u00fadi do dom\u00e1cnost\u00ed. Zemetrasenie v&nbsp;S\u00fdrii zni\u010dilo domy a&nbsp;naru\u0161ilo<\/p>\n\t\t<\/div>\n\t\t\t\t<\/div>\n\t\t\t\t<div class=\"elementor-post__meta-data\">\n\t\t\t\t\t<span class=\"elementor-post-date\">\n\t\t\tApril 17, 2024\t\t<\/span>\n\t\t\t\t<\/div>\n\t\t\t\t\t<\/div>\n\t\t<\/article>\n\t\t\t\t<article class=\"elementor-post elementor-grid-item post-31509 post type-post status-publish format-standard has-post-thumbnail hentry category-ukrajina tag-japanplatform tag-ukrajina\" role=\"listitem\">\n\t\t\t<div class=\"elementor-post__card\">\n\t\t\t\t<a class=\"elementor-post__thumbnail__link\" href=\"https:\/\/www.adra.sk\/en\/pomoc-pre-ludi-v-prihranicnych-oblastiach\/\" tabindex=\"-1\" target=\"_blank\"><div class=\"elementor-post__thumbnail\"><img loading=\"lazy\" decoding=\"async\" width=\"300\" height=\"179\" src=\"https:\/\/www.adra.sk\/wp-content\/uploads\/2024\/03\/IMG-20240316-WA0014-e1710585995612-300x179.jpg\" class=\"attachment-medium size-medium wp-image-31510\" alt=\"\" srcset=\"https:\/\/www.adra.sk\/wp-content\/uploads\/2024\/03\/IMG-20240316-WA0014-e1710585995612-300x179.jpg 300w, https:\/\/www.adra.sk\/wp-content\/uploads\/2024\/03\/IMG-20240316-WA0014-e1710585995612-1024x612.jpg 1024w, https:\/\/www.adra.sk\/wp-content\/uploads\/2024\/03\/IMG-20240316-WA0014-e1710585995612-768x459.jpg 768w, https:\/\/www.adra.sk\/wp-content\/uploads\/2024\/03\/IMG-20240316-WA0014-e1710585995612-18x12.jpg 18w, https:\/\/www.adra.sk\/wp-content\/uploads\/2024\/03\/IMG-20240316-WA0014-e1710585995612.jpg 1280w\" sizes=\"(max-width: 300px) 100vw, 300px\" \/><\/div><\/a>\n\t\t\t\t<div class=\"elementor-post__badge\">Ukrajina<\/div>\n\t\t\t\t<div class=\"elementor-post__text\">\n\t\t\t\t<h3 class=\"elementor-post__title\">\n\t\t\t<a href=\"https:\/\/www.adra.sk\/en\/pomoc-pre-ludi-v-prihranicnych-oblastiach\/\" target=&quot;_blank&quot;>\n\t\t\t\tPomoc pre \u013eud\u00ed v prihrani\u010dn\u00fdch oblastiach\t\t\t<\/a>\n\t\t<\/h3>\n\t\t\t\t<div class=\"elementor-post__excerpt\">\n\t\t\t<p>Na\u0161a cesta do prihrani\u010dn\u00fdch oblast\u00ed Ukrajiny pokra\u010duje. \u201eSem do prihrani\u010dnej oblasti sa dostane len ve\u013emi<\/p>\n\t\t<\/div>\n\t\t\t\t<\/div>\n\t\t\t\t<div class=\"elementor-post__meta-data\">\n\t\t\t\t\t<span class=\"elementor-post-date\">\n\t\t\tMarch 16, 2024\t\t<\/span>\n\t\t\t\t<\/div>\n\t\t\t\t\t<\/div>\n\t\t<\/article>\n\t\t\t\t<article class=\"elementor-post elementor-grid-item post-31466 post type-post status-publish format-standard has-post-thumbnail hentry category-ukrajina tag-pontis tag-ukrajina\" role=\"listitem\">\n\t\t\t<div class=\"elementor-post__card\">\n\t\t\t\t<a class=\"elementor-post__thumbnail__link\" href=\"https:\/\/www.adra.sk\/en\/oprava-skolskych-zariadeni-na-ukrajine\/\" tabindex=\"-1\" target=\"_blank\"><div class=\"elementor-post__thumbnail\"><img loading=\"lazy\" decoding=\"async\" width=\"300\" height=\"186\" src=\"https:\/\/www.adra.sk\/wp-content\/uploads\/2024\/03\/IMG-20240315-WA0048-e1710506836966-300x186.jpg\" class=\"attachment-medium size-medium wp-image-31468\" alt=\"\" srcset=\"https:\/\/www.adra.sk\/wp-content\/uploads\/2024\/03\/IMG-20240315-WA0048-e1710506836966-300x186.jpg 300w, https:\/\/www.adra.sk\/wp-content\/uploads\/2024\/03\/IMG-20240315-WA0048-e1710506836966-1024x634.jpg 1024w, https:\/\/www.adra.sk\/wp-content\/uploads\/2024\/03\/IMG-20240315-WA0048-e1710506836966-768x476.jpg 768w, https:\/\/www.adra.sk\/wp-content\/uploads\/2024\/03\/IMG-20240315-WA0048-e1710506836966-1536x952.jpg 1536w, https:\/\/www.adra.sk\/wp-content\/uploads\/2024\/03\/IMG-20240315-WA0048-e1710506836966-18x12.jpg 18w, https:\/\/www.adra.sk\/wp-content\/uploads\/2024\/03\/IMG-20240315-WA0048-e1710506836966.jpg 1953w\" sizes=\"(max-width: 300px) 100vw, 300px\" \/><\/div><\/a>\n\t\t\t\t<div class=\"elementor-post__badge\">Ukrajina<\/div>\n\t\t\t\t<div class=\"elementor-post__text\">\n\t\t\t\t<h3 class=\"elementor-post__title\">\n\t\t\t<a href=\"https:\/\/www.adra.sk\/en\/oprava-skolskych-zariadeni-na-ukrajine\/\" target=&quot;_blank&quot;>\n\t\t\t\tOprava \u0161kolsk\u00fdch zariaden\u00ed na Ukrajine\t\t\t<\/a>\n\t\t<\/h3>\n\t\t\t\t<div class=\"elementor-post__excerpt\">\n\t\t\t<p>N\u00e1\u0161 kr\u00edzov\u00fd interven\u010dn\u00fd t\u00edm moment\u00e1lne pom\u00e1ha v \u010cernihivskej oblasti na severe Ukrajiny, kde pripravuje pl\u00e1n<\/p>\n\t\t<\/div>\n\t\t\t\t<\/div>\n\t\t\t\t<div class=\"elementor-post__meta-data\">\n\t\t\t\t\t<span class=\"elementor-post-date\">\n\t\t\tMarch 15, 2024\t\t<\/span>\n\t\t\t\t<\/div>\n\t\t\t\t\t<\/div>\n\t\t<\/article>\n\t\t\t\t<article class=\"elementor-post elementor-grid-item post-31448 post type-post status-publish format-standard has-post-thumbnail hentry category-srbsko category-vo-svete tag-dobrovolnictvo tag-slovakaid tag-srbsko\" role=\"listitem\">\n\t\t\t<div class=\"elementor-post__card\">\n\t\t\t\t<a class=\"elementor-post__thumbnail__link\" href=\"https:\/\/www.adra.sk\/en\/praca-s-detmi-z-romskych-komunit-v-belehrade\/\" tabindex=\"-1\" target=\"_blank\"><div class=\"elementor-post__thumbnail\"><img loading=\"lazy\" decoding=\"async\" width=\"300\" height=\"121\" src=\"https:\/\/www.adra.sk\/wp-content\/uploads\/2024\/02\/KMA_2-blog_3-scaled-e1708943698102-300x121.jpeg\" class=\"attachment-medium size-medium wp-image-31449\" alt=\"\" srcset=\"https:\/\/www.adra.sk\/wp-content\/uploads\/2024\/02\/KMA_2-blog_3-scaled-e1708943698102-300x121.jpeg 300w, https:\/\/www.adra.sk\/wp-content\/uploads\/2024\/02\/KMA_2-blog_3-scaled-e1708943698102-1024x413.jpeg 1024w, https:\/\/www.adra.sk\/wp-content\/uploads\/2024\/02\/KMA_2-blog_3-scaled-e1708943698102-768x310.jpeg 768w, https:\/\/www.adra.sk\/wp-content\/uploads\/2024\/02\/KMA_2-blog_3-scaled-e1708943698102-1536x619.jpeg 1536w, https:\/\/www.adra.sk\/wp-content\/uploads\/2024\/02\/KMA_2-blog_3-scaled-e1708943698102-2048x826.jpeg 2048w, https:\/\/www.adra.sk\/wp-content\/uploads\/2024\/02\/KMA_2-blog_3-scaled-e1708943698102-18x7.jpeg 18w, https:\/\/www.adra.sk\/wp-content\/uploads\/2024\/02\/KMA_2-blog_3-scaled-e1708943698102-2000x806.jpeg 2000w\" sizes=\"(max-width: 300px) 100vw, 300px\" \/><\/div><\/a>\n\t\t\t\t<div class=\"elementor-post__badge\">Srbsko<\/div>\n\t\t\t\t<div class=\"elementor-post__text\">\n\t\t\t\t<h3 class=\"elementor-post__title\">\n\t\t\t<a href=\"https:\/\/www.adra.sk\/en\/praca-s-detmi-z-romskych-komunit-v-belehrade\/\" target=&quot;_blank&quot;>\n\t\t\t\tPr\u00e1ca s\u00a0de\u0165mi z\u00a0r\u00f3mskych komun\u00edt v Belehrade\t\t\t<\/a>\n\t\t<\/h3>\n\t\t\t\t<div class=\"elementor-post__excerpt\">\n\t\t\t<p>O prek\u00e1\u017ekach, ktor\u00fdm \u010delia r\u00f3mske deti v Srbsku, p\u00ed\u0161e na\u0161a dobrovo\u013en\u00ed\u010dka Krist\u00edna. Po\u010das m\u00f4jho dobrovo\u013en\u00edckeho<\/p>\n\t\t<\/div>\n\t\t\t\t<\/div>\n\t\t\t\t<div class=\"elementor-post__meta-data\">\n\t\t\t\t\t<span class=\"elementor-post-date\">\n\t\t\tFebruary 26, 2024\t\t<\/span>\n\t\t\t\t<\/div>\n\t\t\t\t\t<\/div>\n\t\t<\/article>\n\t\t\t\t<article class=\"elementor-post elementor-grid-item post-31437 post type-post status-publish format-standard has-post-thumbnail hentry category-srbsko category-vo-svete tag-dobrovolnictvo tag-slovakaid tag-srbsko\" role=\"listitem\">\n\t\t\t<div class=\"elementor-post__card\">\n\t\t\t\t<a class=\"elementor-post__thumbnail__link\" href=\"https:\/\/www.adra.sk\/en\/ako-sa-v-srbsku-zije-ludom-utekajucim-pred-vojnou\/\" tabindex=\"-1\" target=\"_blank\"><div class=\"elementor-post__thumbnail\"><img loading=\"lazy\" decoding=\"async\" width=\"300\" height=\"138\" src=\"https:\/\/www.adra.sk\/wp-content\/uploads\/2024\/02\/IMG_9468-scaled-e1708940921200-300x138.jpg\" class=\"attachment-medium size-medium wp-image-31438\" alt=\"\" srcset=\"https:\/\/www.adra.sk\/wp-content\/uploads\/2024\/02\/IMG_9468-scaled-e1708940921200-300x138.jpg 300w, https:\/\/www.adra.sk\/wp-content\/uploads\/2024\/02\/IMG_9468-scaled-e1708940921200-1024x472.jpg 1024w, https:\/\/www.adra.sk\/wp-content\/uploads\/2024\/02\/IMG_9468-scaled-e1708940921200-768x354.jpg 768w, https:\/\/www.adra.sk\/wp-content\/uploads\/2024\/02\/IMG_9468-scaled-e1708940921200-1536x709.jpg 1536w, https:\/\/www.adra.sk\/wp-content\/uploads\/2024\/02\/IMG_9468-scaled-e1708940921200-2048x945.jpg 2048w, https:\/\/www.adra.sk\/wp-content\/uploads\/2024\/02\/IMG_9468-scaled-e1708940921200-18x8.jpg 18w, https:\/\/www.adra.sk\/wp-content\/uploads\/2024\/02\/IMG_9468-scaled-e1708940921200-2000x923.jpg 2000w\" sizes=\"(max-width: 300px) 100vw, 300px\" \/><\/div><\/a>\n\t\t\t\t<div class=\"elementor-post__badge\">Srbsko<\/div>\n\t\t\t\t<div class=\"elementor-post__text\">\n\t\t\t\t<h3 class=\"elementor-post__title\">\n\t\t\t<a href=\"https:\/\/www.adra.sk\/en\/ako-sa-v-srbsku-zije-ludom-utekajucim-pred-vojnou\/\" target=&quot;_blank&quot;>\n\t\t\t\tAko sa v Srbsku \u017eije \u013eu\u010fom utekaj\u00facim pred vojnou\t\t\t<\/a>\n\t\t<\/h3>\n\t\t\t\t<div class=\"elementor-post__excerpt\">\n\t\t\t<p>Na\u0161a dobrovo\u013en\u00ed\u010dka Krist\u00edna p\u00ed\u0161e o svojom p\u00f4soben\u00ed v Srbsku. &nbsp; Moje meno je Krist\u00edna a<\/p>\n\t\t<\/div>\n\t\t\t\t<\/div>\n\t\t\t\t<div class=\"elementor-post__meta-data\">\n\t\t\t\t\t<span class=\"elementor-post-date\">\n\t\t\tFebruary 26, 2024\t\t<\/span>\n\t\t\t\t<\/div>\n\t\t\t\t\t<\/div>\n\t\t<\/article>\n\t\t\t\t<article class=\"elementor-post elementor-grid-item post-31386 post type-post status-publish format-standard has-post-thumbnail hentry category-syria tag-slovakaid tag-syria-2\" role=\"listitem\">\n\t\t\t<div class=\"elementor-post__card\">\n\t\t\t\t<a class=\"elementor-post__thumbnail__link\" href=\"https:\/\/www.adra.sk\/en\/voda-pre-syriu\/\" tabindex=\"-1\" target=\"_blank\"><div class=\"elementor-post__thumbnail\"><img loading=\"lazy\" decoding=\"async\" width=\"300\" height=\"169\" src=\"https:\/\/www.adra.sk\/wp-content\/uploads\/2024\/02\/RINSE-AlDator_AlDator-water-network-wash-Jan-2024-cutting-Asphalt-2-300x169.jpg\" class=\"attachment-medium size-medium wp-image-31387\" alt=\"\" srcset=\"https:\/\/www.adra.sk\/wp-content\/uploads\/2024\/02\/RINSE-AlDator_AlDator-water-network-wash-Jan-2024-cutting-Asphalt-2-300x169.jpg 300w, https:\/\/www.adra.sk\/wp-content\/uploads\/2024\/02\/RINSE-AlDator_AlDator-water-network-wash-Jan-2024-cutting-Asphalt-2-1024x576.jpg 1024w, https:\/\/www.adra.sk\/wp-content\/uploads\/2024\/02\/RINSE-AlDator_AlDator-water-network-wash-Jan-2024-cutting-Asphalt-2-768x432.jpg 768w, https:\/\/www.adra.sk\/wp-content\/uploads\/2024\/02\/RINSE-AlDator_AlDator-water-network-wash-Jan-2024-cutting-Asphalt-2-18x10.jpg 18w, https:\/\/www.adra.sk\/wp-content\/uploads\/2024\/02\/RINSE-AlDator_AlDator-water-network-wash-Jan-2024-cutting-Asphalt-2.jpg 1280w\" sizes=\"(max-width: 300px) 100vw, 300px\" \/><\/div><\/a>\n\t\t\t\t<div class=\"elementor-post__badge\">S\u00fdria<\/div>\n\t\t\t\t<div class=\"elementor-post__text\">\n\t\t\t\t<h3 class=\"elementor-post__title\">\n\t\t\t<a href=\"https:\/\/www.adra.sk\/en\/voda-pre-syriu\/\" target=&quot;_blank&quot;>\n\t\t\t\tVoda pre S\u00fdriu\t\t\t<\/a>\n\t\t<\/h3>\n\t\t\t\t<div class=\"elementor-post__excerpt\">\n\t\t\t<p>V Latakii, ktor\u00e1 bola zasiahnut\u00e1 minuloro\u010dn\u00fdm zemetrasen\u00edm, pokra\u010dujeme v oprave vodovodn\u00e9ho potrubia. Nov\u00e1 vodovodn\u00e1 sie\u0165<\/p>\n\t\t<\/div>\n\t\t\t\t<\/div>\n\t\t\t\t<div class=\"elementor-post__meta-data\">\n\t\t\t\t\t<span class=\"elementor-post-date\">\n\t\t\tFebruary 21, 2024\t\t<\/span>\n\t\t\t\t<\/div>\n\t\t\t\t\t<\/div>\n\t\t<\/article>\n\t\t\t\t<article class=\"elementor-post elementor-grid-item post-31382 post type-post status-publish format-standard has-post-thumbnail hentry category-uganda tag-dobrovolnictvo tag-slovakaid tag-uganda\" role=\"listitem\">\n\t\t\t<div class=\"elementor-post__card\">\n\t\t\t\t<a class=\"elementor-post__thumbnail__link\" href=\"https:\/\/www.adra.sk\/en\/nova-posila-na-farme\/\" tabindex=\"-1\" target=\"_blank\"><div class=\"elementor-post__thumbnail\"><img loading=\"lazy\" decoding=\"async\" width=\"300\" height=\"225\" src=\"https:\/\/www.adra.sk\/wp-content\/uploads\/2024\/02\/Obrazok-WhatsApp-2024-02-13-o-18.00.09_f0eb2900-300x225.jpg\" class=\"attachment-medium size-medium wp-image-31383\" alt=\"\" srcset=\"https:\/\/www.adra.sk\/wp-content\/uploads\/2024\/02\/Obrazok-WhatsApp-2024-02-13-o-18.00.09_f0eb2900-300x225.jpg 300w, https:\/\/www.adra.sk\/wp-content\/uploads\/2024\/02\/Obrazok-WhatsApp-2024-02-13-o-18.00.09_f0eb2900-1024x768.jpg 1024w, https:\/\/www.adra.sk\/wp-content\/uploads\/2024\/02\/Obrazok-WhatsApp-2024-02-13-o-18.00.09_f0eb2900-768x576.jpg 768w, https:\/\/www.adra.sk\/wp-content\/uploads\/2024\/02\/Obrazok-WhatsApp-2024-02-13-o-18.00.09_f0eb2900-1536x1152.jpg 1536w, https:\/\/www.adra.sk\/wp-content\/uploads\/2024\/02\/Obrazok-WhatsApp-2024-02-13-o-18.00.09_f0eb2900-16x12.jpg 16w, https:\/\/www.adra.sk\/wp-content\/uploads\/2024\/02\/Obrazok-WhatsApp-2024-02-13-o-18.00.09_f0eb2900-1000x750.jpg 1000w, https:\/\/www.adra.sk\/wp-content\/uploads\/2024\/02\/Obrazok-WhatsApp-2024-02-13-o-18.00.09_f0eb2900-2000x1500.jpg 2000w, https:\/\/www.adra.sk\/wp-content\/uploads\/2024\/02\/Obrazok-WhatsApp-2024-02-13-o-18.00.09_f0eb2900.jpg 2016w\" sizes=\"(max-width: 300px) 100vw, 300px\" \/><\/div><\/a>\n\t\t\t\t<div class=\"elementor-post__badge\">Uganda<\/div>\n\t\t\t\t<div class=\"elementor-post__text\">\n\t\t\t\t<h3 class=\"elementor-post__title\">\n\t\t\t<a href=\"https:\/\/www.adra.sk\/en\/nova-posila-na-farme\/\" target=&quot;_blank&quot;>\n\t\t\t\tNov\u00e1 posila na farme\t\t\t<\/a>\n\t\t<\/h3>\n\t\t\t\t<div class=\"elementor-post__excerpt\">\n\t\t\t<p>Na\u0161u monitorovaciu cestu do Ugandy sme spojili s uveden\u00edm novej SlovakAid dobrovo\u013en\u00ed\u010dky, Ani\u010dky, do ADRA<\/p>\n\t\t<\/div>\n\t\t\t\t<\/div>\n\t\t\t\t<div class=\"elementor-post__meta-data\">\n\t\t\t\t\t<span class=\"elementor-post-date\">\n\t\t\tFebruary 21, 2024\t\t<\/span>\n\t\t\t\t<\/div>\n\t\t\t\t\t<\/div>\n\t\t<\/article>\n\t\t\t\t<article class=\"elementor-post elementor-grid-item post-31340 post type-post status-publish format-standard has-post-thumbnail hentry category-vo-svete tag-dobrovolnictvo tag-slovakaid\" role=\"listitem\">\n\t\t\t<div class=\"elementor-post__card\">\n\t\t\t\t<a class=\"elementor-post__thumbnail__link\" href=\"https:\/\/www.adra.sk\/en\/sanja-pribeh-jednej-romky-v-albansku\/\" tabindex=\"-1\" target=\"_blank\"><div class=\"elementor-post__thumbnail\"><img loading=\"lazy\" decoding=\"async\" width=\"300\" height=\"166\" src=\"https:\/\/www.adra.sk\/wp-content\/uploads\/2024\/01\/foto_blog_1-scaled-e1706272336488-300x166.jpg\" class=\"attachment-medium size-medium wp-image-31341\" alt=\"\" srcset=\"https:\/\/www.adra.sk\/wp-content\/uploads\/2024\/01\/foto_blog_1-scaled-e1706272336488-300x166.jpg 300w, https:\/\/www.adra.sk\/wp-content\/uploads\/2024\/01\/foto_blog_1-scaled-e1706272336488-1024x568.jpg 1024w, https:\/\/www.adra.sk\/wp-content\/uploads\/2024\/01\/foto_blog_1-scaled-e1706272336488-768x426.jpg 768w, https:\/\/www.adra.sk\/wp-content\/uploads\/2024\/01\/foto_blog_1-scaled-e1706272336488-1536x852.jpg 1536w, https:\/\/www.adra.sk\/wp-content\/uploads\/2024\/01\/foto_blog_1-scaled-e1706272336488-2048x1136.jpg 2048w, https:\/\/www.adra.sk\/wp-content\/uploads\/2024\/01\/foto_blog_1-scaled-e1706272336488-18x10.jpg 18w, https:\/\/www.adra.sk\/wp-content\/uploads\/2024\/01\/foto_blog_1-scaled-e1706272336488-2000x1109.jpg 2000w\" sizes=\"(max-width: 300px) 100vw, 300px\" \/><\/div><\/a>\n\t\t\t\t<div class=\"elementor-post__badge\">Vo svete<\/div>\n\t\t\t\t<div class=\"elementor-post__text\">\n\t\t\t\t<h3 class=\"elementor-post__title\">\n\t\t\t<a href=\"https:\/\/www.adra.sk\/en\/sanja-pribeh-jednej-romky-v-albansku\/\" target=&quot;_blank&quot;>\n\t\t\t\tSanja, pr\u00edbeh jednej R\u00f3mky v\u00a0Alb\u00e1nsku\t\t\t<\/a>\n\t\t<\/h3>\n\t\t\t\t<div class=\"elementor-post__excerpt\">\n\t\t\t<p>Dominique, na\u0161a dobrovo\u013en\u00ed\u010dka vyslan\u00e1 na 12 mesiacov do Alb\u00e1nska, n\u00e1m prin\u00e1\u0161a rozhovor s mladou \u00fa\u010dastn\u00ed\u010dkou<\/p>\n\t\t<\/div>\n\t\t\t\t<\/div>\n\t\t\t\t<div class=\"elementor-post__meta-data\">\n\t\t\t\t\t<span class=\"elementor-post-date\">\n\t\t\tJanuary 26, 2024\t\t<\/span>\n\t\t\t\t<\/div>\n\t\t\t\t\t<\/div>\n\t\t<\/article>\n\t\t\t\t<article class=\"elementor-post elementor-grid-item post-31286 post type-post status-publish format-standard has-post-thumbnail hentry category-na-slovensku tag-slovensko\" role=\"listitem\">\n\t\t\t<div class=\"elementor-post__card\">\n\t\t\t\t<a class=\"elementor-post__thumbnail__link\" href=\"https:\/\/www.adra.sk\/en\/vianocne-balicky-radosti-pre-deti-na-ukrajine\/\" tabindex=\"-1\" target=\"_blank\"><div class=\"elementor-post__thumbnail\"><img loading=\"lazy\" decoding=\"async\" width=\"300\" height=\"169\" src=\"https:\/\/www.adra.sk\/wp-content\/uploads\/2023\/12\/nnnnn-300x169.png\" class=\"attachment-medium size-medium wp-image-31294\" alt=\"\" srcset=\"https:\/\/www.adra.sk\/wp-content\/uploads\/2023\/12\/nnnnn-300x169.png 300w, https:\/\/www.adra.sk\/wp-content\/uploads\/2023\/12\/nnnnn-1024x576.png 1024w, https:\/\/www.adra.sk\/wp-content\/uploads\/2023\/12\/nnnnn-768x432.png 768w, https:\/\/www.adra.sk\/wp-content\/uploads\/2023\/12\/nnnnn-1536x864.png 1536w, https:\/\/www.adra.sk\/wp-content\/uploads\/2023\/12\/nnnnn-18x10.png 18w, https:\/\/www.adra.sk\/wp-content\/uploads\/2023\/12\/nnnnn.png 1572w\" sizes=\"(max-width: 300px) 100vw, 300px\" \/><\/div><\/a>\n\t\t\t\t<div class=\"elementor-post__badge\">Slovensko<\/div>\n\t\t\t\t<div class=\"elementor-post__text\">\n\t\t\t\t<h3 class=\"elementor-post__title\">\n\t\t\t<a href=\"https:\/\/www.adra.sk\/en\/vianocne-balicky-radosti-pre-deti-na-ukrajine\/\" target=&quot;_blank&quot;>\n\t\t\t\tViano\u010dn\u00e9 bal\u00ed\u010dky radosti pre ukrajinsk\u00e9 deti\t\t\t<\/a>\n\t\t<\/h3>\n\t\t\t\t<div class=\"elementor-post__excerpt\">\n\t\t\t<p>Aj tento rok sa n\u00e1m v\u010faka podpore od ADRA Japonsko podar\u00ed vy\u010dari\u0165 \u00fasmev na tv\u00e1rach<\/p>\n\t\t<\/div>\n\t\t\t\t<\/div>\n\t\t\t\t<div class=\"elementor-post__meta-data\">\n\t\t\t\t\t<span class=\"elementor-post-date\">\n\t\t\tDecember 12, 2023\t\t<\/span>\n\t\t\t\t<\/div>\n\t\t\t\t\t<\/div>\n\t\t<\/article>\n\t\t\t\t<article class=\"elementor-post elementor-grid-item post-31115 post type-post status-publish format-standard has-post-thumbnail hentry category-na-slovensku tag-slovensko\" role=\"listitem\">\n\t\t\t<div class=\"elementor-post__card\">\n\t\t\t\t<a class=\"elementor-post__thumbnail__link\" href=\"https:\/\/www.adra.sk\/en\/sledujte-nazivo-beneficny-koncert-k-30-vyrociu-adra\/\" tabindex=\"-1\" target=\"_blank\"><div class=\"elementor-post__thumbnail\"><img loading=\"lazy\" decoding=\"async\" width=\"300\" height=\"218\" src=\"https:\/\/www.adra.sk\/wp-content\/uploads\/2023\/08\/adra_30rokov_logo_sk-2-300x218.jpg\" class=\"attachment-medium size-medium wp-image-30020\" alt=\"\" srcset=\"https:\/\/www.adra.sk\/wp-content\/uploads\/2023\/08\/adra_30rokov_logo_sk-2-300x218.jpg 300w, https:\/\/www.adra.sk\/wp-content\/uploads\/2023\/08\/adra_30rokov_logo_sk-2-1024x743.jpg 1024w, https:\/\/www.adra.sk\/wp-content\/uploads\/2023\/08\/adra_30rokov_logo_sk-2-768x557.jpg 768w, https:\/\/www.adra.sk\/wp-content\/uploads\/2023\/08\/adra_30rokov_logo_sk-2-1536x1114.jpg 1536w, https:\/\/www.adra.sk\/wp-content\/uploads\/2023\/08\/adra_30rokov_logo_sk-2-18x12.jpg 18w, https:\/\/www.adra.sk\/wp-content\/uploads\/2023\/08\/adra_30rokov_logo_sk-2-2000x1451.jpg 2000w, https:\/\/www.adra.sk\/wp-content\/uploads\/2023\/08\/adra_30rokov_logo_sk-2.jpg 2029w\" sizes=\"(max-width: 300px) 100vw, 300px\" \/><\/div><\/a>\n\t\t\t\t<div class=\"elementor-post__badge\">Slovensko<\/div>\n\t\t\t\t<div class=\"elementor-post__text\">\n\t\t\t\t<h3 class=\"elementor-post__title\">\n\t\t\t<a href=\"https:\/\/www.adra.sk\/en\/sledujte-nazivo-beneficny-koncert-k-30-vyrociu-adra\/\" target=&quot;_blank&quot;>\n\t\t\t\t30. v\u00fdro\u010die ADRA Slovensko\t\t\t<\/a>\n\t\t<\/h3>\n\t\t\t\t<div class=\"elementor-post__excerpt\">\n\t\t\t<p>V novembri sme osl\u00e1vili 30. v\u00fdro\u010die zalo\u017eenia ADRA na Slovensku. U\u017e tri dek\u00e1dy sl\u00fa\u017eime \u013eu\u010fom<\/p>\n\t\t<\/div>\n\t\t\t\t<\/div>\n\t\t\t\t<div class=\"elementor-post__meta-data\">\n\t\t\t\t\t<span class=\"elementor-post-date\">\n\t\t\tNovember 24, 2023\t\t<\/span>\n\t\t\t\t<\/div>\n\t\t\t\t\t<\/div>\n\t\t<\/article>\n\t\t\t\t<article class=\"elementor-post elementor-grid-item post-30972 post type-post status-publish format-standard has-post-thumbnail hentry category-uganda tag-helpkids\" role=\"listitem\">\n\t\t\t<div class=\"elementor-post__card\">\n\t\t\t\t<a class=\"elementor-post__thumbnail__link\" href=\"https:\/\/www.adra.sk\/en\/treningy-pre-trenerov\/\" tabindex=\"-1\" target=\"_blank\"><div class=\"elementor-post__thumbnail\"><img loading=\"lazy\" decoding=\"async\" width=\"300\" height=\"110\" src=\"https:\/\/www.adra.sk\/wp-content\/uploads\/2023\/10\/Obrazok-WhatsApp-2023-10-24-o-23.12.02_888ad6f2-e1698206830229-300x110.jpg\" class=\"attachment-medium size-medium wp-image-30975\" alt=\"\" srcset=\"https:\/\/www.adra.sk\/wp-content\/uploads\/2023\/10\/Obrazok-WhatsApp-2023-10-24-o-23.12.02_888ad6f2-e1698206830229-300x110.jpg 300w, https:\/\/www.adra.sk\/wp-content\/uploads\/2023\/10\/Obrazok-WhatsApp-2023-10-24-o-23.12.02_888ad6f2-e1698206830229-1024x374.jpg 1024w, https:\/\/www.adra.sk\/wp-content\/uploads\/2023\/10\/Obrazok-WhatsApp-2023-10-24-o-23.12.02_888ad6f2-e1698206830229-768x280.jpg 768w, https:\/\/www.adra.sk\/wp-content\/uploads\/2023\/10\/Obrazok-WhatsApp-2023-10-24-o-23.12.02_888ad6f2-e1698206830229-1536x561.jpg 1536w, https:\/\/www.adra.sk\/wp-content\/uploads\/2023\/10\/Obrazok-WhatsApp-2023-10-24-o-23.12.02_888ad6f2-e1698206830229-18x7.jpg 18w, https:\/\/www.adra.sk\/wp-content\/uploads\/2023\/10\/Obrazok-WhatsApp-2023-10-24-o-23.12.02_888ad6f2-e1698206830229.jpg 1600w\" sizes=\"(max-width: 300px) 100vw, 300px\" \/><\/div><\/a>\n\t\t\t\t<div class=\"elementor-post__badge\">Uganda<\/div>\n\t\t\t\t<div class=\"elementor-post__text\">\n\t\t\t\t<h3 class=\"elementor-post__title\">\n\t\t\t<a href=\"https:\/\/www.adra.sk\/en\/treningy-pre-trenerov\/\" target=&quot;_blank&quot;>\n\t\t\t\tTr\u00e9ningy pre tr\u00e9nerov\t\t\t<\/a>\n\t\t<\/h3>\n\t\t\t\t<div class=\"elementor-post__excerpt\">\n\t\t\t<p>Na na\u0161ej farme pokra\u010duje tr\u00e9ningov\u00fd program pre TOTs. Zapojili sme \u010fal\u0161\u00edch 50 drobn\u00fdch farm\u00e1rov, 35<\/p>\n\t\t<\/div>\n\t\t\t\t<\/div>\n\t\t\t\t<div class=\"elementor-post__meta-data\">\n\t\t\t\t\t<span class=\"elementor-post-date\">\n\t\t\tOctober 25, 2023\t\t<\/span>\n\t\t\t\t<\/div>\n\t\t\t\t\t<\/div>\n\t\t<\/article>\n\t\t\t\t<article class=\"elementor-post elementor-grid-item post-30898 post type-post status-publish format-standard has-post-thumbnail hentry category-ukrajina tag-ukrajina\" role=\"listitem\">\n\t\t\t<div class=\"elementor-post__card\">\n\t\t\t\t<a class=\"elementor-post__thumbnail__link\" href=\"https:\/\/www.adra.sk\/en\/pomozte-im-prezit-zimu\/\" tabindex=\"-1\" target=\"_blank\"><div class=\"elementor-post__thumbnail\"><img loading=\"lazy\" decoding=\"async\" width=\"300\" height=\"112\" src=\"https:\/\/www.adra.sk\/wp-content\/uploads\/2023\/10\/384743005_708225331345414_5900556248273847860_n-\u2013-kopia-300x112.jpg\" class=\"attachment-medium size-medium wp-image-30831\" alt=\"\" srcset=\"https:\/\/www.adra.sk\/wp-content\/uploads\/2023\/10\/384743005_708225331345414_5900556248273847860_n-\u2013-kopia-300x112.jpg 300w, https:\/\/www.adra.sk\/wp-content\/uploads\/2023\/10\/384743005_708225331345414_5900556248273847860_n-\u2013-kopia-1024x382.jpg 1024w, https:\/\/www.adra.sk\/wp-content\/uploads\/2023\/10\/384743005_708225331345414_5900556248273847860_n-\u2013-kopia-768x286.jpg 768w, https:\/\/www.adra.sk\/wp-content\/uploads\/2023\/10\/384743005_708225331345414_5900556248273847860_n-\u2013-kopia-1536x572.jpg 1536w, https:\/\/www.adra.sk\/wp-content\/uploads\/2023\/10\/384743005_708225331345414_5900556248273847860_n-\u2013-kopia-18x7.jpg 18w, https:\/\/www.adra.sk\/wp-content\/uploads\/2023\/10\/384743005_708225331345414_5900556248273847860_n-\u2013-kopia-2000x745.jpg 2000w, https:\/\/www.adra.sk\/wp-content\/uploads\/2023\/10\/384743005_708225331345414_5900556248273847860_n-\u2013-kopia.jpg 2048w\" sizes=\"(max-width: 300px) 100vw, 300px\" \/><\/div><\/a>\n\t\t\t\t<div class=\"elementor-post__badge\">Ukrajina<\/div>\n\t\t\t\t<div class=\"elementor-post__text\">\n\t\t\t\t<h3 class=\"elementor-post__title\">\n\t\t\t<a href=\"https:\/\/www.adra.sk\/en\/pomozte-im-prezit-zimu\/\" target=&quot;_blank&quot;>\n\t\t\t\tPom\u00f4\u017ete im pre\u017ei\u0165 zimu!\t\t\t<\/a>\n\t\t<\/h3>\n\t\t\t\t<div class=\"elementor-post__excerpt\">\n\t\t\t<p>Obnovme spolo\u010dne tepla domova pre 50 ukrajinsk\u00fdch rod\u00edn, ktor\u00e9 \u010delia extr\u00e9mnym zimn\u00fdm mesiacom.<\/p>\n\t\t<\/div>\n\t\t\t\t<\/div>\n\t\t\t\t<div class=\"elementor-post__meta-data\">\n\t\t\t\t\t<span class=\"elementor-post-date\">\n\t\t\tOctober 20, 2023\t\t<\/span>\n\t\t\t\t<\/div>\n\t\t\t\t\t<\/div>\n\t\t<\/article>\n\t\t\t\t<article class=\"elementor-post elementor-grid-item post-30892 post type-post status-publish format-standard has-post-thumbnail hentry category-syria tag-slovakaid tag-syria-2\" role=\"listitem\">\n\t\t\t<div class=\"elementor-post__card\">\n\t\t\t\t<a class=\"elementor-post__thumbnail__link\" href=\"https:\/\/www.adra.sk\/en\/pomoc-po-zemetraseni-v-syrii\/\" tabindex=\"-1\" target=\"_blank\"><div class=\"elementor-post__thumbnail\"><img loading=\"lazy\" decoding=\"async\" width=\"300\" height=\"169\" src=\"https:\/\/www.adra.sk\/wp-content\/uploads\/2023\/10\/Food-basket-distribution-Borg-Islam-26-2-2023-1-300x169.jpeg\" class=\"attachment-medium size-medium wp-image-30893\" alt=\"\" srcset=\"https:\/\/www.adra.sk\/wp-content\/uploads\/2023\/10\/Food-basket-distribution-Borg-Islam-26-2-2023-1-300x169.jpeg 300w, https:\/\/www.adra.sk\/wp-content\/uploads\/2023\/10\/Food-basket-distribution-Borg-Islam-26-2-2023-1-1024x576.jpeg 1024w, https:\/\/www.adra.sk\/wp-content\/uploads\/2023\/10\/Food-basket-distribution-Borg-Islam-26-2-2023-1-768x432.jpeg 768w, https:\/\/www.adra.sk\/wp-content\/uploads\/2023\/10\/Food-basket-distribution-Borg-Islam-26-2-2023-1-18x10.jpeg 18w, https:\/\/www.adra.sk\/wp-content\/uploads\/2023\/10\/Food-basket-distribution-Borg-Islam-26-2-2023-1.jpeg 1080w\" sizes=\"(max-width: 300px) 100vw, 300px\" \/><\/div><\/a>\n\t\t\t\t<div class=\"elementor-post__badge\">S\u00fdria<\/div>\n\t\t\t\t<div class=\"elementor-post__text\">\n\t\t\t\t<h3 class=\"elementor-post__title\">\n\t\t\t<a href=\"https:\/\/www.adra.sk\/en\/pomoc-po-zemetraseni-v-syrii\/\" target=&quot;_blank&quot;>\n\t\t\t\tPomoc po zemetrasen\u00ed v S\u00fdrii\t\t\t<\/a>\n\t\t<\/h3>\n\t\t\t\t<div class=\"elementor-post__excerpt\">\n\t\t\t<p>S rekon\u0161trukciou a zmier\u0148ovan\u00edm n\u00e1sledkov trag\u00e9die pom\u00e1hame aj ADRA.<\/p>\n\t\t<\/div>\n\t\t\t\t<\/div>\n\t\t\t\t<div class=\"elementor-post__meta-data\">\n\t\t\t\t\t<span class=\"elementor-post-date\">\n\t\t\tOctober 20, 2023\t\t<\/span>\n\t\t\t\t<\/div>\n\t\t\t\t\t<\/div>\n\t\t<\/article>\n\t\t\t\t<article class=\"elementor-post elementor-grid-item post-30939 post type-post status-publish format-standard has-post-thumbnail hentry category-uganda tag-helpkids\" role=\"listitem\">\n\t\t\t<div class=\"elementor-post__card\">\n\t\t\t\t<a class=\"elementor-post__thumbnail__link\" href=\"https:\/\/www.adra.sk\/en\/nemocnica-sweswe\/\" tabindex=\"-1\" target=\"_blank\"><div class=\"elementor-post__thumbnail\"><img loading=\"lazy\" decoding=\"async\" width=\"300\" height=\"145\" src=\"https:\/\/www.adra.sk\/wp-content\/uploads\/2023\/10\/20230216_121408-scaled-e1697867087426-300x145.jpg\" class=\"attachment-medium size-medium wp-image-30946\" alt=\"\" srcset=\"https:\/\/www.adra.sk\/wp-content\/uploads\/2023\/10\/20230216_121408-scaled-e1697867087426-300x145.jpg 300w, https:\/\/www.adra.sk\/wp-content\/uploads\/2023\/10\/20230216_121408-scaled-e1697867087426-1024x494.jpg 1024w, https:\/\/www.adra.sk\/wp-content\/uploads\/2023\/10\/20230216_121408-scaled-e1697867087426-768x371.jpg 768w, https:\/\/www.adra.sk\/wp-content\/uploads\/2023\/10\/20230216_121408-scaled-e1697867087426-1536x741.jpg 1536w, https:\/\/www.adra.sk\/wp-content\/uploads\/2023\/10\/20230216_121408-scaled-e1697867087426-2048x988.jpg 2048w, https:\/\/www.adra.sk\/wp-content\/uploads\/2023\/10\/20230216_121408-scaled-e1697867087426-18x9.jpg 18w, https:\/\/www.adra.sk\/wp-content\/uploads\/2023\/10\/20230216_121408-scaled-e1697867087426-2000x965.jpg 2000w\" sizes=\"(max-width: 300px) 100vw, 300px\" \/><\/div><\/a>\n\t\t\t\t<div class=\"elementor-post__badge\">Uganda<\/div>\n\t\t\t\t<div class=\"elementor-post__text\">\n\t\t\t\t<h3 class=\"elementor-post__title\">\n\t\t\t<a href=\"https:\/\/www.adra.sk\/en\/nemocnica-sweswe\/\" target=&quot;_blank&quot;>\n\t\t\t\tNemocnica Sweswe\t\t\t<\/a>\n\t\t<\/h3>\n\t\t\t\t<div class=\"elementor-post__excerpt\">\n\t\t\t<p>Pre\u017ei\u0165 v ute\u010deneckej oblasti Kayaka II. nie je \u013eahk\u00e9. Aj ke\u010f tu nie je hlad,<\/p>\n\t\t<\/div>\n\t\t\t\t<\/div>\n\t\t\t\t<div class=\"elementor-post__meta-data\">\n\t\t\t\t\t<span class=\"elementor-post-date\">\n\t\t\tOctober 19, 2023\t\t<\/span>\n\t\t\t\t<\/div>\n\t\t\t\t\t<\/div>\n\t\t<\/article>\n\t\t\t\t<article class=\"elementor-post elementor-grid-item post-30880 post type-post status-publish format-standard has-post-thumbnail hentry category-uganda tag-helpkids\" role=\"listitem\">\n\t\t\t<div class=\"elementor-post__card\">\n\t\t\t\t<a class=\"elementor-post__thumbnail__link\" href=\"https:\/\/www.adra.sk\/en\/deti-patria-do-skoly\/\" tabindex=\"-1\" target=\"_blank\"><div class=\"elementor-post__thumbnail\"><img loading=\"lazy\" decoding=\"async\" width=\"300\" height=\"128\" src=\"https:\/\/www.adra.sk\/wp-content\/uploads\/2023\/10\/KY-02--scaled-e1697828755758-300x128.jpg\" class=\"attachment-medium size-medium wp-image-30904\" alt=\"\" srcset=\"https:\/\/www.adra.sk\/wp-content\/uploads\/2023\/10\/KY-02--scaled-e1697828755758-300x128.jpg 300w, https:\/\/www.adra.sk\/wp-content\/uploads\/2023\/10\/KY-02--scaled-e1697828755758-1024x435.jpg 1024w, https:\/\/www.adra.sk\/wp-content\/uploads\/2023\/10\/KY-02--scaled-e1697828755758-768x326.jpg 768w, https:\/\/www.adra.sk\/wp-content\/uploads\/2023\/10\/KY-02--scaled-e1697828755758-1536x653.jpg 1536w, https:\/\/www.adra.sk\/wp-content\/uploads\/2023\/10\/KY-02--scaled-e1697828755758-2048x870.jpg 2048w, https:\/\/www.adra.sk\/wp-content\/uploads\/2023\/10\/KY-02--scaled-e1697828755758-18x8.jpg 18w, https:\/\/www.adra.sk\/wp-content\/uploads\/2023\/10\/KY-02--scaled-e1697828755758-2000x850.jpg 2000w\" sizes=\"(max-width: 300px) 100vw, 300px\" \/><\/div><\/a>\n\t\t\t\t<div class=\"elementor-post__badge\">Uganda<\/div>\n\t\t\t\t<div class=\"elementor-post__text\">\n\t\t\t\t<h3 class=\"elementor-post__title\">\n\t\t\t<a href=\"https:\/\/www.adra.sk\/en\/deti-patria-do-skoly\/\" target=&quot;_blank&quot;>\n\t\t\t\tDeti patria do \u0161koly\t\t\t<\/a>\n\t\t<\/h3>\n\t\t\t\t<div class=\"elementor-post__excerpt\">\n\t\t\t<p>Nav\u0161t\u00edvili sme \u0161kolu v ute\u010deneckom t\u00e1bore Kyjaka II. aby sme sa stretli s de\u0165mi, ktor\u00e9<\/p>\n\t\t<\/div>\n\t\t\t\t<\/div>\n\t\t\t\t<div class=\"elementor-post__meta-data\">\n\t\t\t\t\t<span class=\"elementor-post-date\">\n\t\t\tOctober 19, 2023\t\t<\/span>\n\t\t\t\t<\/div>\n\t\t\t\t\t<\/div>\n\t\t<\/article>\n\t\t\t\t<article class=\"elementor-post elementor-grid-item post-30656 post type-post status-publish format-standard has-post-thumbnail hentry category-uganda tag-helpkids\" role=\"listitem\">\n\t\t\t<div class=\"elementor-post__card\">\n\t\t\t\t<a class=\"elementor-post__thumbnail__link\" href=\"https:\/\/www.adra.sk\/en\/kampala-skola-v-slume\/\" tabindex=\"-1\" target=\"_blank\"><div class=\"elementor-post__thumbnail\"><img loading=\"lazy\" decoding=\"async\" width=\"300\" height=\"112\" src=\"https:\/\/www.adra.sk\/wp-content\/uploads\/2023\/10\/KAM-13-scaled-e1697163202967-300x112.jpg\" class=\"attachment-medium size-medium wp-image-30654\" alt=\"\" srcset=\"https:\/\/www.adra.sk\/wp-content\/uploads\/2023\/10\/KAM-13-scaled-e1697163202967-300x112.jpg 300w, https:\/\/www.adra.sk\/wp-content\/uploads\/2023\/10\/KAM-13-scaled-e1697163202967-1024x381.jpg 1024w, https:\/\/www.adra.sk\/wp-content\/uploads\/2023\/10\/KAM-13-scaled-e1697163202967-768x286.jpg 768w, https:\/\/www.adra.sk\/wp-content\/uploads\/2023\/10\/KAM-13-scaled-e1697163202967-1536x572.jpg 1536w, https:\/\/www.adra.sk\/wp-content\/uploads\/2023\/10\/KAM-13-scaled-e1697163202967-2048x762.jpg 2048w, https:\/\/www.adra.sk\/wp-content\/uploads\/2023\/10\/KAM-13-scaled-e1697163202967-18x7.jpg 18w, https:\/\/www.adra.sk\/wp-content\/uploads\/2023\/10\/KAM-13-scaled-e1697163202967-2000x745.jpg 2000w\" sizes=\"(max-width: 300px) 100vw, 300px\" \/><\/div><\/a>\n\t\t\t\t<div class=\"elementor-post__badge\">Uganda<\/div>\n\t\t\t\t<div class=\"elementor-post__text\">\n\t\t\t\t<h3 class=\"elementor-post__title\">\n\t\t\t<a href=\"https:\/\/www.adra.sk\/en\/kampala-skola-v-slume\/\" target=&quot;_blank&quot;>\n\t\t\t\tKampala \u0161kola v slume\t\t\t<\/a>\n\t\t<\/h3>\n\t\t\t\t<div class=\"elementor-post__excerpt\">\n\t\t\t<p>Nav\u0161t\u00edvili sme \u0161kolu v slume na predmest\u00ed Kampaly a stretli sa s de\u0165mi, ktor\u00e9 podporili<\/p>\n\t\t<\/div>\n\t\t\t\t<\/div>\n\t\t\t\t<div class=\"elementor-post__meta-data\">\n\t\t\t\t\t<span class=\"elementor-post-date\">\n\t\t\tOctober 13, 2023\t\t<\/span>\n\t\t\t\t<\/div>\n\t\t\t\t\t<\/div>\n\t\t<\/article>\n\t\t\t\t<article class=\"elementor-post elementor-grid-item post-30607 post type-post status-publish format-standard has-post-thumbnail hentry category-ukrajina tag-mofa tag-ukrajina\" role=\"listitem\">\n\t\t\t<div class=\"elementor-post__card\">\n\t\t\t\t<a class=\"elementor-post__thumbnail__link\" href=\"https:\/\/www.adra.sk\/en\/pomoc-pre-obyvatelov-chersonu\/\" tabindex=\"-1\" target=\"_blank\"><div class=\"elementor-post__thumbnail\"><img loading=\"lazy\" decoding=\"async\" width=\"300\" height=\"121\" src=\"https:\/\/www.adra.sk\/wp-content\/uploads\/2023\/09\/20230927_123240-scaled-e1695930021114-300x121.jpg\" class=\"attachment-medium size-medium wp-image-30608\" alt=\"\" srcset=\"https:\/\/www.adra.sk\/wp-content\/uploads\/2023\/09\/20230927_123240-scaled-e1695930021114-300x121.jpg 300w, https:\/\/www.adra.sk\/wp-content\/uploads\/2023\/09\/20230927_123240-scaled-e1695930021114-1024x414.jpg 1024w, https:\/\/www.adra.sk\/wp-content\/uploads\/2023\/09\/20230927_123240-scaled-e1695930021114-768x311.jpg 768w, https:\/\/www.adra.sk\/wp-content\/uploads\/2023\/09\/20230927_123240-scaled-e1695930021114-1536x622.jpg 1536w, https:\/\/www.adra.sk\/wp-content\/uploads\/2023\/09\/20230927_123240-scaled-e1695930021114-2048x829.jpg 2048w, https:\/\/www.adra.sk\/wp-content\/uploads\/2023\/09\/20230927_123240-scaled-e1695930021114-18x7.jpg 18w, https:\/\/www.adra.sk\/wp-content\/uploads\/2023\/09\/20230927_123240-scaled-e1695930021114-2000x809.jpg 2000w\" sizes=\"(max-width: 300px) 100vw, 300px\" \/><\/div><\/a>\n\t\t\t\t<div class=\"elementor-post__badge\">Ukrajina<\/div>\n\t\t\t\t<div class=\"elementor-post__text\">\n\t\t\t\t<h3 class=\"elementor-post__title\">\n\t\t\t<a href=\"https:\/\/www.adra.sk\/en\/pomoc-pre-obyvatelov-chersonu\/\" target=&quot;_blank&quot;>\n\t\t\t\tPomoc pre obyvate\u013eov Chersonu\t\t\t<\/a>\n\t\t<\/h3>\n\t\t\t\t<div class=\"elementor-post__excerpt\">\n\t\t\t<p>\u0164a\u017ek\u00e9 boje a z\u00e1plavy uvrhli tis\u00edce obyvate\u013eov Chersonu do chudoby. Pom\u00e1hame aj my.<\/p>\n\t\t<\/div>\n\t\t\t\t<\/div>\n\t\t\t\t<div class=\"elementor-post__meta-data\">\n\t\t\t\t\t<span class=\"elementor-post-date\">\n\t\t\tSeptember 28, 2023\t\t<\/span>\n\t\t\t\t<\/div>\n\t\t\t\t\t<\/div>\n\t\t<\/article>\n\t\t\t\t<article class=\"elementor-post elementor-grid-item post-30572 post type-post status-publish format-standard has-post-thumbnail hentry category-ukrajina tag-mofa tag-ukrajina\" role=\"listitem\">\n\t\t\t<div class=\"elementor-post__card\">\n\t\t\t\t<a class=\"elementor-post__thumbnail__link\" href=\"https:\/\/www.adra.sk\/en\/generatory-pre-nemocnice-v-zaporozi\/\" tabindex=\"-1\" target=\"_blank\"><div class=\"elementor-post__thumbnail\"><img loading=\"lazy\" decoding=\"async\" width=\"300\" height=\"115\" src=\"https:\/\/www.adra.sk\/wp-content\/uploads\/2023\/09\/2023_09_25_odovzdavanie-generatorov_zaporozie_-9-scaled-e1695841246416-300x115.jpg\" class=\"attachment-medium size-medium wp-image-30584\" alt=\"\" srcset=\"https:\/\/www.adra.sk\/wp-content\/uploads\/2023\/09\/2023_09_25_odovzdavanie-generatorov_zaporozie_-9-scaled-e1695841246416-300x115.jpg 300w, https:\/\/www.adra.sk\/wp-content\/uploads\/2023\/09\/2023_09_25_odovzdavanie-generatorov_zaporozie_-9-scaled-e1695841246416-1024x392.jpg 1024w, https:\/\/www.adra.sk\/wp-content\/uploads\/2023\/09\/2023_09_25_odovzdavanie-generatorov_zaporozie_-9-scaled-e1695841246416-768x294.jpg 768w, https:\/\/www.adra.sk\/wp-content\/uploads\/2023\/09\/2023_09_25_odovzdavanie-generatorov_zaporozie_-9-scaled-e1695841246416-1536x587.jpg 1536w, https:\/\/www.adra.sk\/wp-content\/uploads\/2023\/09\/2023_09_25_odovzdavanie-generatorov_zaporozie_-9-scaled-e1695841246416-2048x783.jpg 2048w, https:\/\/www.adra.sk\/wp-content\/uploads\/2023\/09\/2023_09_25_odovzdavanie-generatorov_zaporozie_-9-scaled-e1695841246416-18x7.jpg 18w, https:\/\/www.adra.sk\/wp-content\/uploads\/2023\/09\/2023_09_25_odovzdavanie-generatorov_zaporozie_-9-scaled-e1695841246416-2000x765.jpg 2000w\" sizes=\"(max-width: 300px) 100vw, 300px\" \/><\/div><\/a>\n\t\t\t\t<div class=\"elementor-post__badge\">Ukrajina<\/div>\n\t\t\t\t<div class=\"elementor-post__text\">\n\t\t\t\t<h3 class=\"elementor-post__title\">\n\t\t\t<a href=\"https:\/\/www.adra.sk\/en\/generatory-pre-nemocnice-v-zaporozi\/\" target=&quot;_blank&quot;>\n\t\t\t\tGener\u00e1tory pre nemocnice v Z\u00e1poro\u017e\u00ed\t\t\t<\/a>\n\t\t<\/h3>\n\t\t\t\t<div class=\"elementor-post__excerpt\">\n\t\t\t<p>Nemocniciam v Z\u00e1poro\u017e\u00ed sme odovzdali gener\u00e1tory, ktor\u00e9 zachra\u0148uj\u00fa \u017eivoty.<\/p>\n\t\t<\/div>\n\t\t\t\t<\/div>\n\t\t\t\t<div class=\"elementor-post__meta-data\">\n\t\t\t\t\t<span class=\"elementor-post-date\">\n\t\t\tSeptember 27, 2023\t\t<\/span>\n\t\t\t\t<\/div>\n\t\t\t\t\t<\/div>\n\t\t<\/article>\n\t\t\t\t<article class=\"elementor-post elementor-grid-item post-30553 post type-post status-publish format-standard has-post-thumbnail hentry category-ukrajina tag-slovakaid tag-ukrajina\" role=\"listitem\">\n\t\t\t<div class=\"elementor-post__card\">\n\t\t\t\t<a class=\"elementor-post__thumbnail__link\" href=\"https:\/\/www.adra.sk\/en\/navsteva-utecenceckych-centier-v-kryvom-rihu\/\" tabindex=\"-1\" target=\"_blank\"><div class=\"elementor-post__thumbnail\"><img loading=\"lazy\" decoding=\"async\" width=\"300\" height=\"115\" src=\"https:\/\/www.adra.sk\/wp-content\/uploads\/2023\/09\/2023_09_24_UA-15-scaled-e1695729347607-300x115.jpg\" class=\"attachment-medium size-medium wp-image-30570\" alt=\"\" srcset=\"https:\/\/www.adra.sk\/wp-content\/uploads\/2023\/09\/2023_09_24_UA-15-scaled-e1695729347607-300x115.jpg 300w, https:\/\/www.adra.sk\/wp-content\/uploads\/2023\/09\/2023_09_24_UA-15-scaled-e1695729347607-1024x392.jpg 1024w, https:\/\/www.adra.sk\/wp-content\/uploads\/2023\/09\/2023_09_24_UA-15-scaled-e1695729347607-768x294.jpg 768w, https:\/\/www.adra.sk\/wp-content\/uploads\/2023\/09\/2023_09_24_UA-15-scaled-e1695729347607-1536x587.jpg 1536w, https:\/\/www.adra.sk\/wp-content\/uploads\/2023\/09\/2023_09_24_UA-15-scaled-e1695729347607-2048x783.jpg 2048w, https:\/\/www.adra.sk\/wp-content\/uploads\/2023\/09\/2023_09_24_UA-15-scaled-e1695729347607-18x7.jpg 18w, https:\/\/www.adra.sk\/wp-content\/uploads\/2023\/09\/2023_09_24_UA-15-scaled-e1695729347607-2000x765.jpg 2000w\" sizes=\"(max-width: 300px) 100vw, 300px\" \/><\/div><\/a>\n\t\t\t\t<div class=\"elementor-post__badge\">Ukrajina<\/div>\n\t\t\t\t<div class=\"elementor-post__text\">\n\t\t\t\t<h3 class=\"elementor-post__title\">\n\t\t\t<a href=\"https:\/\/www.adra.sk\/en\/navsteva-utecenceckych-centier-v-kryvom-rihu\/\" target=&quot;_blank&quot;>\n\t\t\t\tN\u00e1v\u0161teva ute\u010denceck\u00fdch centier v Kryvom Rihu\t\t\t<\/a>\n\t\t<\/h3>\n\t\t\t\t<div class=\"elementor-post__excerpt\">\n\t\t\t<p>Po\u010das na\u0161ej monitorovacej cesty na Ukrajinu sme nav\u0161t\u00edvili dve ute\u010deneck\u00e9 centr\u00e1 v meste Kryvyj Rih.<\/p>\n\t\t<\/div>\n\t\t\t\t<\/div>\n\t\t\t\t<div class=\"elementor-post__meta-data\">\n\t\t\t\t\t<span class=\"elementor-post-date\">\n\t\t\tSeptember 26, 2023\t\t<\/span>\n\t\t\t\t<\/div>\n\t\t\t\t\t<\/div>\n\t\t<\/article>\n\t\t\t\t<article class=\"elementor-post elementor-grid-item post-30543 post type-post status-publish format-standard has-post-thumbnail hentry category-na-slovensku tag-slovensko tag-ukrajina\" role=\"listitem\">\n\t\t\t<div class=\"elementor-post__card\">\n\t\t\t\t<a class=\"elementor-post__thumbnail__link\" href=\"https:\/\/www.adra.sk\/en\/dni-ukrajiny-v-kosiciach\/\" tabindex=\"-1\" target=\"_blank\"><div class=\"elementor-post__thumbnail\"><img loading=\"lazy\" decoding=\"async\" width=\"300\" height=\"114\" src=\"https:\/\/www.adra.sk\/wp-content\/uploads\/2023\/09\/2023_09_21_dni_UA_-Kosiciach_-adra-16-scaled-e1695658296999-300x114.jpg\" class=\"attachment-medium size-medium wp-image-30551\" alt=\"\" srcset=\"https:\/\/www.adra.sk\/wp-content\/uploads\/2023\/09\/2023_09_21_dni_UA_-Kosiciach_-adra-16-scaled-e1695658296999-300x114.jpg 300w, https:\/\/www.adra.sk\/wp-content\/uploads\/2023\/09\/2023_09_21_dni_UA_-Kosiciach_-adra-16-scaled-e1695658296999-1024x389.jpg 1024w, https:\/\/www.adra.sk\/wp-content\/uploads\/2023\/09\/2023_09_21_dni_UA_-Kosiciach_-adra-16-scaled-e1695658296999-768x292.jpg 768w, https:\/\/www.adra.sk\/wp-content\/uploads\/2023\/09\/2023_09_21_dni_UA_-Kosiciach_-adra-16-scaled-e1695658296999-1536x583.jpg 1536w, https:\/\/www.adra.sk\/wp-content\/uploads\/2023\/09\/2023_09_21_dni_UA_-Kosiciach_-adra-16-scaled-e1695658296999-2048x778.jpg 2048w, https:\/\/www.adra.sk\/wp-content\/uploads\/2023\/09\/2023_09_21_dni_UA_-Kosiciach_-adra-16-scaled-e1695658296999-18x7.jpg 18w, https:\/\/www.adra.sk\/wp-content\/uploads\/2023\/09\/2023_09_21_dni_UA_-Kosiciach_-adra-16-scaled-e1695658296999-2000x759.jpg 2000w\" sizes=\"(max-width: 300px) 100vw, 300px\" \/><\/div><\/a>\n\t\t\t\t<div class=\"elementor-post__badge\">Slovensko<\/div>\n\t\t\t\t<div class=\"elementor-post__text\">\n\t\t\t\t<h3 class=\"elementor-post__title\">\n\t\t\t<a href=\"https:\/\/www.adra.sk\/en\/dni-ukrajiny-v-kosiciach\/\" target=&quot;_blank&quot;>\n\t\t\t\tDni Ukrajiny v Ko\u0161iciach\t\t\t<\/a>\n\t\t<\/h3>\n\t\t\t\t<div class=\"elementor-post__excerpt\">\n\t\t\t<p>Prijali sme pozvanie na sl\u00e1vnostn\u00e9 otvorenie podujatia \u201eDni Ukrajiny\u201c v Ko\u0161iciach.<\/p>\n\t\t<\/div>\n\t\t\t\t<\/div>\n\t\t\t\t<div class=\"elementor-post__meta-data\">\n\t\t\t\t\t<span class=\"elementor-post-date\">\n\t\t\tSeptember 25, 2023\t\t<\/span>\n\t\t\t\t<\/div>\n\t\t\t\t\t<\/div>\n\t\t<\/article>\n\t\t\t\t<article class=\"elementor-post elementor-grid-item post-30518 post type-post status-publish format-standard has-post-thumbnail hentry category-na-slovensku tag-dss tag-slovensko\" role=\"listitem\">\n\t\t\t<div class=\"elementor-post__card\">\n\t\t\t\t<a class=\"elementor-post__thumbnail__link\" href=\"https:\/\/www.adra.sk\/en\/domov-socialnych-sluzieb-pohorelska-masa\/\" tabindex=\"-1\" target=\"_blank\"><div class=\"elementor-post__thumbnail\"><img loading=\"lazy\" decoding=\"async\" width=\"300\" height=\"145\" src=\"https:\/\/www.adra.sk\/wp-content\/uploads\/2023\/09\/IMG_0844-scaled-e1694087150663-300x145.jpg\" class=\"attachment-medium size-medium wp-image-30519\" alt=\"\" srcset=\"https:\/\/www.adra.sk\/wp-content\/uploads\/2023\/09\/IMG_0844-scaled-e1694087150663-300x145.jpg 300w, https:\/\/www.adra.sk\/wp-content\/uploads\/2023\/09\/IMG_0844-scaled-e1694087150663-1024x496.jpg 1024w, https:\/\/www.adra.sk\/wp-content\/uploads\/2023\/09\/IMG_0844-scaled-e1694087150663-768x372.jpg 768w, https:\/\/www.adra.sk\/wp-content\/uploads\/2023\/09\/IMG_0844-scaled-e1694087150663-1536x745.jpg 1536w, https:\/\/www.adra.sk\/wp-content\/uploads\/2023\/09\/IMG_0844-scaled-e1694087150663-2048x993.jpg 2048w, https:\/\/www.adra.sk\/wp-content\/uploads\/2023\/09\/IMG_0844-scaled-e1694087150663-18x9.jpg 18w, https:\/\/www.adra.sk\/wp-content\/uploads\/2023\/09\/IMG_0844-scaled-e1694087150663-2000x970.jpg 2000w\" sizes=\"(max-width: 300px) 100vw, 300px\" \/><\/div><\/a>\n\t\t\t\t<div class=\"elementor-post__badge\">Slovensko<\/div>\n\t\t\t\t<div class=\"elementor-post__text\">\n\t\t\t\t<h3 class=\"elementor-post__title\">\n\t\t\t<a href=\"https:\/\/www.adra.sk\/en\/domov-socialnych-sluzieb-pohorelska-masa\/\" target=&quot;_blank&quot;>\n\t\t\t\tDomov soci\u00e1lnych slu\u017eieb Pohorelsk\u00e1 Ma\u0161a\t\t\t<\/a>\n\t\t<\/h3>\n\t\t\t\t<div class=\"elementor-post__excerpt\">\n\t\t\t<p>Aj toto leto sme spolu s na\u0161imi dobrovo\u013en\u00edkmi nav\u0161t\u00edvili Domov soci\u00e1lnych slu\u017eieb Pohorelsk\u00e1 Ma\u0161a.<\/p>\n\t\t<\/div>\n\t\t\t\t<\/div>\n\t\t\t\t<div class=\"elementor-post__meta-data\">\n\t\t\t\t\t<span class=\"elementor-post-date\">\n\t\t\tSeptember 7, 2023\t\t<\/span>\n\t\t\t\t<\/div>\n\t\t\t\t\t<\/div>\n\t\t<\/article>\n\t\t\t\t<article class=\"elementor-post elementor-grid-item post-30512 post type-post status-publish format-standard has-post-thumbnail hentry category-vo-svete tag-filipiny tag-sopka\" role=\"listitem\">\n\t\t\t<div class=\"elementor-post__card\">\n\t\t\t\t<a class=\"elementor-post__thumbnail__link\" href=\"https:\/\/www.adra.sk\/en\/sopka-mayon-na-filipinach-sa-prebudza\/\" tabindex=\"-1\" target=\"_blank\"><div class=\"elementor-post__thumbnail\"><img loading=\"lazy\" decoding=\"async\" width=\"300\" height=\"166\" src=\"https:\/\/www.adra.sk\/wp-content\/uploads\/2023\/09\/Screenshot-2023-08-08-132742-300x166.png\" class=\"attachment-medium size-medium wp-image-30515\" alt=\"\" srcset=\"https:\/\/www.adra.sk\/wp-content\/uploads\/2023\/09\/Screenshot-2023-08-08-132742-300x166.png 300w, https:\/\/www.adra.sk\/wp-content\/uploads\/2023\/09\/Screenshot-2023-08-08-132742-1024x566.png 1024w, https:\/\/www.adra.sk\/wp-content\/uploads\/2023\/09\/Screenshot-2023-08-08-132742-768x425.png 768w, https:\/\/www.adra.sk\/wp-content\/uploads\/2023\/09\/Screenshot-2023-08-08-132742-1536x849.png 1536w, https:\/\/www.adra.sk\/wp-content\/uploads\/2023\/09\/Screenshot-2023-08-08-132742-18x10.png 18w, https:\/\/www.adra.sk\/wp-content\/uploads\/2023\/09\/Screenshot-2023-08-08-132742.png 1991w\" sizes=\"(max-width: 300px) 100vw, 300px\" \/><\/div><\/a>\n\t\t\t\t<div class=\"elementor-post__badge\">Vo svete<\/div>\n\t\t\t\t<div class=\"elementor-post__text\">\n\t\t\t\t<h3 class=\"elementor-post__title\">\n\t\t\t<a href=\"https:\/\/www.adra.sk\/en\/sopka-mayon-na-filipinach-sa-prebudza\/\" target=&quot;_blank&quot;>\n\t\t\t\tSopka Mayon na Filip\u00ednach sa preb\u00fadza\t\t\t<\/a>\n\t\t<\/h3>\n\t\t\t\t<div class=\"elementor-post__excerpt\">\n\t\t\t<p>Po siedmich sope\u010dn\u00fdch zemetraseniach zost\u00e1va sopka Mayon na Filip\u00ednach aj na\u010falej v stave v\u00fdstrahy 3.<\/p>\n\t\t<\/div>\n\t\t\t\t<\/div>\n\t\t\t\t<div class=\"elementor-post__meta-data\">\n\t\t\t\t\t<span class=\"elementor-post-date\">\n\t\t\tSeptember 4, 2023\t\t<\/span>\n\t\t\t\t<\/div>\n\t\t\t\t\t<\/div>\n\t\t<\/article>\n\t\t\t\t<article class=\"elementor-post elementor-grid-item post-30482 post type-post status-publish format-standard has-post-thumbnail hentry category-ukrajina tag-amazon tag-ukrajina\" role=\"listitem\">\n\t\t\t<div class=\"elementor-post__card\">\n\t\t\t\t<a class=\"elementor-post__thumbnail__link\" href=\"https:\/\/www.adra.sk\/en\/dakujeme-amazon\/\" tabindex=\"-1\" target=\"_blank\"><div class=\"elementor-post__thumbnail\"><img loading=\"lazy\" decoding=\"async\" width=\"300\" height=\"113\" src=\"https:\/\/www.adra.sk\/wp-content\/uploads\/2023\/08\/ADRA_UA_07_23_V-B_-AMAZON-4-scaled-e1692893880811-300x113.jpg\" class=\"attachment-medium size-medium wp-image-30483\" alt=\"\" srcset=\"https:\/\/www.adra.sk\/wp-content\/uploads\/2023\/08\/ADRA_UA_07_23_V-B_-AMAZON-4-scaled-e1692893880811-300x113.jpg 300w, https:\/\/www.adra.sk\/wp-content\/uploads\/2023\/08\/ADRA_UA_07_23_V-B_-AMAZON-4-scaled-e1692893880811-1024x386.jpg 1024w, https:\/\/www.adra.sk\/wp-content\/uploads\/2023\/08\/ADRA_UA_07_23_V-B_-AMAZON-4-scaled-e1692893880811-768x290.jpg 768w, https:\/\/www.adra.sk\/wp-content\/uploads\/2023\/08\/ADRA_UA_07_23_V-B_-AMAZON-4-scaled-e1692893880811-1536x580.jpg 1536w, https:\/\/www.adra.sk\/wp-content\/uploads\/2023\/08\/ADRA_UA_07_23_V-B_-AMAZON-4-scaled-e1692893880811-2048x773.jpg 2048w, https:\/\/www.adra.sk\/wp-content\/uploads\/2023\/08\/ADRA_UA_07_23_V-B_-AMAZON-4-scaled-e1692893880811-18x7.jpg 18w, https:\/\/www.adra.sk\/wp-content\/uploads\/2023\/08\/ADRA_UA_07_23_V-B_-AMAZON-4-scaled-e1692893880811-2000x755.jpg 2000w\" sizes=\"(max-width: 300px) 100vw, 300px\" \/><\/div><\/a>\n\t\t\t\t<div class=\"elementor-post__badge\">Ukrajina<\/div>\n\t\t\t\t<div class=\"elementor-post__text\">\n\t\t\t\t<h3 class=\"elementor-post__title\">\n\t\t\t<a href=\"https:\/\/www.adra.sk\/en\/dakujeme-amazon\/\" target=&quot;_blank&quot;>\n\t\t\t\t\u010eakujeme, Amazon!\t\t\t<\/a>\n\t\t<\/h3>\n\t\t\t\t<div class=\"elementor-post__excerpt\">\n\t\t\t<p>Na\u0161a ve\u013ek\u00e1 v\u010faka patr\u00ed spolo\u010dnosti Amazon Slovensko za systematick\u00fa pomoc.<\/p>\n\t\t<\/div>\n\t\t\t\t<\/div>\n\t\t\t\t<div class=\"elementor-post__meta-data\">\n\t\t\t\t\t<span class=\"elementor-post-date\">\n\t\t\tAugust 24, 2023\t\t<\/span>\n\t\t\t\t<\/div>\n\t\t\t\t\t<\/div>\n\t\t<\/article>\n\t\t\t\t<article class=\"elementor-post elementor-grid-item post-30468 post type-post status-publish format-standard has-post-thumbnail hentry category-vo-svete tag-slovinsko tag-sos tag-zaplavy\" role=\"listitem\">\n\t\t\t<div class=\"elementor-post__card\">\n\t\t\t\t<a class=\"elementor-post__thumbnail__link\" href=\"https:\/\/www.adra.sk\/en\/misia-slovinsko-ukoncena\/\" tabindex=\"-1\" target=\"_blank\"><div class=\"elementor-post__thumbnail\"><img loading=\"lazy\" decoding=\"async\" width=\"300\" height=\"133\" src=\"https:\/\/www.adra.sk\/wp-content\/uploads\/2023\/08\/IMG-20230824-WA0038-e1692891301734-300x133.jpg\" class=\"attachment-medium size-medium wp-image-30469\" alt=\"\" srcset=\"https:\/\/www.adra.sk\/wp-content\/uploads\/2023\/08\/IMG-20230824-WA0038-e1692891301734-300x133.jpg 300w, https:\/\/www.adra.sk\/wp-content\/uploads\/2023\/08\/IMG-20230824-WA0038-e1692891301734-1024x453.jpg 1024w, https:\/\/www.adra.sk\/wp-content\/uploads\/2023\/08\/IMG-20230824-WA0038-e1692891301734-768x340.jpg 768w, https:\/\/www.adra.sk\/wp-content\/uploads\/2023\/08\/IMG-20230824-WA0038-e1692891301734-1536x680.jpg 1536w, https:\/\/www.adra.sk\/wp-content\/uploads\/2023\/08\/IMG-20230824-WA0038-e1692891301734-18x8.jpg 18w, https:\/\/www.adra.sk\/wp-content\/uploads\/2023\/08\/IMG-20230824-WA0038-e1692891301734.jpg 1600w\" sizes=\"(max-width: 300px) 100vw, 300px\" \/><\/div><\/a>\n\t\t\t\t<div class=\"elementor-post__badge\">Vo svete<\/div>\n\t\t\t\t<div class=\"elementor-post__text\">\n\t\t\t\t<h3 class=\"elementor-post__title\">\n\t\t\t<a href=\"https:\/\/www.adra.sk\/en\/misia-slovinsko-ukoncena\/\" target=&quot;_blank&quot;>\n\t\t\t\tMisia Slovinsko ukon\u010den\u00e1\t\t\t<\/a>\n\t\t<\/h3>\n\t\t\t\t<div class=\"elementor-post__excerpt\">\n\t\t\t<p>Zbalili sme n\u00e1\u0161 humanit\u00e1rny t\u00e1bor a vraciame sa sp\u00e4\u0165 na Slovensko.<\/p>\n\t\t<\/div>\n\t\t\t\t<\/div>\n\t\t\t\t<div class=\"elementor-post__meta-data\">\n\t\t\t\t\t<span class=\"elementor-post-date\">\n\t\t\tAugust 24, 2023\t\t<\/span>\n\t\t\t\t<\/div>\n\t\t\t\t\t<\/div>\n\t\t<\/article>\n\t\t\t\t<article class=\"elementor-post elementor-grid-item post-30456 post type-post status-publish format-standard has-post-thumbnail hentry category-syria tag-slovakaid tag-syria tag-wash tag-zemetrasenie\" role=\"listitem\">\n\t\t\t<div class=\"elementor-post__card\">\n\t\t\t\t<a class=\"elementor-post__thumbnail__link\" href=\"https:\/\/www.adra.sk\/en\/obnova-vodovodnej-infrastruktury-v-syrii\/\" tabindex=\"-1\" target=\"_blank\"><div class=\"elementor-post__thumbnail\"><img loading=\"lazy\" decoding=\"async\" width=\"300\" height=\"146\" src=\"https:\/\/www.adra.sk\/wp-content\/uploads\/2023\/08\/Al-Haidariye_20-June_Aleppo-13-300x146.jpeg\" class=\"attachment-medium size-medium wp-image-30457\" alt=\"\" srcset=\"https:\/\/www.adra.sk\/wp-content\/uploads\/2023\/08\/Al-Haidariye_20-June_Aleppo-13-300x146.jpeg 300w, https:\/\/www.adra.sk\/wp-content\/uploads\/2023\/08\/Al-Haidariye_20-June_Aleppo-13-1024x498.jpeg 1024w, https:\/\/www.adra.sk\/wp-content\/uploads\/2023\/08\/Al-Haidariye_20-June_Aleppo-13-768x373.jpeg 768w, https:\/\/www.adra.sk\/wp-content\/uploads\/2023\/08\/Al-Haidariye_20-June_Aleppo-13-18x9.jpeg 18w, https:\/\/www.adra.sk\/wp-content\/uploads\/2023\/08\/Al-Haidariye_20-June_Aleppo-13.jpeg 1280w\" sizes=\"(max-width: 300px) 100vw, 300px\" \/><\/div><\/a>\n\t\t\t\t<div class=\"elementor-post__badge\">S\u00fdria<\/div>\n\t\t\t\t<div class=\"elementor-post__text\">\n\t\t\t\t<h3 class=\"elementor-post__title\">\n\t\t\t<a href=\"https:\/\/www.adra.sk\/en\/obnova-vodovodnej-infrastruktury-v-syrii\/\" target=&quot;_blank&quot;>\n\t\t\t\tObnova vodovodnej infra\u0161trukt\u00fary v S\u00fdrii\t\t\t<\/a>\n\t\t<\/h3>\n\t\t\t\t<div class=\"elementor-post__excerpt\">\n\t\t\t<p>V S\u00fdrii obnov\u00edme vodovodn\u00fa infra\u0161trukt\u00faru pre komunity postihnut\u00e9 zemetraseniami.<\/p>\n\t\t<\/div>\n\t\t\t\t<\/div>\n\t\t\t\t<div class=\"elementor-post__meta-data\">\n\t\t\t\t\t<span class=\"elementor-post-date\">\n\t\t\tAugust 18, 2023\t\t<\/span>\n\t\t\t\t<\/div>\n\t\t\t\t\t<\/div>\n\t\t<\/article>\n\t\t\t\t<article class=\"elementor-post elementor-grid-item post-30159 post type-post status-publish format-standard has-post-thumbnail hentry category-ukrajina tag-generatory tag-mofa tag-ukrajina\" role=\"listitem\">\n\t\t\t<div class=\"elementor-post__card\">\n\t\t\t\t<a class=\"elementor-post__thumbnail__link\" href=\"https:\/\/www.adra.sk\/en\/slavnostne-odoslanie-generatorov\/\" tabindex=\"-1\" target=\"_blank\"><div class=\"elementor-post__thumbnail\"><img loading=\"lazy\" decoding=\"async\" width=\"300\" height=\"111\" src=\"https:\/\/www.adra.sk\/wp-content\/uploads\/2023\/08\/367702324_5965189800249056_7179016916348779079_n-e1692118683223-300x111.jpg\" class=\"attachment-medium size-medium wp-image-30177\" alt=\"\" srcset=\"https:\/\/www.adra.sk\/wp-content\/uploads\/2023\/08\/367702324_5965189800249056_7179016916348779079_n-e1692118683223-300x111.jpg 300w, https:\/\/www.adra.sk\/wp-content\/uploads\/2023\/08\/367702324_5965189800249056_7179016916348779079_n-e1692118683223-768x284.jpg 768w, https:\/\/www.adra.sk\/wp-content\/uploads\/2023\/08\/367702324_5965189800249056_7179016916348779079_n-e1692118683223-18x7.jpg 18w, https:\/\/www.adra.sk\/wp-content\/uploads\/2023\/08\/367702324_5965189800249056_7179016916348779079_n-e1692118683223.jpg 960w\" sizes=\"(max-width: 300px) 100vw, 300px\" \/><\/div><\/a>\n\t\t\t\t<div class=\"elementor-post__badge\">Ukrajina<\/div>\n\t\t\t\t<div class=\"elementor-post__text\">\n\t\t\t\t<h3 class=\"elementor-post__title\">\n\t\t\t<a href=\"https:\/\/www.adra.sk\/en\/slavnostne-odoslanie-generatorov\/\" target=&quot;_blank&quot;>\n\t\t\t\tGener\u00e1tory pre ukrajinsk\u00e9 nemocnice\t\t\t<\/a>\n\t\t<\/h3>\n\t\t\t\t<div class=\"elementor-post__excerpt\">\n\t\t\t<p>Za pr\u00edtomnosti ve\u013evyslancov Ukrajiny a Japonska sme na Ukrajinu odoslali sedem gener\u00e1torov.<\/p>\n\t\t<\/div>\n\t\t\t\t<\/div>\n\t\t\t\t<div class=\"elementor-post__meta-data\">\n\t\t\t\t\t<span class=\"elementor-post-date\">\n\t\t\tAugust 15, 2023\t\t<\/span>\n\t\t\t\t<\/div>\n\t\t\t\t\t<\/div>\n\t\t<\/article>\n\t\t\t\t<article class=\"elementor-post elementor-grid-item post-30150 post type-post status-publish format-standard has-post-thumbnail hentry category-ukrajina tag-slovakaid tag-ukrajina\" role=\"listitem\">\n\t\t\t<div class=\"elementor-post__card\">\n\t\t\t\t<a class=\"elementor-post__thumbnail__link\" href=\"https:\/\/www.adra.sk\/en\/baliky-z-pohody-dorazili-na-ukrajinu\/\" tabindex=\"-1\" target=\"_blank\"><div class=\"elementor-post__thumbnail\"><img loading=\"lazy\" decoding=\"async\" width=\"300\" height=\"115\" src=\"https:\/\/www.adra.sk\/wp-content\/uploads\/2023\/08\/DSC04341-1-scaled-e1692104178229-300x115.jpg\" class=\"attachment-medium size-medium wp-image-30151\" alt=\"\" srcset=\"https:\/\/www.adra.sk\/wp-content\/uploads\/2023\/08\/DSC04341-1-scaled-e1692104178229-300x115.jpg 300w, https:\/\/www.adra.sk\/wp-content\/uploads\/2023\/08\/DSC04341-1-scaled-e1692104178229-1024x394.jpg 1024w, https:\/\/www.adra.sk\/wp-content\/uploads\/2023\/08\/DSC04341-1-scaled-e1692104178229-768x296.jpg 768w, https:\/\/www.adra.sk\/wp-content\/uploads\/2023\/08\/DSC04341-1-scaled-e1692104178229-1536x591.jpg 1536w, https:\/\/www.adra.sk\/wp-content\/uploads\/2023\/08\/DSC04341-1-scaled-e1692104178229-2048x788.jpg 2048w, https:\/\/www.adra.sk\/wp-content\/uploads\/2023\/08\/DSC04341-1-scaled-e1692104178229-18x7.jpg 18w, https:\/\/www.adra.sk\/wp-content\/uploads\/2023\/08\/DSC04341-1-scaled-e1692104178229-2000x770.jpg 2000w\" sizes=\"(max-width: 300px) 100vw, 300px\" \/><\/div><\/a>\n\t\t\t\t<div class=\"elementor-post__badge\">Ukrajina<\/div>\n\t\t\t\t<div class=\"elementor-post__text\">\n\t\t\t\t<h3 class=\"elementor-post__title\">\n\t\t\t<a href=\"https:\/\/www.adra.sk\/en\/baliky-z-pohody-dorazili-na-ukrajinu\/\" target=&quot;_blank&quot;>\n\t\t\t\tBal\u00edky z Pohody dorazili na Ukrajinu\t\t\t<\/a>\n\t\t<\/h3>\n\t\t\t\t<div class=\"elementor-post__excerpt\">\n\t\t\t<p>Bal\u00edky pripraven\u00e9 \u00fa\u010dastn\u00edkmi festivalu Pohoda&nbsp;u\u017e sl\u00fa\u017eia \u013eu\u010fom na Ukrajine.<\/p>\n\t\t<\/div>\n\t\t\t\t<\/div>\n\t\t\t\t<div class=\"elementor-post__meta-data\">\n\t\t\t\t\t<span class=\"elementor-post-date\">\n\t\t\tAugust 15, 2023\t\t<\/span>\n\t\t\t\t<\/div>\n\t\t\t\t\t<\/div>\n\t\t<\/article>\n\t\t\t\t<article class=\"elementor-post elementor-grid-item post-30134 post type-post status-publish format-standard has-post-thumbnail hentry category-vo-svete tag-slovinsko tag-sos tag-zaplavy\" role=\"listitem\">\n\t\t\t<div class=\"elementor-post__card\">\n\t\t\t\t<a class=\"elementor-post__thumbnail__link\" href=\"https:\/\/www.adra.sk\/en\/stretnutie-s-velvyslancom-sr-v-slovinsku\/\" tabindex=\"-1\" target=\"_blank\"><div class=\"elementor-post__thumbnail\"><img loading=\"lazy\" decoding=\"async\" width=\"300\" height=\"113\" src=\"https:\/\/www.adra.sk\/wp-content\/uploads\/2023\/08\/IMG-20230814-WA0018-e1692033574368-300x113.jpg\" class=\"attachment-medium size-medium wp-image-30148\" alt=\"\" srcset=\"https:\/\/www.adra.sk\/wp-content\/uploads\/2023\/08\/IMG-20230814-WA0018-e1692033574368-300x113.jpg 300w, https:\/\/www.adra.sk\/wp-content\/uploads\/2023\/08\/IMG-20230814-WA0018-e1692033574368-1024x386.jpg 1024w, https:\/\/www.adra.sk\/wp-content\/uploads\/2023\/08\/IMG-20230814-WA0018-e1692033574368-768x290.jpg 768w, https:\/\/www.adra.sk\/wp-content\/uploads\/2023\/08\/IMG-20230814-WA0018-e1692033574368-18x7.jpg 18w, https:\/\/www.adra.sk\/wp-content\/uploads\/2023\/08\/IMG-20230814-WA0018-e1692033574368.jpg 1395w\" sizes=\"(max-width: 300px) 100vw, 300px\" \/><\/div><\/a>\n\t\t\t\t<div class=\"elementor-post__badge\">Vo svete<\/div>\n\t\t\t\t<div class=\"elementor-post__text\">\n\t\t\t\t<h3 class=\"elementor-post__title\">\n\t\t\t<a href=\"https:\/\/www.adra.sk\/en\/stretnutie-s-velvyslancom-sr-v-slovinsku\/\" target=&quot;_blank&quot;>\n\t\t\t\tStretnutie s ve\u013evyslancom SR v Slovinsku\t\t\t<\/a>\n\t\t<\/h3>\n\t\t\t\t<div class=\"elementor-post__excerpt\">\n\t\t\t<p>V Slovinsku sme sa stretli s ve\u013evyslancom SR v Slovinsku, p\u00e1nom Petrom Zele\u0148\u00e1kom a spolupracovali<\/p>\n\t\t<\/div>\n\t\t\t\t<\/div>\n\t\t\t\t<div class=\"elementor-post__meta-data\">\n\t\t\t\t\t<span class=\"elementor-post-date\">\n\t\t\tAugust 14, 2023\t\t<\/span>\n\t\t\t\t<\/div>\n\t\t\t\t\t<\/div>\n\t\t<\/article>\n\t\t\t\t<article class=\"elementor-post elementor-grid-item post-30101 post type-post status-publish format-standard has-post-thumbnail hentry category-vo-svete tag-slovinsko tag-sos tag-zaplavy\" role=\"listitem\">\n\t\t\t<div class=\"elementor-post__card\">\n\t\t\t\t<a class=\"elementor-post__thumbnail__link\" href=\"https:\/\/www.adra.sk\/en\/aktualne-zo-slovinska\/\" tabindex=\"-1\" target=\"_blank\"><div class=\"elementor-post__thumbnail\"><img loading=\"lazy\" decoding=\"async\" width=\"300\" height=\"118\" src=\"https:\/\/www.adra.sk\/wp-content\/uploads\/2023\/08\/IMG-20230812-WA0004-e1691865400995-300x118.jpg\" class=\"attachment-medium size-medium wp-image-30131\" alt=\"\" srcset=\"https:\/\/www.adra.sk\/wp-content\/uploads\/2023\/08\/IMG-20230812-WA0004-e1691865400995-300x118.jpg 300w, https:\/\/www.adra.sk\/wp-content\/uploads\/2023\/08\/IMG-20230812-WA0004-e1691865400995-1024x402.jpg 1024w, https:\/\/www.adra.sk\/wp-content\/uploads\/2023\/08\/IMG-20230812-WA0004-e1691865400995-768x301.jpg 768w, https:\/\/www.adra.sk\/wp-content\/uploads\/2023\/08\/IMG-20230812-WA0004-e1691865400995-1536x602.jpg 1536w, https:\/\/www.adra.sk\/wp-content\/uploads\/2023\/08\/IMG-20230812-WA0004-e1691865400995-18x7.jpg 18w, https:\/\/www.adra.sk\/wp-content\/uploads\/2023\/08\/IMG-20230812-WA0004-e1691865400995-2000x784.jpg 2000w, https:\/\/www.adra.sk\/wp-content\/uploads\/2023\/08\/IMG-20230812-WA0004-e1691865400995.jpg 2048w\" sizes=\"(max-width: 300px) 100vw, 300px\" \/><\/div><\/a>\n\t\t\t\t<div class=\"elementor-post__badge\">Vo svete<\/div>\n\t\t\t\t<div class=\"elementor-post__text\">\n\t\t\t\t<h3 class=\"elementor-post__title\">\n\t\t\t<a href=\"https:\/\/www.adra.sk\/en\/aktualne-zo-slovinska\/\" target=&quot;_blank&quot;>\n\t\t\t\tAktu\u00e1lne zo Slovinska\t\t\t<\/a>\n\t\t<\/h3>\n\t\t\t\t<div class=\"elementor-post__excerpt\">\n\t\t\t<p>V skor\u00fdch rann\u00fdch hodin\u00e1ch dorazil n\u00e1\u0161 \u0161es\u0165\u010dlenn\u00fd kr\u00edzov\u00fd t\u00edm do povod\u0148ami zasiahnut\u00e9ho Slovinska.<\/p>\n\t\t<\/div>\n\t\t\t\t<\/div>\n\t\t\t\t<div class=\"elementor-post__meta-data\">\n\t\t\t\t\t<span class=\"elementor-post-date\">\n\t\t\tAugust 12, 2023\t\t<\/span>\n\t\t\t\t<\/div>\n\t\t\t\t\t<\/div>\n\t\t<\/article>\n\t\t\t\t<article class=\"elementor-post elementor-grid-item post-29957 post type-post status-publish format-standard has-post-thumbnail hentry category-vo-svete tag-slovinsko tag-sos tag-zaplavy\" role=\"listitem\">\n\t\t\t<div class=\"elementor-post__card\">\n\t\t\t\t<a class=\"elementor-post__thumbnail__link\" href=\"https:\/\/www.adra.sk\/en\/zaplavy-v-slovinsku\/\" tabindex=\"-1\" target=\"_blank\"><div class=\"elementor-post__thumbnail\"><img loading=\"lazy\" decoding=\"async\" width=\"300\" height=\"108\" src=\"https:\/\/www.adra.sk\/wp-content\/uploads\/2023\/08\/363350565_667106418780278_78936894903210763_n-e1691168551984-300x108.jpg\" class=\"attachment-medium size-medium wp-image-29958\" alt=\"\" srcset=\"https:\/\/www.adra.sk\/wp-content\/uploads\/2023\/08\/363350565_667106418780278_78936894903210763_n-e1691168551984-300x108.jpg 300w, https:\/\/www.adra.sk\/wp-content\/uploads\/2023\/08\/363350565_667106418780278_78936894903210763_n-e1691168551984-1024x370.jpg 1024w, https:\/\/www.adra.sk\/wp-content\/uploads\/2023\/08\/363350565_667106418780278_78936894903210763_n-e1691168551984-768x278.jpg 768w, https:\/\/www.adra.sk\/wp-content\/uploads\/2023\/08\/363350565_667106418780278_78936894903210763_n-e1691168551984-18x7.jpg 18w, https:\/\/www.adra.sk\/wp-content\/uploads\/2023\/08\/363350565_667106418780278_78936894903210763_n-e1691168551984.jpg 1106w\" sizes=\"(max-width: 300px) 100vw, 300px\" \/><\/div><\/a>\n\t\t\t\t<div class=\"elementor-post__badge\">Vo svete<\/div>\n\t\t\t\t<div class=\"elementor-post__text\">\n\t\t\t\t<h3 class=\"elementor-post__title\">\n\t\t\t<a href=\"https:\/\/www.adra.sk\/en\/zaplavy-v-slovinsku\/\" target=&quot;_blank&quot;>\n\t\t\t\tZ\u00e1plavy v Slovinsku\t\t\t<\/a>\n\t\t<\/h3>\n\t\t\t\t<div class=\"elementor-post__excerpt\">\n\t\t\t<p>Potreba pomoci po mohutn\u00fdch b\u00farkach a z\u00e1plav\u00e1ch narast\u00e1 s ka\u017edou min\u00fatou.<\/p>\n\t\t<\/div>\n\t\t\t\t<\/div>\n\t\t\t\t<div class=\"elementor-post__meta-data\">\n\t\t\t\t\t<span class=\"elementor-post-date\">\n\t\t\tAugust 4, 2023\t\t<\/span>\n\t\t\t\t<\/div>\n\t\t\t\t\t<\/div>\n\t\t<\/article>\n\t\t\t\t<article class=\"elementor-post elementor-grid-item post-29881 post type-post status-publish format-standard has-post-thumbnail hentry category-ukrajina tag-nadaciaeph tag-ukrajina\" role=\"listitem\">\n\t\t\t<div class=\"elementor-post__card\">\n\t\t\t\t<a class=\"elementor-post__thumbnail__link\" href=\"https:\/\/www.adra.sk\/en\/umyvacka-pre-santorium-na-ukrajine\/\" tabindex=\"-1\" target=\"_blank\"><div class=\"elementor-post__thumbnail\"><img loading=\"lazy\" decoding=\"async\" width=\"300\" height=\"175\" src=\"https:\/\/www.adra.sk\/wp-content\/uploads\/2023\/07\/ADRA_UA_07_23_V-B_-EPH-umyvacka-17-scaled-e1690547244659-300x175.jpg\" class=\"attachment-medium size-medium wp-image-29899\" alt=\"\" srcset=\"https:\/\/www.adra.sk\/wp-content\/uploads\/2023\/07\/ADRA_UA_07_23_V-B_-EPH-umyvacka-17-scaled-e1690547244659-300x175.jpg 300w, https:\/\/www.adra.sk\/wp-content\/uploads\/2023\/07\/ADRA_UA_07_23_V-B_-EPH-umyvacka-17-scaled-e1690547244659-1024x599.jpg 1024w, https:\/\/www.adra.sk\/wp-content\/uploads\/2023\/07\/ADRA_UA_07_23_V-B_-EPH-umyvacka-17-scaled-e1690547244659-768x449.jpg 768w, https:\/\/www.adra.sk\/wp-content\/uploads\/2023\/07\/ADRA_UA_07_23_V-B_-EPH-umyvacka-17-scaled-e1690547244659-1536x898.jpg 1536w, https:\/\/www.adra.sk\/wp-content\/uploads\/2023\/07\/ADRA_UA_07_23_V-B_-EPH-umyvacka-17-scaled-e1690547244659-2048x1198.jpg 2048w, https:\/\/www.adra.sk\/wp-content\/uploads\/2023\/07\/ADRA_UA_07_23_V-B_-EPH-umyvacka-17-scaled-e1690547244659-18x12.jpg 18w, https:\/\/www.adra.sk\/wp-content\/uploads\/2023\/07\/ADRA_UA_07_23_V-B_-EPH-umyvacka-17-scaled-e1690547244659-2000x1170.jpg 2000w\" sizes=\"(max-width: 300px) 100vw, 300px\" \/><\/div><\/a>\n\t\t\t\t<div class=\"elementor-post__badge\">Ukrajina<\/div>\n\t\t\t\t<div class=\"elementor-post__text\">\n\t\t\t\t<h3 class=\"elementor-post__title\">\n\t\t\t<a href=\"https:\/\/www.adra.sk\/en\/umyvacka-pre-santorium-na-ukrajine\/\" target=&quot;_blank&quot;>\n\t\t\t\tUm\u00fdva\u010dka pre detsk\u00e9 sant\u00f3rium\t\t\t<\/a>\n\t\t<\/h3>\n\t\t\t\t<div class=\"elementor-post__excerpt\">\n\t\t\t<p>Um\u00fdva\u010dka s pr\u00edslu\u0161enstvom u\u013eah\u010d\u00ed pr\u00e1cu kuchynsk\u00e9mu person\u00e1lu lie\u010debnej \u0161koly v Zakarpatskej oblasti.<\/p>\n\t\t<\/div>\n\t\t\t\t<\/div>\n\t\t\t\t<div class=\"elementor-post__meta-data\">\n\t\t\t\t\t<span class=\"elementor-post-date\">\n\t\t\tJuly 28, 2023\t\t<\/span>\n\t\t\t\t<\/div>\n\t\t\t\t\t<\/div>\n\t\t<\/article>\n\t\t\t\t<article class=\"elementor-post elementor-grid-item post-29864 post type-post status-publish format-standard has-post-thumbnail hentry category-ukrajina tag-amazon tag-ukrajina\" role=\"listitem\">\n\t\t\t<div class=\"elementor-post__card\">\n\t\t\t\t<a class=\"elementor-post__thumbnail__link\" href=\"https:\/\/www.adra.sk\/en\/amazon-pomaha-ukrajine\/\" tabindex=\"-1\" target=\"_blank\"><div class=\"elementor-post__thumbnail\"><img loading=\"lazy\" decoding=\"async\" width=\"300\" height=\"107\" src=\"https:\/\/www.adra.sk\/wp-content\/uploads\/2023\/07\/ADRA_UA_07_23_V-B_-AMAZON-9-scaled-e1690542508473-300x107.jpg\" class=\"attachment-medium size-medium wp-image-29878\" alt=\"\" srcset=\"https:\/\/www.adra.sk\/wp-content\/uploads\/2023\/07\/ADRA_UA_07_23_V-B_-AMAZON-9-scaled-e1690542508473-300x107.jpg 300w, https:\/\/www.adra.sk\/wp-content\/uploads\/2023\/07\/ADRA_UA_07_23_V-B_-AMAZON-9-scaled-e1690542508473-1024x366.jpg 1024w, https:\/\/www.adra.sk\/wp-content\/uploads\/2023\/07\/ADRA_UA_07_23_V-B_-AMAZON-9-scaled-e1690542508473-768x275.jpg 768w, https:\/\/www.adra.sk\/wp-content\/uploads\/2023\/07\/ADRA_UA_07_23_V-B_-AMAZON-9-scaled-e1690542508473-1536x549.jpg 1536w, https:\/\/www.adra.sk\/wp-content\/uploads\/2023\/07\/ADRA_UA_07_23_V-B_-AMAZON-9-scaled-e1690542508473-2048x732.jpg 2048w, https:\/\/www.adra.sk\/wp-content\/uploads\/2023\/07\/ADRA_UA_07_23_V-B_-AMAZON-9-scaled-e1690542508473-18x6.jpg 18w, https:\/\/www.adra.sk\/wp-content\/uploads\/2023\/07\/ADRA_UA_07_23_V-B_-AMAZON-9-scaled-e1690542508473-2000x715.jpg 2000w\" sizes=\"(max-width: 300px) 100vw, 300px\" \/><\/div><\/a>\n\t\t\t\t<div class=\"elementor-post__badge\">Ukrajina<\/div>\n\t\t\t\t<div class=\"elementor-post__text\">\n\t\t\t\t<h3 class=\"elementor-post__title\">\n\t\t\t<a href=\"https:\/\/www.adra.sk\/en\/amazon-pomaha-ukrajine\/\" target=&quot;_blank&quot;>\n\t\t\t\tAmazon pom\u00e1ha Ukrajine\t\t\t<\/a>\n\t\t<\/h3>\n\t\t\t\t<div class=\"elementor-post__excerpt\">\n\t\t\t<p>Amazon poskytol ve\u013ek\u00fa pomoc de\u0165om a sirot\u00e1m v Zakarpatskej oblasti.<\/p>\n\t\t<\/div>\n\t\t\t\t<\/div>\n\t\t\t\t<div class=\"elementor-post__meta-data\">\n\t\t\t\t\t<span class=\"elementor-post-date\">\n\t\t\tJuly 28, 2023\t\t<\/span>\n\t\t\t\t<\/div>\n\t\t\t\t\t<\/div>\n\t\t<\/article>\n\t\t\t\t<article class=\"elementor-post elementor-grid-item post-29828 post type-post status-publish format-standard has-post-thumbnail hentry category-ukrajina tag-generatory tag-nadaciaspp tag-ukrajina\" role=\"listitem\">\n\t\t\t<div class=\"elementor-post__card\">\n\t\t\t\t<a class=\"elementor-post__thumbnail__link\" href=\"https:\/\/www.adra.sk\/en\/slavnostne-odovzdanie-generatora\/\" tabindex=\"-1\" target=\"_blank\"><div class=\"elementor-post__thumbnail\"><img loading=\"lazy\" decoding=\"async\" width=\"300\" height=\"128\" src=\"https:\/\/www.adra.sk\/wp-content\/uploads\/2023\/07\/ADRA_UA_07_23_V-B_-SPP_-generator-22-scaled-e1690541252171-300x128.jpg\" class=\"attachment-medium size-medium wp-image-29847\" alt=\"\" srcset=\"https:\/\/www.adra.sk\/wp-content\/uploads\/2023\/07\/ADRA_UA_07_23_V-B_-SPP_-generator-22-scaled-e1690541252171-300x128.jpg 300w, https:\/\/www.adra.sk\/wp-content\/uploads\/2023\/07\/ADRA_UA_07_23_V-B_-SPP_-generator-22-scaled-e1690541252171-1024x438.jpg 1024w, https:\/\/www.adra.sk\/wp-content\/uploads\/2023\/07\/ADRA_UA_07_23_V-B_-SPP_-generator-22-scaled-e1690541252171-768x328.jpg 768w, https:\/\/www.adra.sk\/wp-content\/uploads\/2023\/07\/ADRA_UA_07_23_V-B_-SPP_-generator-22-scaled-e1690541252171-1536x656.jpg 1536w, https:\/\/www.adra.sk\/wp-content\/uploads\/2023\/07\/ADRA_UA_07_23_V-B_-SPP_-generator-22-scaled-e1690541252171-2048x875.jpg 2048w, https:\/\/www.adra.sk\/wp-content\/uploads\/2023\/07\/ADRA_UA_07_23_V-B_-SPP_-generator-22-scaled-e1690541252171-18x8.jpg 18w, https:\/\/www.adra.sk\/wp-content\/uploads\/2023\/07\/ADRA_UA_07_23_V-B_-SPP_-generator-22-scaled-e1690541252171-2000x855.jpg 2000w\" sizes=\"(max-width: 300px) 100vw, 300px\" \/><\/div><\/a>\n\t\t\t\t<div class=\"elementor-post__badge\">Ukrajina<\/div>\n\t\t\t\t<div class=\"elementor-post__text\">\n\t\t\t\t<h3 class=\"elementor-post__title\">\n\t\t\t<a href=\"https:\/\/www.adra.sk\/en\/slavnostne-odovzdanie-generatora\/\" target=&quot;_blank&quot;>\n\t\t\t\tSl\u00e1vnostn\u00e9 odovzdanie gener\u00e1tora\t\t\t<\/a>\n\t\t<\/h3>\n\t\t\t\t<div class=\"elementor-post__excerpt\">\n\t\t\t<p>S podporou Vl\u00e1dy SR a Nad\u00e1cie SPP sme detsk\u00e9mu sanat\u00f3riu na Ukrajine odovzdali gener\u00e1tor.<\/p>\n\t\t<\/div>\n\t\t\t\t<\/div>\n\t\t\t\t<div class=\"elementor-post__meta-data\">\n\t\t\t\t\t<span class=\"elementor-post-date\">\n\t\t\tJuly 28, 2023\t\t<\/span>\n\t\t\t\t<\/div>\n\t\t\t\t\t<\/div>\n\t\t<\/article>\n\t\t\t\t<article class=\"elementor-post elementor-grid-item post-29930 post type-post status-publish format-standard has-post-thumbnail hentry category-libanon tag-libanon tag-slovakaid tag-wash\" role=\"listitem\">\n\t\t\t<div class=\"elementor-post__card\">\n\t\t\t\t<a class=\"elementor-post__thumbnail__link\" href=\"https:\/\/www.adra.sk\/en\/voda-pre-libanon-2\/\" tabindex=\"-1\" target=\"_blank\"><div class=\"elementor-post__thumbnail\"><img loading=\"lazy\" decoding=\"async\" width=\"300\" height=\"132\" src=\"https:\/\/www.adra.sk\/wp-content\/uploads\/2023\/07\/IMG_1048-1-scaled-e1690782689836-300x132.jpg\" class=\"attachment-medium size-medium wp-image-29950\" alt=\"\" srcset=\"https:\/\/www.adra.sk\/wp-content\/uploads\/2023\/07\/IMG_1048-1-scaled-e1690782689836-300x132.jpg 300w, https:\/\/www.adra.sk\/wp-content\/uploads\/2023\/07\/IMG_1048-1-scaled-e1690782689836-1024x450.jpg 1024w, https:\/\/www.adra.sk\/wp-content\/uploads\/2023\/07\/IMG_1048-1-scaled-e1690782689836-768x338.jpg 768w, https:\/\/www.adra.sk\/wp-content\/uploads\/2023\/07\/IMG_1048-1-scaled-e1690782689836-1536x676.jpg 1536w, https:\/\/www.adra.sk\/wp-content\/uploads\/2023\/07\/IMG_1048-1-scaled-e1690782689836-2048x901.jpg 2048w, https:\/\/www.adra.sk\/wp-content\/uploads\/2023\/07\/IMG_1048-1-scaled-e1690782689836-18x8.jpg 18w, https:\/\/www.adra.sk\/wp-content\/uploads\/2023\/07\/IMG_1048-1-scaled-e1690782689836-2000x880.jpg 2000w\" sizes=\"(max-width: 300px) 100vw, 300px\" \/><\/div><\/a>\n\t\t\t\t<div class=\"elementor-post__badge\">Libanon<\/div>\n\t\t\t\t<div class=\"elementor-post__text\">\n\t\t\t\t<h3 class=\"elementor-post__title\">\n\t\t\t<a href=\"https:\/\/www.adra.sk\/en\/voda-pre-libanon-2\/\" target=&quot;_blank&quot;>\n\t\t\t\tVoda pre Libanon\t\t\t<\/a>\n\t\t<\/h3>\n\t\t\t\t<div class=\"elementor-post__excerpt\">\n\t\t\t<p>S\u00fdrskym a libanonsk\u00fdm ute\u010deneck\u00fdm rodin\u00e1m sme zabezep\u010dili pr\u00edstup k pitnej vode.<\/p>\n\t\t<\/div>\n\t\t\t\t<\/div>\n\t\t\t\t<div class=\"elementor-post__meta-data\">\n\t\t\t\t\t<span class=\"elementor-post-date\">\n\t\t\tJuly 27, 2023\t\t<\/span>\n\t\t\t\t<\/div>\n\t\t\t\t\t<\/div>\n\t\t<\/article>\n\t\t\t\t<article class=\"elementor-post elementor-grid-item post-29809 post type-post status-publish format-standard has-post-thumbnail hentry category-na-slovensku tag-slovensko tag-sos\" role=\"listitem\">\n\t\t\t<div class=\"elementor-post__card\">\n\t\t\t\t<a class=\"elementor-post__thumbnail__link\" href=\"https:\/\/www.adra.sk\/en\/sos-slovensko\/\" tabindex=\"-1\" target=\"_blank\"><div class=\"elementor-post__thumbnail\"><img loading=\"lazy\" decoding=\"async\" width=\"300\" height=\"159\" src=\"https:\/\/www.adra.sk\/wp-content\/uploads\/2023\/07\/07-Dom-1-e1690084472846-300x159.jpg\" class=\"attachment-medium size-medium wp-image-29811\" alt=\"\" srcset=\"https:\/\/www.adra.sk\/wp-content\/uploads\/2023\/07\/07-Dom-1-e1690084472846-300x159.jpg 300w, https:\/\/www.adra.sk\/wp-content\/uploads\/2023\/07\/07-Dom-1-e1690084472846-1024x542.jpg 1024w, https:\/\/www.adra.sk\/wp-content\/uploads\/2023\/07\/07-Dom-1-e1690084472846-768x406.jpg 768w, https:\/\/www.adra.sk\/wp-content\/uploads\/2023\/07\/07-Dom-1-e1690084472846-1536x813.jpg 1536w, https:\/\/www.adra.sk\/wp-content\/uploads\/2023\/07\/07-Dom-1-e1690084472846-18x10.jpg 18w, https:\/\/www.adra.sk\/wp-content\/uploads\/2023\/07\/07-Dom-1-e1690084472846-2000x1058.jpg 2000w, https:\/\/www.adra.sk\/wp-content\/uploads\/2023\/07\/07-Dom-1-e1690084472846.jpg 2022w\" sizes=\"(max-width: 300px) 100vw, 300px\" \/><\/div><\/a>\n\t\t\t\t<div class=\"elementor-post__badge\">Slovensko<\/div>\n\t\t\t\t<div class=\"elementor-post__text\">\n\t\t\t\t<h3 class=\"elementor-post__title\">\n\t\t\t<a href=\"https:\/\/www.adra.sk\/en\/sos-slovensko\/\" target=&quot;_blank&quot;>\n\t\t\t\tSOS Slovensko\t\t\t<\/a>\n\t\t<\/h3>\n\t\t\t\t<div class=\"elementor-post__excerpt\">\n\t\t\t<p>&nbsp;Neb\u00fdval\u00e9 vrtochy po\u010dasia, po\u017eiare a \u010fal\u0161ie katastrofy neobch\u00e1dzaj\u00fa ani Slovensko<\/p>\n\t\t<\/div>\n\t\t\t\t<\/div>\n\t\t\t\t<div class=\"elementor-post__meta-data\">\n\t\t\t\t\t<span class=\"elementor-post-date\">\n\t\t\tJuly 23, 2023\t\t<\/span>\n\t\t\t\t<\/div>\n\t\t\t\t\t<\/div>\n\t\t<\/article>\n\t\t\t\t<article class=\"elementor-post elementor-grid-item post-29786 post type-post status-publish format-standard has-post-thumbnail hentry category-na-slovensku tag-slovensko tag-sos\" role=\"listitem\">\n\t\t\t<div class=\"elementor-post__card\">\n\t\t\t\t<a class=\"elementor-post__thumbnail__link\" href=\"https:\/\/www.adra.sk\/en\/poziar-v-telgarte-sos-slovensko\/\" tabindex=\"-1\" target=\"_blank\"><div class=\"elementor-post__thumbnail\"><img loading=\"lazy\" decoding=\"async\" width=\"300\" height=\"139\" src=\"https:\/\/www.adra.sk\/wp-content\/uploads\/2023\/07\/IMG-20230721-WA0016-e1689939362950-300x139.jpg\" class=\"attachment-medium size-medium wp-image-29787\" alt=\"\" srcset=\"https:\/\/www.adra.sk\/wp-content\/uploads\/2023\/07\/IMG-20230721-WA0016-e1689939362950-300x139.jpg 300w, https:\/\/www.adra.sk\/wp-content\/uploads\/2023\/07\/IMG-20230721-WA0016-e1689939362950-1024x476.jpg 1024w, https:\/\/www.adra.sk\/wp-content\/uploads\/2023\/07\/IMG-20230721-WA0016-e1689939362950-768x357.jpg 768w, https:\/\/www.adra.sk\/wp-content\/uploads\/2023\/07\/IMG-20230721-WA0016-e1689939362950-1536x714.jpg 1536w, https:\/\/www.adra.sk\/wp-content\/uploads\/2023\/07\/IMG-20230721-WA0016-e1689939362950-18x8.jpg 18w, https:\/\/www.adra.sk\/wp-content\/uploads\/2023\/07\/IMG-20230721-WA0016-e1689939362950-2000x930.jpg 2000w, https:\/\/www.adra.sk\/wp-content\/uploads\/2023\/07\/IMG-20230721-WA0016-e1689939362950.jpg 2016w\" sizes=\"(max-width: 300px) 100vw, 300px\" \/><\/div><\/a>\n\t\t\t\t<div class=\"elementor-post__badge\">Slovensko<\/div>\n\t\t\t\t<div class=\"elementor-post__text\">\n\t\t\t\t<h3 class=\"elementor-post__title\">\n\t\t\t<a href=\"https:\/\/www.adra.sk\/en\/poziar-v-telgarte-sos-slovensko\/\" target=&quot;_blank&quot;>\n\t\t\t\tPo\u017eiar v Telg\u00e1rte | SOS Slovensko\t\t\t<\/a>\n\t\t<\/h3>\n\t\t\t\t<div class=\"elementor-post__excerpt\">\n\t\t\t<p>&nbsp;Po ni\u010divom po\u017eiare, ktor\u00fd pripravil o strechu nad hlavou vy\u0161e 70 \u013eud\u00ed, pom\u00e1ha aj ADRA.<\/p>\n\t\t<\/div>\n\t\t\t\t<\/div>\n\t\t\t\t<div class=\"elementor-post__meta-data\">\n\t\t\t\t\t<span class=\"elementor-post-date\">\n\t\t\tJuly 21, 2023\t\t<\/span>\n\t\t\t\t<\/div>\n\t\t\t\t\t<\/div>\n\t\t<\/article>\n\t\t\t\t<article class=\"elementor-post elementor-grid-item post-29671 post type-post status-publish format-standard has-post-thumbnail hentry category-na-slovensku tag-pohoda tag-slovensko\" role=\"listitem\">\n\t\t\t<div class=\"elementor-post__card\">\n\t\t\t\t<a class=\"elementor-post__thumbnail__link\" href=\"https:\/\/www.adra.sk\/en\/adra-na-pohode-2\/\" tabindex=\"-1\" target=\"_blank\"><div class=\"elementor-post__thumbnail\"><img loading=\"lazy\" decoding=\"async\" width=\"300\" height=\"131\" src=\"https:\/\/www.adra.sk\/wp-content\/uploads\/2023\/07\/KUB_9335-scaled-e1688803284754-300x131.jpg\" class=\"attachment-medium size-medium wp-image-29708\" alt=\"\" srcset=\"https:\/\/www.adra.sk\/wp-content\/uploads\/2023\/07\/KUB_9335-scaled-e1688803284754-300x131.jpg 300w, https:\/\/www.adra.sk\/wp-content\/uploads\/2023\/07\/KUB_9335-scaled-e1688803284754-1024x447.jpg 1024w, https:\/\/www.adra.sk\/wp-content\/uploads\/2023\/07\/KUB_9335-scaled-e1688803284754-768x335.jpg 768w, https:\/\/www.adra.sk\/wp-content\/uploads\/2023\/07\/KUB_9335-scaled-e1688803284754-1536x671.jpg 1536w, https:\/\/www.adra.sk\/wp-content\/uploads\/2023\/07\/KUB_9335-scaled-e1688803284754-2048x894.jpg 2048w, https:\/\/www.adra.sk\/wp-content\/uploads\/2023\/07\/KUB_9335-scaled-e1688803284754-18x8.jpg 18w, https:\/\/www.adra.sk\/wp-content\/uploads\/2023\/07\/KUB_9335-scaled-e1688803284754-2000x873.jpg 2000w\" sizes=\"(max-width: 300px) 100vw, 300px\" \/><\/div><\/a>\n\t\t\t\t<div class=\"elementor-post__badge\">Slovensko<\/div>\n\t\t\t\t<div class=\"elementor-post__text\">\n\t\t\t\t<h3 class=\"elementor-post__title\">\n\t\t\t<a href=\"https:\/\/www.adra.sk\/en\/adra-na-pohode-2\/\" target=&quot;_blank&quot;>\n\t\t\t\tADRA na Pohode\t\t\t<\/a>\n\t\t<\/h3>\n\t\t\t\t<div class=\"elementor-post__excerpt\">\n\t\t\t<p>Zabalili sme to spolu v Pohode a pomohli tak \u013eu\u010fom zasiahnut\u00fdm vojnou na Ukrajine. \u010eakujeme!<\/p>\n\t\t<\/div>\n\t\t\t\t<\/div>\n\t\t\t\t<div class=\"elementor-post__meta-data\">\n\t\t\t\t\t<span class=\"elementor-post-date\">\n\t\t\tJuly 10, 2023\t\t<\/span>\n\t\t\t\t<\/div>\n\t\t\t\t\t<\/div>\n\t\t<\/article>\n\t\t\t\t<article class=\"elementor-post elementor-grid-item post-29556 post type-post status-publish format-standard has-post-thumbnail hentry category-libanon tag-libanon tag-slovakaid tag-wash\" role=\"listitem\">\n\t\t\t<div class=\"elementor-post__card\">\n\t\t\t\t<a class=\"elementor-post__thumbnail__link\" href=\"https:\/\/www.adra.sk\/en\/minister-wlachovsky-navstivil-nas-projekt-v-libanone\/\" tabindex=\"-1\" target=\"_blank\"><div class=\"elementor-post__thumbnail\"><img loading=\"lazy\" decoding=\"async\" width=\"300\" height=\"112\" src=\"https:\/\/www.adra.sk\/wp-content\/uploads\/2023\/06\/230615-Wlachovsky-ZPC-Libanon-000-scaled-e1686922200916-300x112.jpg\" class=\"attachment-medium size-medium wp-image-29569\" alt=\"\" srcset=\"https:\/\/www.adra.sk\/wp-content\/uploads\/2023\/06\/230615-Wlachovsky-ZPC-Libanon-000-scaled-e1686922200916-300x112.jpg 300w, https:\/\/www.adra.sk\/wp-content\/uploads\/2023\/06\/230615-Wlachovsky-ZPC-Libanon-000-scaled-e1686922200916-1024x381.jpg 1024w, https:\/\/www.adra.sk\/wp-content\/uploads\/2023\/06\/230615-Wlachovsky-ZPC-Libanon-000-scaled-e1686922200916-768x286.jpg 768w, https:\/\/www.adra.sk\/wp-content\/uploads\/2023\/06\/230615-Wlachovsky-ZPC-Libanon-000-scaled-e1686922200916-1536x572.jpg 1536w, https:\/\/www.adra.sk\/wp-content\/uploads\/2023\/06\/230615-Wlachovsky-ZPC-Libanon-000-scaled-e1686922200916-2048x762.jpg 2048w, https:\/\/www.adra.sk\/wp-content\/uploads\/2023\/06\/230615-Wlachovsky-ZPC-Libanon-000-scaled-e1686922200916-18x7.jpg 18w, https:\/\/www.adra.sk\/wp-content\/uploads\/2023\/06\/230615-Wlachovsky-ZPC-Libanon-000-scaled-e1686922200916-2000x745.jpg 2000w\" sizes=\"(max-width: 300px) 100vw, 300px\" \/><\/div><\/a>\n\t\t\t\t<div class=\"elementor-post__badge\">Libanon<\/div>\n\t\t\t\t<div class=\"elementor-post__text\">\n\t\t\t\t<h3 class=\"elementor-post__title\">\n\t\t\t<a href=\"https:\/\/www.adra.sk\/en\/minister-wlachovsky-navstivil-nas-projekt-v-libanone\/\" target=&quot;_blank&quot;>\n\t\t\t\tMinister Wlachovsk\u00fd nav\u0161t\u00edvil n\u00e1\u0161 projekt v Libanone\t\t\t<\/a>\n\t\t<\/h3>\n\t\t\t\t<div class=\"elementor-post__excerpt\">\n\t\t\t<p>Minister zahrani\u010dn\u00fdch vec\u00ed a eur\u00f3pskych z\u00e1le\u017eitost\u00ed Slovenskej republiky Miroslav Wlachovsk\u00fd nav\u0161t\u00edvil vo \u0161tvrtok 15. j\u00fana<\/p>\n\t\t<\/div>\n\t\t\t\t<\/div>\n\t\t\t\t<div class=\"elementor-post__meta-data\">\n\t\t\t\t\t<span class=\"elementor-post-date\">\n\t\t\tJune 16, 2023\t\t<\/span>\n\t\t\t\t<\/div>\n\t\t\t\t\t<\/div>\n\t\t<\/article>\n\t\t\t\t<article class=\"elementor-post elementor-grid-item post-29526 post type-post status-publish format-standard has-post-thumbnail hentry category-praca tag-albansko tag-dobrovolnictvo-2 tag-slovakaid tag-uganda\" role=\"listitem\">\n\t\t\t<div class=\"elementor-post__card\">\n\t\t\t\t<a class=\"elementor-post__thumbnail__link\" href=\"https:\/\/www.adra.sk\/en\/hladame-dobrovolnikov-do-ugandy-a-albanska\/\" tabindex=\"-1\" target=\"_blank\"><div class=\"elementor-post__thumbnail\"><img loading=\"lazy\" decoding=\"async\" width=\"300\" height=\"128\" src=\"https:\/\/www.adra.sk\/wp-content\/uploads\/2023\/06\/20230215_170354-scaled-e1686647701685-300x128.jpg\" class=\"attachment-medium size-medium wp-image-29527\" alt=\"\" srcset=\"https:\/\/www.adra.sk\/wp-content\/uploads\/2023\/06\/20230215_170354-scaled-e1686647701685-300x128.jpg 300w, https:\/\/www.adra.sk\/wp-content\/uploads\/2023\/06\/20230215_170354-scaled-e1686647701685-1024x435.jpg 1024w, https:\/\/www.adra.sk\/wp-content\/uploads\/2023\/06\/20230215_170354-scaled-e1686647701685-768x326.jpg 768w, https:\/\/www.adra.sk\/wp-content\/uploads\/2023\/06\/20230215_170354-scaled-e1686647701685-1536x653.jpg 1536w, https:\/\/www.adra.sk\/wp-content\/uploads\/2023\/06\/20230215_170354-scaled-e1686647701685-2048x870.jpg 2048w, https:\/\/www.adra.sk\/wp-content\/uploads\/2023\/06\/20230215_170354-scaled-e1686647701685-18x8.jpg 18w, https:\/\/www.adra.sk\/wp-content\/uploads\/2023\/06\/20230215_170354-scaled-e1686647701685-2000x850.jpg 2000w\" sizes=\"(max-width: 300px) 100vw, 300px\" \/><\/div><\/a>\n\t\t\t\t<div class=\"elementor-post__badge\">Pr\u00e1ca<\/div>\n\t\t\t\t<div class=\"elementor-post__text\">\n\t\t\t\t<h3 class=\"elementor-post__title\">\n\t\t\t<a href=\"https:\/\/www.adra.sk\/en\/hladame-dobrovolnikov-do-ugandy-a-albanska\/\" target=&quot;_blank&quot;>\n\t\t\t\tH\u013ead\u00e1me dobrovo\u013en\u00edkov do Ugandy a Alb\u00e1nska!\t\t\t<\/a>\n\t\t<\/h3>\n\t\t\t\t<div class=\"elementor-post__excerpt\">\n\t\t\t<p>V\u0161etky n\u00e1klady na dobrovo\u013en\u00edcky pobyt s\u00fa hraden\u00e9 grantom. Uz\u00e1vierka na pod\u00e1vanie \u017eiadost\u00ed 15.07.2023.<\/p>\n\t\t<\/div>\n\t\t\t\t<\/div>\n\t\t\t\t<div class=\"elementor-post__meta-data\">\n\t\t\t\t\t<span class=\"elementor-post-date\">\n\t\t\tJune 13, 2023\t\t<\/span>\n\t\t\t\t<\/div>\n\t\t\t\t\t<\/div>\n\t\t<\/article>\n\t\t\t\t<article class=\"elementor-post elementor-grid-item post-29368 post type-post status-publish format-standard has-post-thumbnail hentry category-ukrajina tag-sos tag-ukrajina\" role=\"listitem\">\n\t\t\t<div class=\"elementor-post__card\">\n\t\t\t\t<a class=\"elementor-post__thumbnail__link\" href=\"https:\/\/www.adra.sk\/en\/sos-zaplavy-na-ukrajine-pomahajte-s-nami\/\" tabindex=\"-1\" target=\"_blank\"><div class=\"elementor-post__thumbnail\"><img loading=\"lazy\" decoding=\"async\" width=\"300\" height=\"129\" src=\"https:\/\/www.adra.sk\/wp-content\/uploads\/2023\/06\/IMG-20230607-WA0013-e1686153472543-300x129.jpg\" class=\"attachment-medium size-medium wp-image-29386\" alt=\"\" srcset=\"https:\/\/www.adra.sk\/wp-content\/uploads\/2023\/06\/IMG-20230607-WA0013-e1686153472543-300x129.jpg 300w, https:\/\/www.adra.sk\/wp-content\/uploads\/2023\/06\/IMG-20230607-WA0013-e1686153472543-768x330.jpg 768w, https:\/\/www.adra.sk\/wp-content\/uploads\/2023\/06\/IMG-20230607-WA0013-e1686153472543-18x8.jpg 18w, https:\/\/www.adra.sk\/wp-content\/uploads\/2023\/06\/IMG-20230607-WA0013-e1686153472543.jpg 800w\" sizes=\"(max-width: 300px) 100vw, 300px\" \/><\/div><\/a>\n\t\t\t\t<div class=\"elementor-post__badge\">Ukrajina<\/div>\n\t\t\t\t<div class=\"elementor-post__text\">\n\t\t\t\t<h3 class=\"elementor-post__title\">\n\t\t\t<a href=\"https:\/\/www.adra.sk\/en\/sos-zaplavy-na-ukrajine-pomahajte-s-nami\/\" target=&quot;_blank&quot;>\n\t\t\t\tSOS: Z\u00e1plavy na Ukrajine. Pom\u00e1hajte s nami!\t\t\t<\/a>\n\t\t<\/h3>\n\t\t\t\t<div class=\"elementor-post__excerpt\">\n\t\t\t<p>Verejn\u00e1 zbierka pre obyvate\u013eov zaplaven\u00fdch oblast\u00ed na Ukrajine po \u00fatoku na Kachovsk\u00fa priehradu.<\/p>\n\t\t<\/div>\n\t\t\t\t<\/div>\n\t\t\t\t<div class=\"elementor-post__meta-data\">\n\t\t\t\t\t<span class=\"elementor-post-date\">\n\t\t\tJune 6, 2023\t\t<\/span>\n\t\t\t\t<\/div>\n\t\t\t\t\t<\/div>\n\t\t<\/article>\n\t\t\t\t<article class=\"elementor-post elementor-grid-item post-29229 post type-post status-publish format-standard has-post-thumbnail hentry category-uganda tag-helpkids tag-uganda\" role=\"listitem\">\n\t\t\t<div class=\"elementor-post__card\">\n\t\t\t\t<a class=\"elementor-post__thumbnail__link\" href=\"https:\/\/www.adra.sk\/en\/darujte-detom-vzdelanie\/\" tabindex=\"-1\" target=\"_blank\"><div class=\"elementor-post__thumbnail\"><img loading=\"lazy\" decoding=\"async\" width=\"300\" height=\"200\" src=\"https:\/\/www.adra.sk\/wp-content\/uploads\/2023\/05\/IMG-20230417-WA0057-300x200.jpg\" class=\"attachment-medium size-medium wp-image-29230\" alt=\"\" srcset=\"https:\/\/www.adra.sk\/wp-content\/uploads\/2023\/05\/IMG-20230417-WA0057-300x200.jpg 300w, https:\/\/www.adra.sk\/wp-content\/uploads\/2023\/05\/IMG-20230417-WA0057-1024x683.jpg 1024w, https:\/\/www.adra.sk\/wp-content\/uploads\/2023\/05\/IMG-20230417-WA0057-768x512.jpg 768w, https:\/\/www.adra.sk\/wp-content\/uploads\/2023\/05\/IMG-20230417-WA0057-18x12.jpg 18w, https:\/\/www.adra.sk\/wp-content\/uploads\/2023\/05\/IMG-20230417-WA0057.jpg 1080w\" sizes=\"(max-width: 300px) 100vw, 300px\" \/><\/div><\/a>\n\t\t\t\t<div class=\"elementor-post__badge\">Uganda<\/div>\n\t\t\t\t<div class=\"elementor-post__text\">\n\t\t\t\t<h3 class=\"elementor-post__title\">\n\t\t\t<a href=\"https:\/\/www.adra.sk\/en\/darujte-detom-vzdelanie\/\" target=&quot;_blank&quot;>\n\t\t\t\tDarujte vzdelanie de\u0165om v Ugande\t\t\t<\/a>\n\t\t<\/h3>\n\t\t\t\t<div class=\"elementor-post__excerpt\">\n\t\t\t<p>Na\u0161a nov\u00e1 iniciat\u00edva HelpKids v\u00e1m d\u00e1va mo\u017enos\u0165 darova\u0165 vzdelanie konkr\u00e9tnym de\u0165om zo soci\u00e1lne slab\u0161\u00edch rod\u00edn<\/p>\n\t\t<\/div>\n\t\t\t\t<\/div>\n\t\t\t\t<div class=\"elementor-post__meta-data\">\n\t\t\t\t\t<span class=\"elementor-post-date\">\n\t\t\tMay 25, 2023\t\t<\/span>\n\t\t\t\t<\/div>\n\t\t\t\t\t<\/div>\n\t\t<\/article>\n\t\t\t\t<article class=\"elementor-post elementor-grid-item post-29216 post type-post status-publish format-standard has-post-thumbnail hentry category-ukrajina tag-ukrajina\" role=\"listitem\">\n\t\t\t<div class=\"elementor-post__card\">\n\t\t\t\t<a class=\"elementor-post__thumbnail__link\" href=\"https:\/\/www.adra.sk\/en\/raketovy-utok-v-charkove\/\" tabindex=\"-1\" target=\"_blank\"><div class=\"elementor-post__thumbnail\"><img loading=\"lazy\" decoding=\"async\" width=\"249\" height=\"300\" src=\"https:\/\/www.adra.sk\/wp-content\/uploads\/2023\/05\/Obrazok-WhatsApp-2023-05-19-o-10.55.55-c-249x300.jpg\" class=\"attachment-medium size-medium wp-image-29217\" alt=\"\" srcset=\"https:\/\/www.adra.sk\/wp-content\/uploads\/2023\/05\/Obrazok-WhatsApp-2023-05-19-o-10.55.55-c-249x300.jpg 249w, https:\/\/www.adra.sk\/wp-content\/uploads\/2023\/05\/Obrazok-WhatsApp-2023-05-19-o-10.55.55-c-850x1024.jpg 850w, https:\/\/www.adra.sk\/wp-content\/uploads\/2023\/05\/Obrazok-WhatsApp-2023-05-19-o-10.55.55-c-768x926.jpg 768w, https:\/\/www.adra.sk\/wp-content\/uploads\/2023\/05\/Obrazok-WhatsApp-2023-05-19-o-10.55.55-c-1275x1536.jpg 1275w, https:\/\/www.adra.sk\/wp-content\/uploads\/2023\/05\/Obrazok-WhatsApp-2023-05-19-o-10.55.55-c-10x12.jpg 10w, https:\/\/www.adra.sk\/wp-content\/uploads\/2023\/05\/Obrazok-WhatsApp-2023-05-19-o-10.55.55-c.jpg 1536w\" sizes=\"(max-width: 249px) 100vw, 249px\" \/><\/div><\/a>\n\t\t\t\t<div class=\"elementor-post__badge\">Ukrajina<\/div>\n\t\t\t\t<div class=\"elementor-post__text\">\n\t\t\t\t<h3 class=\"elementor-post__title\">\n\t\t\t<a href=\"https:\/\/www.adra.sk\/en\/raketovy-utok-v-charkove\/\" target=&quot;_blank&quot;>\n\t\t\t\tRaketov\u00fd \u00fatok v Charkove\t\t\t<\/a>\n\t\t<\/h3>\n\t\t\t\t<div class=\"elementor-post__excerpt\">\n\t\t\t<p>O tom, ako t\u00edm ADRA pre\u010dkal raketov\u00fd \u00fatok v Charkove, p\u00ed\u0161e n\u00e1\u0161 riadite\u013e Stano Bielik.<\/p>\n\t\t<\/div>\n\t\t\t\t<\/div>\n\t\t\t\t<div class=\"elementor-post__meta-data\">\n\t\t\t\t\t<span class=\"elementor-post-date\">\n\t\t\tMay 21, 2023\t\t<\/span>\n\t\t\t\t<\/div>\n\t\t\t\t\t<\/div>\n\t\t<\/article>\n\t\t\t\t<article class=\"elementor-post elementor-grid-item post-29194 post type-post status-publish format-standard has-post-thumbnail hentry category-ukrajina tag-japanplatform tag-ukrajina\" role=\"listitem\">\n\t\t\t<div class=\"elementor-post__card\">\n\t\t\t\t<a class=\"elementor-post__thumbnail__link\" href=\"https:\/\/www.adra.sk\/en\/pomoc-pre-rodiny-v-charkove\/\" tabindex=\"-1\" target=\"_blank\"><div class=\"elementor-post__thumbnail\"><img loading=\"lazy\" decoding=\"async\" width=\"300\" height=\"109\" src=\"https:\/\/www.adra.sk\/wp-content\/uploads\/2023\/05\/UA-05_23_-kharkiv_-krabice-21-scaled-e1684504285281-300x109.jpg\" class=\"attachment-medium size-medium wp-image-29195\" alt=\"\" srcset=\"https:\/\/www.adra.sk\/wp-content\/uploads\/2023\/05\/UA-05_23_-kharkiv_-krabice-21-scaled-e1684504285281-300x109.jpg 300w, https:\/\/www.adra.sk\/wp-content\/uploads\/2023\/05\/UA-05_23_-kharkiv_-krabice-21-scaled-e1684504285281-1024x371.jpg 1024w, https:\/\/www.adra.sk\/wp-content\/uploads\/2023\/05\/UA-05_23_-kharkiv_-krabice-21-scaled-e1684504285281-768x278.jpg 768w, https:\/\/www.adra.sk\/wp-content\/uploads\/2023\/05\/UA-05_23_-kharkiv_-krabice-21-scaled-e1684504285281-1536x557.jpg 1536w, https:\/\/www.adra.sk\/wp-content\/uploads\/2023\/05\/UA-05_23_-kharkiv_-krabice-21-scaled-e1684504285281-2048x742.jpg 2048w, https:\/\/www.adra.sk\/wp-content\/uploads\/2023\/05\/UA-05_23_-kharkiv_-krabice-21-scaled-e1684504285281-18x7.jpg 18w, https:\/\/www.adra.sk\/wp-content\/uploads\/2023\/05\/UA-05_23_-kharkiv_-krabice-21-scaled-e1684504285281-2000x725.jpg 2000w\" sizes=\"(max-width: 300px) 100vw, 300px\" \/><\/div><\/a>\n\t\t\t\t<div class=\"elementor-post__badge\">Ukrajina<\/div>\n\t\t\t\t<div class=\"elementor-post__text\">\n\t\t\t\t<h3 class=\"elementor-post__title\">\n\t\t\t<a href=\"https:\/\/www.adra.sk\/en\/pomoc-pre-rodiny-v-charkove\/\" target=&quot;_blank&quot;>\n\t\t\t\tPomoc pre rodiny v Charkove\t\t\t<\/a>\n\t\t<\/h3>\n\t\t\t\t<div class=\"elementor-post__excerpt\">\n\t\t\t<p>V Charkove sme 280 rodin\u00e1m odovzdali bal\u00edky humanit\u00e1rnej pomoci.<\/p>\n\t\t<\/div>\n\t\t\t\t<\/div>\n\t\t\t\t<div class=\"elementor-post__meta-data\">\n\t\t\t\t\t<span class=\"elementor-post-date\">\n\t\t\tMay 19, 2023\t\t<\/span>\n\t\t\t\t<\/div>\n\t\t\t\t\t<\/div>\n\t\t<\/article>\n\t\t\t\t<article class=\"elementor-post elementor-grid-item post-29163 post type-post status-publish format-standard has-post-thumbnail hentry category-ukrajina tag-slovakaid tag-ukrajina\" role=\"listitem\">\n\t\t\t<div class=\"elementor-post__card\">\n\t\t\t\t<a class=\"elementor-post__thumbnail__link\" href=\"https:\/\/www.adra.sk\/en\/aktualne-z-ukrajiny-4\/\" tabindex=\"-1\" target=\"_blank\"><div class=\"elementor-post__thumbnail\"><img loading=\"lazy\" decoding=\"async\" width=\"300\" height=\"108\" src=\"https:\/\/www.adra.sk\/wp-content\/uploads\/2023\/05\/JAZ_0022-scaled-e1684343097767-300x108.jpg\" class=\"attachment-medium size-medium wp-image-29164\" alt=\"\" srcset=\"https:\/\/www.adra.sk\/wp-content\/uploads\/2023\/05\/JAZ_0022-scaled-e1684343097767-300x108.jpg 300w, https:\/\/www.adra.sk\/wp-content\/uploads\/2023\/05\/JAZ_0022-scaled-e1684343097767-1024x368.jpg 1024w, https:\/\/www.adra.sk\/wp-content\/uploads\/2023\/05\/JAZ_0022-scaled-e1684343097767-768x276.jpg 768w, https:\/\/www.adra.sk\/wp-content\/uploads\/2023\/05\/JAZ_0022-scaled-e1684343097767-1536x553.jpg 1536w, https:\/\/www.adra.sk\/wp-content\/uploads\/2023\/05\/JAZ_0022-scaled-e1684343097767-2048x737.jpg 2048w, https:\/\/www.adra.sk\/wp-content\/uploads\/2023\/05\/JAZ_0022-scaled-e1684343097767-18x6.jpg 18w, https:\/\/www.adra.sk\/wp-content\/uploads\/2023\/05\/JAZ_0022-scaled-e1684343097767-2000x720.jpg 2000w\" sizes=\"(max-width: 300px) 100vw, 300px\" \/><\/div><\/a>\n\t\t\t\t<div class=\"elementor-post__badge\">Ukrajina<\/div>\n\t\t\t\t<div class=\"elementor-post__text\">\n\t\t\t\t<h3 class=\"elementor-post__title\">\n\t\t\t<a href=\"https:\/\/www.adra.sk\/en\/aktualne-z-ukrajiny-4\/\" target=&quot;_blank&quot;>\n\t\t\t\tAktu\u00e1lne z Ukrajiny\t\t\t<\/a>\n\t\t<\/h3>\n\t\t\t\t<div class=\"elementor-post__excerpt\">\n\t\t\t<p>Aktu\u00e1lne z Ukrajiny informuje n\u00e1\u0161 riadite\u013e Stano Bielik.<\/p>\n\t\t<\/div>\n\t\t\t\t<\/div>\n\t\t\t\t<div class=\"elementor-post__meta-data\">\n\t\t\t\t\t<span class=\"elementor-post-date\">\n\t\t\tMay 17, 2023\t\t<\/span>\n\t\t\t\t<\/div>\n\t\t\t\t\t<\/div>\n\t\t<\/article>\n\t\t\t\t<article class=\"elementor-post elementor-grid-item post-28246 post type-post status-publish format-standard has-post-thumbnail hentry category-na-slovensku tag-dobrovolnictvo tag-japanplatform tag-kpu tag-slovensko tag-srdce-na-dlani\" role=\"listitem\">\n\t\t\t<div class=\"elementor-post__card\">\n\t\t\t\t<a class=\"elementor-post__thumbnail__link\" href=\"https:\/\/www.adra.sk\/en\/ocenenie-srdce-na-dlani-2\/\" tabindex=\"-1\" target=\"_blank\"><div class=\"elementor-post__thumbnail\"><img loading=\"lazy\" decoding=\"async\" width=\"300\" height=\"117\" src=\"https:\/\/www.adra.sk\/wp-content\/uploads\/2023\/03\/IMG-20230316-WA0012-e1679560465559-300x117.jpg\" class=\"attachment-medium size-medium wp-image-28269\" alt=\"\" srcset=\"https:\/\/www.adra.sk\/wp-content\/uploads\/2023\/03\/IMG-20230316-WA0012-e1679560465559-300x117.jpg 300w, https:\/\/www.adra.sk\/wp-content\/uploads\/2023\/03\/IMG-20230316-WA0012-e1679560465559-1024x399.jpg 1024w, https:\/\/www.adra.sk\/wp-content\/uploads\/2023\/03\/IMG-20230316-WA0012-e1679560465559-768x299.jpg 768w, https:\/\/www.adra.sk\/wp-content\/uploads\/2023\/03\/IMG-20230316-WA0012-e1679560465559-18x7.jpg 18w, https:\/\/www.adra.sk\/wp-content\/uploads\/2023\/03\/IMG-20230316-WA0012-e1679560465559.jpg 1432w\" sizes=\"(max-width: 300px) 100vw, 300px\" \/><\/div><\/a>\n\t\t\t\t<div class=\"elementor-post__badge\">Slovensko<\/div>\n\t\t\t\t<div class=\"elementor-post__text\">\n\t\t\t\t<h3 class=\"elementor-post__title\">\n\t\t\t<a href=\"https:\/\/www.adra.sk\/en\/ocenenie-srdce-na-dlani-2\/\" target=&quot;_blank&quot;>\n\t\t\t\tOcenenie &#8222;Srdce na dlani&#8220;\t\t\t<\/a>\n\t\t<\/h3>\n\t\t\t\t<div class=\"elementor-post__excerpt\">\n\t\t\t<p>ADRA a Kto pom\u00f4\u017ee Ukrajine si za svoje dobrovo\u013en\u00edcke aktivity odniesli ocenenie Srdce na dlani.<\/p>\n\t\t<\/div>\n\t\t\t\t<\/div>\n\t\t\t\t<div class=\"elementor-post__meta-data\">\n\t\t\t\t\t<span class=\"elementor-post-date\">\n\t\t\tMarch 23, 2023\t\t<\/span>\n\t\t\t\t<\/div>\n\t\t\t\t\t<\/div>\n\t\t<\/article>\n\t\t\t\t<article class=\"elementor-post elementor-grid-item post-28235 post type-post status-publish format-standard has-post-thumbnail hentry category-ukrajina tag-japanplatform tag-ukrajina\" role=\"listitem\">\n\t\t\t<div class=\"elementor-post__card\">\n\t\t\t\t<a class=\"elementor-post__thumbnail__link\" href=\"https:\/\/www.adra.sk\/en\/spacie-vaky-pre-presidlencov\/\" tabindex=\"-1\" target=\"_blank\"><div class=\"elementor-post__thumbnail\"><img loading=\"lazy\" decoding=\"async\" width=\"300\" height=\"161\" src=\"https:\/\/www.adra.sk\/wp-content\/uploads\/2023\/03\/3Z2A8556-scaled-e1679559493181-300x161.jpg\" class=\"attachment-medium size-medium wp-image-28245\" alt=\"\" srcset=\"https:\/\/www.adra.sk\/wp-content\/uploads\/2023\/03\/3Z2A8556-scaled-e1679559493181-300x161.jpg 300w, https:\/\/www.adra.sk\/wp-content\/uploads\/2023\/03\/3Z2A8556-scaled-e1679559493181-1024x550.jpg 1024w, https:\/\/www.adra.sk\/wp-content\/uploads\/2023\/03\/3Z2A8556-scaled-e1679559493181-768x413.jpg 768w, https:\/\/www.adra.sk\/wp-content\/uploads\/2023\/03\/3Z2A8556-scaled-e1679559493181-1536x826.jpg 1536w, https:\/\/www.adra.sk\/wp-content\/uploads\/2023\/03\/3Z2A8556-scaled-e1679559493181-2048x1101.jpg 2048w, https:\/\/www.adra.sk\/wp-content\/uploads\/2023\/03\/3Z2A8556-scaled-e1679559493181-18x10.jpg 18w, https:\/\/www.adra.sk\/wp-content\/uploads\/2023\/03\/3Z2A8556-scaled-e1679559493181-2000x1075.jpg 2000w\" sizes=\"(max-width: 300px) 100vw, 300px\" \/><\/div><\/a>\n\t\t\t\t<div class=\"elementor-post__badge\">Ukrajina<\/div>\n\t\t\t\t<div class=\"elementor-post__text\">\n\t\t\t\t<h3 class=\"elementor-post__title\">\n\t\t\t<a href=\"https:\/\/www.adra.sk\/en\/spacie-vaky-pre-presidlencov\/\" target=&quot;_blank&quot;>\n\t\t\t\tSpacie vaky pre pres\u00eddlencov\t\t\t<\/a>\n\t\t<\/h3>\n\t\t\t\t<div class=\"elementor-post__excerpt\">\n\t\t\t<p>Pres\u00eddlencom na Ukrajine sme odovzdali spacie vaky.<\/p>\n\t\t<\/div>\n\t\t\t\t<\/div>\n\t\t\t\t<div class=\"elementor-post__meta-data\">\n\t\t\t\t\t<span class=\"elementor-post-date\">\n\t\t\tMarch 23, 2023\t\t<\/span>\n\t\t\t\t<\/div>\n\t\t\t\t\t<\/div>\n\t\t<\/article>\n\t\t\t\t<article class=\"elementor-post elementor-grid-item post-28220 post type-post status-publish format-standard has-post-thumbnail hentry category-syria tag-sos tag-syria-2 tag-verejna-zbierka tag-zemetrasenie\" role=\"listitem\">\n\t\t\t<div class=\"elementor-post__card\">\n\t\t\t\t<a class=\"elementor-post__thumbnail__link\" href=\"https:\/\/www.adra.sk\/en\/humanitarna-pomoc-pre-syriu\/\" tabindex=\"-1\" target=\"_blank\"><div class=\"elementor-post__thumbnail\"><img loading=\"lazy\" decoding=\"async\" width=\"300\" height=\"157\" src=\"https:\/\/www.adra.sk\/wp-content\/uploads\/2023\/03\/327041763_863231451436547_5252877689409724347_n-300x157.jpg\" class=\"attachment-medium size-medium wp-image-28231\" alt=\"\" srcset=\"https:\/\/www.adra.sk\/wp-content\/uploads\/2023\/03\/327041763_863231451436547_5252877689409724347_n-300x157.jpg 300w, https:\/\/www.adra.sk\/wp-content\/uploads\/2023\/03\/327041763_863231451436547_5252877689409724347_n-1024x537.jpg 1024w, https:\/\/www.adra.sk\/wp-content\/uploads\/2023\/03\/327041763_863231451436547_5252877689409724347_n-768x402.jpg 768w, https:\/\/www.adra.sk\/wp-content\/uploads\/2023\/03\/327041763_863231451436547_5252877689409724347_n-1536x805.jpg 1536w, https:\/\/www.adra.sk\/wp-content\/uploads\/2023\/03\/327041763_863231451436547_5252877689409724347_n-18x9.jpg 18w, https:\/\/www.adra.sk\/wp-content\/uploads\/2023\/03\/327041763_863231451436547_5252877689409724347_n-2000x1048.jpg 2000w, https:\/\/www.adra.sk\/wp-content\/uploads\/2023\/03\/327041763_863231451436547_5252877689409724347_n.jpg 2048w\" sizes=\"(max-width: 300px) 100vw, 300px\" \/><\/div><\/a>\n\t\t\t\t<div class=\"elementor-post__badge\">S\u00fdria<\/div>\n\t\t\t\t<div class=\"elementor-post__text\">\n\t\t\t\t<h3 class=\"elementor-post__title\">\n\t\t\t<a href=\"https:\/\/www.adra.sk\/en\/humanitarna-pomoc-pre-syriu\/\" target=&quot;_blank&quot;>\n\t\t\t\tHumanit\u00e1rna pomoc pre S\u00fdriu\t\t\t<\/a>\n\t\t<\/h3>\n\t\t\t\t<div class=\"elementor-post__excerpt\">\n\t\t\t<p>Na\u0161a humanit\u00e1rna pomoc pre S\u00fdriu mieri do postihnut\u00fdch oblast\u00ed.<\/p>\n\t\t<\/div>\n\t\t\t\t<\/div>\n\t\t\t\t<div class=\"elementor-post__meta-data\">\n\t\t\t\t\t<span class=\"elementor-post-date\">\n\t\t\tMarch 23, 2023\t\t<\/span>\n\t\t\t\t<\/div>\n\t\t\t\t\t<\/div>\n\t\t<\/article>\n\t\t\t\t<article class=\"elementor-post elementor-grid-item post-28175 post type-post status-publish format-standard has-post-thumbnail hentry category-na-slovensku tag-dobrovolnictvo-2 tag-slovensko\" role=\"listitem\">\n\t\t\t<div class=\"elementor-post__card\">\n\t\t\t\t<a class=\"elementor-post__thumbnail__link\" href=\"https:\/\/www.adra.sk\/en\/den-otvorenych-dveri\/\" tabindex=\"-1\" target=\"_blank\"><div class=\"elementor-post__thumbnail\"><img loading=\"lazy\" decoding=\"async\" width=\"300\" height=\"114\" src=\"https:\/\/www.adra.sk\/wp-content\/uploads\/2023\/03\/ADRA_OPENDAY_TN_2023-6-scaled-e1679558006494-300x114.jpg\" class=\"attachment-medium size-medium wp-image-28176\" alt=\"\" srcset=\"https:\/\/www.adra.sk\/wp-content\/uploads\/2023\/03\/ADRA_OPENDAY_TN_2023-6-scaled-e1679558006494-300x114.jpg 300w, https:\/\/www.adra.sk\/wp-content\/uploads\/2023\/03\/ADRA_OPENDAY_TN_2023-6-scaled-e1679558006494-1024x389.jpg 1024w, https:\/\/www.adra.sk\/wp-content\/uploads\/2023\/03\/ADRA_OPENDAY_TN_2023-6-scaled-e1679558006494-768x292.jpg 768w, https:\/\/www.adra.sk\/wp-content\/uploads\/2023\/03\/ADRA_OPENDAY_TN_2023-6-scaled-e1679558006494-1536x583.jpg 1536w, https:\/\/www.adra.sk\/wp-content\/uploads\/2023\/03\/ADRA_OPENDAY_TN_2023-6-scaled-e1679558006494-2048x778.jpg 2048w, https:\/\/www.adra.sk\/wp-content\/uploads\/2023\/03\/ADRA_OPENDAY_TN_2023-6-scaled-e1679558006494-18x7.jpg 18w, https:\/\/www.adra.sk\/wp-content\/uploads\/2023\/03\/ADRA_OPENDAY_TN_2023-6-scaled-e1679558006494-2000x759.jpg 2000w\" sizes=\"(max-width: 300px) 100vw, 300px\" \/><\/div><\/a>\n\t\t\t\t<div class=\"elementor-post__badge\">Slovensko<\/div>\n\t\t\t\t<div class=\"elementor-post__text\">\n\t\t\t\t<h3 class=\"elementor-post__title\">\n\t\t\t<a href=\"https:\/\/www.adra.sk\/en\/den-otvorenych-dveri\/\" target=&quot;_blank&quot;>\n\t\t\t\tDe\u0148 otvoren\u00fdch dver\u00ed\t\t\t<\/a>\n\t\t<\/h3>\n\t\t\t\t<div class=\"elementor-post__excerpt\">\n\t\t\t<p>Minul\u00fd t\u00fd\u017ede\u0148 sme si v na\u0161om tren\u010dianskom sklade pripomenuli rok humanit\u00e1rnej pomoci Ukrajine.<\/p>\n\t\t<\/div>\n\t\t\t\t<\/div>\n\t\t\t\t<div class=\"elementor-post__meta-data\">\n\t\t\t\t\t<span class=\"elementor-post-date\">\n\t\t\tMarch 23, 2023\t\t<\/span>\n\t\t\t\t<\/div>\n\t\t\t\t\t<\/div>\n\t\t<\/article>\n\t\t\t\t<article class=\"elementor-post elementor-grid-item post-27916 post type-post status-publish format-standard has-post-thumbnail hentry category-ukrajina tag-dobrovolnictvo-2 tag-japanplatform tag-kpu tag-slovakaid tag-slovensko tag-sos tag-ukrajina\" role=\"listitem\">\n\t\t\t<div class=\"elementor-post__card\">\n\t\t\t\t<a class=\"elementor-post__thumbnail__link\" href=\"https:\/\/www.adra.sk\/en\/rok-vojny-rok-pomoci\/\" tabindex=\"-1\" target=\"_blank\"><div class=\"elementor-post__thumbnail\"><img loading=\"lazy\" decoding=\"async\" width=\"300\" height=\"96\" src=\"https:\/\/www.adra.sk\/wp-content\/uploads\/2023\/02\/JAZ_677311-scaled-e1677242390378-300x96.jpg\" class=\"attachment-medium size-medium wp-image-27917\" alt=\"\" srcset=\"https:\/\/www.adra.sk\/wp-content\/uploads\/2023\/02\/JAZ_677311-scaled-e1677242390378-300x96.jpg 300w, https:\/\/www.adra.sk\/wp-content\/uploads\/2023\/02\/JAZ_677311-scaled-e1677242390378-1024x328.jpg 1024w, https:\/\/www.adra.sk\/wp-content\/uploads\/2023\/02\/JAZ_677311-scaled-e1677242390378-768x246.jpg 768w, https:\/\/www.adra.sk\/wp-content\/uploads\/2023\/02\/JAZ_677311-scaled-e1677242390378-1536x491.jpg 1536w, https:\/\/www.adra.sk\/wp-content\/uploads\/2023\/02\/JAZ_677311-scaled-e1677242390378-2048x655.jpg 2048w, https:\/\/www.adra.sk\/wp-content\/uploads\/2023\/02\/JAZ_677311-scaled-e1677242390378-18x6.jpg 18w, https:\/\/www.adra.sk\/wp-content\/uploads\/2023\/02\/JAZ_677311-scaled-e1677242390378-2000x640.jpg 2000w\" sizes=\"(max-width: 300px) 100vw, 300px\" \/><\/div><\/a>\n\t\t\t\t<div class=\"elementor-post__badge\">Ukrajina<\/div>\n\t\t\t\t<div class=\"elementor-post__text\">\n\t\t\t\t<h3 class=\"elementor-post__title\">\n\t\t\t<a href=\"https:\/\/www.adra.sk\/en\/rok-vojny-rok-pomoci\/\" target=&quot;_blank&quot;>\n\t\t\t\tRok vojny, rok pomoci\t\t\t<\/a>\n\t\t<\/h3>\n\t\t\t\t<div class=\"elementor-post__excerpt\">\n\t\t\t<p>Od vypuknutia vojny na Ukrajine pre\u0161iel presne rok.<\/p>\n\t\t<\/div>\n\t\t\t\t<\/div>\n\t\t\t\t<div class=\"elementor-post__meta-data\">\n\t\t\t\t\t<span class=\"elementor-post-date\">\n\t\t\tFebruary 24, 2023\t\t<\/span>\n\t\t\t\t<\/div>\n\t\t\t\t\t<\/div>\n\t\t<\/article>\n\t\t\t\t<article class=\"elementor-post elementor-grid-item post-27837 post type-post status-publish format-standard has-post-thumbnail hentry category-ukrajina tag-dobrovolnictvo tag-ukrajina\" role=\"listitem\">\n\t\t\t<div class=\"elementor-post__card\">\n\t\t\t\t<a class=\"elementor-post__thumbnail__link\" href=\"https:\/\/www.adra.sk\/en\/navsteva-ukrajinskeho-sirotinca\/\" tabindex=\"-1\" target=\"_blank\"><div class=\"elementor-post__thumbnail\"><img loading=\"lazy\" decoding=\"async\" width=\"300\" height=\"158\" src=\"https:\/\/www.adra.sk\/wp-content\/uploads\/2023\/02\/4-e1676568700919-300x158.png\" class=\"attachment-medium size-medium wp-image-27838\" alt=\"\" srcset=\"https:\/\/www.adra.sk\/wp-content\/uploads\/2023\/02\/4-e1676568700919-300x158.png 300w, https:\/\/www.adra.sk\/wp-content\/uploads\/2023\/02\/4-e1676568700919-1024x540.png 1024w, https:\/\/www.adra.sk\/wp-content\/uploads\/2023\/02\/4-e1676568700919-768x405.png 768w, https:\/\/www.adra.sk\/wp-content\/uploads\/2023\/02\/4-e1676568700919-18x9.png 18w, https:\/\/www.adra.sk\/wp-content\/uploads\/2023\/02\/4-e1676568700919.png 1049w\" sizes=\"(max-width: 300px) 100vw, 300px\" \/><\/div><\/a>\n\t\t\t\t<div class=\"elementor-post__badge\">Ukrajina<\/div>\n\t\t\t\t<div class=\"elementor-post__text\">\n\t\t\t\t<h3 class=\"elementor-post__title\">\n\t\t\t<a href=\"https:\/\/www.adra.sk\/en\/navsteva-ukrajinskeho-sirotinca\/\" target=&quot;_blank&quot;>\n\t\t\t\tN\u00e1v\u0161teva ukrajinsk\u00e9ho sirotinca\t\t\t<\/a>\n\t\t<\/h3>\n\t\t\t\t<div class=\"elementor-post__excerpt\">\n\t\t\t<p>N\u00e1v\u0161teva ukrajinsk\u00e9ho sirotinca sa dotkla na\u0161ich s\u0155dc.<\/p>\n\t\t<\/div>\n\t\t\t\t<\/div>\n\t\t\t\t<div class=\"elementor-post__meta-data\">\n\t\t\t\t\t<span class=\"elementor-post-date\">\n\t\t\tFebruary 16, 2023\t\t<\/span>\n\t\t\t\t<\/div>\n\t\t\t\t\t<\/div>\n\t\t<\/article>\n\t\t\t\t<article class=\"elementor-post elementor-grid-item post-27803 post type-post status-publish format-standard has-post-thumbnail hentry category-uganda tag-helpkids tag-uganda\" role=\"listitem\">\n\t\t\t<div class=\"elementor-post__card\">\n\t\t\t\t<a class=\"elementor-post__thumbnail__link\" href=\"https:\/\/www.adra.sk\/en\/nie-je-skola-ako-skola-2\/\" tabindex=\"-1\" target=\"_blank\"><div class=\"elementor-post__thumbnail\"><img loading=\"lazy\" decoding=\"async\" width=\"300\" height=\"115\" src=\"https:\/\/www.adra.sk\/wp-content\/uploads\/2023\/02\/20230215_170346-scaled-e1676536070563-300x115.jpg\" class=\"attachment-medium size-medium wp-image-27811\" alt=\"\" srcset=\"https:\/\/www.adra.sk\/wp-content\/uploads\/2023\/02\/20230215_170346-scaled-e1676536070563-300x115.jpg 300w, https:\/\/www.adra.sk\/wp-content\/uploads\/2023\/02\/20230215_170346-scaled-e1676536070563-1024x394.jpg 1024w, https:\/\/www.adra.sk\/wp-content\/uploads\/2023\/02\/20230215_170346-scaled-e1676536070563-768x296.jpg 768w, https:\/\/www.adra.sk\/wp-content\/uploads\/2023\/02\/20230215_170346-scaled-e1676536070563-1536x591.jpg 1536w, https:\/\/www.adra.sk\/wp-content\/uploads\/2023\/02\/20230215_170346-scaled-e1676536070563-2048x788.jpg 2048w, https:\/\/www.adra.sk\/wp-content\/uploads\/2023\/02\/20230215_170346-scaled-e1676536070563-18x7.jpg 18w, https:\/\/www.adra.sk\/wp-content\/uploads\/2023\/02\/20230215_170346-scaled-e1676536070563-2000x770.jpg 2000w\" sizes=\"(max-width: 300px) 100vw, 300px\" \/><\/div><\/a>\n\t\t\t\t<div class=\"elementor-post__badge\">Uganda<\/div>\n\t\t\t\t<div class=\"elementor-post__text\">\n\t\t\t\t<h3 class=\"elementor-post__title\">\n\t\t\t<a href=\"https:\/\/www.adra.sk\/en\/nie-je-skola-ako-skola-2\/\" target=&quot;_blank&quot;>\n\t\t\t\tNie je \u0161kola ako \u0161kola\t\t\t<\/a>\n\t\t<\/h3>\n\t\t\t\t<div class=\"elementor-post__excerpt\">\n\t\t\t<p>Priamo z Ugandy p\u00ed\u0161e n\u00e1\u0161 riadite\u013e Stano Bielik.<\/p>\n\t\t<\/div>\n\t\t\t\t<\/div>\n\t\t\t\t<div class=\"elementor-post__meta-data\">\n\t\t\t\t\t<span class=\"elementor-post-date\">\n\t\t\tFebruary 16, 2023\t\t<\/span>\n\t\t\t\t<\/div>\n\t\t\t\t\t<\/div>\n\t\t<\/article>\n\t\t\t\t<article class=\"elementor-post elementor-grid-item post-27765 post type-post status-publish format-standard has-post-thumbnail hentry category-na-slovensku tag-praca\" role=\"listitem\">\n\t\t\t<div class=\"elementor-post__card\">\n\t\t\t\t<a class=\"elementor-post__thumbnail__link\" href=\"https:\/\/www.adra.sk\/en\/pracovnik-cka-psychosocialnej-pomoci\/\" tabindex=\"-1\" target=\"_blank\"><div class=\"elementor-post__thumbnail\"><img loading=\"lazy\" decoding=\"async\" width=\"300\" height=\"135\" src=\"https:\/\/www.adra.sk\/wp-content\/uploads\/2023\/02\/FB_IMG_1656882347289-300x135.jpg\" class=\"attachment-medium size-medium wp-image-27776\" alt=\"\" srcset=\"https:\/\/www.adra.sk\/wp-content\/uploads\/2023\/02\/FB_IMG_1656882347289-300x135.jpg 300w, https:\/\/www.adra.sk\/wp-content\/uploads\/2023\/02\/FB_IMG_1656882347289-1024x461.jpg 1024w, https:\/\/www.adra.sk\/wp-content\/uploads\/2023\/02\/FB_IMG_1656882347289-768x346.jpg 768w, https:\/\/www.adra.sk\/wp-content\/uploads\/2023\/02\/FB_IMG_1656882347289-18x8.jpg 18w, https:\/\/www.adra.sk\/wp-content\/uploads\/2023\/02\/FB_IMG_1656882347289.jpg 1080w\" sizes=\"(max-width: 300px) 100vw, 300px\" \/><\/div><\/a>\n\t\t\t\t<div class=\"elementor-post__badge\">Slovensko<\/div>\n\t\t\t\t<div class=\"elementor-post__text\">\n\t\t\t\t<h3 class=\"elementor-post__title\">\n\t\t\t<a href=\"https:\/\/www.adra.sk\/en\/pracovnik-cka-psychosocialnej-pomoci\/\" target=&quot;_blank&quot;>\n\t\t\t\tPracovn\u00edk\/\u010dka psychosoci\u00e1lnej pomoci\t\t\t<\/a>\n\t\t<\/h3>\n\t\t\t\t<div class=\"elementor-post__excerpt\">\n\t\t\t<p>Do n\u00e1\u0161ho t\u00edmu h\u013ead\u00e1me Pracovn\u00edka\/\u010dku psychosoci\u00e1lnej pomoci na pr\u00e1cu s od\u00eddencami z Ukrajiny.<\/p>\n\t\t<\/div>\n\t\t\t\t<\/div>\n\t\t\t\t<div class=\"elementor-post__meta-data\">\n\t\t\t\t\t<span class=\"elementor-post-date\">\n\t\t\tFebruary 9, 2023\t\t<\/span>\n\t\t\t\t<\/div>\n\t\t\t\t\t<\/div>\n\t\t<\/article>\n\t\t\t\t<article class=\"elementor-post elementor-grid-item post-27615 post type-post status-publish format-standard has-post-thumbnail hentry category-syria tag-sos tag-syria-2 tag-zemetrasenie\" role=\"listitem\">\n\t\t\t<div class=\"elementor-post__card\">\n\t\t\t\t<a class=\"elementor-post__thumbnail__link\" href=\"https:\/\/www.adra.sk\/en\/sos-adra-zemetrasenie-v-turecku-a-syrii\/\" tabindex=\"-1\" target=\"_blank\"><div class=\"elementor-post__thumbnail\"><img loading=\"lazy\" decoding=\"async\" width=\"300\" height=\"123\" src=\"https:\/\/www.adra.sk\/wp-content\/uploads\/2023\/02\/329160132_1884796378520892_5280158597245347802_n-e1675719248295-300x123.jpg\" class=\"attachment-medium size-medium wp-image-27616\" alt=\"\" srcset=\"https:\/\/www.adra.sk\/wp-content\/uploads\/2023\/02\/329160132_1884796378520892_5280158597245347802_n-e1675719248295-300x123.jpg 300w, https:\/\/www.adra.sk\/wp-content\/uploads\/2023\/02\/329160132_1884796378520892_5280158597245347802_n-e1675719248295-1024x420.jpg 1024w, https:\/\/www.adra.sk\/wp-content\/uploads\/2023\/02\/329160132_1884796378520892_5280158597245347802_n-e1675719248295-768x315.jpg 768w, https:\/\/www.adra.sk\/wp-content\/uploads\/2023\/02\/329160132_1884796378520892_5280158597245347802_n-e1675719248295-1536x630.jpg 1536w, https:\/\/www.adra.sk\/wp-content\/uploads\/2023\/02\/329160132_1884796378520892_5280158597245347802_n-e1675719248295-18x7.jpg 18w, https:\/\/www.adra.sk\/wp-content\/uploads\/2023\/02\/329160132_1884796378520892_5280158597245347802_n-e1675719248295.jpg 1600w\" sizes=\"(max-width: 300px) 100vw, 300px\" \/><\/div><\/a>\n\t\t\t\t<div class=\"elementor-post__badge\">S\u00fdria<\/div>\n\t\t\t\t<div class=\"elementor-post__text\">\n\t\t\t\t<h3 class=\"elementor-post__title\">\n\t\t\t<a href=\"https:\/\/www.adra.sk\/en\/sos-adra-zemetrasenie-v-turecku-a-syrii\/\" target=&quot;_blank&quot;>\n\t\t\t\tSOS ADRA: Zemetrasenie v Turecku a S\u00fdrii\t\t\t<\/a>\n\t\t<\/h3>\n\t\t\t\t<div class=\"elementor-post__excerpt\">\n\t\t\t<p>Vyhlasujeme n\u00fadzov\u00fa zbierku na pomoc \u013eu\u010fom zasiahnut\u00fdm ni\u010div\u00fdm zemetrasen\u00edm v Turecku a S\u00fdrii.<\/p>\n\t\t<\/div>\n\t\t\t\t<\/div>\n\t\t\t\t<div class=\"elementor-post__meta-data\">\n\t\t\t\t\t<span class=\"elementor-post-date\">\n\t\t\tFebruary 6, 2023\t\t<\/span>\n\t\t\t\t<\/div>\n\t\t\t\t\t<\/div>\n\t\t<\/article>\n\t\t\t\t<article class=\"elementor-post elementor-grid-item post-27590 post type-post status-publish format-standard has-post-thumbnail hentry category-ukrajina tag-generatory tag-nadaciaeph tag-ukrajina\" role=\"listitem\">\n\t\t\t<div class=\"elementor-post__card\">\n\t\t\t\t<a class=\"elementor-post__thumbnail__link\" href=\"https:\/\/www.adra.sk\/en\/generatory-pre-ukrajinu-3\/\" tabindex=\"-1\" target=\"_blank\"><div class=\"elementor-post__thumbnail\"><img loading=\"lazy\" decoding=\"async\" width=\"300\" height=\"136\" src=\"https:\/\/www.adra.sk\/wp-content\/uploads\/2023\/02\/BUCHA-03-scaled-e1675332353978-300x136.jpg\" class=\"attachment-medium size-medium wp-image-27606\" alt=\"\" srcset=\"https:\/\/www.adra.sk\/wp-content\/uploads\/2023\/02\/BUCHA-03-scaled-e1675332353978-300x136.jpg 300w, https:\/\/www.adra.sk\/wp-content\/uploads\/2023\/02\/BUCHA-03-scaled-e1675332353978-1024x466.jpg 1024w, https:\/\/www.adra.sk\/wp-content\/uploads\/2023\/02\/BUCHA-03-scaled-e1675332353978-768x349.jpg 768w, https:\/\/www.adra.sk\/wp-content\/uploads\/2023\/02\/BUCHA-03-scaled-e1675332353978-1536x698.jpg 1536w, https:\/\/www.adra.sk\/wp-content\/uploads\/2023\/02\/BUCHA-03-scaled-e1675332353978-2048x931.jpg 2048w, https:\/\/www.adra.sk\/wp-content\/uploads\/2023\/02\/BUCHA-03-scaled-e1675332353978-18x8.jpg 18w, https:\/\/www.adra.sk\/wp-content\/uploads\/2023\/02\/BUCHA-03-scaled-e1675332353978-2000x909.jpg 2000w\" sizes=\"(max-width: 300px) 100vw, 300px\" \/><\/div><\/a>\n\t\t\t\t<div class=\"elementor-post__badge\">Ukrajina<\/div>\n\t\t\t\t<div class=\"elementor-post__text\">\n\t\t\t\t<h3 class=\"elementor-post__title\">\n\t\t\t<a href=\"https:\/\/www.adra.sk\/en\/generatory-pre-ukrajinu-3\/\" target=&quot;_blank&quot;>\n\t\t\t\tGener\u00e1tory pre Ukrajinu\t\t\t<\/a>\n\t\t<\/h3>\n\t\t\t\t<div class=\"elementor-post__excerpt\">\n\t\t\t<p>Gener\u00e1tory od na\u0161ich donorov Nad\u00e1cia EPH a Nafta a.s. u\u017e sl\u00fa\u017eia na Ukrajine.<\/p>\n\t\t<\/div>\n\t\t\t\t<\/div>\n\t\t\t\t<div class=\"elementor-post__meta-data\">\n\t\t\t\t\t<span class=\"elementor-post-date\">\n\t\t\tFebruary 2, 2023\t\t<\/span>\n\t\t\t\t<\/div>\n\t\t\t\t\t<\/div>\n\t\t<\/article>\n\t\t\t\t<article class=\"elementor-post elementor-grid-item post-27542 post type-post status-publish format-standard has-post-thumbnail hentry category-uganda tag-uganda\" role=\"listitem\">\n\t\t\t<div class=\"elementor-post__card\">\n\t\t\t\t<a class=\"elementor-post__thumbnail__link\" href=\"https:\/\/www.adra.sk\/en\/farmarske-kurzy-v-ugande\/\" tabindex=\"-1\" target=\"_blank\"><div class=\"elementor-post__thumbnail\"><img loading=\"lazy\" decoding=\"async\" width=\"300\" height=\"104\" src=\"https:\/\/www.adra.sk\/wp-content\/uploads\/2023\/02\/UG-22-02-e1675336282228-300x104.jpg\" class=\"attachment-medium size-medium wp-image-27612\" alt=\"\" srcset=\"https:\/\/www.adra.sk\/wp-content\/uploads\/2023\/02\/UG-22-02-e1675336282228-300x104.jpg 300w, https:\/\/www.adra.sk\/wp-content\/uploads\/2023\/02\/UG-22-02-e1675336282228-768x266.jpg 768w, https:\/\/www.adra.sk\/wp-content\/uploads\/2023\/02\/UG-22-02-e1675336282228-18x6.jpg 18w, https:\/\/www.adra.sk\/wp-content\/uploads\/2023\/02\/UG-22-02-e1675336282228-1000x348.jpg 1000w, https:\/\/www.adra.sk\/wp-content\/uploads\/2023\/02\/UG-22-02-e1675336282228.jpg 1006w\" sizes=\"(max-width: 300px) 100vw, 300px\" \/><\/div><\/a>\n\t\t\t\t<div class=\"elementor-post__badge\">Uganda<\/div>\n\t\t\t\t<div class=\"elementor-post__text\">\n\t\t\t\t<h3 class=\"elementor-post__title\">\n\t\t\t<a href=\"https:\/\/www.adra.sk\/en\/farmarske-kurzy-v-ugande\/\" target=&quot;_blank&quot;>\n\t\t\t\tFarm\u00e1rske kurzy v Ugande\t\t\t<\/a>\n\t\t<\/h3>\n\t\t\t\t<div class=\"elementor-post__excerpt\">\n\t\t\t<p>Na na\u0161ej ADRA farme v Ugande pom\u00e1hame \u010fal\u0161\u00edm rodin\u00e1m u\u017eivi\u0165 sa za vlastnej z\u00e1hrady.<\/p>\n\t\t<\/div>\n\t\t\t\t<\/div>\n\t\t\t\t<div class=\"elementor-post__meta-data\">\n\t\t\t\t\t<span class=\"elementor-post-date\">\n\t\t\tFebruary 2, 2023\t\t<\/span>\n\t\t\t\t<\/div>\n\t\t\t\t\t<\/div>\n\t\t<\/article>\n\t\t\t\t<article class=\"elementor-post elementor-grid-item post-27529 post type-post status-publish format-standard has-post-thumbnail hentry category-na-slovensku tag-slovensko tag-sos\" role=\"listitem\">\n\t\t\t<div class=\"elementor-post__card\">\n\t\t\t\t<a class=\"elementor-post__thumbnail__link\" href=\"https:\/\/www.adra.sk\/en\/poziar-v-batizovciach\/\" tabindex=\"-1\" target=\"_blank\"><div class=\"elementor-post__thumbnail\"><img loading=\"lazy\" decoding=\"async\" width=\"300\" height=\"135\" src=\"https:\/\/www.adra.sk\/wp-content\/uploads\/2023\/02\/IMG-20230201-WA0028-e1675241286194-300x135.jpg\" class=\"attachment-medium size-medium wp-image-27530\" alt=\"\" srcset=\"https:\/\/www.adra.sk\/wp-content\/uploads\/2023\/02\/IMG-20230201-WA0028-e1675241286194-300x135.jpg 300w, https:\/\/www.adra.sk\/wp-content\/uploads\/2023\/02\/IMG-20230201-WA0028-e1675241286194-1024x460.jpg 1024w, https:\/\/www.adra.sk\/wp-content\/uploads\/2023\/02\/IMG-20230201-WA0028-e1675241286194-768x345.jpg 768w, https:\/\/www.adra.sk\/wp-content\/uploads\/2023\/02\/IMG-20230201-WA0028-e1675241286194-18x8.jpg 18w, https:\/\/www.adra.sk\/wp-content\/uploads\/2023\/02\/IMG-20230201-WA0028-e1675241286194.jpg 1480w\" sizes=\"(max-width: 300px) 100vw, 300px\" \/><\/div><\/a>\n\t\t\t\t<div class=\"elementor-post__badge\">Slovensko<\/div>\n\t\t\t\t<div class=\"elementor-post__text\">\n\t\t\t\t<h3 class=\"elementor-post__title\">\n\t\t\t<a href=\"https:\/\/www.adra.sk\/en\/poziar-v-batizovciach\/\" target=&quot;_blank&quot;>\n\t\t\t\tPo\u017eiar v Batizovciach\t\t\t<\/a>\n\t\t<\/h3>\n\t\t\t\t<div class=\"elementor-post__excerpt\">\n\t\t\t<p>Po po\u017eiari v Batizovciach zasahuje aj ADRA.<\/p>\n\t\t<\/div>\n\t\t\t\t<\/div>\n\t\t\t\t<div class=\"elementor-post__meta-data\">\n\t\t\t\t\t<span class=\"elementor-post-date\">\n\t\t\tFebruary 1, 2023\t\t<\/span>\n\t\t\t\t<\/div>\n\t\t\t\t\t<\/div>\n\t\t<\/article>\n\t\t\t\t<article class=\"elementor-post elementor-grid-item post-27516 post type-post status-publish format-standard has-post-thumbnail hentry category-na-slovensku tag-dobrovolnictvo-2 tag-slovensko tag-srdce-na-dlani\" role=\"listitem\">\n\t\t\t<div class=\"elementor-post__card\">\n\t\t\t\t<a class=\"elementor-post__thumbnail__link\" href=\"https:\/\/www.adra.sk\/en\/gratulujeme-adrika\/\" tabindex=\"-1\" target=\"_blank\"><div class=\"elementor-post__thumbnail\"><img loading=\"lazy\" decoding=\"async\" width=\"300\" height=\"118\" src=\"https:\/\/www.adra.sk\/wp-content\/uploads\/2023\/01\/IMG-20230127-WA0017-e1675011994765-300x118.jpg\" class=\"attachment-medium size-medium wp-image-27517\" alt=\"\" srcset=\"https:\/\/www.adra.sk\/wp-content\/uploads\/2023\/01\/IMG-20230127-WA0017-e1675011994765-300x118.jpg 300w, https:\/\/www.adra.sk\/wp-content\/uploads\/2023\/01\/IMG-20230127-WA0017-e1675011994765-1024x402.jpg 1024w, https:\/\/www.adra.sk\/wp-content\/uploads\/2023\/01\/IMG-20230127-WA0017-e1675011994765-768x301.jpg 768w, https:\/\/www.adra.sk\/wp-content\/uploads\/2023\/01\/IMG-20230127-WA0017-e1675011994765-1536x602.jpg 1536w, https:\/\/www.adra.sk\/wp-content\/uploads\/2023\/01\/IMG-20230127-WA0017-e1675011994765-18x7.jpg 18w, https:\/\/www.adra.sk\/wp-content\/uploads\/2023\/01\/IMG-20230127-WA0017-e1675011994765-2000x784.jpg 2000w, https:\/\/www.adra.sk\/wp-content\/uploads\/2023\/01\/IMG-20230127-WA0017-e1675011994765.jpg 2048w\" sizes=\"(max-width: 300px) 100vw, 300px\" \/><\/div><\/a>\n\t\t\t\t<div class=\"elementor-post__badge\">Slovensko<\/div>\n\t\t\t\t<div class=\"elementor-post__text\">\n\t\t\t\t<h3 class=\"elementor-post__title\">\n\t\t\t<a href=\"https:\/\/www.adra.sk\/en\/gratulujeme-adrika\/\" target=&quot;_blank&quot;>\n\t\t\t\tGratulujeme, Adrika!\t\t\t<\/a>\n\t\t<\/h3>\n\t\t\t\t<div class=\"elementor-post__excerpt\">\n\t\t\t<p>Na\u0161a koordin\u00e1torka dobrovo\u013en\u00edkov v Tren\u010d\u00edne si odniesla ocenenie Srdce na dlani.<\/p>\n\t\t<\/div>\n\t\t\t\t<\/div>\n\t\t\t\t<div class=\"elementor-post__meta-data\">\n\t\t\t\t\t<span class=\"elementor-post-date\">\n\t\t\tJanuary 29, 2023\t\t<\/span>\n\t\t\t\t<\/div>\n\t\t\t\t\t<\/div>\n\t\t<\/article>\n\t\t\t\t<article class=\"elementor-post elementor-grid-item post-27471 post type-post status-publish format-standard has-post-thumbnail hentry category-ukrajina tag-generatory tag-nadaciaeph tag-nadaciaspp tag-ukrajina\" role=\"listitem\">\n\t\t\t<div class=\"elementor-post__card\">\n\t\t\t\t<a class=\"elementor-post__thumbnail__link\" href=\"https:\/\/www.adra.sk\/en\/generatory-pre-ukrajinu-2\/\" tabindex=\"-1\" target=\"_blank\"><div class=\"elementor-post__thumbnail\"><img loading=\"lazy\" decoding=\"async\" width=\"300\" height=\"112\" src=\"https:\/\/www.adra.sk\/wp-content\/uploads\/2023\/01\/KUB_5607-scaled-e1673256361999-300x112.jpg\" class=\"attachment-medium size-medium wp-image-27472\" alt=\"\" srcset=\"https:\/\/www.adra.sk\/wp-content\/uploads\/2023\/01\/KUB_5607-scaled-e1673256361999-300x112.jpg 300w, https:\/\/www.adra.sk\/wp-content\/uploads\/2023\/01\/KUB_5607-scaled-e1673256361999-1024x381.jpg 1024w, https:\/\/www.adra.sk\/wp-content\/uploads\/2023\/01\/KUB_5607-scaled-e1673256361999-768x286.jpg 768w, https:\/\/www.adra.sk\/wp-content\/uploads\/2023\/01\/KUB_5607-scaled-e1673256361999-1536x572.jpg 1536w, https:\/\/www.adra.sk\/wp-content\/uploads\/2023\/01\/KUB_5607-scaled-e1673256361999-2048x762.jpg 2048w, https:\/\/www.adra.sk\/wp-content\/uploads\/2023\/01\/KUB_5607-scaled-e1673256361999-18x7.jpg 18w, https:\/\/www.adra.sk\/wp-content\/uploads\/2023\/01\/KUB_5607-scaled-e1673256361999-2000x745.jpg 2000w\" sizes=\"(max-width: 300px) 100vw, 300px\" \/><\/div><\/a>\n\t\t\t\t<div class=\"elementor-post__badge\">Ukrajina<\/div>\n\t\t\t\t<div class=\"elementor-post__text\">\n\t\t\t\t<h3 class=\"elementor-post__title\">\n\t\t\t<a href=\"https:\/\/www.adra.sk\/en\/generatory-pre-ukrajinu-2\/\" target=&quot;_blank&quot;>\n\t\t\t\tGener\u00e1tory pre Ukrajinu\t\t\t<\/a>\n\t\t<\/h3>\n\t\t\t\t<div class=\"elementor-post__excerpt\">\n\t\t\t<p>Zdravotn\u00edckym zariadeniam v Kyjeve sme odovzdali gener\u00e1tory.&nbsp;<\/p>\n\t\t<\/div>\n\t\t\t\t<\/div>\n\t\t\t\t<div class=\"elementor-post__meta-data\">\n\t\t\t\t\t<span class=\"elementor-post-date\">\n\t\t\tJanuary 9, 2023\t\t<\/span>\n\t\t\t\t<\/div>\n\t\t\t\t\t<\/div>\n\t\t<\/article>\n\t\t\t\t<article class=\"elementor-post elementor-grid-item post-27410 post type-post status-publish format-standard has-post-thumbnail hentry category-ukrajina tag-slovakaid tag-ukrajina\" role=\"listitem\">\n\t\t\t<div class=\"elementor-post__card\">\n\t\t\t\t<a class=\"elementor-post__thumbnail__link\" href=\"https:\/\/www.adra.sk\/en\/aktualne-z-ukrajiny-3\/\" tabindex=\"-1\" target=\"_blank\"><div class=\"elementor-post__thumbnail\"><img loading=\"lazy\" decoding=\"async\" width=\"300\" height=\"123\" src=\"https:\/\/www.adra.sk\/wp-content\/uploads\/2023\/01\/324147007_2736801283122018_7141791919033111917_n-e1672939664589-300x123.jpg\" class=\"attachment-medium size-medium wp-image-27467\" alt=\"\" srcset=\"https:\/\/www.adra.sk\/wp-content\/uploads\/2023\/01\/324147007_2736801283122018_7141791919033111917_n-e1672939664589-300x123.jpg 300w, https:\/\/www.adra.sk\/wp-content\/uploads\/2023\/01\/324147007_2736801283122018_7141791919033111917_n-e1672939664589-1024x419.jpg 1024w, https:\/\/www.adra.sk\/wp-content\/uploads\/2023\/01\/324147007_2736801283122018_7141791919033111917_n-e1672939664589-768x315.jpg 768w, https:\/\/www.adra.sk\/wp-content\/uploads\/2023\/01\/324147007_2736801283122018_7141791919033111917_n-e1672939664589-18x7.jpg 18w, https:\/\/www.adra.sk\/wp-content\/uploads\/2023\/01\/324147007_2736801283122018_7141791919033111917_n-e1672939664589.jpg 1438w\" sizes=\"(max-width: 300px) 100vw, 300px\" \/><\/div><\/a>\n\t\t\t\t<div class=\"elementor-post__badge\">Ukrajina<\/div>\n\t\t\t\t<div class=\"elementor-post__text\">\n\t\t\t\t<h3 class=\"elementor-post__title\">\n\t\t\t<a href=\"https:\/\/www.adra.sk\/en\/aktualne-z-ukrajiny-3\/\" target=&quot;_blank&quot;>\n\t\t\t\tAktu\u00e1lne z Ukrajiny\t\t\t<\/a>\n\t\t<\/h3>\n\t\t\t\t<div class=\"elementor-post__excerpt\">\n\t\t\t<p>Priamo z Irpi\u0148a p\u00ed\u0161e riadite\u013e Stano Bielik.<\/p>\n\t\t<\/div>\n\t\t\t\t<\/div>\n\t\t\t\t<div class=\"elementor-post__meta-data\">\n\t\t\t\t\t<span class=\"elementor-post-date\">\n\t\t\tJanuary 4, 2023\t\t<\/span>\n\t\t\t\t<\/div>\n\t\t\t\t\t<\/div>\n\t\t<\/article>\n\t\t\t\t<article class=\"elementor-post elementor-grid-item post-27396 post type-post status-publish format-standard has-post-thumbnail hentry category-na-slovensku tag-amazon tag-help-team-bus tag-japanplatform tag-slovensko\" role=\"listitem\">\n\t\t\t<div class=\"elementor-post__card\">\n\t\t\t\t<a class=\"elementor-post__thumbnail__link\" href=\"https:\/\/www.adra.sk\/en\/vianocny-santa-bus\/\" tabindex=\"-1\" target=\"_blank\"><div class=\"elementor-post__thumbnail\"><img loading=\"lazy\" decoding=\"async\" width=\"300\" height=\"159\" src=\"https:\/\/www.adra.sk\/wp-content\/uploads\/2023\/01\/2022_12_19_SANTA_BUS_-4-scaled-e1672859376168-300x159.jpg\" class=\"attachment-medium size-medium wp-image-27397\" alt=\"\" srcset=\"https:\/\/www.adra.sk\/wp-content\/uploads\/2023\/01\/2022_12_19_SANTA_BUS_-4-scaled-e1672859376168-300x159.jpg 300w, https:\/\/www.adra.sk\/wp-content\/uploads\/2023\/01\/2022_12_19_SANTA_BUS_-4-scaled-e1672859376168-1024x542.jpg 1024w, https:\/\/www.adra.sk\/wp-content\/uploads\/2023\/01\/2022_12_19_SANTA_BUS_-4-scaled-e1672859376168-768x407.jpg 768w, https:\/\/www.adra.sk\/wp-content\/uploads\/2023\/01\/2022_12_19_SANTA_BUS_-4-scaled-e1672859376168-1536x814.jpg 1536w, https:\/\/www.adra.sk\/wp-content\/uploads\/2023\/01\/2022_12_19_SANTA_BUS_-4-scaled-e1672859376168-2048x1085.jpg 2048w, https:\/\/www.adra.sk\/wp-content\/uploads\/2023\/01\/2022_12_19_SANTA_BUS_-4-scaled-e1672859376168-18x10.jpg 18w, https:\/\/www.adra.sk\/wp-content\/uploads\/2023\/01\/2022_12_19_SANTA_BUS_-4-scaled-e1672859376168-2000x1059.jpg 2000w\" sizes=\"(max-width: 300px) 100vw, 300px\" \/><\/div><\/a>\n\t\t\t\t<div class=\"elementor-post__badge\">Slovensko<\/div>\n\t\t\t\t<div class=\"elementor-post__text\">\n\t\t\t\t<h3 class=\"elementor-post__title\">\n\t\t\t<a href=\"https:\/\/www.adra.sk\/en\/vianocny-santa-bus\/\" target=&quot;_blank&quot;>\n\t\t\t\tViano\u010dn\u00fd Santa Bus\t\t\t<\/a>\n\t\t<\/h3>\n\t\t\t\t<div class=\"elementor-post__excerpt\">\n\t\t\t<p>Aj tento rok sme vyzdobili n\u00e1\u0161 pojazdn\u00fd ADRA Help Team Bus, naplnili ho hra\u010dkami, oble\u010den\u00edm,<\/p>\n\t\t<\/div>\n\t\t\t\t<\/div>\n\t\t\t\t<div class=\"elementor-post__meta-data\">\n\t\t\t\t\t<span class=\"elementor-post-date\">\n\t\t\tJanuary 4, 2023\t\t<\/span>\n\t\t\t\t<\/div>\n\t\t\t\t\t<\/div>\n\t\t<\/article>\n\t\t\t\t<article class=\"elementor-post elementor-grid-item post-27384 post type-post status-publish format-standard has-post-thumbnail hentry category-na-slovensku tag-japanplatform tag-kpu tag-slovensko\" role=\"listitem\">\n\t\t\t<div class=\"elementor-post__card\">\n\t\t\t\t<a class=\"elementor-post__thumbnail__link\" href=\"https:\/\/www.adra.sk\/en\/darceky-pre-600-ukrajinskych-deti\/\" tabindex=\"-1\" target=\"_blank\"><div class=\"elementor-post__thumbnail\"><img loading=\"lazy\" decoding=\"async\" width=\"300\" height=\"194\" src=\"https:\/\/www.adra.sk\/wp-content\/uploads\/2023\/01\/2Vianoce_deti-300x194.jpg\" class=\"attachment-medium size-medium wp-image-27391\" alt=\"\" srcset=\"https:\/\/www.adra.sk\/wp-content\/uploads\/2023\/01\/2Vianoce_deti-300x194.jpg 300w, https:\/\/www.adra.sk\/wp-content\/uploads\/2023\/01\/2Vianoce_deti-1024x662.jpg 1024w, https:\/\/www.adra.sk\/wp-content\/uploads\/2023\/01\/2Vianoce_deti-768x496.jpg 768w, https:\/\/www.adra.sk\/wp-content\/uploads\/2023\/01\/2Vianoce_deti-1536x993.jpg 1536w, https:\/\/www.adra.sk\/wp-content\/uploads\/2023\/01\/2Vianoce_deti-18x12.jpg 18w, https:\/\/www.adra.sk\/wp-content\/uploads\/2023\/01\/2Vianoce_deti.jpg 1676w\" sizes=\"(max-width: 300px) 100vw, 300px\" \/><\/div><\/a>\n\t\t\t\t<div class=\"elementor-post__badge\">Slovensko<\/div>\n\t\t\t\t<div class=\"elementor-post__text\">\n\t\t\t\t<h3 class=\"elementor-post__title\">\n\t\t\t<a href=\"https:\/\/www.adra.sk\/en\/darceky-pre-600-ukrajinskych-deti\/\" target=&quot;_blank&quot;>\n\t\t\t\tDar\u010deky pre 600 ukrajinsk\u00fdch det\u00ed\t\t\t<\/a>\n\t\t<\/h3>\n\t\t\t\t<div class=\"elementor-post__excerpt\">\n\t\t\t<p>V\u010faka va\u0161ej pomoci si viac ako 600 ukrajinsk\u00fdch det\u00ed na\u0161lo pod strom\u010dekom prekvapenie.&nbsp;<\/p>\n\t\t<\/div>\n\t\t\t\t<\/div>\n\t\t\t\t<div class=\"elementor-post__meta-data\">\n\t\t\t\t\t<span class=\"elementor-post-date\">\n\t\t\tJanuary 4, 2023\t\t<\/span>\n\t\t\t\t<\/div>\n\t\t\t\t\t<\/div>\n\t\t<\/article>\n\t\t\t\t<article class=\"elementor-post elementor-grid-item post-27337 post type-post status-publish format-standard has-post-thumbnail hentry category-ukrajina tag-dobrovolnictvo-2 tag-japanplatform tag-slovakaid tag-ukrajina\" role=\"listitem\">\n\t\t\t<div class=\"elementor-post__card\">\n\t\t\t\t<a class=\"elementor-post__thumbnail__link\" href=\"https:\/\/www.adra.sk\/en\/slovensko-a-japonsko-pomahaju-ukrajine\/\" tabindex=\"-1\" target=\"_blank\"><div class=\"elementor-post__thumbnail\"><img loading=\"lazy\" decoding=\"async\" width=\"300\" height=\"161\" src=\"https:\/\/www.adra.sk\/wp-content\/uploads\/2022\/12\/IMG-20221221-WA0013-e1671630701574-300x161.jpg\" class=\"attachment-medium size-medium wp-image-27338\" alt=\"\" srcset=\"https:\/\/www.adra.sk\/wp-content\/uploads\/2022\/12\/IMG-20221221-WA0013-e1671630701574-300x161.jpg 300w, https:\/\/www.adra.sk\/wp-content\/uploads\/2022\/12\/IMG-20221221-WA0013-e1671630701574-1024x549.jpg 1024w, https:\/\/www.adra.sk\/wp-content\/uploads\/2022\/12\/IMG-20221221-WA0013-e1671630701574-768x412.jpg 768w, https:\/\/www.adra.sk\/wp-content\/uploads\/2022\/12\/IMG-20221221-WA0013-e1671630701574-1536x824.jpg 1536w, https:\/\/www.adra.sk\/wp-content\/uploads\/2022\/12\/IMG-20221221-WA0013-e1671630701574-18x10.jpg 18w, https:\/\/www.adra.sk\/wp-content\/uploads\/2022\/12\/IMG-20221221-WA0013-e1671630701574.jpg 1600w\" sizes=\"(max-width: 300px) 100vw, 300px\" \/><\/div><\/a>\n\t\t\t\t<div class=\"elementor-post__badge\">Ukrajina<\/div>\n\t\t\t\t<div class=\"elementor-post__text\">\n\t\t\t\t<h3 class=\"elementor-post__title\">\n\t\t\t<a href=\"https:\/\/www.adra.sk\/en\/slovensko-a-japonsko-pomahaju-ukrajine\/\" target=&quot;_blank&quot;>\n\t\t\t\tSlovensko a Japonsko pom\u00e1haj\u00fa Ukrajine\t\t\t<\/a>\n\t\t<\/h3>\n\t\t\t\t<div class=\"elementor-post__excerpt\">\n\t\t\t<p>Solidaritu s \u013eu\u010fmi na Ukrajine vyjadrila aj \u0161t\u00e1tna tajomn\u00ed\u010dka Ingrid Brockov\u00e1 a japonsk\u00fd ve\u013evyslanec J.E.<\/p>\n\t\t<\/div>\n\t\t\t\t<\/div>\n\t\t\t\t<div class=\"elementor-post__meta-data\">\n\t\t\t\t\t<span class=\"elementor-post-date\">\n\t\t\tDecember 21, 2022\t\t<\/span>\n\t\t\t\t<\/div>\n\t\t\t\t\t<\/div>\n\t\t<\/article>\n\t\t\t\t<article class=\"elementor-post elementor-grid-item post-27298 post type-post status-publish format-standard has-post-thumbnail hentry category-ukrajina tag-generatory tag-ukrajina tag-verejna-zbierka\" role=\"listitem\">\n\t\t\t<div class=\"elementor-post__card\">\n\t\t\t\t<a class=\"elementor-post__thumbnail__link\" href=\"https:\/\/www.adra.sk\/en\/generatory-pre-ukrajinu\/\" tabindex=\"-1\" target=\"_blank\"><div class=\"elementor-post__thumbnail\"><img loading=\"lazy\" decoding=\"async\" width=\"300\" height=\"103\" src=\"https:\/\/www.adra.sk\/wp-content\/uploads\/2022\/12\/1990-e1670408225229-300x103.jpeg\" class=\"attachment-medium size-medium wp-image-27302\" alt=\"\" srcset=\"https:\/\/www.adra.sk\/wp-content\/uploads\/2022\/12\/1990-e1670408225229-300x103.jpeg 300w, https:\/\/www.adra.sk\/wp-content\/uploads\/2022\/12\/1990-e1670408225229-1024x351.jpeg 1024w, https:\/\/www.adra.sk\/wp-content\/uploads\/2022\/12\/1990-e1670408225229-768x263.jpeg 768w, https:\/\/www.adra.sk\/wp-content\/uploads\/2022\/12\/1990-e1670408225229-1536x526.jpeg 1536w, https:\/\/www.adra.sk\/wp-content\/uploads\/2022\/12\/1990-e1670408225229-18x6.jpeg 18w, https:\/\/www.adra.sk\/wp-content\/uploads\/2022\/12\/1990-e1670408225229.jpeg 1989w\" sizes=\"(max-width: 300px) 100vw, 300px\" \/><\/div><\/a>\n\t\t\t\t<div class=\"elementor-post__badge\">Ukrajina<\/div>\n\t\t\t\t<div class=\"elementor-post__text\">\n\t\t\t\t<h3 class=\"elementor-post__title\">\n\t\t\t<a href=\"https:\/\/www.adra.sk\/en\/generatory-pre-ukrajinu\/\" target=&quot;_blank&quot;>\n\t\t\t\tGener\u00e1tory pre Ukrajinu\t\t\t<\/a>\n\t\t<\/h3>\n\t\t\t\t<div class=\"elementor-post__excerpt\">\n\t\t\t<p>Sp\u00fa\u0161\u0165ame zbierku na gener\u00e1tory elektriny pre ukrajinsk\u00e9 nemocnice.<\/p>\n\t\t<\/div>\n\t\t\t\t<\/div>\n\t\t\t\t<div class=\"elementor-post__meta-data\">\n\t\t\t\t\t<span class=\"elementor-post-date\">\n\t\t\tDecember 7, 2022\t\t<\/span>\n\t\t\t\t<\/div>\n\t\t\t\t\t<\/div>\n\t\t<\/article>\n\t\t\t\t<article class=\"elementor-post elementor-grid-item post-27260 post type-post status-publish format-standard has-post-thumbnail hentry category-na-slovensku tag-slovensko\" role=\"listitem\">\n\t\t\t<div class=\"elementor-post__card\">\n\t\t\t\t<a class=\"elementor-post__thumbnail__link\" href=\"https:\/\/www.adra.sk\/en\/novy-sklad\/\" tabindex=\"-1\" target=\"_blank\"><div class=\"elementor-post__thumbnail\"><img loading=\"lazy\" decoding=\"async\" width=\"300\" height=\"98\" src=\"https:\/\/www.adra.sk\/wp-content\/uploads\/2022\/12\/SKLAD_TN_BALENIE-51-scaled-e1670257139961-300x98.jpg\" class=\"attachment-medium size-medium wp-image-27261\" alt=\"\" srcset=\"https:\/\/www.adra.sk\/wp-content\/uploads\/2022\/12\/SKLAD_TN_BALENIE-51-scaled-e1670257139961-300x98.jpg 300w, https:\/\/www.adra.sk\/wp-content\/uploads\/2022\/12\/SKLAD_TN_BALENIE-51-scaled-e1670257139961-1024x333.jpg 1024w, https:\/\/www.adra.sk\/wp-content\/uploads\/2022\/12\/SKLAD_TN_BALENIE-51-scaled-e1670257139961-768x250.jpg 768w, https:\/\/www.adra.sk\/wp-content\/uploads\/2022\/12\/SKLAD_TN_BALENIE-51-scaled-e1670257139961-1536x499.jpg 1536w, https:\/\/www.adra.sk\/wp-content\/uploads\/2022\/12\/SKLAD_TN_BALENIE-51-scaled-e1670257139961-2048x666.jpg 2048w, https:\/\/www.adra.sk\/wp-content\/uploads\/2022\/12\/SKLAD_TN_BALENIE-51-scaled-e1670257139961-18x6.jpg 18w, https:\/\/www.adra.sk\/wp-content\/uploads\/2022\/12\/SKLAD_TN_BALENIE-51-scaled-e1670257139961-2000x650.jpg 2000w\" sizes=\"(max-width: 300px) 100vw, 300px\" \/><\/div><\/a>\n\t\t\t\t<div class=\"elementor-post__badge\">Slovensko<\/div>\n\t\t\t\t<div class=\"elementor-post__text\">\n\t\t\t\t<h3 class=\"elementor-post__title\">\n\t\t\t<a href=\"https:\/\/www.adra.sk\/en\/novy-sklad\/\" target=&quot;_blank&quot;>\n\t\t\t\tNov\u00fd sklad\t\t\t<\/a>\n\t\t<\/h3>\n\t\t\t\t<div class=\"elementor-post__excerpt\">\n\t\t\t<p>Po\u010das na\u0161ej monitorovacej cesty v Libanone sme si vypo\u010duli ne\u013eahk\u00e9 pr\u00edbehy s\u00fdrskych ute\u010dencov.<\/p>\n\t\t<\/div>\n\t\t\t\t<\/div>\n\t\t\t\t<div class=\"elementor-post__meta-data\">\n\t\t\t\t\t<span class=\"elementor-post-date\">\n\t\t\tDecember 5, 2022\t\t<\/span>\n\t\t\t\t<\/div>\n\t\t\t\t\t<\/div>\n\t\t<\/article>\n\t\t\t\t<article class=\"elementor-post elementor-grid-item post-27234 post type-post status-publish format-standard has-post-thumbnail hentry category-libanon tag-libanon tag-slovakaid tag-wash\" role=\"listitem\">\n\t\t\t<div class=\"elementor-post__card\">\n\t\t\t\t<a class=\"elementor-post__thumbnail__link\" href=\"https:\/\/www.adra.sk\/en\/vystavbou-latrin-proti-cholere\/\" tabindex=\"-1\" target=\"_blank\"><div class=\"elementor-post__thumbnail\"><img loading=\"lazy\" decoding=\"async\" width=\"300\" height=\"154\" src=\"https:\/\/www.adra.sk\/wp-content\/uploads\/2022\/12\/3-scaled-e1670056476191-300x154.jpg\" class=\"attachment-medium size-medium wp-image-27235\" alt=\"\" srcset=\"https:\/\/www.adra.sk\/wp-content\/uploads\/2022\/12\/3-scaled-e1670056476191-300x154.jpg 300w, https:\/\/www.adra.sk\/wp-content\/uploads\/2022\/12\/3-scaled-e1670056476191-1024x524.jpg 1024w, https:\/\/www.adra.sk\/wp-content\/uploads\/2022\/12\/3-scaled-e1670056476191-768x393.jpg 768w, https:\/\/www.adra.sk\/wp-content\/uploads\/2022\/12\/3-scaled-e1670056476191-1536x787.jpg 1536w, https:\/\/www.adra.sk\/wp-content\/uploads\/2022\/12\/3-scaled-e1670056476191-2048x1049.jpg 2048w, https:\/\/www.adra.sk\/wp-content\/uploads\/2022\/12\/3-scaled-e1670056476191-18x9.jpg 18w, https:\/\/www.adra.sk\/wp-content\/uploads\/2022\/12\/3-scaled-e1670056476191-2000x1024.jpg 2000w\" sizes=\"(max-width: 300px) 100vw, 300px\" \/><\/div><\/a>\n\t\t\t\t<div class=\"elementor-post__badge\">Libanon<\/div>\n\t\t\t\t<div class=\"elementor-post__text\">\n\t\t\t\t<h3 class=\"elementor-post__title\">\n\t\t\t<a href=\"https:\/\/www.adra.sk\/en\/vystavbou-latrin-proti-cholere\/\" target=&quot;_blank&quot;>\n\t\t\t\tV\u00fdstavbou latr\u00edn proti cholere\t\t\t<\/a>\n\t\t<\/h3>\n\t\t\t\t<div class=\"elementor-post__excerpt\">\n\t\t\t<p>Po\u010das na\u0161ej monitorovacej cesty v Libanone sme si vypo\u010duli ne\u013eahk\u00e9 pr\u00edbehy s\u00fdrskych ute\u010dencov.<\/p>\n\t\t<\/div>\n\t\t\t\t<\/div>\n\t\t\t\t<div class=\"elementor-post__meta-data\">\n\t\t\t\t\t<span class=\"elementor-post-date\">\n\t\t\tDecember 3, 2022\t\t<\/span>\n\t\t\t\t<\/div>\n\t\t\t\t\t<\/div>\n\t\t<\/article>\n\t\t\t\t<article class=\"elementor-post elementor-grid-item post-27230 post type-post status-publish format-standard has-post-thumbnail hentry category-na-slovensku tag-dobrovolnictvo tag-kpu tag-slovensko tag-srdce-na-dlani\" role=\"listitem\">\n\t\t\t<div class=\"elementor-post__card\">\n\t\t\t\t<a class=\"elementor-post__thumbnail__link\" href=\"https:\/\/www.adra.sk\/en\/ocenenie-srdce-na-dlani\/\" tabindex=\"-1\" target=\"_blank\"><div class=\"elementor-post__thumbnail\"><img loading=\"lazy\" decoding=\"async\" width=\"300\" height=\"107\" src=\"https:\/\/www.adra.sk\/wp-content\/uploads\/2022\/12\/317623205_166640782729821_4553467513942787535_n-1-e1670405495154-300x107.jpg\" class=\"attachment-medium size-medium wp-image-27294\" alt=\"\" srcset=\"https:\/\/www.adra.sk\/wp-content\/uploads\/2022\/12\/317623205_166640782729821_4553467513942787535_n-1-e1670405495154-300x107.jpg 300w, https:\/\/www.adra.sk\/wp-content\/uploads\/2022\/12\/317623205_166640782729821_4553467513942787535_n-1-e1670405495154-1024x364.jpg 1024w, https:\/\/www.adra.sk\/wp-content\/uploads\/2022\/12\/317623205_166640782729821_4553467513942787535_n-1-e1670405495154-768x273.jpg 768w, https:\/\/www.adra.sk\/wp-content\/uploads\/2022\/12\/317623205_166640782729821_4553467513942787535_n-1-e1670405495154-1536x545.jpg 1536w, https:\/\/www.adra.sk\/wp-content\/uploads\/2022\/12\/317623205_166640782729821_4553467513942787535_n-1-e1670405495154-18x6.jpg 18w, https:\/\/www.adra.sk\/wp-content\/uploads\/2022\/12\/317623205_166640782729821_4553467513942787535_n-1-e1670405495154.jpg 1800w\" sizes=\"(max-width: 300px) 100vw, 300px\" \/><\/div><\/a>\n\t\t\t\t<div class=\"elementor-post__badge\">Slovensko<\/div>\n\t\t\t\t<div class=\"elementor-post__text\">\n\t\t\t\t<h3 class=\"elementor-post__title\">\n\t\t\t<a href=\"https:\/\/www.adra.sk\/en\/ocenenie-srdce-na-dlani\/\" target=&quot;_blank&quot;>\n\t\t\t\tOcenenie &#8222;Srdce na dlani&#8220;\t\t\t<\/a>\n\t\t<\/h3>\n\t\t\t\t<div class=\"elementor-post__excerpt\">\n\t\t\t<p>Dobrovo\u013en\u00edci z Kto pom\u00f4\u017ee Ukrajine Aupark si odniesli ocenenie za v\u00fdnimo\u010dn\u00fa pomoc v roku 2021.<\/p>\n\t\t<\/div>\n\t\t\t\t<\/div>\n\t\t\t\t<div class=\"elementor-post__meta-data\">\n\t\t\t\t\t<span class=\"elementor-post-date\">\n\t\t\tDecember 3, 2022\t\t<\/span>\n\t\t\t\t<\/div>\n\t\t\t\t\t<\/div>\n\t\t<\/article>\n\t\t\t\t<article class=\"elementor-post elementor-grid-item post-27221 post type-post status-publish format-standard has-post-thumbnail hentry category-vo-svete tag-dobrovolnictvo-2 tag-eu-aid-volunteers tag-slovakaid tag-sudhav3 tag-turecko tag-uganda\" role=\"listitem\">\n\t\t\t<div class=\"elementor-post__card\">\n\t\t\t\t<a class=\"elementor-post__thumbnail__link\" href=\"https:\/\/www.adra.sk\/en\/slovenski-dobrovolnici-menia-svet\/\" tabindex=\"-1\" target=\"_blank\"><div class=\"elementor-post__thumbnail\"><img loading=\"lazy\" decoding=\"async\" width=\"300\" height=\"175\" src=\"https:\/\/www.adra.sk\/wp-content\/uploads\/2022\/12\/Martin_1-e1669889506893-300x175.jpg\" class=\"attachment-medium size-medium wp-image-27222\" alt=\"\" srcset=\"https:\/\/www.adra.sk\/wp-content\/uploads\/2022\/12\/Martin_1-e1669889506893-300x175.jpg 300w, https:\/\/www.adra.sk\/wp-content\/uploads\/2022\/12\/Martin_1-e1669889506893-1024x598.jpg 1024w, https:\/\/www.adra.sk\/wp-content\/uploads\/2022\/12\/Martin_1-e1669889506893-768x448.jpg 768w, https:\/\/www.adra.sk\/wp-content\/uploads\/2022\/12\/Martin_1-e1669889506893-1536x897.jpg 1536w, https:\/\/www.adra.sk\/wp-content\/uploads\/2022\/12\/Martin_1-e1669889506893-18x12.jpg 18w, https:\/\/www.adra.sk\/wp-content\/uploads\/2022\/12\/Martin_1-e1669889506893.jpg 1600w\" sizes=\"(max-width: 300px) 100vw, 300px\" \/><\/div><\/a>\n\t\t\t\t<div class=\"elementor-post__badge\">Vo svete<\/div>\n\t\t\t\t<div class=\"elementor-post__text\">\n\t\t\t\t<h3 class=\"elementor-post__title\">\n\t\t\t<a href=\"https:\/\/www.adra.sk\/en\/slovenski-dobrovolnici-menia-svet\/\" target=&quot;_blank&quot;>\n\t\t\t\tSlovensk\u00ed dobrovo\u013en\u00edci menia svet\t\t\t<\/a>\n\t\t<\/h3>\n\t\t\t\t<div class=\"elementor-post__excerpt\">\n\t\t\t<p>Slovensk\u00ed dobrovo\u013en\u00edci posil\u0148uj\u00fa kapacity zahrani\u010dn\u00fdch neziskov\u00fdch organiz\u00e1ci\u00ed.<\/p>\n\t\t<\/div>\n\t\t\t\t<\/div>\n\t\t\t\t<div class=\"elementor-post__meta-data\">\n\t\t\t\t\t<span class=\"elementor-post-date\">\n\t\t\tDecember 1, 2022\t\t<\/span>\n\t\t\t\t<\/div>\n\t\t\t\t\t<\/div>\n\t\t<\/article>\n\t\t\t\t<article class=\"elementor-post elementor-grid-item post-27174 post type-post status-publish format-standard has-post-thumbnail hentry category-ukrajina tag-slovakaid tag-ukrajina\" role=\"listitem\">\n\t\t\t<div class=\"elementor-post__card\">\n\t\t\t\t<a class=\"elementor-post__thumbnail__link\" href=\"https:\/\/www.adra.sk\/en\/pomoc-pre-cherson\/\" tabindex=\"-1\" target=\"_blank\"><div class=\"elementor-post__thumbnail\"><img loading=\"lazy\" decoding=\"async\" width=\"300\" height=\"300\" src=\"https:\/\/www.adra.sk\/wp-content\/uploads\/2022\/11\/317602572_6072588729428416_3556984893195949104_n-300x300.jpg\" class=\"attachment-medium size-medium wp-image-27249\" alt=\"\" srcset=\"https:\/\/www.adra.sk\/wp-content\/uploads\/2022\/11\/317602572_6072588729428416_3556984893195949104_n-300x300.jpg 300w, https:\/\/www.adra.sk\/wp-content\/uploads\/2022\/11\/317602572_6072588729428416_3556984893195949104_n-1024x1024.jpg 1024w, https:\/\/www.adra.sk\/wp-content\/uploads\/2022\/11\/317602572_6072588729428416_3556984893195949104_n-150x150.jpg 150w, https:\/\/www.adra.sk\/wp-content\/uploads\/2022\/11\/317602572_6072588729428416_3556984893195949104_n-768x767.jpg 768w, https:\/\/www.adra.sk\/wp-content\/uploads\/2022\/11\/317602572_6072588729428416_3556984893195949104_n-12x12.jpg 12w, https:\/\/www.adra.sk\/wp-content\/uploads\/2022\/11\/317602572_6072588729428416_3556984893195949104_n-100x100.jpg 100w, https:\/\/www.adra.sk\/wp-content\/uploads\/2022\/11\/317602572_6072588729428416_3556984893195949104_n.jpg 1440w\" sizes=\"(max-width: 300px) 100vw, 300px\" \/><\/div><\/a>\n\t\t\t\t<div class=\"elementor-post__badge\">Ukrajina<\/div>\n\t\t\t\t<div class=\"elementor-post__text\">\n\t\t\t\t<h3 class=\"elementor-post__title\">\n\t\t\t<a href=\"https:\/\/www.adra.sk\/en\/pomoc-pre-cherson\/\" target=&quot;_blank&quot;>\n\t\t\t\tPomoc pre Cherson\t\t\t<\/a>\n\t\t<\/h3>\n\t\t\t\t<div class=\"elementor-post__excerpt\">\n\t\t\t<p>Do novo-osloboden\u00e9ho Chersonu sme priviezli pomoc pre 4 000 \u013eud\u00ed.<\/p>\n\t\t<\/div>\n\t\t\t\t<\/div>\n\t\t\t\t<div class=\"elementor-post__meta-data\">\n\t\t\t\t\t<span class=\"elementor-post-date\">\n\t\t\tNovember 30, 2022\t\t<\/span>\n\t\t\t\t<\/div>\n\t\t\t\t\t<\/div>\n\t\t<\/article>\n\t\t\t\t<article class=\"elementor-post elementor-grid-item post-27135 post type-post status-publish format-standard has-post-thumbnail hentry category-ukrajina tag-japanplatform tag-slovensko tag-ukrajina\" role=\"listitem\">\n\t\t\t<div class=\"elementor-post__card\">\n\t\t\t\t<a class=\"elementor-post__thumbnail__link\" href=\"https:\/\/www.adra.sk\/en\/navsteva-z-adra-japonsko\/\" tabindex=\"-1\" target=\"_blank\"><div class=\"elementor-post__thumbnail\"><img loading=\"lazy\" decoding=\"async\" width=\"300\" height=\"94\" src=\"https:\/\/www.adra.sk\/wp-content\/uploads\/2022\/11\/IMG-20221115-WA0002-1-e1668523255952-300x94.jpg\" class=\"attachment-medium size-medium wp-image-27141\" alt=\"\" srcset=\"https:\/\/www.adra.sk\/wp-content\/uploads\/2022\/11\/IMG-20221115-WA0002-1-e1668523255952-300x94.jpg 300w, https:\/\/www.adra.sk\/wp-content\/uploads\/2022\/11\/IMG-20221115-WA0002-1-e1668523255952-1024x322.jpg 1024w, https:\/\/www.adra.sk\/wp-content\/uploads\/2022\/11\/IMG-20221115-WA0002-1-e1668523255952-768x242.jpg 768w, https:\/\/www.adra.sk\/wp-content\/uploads\/2022\/11\/IMG-20221115-WA0002-1-e1668523255952-18x6.jpg 18w, https:\/\/www.adra.sk\/wp-content\/uploads\/2022\/11\/IMG-20221115-WA0002-1-e1668523255952.jpg 1366w\" sizes=\"(max-width: 300px) 100vw, 300px\" \/><\/div><\/a>\n\t\t\t\t<div class=\"elementor-post__badge\">Ukrajina<\/div>\n\t\t\t\t<div class=\"elementor-post__text\">\n\t\t\t\t<h3 class=\"elementor-post__title\">\n\t\t\t<a href=\"https:\/\/www.adra.sk\/en\/navsteva-z-adra-japonsko\/\" target=&quot;_blank&quot;>\n\t\t\t\tN\u00e1v\u0161teva z ADRA Japonsko\t\t\t<\/a>\n\t\t<\/h3>\n\t\t\t\t<div class=\"elementor-post__excerpt\">\n\t\t\t<p>Na\u0161i partneri japonskej pobo\u010dky ADRA, Aki a Junko, zav\u00edtali na Slovensku, aby tu spolu s<\/p>\n\t\t<\/div>\n\t\t\t\t<\/div>\n\t\t\t\t<div class=\"elementor-post__meta-data\">\n\t\t\t\t\t<span class=\"elementor-post-date\">\n\t\t\tNovember 15, 2022\t\t<\/span>\n\t\t\t\t<\/div>\n\t\t\t\t\t<\/div>\n\t\t<\/article>\n\t\t\t\t<article class=\"elementor-post elementor-grid-item post-27061 post type-post status-publish format-standard has-post-thumbnail hentry category-uganda tag-dobrovolnictvo-2 tag-slovakaid tag-sudhav3 tag-uganda\" role=\"listitem\">\n\t\t\t<div class=\"elementor-post__card\">\n\t\t\t\t<a class=\"elementor-post__thumbnail__link\" href=\"https:\/\/www.adra.sk\/en\/rozhovor-dobrovolnictvo-v-ugande\/\" tabindex=\"-1\" target=\"_blank\"><div class=\"elementor-post__thumbnail\"><img loading=\"lazy\" decoding=\"async\" width=\"300\" height=\"300\" src=\"https:\/\/www.adra.sk\/wp-content\/uploads\/2022\/11\/ESP-3-scaled-e1716827372784-300x300.jpg\" class=\"attachment-medium size-medium wp-image-27095\" alt=\"\" srcset=\"https:\/\/www.adra.sk\/wp-content\/uploads\/2022\/11\/ESP-3-scaled-e1716827372784-300x300.jpg 300w, https:\/\/www.adra.sk\/wp-content\/uploads\/2022\/11\/ESP-3-scaled-e1716827372784-150x150.jpg 150w, https:\/\/www.adra.sk\/wp-content\/uploads\/2022\/11\/ESP-3-scaled-e1716827372784-768x768.jpg 768w, https:\/\/www.adra.sk\/wp-content\/uploads\/2022\/11\/ESP-3-scaled-e1716827372784-12x12.jpg 12w, https:\/\/www.adra.sk\/wp-content\/uploads\/2022\/11\/ESP-3-scaled-e1716827372784-100x100.jpg 100w, https:\/\/www.adra.sk\/wp-content\/uploads\/2022\/11\/ESP-3-scaled-e1716827372784-50x50.jpg 50w, https:\/\/www.adra.sk\/wp-content\/uploads\/2022\/11\/ESP-3-scaled-e1716827372784.jpg 908w\" sizes=\"(max-width: 300px) 100vw, 300px\" \/><\/div><\/a>\n\t\t\t\t<div class=\"elementor-post__badge\">Uganda<\/div>\n\t\t\t\t<div class=\"elementor-post__text\">\n\t\t\t\t<h3 class=\"elementor-post__title\">\n\t\t\t<a href=\"https:\/\/www.adra.sk\/en\/rozhovor-dobrovolnictvo-v-ugande\/\" target=&quot;_blank&quot;>\n\t\t\t\tRozhovor o dobrovo\u013en\u00edctve v Ugande\t\t\t<\/a>\n\t\t<\/h3>\n\t\t\t\t<div class=\"elementor-post__excerpt\">\n\t\t\t<p>O motiv\u00e1cii a z\u00e1\u017eitkoch po\u010das dobrovo\u013en\u00edckeho pobytu v Ugande hovor\u00edme s dobrovo\u013en\u00ed\u010dkou Nikolou Barto\u0161ovou.<\/p>\n\t\t<\/div>\n\t\t\t\t<\/div>\n\t\t\t\t<div class=\"elementor-post__meta-data\">\n\t\t\t\t\t<span class=\"elementor-post-date\">\n\t\t\tNovember 11, 2022\t\t<\/span>\n\t\t\t\t<\/div>\n\t\t\t\t\t<\/div>\n\t\t<\/article>\n\t\t\t\t<article class=\"elementor-post elementor-grid-item post-26716 post type-post status-publish format-standard has-post-thumbnail hentry category-na-slovensku tag-slovensko tag-ukrajina\" role=\"listitem\">\n\t\t\t<div class=\"elementor-post__card\">\n\t\t\t\t<a class=\"elementor-post__thumbnail__link\" href=\"https:\/\/www.adra.sk\/en\/memorandum-o-spolupraci\/\" tabindex=\"-1\" target=\"_blank\"><div class=\"elementor-post__thumbnail\"><img loading=\"lazy\" decoding=\"async\" width=\"300\" height=\"150\" src=\"https:\/\/www.adra.sk\/wp-content\/uploads\/2022\/11\/314949667_500354955454575_5315605817806799760_n-300x150.jpg\" class=\"attachment-medium size-medium wp-image-26724\" alt=\"\" srcset=\"https:\/\/www.adra.sk\/wp-content\/uploads\/2022\/11\/314949667_500354955454575_5315605817806799760_n-300x150.jpg 300w, https:\/\/www.adra.sk\/wp-content\/uploads\/2022\/11\/314949667_500354955454575_5315605817806799760_n-1024x511.jpg 1024w, https:\/\/www.adra.sk\/wp-content\/uploads\/2022\/11\/314949667_500354955454575_5315605817806799760_n-768x383.jpg 768w, https:\/\/www.adra.sk\/wp-content\/uploads\/2022\/11\/314949667_500354955454575_5315605817806799760_n-1536x766.jpg 1536w, https:\/\/www.adra.sk\/wp-content\/uploads\/2022\/11\/314949667_500354955454575_5315605817806799760_n-2048x1022.jpg 2048w, https:\/\/www.adra.sk\/wp-content\/uploads\/2022\/11\/314949667_500354955454575_5315605817806799760_n-18x9.jpg 18w, https:\/\/www.adra.sk\/wp-content\/uploads\/2022\/11\/314949667_500354955454575_5315605817806799760_n-2000x998.jpg 2000w\" sizes=\"(max-width: 300px) 100vw, 300px\" \/><\/div><\/a>\n\t\t\t\t<div class=\"elementor-post__badge\">Slovensko<\/div>\n\t\t\t\t<div class=\"elementor-post__text\">\n\t\t\t\t<h3 class=\"elementor-post__title\">\n\t\t\t<a href=\"https:\/\/www.adra.sk\/en\/memorandum-o-spolupraci\/\" target=&quot;_blank&quot;>\n\t\t\t\tMemorandum o spolupr\u00e1ci\t\t\t<\/a>\n\t\t<\/h3>\n\t\t\t\t<div class=\"elementor-post__excerpt\">\n\t\t\t<p>Ministerstvo vn\u00fatra SR podp\u00edsalo Memorandum o spolupr\u00e1ci s ADRA a 10-timi \u010fal\u0161\u00edmi neziskov\u00fdmi organiz\u00e1ciami.<\/p>\n\t\t<\/div>\n\t\t\t\t<\/div>\n\t\t\t\t<div class=\"elementor-post__meta-data\">\n\t\t\t\t\t<span class=\"elementor-post-date\">\n\t\t\tNovember 8, 2022\t\t<\/span>\n\t\t\t\t<\/div>\n\t\t\t\t\t<\/div>\n\t\t<\/article>\n\t\t\t\t<article class=\"elementor-post elementor-grid-item post-26592 post type-post status-publish format-standard has-post-thumbnail hentry category-praca tag-praca\" role=\"listitem\">\n\t\t\t<div class=\"elementor-post__card\">\n\t\t\t\t<a class=\"elementor-post__thumbnail__link\" href=\"https:\/\/www.adra.sk\/en\/hladame-uctovnika-cku\/\" tabindex=\"-1\" target=\"_blank\"><div class=\"elementor-post__thumbnail\"><img loading=\"lazy\" decoding=\"async\" width=\"300\" height=\"177\" src=\"https:\/\/www.adra.sk\/wp-content\/uploads\/2022\/11\/calculator-385506_960_720-300x177.jpg\" class=\"attachment-medium size-medium wp-image-26593\" alt=\"\" srcset=\"https:\/\/www.adra.sk\/wp-content\/uploads\/2022\/11\/calculator-385506_960_720-300x177.jpg 300w, https:\/\/www.adra.sk\/wp-content\/uploads\/2022\/11\/calculator-385506_960_720-768x453.jpg 768w, https:\/\/www.adra.sk\/wp-content\/uploads\/2022\/11\/calculator-385506_960_720-18x12.jpg 18w, https:\/\/www.adra.sk\/wp-content\/uploads\/2022\/11\/calculator-385506_960_720.jpg 960w\" sizes=\"(max-width: 300px) 100vw, 300px\" \/><\/div><\/a>\n\t\t\t\t<div class=\"elementor-post__badge\">Pr\u00e1ca<\/div>\n\t\t\t\t<div class=\"elementor-post__text\">\n\t\t\t\t<h3 class=\"elementor-post__title\">\n\t\t\t<a href=\"https:\/\/www.adra.sk\/en\/hladame-uctovnika-cku\/\" target=&quot;_blank&quot;>\n\t\t\t\tH\u013ead\u00e1me \u00da\u010dtovn\u00edka\/-\u010dku\t\t\t<\/a>\n\t\t<\/h3>\n\t\t\t\t<div class=\"elementor-post__excerpt\">\n\t\t\t<p>Do n\u00e1\u0161ho rozrastaj\u00faceho sa t\u00edmu h\u013ead\u00e1me posily.<\/p>\n\t\t<\/div>\n\t\t\t\t<\/div>\n\t\t\t\t<div class=\"elementor-post__meta-data\">\n\t\t\t\t\t<span class=\"elementor-post-date\">\n\t\t\tNovember 8, 2022\t\t<\/span>\n\t\t\t\t<\/div>\n\t\t\t\t\t<\/div>\n\t\t<\/article>\n\t\t\t\t<article class=\"elementor-post elementor-grid-item post-26559 post type-post status-publish format-standard has-post-thumbnail hentry category-na-slovensku tag-dobrovolnictvo tag-slovensko tag-sudhav3\" role=\"listitem\">\n\t\t\t<div class=\"elementor-post__card\">\n\t\t\t\t<a class=\"elementor-post__thumbnail__link\" href=\"https:\/\/www.adra.sk\/en\/adra-vecer-3\/\" tabindex=\"-1\" target=\"_blank\"><div class=\"elementor-post__thumbnail\"><img loading=\"lazy\" decoding=\"async\" width=\"300\" height=\"125\" src=\"https:\/\/www.adra.sk\/wp-content\/uploads\/2022\/11\/KUB_1995-scaled-e1667840578639-300x125.jpg\" class=\"attachment-medium size-medium wp-image-26581\" alt=\"\" srcset=\"https:\/\/www.adra.sk\/wp-content\/uploads\/2022\/11\/KUB_1995-scaled-e1667840578639-300x125.jpg 300w, https:\/\/www.adra.sk\/wp-content\/uploads\/2022\/11\/KUB_1995-scaled-e1667840578639-1024x427.jpg 1024w, https:\/\/www.adra.sk\/wp-content\/uploads\/2022\/11\/KUB_1995-scaled-e1667840578639-768x320.jpg 768w, https:\/\/www.adra.sk\/wp-content\/uploads\/2022\/11\/KUB_1995-scaled-e1667840578639-1536x641.jpg 1536w, https:\/\/www.adra.sk\/wp-content\/uploads\/2022\/11\/KUB_1995-scaled-e1667840578639-2048x854.jpg 2048w, https:\/\/www.adra.sk\/wp-content\/uploads\/2022\/11\/KUB_1995-scaled-e1667840578639-18x8.jpg 18w, https:\/\/www.adra.sk\/wp-content\/uploads\/2022\/11\/KUB_1995-scaled-e1667840578639-2000x834.jpg 2000w\" sizes=\"(max-width: 300px) 100vw, 300px\" \/><\/div><\/a>\n\t\t\t\t<div class=\"elementor-post__badge\">Slovensko<\/div>\n\t\t\t\t<div class=\"elementor-post__text\">\n\t\t\t\t<h3 class=\"elementor-post__title\">\n\t\t\t<a href=\"https:\/\/www.adra.sk\/en\/adra-vecer-3\/\" target=&quot;_blank&quot;>\n\t\t\t\tADRA Ve\u010der\t\t\t<\/a>\n\t\t<\/h3>\n\t\t\t\t<div class=\"elementor-post__excerpt\">\n\t\t\t<p>O v\u00fdzvach humanit\u00e1rneho sektora a pr\u00edbehoch z ter\u00e9nu sme v\u010dera rozpr\u00e1vali v priestoroch centra Kalab.<\/p>\n\t\t<\/div>\n\t\t\t\t<\/div>\n\t\t\t\t<div class=\"elementor-post__meta-data\">\n\t\t\t\t\t<span class=\"elementor-post-date\">\n\t\t\tNovember 7, 2022\t\t<\/span>\n\t\t\t\t<\/div>\n\t\t\t\t\t<\/div>\n\t\t<\/article>\n\t\t\t\t<article class=\"elementor-post elementor-grid-item post-26522 post type-post status-publish format-standard has-post-thumbnail hentry category-vo-svete\" role=\"listitem\">\n\t\t\t<div class=\"elementor-post__card\">\n\t\t\t\t<a class=\"elementor-post__thumbnail__link\" href=\"https:\/\/www.adra.sk\/en\/ako-chuti-bezdomovcom\/\" tabindex=\"-1\" target=\"_blank\"><div class=\"elementor-post__thumbnail\"><img loading=\"lazy\" decoding=\"async\" width=\"300\" height=\"145\" src=\"https:\/\/www.adra.sk\/wp-content\/uploads\/2022\/11\/310810987_437212275192181_8068154588823133063_n-e1667380400477-300x145.jpg\" class=\"attachment-medium size-medium wp-image-26523\" alt=\"\" srcset=\"https:\/\/www.adra.sk\/wp-content\/uploads\/2022\/11\/310810987_437212275192181_8068154588823133063_n-e1667380400477-300x145.jpg 300w, https:\/\/www.adra.sk\/wp-content\/uploads\/2022\/11\/310810987_437212275192181_8068154588823133063_n-e1667380400477-1024x494.jpg 1024w, https:\/\/www.adra.sk\/wp-content\/uploads\/2022\/11\/310810987_437212275192181_8068154588823133063_n-e1667380400477-768x371.jpg 768w, https:\/\/www.adra.sk\/wp-content\/uploads\/2022\/11\/310810987_437212275192181_8068154588823133063_n-e1667380400477-1536x741.jpg 1536w, https:\/\/www.adra.sk\/wp-content\/uploads\/2022\/11\/310810987_437212275192181_8068154588823133063_n-e1667380400477-18x9.jpg 18w, https:\/\/www.adra.sk\/wp-content\/uploads\/2022\/11\/310810987_437212275192181_8068154588823133063_n-e1667380400477-2000x965.jpg 2000w, https:\/\/www.adra.sk\/wp-content\/uploads\/2022\/11\/310810987_437212275192181_8068154588823133063_n-e1667380400477.jpg 2048w\" sizes=\"(max-width: 300px) 100vw, 300px\" \/><\/div><\/a>\n\t\t\t\t<div class=\"elementor-post__badge\">Vo svete<\/div>\n\t\t\t\t<div class=\"elementor-post__text\">\n\t\t\t\t<h3 class=\"elementor-post__title\">\n\t\t\t<a href=\"https:\/\/www.adra.sk\/en\/ako-chuti-bezdomovcom\/\" target=&quot;_blank&quot;>\n\t\t\t\tAko chut\u00ed bezdomovcom?\t\t\t<\/a>\n\t\t<\/h3>\n\t\t\t\t<div class=\"elementor-post__excerpt\">\n\t\t\t<p>Za svoj inovat\u00edvny projekt si ADRA Belgicko odniesla \u0161peci\u00e1lne ocenenie.<\/p>\n\t\t<\/div>\n\t\t\t\t<\/div>\n\t\t\t\t<div class=\"elementor-post__meta-data\">\n\t\t\t\t\t<span class=\"elementor-post-date\">\n\t\t\tNovember 2, 2022\t\t<\/span>\n\t\t\t\t<\/div>\n\t\t\t\t\t<\/div>\n\t\t<\/article>\n\t\t\t\t<article class=\"elementor-post elementor-grid-item post-26519 post type-post status-publish format-standard has-post-thumbnail hentry category-uganda tag-euaid tag-sudhav3 tag-uganda\" role=\"listitem\">\n\t\t\t<div class=\"elementor-post__card\">\n\t\t\t\t<a class=\"elementor-post__thumbnail__link\" href=\"https:\/\/www.adra.sk\/en\/nova-vlna-eboly-v-ugande\/\" tabindex=\"-1\" target=\"_blank\"><div class=\"elementor-post__thumbnail\"><img loading=\"lazy\" decoding=\"async\" width=\"300\" height=\"109\" src=\"https:\/\/www.adra.sk\/wp-content\/uploads\/2022\/06\/KK-11-scaled-e1667380000746-300x109.jpg\" class=\"attachment-medium size-medium wp-image-24290\" alt=\"\" srcset=\"https:\/\/www.adra.sk\/wp-content\/uploads\/2022\/06\/KK-11-scaled-e1667380000746-300x109.jpg 300w, https:\/\/www.adra.sk\/wp-content\/uploads\/2022\/06\/KK-11-scaled-e1667380000746-1024x371.jpg 1024w, https:\/\/www.adra.sk\/wp-content\/uploads\/2022\/06\/KK-11-scaled-e1667380000746-768x278.jpg 768w, https:\/\/www.adra.sk\/wp-content\/uploads\/2022\/06\/KK-11-scaled-e1667380000746-1536x557.jpg 1536w, https:\/\/www.adra.sk\/wp-content\/uploads\/2022\/06\/KK-11-scaled-e1667380000746-2048x742.jpg 2048w, https:\/\/www.adra.sk\/wp-content\/uploads\/2022\/06\/KK-11-scaled-e1667380000746-18x7.jpg 18w, https:\/\/www.adra.sk\/wp-content\/uploads\/2022\/06\/KK-11-scaled-e1667380000746-2000x725.jpg 2000w\" sizes=\"(max-width: 300px) 100vw, 300px\" \/><\/div><\/a>\n\t\t\t\t<div class=\"elementor-post__badge\">Uganda<\/div>\n\t\t\t\t<div class=\"elementor-post__text\">\n\t\t\t\t<h3 class=\"elementor-post__title\">\n\t\t\t<a href=\"https:\/\/www.adra.sk\/en\/nova-vlna-eboly-v-ugande\/\" target=&quot;_blank&quot;>\n\t\t\t\tNov\u00e1 vlna eboly v Ugande\t\t\t<\/a>\n\t\t<\/h3>\n\t\t\t\t<div class=\"elementor-post__excerpt\">\n\t\t\t<p>Potvrdzujeme, \u017ee v\u0161etci na\u0161i pracovn\u00edci, dobrovo\u013en\u00edci a partneri s\u00fa v poriadku.<\/p>\n\t\t<\/div>\n\t\t\t\t<\/div>\n\t\t\t\t<div class=\"elementor-post__meta-data\">\n\t\t\t\t\t<span class=\"elementor-post-date\">\n\t\t\tNovember 2, 2022\t\t<\/span>\n\t\t\t\t<\/div>\n\t\t\t\t\t<\/div>\n\t\t<\/article>\n\t\t\t\t<article class=\"elementor-post elementor-grid-item post-26494 post type-post status-publish format-standard has-post-thumbnail hentry category-ukrajina tag-slovakaid tag-ukrajina\" role=\"listitem\">\n\t\t\t<div class=\"elementor-post__card\">\n\t\t\t\t<a class=\"elementor-post__thumbnail__link\" href=\"https:\/\/www.adra.sk\/en\/pomoc-pre-seniorov-v-charkove\/\" tabindex=\"-1\" target=\"_blank\"><div class=\"elementor-post__thumbnail\"><img loading=\"lazy\" decoding=\"async\" width=\"300\" height=\"196\" src=\"https:\/\/www.adra.sk\/wp-content\/uploads\/2022\/11\/Dizajn-bez-nazvu-12-e1667377725681-300x196.png\" class=\"attachment-medium size-medium wp-image-26495\" alt=\"\" srcset=\"https:\/\/www.adra.sk\/wp-content\/uploads\/2022\/11\/Dizajn-bez-nazvu-12-e1667377725681-300x196.png 300w, https:\/\/www.adra.sk\/wp-content\/uploads\/2022\/11\/Dizajn-bez-nazvu-12-e1667377725681-1024x667.png 1024w, https:\/\/www.adra.sk\/wp-content\/uploads\/2022\/11\/Dizajn-bez-nazvu-12-e1667377725681-768x501.png 768w, https:\/\/www.adra.sk\/wp-content\/uploads\/2022\/11\/Dizajn-bez-nazvu-12-e1667377725681-18x12.png 18w, https:\/\/www.adra.sk\/wp-content\/uploads\/2022\/11\/Dizajn-bez-nazvu-12-e1667377725681.png 1080w\" sizes=\"(max-width: 300px) 100vw, 300px\" \/><\/div><\/a>\n\t\t\t\t<div class=\"elementor-post__badge\">Ukrajina<\/div>\n\t\t\t\t<div class=\"elementor-post__text\">\n\t\t\t\t<h3 class=\"elementor-post__title\">\n\t\t\t<a href=\"https:\/\/www.adra.sk\/en\/pomoc-pre-seniorov-v-charkove\/\" target=&quot;_blank&quot;>\n\t\t\t\tPomoc pre seniorov v Charkove\t\t\t<\/a>\n\t\t<\/h3>\n\t\t\t\t<div class=\"elementor-post__excerpt\">\n\t\t\t<p>Humanit\u00e1rne bal\u00edky pomoci sme odovzdali vys\u00eddlen\u00fdm seniorom v Charkove a okol\u00ed.<\/p>\n\t\t<\/div>\n\t\t\t\t<\/div>\n\t\t\t\t<div class=\"elementor-post__meta-data\">\n\t\t\t\t\t<span class=\"elementor-post-date\">\n\t\t\tNovember 2, 2022\t\t<\/span>\n\t\t\t\t<\/div>\n\t\t\t\t\t<\/div>\n\t\t<\/article>\n\t\t\t\t<article class=\"elementor-post elementor-grid-item post-26468 post type-post status-publish format-standard has-post-thumbnail hentry category-na-slovensku tag-slovakaid tag-ukrajina\" role=\"listitem\">\n\t\t\t<div class=\"elementor-post__card\">\n\t\t\t\t<a class=\"elementor-post__thumbnail__link\" href=\"https:\/\/www.adra.sk\/en\/prajeme-si-mier\/\" tabindex=\"-1\" target=\"_blank\"><div class=\"elementor-post__thumbnail\"><img loading=\"lazy\" decoding=\"async\" width=\"300\" height=\"124\" src=\"https:\/\/www.adra.sk\/wp-content\/uploads\/2022\/11\/20221025_112330-scaled-e1667375959785-300x124.jpg\" class=\"attachment-medium size-medium wp-image-26473\" alt=\"\" srcset=\"https:\/\/www.adra.sk\/wp-content\/uploads\/2022\/11\/20221025_112330-scaled-e1667375959785-300x124.jpg 300w, https:\/\/www.adra.sk\/wp-content\/uploads\/2022\/11\/20221025_112330-scaled-e1667375959785-1024x425.jpg 1024w, https:\/\/www.adra.sk\/wp-content\/uploads\/2022\/11\/20221025_112330-scaled-e1667375959785-768x319.jpg 768w, https:\/\/www.adra.sk\/wp-content\/uploads\/2022\/11\/20221025_112330-scaled-e1667375959785-1536x637.jpg 1536w, https:\/\/www.adra.sk\/wp-content\/uploads\/2022\/11\/20221025_112330-scaled-e1667375959785-2048x850.jpg 2048w, https:\/\/www.adra.sk\/wp-content\/uploads\/2022\/11\/20221025_112330-scaled-e1667375959785-18x7.jpg 18w, https:\/\/www.adra.sk\/wp-content\/uploads\/2022\/11\/20221025_112330-scaled-e1667375959785-2000x830.jpg 2000w\" sizes=\"(max-width: 300px) 100vw, 300px\" \/><\/div><\/a>\n\t\t\t\t<div class=\"elementor-post__badge\">Slovensko<\/div>\n\t\t\t\t<div class=\"elementor-post__text\">\n\t\t\t\t<h3 class=\"elementor-post__title\">\n\t\t\t<a href=\"https:\/\/www.adra.sk\/en\/prajeme-si-mier\/\" target=&quot;_blank&quot;>\n\t\t\t\tPrajeme si mier\t\t\t<\/a>\n\t\t<\/h3>\n\t\t\t\t<div class=\"elementor-post__excerpt\">\n\t\t\t<p>Pre\u010do pom\u00e1hame? V r\u00e1mci t\u00fd\u017ed\u0148a OSN sme odpovedali aj na t\u00fato ot\u00e1zku.<\/p>\n\t\t<\/div>\n\t\t\t\t<\/div>\n\t\t\t\t<div class=\"elementor-post__meta-data\">\n\t\t\t\t\t<span class=\"elementor-post-date\">\n\t\t\tNovember 2, 2022\t\t<\/span>\n\t\t\t\t<\/div>\n\t\t\t\t\t<\/div>\n\t\t<\/article>\n\t\t\t\t<article class=\"elementor-post elementor-grid-item post-26429 post type-post status-publish format-standard has-post-thumbnail hentry category-ukrajina tag-slovakaid tag-ukrajina\" role=\"listitem\">\n\t\t\t<div class=\"elementor-post__card\">\n\t\t\t\t<a class=\"elementor-post__thumbnail__link\" href=\"https:\/\/www.adra.sk\/en\/za-kazdym-balikom-vidim-cloveka\/\" tabindex=\"-1\" target=\"_blank\"><div class=\"elementor-post__thumbnail\"><img loading=\"lazy\" decoding=\"async\" width=\"300\" height=\"97\" src=\"https:\/\/www.adra.sk\/wp-content\/uploads\/2022\/10\/JAZ_9527-e1666684179398-300x97.jpg\" class=\"attachment-medium size-medium wp-image-26370\" alt=\"\" srcset=\"https:\/\/www.adra.sk\/wp-content\/uploads\/2022\/10\/JAZ_9527-e1666684179398-300x97.jpg 300w, https:\/\/www.adra.sk\/wp-content\/uploads\/2022\/10\/JAZ_9527-e1666684179398-1024x333.jpg 1024w, https:\/\/www.adra.sk\/wp-content\/uploads\/2022\/10\/JAZ_9527-e1666684179398-768x249.jpg 768w, https:\/\/www.adra.sk\/wp-content\/uploads\/2022\/10\/JAZ_9527-e1666684179398-1536x499.jpg 1536w, https:\/\/www.adra.sk\/wp-content\/uploads\/2022\/10\/JAZ_9527-e1666684179398-18x6.jpg 18w, https:\/\/www.adra.sk\/wp-content\/uploads\/2022\/10\/JAZ_9527-e1666684179398-2000x649.jpg 2000w, https:\/\/www.adra.sk\/wp-content\/uploads\/2022\/10\/JAZ_9527-e1666684179398.jpg 2048w\" sizes=\"(max-width: 300px) 100vw, 300px\" \/><\/div><\/a>\n\t\t\t\t<div class=\"elementor-post__badge\">Ukrajina<\/div>\n\t\t\t\t<div class=\"elementor-post__text\">\n\t\t\t\t<h3 class=\"elementor-post__title\">\n\t\t\t<a href=\"https:\/\/www.adra.sk\/en\/za-kazdym-balikom-vidim-cloveka\/\" target=&quot;_blank&quot;>\n\t\t\t\tZa ka\u017ed\u00fdm bal\u00edkom vid\u00edm \u010dloveka\t\t\t<\/a>\n\t\t<\/h3>\n\t\t\t\t<div class=\"elementor-post__excerpt\">\n\t\t\t<p>\u013dudo je na\u0161im koordin\u00e1torom pomoci pre Ukrajinu. Pre\u010d\u00edtajte si, ako opisuje svoju sk\u00fasenos\u0165 a pr\u00edbehy<\/p>\n\t\t<\/div>\n\t\t\t\t<\/div>\n\t\t\t\t<div class=\"elementor-post__meta-data\">\n\t\t\t\t\t<span class=\"elementor-post-date\">\n\t\t\tOctober 25, 2022\t\t<\/span>\n\t\t\t\t<\/div>\n\t\t\t\t\t<\/div>\n\t\t<\/article>\n\t\t\t\t<article class=\"elementor-post elementor-grid-item post-26339 post type-post status-publish format-standard has-post-thumbnail hentry category-ukrajina tag-slovakaid tag-ukrajina\" role=\"listitem\">\n\t\t\t<div class=\"elementor-post__card\">\n\t\t\t\t<a class=\"elementor-post__thumbnail__link\" href=\"https:\/\/www.adra.sk\/en\/pomoc-pre-mesto-cernovice\/\" tabindex=\"-1\" target=\"_blank\"><div class=\"elementor-post__thumbnail\"><img loading=\"lazy\" decoding=\"async\" width=\"300\" height=\"99\" src=\"https:\/\/www.adra.sk\/wp-content\/uploads\/2022\/10\/JAZ_9725-e1665656885318-300x99.jpg\" class=\"attachment-medium size-medium wp-image-26362\" alt=\"\" srcset=\"https:\/\/www.adra.sk\/wp-content\/uploads\/2022\/10\/JAZ_9725-e1665656885318-300x99.jpg 300w, https:\/\/www.adra.sk\/wp-content\/uploads\/2022\/10\/JAZ_9725-e1665656885318-1024x338.jpg 1024w, https:\/\/www.adra.sk\/wp-content\/uploads\/2022\/10\/JAZ_9725-e1665656885318-768x253.jpg 768w, https:\/\/www.adra.sk\/wp-content\/uploads\/2022\/10\/JAZ_9725-e1665656885318-1536x506.jpg 1536w, https:\/\/www.adra.sk\/wp-content\/uploads\/2022\/10\/JAZ_9725-e1665656885318-18x6.jpg 18w, https:\/\/www.adra.sk\/wp-content\/uploads\/2022\/10\/JAZ_9725-e1665656885318-2000x659.jpg 2000w, https:\/\/www.adra.sk\/wp-content\/uploads\/2022\/10\/JAZ_9725-e1665656885318.jpg 2048w\" sizes=\"(max-width: 300px) 100vw, 300px\" \/><\/div><\/a>\n\t\t\t\t<div class=\"elementor-post__badge\">Ukrajina<\/div>\n\t\t\t\t<div class=\"elementor-post__text\">\n\t\t\t\t<h3 class=\"elementor-post__title\">\n\t\t\t<a href=\"https:\/\/www.adra.sk\/en\/pomoc-pre-mesto-cernovice\/\" target=&quot;_blank&quot;>\n\t\t\t\tPomoc pre mesto \u010cernovice\t\t\t<\/a>\n\t\t<\/h3>\n\t\t\t\t<div class=\"elementor-post__excerpt\">\n\t\t\t<p>Mesto \u010cernovice (ukr. \u010cernivci \/ \u0427\u0435\u0440\u043d\u0456\u0432\u0446\u0456\u0301), na juhu Ukrajiny, bl\u00edzko hran\u00edc s Rumunskom a Moldavskom,<\/p>\n\t\t<\/div>\n\t\t\t\t<\/div>\n\t\t\t\t<div class=\"elementor-post__meta-data\">\n\t\t\t\t\t<span class=\"elementor-post-date\">\n\t\t\tOctober 13, 2022\t\t<\/span>\n\t\t\t\t<\/div>\n\t\t\t\t\t<\/div>\n\t\t<\/article>\n\t\t\t\t<article class=\"elementor-post elementor-grid-item post-26297 post type-post status-publish format-standard has-post-thumbnail hentry category-ukrajina tag-slovakaid tag-ukrajina\" role=\"listitem\">\n\t\t\t<div class=\"elementor-post__card\">\n\t\t\t\t<a class=\"elementor-post__thumbnail__link\" href=\"https:\/\/www.adra.sk\/en\/pomoc-pre-mesto-chust\/\" tabindex=\"-1\" target=\"_blank\"><div class=\"elementor-post__thumbnail\"><img loading=\"lazy\" decoding=\"async\" width=\"300\" height=\"160\" src=\"https:\/\/www.adra.sk\/wp-content\/uploads\/2022\/10\/JAZ_9296-scaled-e1665563756386-300x160.jpg\" class=\"attachment-medium size-medium wp-image-26324\" alt=\"\" srcset=\"https:\/\/www.adra.sk\/wp-content\/uploads\/2022\/10\/JAZ_9296-scaled-e1665563756386-300x160.jpg 300w, https:\/\/www.adra.sk\/wp-content\/uploads\/2022\/10\/JAZ_9296-scaled-e1665563756386-1024x547.jpg 1024w, https:\/\/www.adra.sk\/wp-content\/uploads\/2022\/10\/JAZ_9296-scaled-e1665563756386-768x410.jpg 768w, https:\/\/www.adra.sk\/wp-content\/uploads\/2022\/10\/JAZ_9296-scaled-e1665563756386-1536x820.jpg 1536w, https:\/\/www.adra.sk\/wp-content\/uploads\/2022\/10\/JAZ_9296-scaled-e1665563756386-2048x1094.jpg 2048w, https:\/\/www.adra.sk\/wp-content\/uploads\/2022\/10\/JAZ_9296-scaled-e1665563756386-18x10.jpg 18w, https:\/\/www.adra.sk\/wp-content\/uploads\/2022\/10\/JAZ_9296-scaled-e1665563756386-2000x1068.jpg 2000w\" sizes=\"(max-width: 300px) 100vw, 300px\" \/><\/div><\/a>\n\t\t\t\t<div class=\"elementor-post__badge\">Ukrajina<\/div>\n\t\t\t\t<div class=\"elementor-post__text\">\n\t\t\t\t<h3 class=\"elementor-post__title\">\n\t\t\t<a href=\"https:\/\/www.adra.sk\/en\/pomoc-pre-mesto-chust\/\" target=&quot;_blank&quot;>\n\t\t\t\tPomoc pre mesto Chust\t\t\t<\/a>\n\t\t<\/h3>\n\t\t\t\t<div class=\"elementor-post__excerpt\">\n\t\t\t<p>V meste Chust na\u0161li svoje do\u010dasn\u00e9 \u00fato\u010di\u0161te tis\u00edce ute\u010dencov z Donbasu, Mariupo\u013ea, a Chersonskej oblasti.<\/p>\n\t\t<\/div>\n\t\t\t\t<\/div>\n\t\t\t\t<div class=\"elementor-post__meta-data\">\n\t\t\t\t\t<span class=\"elementor-post-date\">\n\t\t\tOctober 12, 2022\t\t<\/span>\n\t\t\t\t<\/div>\n\t\t\t\t\t<\/div>\n\t\t<\/article>\n\t\t\t\t<article class=\"elementor-post elementor-grid-item post-26273 post type-post status-publish format-standard has-post-thumbnail hentry category-ukrajina tag-slovakaid tag-ukrajina\" role=\"listitem\">\n\t\t\t<div class=\"elementor-post__card\">\n\t\t\t\t<a class=\"elementor-post__thumbnail__link\" href=\"https:\/\/www.adra.sk\/en\/aktualne-z-ukrajiny-2\/\" tabindex=\"-1\" target=\"_blank\"><div class=\"elementor-post__thumbnail\"><img loading=\"lazy\" decoding=\"async\" width=\"300\" height=\"151\" src=\"https:\/\/www.adra.sk\/wp-content\/uploads\/2022\/10\/Ukrajina-aktuality-e1665404134454-300x151.png\" class=\"attachment-medium size-medium wp-image-26274\" alt=\"\" srcset=\"https:\/\/www.adra.sk\/wp-content\/uploads\/2022\/10\/Ukrajina-aktuality-e1665404134454-300x151.png 300w, https:\/\/www.adra.sk\/wp-content\/uploads\/2022\/10\/Ukrajina-aktuality-e1665404134454-1024x514.png 1024w, https:\/\/www.adra.sk\/wp-content\/uploads\/2022\/10\/Ukrajina-aktuality-e1665404134454-768x386.png 768w, https:\/\/www.adra.sk\/wp-content\/uploads\/2022\/10\/Ukrajina-aktuality-e1665404134454-1536x771.png 1536w, https:\/\/www.adra.sk\/wp-content\/uploads\/2022\/10\/Ukrajina-aktuality-e1665404134454-18x9.png 18w, https:\/\/www.adra.sk\/wp-content\/uploads\/2022\/10\/Ukrajina-aktuality-e1665404134454.png 1920w\" sizes=\"(max-width: 300px) 100vw, 300px\" \/><\/div><\/a>\n\t\t\t\t<div class=\"elementor-post__badge\">Ukrajina<\/div>\n\t\t\t\t<div class=\"elementor-post__text\">\n\t\t\t\t<h3 class=\"elementor-post__title\">\n\t\t\t<a href=\"https:\/\/www.adra.sk\/en\/aktualne-z-ukrajiny-2\/\" target=&quot;_blank&quot;>\n\t\t\t\tAktu\u00e1lne z Ukrajiny\t\t\t<\/a>\n\t\t<\/h3>\n\t\t\t\t<div class=\"elementor-post__excerpt\">\n\t\t\t<p>Priamo z Ukrajiny informuje n\u00e1\u0161 riadite\u013e Stano Bielik.<\/p>\n\t\t<\/div>\n\t\t\t\t<\/div>\n\t\t\t\t<div class=\"elementor-post__meta-data\">\n\t\t\t\t\t<span class=\"elementor-post-date\">\n\t\t\tOctober 10, 2022\t\t<\/span>\n\t\t\t\t<\/div>\n\t\t\t\t\t<\/div>\n\t\t<\/article>\n\t\t\t\t<article class=\"elementor-post elementor-grid-item post-26256 post type-post status-publish format-standard has-post-thumbnail hentry category-na-slovensku tag-staz\" role=\"listitem\">\n\t\t\t<div class=\"elementor-post__card\">\n\t\t\t\t<a class=\"elementor-post__thumbnail__link\" href=\"https:\/\/www.adra.sk\/en\/staz-v-adra\/\" tabindex=\"-1\" target=\"_blank\"><div class=\"elementor-post__thumbnail\"><img loading=\"lazy\" decoding=\"async\" width=\"300\" height=\"166\" src=\"https:\/\/www.adra.sk\/wp-content\/uploads\/2022\/10\/IMG-20220827-WA0012-e1664893285727-300x166.jpg\" class=\"attachment-medium size-medium wp-image-26259\" alt=\"\" srcset=\"https:\/\/www.adra.sk\/wp-content\/uploads\/2022\/10\/IMG-20220827-WA0012-e1664893285727-300x166.jpg 300w, https:\/\/www.adra.sk\/wp-content\/uploads\/2022\/10\/IMG-20220827-WA0012-e1664893285727-1024x566.jpg 1024w, https:\/\/www.adra.sk\/wp-content\/uploads\/2022\/10\/IMG-20220827-WA0012-e1664893285727-768x424.jpg 768w, https:\/\/www.adra.sk\/wp-content\/uploads\/2022\/10\/IMG-20220827-WA0012-e1664893285727-1536x849.jpg 1536w, https:\/\/www.adra.sk\/wp-content\/uploads\/2022\/10\/IMG-20220827-WA0012-e1664893285727-18x10.jpg 18w, https:\/\/www.adra.sk\/wp-content\/uploads\/2022\/10\/IMG-20220827-WA0012-e1664893285727.jpg 2000w\" sizes=\"(max-width: 300px) 100vw, 300px\" \/><\/div><\/a>\n\t\t\t\t<div class=\"elementor-post__badge\">Slovensko<\/div>\n\t\t\t\t<div class=\"elementor-post__text\">\n\t\t\t\t<h3 class=\"elementor-post__title\">\n\t\t\t<a href=\"https:\/\/www.adra.sk\/en\/staz-v-adra\/\" target=&quot;_blank&quot;>\n\t\t\t\tSt\u00e1\u017e v ADRA\t\t\t<\/a>\n\t\t<\/h3>\n\t\t\t\t<div class=\"elementor-post__excerpt\">\n\t\t\t<p>Zuzka bola na\u0161ou st\u00e1\u017eistkou tri mesiace. Po skon\u010den\u00ed svojej st\u00e1\u017ee sa rozhodla s nami osta\u0165<\/p>\n\t\t<\/div>\n\t\t\t\t<\/div>\n\t\t\t\t<div class=\"elementor-post__meta-data\">\n\t\t\t\t\t<span class=\"elementor-post-date\">\n\t\t\tOctober 4, 2022\t\t<\/span>\n\t\t\t\t<\/div>\n\t\t\t\t\t<\/div>\n\t\t<\/article>\n\t\t\t\t<article class=\"elementor-post elementor-grid-item post-26231 post type-post status-publish format-standard has-post-thumbnail hentry category-ukrajina tag-slovakaid tag-ukrajina\" role=\"listitem\">\n\t\t\t<div class=\"elementor-post__card\">\n\t\t\t\t<a class=\"elementor-post__thumbnail__link\" href=\"https:\/\/www.adra.sk\/en\/projekt-slovakaid-zahajeny\/\" tabindex=\"-1\" target=\"_blank\"><div class=\"elementor-post__thumbnail\"><img loading=\"lazy\" decoding=\"async\" width=\"300\" height=\"119\" src=\"https:\/\/www.adra.sk\/wp-content\/uploads\/2022\/09\/Copy-of-Copy-of-Copy-of-Copy-of-13.5-piatok-1800-4-300x119.png\" class=\"attachment-medium size-medium wp-image-26251\" alt=\"\" srcset=\"https:\/\/www.adra.sk\/wp-content\/uploads\/2022\/09\/Copy-of-Copy-of-Copy-of-Copy-of-13.5-piatok-1800-4-300x119.png 300w, https:\/\/www.adra.sk\/wp-content\/uploads\/2022\/09\/Copy-of-Copy-of-Copy-of-Copy-of-13.5-piatok-1800-4-1024x405.png 1024w, https:\/\/www.adra.sk\/wp-content\/uploads\/2022\/09\/Copy-of-Copy-of-Copy-of-Copy-of-13.5-piatok-1800-4-768x304.png 768w, https:\/\/www.adra.sk\/wp-content\/uploads\/2022\/09\/Copy-of-Copy-of-Copy-of-Copy-of-13.5-piatok-1800-4-1536x608.png 1536w, https:\/\/www.adra.sk\/wp-content\/uploads\/2022\/09\/Copy-of-Copy-of-Copy-of-Copy-of-13.5-piatok-1800-4-18x7.png 18w, https:\/\/www.adra.sk\/wp-content\/uploads\/2022\/09\/Copy-of-Copy-of-Copy-of-Copy-of-13.5-piatok-1800-4.png 1920w\" sizes=\"(max-width: 300px) 100vw, 300px\" \/><\/div><\/a>\n\t\t\t\t<div class=\"elementor-post__badge\">Ukrajina<\/div>\n\t\t\t\t<div class=\"elementor-post__text\">\n\t\t\t\t<h3 class=\"elementor-post__title\">\n\t\t\t<a href=\"https:\/\/www.adra.sk\/en\/projekt-slovakaid-zahajeny\/\" target=&quot;_blank&quot;>\n\t\t\t\tProjekt SlovakAid zah\u00e1jen\u00fd\t\t\t<\/a>\n\t\t<\/h3>\n\t\t\t\t<div class=\"elementor-post__excerpt\">\n\t\t\t<p>Solidarita a odhodlanie pom\u00e1ha\u0165 \u013eu\u010fom na Ukrajine neut\u00edcha ani v \u010dase eskal\u00e1cie konfliktu. Prv\u00fd kami\u00f3n<\/p>\n\t\t<\/div>\n\t\t\t\t<\/div>\n\t\t\t\t<div class=\"elementor-post__meta-data\">\n\t\t\t\t\t<span class=\"elementor-post-date\">\n\t\t\tSeptember 28, 2022\t\t<\/span>\n\t\t\t\t<\/div>\n\t\t\t\t\t<\/div>\n\t\t<\/article>\n\t\t\t\t<article class=\"elementor-post elementor-grid-item post-26199 post type-post status-publish format-standard has-post-thumbnail hentry category-srbsko tag-dobrovolnictvo tag-srbsko\" role=\"listitem\">\n\t\t\t<div class=\"elementor-post__card\">\n\t\t\t\t<a class=\"elementor-post__thumbnail__link\" href=\"https:\/\/www.adra.sk\/en\/rok-v-srbsku\/\" tabindex=\"-1\" target=\"_blank\"><div class=\"elementor-post__thumbnail\"><img loading=\"lazy\" decoding=\"async\" width=\"300\" height=\"88\" src=\"https:\/\/www.adra.sk\/wp-content\/uploads\/2022\/09\/vyjadzove-zdravotne-prehliadky-2-e1663847902899-300x88.jpg\" class=\"attachment-medium size-medium wp-image-26202\" alt=\"\" srcset=\"https:\/\/www.adra.sk\/wp-content\/uploads\/2022\/09\/vyjadzove-zdravotne-prehliadky-2-e1663847902899-300x88.jpg 300w, https:\/\/www.adra.sk\/wp-content\/uploads\/2022\/09\/vyjadzove-zdravotne-prehliadky-2-e1663847902899-1024x299.jpg 1024w, https:\/\/www.adra.sk\/wp-content\/uploads\/2022\/09\/vyjadzove-zdravotne-prehliadky-2-e1663847902899-768x225.jpg 768w, https:\/\/www.adra.sk\/wp-content\/uploads\/2022\/09\/vyjadzove-zdravotne-prehliadky-2-e1663847902899-1536x449.jpg 1536w, https:\/\/www.adra.sk\/wp-content\/uploads\/2022\/09\/vyjadzove-zdravotne-prehliadky-2-e1663847902899-18x5.jpg 18w, https:\/\/www.adra.sk\/wp-content\/uploads\/2022\/09\/vyjadzove-zdravotne-prehliadky-2-e1663847902899.jpg 1734w\" sizes=\"(max-width: 300px) 100vw, 300px\" \/><\/div><\/a>\n\t\t\t\t<div class=\"elementor-post__badge\">Srbsko<\/div>\n\t\t\t\t<div class=\"elementor-post__text\">\n\t\t\t\t<h3 class=\"elementor-post__title\">\n\t\t\t<a href=\"https:\/\/www.adra.sk\/en\/rok-v-srbsku\/\" target=&quot;_blank&quot;>\n\t\t\t\tRok v Srbsku\t\t\t<\/a>\n\t\t<\/h3>\n\t\t\t\t<div class=\"elementor-post__excerpt\">\n\t\t\t<p>Na\u0161a rozvojov\u00e1 dobrovo\u013en\u00ed\u010dka Tamara sumarizuje svoje ro\u010dn\u00e9 p\u00f4sobenie v srbskom meste Kragujevac.<\/p>\n\t\t<\/div>\n\t\t\t\t<\/div>\n\t\t\t\t<div class=\"elementor-post__meta-data\">\n\t\t\t\t\t<span class=\"elementor-post-date\">\n\t\t\tSeptember 22, 2022\t\t<\/span>\n\t\t\t\t<\/div>\n\t\t\t\t\t<\/div>\n\t\t<\/article>\n\t\t\t\t<article class=\"elementor-post elementor-grid-item post-26144 post type-post status-publish format-standard has-post-thumbnail hentry category-ukrajina tag-ukrajina\" role=\"listitem\">\n\t\t\t<div class=\"elementor-post__card\">\n\t\t\t\t<a class=\"elementor-post__thumbnail__link\" href=\"https:\/\/www.adra.sk\/en\/pomoc-pre-oslobodene-mesto-izium\/\" tabindex=\"-1\" target=\"_blank\"><div class=\"elementor-post__thumbnail\"><img loading=\"lazy\" decoding=\"async\" width=\"300\" height=\"118\" src=\"https:\/\/www.adra.sk\/wp-content\/uploads\/2022\/09\/Copy-of-Copy-of-Copy-of-13.5-piatok-1800-1-1-300x118.png\" class=\"attachment-medium size-medium wp-image-26184\" alt=\"\" srcset=\"https:\/\/www.adra.sk\/wp-content\/uploads\/2022\/09\/Copy-of-Copy-of-Copy-of-13.5-piatok-1800-1-1-300x118.png 300w, https:\/\/www.adra.sk\/wp-content\/uploads\/2022\/09\/Copy-of-Copy-of-Copy-of-13.5-piatok-1800-1-1-1024x401.png 1024w, https:\/\/www.adra.sk\/wp-content\/uploads\/2022\/09\/Copy-of-Copy-of-Copy-of-13.5-piatok-1800-1-1-768x301.png 768w, https:\/\/www.adra.sk\/wp-content\/uploads\/2022\/09\/Copy-of-Copy-of-Copy-of-13.5-piatok-1800-1-1-1536x602.png 1536w, https:\/\/www.adra.sk\/wp-content\/uploads\/2022\/09\/Copy-of-Copy-of-Copy-of-13.5-piatok-1800-1-1-18x7.png 18w, https:\/\/www.adra.sk\/wp-content\/uploads\/2022\/09\/Copy-of-Copy-of-Copy-of-13.5-piatok-1800-1-1.png 1920w\" sizes=\"(max-width: 300px) 100vw, 300px\" \/><\/div><\/a>\n\t\t\t\t<div class=\"elementor-post__badge\">Ukrajina<\/div>\n\t\t\t\t<div class=\"elementor-post__text\">\n\t\t\t\t<h3 class=\"elementor-post__title\">\n\t\t\t<a href=\"https:\/\/www.adra.sk\/en\/pomoc-pre-oslobodene-mesto-izium\/\" target=&quot;_blank&quot;>\n\t\t\t\tPomoc pre osloboden\u00e9 mesto Izium\t\t\t<\/a>\n\t\t<\/h3>\n\t\t\t\t<div class=\"elementor-post__excerpt\">\n\t\t\t<p>Do novo osloboden\u00e9ho mesta Izium, v ktorom obyvatelia stratili pr\u00edstup k z\u00e1kladn\u00fdm potreb\u00e1m, sme previezli<\/p>\n\t\t<\/div>\n\t\t\t\t<\/div>\n\t\t\t\t<div class=\"elementor-post__meta-data\">\n\t\t\t\t\t<span class=\"elementor-post-date\">\n\t\t\tSeptember 15, 2022\t\t<\/span>\n\t\t\t\t<\/div>\n\t\t\t\t\t<\/div>\n\t\t<\/article>\n\t\t\t\t<article class=\"elementor-post elementor-grid-item post-26067 post type-post status-publish format-standard has-post-thumbnail hentry category-novinky category-na-slovensku\" role=\"listitem\">\n\t\t\t<div class=\"elementor-post__card\">\n\t\t\t\t<a class=\"elementor-post__thumbnail__link\" href=\"https:\/\/www.adra.sk\/en\/koordinator-dobrocentier\/\" tabindex=\"-1\" target=\"_blank\"><div class=\"elementor-post__thumbnail\"><img loading=\"lazy\" decoding=\"async\" width=\"300\" height=\"150\" src=\"https:\/\/www.adra.sk\/wp-content\/uploads\/2022\/08\/Copy-of-Untitled-Design-6-300x150.png\" class=\"attachment-medium size-medium wp-image-25851\" alt=\"\" srcset=\"https:\/\/www.adra.sk\/wp-content\/uploads\/2022\/08\/Copy-of-Untitled-Design-6-300x150.png 300w, https:\/\/www.adra.sk\/wp-content\/uploads\/2022\/08\/Copy-of-Untitled-Design-6-1024x512.png 1024w, https:\/\/www.adra.sk\/wp-content\/uploads\/2022\/08\/Copy-of-Untitled-Design-6-768x384.png 768w, https:\/\/www.adra.sk\/wp-content\/uploads\/2022\/08\/Copy-of-Untitled-Design-6-18x9.png 18w, https:\/\/www.adra.sk\/wp-content\/uploads\/2022\/08\/Copy-of-Untitled-Design-6.png 1400w\" sizes=\"(max-width: 300px) 100vw, 300px\" \/><\/div><\/a>\n\t\t\t\t<div class=\"elementor-post__badge\">Novinky<\/div>\n\t\t\t\t<div class=\"elementor-post__text\">\n\t\t\t\t<h3 class=\"elementor-post__title\">\n\t\t\t<a href=\"https:\/\/www.adra.sk\/en\/koordinator-dobrocentier\/\" target=&quot;_blank&quot;>\n\t\t\t\tKoordin\u00e1tor DobroCentier\t\t\t<\/a>\n\t\t<\/h3>\n\t\t\t\t<div class=\"elementor-post__excerpt\">\n\t\t\t<p>H\u013ead\u00e1me nov\u00e9ho kolegu alebo kolegy\u0148u pre koordin\u00e1ciu dobrovo\u013en\u00edckej \u010dinnosti na Slovensku.<\/p>\n\t\t<\/div>\n\t\t\t\t<\/div>\n\t\t\t\t<div class=\"elementor-post__meta-data\">\n\t\t\t\t\t<span class=\"elementor-post-date\">\n\t\t\tSeptember 8, 2022\t\t<\/span>\n\t\t\t\t<\/div>\n\t\t\t\t\t<\/div>\n\t\t<\/article>\n\t\t\t\t<article class=\"elementor-post elementor-grid-item post-26016 post type-post status-publish format-standard has-post-thumbnail hentry category-ukrajina tag-ukrajina\" role=\"listitem\">\n\t\t\t<div class=\"elementor-post__card\">\n\t\t\t\t<a class=\"elementor-post__thumbnail__link\" href=\"https:\/\/www.adra.sk\/en\/pomoc-pre-12-000-ludi-na-ukrajine\/\" tabindex=\"-1\" target=\"_blank\"><div class=\"elementor-post__thumbnail\"><img loading=\"lazy\" decoding=\"async\" width=\"300\" height=\"140\" src=\"https:\/\/www.adra.sk\/wp-content\/uploads\/2022\/09\/301107720_5791942427493049_8241650662052463365_n-e1662380088857-300x140.jpg\" class=\"attachment-medium size-medium wp-image-26029\" alt=\"\" srcset=\"https:\/\/www.adra.sk\/wp-content\/uploads\/2022\/09\/301107720_5791942427493049_8241650662052463365_n-e1662380088857-300x140.jpg 300w, https:\/\/www.adra.sk\/wp-content\/uploads\/2022\/09\/301107720_5791942427493049_8241650662052463365_n-e1662380088857-1024x479.jpg 1024w, https:\/\/www.adra.sk\/wp-content\/uploads\/2022\/09\/301107720_5791942427493049_8241650662052463365_n-e1662380088857-768x359.jpg 768w, https:\/\/www.adra.sk\/wp-content\/uploads\/2022\/09\/301107720_5791942427493049_8241650662052463365_n-e1662380088857-18x8.jpg 18w, https:\/\/www.adra.sk\/wp-content\/uploads\/2022\/09\/301107720_5791942427493049_8241650662052463365_n-e1662380088857.jpg 1439w\" sizes=\"(max-width: 300px) 100vw, 300px\" \/><\/div><\/a>\n\t\t\t\t<div class=\"elementor-post__badge\">Ukrajina<\/div>\n\t\t\t\t<div class=\"elementor-post__text\">\n\t\t\t\t<h3 class=\"elementor-post__title\">\n\t\t\t<a href=\"https:\/\/www.adra.sk\/en\/pomoc-pre-12-000-ludi-na-ukrajine\/\" target=&quot;_blank&quot;>\n\t\t\t\tPomoc pre 12 000 \u013eud\u00ed na Ukrajine\t\t\t<\/a>\n\t\t<\/h3>\n\t\t\t\t<div class=\"elementor-post__excerpt\">\n\t\t\t<p>V auguste sme na Ukrajinu odoslali tri kami\u00f3ny s humanit\u00e1rnou pomocou &#8211; bal\u00edkmi s trvanliv\u00fdmi<\/p>\n\t\t<\/div>\n\t\t\t\t<\/div>\n\t\t\t\t<div class=\"elementor-post__meta-data\">\n\t\t\t\t\t<span class=\"elementor-post-date\">\n\t\t\tSeptember 5, 2022\t\t<\/span>\n\t\t\t\t<\/div>\n\t\t\t\t\t<\/div>\n\t\t<\/article>\n\t\t\t\t<article class=\"elementor-post elementor-grid-item post-25965 post type-post status-publish format-standard has-post-thumbnail hentry category-na-slovensku tag-na-slovensku\" role=\"listitem\">\n\t\t\t<div class=\"elementor-post__card\">\n\t\t\t\t<a class=\"elementor-post__thumbnail__link\" href=\"https:\/\/www.adra.sk\/en\/pohorelska-masa-2022\/\" tabindex=\"-1\" target=\"_blank\"><div class=\"elementor-post__thumbnail\"><img loading=\"lazy\" decoding=\"async\" width=\"300\" height=\"122\" src=\"https:\/\/www.adra.sk\/wp-content\/uploads\/2022\/08\/PM-17-1-scaled-e1661855841448-300x122.jpg\" class=\"attachment-medium size-medium wp-image-25966\" alt=\"\" srcset=\"https:\/\/www.adra.sk\/wp-content\/uploads\/2022\/08\/PM-17-1-scaled-e1661855841448-300x122.jpg 300w, https:\/\/www.adra.sk\/wp-content\/uploads\/2022\/08\/PM-17-1-scaled-e1661855841448-1024x417.jpg 1024w, https:\/\/www.adra.sk\/wp-content\/uploads\/2022\/08\/PM-17-1-scaled-e1661855841448-768x313.jpg 768w, https:\/\/www.adra.sk\/wp-content\/uploads\/2022\/08\/PM-17-1-scaled-e1661855841448-1536x626.jpg 1536w, https:\/\/www.adra.sk\/wp-content\/uploads\/2022\/08\/PM-17-1-scaled-e1661855841448-2048x834.jpg 2048w, https:\/\/www.adra.sk\/wp-content\/uploads\/2022\/08\/PM-17-1-scaled-e1661855841448-18x7.jpg 18w, https:\/\/www.adra.sk\/wp-content\/uploads\/2022\/08\/PM-17-1-scaled-e1661855841448-2000x815.jpg 2000w\" sizes=\"(max-width: 300px) 100vw, 300px\" \/><\/div><\/a>\n\t\t\t\t<div class=\"elementor-post__badge\">Slovensko<\/div>\n\t\t\t\t<div class=\"elementor-post__text\">\n\t\t\t\t<h3 class=\"elementor-post__title\">\n\t\t\t<a href=\"https:\/\/www.adra.sk\/en\/pohorelska-masa-2022\/\" target=&quot;_blank&quot;>\n\t\t\t\tPohorelsk\u00e1 Ma\u0161a 2022\t\t\t<\/a>\n\t\t<\/h3>\n\t\t\t\t<div class=\"elementor-post__excerpt\">\n\t\t\t<p>Po roku sme s t\u00edmom na\u0161ich dobrovo\u013en\u00edkov op\u00e4\u0165 pri\u0161li pom\u00f4c\u0165 person\u00e1lu Domova soci\u00e1lnych slu\u017eieb Pohorelsk\u00e1<\/p>\n\t\t<\/div>\n\t\t\t\t<\/div>\n\t\t\t\t<div class=\"elementor-post__meta-data\">\n\t\t\t\t\t<span class=\"elementor-post-date\">\n\t\t\tAugust 30, 2022\t\t<\/span>\n\t\t\t\t<\/div>\n\t\t\t\t\t<\/div>\n\t\t<\/article>\n\t\t\t\t<article class=\"elementor-post elementor-grid-item post-25936 post type-post status-publish format-standard has-post-thumbnail hentry category-libanon tag-libanon\" role=\"listitem\">\n\t\t\t<div class=\"elementor-post__card\">\n\t\t\t\t<a class=\"elementor-post__thumbnail__link\" href=\"https:\/\/www.adra.sk\/en\/pribeh-z-libanonu-nissren\/\" tabindex=\"-1\" target=\"_blank\"><div class=\"elementor-post__thumbnail\"><img loading=\"lazy\" decoding=\"async\" width=\"300\" height=\"158\" src=\"https:\/\/www.adra.sk\/wp-content\/uploads\/2022\/08\/20210518_101805-e1661529568590-300x158.jpg\" class=\"attachment-medium size-medium wp-image-25937\" alt=\"\" srcset=\"https:\/\/www.adra.sk\/wp-content\/uploads\/2022\/08\/20210518_101805-e1661529568590-300x158.jpg 300w, https:\/\/www.adra.sk\/wp-content\/uploads\/2022\/08\/20210518_101805-e1661529568590-1024x540.jpg 1024w, https:\/\/www.adra.sk\/wp-content\/uploads\/2022\/08\/20210518_101805-e1661529568590-768x405.jpg 768w, https:\/\/www.adra.sk\/wp-content\/uploads\/2022\/08\/20210518_101805-e1661529568590-1536x810.jpg 1536w, https:\/\/www.adra.sk\/wp-content\/uploads\/2022\/08\/20210518_101805-e1661529568590-18x9.jpg 18w, https:\/\/www.adra.sk\/wp-content\/uploads\/2022\/08\/20210518_101805-e1661529568590.jpg 1800w\" sizes=\"(max-width: 300px) 100vw, 300px\" \/><\/div><\/a>\n\t\t\t\t<div class=\"elementor-post__badge\">Libanon<\/div>\n\t\t\t\t<div class=\"elementor-post__text\">\n\t\t\t\t<h3 class=\"elementor-post__title\">\n\t\t\t<a href=\"https:\/\/www.adra.sk\/en\/pribeh-z-libanonu-nissren\/\" target=&quot;_blank&quot;>\n\t\t\t\tPr\u00edbeh z Libanonu &#8211; Nissren\t\t\t<\/a>\n\t\t<\/h3>\n\t\t\t\t<div class=\"elementor-post__excerpt\">\n\t\t\t<p>Po\u010das pobytu na\u0161ich libanonsk\u00fdch koleg\u00fd\u0148 na Slovensku sme s nimi urobili rozhovor. Pre\u010d\u00edtajte si ako<\/p>\n\t\t<\/div>\n\t\t\t\t<\/div>\n\t\t\t\t<div class=\"elementor-post__meta-data\">\n\t\t\t\t\t<span class=\"elementor-post-date\">\n\t\t\tAugust 26, 2022\t\t<\/span>\n\t\t\t\t<\/div>\n\t\t\t\t\t<\/div>\n\t\t<\/article>\n\t\t\t\t<article class=\"elementor-post elementor-grid-item post-25844 post type-post status-publish format-standard has-post-thumbnail hentry category-na-slovensku tag-dobrovolnictvo tag-na-slovensku\" role=\"listitem\">\n\t\t\t<div class=\"elementor-post__card\">\n\t\t\t\t<a class=\"elementor-post__thumbnail__link\" href=\"https:\/\/www.adra.sk\/en\/dobrovolnicky-tabor\/\" tabindex=\"-1\" target=\"_blank\"><div class=\"elementor-post__thumbnail\"><img loading=\"lazy\" decoding=\"async\" width=\"300\" height=\"124\" src=\"https:\/\/www.adra.sk\/wp-content\/uploads\/2022\/08\/NK3_7785-scaled-e1668007420756-300x124.jpg\" class=\"attachment-medium size-medium wp-image-25853\" alt=\"\" srcset=\"https:\/\/www.adra.sk\/wp-content\/uploads\/2022\/08\/NK3_7785-scaled-e1668007420756-300x124.jpg 300w, https:\/\/www.adra.sk\/wp-content\/uploads\/2022\/08\/NK3_7785-scaled-e1668007420756-1024x422.jpg 1024w, https:\/\/www.adra.sk\/wp-content\/uploads\/2022\/08\/NK3_7785-scaled-e1668007420756-768x317.jpg 768w, https:\/\/www.adra.sk\/wp-content\/uploads\/2022\/08\/NK3_7785-scaled-e1668007420756-1536x634.jpg 1536w, https:\/\/www.adra.sk\/wp-content\/uploads\/2022\/08\/NK3_7785-scaled-e1668007420756-2048x845.jpg 2048w, https:\/\/www.adra.sk\/wp-content\/uploads\/2022\/08\/NK3_7785-scaled-e1668007420756-18x7.jpg 18w, https:\/\/www.adra.sk\/wp-content\/uploads\/2022\/08\/NK3_7785-scaled-e1668007420756-2000x825.jpg 2000w\" sizes=\"(max-width: 300px) 100vw, 300px\" \/><\/div><\/a>\n\t\t\t\t<div class=\"elementor-post__badge\">Slovensko<\/div>\n\t\t\t\t<div class=\"elementor-post__text\">\n\t\t\t\t<h3 class=\"elementor-post__title\">\n\t\t\t<a href=\"https:\/\/www.adra.sk\/en\/dobrovolnicky-tabor\/\" target=&quot;_blank&quot;>\n\t\t\t\tDobrovo\u013en\u00edcky t\u00e1bor\t\t\t<\/a>\n\t\t<\/h3>\n\t\t\t\t<div class=\"elementor-post__excerpt\">\n\t\t\t<p>Spojili sme sily s organiz\u00e1ciou Maranatha a projektom Dotkni sa neba a po\u010das dvojt\u00fd\u017ed\u0148ov\u00e9ho dobrovo\u013en\u00edckeho<\/p>\n\t\t<\/div>\n\t\t\t\t<\/div>\n\t\t\t\t<div class=\"elementor-post__meta-data\">\n\t\t\t\t\t<span class=\"elementor-post-date\">\n\t\t\tAugust 15, 2022\t\t<\/span>\n\t\t\t\t<\/div>\n\t\t\t\t\t<\/div>\n\t\t<\/article>\n\t\t\t\t<article class=\"elementor-post elementor-grid-item post-25833 post type-post status-publish format-standard has-post-thumbnail hentry category-ukrajina tag-ukrajina\" role=\"listitem\">\n\t\t\t<div class=\"elementor-post__card\">\n\t\t\t\t<a class=\"elementor-post__thumbnail__link\" href=\"https:\/\/www.adra.sk\/en\/pomoc-pre-donbas\/\" tabindex=\"-1\" target=\"_blank\"><div class=\"elementor-post__thumbnail\"><img loading=\"lazy\" decoding=\"async\" width=\"300\" height=\"179\" src=\"https:\/\/www.adra.sk\/wp-content\/uploads\/2022\/08\/S-09-1-scaled-e1660555545923-300x179.jpg\" class=\"attachment-medium size-medium wp-image-25834\" alt=\"\" srcset=\"https:\/\/www.adra.sk\/wp-content\/uploads\/2022\/08\/S-09-1-scaled-e1660555545923-300x179.jpg 300w, https:\/\/www.adra.sk\/wp-content\/uploads\/2022\/08\/S-09-1-scaled-e1660555545923-1024x612.jpg 1024w, https:\/\/www.adra.sk\/wp-content\/uploads\/2022\/08\/S-09-1-scaled-e1660555545923-768x459.jpg 768w, https:\/\/www.adra.sk\/wp-content\/uploads\/2022\/08\/S-09-1-scaled-e1660555545923-1536x917.jpg 1536w, https:\/\/www.adra.sk\/wp-content\/uploads\/2022\/08\/S-09-1-scaled-e1660555545923-2048x1223.jpg 2048w, https:\/\/www.adra.sk\/wp-content\/uploads\/2022\/08\/S-09-1-scaled-e1660555545923-18x12.jpg 18w, https:\/\/www.adra.sk\/wp-content\/uploads\/2022\/08\/S-09-1-scaled-e1660555545923-2000x1195.jpg 2000w\" sizes=\"(max-width: 300px) 100vw, 300px\" \/><\/div><\/a>\n\t\t\t\t<div class=\"elementor-post__badge\">Ukrajina<\/div>\n\t\t\t\t<div class=\"elementor-post__text\">\n\t\t\t\t<h3 class=\"elementor-post__title\">\n\t\t\t<a href=\"https:\/\/www.adra.sk\/en\/pomoc-pre-donbas\/\" target=&quot;_blank&quot;>\n\t\t\t\tPomoc pre Donbas\t\t\t<\/a>\n\t\t<\/h3>\n\t\t\t\t<div class=\"elementor-post__excerpt\">\n\t\t\t<p>Na\u0161a humanit\u00e1rna pomoc smeruje na bojmi zni\u010den\u00fd Donbas.<\/p>\n\t\t<\/div>\n\t\t\t\t<\/div>\n\t\t\t\t<div class=\"elementor-post__meta-data\">\n\t\t\t\t\t<span class=\"elementor-post-date\">\n\t\t\tAugust 15, 2022\t\t<\/span>\n\t\t\t\t<\/div>\n\t\t\t\t\t<\/div>\n\t\t<\/article>\n\t\t\t\t<article class=\"elementor-post elementor-grid-item post-25789 post type-post status-publish format-standard has-post-thumbnail hentry category-ukrajina tag-ukrajina\" role=\"listitem\">\n\t\t\t<div class=\"elementor-post__card\">\n\t\t\t\t<a class=\"elementor-post__thumbnail__link\" href=\"https:\/\/www.adra.sk\/en\/aktualne-z-ukrajiny\/\" tabindex=\"-1\" target=\"_blank\"><div class=\"elementor-post__thumbnail\"><img loading=\"lazy\" decoding=\"async\" width=\"300\" height=\"139\" src=\"https:\/\/www.adra.sk\/wp-content\/uploads\/2022\/08\/D-17-1-scaled-e1660132252962-300x139.jpg\" class=\"attachment-medium size-medium wp-image-25817\" alt=\"\" srcset=\"https:\/\/www.adra.sk\/wp-content\/uploads\/2022\/08\/D-17-1-scaled-e1660132252962-300x139.jpg 300w, https:\/\/www.adra.sk\/wp-content\/uploads\/2022\/08\/D-17-1-scaled-e1660132252962-1024x476.jpg 1024w, https:\/\/www.adra.sk\/wp-content\/uploads\/2022\/08\/D-17-1-scaled-e1660132252962-768x357.jpg 768w, https:\/\/www.adra.sk\/wp-content\/uploads\/2022\/08\/D-17-1-scaled-e1660132252962-1536x714.jpg 1536w, https:\/\/www.adra.sk\/wp-content\/uploads\/2022\/08\/D-17-1-scaled-e1660132252962-2048x952.jpg 2048w, https:\/\/www.adra.sk\/wp-content\/uploads\/2022\/08\/D-17-1-scaled-e1660132252962-18x8.jpg 18w, https:\/\/www.adra.sk\/wp-content\/uploads\/2022\/08\/D-17-1-scaled-e1660132252962-2000x930.jpg 2000w\" sizes=\"(max-width: 300px) 100vw, 300px\" \/><\/div><\/a>\n\t\t\t\t<div class=\"elementor-post__badge\">Ukrajina<\/div>\n\t\t\t\t<div class=\"elementor-post__text\">\n\t\t\t\t<h3 class=\"elementor-post__title\">\n\t\t\t<a href=\"https:\/\/www.adra.sk\/en\/aktualne-z-ukrajiny\/\" target=&quot;_blank&quot;>\n\t\t\t\tAktu\u00e1lne z Ukrajiny\t\t\t<\/a>\n\t\t<\/h3>\n\t\t\t\t<div class=\"elementor-post__excerpt\">\n\t\t\t<p>Priamo z Ukrajiny p\u00ed\u0161e n\u00e1\u0161 riadite\u013e Stano Bielik, ktor\u00fd nav\u0161t\u00edvil ukrajinsk\u00fa pobo\u010dku ADRA a z\u00fa\u010dastnil<\/p>\n\t\t<\/div>\n\t\t\t\t<\/div>\n\t\t\t\t<div class=\"elementor-post__meta-data\">\n\t\t\t\t\t<span class=\"elementor-post-date\">\n\t\t\tAugust 10, 2022\t\t<\/span>\n\t\t\t\t<\/div>\n\t\t\t\t\t<\/div>\n\t\t<\/article>\n\t\t\t\t<article class=\"elementor-post elementor-grid-item post-25766 post type-post status-publish format-standard has-post-thumbnail hentry category-ukrajina category-vo-svete tag-libanon tag-ukrajina\" role=\"listitem\">\n\t\t\t<div class=\"elementor-post__card\">\n\t\t\t\t<a class=\"elementor-post__thumbnail__link\" href=\"https:\/\/www.adra.sk\/en\/nove-projekty\/\" tabindex=\"-1\" target=\"_blank\"><div class=\"elementor-post__thumbnail\"><img loading=\"lazy\" decoding=\"async\" width=\"300\" height=\"118\" src=\"https:\/\/www.adra.sk\/wp-content\/uploads\/2022\/08\/Untitled-design-44-300x118.png\" class=\"attachment-medium size-medium wp-image-25778\" alt=\"\" srcset=\"https:\/\/www.adra.sk\/wp-content\/uploads\/2022\/08\/Untitled-design-44-300x118.png 300w, https:\/\/www.adra.sk\/wp-content\/uploads\/2022\/08\/Untitled-design-44-1024x403.png 1024w, https:\/\/www.adra.sk\/wp-content\/uploads\/2022\/08\/Untitled-design-44-768x302.png 768w, https:\/\/www.adra.sk\/wp-content\/uploads\/2022\/08\/Untitled-design-44-18x7.png 18w, https:\/\/www.adra.sk\/wp-content\/uploads\/2022\/08\/Untitled-design-44.png 1128w\" sizes=\"(max-width: 300px) 100vw, 300px\" \/><\/div><\/a>\n\t\t\t\t<div class=\"elementor-post__badge\">Ukrajina<\/div>\n\t\t\t\t<div class=\"elementor-post__text\">\n\t\t\t\t<h3 class=\"elementor-post__title\">\n\t\t\t<a href=\"https:\/\/www.adra.sk\/en\/nove-projekty\/\" target=&quot;_blank&quot;>\n\t\t\t\tNov\u00e9 projekty\t\t\t<\/a>\n\t\t<\/h3>\n\t\t\t\t<div class=\"elementor-post__excerpt\">\n\t\t\t<p>M\u00e1me skvel\u00e9 spr\u00e1vy! Z\u00edskali sme dva nov\u00e9 projekty na Ukrajine a v Libanone.&nbsp;<\/p>\n\t\t<\/div>\n\t\t\t\t<\/div>\n\t\t\t\t<div class=\"elementor-post__meta-data\">\n\t\t\t\t\t<span class=\"elementor-post-date\">\n\t\t\tAugust 3, 2022\t\t<\/span>\n\t\t\t\t<\/div>\n\t\t\t\t\t<\/div>\n\t\t<\/article>\n\t\t\t\t<article class=\"elementor-post elementor-grid-item post-25721 post type-post status-publish format-standard has-post-thumbnail hentry category-libanon tag-libanon\" role=\"listitem\">\n\t\t\t<div class=\"elementor-post__card\">\n\t\t\t\t<a class=\"elementor-post__thumbnail__link\" href=\"https:\/\/www.adra.sk\/en\/navsteva-z-libanon\/\" tabindex=\"-1\" target=\"_blank\"><div class=\"elementor-post__thumbnail\"><img loading=\"lazy\" decoding=\"async\" width=\"300\" height=\"100\" src=\"https:\/\/www.adra.sk\/wp-content\/uploads\/2022\/08\/20220720_135146-scaled-e1659541866547-300x100.jpg\" class=\"attachment-medium size-medium wp-image-25722\" alt=\"\" srcset=\"https:\/\/www.adra.sk\/wp-content\/uploads\/2022\/08\/20220720_135146-scaled-e1659541866547-300x100.jpg 300w, https:\/\/www.adra.sk\/wp-content\/uploads\/2022\/08\/20220720_135146-scaled-e1659541866547-1024x340.jpg 1024w, https:\/\/www.adra.sk\/wp-content\/uploads\/2022\/08\/20220720_135146-scaled-e1659541866547-768x255.jpg 768w, https:\/\/www.adra.sk\/wp-content\/uploads\/2022\/08\/20220720_135146-scaled-e1659541866547-1536x511.jpg 1536w, https:\/\/www.adra.sk\/wp-content\/uploads\/2022\/08\/20220720_135146-scaled-e1659541866547-2048x681.jpg 2048w, https:\/\/www.adra.sk\/wp-content\/uploads\/2022\/08\/20220720_135146-scaled-e1659541866547-18x6.jpg 18w, https:\/\/www.adra.sk\/wp-content\/uploads\/2022\/08\/20220720_135146-scaled-e1659541866547-2000x665.jpg 2000w\" sizes=\"(max-width: 300px) 100vw, 300px\" \/><\/div><\/a>\n\t\t\t\t<div class=\"elementor-post__badge\">Libanon<\/div>\n\t\t\t\t<div class=\"elementor-post__text\">\n\t\t\t\t<h3 class=\"elementor-post__title\">\n\t\t\t<a href=\"https:\/\/www.adra.sk\/en\/navsteva-z-libanon\/\" target=&quot;_blank&quot;>\n\t\t\t\tN\u00e1v\u0161teva z Libanonu\t\t\t<\/a>\n\t\t<\/h3>\n\t\t\t\t<div class=\"elementor-post__excerpt\">\n\t\t\t<p>Minul\u00fd t\u00fd\u017ede\u0148 k n\u00e1m zav\u00edtali na\u0161i projektov\u00ed partneri z ADRA Libanon, s ktor\u00fdmi realizujeme projekt<\/p>\n\t\t<\/div>\n\t\t\t\t<\/div>\n\t\t\t\t<div class=\"elementor-post__meta-data\">\n\t\t\t\t\t<span class=\"elementor-post-date\">\n\t\t\tAugust 3, 2022\t\t<\/span>\n\t\t\t\t<\/div>\n\t\t\t\t\t<\/div>\n\t\t<\/article>\n\t\t\t\t<article class=\"elementor-post elementor-grid-item post-25690 post type-post status-publish format-standard has-post-thumbnail hentry category-ukrajina tag-ukrajina\" role=\"listitem\">\n\t\t\t<div class=\"elementor-post__card\">\n\t\t\t\t<a class=\"elementor-post__thumbnail__link\" href=\"https:\/\/www.adra.sk\/en\/humanitarny-koridor\/\" tabindex=\"-1\" target=\"_blank\"><div class=\"elementor-post__thumbnail\"><img loading=\"lazy\" decoding=\"async\" width=\"300\" height=\"124\" src=\"https:\/\/www.adra.sk\/wp-content\/uploads\/2022\/08\/295010149_782981353064386_1164196156630597665_n-1-e1659539999126-300x124.jpg\" class=\"attachment-medium size-medium wp-image-25707\" alt=\"\" srcset=\"https:\/\/www.adra.sk\/wp-content\/uploads\/2022\/08\/295010149_782981353064386_1164196156630597665_n-1-e1659539999126-300x124.jpg 300w, https:\/\/www.adra.sk\/wp-content\/uploads\/2022\/08\/295010149_782981353064386_1164196156630597665_n-1-e1659539999126-1024x422.jpg 1024w, https:\/\/www.adra.sk\/wp-content\/uploads\/2022\/08\/295010149_782981353064386_1164196156630597665_n-1-e1659539999126-768x317.jpg 768w, https:\/\/www.adra.sk\/wp-content\/uploads\/2022\/08\/295010149_782981353064386_1164196156630597665_n-1-e1659539999126-1536x633.jpg 1536w, https:\/\/www.adra.sk\/wp-content\/uploads\/2022\/08\/295010149_782981353064386_1164196156630597665_n-1-e1659539999126-18x7.jpg 18w, https:\/\/www.adra.sk\/wp-content\/uploads\/2022\/08\/295010149_782981353064386_1164196156630597665_n-1-e1659539999126.jpg 1979w\" sizes=\"(max-width: 300px) 100vw, 300px\" \/><\/div><\/a>\n\t\t\t\t<div class=\"elementor-post__badge\">Ukrajina<\/div>\n\t\t\t\t<div class=\"elementor-post__text\">\n\t\t\t\t<h3 class=\"elementor-post__title\">\n\t\t\t<a href=\"https:\/\/www.adra.sk\/en\/humanitarny-koridor\/\" target=&quot;_blank&quot;>\n\t\t\t\tHumanit\u00e1rny koridor\t\t\t<\/a>\n\t\t<\/h3>\n\t\t\t\t<div class=\"elementor-post__excerpt\">\n\t\t\t<p>Z\u00edskali sme certifik\u00e1ciu, ktor\u00e1 n\u00e1m v r\u00e1mci humanit\u00e1rneho koridoru umo\u017e\u0148uje jazdi\u0165 na Ukrajinu pod ofici\u00e1lnym<\/p>\n\t\t<\/div>\n\t\t\t\t<\/div>\n\t\t\t\t<div class=\"elementor-post__meta-data\">\n\t\t\t\t\t<span class=\"elementor-post-date\">\n\t\t\tAugust 3, 2022\t\t<\/span>\n\t\t\t\t<\/div>\n\t\t\t\t\t<\/div>\n\t\t<\/article>\n\t\t\t\t<article class=\"elementor-post elementor-grid-item post-25421 post type-post status-publish format-standard has-post-thumbnail hentry category-na-slovensku tag-na-slovensku tag-ukrajina\" role=\"listitem\">\n\t\t\t<div class=\"elementor-post__card\">\n\t\t\t\t<a class=\"elementor-post__thumbnail__link\" href=\"https:\/\/www.adra.sk\/en\/adra-na-pohode\/\" tabindex=\"-1\" target=\"_blank\"><div class=\"elementor-post__thumbnail\"><img loading=\"lazy\" decoding=\"async\" width=\"300\" height=\"124\" src=\"https:\/\/www.adra.sk\/wp-content\/uploads\/2022\/07\/IMG-20220707-WA0004-e1657349026339-300x124.jpg\" class=\"attachment-medium size-medium wp-image-25424\" alt=\"\" srcset=\"https:\/\/www.adra.sk\/wp-content\/uploads\/2022\/07\/IMG-20220707-WA0004-e1657349026339-300x124.jpg 300w, https:\/\/www.adra.sk\/wp-content\/uploads\/2022\/07\/IMG-20220707-WA0004-e1657349026339-1024x425.jpg 1024w, https:\/\/www.adra.sk\/wp-content\/uploads\/2022\/07\/IMG-20220707-WA0004-e1657349026339-768x319.jpg 768w, https:\/\/www.adra.sk\/wp-content\/uploads\/2022\/07\/IMG-20220707-WA0004-e1657349026339-1536x637.jpg 1536w, https:\/\/www.adra.sk\/wp-content\/uploads\/2022\/07\/IMG-20220707-WA0004-e1657349026339-18x7.jpg 18w, https:\/\/www.adra.sk\/wp-content\/uploads\/2022\/07\/IMG-20220707-WA0004-e1657349026339.jpg 1895w\" sizes=\"(max-width: 300px) 100vw, 300px\" \/><\/div><\/a>\n\t\t\t\t<div class=\"elementor-post__badge\">Slovensko<\/div>\n\t\t\t\t<div class=\"elementor-post__text\">\n\t\t\t\t<h3 class=\"elementor-post__title\">\n\t\t\t<a href=\"https:\/\/www.adra.sk\/en\/adra-na-pohode\/\" target=&quot;_blank&quot;>\n\t\t\t\tADRA na Pohode\t\t\t<\/a>\n\t\t<\/h3>\n\t\t\t\t<div class=\"elementor-post__excerpt\">\n\t\t\t<p>Festival Pohoda je pr\u00edle\u017eitos\u0165ou zapoji\u0165 sa do pomoci Ukrajine. \u00da\u010dastn\u00edci m\u00f4\u017eu sami nabali\u0165 bal\u00edk humanit\u00e1rnej<\/p>\n\t\t<\/div>\n\t\t\t\t<\/div>\n\t\t\t\t<div class=\"elementor-post__meta-data\">\n\t\t\t\t\t<span class=\"elementor-post-date\">\n\t\t\tJuly 9, 2022\t\t<\/span>\n\t\t\t\t<\/div>\n\t\t\t\t\t<\/div>\n\t\t<\/article>\n\t\t\t\t<article class=\"elementor-post elementor-grid-item post-25369 post type-post status-publish format-standard has-post-thumbnail hentry category-na-slovensku tag-na-slovensku\" role=\"listitem\">\n\t\t\t<div class=\"elementor-post__card\">\n\t\t\t\t<a class=\"elementor-post__thumbnail__link\" href=\"https:\/\/www.adra.sk\/en\/kongres-rodin-2022\/\" tabindex=\"-1\" target=\"_blank\"><div class=\"elementor-post__thumbnail\"><img loading=\"lazy\" decoding=\"async\" width=\"300\" height=\"139\" src=\"https:\/\/www.adra.sk\/wp-content\/uploads\/2022\/07\/IMG_20220703_100638-scaled-e1657266703163-300x139.jpg\" class=\"attachment-medium size-medium wp-image-25389\" alt=\"\" srcset=\"https:\/\/www.adra.sk\/wp-content\/uploads\/2022\/07\/IMG_20220703_100638-scaled-e1657266703163-300x139.jpg 300w, https:\/\/www.adra.sk\/wp-content\/uploads\/2022\/07\/IMG_20220703_100638-scaled-e1657266703163-1024x476.jpg 1024w, https:\/\/www.adra.sk\/wp-content\/uploads\/2022\/07\/IMG_20220703_100638-scaled-e1657266703163-768x357.jpg 768w, https:\/\/www.adra.sk\/wp-content\/uploads\/2022\/07\/IMG_20220703_100638-scaled-e1657266703163-1536x714.jpg 1536w, https:\/\/www.adra.sk\/wp-content\/uploads\/2022\/07\/IMG_20220703_100638-scaled-e1657266703163-2048x952.jpg 2048w, https:\/\/www.adra.sk\/wp-content\/uploads\/2022\/07\/IMG_20220703_100638-scaled-e1657266703163-18x8.jpg 18w, https:\/\/www.adra.sk\/wp-content\/uploads\/2022\/07\/IMG_20220703_100638-scaled-e1657266703163-2000x930.jpg 2000w\" sizes=\"(max-width: 300px) 100vw, 300px\" \/><\/div><\/a>\n\t\t\t\t<div class=\"elementor-post__badge\">Slovensko<\/div>\n\t\t\t\t<div class=\"elementor-post__text\">\n\t\t\t\t<h3 class=\"elementor-post__title\">\n\t\t\t<a href=\"https:\/\/www.adra.sk\/en\/kongres-rodin-2022\/\" target=&quot;_blank&quot;>\n\t\t\t\tKongres rod\u00edn 2022\t\t\t<\/a>\n\t\t<\/h3>\n\t\t\t\t<div class=\"elementor-post__excerpt\">\n\t\t\t<p>Na \u0160trbskom Plese sme sa z\u00fa\u010dastnili Kongresu Rod\u00edn. V r\u00e1mci 3-d\u0148ov\u00e9ho pobytu sme sa rozpr\u00e1vali<\/p>\n\t\t<\/div>\n\t\t\t\t<\/div>\n\t\t\t\t<div class=\"elementor-post__meta-data\">\n\t\t\t\t\t<span class=\"elementor-post-date\">\n\t\t\tJuly 8, 2022\t\t<\/span>\n\t\t\t\t<\/div>\n\t\t\t\t\t<\/div>\n\t\t<\/article>\n\t\t\t\t<article class=\"elementor-post elementor-grid-item post-24914 post type-post status-publish format-standard has-post-thumbnail hentry category-ukrajina tag-ukrajina\" role=\"listitem\">\n\t\t\t<div class=\"elementor-post__card\">\n\t\t\t\t<a class=\"elementor-post__thumbnail__link\" href=\"https:\/\/www.adra.sk\/en\/pomoc-pre-nemocnicu-na-ukrajine\/\" tabindex=\"-1\" target=\"_blank\"><div class=\"elementor-post__thumbnail\"><img loading=\"lazy\" decoding=\"async\" width=\"300\" height=\"185\" src=\"https:\/\/www.adra.sk\/wp-content\/uploads\/2022\/07\/291948740_5646591798694780_7161893955826814936_n-e1657048176215-300x185.jpg\" class=\"attachment-medium size-medium wp-image-24918\" alt=\"\" srcset=\"https:\/\/www.adra.sk\/wp-content\/uploads\/2022\/07\/291948740_5646591798694780_7161893955826814936_n-e1657048176215-300x185.jpg 300w, https:\/\/www.adra.sk\/wp-content\/uploads\/2022\/07\/291948740_5646591798694780_7161893955826814936_n-e1657048176215-1024x633.jpg 1024w, https:\/\/www.adra.sk\/wp-content\/uploads\/2022\/07\/291948740_5646591798694780_7161893955826814936_n-e1657048176215-768x474.jpg 768w, https:\/\/www.adra.sk\/wp-content\/uploads\/2022\/07\/291948740_5646591798694780_7161893955826814936_n-e1657048176215-18x12.jpg 18w, https:\/\/www.adra.sk\/wp-content\/uploads\/2022\/07\/291948740_5646591798694780_7161893955826814936_n-e1657048176215.jpg 1439w\" sizes=\"(max-width: 300px) 100vw, 300px\" \/><\/div><\/a>\n\t\t\t\t<div class=\"elementor-post__badge\">Ukrajina<\/div>\n\t\t\t\t<div class=\"elementor-post__text\">\n\t\t\t\t<h3 class=\"elementor-post__title\">\n\t\t\t<a href=\"https:\/\/www.adra.sk\/en\/pomoc-pre-nemocnicu-na-ukrajine\/\" target=&quot;_blank&quot;>\n\t\t\t\tPomoc pre nemocnicu na Ukrajine\t\t\t<\/a>\n\t\t<\/h3>\n\t\t\t\t<div class=\"elementor-post__excerpt\">\n\t\t\t<p>Do multidisciplin\u00e1rnej nemocnice v meste Talne v \u010cerkaskej oblasti sme prepravili 33 paliet zdravotn\u00edckych potrieb.<\/p>\n\t\t<\/div>\n\t\t\t\t<\/div>\n\t\t\t\t<div class=\"elementor-post__meta-data\">\n\t\t\t\t\t<span class=\"elementor-post-date\">\n\t\t\tJuly 5, 2022\t\t<\/span>\n\t\t\t\t<\/div>\n\t\t\t\t\t<\/div>\n\t\t<\/article>\n\t\t\t\t<article class=\"elementor-post elementor-grid-item post-24904 post type-post status-publish format-standard has-post-thumbnail hentry category-srbsko category-vo-svete tag-dobrovolnictvo\" role=\"listitem\">\n\t\t\t<div class=\"elementor-post__card\">\n\t\t\t\t<a class=\"elementor-post__thumbnail__link\" href=\"https:\/\/www.adra.sk\/en\/hladame-3-dobrovolnikov-do-albanska-a-srbska\/\" tabindex=\"-1\" target=\"_blank\"><div class=\"elementor-post__thumbnail\"><img loading=\"lazy\" decoding=\"async\" width=\"300\" height=\"100\" src=\"https:\/\/www.adra.sk\/wp-content\/uploads\/2022\/07\/pppp-1-e1662623462638-300x100.png\" class=\"attachment-medium size-medium wp-image-26055\" alt=\"\" srcset=\"https:\/\/www.adra.sk\/wp-content\/uploads\/2022\/07\/pppp-1-e1662623462638-300x100.png 300w, https:\/\/www.adra.sk\/wp-content\/uploads\/2022\/07\/pppp-1-e1662623462638-768x255.png 768w, https:\/\/www.adra.sk\/wp-content\/uploads\/2022\/07\/pppp-1-e1662623462638-18x6.png 18w, https:\/\/www.adra.sk\/wp-content\/uploads\/2022\/07\/pppp-1-e1662623462638.png 990w\" sizes=\"(max-width: 300px) 100vw, 300px\" \/><\/div><\/a>\n\t\t\t\t<div class=\"elementor-post__badge\">Srbsko<\/div>\n\t\t\t\t<div class=\"elementor-post__text\">\n\t\t\t\t<h3 class=\"elementor-post__title\">\n\t\t\t<a href=\"https:\/\/www.adra.sk\/en\/hladame-3-dobrovolnikov-do-albanska-a-srbska\/\" target=&quot;_blank&quot;>\n\t\t\t\tH\u013ead\u00e1me 2 dobrovo\u013en\u00edkov\/\u010dky do Srbska (uz\u00e1vierka 25.9)\t\t\t<\/a>\n\t\t<\/h3>\n\t\t\t\t<div class=\"elementor-post__excerpt\">\n\t\t\t<p>Prihl\u00e1s sa do 25.9 a vycestuj s nami ako rozvojov\u00fd\/\u00e1 dobrovo\u013en\u00edk\/\u010dka do Srbska. V\u0161etky tvoje<\/p>\n\t\t<\/div>\n\t\t\t\t<\/div>\n\t\t\t\t<div class=\"elementor-post__meta-data\">\n\t\t\t\t\t<span class=\"elementor-post-date\">\n\t\t\tJuly 4, 2022\t\t<\/span>\n\t\t\t\t<\/div>\n\t\t\t\t\t<\/div>\n\t\t<\/article>\n\t\t\t\t<article class=\"elementor-post elementor-grid-item post-24717 post type-post status-publish format-standard has-post-thumbnail hentry category-vo-svete tag-dobrovolnictvo\" role=\"listitem\">\n\t\t\t<div class=\"elementor-post__card\">\n\t\t\t\t<a class=\"elementor-post__thumbnail__link\" href=\"https:\/\/www.adra.sk\/en\/monitorovacia-cesta-do-istanbulu\/\" tabindex=\"-1\" target=\"_blank\"><div class=\"elementor-post__thumbnail\"><img loading=\"lazy\" decoding=\"async\" width=\"300\" height=\"89\" src=\"https:\/\/www.adra.sk\/wp-content\/uploads\/2022\/07\/20220701_162635-1-scaled-e1656784243627-300x89.jpg\" class=\"attachment-medium size-medium wp-image-24723\" alt=\"\" srcset=\"https:\/\/www.adra.sk\/wp-content\/uploads\/2022\/07\/20220701_162635-1-scaled-e1656784243627-300x89.jpg 300w, https:\/\/www.adra.sk\/wp-content\/uploads\/2022\/07\/20220701_162635-1-scaled-e1656784243627-1024x304.jpg 1024w, https:\/\/www.adra.sk\/wp-content\/uploads\/2022\/07\/20220701_162635-1-scaled-e1656784243627-768x228.jpg 768w, https:\/\/www.adra.sk\/wp-content\/uploads\/2022\/07\/20220701_162635-1-scaled-e1656784243627-1536x457.jpg 1536w, https:\/\/www.adra.sk\/wp-content\/uploads\/2022\/07\/20220701_162635-1-scaled-e1656784243627-2048x609.jpg 2048w, https:\/\/www.adra.sk\/wp-content\/uploads\/2022\/07\/20220701_162635-1-scaled-e1656784243627-18x5.jpg 18w, https:\/\/www.adra.sk\/wp-content\/uploads\/2022\/07\/20220701_162635-1-scaled-e1656784243627-2000x595.jpg 2000w\" sizes=\"(max-width: 300px) 100vw, 300px\" \/><\/div><\/a>\n\t\t\t\t<div class=\"elementor-post__badge\">Vo svete<\/div>\n\t\t\t\t<div class=\"elementor-post__text\">\n\t\t\t\t<h3 class=\"elementor-post__title\">\n\t\t\t<a href=\"https:\/\/www.adra.sk\/en\/monitorovacia-cesta-do-istanbulu\/\" target=&quot;_blank&quot;>\n\t\t\t\tMonitorovacia cesta do Istanbulu\t\t\t<\/a>\n\t\t<\/h3>\n\t\t\t\t<div class=\"elementor-post__excerpt\">\n\t\t\t<p>V r\u00e1mci monitoringu projektu sme nav\u0161t\u00edvili Istanbul a priv\u00edtali v \u0148om na\u0161u EU Aid dobrovo\u013en\u00ed\u010dku<\/p>\n\t\t<\/div>\n\t\t\t\t<\/div>\n\t\t\t\t<div class=\"elementor-post__meta-data\">\n\t\t\t\t\t<span class=\"elementor-post-date\">\n\t\t\tJuly 2, 2022\t\t<\/span>\n\t\t\t\t<\/div>\n\t\t\t\t\t<\/div>\n\t\t<\/article>\n\t\t\t\t<article class=\"elementor-post elementor-grid-item post-24649 post type-post status-publish format-standard has-post-thumbnail hentry category-srbsko tag-dobrovolnictvo tag-srbsko\" role=\"listitem\">\n\t\t\t<div class=\"elementor-post__card\">\n\t\t\t\t<a class=\"elementor-post__thumbnail__link\" href=\"https:\/\/www.adra.sk\/en\/nikto-bez-domova\/\" tabindex=\"-1\" target=\"_blank\"><div class=\"elementor-post__thumbnail\"><img loading=\"lazy\" decoding=\"async\" width=\"300\" height=\"135\" src=\"https:\/\/www.adra.sk\/wp-content\/uploads\/2022\/06\/tttt-300x135.jpg\" class=\"attachment-medium size-medium wp-image-24658\" alt=\"\" srcset=\"https:\/\/www.adra.sk\/wp-content\/uploads\/2022\/06\/tttt-300x135.jpg 300w, https:\/\/www.adra.sk\/wp-content\/uploads\/2022\/06\/tttt-1024x462.jpg 1024w, https:\/\/www.adra.sk\/wp-content\/uploads\/2022\/06\/tttt-768x346.jpg 768w, https:\/\/www.adra.sk\/wp-content\/uploads\/2022\/06\/tttt-1536x693.jpg 1536w, https:\/\/www.adra.sk\/wp-content\/uploads\/2022\/06\/tttt-18x8.jpg 18w, https:\/\/www.adra.sk\/wp-content\/uploads\/2022\/06\/tttt.jpg 1734w\" sizes=\"(max-width: 300px) 100vw, 300px\" \/><\/div><\/a>\n\t\t\t\t<div class=\"elementor-post__badge\">Srbsko<\/div>\n\t\t\t\t<div class=\"elementor-post__text\">\n\t\t\t\t<h3 class=\"elementor-post__title\">\n\t\t\t<a href=\"https:\/\/www.adra.sk\/en\/nikto-bez-domova\/\" target=&quot;_blank&quot;>\n\t\t\t\tNikto bez domova\t\t\t<\/a>\n\t\t<\/h3>\n\t\t\t\t<div class=\"elementor-post__excerpt\">\n\t\t\t<p>O hist\u00f3rii bezdomovstva v Srbsku a pre\u010do je tak\u00e9 jednoduch\u00e9 skon\u010di\u0165 zo d\u0148a na de\u0148<\/p>\n\t\t<\/div>\n\t\t\t\t<\/div>\n\t\t\t\t<div class=\"elementor-post__meta-data\">\n\t\t\t\t\t<span class=\"elementor-post-date\">\n\t\t\tJune 21, 2022\t\t<\/span>\n\t\t\t\t<\/div>\n\t\t\t\t\t<\/div>\n\t\t<\/article>\n\t\t\t\t<article class=\"elementor-post elementor-grid-item post-24233 post type-post status-publish format-standard has-post-thumbnail hentry category-uganda category-vo-svete tag-uganda\" role=\"listitem\">\n\t\t\t<div class=\"elementor-post__card\">\n\t\t\t\t<a class=\"elementor-post__thumbnail__link\" href=\"https:\/\/www.adra.sk\/en\/den-utecencov-v-ugande\/\" tabindex=\"-1\" target=\"_blank\"><div class=\"elementor-post__thumbnail\"><img loading=\"lazy\" decoding=\"async\" width=\"300\" height=\"171\" src=\"https:\/\/www.adra.sk\/wp-content\/uploads\/2022\/06\/SU-10-1-scaled-e1655624693711-300x171.jpg\" class=\"attachment-medium size-medium wp-image-24268\" alt=\"\" srcset=\"https:\/\/www.adra.sk\/wp-content\/uploads\/2022\/06\/SU-10-1-scaled-e1655624693711-300x171.jpg 300w, https:\/\/www.adra.sk\/wp-content\/uploads\/2022\/06\/SU-10-1-scaled-e1655624693711-1024x583.jpg 1024w, https:\/\/www.adra.sk\/wp-content\/uploads\/2022\/06\/SU-10-1-scaled-e1655624693711-768x437.jpg 768w, https:\/\/www.adra.sk\/wp-content\/uploads\/2022\/06\/SU-10-1-scaled-e1655624693711-1536x875.jpg 1536w, https:\/\/www.adra.sk\/wp-content\/uploads\/2022\/06\/SU-10-1-scaled-e1655624693711-2048x1166.jpg 2048w, https:\/\/www.adra.sk\/wp-content\/uploads\/2022\/06\/SU-10-1-scaled-e1655624693711-18x10.jpg 18w, https:\/\/www.adra.sk\/wp-content\/uploads\/2022\/06\/SU-10-1-scaled-e1655624693711-2000x1139.jpg 2000w\" sizes=\"(max-width: 300px) 100vw, 300px\" \/><\/div><\/a>\n\t\t\t\t<div class=\"elementor-post__badge\">Uganda<\/div>\n\t\t\t\t<div class=\"elementor-post__text\">\n\t\t\t\t<h3 class=\"elementor-post__title\">\n\t\t\t<a href=\"https:\/\/www.adra.sk\/en\/den-utecencov-v-ugande\/\" target=&quot;_blank&quot;>\n\t\t\t\tDe\u0148 ute\u010dencov v Ugande\t\t\t<\/a>\n\t\t<\/h3>\n\t\t\t\t<div class=\"elementor-post__excerpt\">\n\t\t\t<p>V Ugande si pripom\u00edname Svetov\u00fd de\u0148 ute\u010dencov. Str\u00e1vili sme ho v ute\u010deneckom os\u00eddli Kyaka II.,<\/p>\n\t\t<\/div>\n\t\t\t\t<\/div>\n\t\t\t\t<div class=\"elementor-post__meta-data\">\n\t\t\t\t\t<span class=\"elementor-post-date\">\n\t\t\tJune 19, 2022\t\t<\/span>\n\t\t\t\t<\/div>\n\t\t\t\t\t<\/div>\n\t\t<\/article>\n\t\t\t\t<article class=\"elementor-post elementor-grid-item post-24218 post type-post status-publish format-standard has-post-thumbnail hentry category-uganda category-vo-svete tag-dobrovolnictvo tag-uganda\" role=\"listitem\">\n\t\t\t<div class=\"elementor-post__card\">\n\t\t\t\t<a class=\"elementor-post__thumbnail__link\" href=\"https:\/\/www.adra.sk\/en\/dobrovolnictvo-v-ugande\/\" tabindex=\"-1\" target=\"_blank\"><div class=\"elementor-post__thumbnail\"><img loading=\"lazy\" decoding=\"async\" width=\"300\" height=\"152\" src=\"https:\/\/www.adra.sk\/wp-content\/uploads\/2022\/06\/SU-02-scaled-e1655554031201-300x152.jpg\" class=\"attachment-medium size-medium wp-image-24230\" alt=\"\" srcset=\"https:\/\/www.adra.sk\/wp-content\/uploads\/2022\/06\/SU-02-scaled-e1655554031201-300x152.jpg 300w, https:\/\/www.adra.sk\/wp-content\/uploads\/2022\/06\/SU-02-scaled-e1655554031201-1024x519.jpg 1024w, https:\/\/www.adra.sk\/wp-content\/uploads\/2022\/06\/SU-02-scaled-e1655554031201-768x389.jpg 768w, https:\/\/www.adra.sk\/wp-content\/uploads\/2022\/06\/SU-02-scaled-e1655554031201-1536x779.jpg 1536w, https:\/\/www.adra.sk\/wp-content\/uploads\/2022\/06\/SU-02-scaled-e1655554031201-2048x1038.jpg 2048w, https:\/\/www.adra.sk\/wp-content\/uploads\/2022\/06\/SU-02-scaled-e1655554031201-18x9.jpg 18w, https:\/\/www.adra.sk\/wp-content\/uploads\/2022\/06\/SU-02-scaled-e1655554031201-2000x1014.jpg 2000w\" sizes=\"(max-width: 300px) 100vw, 300px\" \/><\/div><\/a>\n\t\t\t\t<div class=\"elementor-post__badge\">Uganda<\/div>\n\t\t\t\t<div class=\"elementor-post__text\">\n\t\t\t\t<h3 class=\"elementor-post__title\">\n\t\t\t<a href=\"https:\/\/www.adra.sk\/en\/dobrovolnictvo-v-ugande\/\" target=&quot;_blank&quot;>\n\t\t\t\tDobrovo\u013en\u00edctvo v Ugande\t\t\t<\/a>\n\t\t<\/h3>\n\t\t\t\t<div class=\"elementor-post__excerpt\">\n\t\t\t<p>V r\u00e1mci iniciat\u00edvy EU Aid dobrovo\u013en\u00edci budeme u\u017e onedlho vysiela\u0165 3 dobrovo\u013en\u00edkov a dobrovo\u013en\u00ed\u010dky do<\/p>\n\t\t<\/div>\n\t\t\t\t<\/div>\n\t\t\t\t<div class=\"elementor-post__meta-data\">\n\t\t\t\t\t<span class=\"elementor-post-date\">\n\t\t\tJune 18, 2022\t\t<\/span>\n\t\t\t\t<\/div>\n\t\t\t\t\t<\/div>\n\t\t<\/article>\n\t\t\t\t<article class=\"elementor-post elementor-grid-item post-24203 post type-post status-publish format-standard has-post-thumbnail hentry category-ukrajina tag-ukrajina\" role=\"listitem\">\n\t\t\t<div class=\"elementor-post__card\">\n\t\t\t\t<a class=\"elementor-post__thumbnail__link\" href=\"https:\/\/www.adra.sk\/en\/pomoc-pre-nemocnicu-v-charkove\/\" tabindex=\"-1\" target=\"_blank\"><div class=\"elementor-post__thumbnail\"><img loading=\"lazy\" decoding=\"async\" width=\"300\" height=\"121\" src=\"https:\/\/www.adra.sk\/wp-content\/uploads\/2022\/06\/20220616_095548-scaled-e1655548157721-300x121.jpg\" class=\"attachment-medium size-medium wp-image-24216\" alt=\"\" srcset=\"https:\/\/www.adra.sk\/wp-content\/uploads\/2022\/06\/20220616_095548-scaled-e1655548157721-300x121.jpg 300w, https:\/\/www.adra.sk\/wp-content\/uploads\/2022\/06\/20220616_095548-scaled-e1655548157721-1024x414.jpg 1024w, https:\/\/www.adra.sk\/wp-content\/uploads\/2022\/06\/20220616_095548-scaled-e1655548157721-768x311.jpg 768w, https:\/\/www.adra.sk\/wp-content\/uploads\/2022\/06\/20220616_095548-scaled-e1655548157721-1536x622.jpg 1536w, https:\/\/www.adra.sk\/wp-content\/uploads\/2022\/06\/20220616_095548-scaled-e1655548157721-2048x829.jpg 2048w, https:\/\/www.adra.sk\/wp-content\/uploads\/2022\/06\/20220616_095548-scaled-e1655548157721-18x7.jpg 18w, https:\/\/www.adra.sk\/wp-content\/uploads\/2022\/06\/20220616_095548-scaled-e1655548157721-2000x809.jpg 2000w\" sizes=\"(max-width: 300px) 100vw, 300px\" \/><\/div><\/a>\n\t\t\t\t<div class=\"elementor-post__badge\">Ukrajina<\/div>\n\t\t\t\t<div class=\"elementor-post__text\">\n\t\t\t\t<h3 class=\"elementor-post__title\">\n\t\t\t<a href=\"https:\/\/www.adra.sk\/en\/pomoc-pre-nemocnicu-v-charkove\/\" target=&quot;_blank&quot;>\n\t\t\t\tPomoc pre nemocnicu v Charkove\t\t\t<\/a>\n\t\t<\/h3>\n\t\t\t\t<div class=\"elementor-post__excerpt\">\n\t\t\t<p>Do nemocnice v Charkove sme previezli 4,5 tony zdravotn\u00edcky potrieb.<\/p>\n\t\t<\/div>\n\t\t\t\t<\/div>\n\t\t\t\t<div class=\"elementor-post__meta-data\">\n\t\t\t\t\t<span class=\"elementor-post-date\">\n\t\t\tJune 18, 2022\t\t<\/span>\n\t\t\t\t<\/div>\n\t\t\t\t\t<\/div>\n\t\t<\/article>\n\t\t\t\t<article class=\"elementor-post elementor-grid-item post-24116 post type-post status-publish format-standard has-post-thumbnail hentry category-uganda category-vo-svete tag-uganda\" role=\"listitem\">\n\t\t\t<div class=\"elementor-post__card\">\n\t\t\t\t<a class=\"elementor-post__thumbnail__link\" href=\"https:\/\/www.adra.sk\/en\/z-jednej-uteceneckej-krizy-do-druhej\/\" tabindex=\"-1\" target=\"_blank\"><div class=\"elementor-post__thumbnail\"><img loading=\"lazy\" decoding=\"async\" width=\"300\" height=\"136\" src=\"https:\/\/www.adra.sk\/wp-content\/uploads\/2022\/06\/KA-05-1-e1655320164681-300x136.jpg\" class=\"attachment-medium size-medium wp-image-24118\" alt=\"\" srcset=\"https:\/\/www.adra.sk\/wp-content\/uploads\/2022\/06\/KA-05-1-e1655320164681-300x136.jpg 300w, https:\/\/www.adra.sk\/wp-content\/uploads\/2022\/06\/KA-05-1-e1655320164681-768x347.jpg 768w, https:\/\/www.adra.sk\/wp-content\/uploads\/2022\/06\/KA-05-1-e1655320164681-18x8.jpg 18w, https:\/\/www.adra.sk\/wp-content\/uploads\/2022\/06\/KA-05-1-e1655320164681.jpg 960w\" sizes=\"(max-width: 300px) 100vw, 300px\" \/><\/div><\/a>\n\t\t\t\t<div class=\"elementor-post__badge\">Uganda<\/div>\n\t\t\t\t<div class=\"elementor-post__text\">\n\t\t\t\t<h3 class=\"elementor-post__title\">\n\t\t\t<a href=\"https:\/\/www.adra.sk\/en\/z-jednej-uteceneckej-krizy-do-druhej\/\" target=&quot;_blank&quot;>\n\t\t\t\tZ jednej ute\u010deneckej kr\u00edzy do druhej\t\t\t<\/a>\n\t\t<\/h3>\n\t\t\t\t<div class=\"elementor-post__excerpt\">\n\t\t\t<p>\u201eV r\u00e1mci relaxu zo stresu po\u010das ukrajinskej kr\u00edzy som vyu\u017eil pr\u00edle\u017eitos\u0165 na p\u00e1r dn\u00ed nav\u0161t\u00edvi\u0165<\/p>\n\t\t<\/div>\n\t\t\t\t<\/div>\n\t\t\t\t<div class=\"elementor-post__meta-data\">\n\t\t\t\t\t<span class=\"elementor-post-date\">\n\t\t\tJune 16, 2022\t\t<\/span>\n\t\t\t\t<\/div>\n\t\t\t\t\t<\/div>\n\t\t<\/article>\n\t\t\t\t<article class=\"elementor-post elementor-grid-item post-24022 post type-post status-publish format-standard has-post-thumbnail hentry category-na-slovensku tag-na-slovensku\" role=\"listitem\">\n\t\t\t<div class=\"elementor-post__card\">\n\t\t\t\t<a class=\"elementor-post__thumbnail__link\" href=\"https:\/\/www.adra.sk\/en\/spolupraca-s-kto-pomoze-ukrajine\/\" tabindex=\"-1\" target=\"_blank\"><div class=\"elementor-post__thumbnail\"><img loading=\"lazy\" decoding=\"async\" width=\"300\" height=\"113\" src=\"https:\/\/www.adra.sk\/wp-content\/uploads\/2022\/06\/296429098_520605036487963_5461718403790730102_n-e1659701256392-300x113.jpg\" class=\"attachment-medium size-medium wp-image-25783\" alt=\"\" srcset=\"https:\/\/www.adra.sk\/wp-content\/uploads\/2022\/06\/296429098_520605036487963_5461718403790730102_n-e1659701256392-300x113.jpg 300w, https:\/\/www.adra.sk\/wp-content\/uploads\/2022\/06\/296429098_520605036487963_5461718403790730102_n-e1659701256392-1024x386.jpg 1024w, https:\/\/www.adra.sk\/wp-content\/uploads\/2022\/06\/296429098_520605036487963_5461718403790730102_n-e1659701256392-768x290.jpg 768w, https:\/\/www.adra.sk\/wp-content\/uploads\/2022\/06\/296429098_520605036487963_5461718403790730102_n-e1659701256392-1536x579.jpg 1536w, https:\/\/www.adra.sk\/wp-content\/uploads\/2022\/06\/296429098_520605036487963_5461718403790730102_n-e1659701256392-18x7.jpg 18w, https:\/\/www.adra.sk\/wp-content\/uploads\/2022\/06\/296429098_520605036487963_5461718403790730102_n-e1659701256392.jpg 1870w\" sizes=\"(max-width: 300px) 100vw, 300px\" \/><\/div><\/a>\n\t\t\t\t<div class=\"elementor-post__badge\">Slovensko<\/div>\n\t\t\t\t<div class=\"elementor-post__text\">\n\t\t\t\t<h3 class=\"elementor-post__title\">\n\t\t\t<a href=\"https:\/\/www.adra.sk\/en\/spolupraca-s-kto-pomoze-ukrajine\/\" target=&quot;_blank&quot;>\n\t\t\t\tSpolupr\u00e1ca s Kto pom\u00f4\u017ee Ukrajine\t\t\t<\/a>\n\t\t<\/h3>\n\t\t\t\t<div class=\"elementor-post__excerpt\">\n\t\t\t<p>Vstupujeme do spolupr\u00e1ce s iniciat\u00edvou&nbsp;Kto pom\u00f4\u017ee Ukrajine, v prev\u00e1dzke Miesta humanit\u00e1rnej pomoci v bratislavskom Auparku.<\/p>\n\t\t<\/div>\n\t\t\t\t<\/div>\n\t\t\t\t<div class=\"elementor-post__meta-data\">\n\t\t\t\t\t<span class=\"elementor-post-date\">\n\t\t\tJune 9, 2022\t\t<\/span>\n\t\t\t\t<\/div>\n\t\t\t\t\t<\/div>\n\t\t<\/article>\n\t\t\t\t<article class=\"elementor-post elementor-grid-item post-23913 post type-post status-publish format-standard has-post-thumbnail hentry category-na-slovensku tag-ukrajina\" role=\"listitem\">\n\t\t\t<div class=\"elementor-post__card\">\n\t\t\t\t<a class=\"elementor-post__thumbnail__link\" href=\"https:\/\/www.adra.sk\/en\/beneficny-koncert-v-kosiciach\/\" tabindex=\"-1\" target=\"_blank\"><div class=\"elementor-post__thumbnail\"><img loading=\"lazy\" decoding=\"async\" width=\"300\" height=\"166\" src=\"https:\/\/www.adra.sk\/wp-content\/uploads\/2022\/05\/ADR06786-scaled-e1653909256520-300x166.jpg\" class=\"attachment-medium size-medium wp-image-23931\" alt=\"\" srcset=\"https:\/\/www.adra.sk\/wp-content\/uploads\/2022\/05\/ADR06786-scaled-e1653909256520-300x166.jpg 300w, https:\/\/www.adra.sk\/wp-content\/uploads\/2022\/05\/ADR06786-scaled-e1653909256520-1024x565.jpg 1024w, https:\/\/www.adra.sk\/wp-content\/uploads\/2022\/05\/ADR06786-scaled-e1653909256520-768x424.jpg 768w, https:\/\/www.adra.sk\/wp-content\/uploads\/2022\/05\/ADR06786-scaled-e1653909256520-1536x848.jpg 1536w, https:\/\/www.adra.sk\/wp-content\/uploads\/2022\/05\/ADR06786-scaled-e1653909256520-2048x1130.jpg 2048w, https:\/\/www.adra.sk\/wp-content\/uploads\/2022\/05\/ADR06786-scaled-e1653909256520-18x10.jpg 18w, https:\/\/www.adra.sk\/wp-content\/uploads\/2022\/05\/ADR06786-scaled-e1653909256520-2000x1104.jpg 2000w\" sizes=\"(max-width: 300px) 100vw, 300px\" \/><\/div><\/a>\n\t\t\t\t<div class=\"elementor-post__badge\">Slovensko<\/div>\n\t\t\t\t<div class=\"elementor-post__text\">\n\t\t\t\t<h3 class=\"elementor-post__title\">\n\t\t\t<a href=\"https:\/\/www.adra.sk\/en\/beneficny-koncert-v-kosiciach\/\" target=&quot;_blank&quot;>\n\t\t\t\tBenefi\u010dn\u00fd koncert v Ko\u0161iciach\t\t\t<\/a>\n\t\t<\/h3>\n\t\t\t\t<div class=\"elementor-post__excerpt\">\n\t\t\t<p>V sobotu ve\u010der ukrajinsk\u00e1 spev\u00e1\u010dka Oksana Kozun &#8211; Turcerov\u00e1 pote\u0161ila ko\u0161ick\u00e9 publikum svojim \u00fa\u017easn\u00fdm hlasom.<\/p>\n\t\t<\/div>\n\t\t\t\t<\/div>\n\t\t\t\t<div class=\"elementor-post__meta-data\">\n\t\t\t\t\t<span class=\"elementor-post-date\">\n\t\t\tMay 30, 2022\t\t<\/span>\n\t\t\t\t<\/div>\n\t\t\t\t\t<\/div>\n\t\t<\/article>\n\t\t\t\t<article class=\"elementor-post elementor-grid-item post-23891 post type-post status-publish format-standard has-post-thumbnail hentry category-na-slovensku category-ohrozeni tag-na-slovensku tag-ohrozenie\" role=\"listitem\">\n\t\t\t<div class=\"elementor-post__card\">\n\t\t\t\t<a class=\"elementor-post__thumbnail__link\" href=\"https:\/\/www.adra.sk\/en\/poziar-v-kecerovciach\/\" tabindex=\"-1\" target=\"_blank\"><div class=\"elementor-post__thumbnail\"><img loading=\"lazy\" decoding=\"async\" width=\"300\" height=\"140\" src=\"https:\/\/www.adra.sk\/wp-content\/uploads\/2022\/05\/Kec-03-scaled-e1653735744249-300x140.jpg\" class=\"attachment-medium size-medium wp-image-23893\" alt=\"\" srcset=\"https:\/\/www.adra.sk\/wp-content\/uploads\/2022\/05\/Kec-03-scaled-e1653735744249-300x140.jpg 300w, https:\/\/www.adra.sk\/wp-content\/uploads\/2022\/05\/Kec-03-scaled-e1653735744249-1024x478.jpg 1024w, https:\/\/www.adra.sk\/wp-content\/uploads\/2022\/05\/Kec-03-scaled-e1653735744249-768x359.jpg 768w, https:\/\/www.adra.sk\/wp-content\/uploads\/2022\/05\/Kec-03-scaled-e1653735744249-1536x718.jpg 1536w, https:\/\/www.adra.sk\/wp-content\/uploads\/2022\/05\/Kec-03-scaled-e1653735744249-2048x957.jpg 2048w, https:\/\/www.adra.sk\/wp-content\/uploads\/2022\/05\/Kec-03-scaled-e1653735744249-18x8.jpg 18w, https:\/\/www.adra.sk\/wp-content\/uploads\/2022\/05\/Kec-03-scaled-e1653735744249-2000x934.jpg 2000w\" sizes=\"(max-width: 300px) 100vw, 300px\" \/><\/div><\/a>\n\t\t\t\t<div class=\"elementor-post__badge\">Slovensko<\/div>\n\t\t\t\t<div class=\"elementor-post__text\">\n\t\t\t\t<h3 class=\"elementor-post__title\">\n\t\t\t<a href=\"https:\/\/www.adra.sk\/en\/poziar-v-kecerovciach\/\" target=&quot;_blank&quot;>\n\t\t\t\tPo\u017eiar v Kecerovciach\t\t\t<\/a>\n\t\t<\/h3>\n\t\t\t\t<div class=\"elementor-post__excerpt\">\n\t\t\t<p>Pomohli sme 6 rodin\u00e1m, ktor\u00e9 ni\u010div\u00fd po\u017eiar pripravil o strechu nad hlavou. Priamo z ter\u00e9nu<\/p>\n\t\t<\/div>\n\t\t\t\t<\/div>\n\t\t\t\t<div class=\"elementor-post__meta-data\">\n\t\t\t\t\t<span class=\"elementor-post-date\">\n\t\t\tMay 28, 2022\t\t<\/span>\n\t\t\t\t<\/div>\n\t\t\t\t\t<\/div>\n\t\t<\/article>\n\t\t\t\t<article class=\"elementor-post elementor-grid-item post-23849 post type-post status-publish format-standard has-post-thumbnail hentry category-uganda category-vo-svete tag-dobrovolnictvo tag-uganda\" role=\"listitem\">\n\t\t\t<div class=\"elementor-post__card\">\n\t\t\t\t<a class=\"elementor-post__thumbnail__link\" href=\"https:\/\/www.adra.sk\/en\/farmarska-sezona-zahajena\/\" tabindex=\"-1\" target=\"_blank\"><div class=\"elementor-post__thumbnail\"><img loading=\"lazy\" decoding=\"async\" width=\"300\" height=\"144\" src=\"https:\/\/www.adra.sk\/wp-content\/uploads\/2022\/05\/Project-FOUR-in-briefing-with-TOTs-scaled-e1653296585896-300x144.jpg\" class=\"attachment-medium size-medium wp-image-23858\" alt=\"\" srcset=\"https:\/\/www.adra.sk\/wp-content\/uploads\/2022\/05\/Project-FOUR-in-briefing-with-TOTs-scaled-e1653296585896-300x144.jpg 300w, https:\/\/www.adra.sk\/wp-content\/uploads\/2022\/05\/Project-FOUR-in-briefing-with-TOTs-scaled-e1653296585896-1024x491.jpg 1024w, https:\/\/www.adra.sk\/wp-content\/uploads\/2022\/05\/Project-FOUR-in-briefing-with-TOTs-scaled-e1653296585896-768x368.jpg 768w, https:\/\/www.adra.sk\/wp-content\/uploads\/2022\/05\/Project-FOUR-in-briefing-with-TOTs-scaled-e1653296585896-1536x737.jpg 1536w, https:\/\/www.adra.sk\/wp-content\/uploads\/2022\/05\/Project-FOUR-in-briefing-with-TOTs-scaled-e1653296585896-2048x982.jpg 2048w, https:\/\/www.adra.sk\/wp-content\/uploads\/2022\/05\/Project-FOUR-in-briefing-with-TOTs-scaled-e1653296585896-18x9.jpg 18w, https:\/\/www.adra.sk\/wp-content\/uploads\/2022\/05\/Project-FOUR-in-briefing-with-TOTs-scaled-e1653296585896-2000x959.jpg 2000w\" sizes=\"(max-width: 300px) 100vw, 300px\" \/><\/div><\/a>\n\t\t\t\t<div class=\"elementor-post__badge\">Uganda<\/div>\n\t\t\t\t<div class=\"elementor-post__text\">\n\t\t\t\t<h3 class=\"elementor-post__title\">\n\t\t\t<a href=\"https:\/\/www.adra.sk\/en\/farmarska-sezona-zahajena\/\" target=&quot;_blank&quot;>\n\t\t\t\tFarm\u00e1rska sez\u00f3na zah\u00e1jen\u00e1\t\t\t<\/a>\n\t\t<\/h3>\n\t\t\t\t<div class=\"elementor-post__excerpt\">\n\t\t\t<p>Priamo z Ugandy n\u00e1m p\u00ed\u0161e n\u00e1\u0161 dobrovo\u013en\u00edk John, ktor\u00fd od marca p\u00f4sob\u00ed v na\u0161om novo<\/p>\n\t\t<\/div>\n\t\t\t\t<\/div>\n\t\t\t\t<div class=\"elementor-post__meta-data\">\n\t\t\t\t\t<span class=\"elementor-post-date\">\n\t\t\tMay 23, 2022\t\t<\/span>\n\t\t\t\t<\/div>\n\t\t\t\t\t<\/div>\n\t\t<\/article>\n\t\t\t\t<article class=\"elementor-post elementor-grid-item post-23823 post type-post status-publish format-standard has-post-thumbnail hentry category-srbsko tag-dobrovolnictvo tag-srbsko\" role=\"listitem\">\n\t\t\t<div class=\"elementor-post__card\">\n\t\t\t\t<a class=\"elementor-post__thumbnail__link\" href=\"https:\/\/www.adra.sk\/en\/blog-dobrovolnictvo-v-srbsku\/\" tabindex=\"-1\" target=\"_blank\"><div class=\"elementor-post__thumbnail\"><img loading=\"lazy\" decoding=\"async\" width=\"300\" height=\"117\" src=\"https:\/\/www.adra.sk\/wp-content\/uploads\/2022\/05\/dd-e1653062659978-300x117.png\" class=\"attachment-medium size-medium wp-image-23847\" alt=\"\" srcset=\"https:\/\/www.adra.sk\/wp-content\/uploads\/2022\/05\/dd-e1653062659978-300x117.png 300w, https:\/\/www.adra.sk\/wp-content\/uploads\/2022\/05\/dd-e1653062659978-1024x399.png 1024w, https:\/\/www.adra.sk\/wp-content\/uploads\/2022\/05\/dd-e1653062659978-768x299.png 768w, https:\/\/www.adra.sk\/wp-content\/uploads\/2022\/05\/dd-e1653062659978-18x7.png 18w, https:\/\/www.adra.sk\/wp-content\/uploads\/2022\/05\/dd-e1653062659978.png 1130w\" sizes=\"(max-width: 300px) 100vw, 300px\" \/><\/div><\/a>\n\t\t\t\t<div class=\"elementor-post__badge\">Srbsko<\/div>\n\t\t\t\t<div class=\"elementor-post__text\">\n\t\t\t\t<h3 class=\"elementor-post__title\">\n\t\t\t<a href=\"https:\/\/www.adra.sk\/en\/blog-dobrovolnictvo-v-srbsku\/\" target=&quot;_blank&quot;>\n\t\t\t\tBez domova v Belehrade\t\t\t<\/a>\n\t\t<\/h3>\n\t\t\t\t<div class=\"elementor-post__excerpt\">\n\t\t\t<p>SlovakAid dobrovo\u013en\u00ed\u010dka Dominique, ktor\u00e1 v Belehrade pom\u00e1hala zranite\u013en\u00fdm skupin\u00e1m, sa vo svojom blogu del\u00ed o<\/p>\n\t\t<\/div>\n\t\t\t\t<\/div>\n\t\t\t\t<div class=\"elementor-post__meta-data\">\n\t\t\t\t\t<span class=\"elementor-post-date\">\n\t\t\tMay 20, 2022\t\t<\/span>\n\t\t\t\t<\/div>\n\t\t\t\t\t<\/div>\n\t\t<\/article>\n\t\t\t\t<article class=\"elementor-post elementor-grid-item post-23789 post type-post status-publish format-standard has-post-thumbnail hentry category-vo-svete\" role=\"listitem\">\n\t\t\t<div class=\"elementor-post__card\">\n\t\t\t\t<a class=\"elementor-post__thumbnail__link\" href=\"https:\/\/www.adra.sk\/en\/30-vyrocie-zalozenia-adra-cesko\/\" tabindex=\"-1\" target=\"_blank\"><div class=\"elementor-post__thumbnail\"><img loading=\"lazy\" decoding=\"async\" width=\"300\" height=\"134\" src=\"https:\/\/www.adra.sk\/wp-content\/uploads\/2022\/05\/280660182_10160060173637290_6591838181849460104_n-e1652702591866-300x134.jpg\" class=\"attachment-medium size-medium wp-image-23796\" alt=\"\" srcset=\"https:\/\/www.adra.sk\/wp-content\/uploads\/2022\/05\/280660182_10160060173637290_6591838181849460104_n-e1652702591866-300x134.jpg 300w, https:\/\/www.adra.sk\/wp-content\/uploads\/2022\/05\/280660182_10160060173637290_6591838181849460104_n-e1652702591866-1024x458.jpg 1024w, https:\/\/www.adra.sk\/wp-content\/uploads\/2022\/05\/280660182_10160060173637290_6591838181849460104_n-e1652702591866-768x344.jpg 768w, https:\/\/www.adra.sk\/wp-content\/uploads\/2022\/05\/280660182_10160060173637290_6591838181849460104_n-e1652702591866-18x8.jpg 18w, https:\/\/www.adra.sk\/wp-content\/uploads\/2022\/05\/280660182_10160060173637290_6591838181849460104_n-e1652702591866.jpg 1276w\" sizes=\"(max-width: 300px) 100vw, 300px\" \/><\/div><\/a>\n\t\t\t\t<div class=\"elementor-post__badge\">Vo svete<\/div>\n\t\t\t\t<div class=\"elementor-post__text\">\n\t\t\t\t<h3 class=\"elementor-post__title\">\n\t\t\t<a href=\"https:\/\/www.adra.sk\/en\/30-vyrocie-zalozenia-adra-cesko\/\" target=&quot;_blank&quot;>\n\t\t\t\t30. v\u00fdro\u010die zalo\u017eenia ADRA \u010cesko\t\t\t<\/a>\n\t\t<\/h3>\n\t\t\t\t<div class=\"elementor-post__excerpt\">\n\t\t\t<p>Od zalo\u017eenia ADRA \u010cesk\u00e1 republika uplynulo u\u017e 30 rokov. Na oslave tohto okr\u00fahleho v\u00fdro\u010dia sme<\/p>\n\t\t<\/div>\n\t\t\t\t<\/div>\n\t\t\t\t<div class=\"elementor-post__meta-data\">\n\t\t\t\t\t<span class=\"elementor-post-date\">\n\t\t\tMay 16, 2022\t\t<\/span>\n\t\t\t\t<\/div>\n\t\t\t\t\t<\/div>\n\t\t<\/article>\n\t\t\t\t<article class=\"elementor-post elementor-grid-item post-23756 post type-post status-publish format-standard has-post-thumbnail hentry category-na-slovensku tag-ukrajina\" role=\"listitem\">\n\t\t\t<div class=\"elementor-post__card\">\n\t\t\t\t<a class=\"elementor-post__thumbnail__link\" href=\"https:\/\/www.adra.sk\/en\/beneficne-koncerty-plne-emocii\/\" tabindex=\"-1\" target=\"_blank\"><div class=\"elementor-post__thumbnail\"><img loading=\"lazy\" decoding=\"async\" width=\"300\" height=\"113\" src=\"https:\/\/www.adra.sk\/wp-content\/uploads\/2022\/05\/i-scaled-e1652633917725-300x113.jpg\" class=\"attachment-medium size-medium wp-image-23763\" alt=\"\" srcset=\"https:\/\/www.adra.sk\/wp-content\/uploads\/2022\/05\/i-scaled-e1652633917725-300x113.jpg 300w, https:\/\/www.adra.sk\/wp-content\/uploads\/2022\/05\/i-scaled-e1652633917725-1024x386.jpg 1024w, https:\/\/www.adra.sk\/wp-content\/uploads\/2022\/05\/i-scaled-e1652633917725-768x290.jpg 768w, https:\/\/www.adra.sk\/wp-content\/uploads\/2022\/05\/i-scaled-e1652633917725-1536x580.jpg 1536w, https:\/\/www.adra.sk\/wp-content\/uploads\/2022\/05\/i-scaled-e1652633917725-2048x773.jpg 2048w, https:\/\/www.adra.sk\/wp-content\/uploads\/2022\/05\/i-scaled-e1652633917725-18x7.jpg 18w, https:\/\/www.adra.sk\/wp-content\/uploads\/2022\/05\/i-scaled-e1652633917725-2000x755.jpg 2000w\" sizes=\"(max-width: 300px) 100vw, 300px\" \/><\/div><\/a>\n\t\t\t\t<div class=\"elementor-post__badge\">Slovensko<\/div>\n\t\t\t\t<div class=\"elementor-post__text\">\n\t\t\t\t<h3 class=\"elementor-post__title\">\n\t\t\t<a href=\"https:\/\/www.adra.sk\/en\/beneficne-koncerty-plne-emocii\/\" target=&quot;_blank&quot;>\n\t\t\t\tBenefi\u010dn\u00e9 koncerty pln\u00e9 em\u00f3ci\u00ed\t\t\t<\/a>\n\t\t<\/h3>\n\t\t\t\t<div class=\"elementor-post__excerpt\">\n\t\t\t<p>Prv\u00e9 dva benefi\u010dn\u00e9 koncerty na podporu Ukrajiny sa niesli v znamen\u00ed s\u00facitu a solidarity.<\/p>\n\t\t<\/div>\n\t\t\t\t<\/div>\n\t\t\t\t<div class=\"elementor-post__meta-data\">\n\t\t\t\t\t<span class=\"elementor-post-date\">\n\t\t\tMay 15, 2022\t\t<\/span>\n\t\t\t\t<\/div>\n\t\t\t\t\t<\/div>\n\t\t<\/article>\n\t\t\t\t<article class=\"elementor-post elementor-grid-item post-23685 post type-post status-publish format-standard has-post-thumbnail hentry category-ukrajina category-vo-svete tag-dobrovolnictvo tag-ukrajina\" role=\"listitem\">\n\t\t\t<div class=\"elementor-post__card\">\n\t\t\t\t<a class=\"elementor-post__thumbnail__link\" href=\"https:\/\/www.adra.sk\/en\/humanitarna-pomoc-z-belgicka\/\" tabindex=\"-1\" target=\"_blank\"><div class=\"elementor-post__thumbnail\"><img loading=\"lazy\" decoding=\"async\" width=\"300\" height=\"151\" src=\"https:\/\/www.adra.sk\/wp-content\/uploads\/2022\/05\/20220506_110436-scaled-e1652357156271-300x151.jpg\" class=\"attachment-medium size-medium wp-image-23706\" alt=\"\" srcset=\"https:\/\/www.adra.sk\/wp-content\/uploads\/2022\/05\/20220506_110436-scaled-e1652357156271-300x151.jpg 300w, https:\/\/www.adra.sk\/wp-content\/uploads\/2022\/05\/20220506_110436-scaled-e1652357156271-1024x514.jpg 1024w, https:\/\/www.adra.sk\/wp-content\/uploads\/2022\/05\/20220506_110436-scaled-e1652357156271-768x386.jpg 768w, https:\/\/www.adra.sk\/wp-content\/uploads\/2022\/05\/20220506_110436-scaled-e1652357156271-1536x772.jpg 1536w, https:\/\/www.adra.sk\/wp-content\/uploads\/2022\/05\/20220506_110436-scaled-e1652357156271-2048x1029.jpg 2048w, https:\/\/www.adra.sk\/wp-content\/uploads\/2022\/05\/20220506_110436-scaled-e1652357156271-18x9.jpg 18w, https:\/\/www.adra.sk\/wp-content\/uploads\/2022\/05\/20220506_110436-scaled-e1652357156271-2000x1005.jpg 2000w\" sizes=\"(max-width: 300px) 100vw, 300px\" \/><\/div><\/a>\n\t\t\t\t<div class=\"elementor-post__badge\">Ukrajina<\/div>\n\t\t\t\t<div class=\"elementor-post__text\">\n\t\t\t\t<h3 class=\"elementor-post__title\">\n\t\t\t<a href=\"https:\/\/www.adra.sk\/en\/humanitarna-pomoc-z-belgicka\/\" target=&quot;_blank&quot;>\n\t\t\t\tHumanit\u00e1rna pomoc z Belgicka\t\t\t<\/a>\n\t\t<\/h3>\n\t\t\t\t<div class=\"elementor-post__excerpt\">\n\t\t\t<p>Belgick\u00ed aktivisti n\u00e1m darovali p\u00e4\u0165 a pol tony humanit\u00e1rnej pomoci.<\/p>\n\t\t<\/div>\n\t\t\t\t<\/div>\n\t\t\t\t<div class=\"elementor-post__meta-data\">\n\t\t\t\t\t<span class=\"elementor-post-date\">\n\t\t\tMay 12, 2022\t\t<\/span>\n\t\t\t\t<\/div>\n\t\t\t\t\t<\/div>\n\t\t<\/article>\n\t\t\t\t<article class=\"elementor-post elementor-grid-item post-23531 post type-post status-publish format-standard has-post-thumbnail hentry category-na-slovensku tag-ukrajina\" role=\"listitem\">\n\t\t\t<div class=\"elementor-post__card\">\n\t\t\t\t<a class=\"elementor-post__thumbnail__link\" href=\"https:\/\/www.adra.sk\/en\/beneficny-koncert\/\" tabindex=\"-1\" target=\"_blank\"><div class=\"elementor-post__thumbnail\"><img loading=\"lazy\" decoding=\"async\" width=\"300\" height=\"118\" src=\"https:\/\/www.adra.sk\/wp-content\/uploads\/2022\/05\/Na-web-3-300x118.jpg\" class=\"attachment-medium size-medium wp-image-23537\" alt=\"\" srcset=\"https:\/\/www.adra.sk\/wp-content\/uploads\/2022\/05\/Na-web-3-300x118.jpg 300w, https:\/\/www.adra.sk\/wp-content\/uploads\/2022\/05\/Na-web-3-1024x403.jpg 1024w, https:\/\/www.adra.sk\/wp-content\/uploads\/2022\/05\/Na-web-3-768x302.jpg 768w, https:\/\/www.adra.sk\/wp-content\/uploads\/2022\/05\/Na-web-3-1536x604.jpg 1536w, https:\/\/www.adra.sk\/wp-content\/uploads\/2022\/05\/Na-web-3-18x7.jpg 18w, https:\/\/www.adra.sk\/wp-content\/uploads\/2022\/05\/Na-web-3.jpg 1694w\" sizes=\"(max-width: 300px) 100vw, 300px\" \/><\/div><\/a>\n\t\t\t\t<div class=\"elementor-post__badge\">Slovensko<\/div>\n\t\t\t\t<div class=\"elementor-post__text\">\n\t\t\t\t<h3 class=\"elementor-post__title\">\n\t\t\t<a href=\"https:\/\/www.adra.sk\/en\/beneficny-koncert\/\" target=&quot;_blank&quot;>\n\t\t\t\tBenefi\u010dn\u00fd koncert\t\t\t<\/a>\n\t\t<\/h3>\n\t\t\t\t<div class=\"elementor-post__excerpt\">\n\t\t\t<p>Za\u010d\u00edname s\u00e9riu benefi\u010dn\u00fdch koncertov na pomoc \u013eu\u010fom, ktor\u00fdch zasiahla vojna na Ukrajine<\/p>\n\t\t<\/div>\n\t\t\t\t<\/div>\n\t\t\t\t<div class=\"elementor-post__meta-data\">\n\t\t\t\t\t<span class=\"elementor-post-date\">\n\t\t\tMay 8, 2022\t\t<\/span>\n\t\t\t\t<\/div>\n\t\t\t\t\t<\/div>\n\t\t<\/article>\n\t\t\t\t<article class=\"elementor-post elementor-grid-item post-23398 post type-post status-publish format-standard has-post-thumbnail hentry category-na-slovensku tag-dobrovolnictvo tag-ukrajina\" role=\"listitem\">\n\t\t\t<div class=\"elementor-post__card\">\n\t\t\t\t<a class=\"elementor-post__thumbnail__link\" href=\"https:\/\/www.adra.sk\/en\/pribehy-dobrovolnikov-z-vychodnej-hranice\/\" tabindex=\"-1\" target=\"_blank\"><div class=\"elementor-post__thumbnail\"><img loading=\"lazy\" decoding=\"async\" width=\"300\" height=\"119\" src=\"https:\/\/www.adra.sk\/wp-content\/uploads\/2022\/05\/ppp-1-300x119.png\" class=\"attachment-medium size-medium wp-image-23402\" alt=\"\" srcset=\"https:\/\/www.adra.sk\/wp-content\/uploads\/2022\/05\/ppp-1-300x119.png 300w, https:\/\/www.adra.sk\/wp-content\/uploads\/2022\/05\/ppp-1-1024x405.png 1024w, https:\/\/www.adra.sk\/wp-content\/uploads\/2022\/05\/ppp-1-768x304.png 768w, https:\/\/www.adra.sk\/wp-content\/uploads\/2022\/05\/ppp-1-1536x608.png 1536w, https:\/\/www.adra.sk\/wp-content\/uploads\/2022\/05\/ppp-1-18x7.png 18w, https:\/\/www.adra.sk\/wp-content\/uploads\/2022\/05\/ppp-1.png 1913w\" sizes=\"(max-width: 300px) 100vw, 300px\" \/><\/div><\/a>\n\t\t\t\t<div class=\"elementor-post__badge\">Slovensko<\/div>\n\t\t\t\t<div class=\"elementor-post__text\">\n\t\t\t\t<h3 class=\"elementor-post__title\">\n\t\t\t<a href=\"https:\/\/www.adra.sk\/en\/pribehy-dobrovolnikov-z-vychodnej-hranice\/\" target=&quot;_blank&quot;>\n\t\t\t\tPr\u00edbehy ADRA dobrovo\u013en\u00edkov\t\t\t<\/a>\n\t\t<\/h3>\n\t\t\t\t<div class=\"elementor-post__excerpt\">\n\t\t\t<p>Cudzie osudy im nie s\u00fa \u013eahostajn\u00e9. Aj preto sa na\u0161i dobrovo\u013en\u00edci a dobrovo\u013en\u00ed\u010dky rozhodli venova\u0165<\/p>\n\t\t<\/div>\n\t\t\t\t<\/div>\n\t\t\t\t<div class=\"elementor-post__meta-data\">\n\t\t\t\t\t<span class=\"elementor-post-date\">\n\t\t\tMay 2, 2022\t\t<\/span>\n\t\t\t\t<\/div>\n\t\t\t\t\t<\/div>\n\t\t<\/article>\n\t\t\t\t<article class=\"elementor-post elementor-grid-item post-23274 post type-post status-publish format-standard has-post-thumbnail hentry category-ukrajina category-vo-svete tag-ukrajina\" role=\"listitem\">\n\t\t\t<div class=\"elementor-post__card\">\n\t\t\t\t<a class=\"elementor-post__thumbnail__link\" href=\"https:\/\/www.adra.sk\/en\/nasi-kolegovia-z-adra-korea-navstivili-slovensko\/\" tabindex=\"-1\" target=\"_blank\"><div class=\"elementor-post__thumbnail\"><img loading=\"lazy\" decoding=\"async\" width=\"300\" height=\"118\" src=\"https:\/\/www.adra.sk\/wp-content\/uploads\/2022\/04\/KOR-08-scaled-e1650972080585-300x118.jpg\" class=\"attachment-medium size-medium wp-image-23285\" alt=\"\" srcset=\"https:\/\/www.adra.sk\/wp-content\/uploads\/2022\/04\/KOR-08-scaled-e1650972080585-300x118.jpg 300w, https:\/\/www.adra.sk\/wp-content\/uploads\/2022\/04\/KOR-08-scaled-e1650972080585-1024x402.jpg 1024w, https:\/\/www.adra.sk\/wp-content\/uploads\/2022\/04\/KOR-08-scaled-e1650972080585-768x301.jpg 768w, https:\/\/www.adra.sk\/wp-content\/uploads\/2022\/04\/KOR-08-scaled-e1650972080585-1536x602.jpg 1536w, https:\/\/www.adra.sk\/wp-content\/uploads\/2022\/04\/KOR-08-scaled-e1650972080585-2048x803.jpg 2048w, https:\/\/www.adra.sk\/wp-content\/uploads\/2022\/04\/KOR-08-scaled-e1650972080585-18x7.jpg 18w, https:\/\/www.adra.sk\/wp-content\/uploads\/2022\/04\/KOR-08-scaled-e1650972080585-2000x784.jpg 2000w\" sizes=\"(max-width: 300px) 100vw, 300px\" \/><\/div><\/a>\n\t\t\t\t<div class=\"elementor-post__badge\">Ukrajina<\/div>\n\t\t\t\t<div class=\"elementor-post__text\">\n\t\t\t\t<h3 class=\"elementor-post__title\">\n\t\t\t<a href=\"https:\/\/www.adra.sk\/en\/nasi-kolegovia-z-adra-korea-navstivili-slovensko\/\" target=&quot;_blank&quot;>\n\t\t\t\tADRA K\u00f3rea pom\u00e1ha s nami\t\t\t<\/a>\n\t\t<\/h3>\n\t\t\t\t<div class=\"elementor-post__excerpt\">\n\t\t\t<p>Pomoc pre \u013eud\u00ed zasiahnut\u00fdch vojnou na Ukrajine pr\u00fadi z cel\u00e9ho sveta. K na\u0161ej pomoci sa<\/p>\n\t\t<\/div>\n\t\t\t\t<\/div>\n\t\t\t\t<div class=\"elementor-post__meta-data\">\n\t\t\t\t\t<span class=\"elementor-post-date\">\n\t\t\tApril 26, 2022\t\t<\/span>\n\t\t\t\t<\/div>\n\t\t\t\t\t<\/div>\n\t\t<\/article>\n\t\t\t\t<article class=\"elementor-post elementor-grid-item post-23178 post type-post status-publish format-standard has-post-thumbnail hentry category-ukrajina tag-ukrajina\" role=\"listitem\">\n\t\t\t<div class=\"elementor-post__card\">\n\t\t\t\t<a class=\"elementor-post__thumbnail__link\" href=\"https:\/\/www.adra.sk\/en\/zniceny-most-do-bezpecia-pribeh-z-vychodnej-hranice\/\" tabindex=\"-1\" target=\"_blank\"><div class=\"elementor-post__thumbnail\"><img loading=\"lazy\" decoding=\"async\" width=\"300\" height=\"118\" src=\"https:\/\/www.adra.sk\/wp-content\/uploads\/2022\/04\/14E696AD-549D-4E76-B868-8C8FD829B835-scaled-e1655809488805-300x118.jpeg\" class=\"attachment-medium size-medium wp-image-23179\" alt=\"\" srcset=\"https:\/\/www.adra.sk\/wp-content\/uploads\/2022\/04\/14E696AD-549D-4E76-B868-8C8FD829B835-scaled-e1655809488805-300x118.jpeg 300w, https:\/\/www.adra.sk\/wp-content\/uploads\/2022\/04\/14E696AD-549D-4E76-B868-8C8FD829B835-scaled-e1655809488805-1024x402.jpeg 1024w, https:\/\/www.adra.sk\/wp-content\/uploads\/2022\/04\/14E696AD-549D-4E76-B868-8C8FD829B835-scaled-e1655809488805-768x302.jpeg 768w, https:\/\/www.adra.sk\/wp-content\/uploads\/2022\/04\/14E696AD-549D-4E76-B868-8C8FD829B835-scaled-e1655809488805-1536x603.jpeg 1536w, https:\/\/www.adra.sk\/wp-content\/uploads\/2022\/04\/14E696AD-549D-4E76-B868-8C8FD829B835-scaled-e1655809488805-2048x805.jpeg 2048w, https:\/\/www.adra.sk\/wp-content\/uploads\/2022\/04\/14E696AD-549D-4E76-B868-8C8FD829B835-scaled-e1655809488805-18x7.jpeg 18w, https:\/\/www.adra.sk\/wp-content\/uploads\/2022\/04\/14E696AD-549D-4E76-B868-8C8FD829B835-scaled-e1655809488805-2000x786.jpeg 2000w\" sizes=\"(max-width: 300px) 100vw, 300px\" \/><\/div><\/a>\n\t\t\t\t<div class=\"elementor-post__badge\">Ukrajina<\/div>\n\t\t\t\t<div class=\"elementor-post__text\">\n\t\t\t\t<h3 class=\"elementor-post__title\">\n\t\t\t<a href=\"https:\/\/www.adra.sk\/en\/zniceny-most-do-bezpecia-pribeh-z-vychodnej-hranice\/\" target=&quot;_blank&quot;>\n\t\t\t\tPr\u00edbeh z v\u00fdchodnej hranice\t\t\t<\/a>\n\t\t<\/h3>\n\t\t\t\t<div class=\"elementor-post__excerpt\">\n\t\t\t<p>Pre\u010d\u00edtajte si doj\u00edmav\u00e9 svedectvo o osude \u013eud\u00ed, utekaj\u00facich pred vojnou, z pera n\u00e1\u0161ho ter\u00e9nneho pracovn\u00edka<\/p>\n\t\t<\/div>\n\t\t\t\t<\/div>\n\t\t\t\t<div class=\"elementor-post__meta-data\">\n\t\t\t\t\t<span class=\"elementor-post-date\">\n\t\t\tApril 21, 2022\t\t<\/span>\n\t\t\t\t<\/div>\n\t\t\t\t\t<\/div>\n\t\t<\/article>\n\t\t\t\t<article class=\"elementor-post elementor-grid-item post-23168 post type-post status-publish format-standard has-post-thumbnail hentry category-ukrajina category-vo-svete tag-ukrajina\" role=\"listitem\">\n\t\t\t<div class=\"elementor-post__card\">\n\t\t\t\t<a class=\"elementor-post__thumbnail__link\" href=\"https:\/\/www.adra.sk\/en\/sportovci-z-team-slovakia-podporili-nasu-humanitarnu-iniciativu-rodina-rodine\/\" tabindex=\"-1\" target=\"_blank\"><div class=\"elementor-post__thumbnail\"><img loading=\"lazy\" decoding=\"async\" width=\"300\" height=\"103\" src=\"https:\/\/www.adra.sk\/wp-content\/uploads\/2022\/04\/bbb-1-e1650449118926-300x103.png\" class=\"attachment-medium size-medium wp-image-23174\" alt=\"\" srcset=\"https:\/\/www.adra.sk\/wp-content\/uploads\/2022\/04\/bbb-1-e1650449118926-300x103.png 300w, https:\/\/www.adra.sk\/wp-content\/uploads\/2022\/04\/bbb-1-e1650449118926-1024x353.png 1024w, https:\/\/www.adra.sk\/wp-content\/uploads\/2022\/04\/bbb-1-e1650449118926-768x265.png 768w, https:\/\/www.adra.sk\/wp-content\/uploads\/2022\/04\/bbb-1-e1650449118926-1536x530.png 1536w, https:\/\/www.adra.sk\/wp-content\/uploads\/2022\/04\/bbb-1-e1650449118926-18x6.png 18w, https:\/\/www.adra.sk\/wp-content\/uploads\/2022\/04\/bbb-1-e1650449118926.png 1612w\" sizes=\"(max-width: 300px) 100vw, 300px\" \/><\/div><\/a>\n\t\t\t\t<div class=\"elementor-post__badge\">Ukrajina<\/div>\n\t\t\t\t<div class=\"elementor-post__text\">\n\t\t\t\t<h3 class=\"elementor-post__title\">\n\t\t\t<a href=\"https:\/\/www.adra.sk\/en\/sportovci-z-team-slovakia-podporili-nasu-humanitarnu-iniciativu-rodina-rodine\/\" target=&quot;_blank&quot;>\n\t\t\t\t\u0160portovci z Team Slovakia sa zapojili do pomoci\t\t\t<\/a>\n\t\t<\/h3>\n\t\t\t\t<div class=\"elementor-post__excerpt\">\n\t\t\t<p>\u0160portovci a \u0161portovkyne podporili humanit\u00e1rnu iniciat\u00edvu Rodina Rodine, prostredn\u00edctvom ktorej pom\u00e1hame \u013eu\u010fom na Ukrajine.<\/p>\n\t\t<\/div>\n\t\t\t\t<\/div>\n\t\t\t\t<div class=\"elementor-post__meta-data\">\n\t\t\t\t\t<span class=\"elementor-post-date\">\n\t\t\tApril 20, 2022\t\t<\/span>\n\t\t\t\t<\/div>\n\t\t\t\t\t<\/div>\n\t\t<\/article>\n\t\t\t\t<article class=\"elementor-post elementor-grid-item post-22955 post type-post status-publish format-standard has-post-thumbnail hentry category-ukrajina category-vo-svete tag-ukrajina\" role=\"listitem\">\n\t\t\t<div class=\"elementor-post__card\">\n\t\t\t\t<a class=\"elementor-post__thumbnail__link\" href=\"https:\/\/www.adra.sk\/en\/ukrajina-potravinova-pomoc-mestam-buca-a-irpin\/\" tabindex=\"-1\" target=\"_blank\"><div class=\"elementor-post__thumbnail\"><img loading=\"lazy\" decoding=\"async\" width=\"300\" height=\"119\" src=\"https:\/\/www.adra.sk\/wp-content\/uploads\/2022\/04\/Untitled-design-e1649591341137-300x119.png\" class=\"attachment-medium size-medium wp-image-22956\" alt=\"\" srcset=\"https:\/\/www.adra.sk\/wp-content\/uploads\/2022\/04\/Untitled-design-e1649591341137-300x119.png 300w, https:\/\/www.adra.sk\/wp-content\/uploads\/2022\/04\/Untitled-design-e1649591341137-768x305.png 768w, https:\/\/www.adra.sk\/wp-content\/uploads\/2022\/04\/Untitled-design-e1649591341137-18x7.png 18w, https:\/\/www.adra.sk\/wp-content\/uploads\/2022\/04\/Untitled-design-e1649591341137.png 940w\" sizes=\"(max-width: 300px) 100vw, 300px\" \/><\/div><\/a>\n\t\t\t\t<div class=\"elementor-post__badge\">Ukrajina<\/div>\n\t\t\t\t<div class=\"elementor-post__text\">\n\t\t\t\t<h3 class=\"elementor-post__title\">\n\t\t\t<a href=\"https:\/\/www.adra.sk\/en\/ukrajina-potravinova-pomoc-mestam-buca-a-irpin\/\" target=&quot;_blank&quot;>\n\t\t\t\tPomoc dorazila do miest Bu\u010da a Irpi\u0148\t\t\t<\/a>\n\t\t<\/h3>\n\t\t\t\t<div class=\"elementor-post__excerpt\">\n\t\t\t<p>Potravinov\u00e9 bal\u00edky dorazili do bojmi zmietan\u00fdch miest Bu\u010da a Irpi\u0148, kde ich na\u0161i spolupracovn\u00edci z<\/p>\n\t\t<\/div>\n\t\t\t\t<\/div>\n\t\t\t\t<div class=\"elementor-post__meta-data\">\n\t\t\t\t\t<span class=\"elementor-post-date\">\n\t\t\tApril 10, 2022\t\t<\/span>\n\t\t\t\t<\/div>\n\t\t\t\t\t<\/div>\n\t\t<\/article>\n\t\t\t\t<article class=\"elementor-post elementor-grid-item post-22881 post type-post status-publish format-standard has-post-thumbnail hentry category-vo-svete tag-dobrovolnictvo\" role=\"listitem\">\n\t\t\t<div class=\"elementor-post__card\">\n\t\t\t\t<a class=\"elementor-post__thumbnail__link\" href=\"https:\/\/www.adra.sk\/en\/dobrovolnik-roka-2\/\" tabindex=\"-1\" target=\"_blank\"><div class=\"elementor-post__thumbnail\"><img loading=\"lazy\" decoding=\"async\" width=\"300\" height=\"119\" src=\"https:\/\/www.adra.sk\/wp-content\/uploads\/2022\/04\/DR-21-1-scaled-e1649259683922-300x119.jpg\" class=\"attachment-medium size-medium wp-image-22911\" alt=\"\" srcset=\"https:\/\/www.adra.sk\/wp-content\/uploads\/2022\/04\/DR-21-1-scaled-e1649259683922-300x119.jpg 300w, https:\/\/www.adra.sk\/wp-content\/uploads\/2022\/04\/DR-21-1-scaled-e1649259683922-1024x407.jpg 1024w, https:\/\/www.adra.sk\/wp-content\/uploads\/2022\/04\/DR-21-1-scaled-e1649259683922-768x305.jpg 768w, https:\/\/www.adra.sk\/wp-content\/uploads\/2022\/04\/DR-21-1-scaled-e1649259683922-1536x610.jpg 1536w, https:\/\/www.adra.sk\/wp-content\/uploads\/2022\/04\/DR-21-1-scaled-e1649259683922-2048x813.jpg 2048w, https:\/\/www.adra.sk\/wp-content\/uploads\/2022\/04\/DR-21-1-scaled-e1649259683922-18x7.jpg 18w, https:\/\/www.adra.sk\/wp-content\/uploads\/2022\/04\/DR-21-1-scaled-e1649259683922-2000x794.jpg 2000w\" sizes=\"(max-width: 300px) 100vw, 300px\" \/><\/div><\/a>\n\t\t\t\t<div class=\"elementor-post__badge\">Vo svete<\/div>\n\t\t\t\t<div class=\"elementor-post__text\">\n\t\t\t\t<h3 class=\"elementor-post__title\">\n\t\t\t<a href=\"https:\/\/www.adra.sk\/en\/dobrovolnik-roka-2\/\" target=&quot;_blank&quot;>\n\t\t\t\tDobrovo\u013en\u00edk roka\t\t\t<\/a>\n\t\t<\/h3>\n\t\t\t\t<div class=\"elementor-post__excerpt\">\n\t\t\t<p>Dobrovo\u013en\u00edkom roka 2021 sa stal n\u00e1\u0161 EU Aid dobrovo\u013en\u00edk p\u00f4sobiaci v Turecku, Martin Pavelka. Nomin\u00e1ciu<\/p>\n\t\t<\/div>\n\t\t\t\t<\/div>\n\t\t\t\t<div class=\"elementor-post__meta-data\">\n\t\t\t\t\t<span class=\"elementor-post-date\">\n\t\t\tApril 6, 2022\t\t<\/span>\n\t\t\t\t<\/div>\n\t\t\t\t\t<\/div>\n\t\t<\/article>\n\t\t\t\t<article class=\"elementor-post elementor-grid-item post-22867 post type-post status-publish format-standard has-post-thumbnail hentry category-na-slovensku tag-dobrovolnictvo tag-srbsko\" role=\"listitem\">\n\t\t\t<div class=\"elementor-post__card\">\n\t\t\t\t<a class=\"elementor-post__thumbnail__link\" href=\"https:\/\/www.adra.sk\/en\/adra-vecer\/\" tabindex=\"-1\" target=\"_blank\"><div class=\"elementor-post__thumbnail\"><img loading=\"lazy\" decoding=\"async\" width=\"300\" height=\"150\" src=\"https:\/\/www.adra.sk\/wp-content\/uploads\/2022\/04\/AV-16-scaled-e1649707372788-300x150.jpg\" class=\"attachment-medium size-medium wp-image-23091\" alt=\"\" srcset=\"https:\/\/www.adra.sk\/wp-content\/uploads\/2022\/04\/AV-16-scaled-e1649707372788-300x150.jpg 300w, https:\/\/www.adra.sk\/wp-content\/uploads\/2022\/04\/AV-16-scaled-e1649707372788-1024x512.jpg 1024w, https:\/\/www.adra.sk\/wp-content\/uploads\/2022\/04\/AV-16-scaled-e1649707372788-768x384.jpg 768w, https:\/\/www.adra.sk\/wp-content\/uploads\/2022\/04\/AV-16-scaled-e1649707372788-1536x767.jpg 1536w, https:\/\/www.adra.sk\/wp-content\/uploads\/2022\/04\/AV-16-scaled-e1649707372788-2048x1023.jpg 2048w, https:\/\/www.adra.sk\/wp-content\/uploads\/2022\/04\/AV-16-scaled-e1649707372788-18x9.jpg 18w, https:\/\/www.adra.sk\/wp-content\/uploads\/2022\/04\/AV-16-scaled-e1649707372788-2000x999.jpg 2000w\" sizes=\"(max-width: 300px) 100vw, 300px\" \/><\/div><\/a>\n\t\t\t\t<div class=\"elementor-post__badge\">Slovensko<\/div>\n\t\t\t\t<div class=\"elementor-post__text\">\n\t\t\t\t<h3 class=\"elementor-post__title\">\n\t\t\t<a href=\"https:\/\/www.adra.sk\/en\/adra-vecer\/\" target=&quot;_blank&quot;>\n\t\t\t\tADRA ve\u010der o dobrovo\u013en\u00edctve\t\t\t<\/a>\n\t\t<\/h3>\n\t\t\t\t<div class=\"elementor-post__excerpt\">\n\t\t\t<p>Pr\u00eddite na pr\u00edjemn\u00e9 posedenie s \u013eu\u010fmi, ktor\u00fdm je bl\u00edzke dobrovo\u013en\u00edctvo a humanit\u00e1rna pomoc.<\/p>\n\t\t<\/div>\n\t\t\t\t<\/div>\n\t\t\t\t<div class=\"elementor-post__meta-data\">\n\t\t\t\t\t<span class=\"elementor-post-date\">\n\t\t\tApril 4, 2022\t\t<\/span>\n\t\t\t\t<\/div>\n\t\t\t\t\t<\/div>\n\t\t<\/article>\n\t\t\t\t<article class=\"elementor-post elementor-grid-item post-22791 post type-post status-publish format-standard has-post-thumbnail hentry category-ukrajina tag-ukrajina\" role=\"listitem\">\n\t\t\t<div class=\"elementor-post__card\">\n\t\t\t\t<a class=\"elementor-post__thumbnail__link\" href=\"https:\/\/www.adra.sk\/en\/rodina-rodine\/\" tabindex=\"-1\" target=\"_blank\"><div class=\"elementor-post__thumbnail\"><img loading=\"lazy\" decoding=\"async\" width=\"300\" height=\"139\" src=\"https:\/\/www.adra.sk\/wp-content\/uploads\/2022\/04\/BP-01-1-scaled-e1648970666518-300x139.jpg\" class=\"attachment-medium size-medium wp-image-22854\" alt=\"\" srcset=\"https:\/\/www.adra.sk\/wp-content\/uploads\/2022\/04\/BP-01-1-scaled-e1648970666518-300x139.jpg 300w, https:\/\/www.adra.sk\/wp-content\/uploads\/2022\/04\/BP-01-1-scaled-e1648970666518-1024x476.jpg 1024w, https:\/\/www.adra.sk\/wp-content\/uploads\/2022\/04\/BP-01-1-scaled-e1648970666518-768x357.jpg 768w, https:\/\/www.adra.sk\/wp-content\/uploads\/2022\/04\/BP-01-1-scaled-e1648970666518-1536x714.jpg 1536w, https:\/\/www.adra.sk\/wp-content\/uploads\/2022\/04\/BP-01-1-scaled-e1648970666518-2048x952.jpg 2048w, https:\/\/www.adra.sk\/wp-content\/uploads\/2022\/04\/BP-01-1-scaled-e1648970666518-16x7.jpg 16w, https:\/\/www.adra.sk\/wp-content\/uploads\/2022\/04\/BP-01-1-scaled-e1648970666518-2000x930.jpg 2000w\" sizes=\"(max-width: 300px) 100vw, 300px\" \/><\/div><\/a>\n\t\t\t\t<div class=\"elementor-post__badge\">Ukrajina<\/div>\n\t\t\t\t<div class=\"elementor-post__text\">\n\t\t\t\t<h3 class=\"elementor-post__title\">\n\t\t\t<a href=\"https:\/\/www.adra.sk\/en\/rodina-rodine\/\" target=&quot;_blank&quot;>\n\t\t\t\tRodinn\u00e9 bal\u00edky pomoci\t\t\t<\/a>\n\t\t<\/h3>\n\t\t\t\t<div class=\"elementor-post__excerpt\">\n\t\t\t<p>Darujte bal\u00edk pomoci a pom\u00f4\u017ete tak ute\u010dencom na Ukrajine. Na\u0161e humanit\u00e1rne bal\u00edky pomohli u\u017e vy\u0161e<\/p>\n\t\t<\/div>\n\t\t\t\t<\/div>\n\t\t\t\t<div class=\"elementor-post__meta-data\">\n\t\t\t\t\t<span class=\"elementor-post-date\">\n\t\t\tMarch 29, 2022\t\t<\/span>\n\t\t\t\t<\/div>\n\t\t\t\t\t<\/div>\n\t\t<\/article>\n\t\t\t\t<article class=\"elementor-post elementor-grid-item post-22775 post type-post status-publish format-standard has-post-thumbnail hentry category-uganda category-vo-svete tag-dobrovolnictvo tag-uganda\" role=\"listitem\">\n\t\t\t<div class=\"elementor-post__card\">\n\t\t\t\t<a class=\"elementor-post__thumbnail__link\" href=\"https:\/\/www.adra.sk\/en\/volunteer-for-project-management-wanted-in-uganda-2\/\" tabindex=\"-1\" target=\"_blank\"><div class=\"elementor-post__thumbnail\"><img loading=\"lazy\" decoding=\"async\" width=\"300\" height=\"152\" src=\"https:\/\/www.adra.sk\/wp-content\/uploads\/2022\/03\/afrc2-e1649706647682-300x152.jpg\" class=\"attachment-medium size-medium wp-image-23086\" alt=\"\" srcset=\"https:\/\/www.adra.sk\/wp-content\/uploads\/2022\/03\/afrc2-e1649706647682-300x152.jpg 300w, https:\/\/www.adra.sk\/wp-content\/uploads\/2022\/03\/afrc2-e1649706647682-768x389.jpg 768w, https:\/\/www.adra.sk\/wp-content\/uploads\/2022\/03\/afrc2-e1649706647682-18x9.jpg 18w, https:\/\/www.adra.sk\/wp-content\/uploads\/2022\/03\/afrc2-e1649706647682-1000x511.jpg 1000w, https:\/\/www.adra.sk\/wp-content\/uploads\/2022\/03\/afrc2-e1649706647682.jpg 1008w\" sizes=\"(max-width: 300px) 100vw, 300px\" \/><\/div><\/a>\n\t\t\t\t<div class=\"elementor-post__badge\">Uganda<\/div>\n\t\t\t\t<div class=\"elementor-post__text\">\n\t\t\t\t<h3 class=\"elementor-post__title\">\n\t\t\t<a href=\"https:\/\/www.adra.sk\/en\/volunteer-for-project-management-wanted-in-uganda-2\/\" target=&quot;_blank&quot;>\n\t\t\t\tVolunteer in Uganda!\t\t\t<\/a>\n\t\t<\/h3>\n\t\t\t\t<div class=\"elementor-post__excerpt\">\n\t\t\t<p>We are looking for Junior EU Aid Volunteer for Education and Community Library Development who<\/p>\n\t\t<\/div>\n\t\t\t\t<\/div>\n\t\t\t\t<div class=\"elementor-post__meta-data\">\n\t\t\t\t\t<span class=\"elementor-post-date\">\n\t\t\tMarch 23, 2022\t\t<\/span>\n\t\t\t\t<\/div>\n\t\t\t\t\t<\/div>\n\t\t<\/article>\n\t\t\t\t<article class=\"elementor-post elementor-grid-item post-22739 post type-post status-publish format-standard has-post-thumbnail hentry category-ukrajina category-vo-svete tag-ukrajina\" role=\"listitem\">\n\t\t\t<div class=\"elementor-post__card\">\n\t\t\t\t<a class=\"elementor-post__thumbnail__link\" href=\"https:\/\/www.adra.sk\/en\/vasa-podpora-pre-ukrajinu\/\" tabindex=\"-1\" target=\"_blank\"><div class=\"elementor-post__thumbnail\"><img loading=\"lazy\" decoding=\"async\" width=\"300\" height=\"116\" src=\"https:\/\/www.adra.sk\/wp-content\/uploads\/2022\/03\/Copy-of-13.5-piatok-1800-300x116.png\" class=\"attachment-medium size-medium wp-image-23672\" alt=\"\" srcset=\"https:\/\/www.adra.sk\/wp-content\/uploads\/2022\/03\/Copy-of-13.5-piatok-1800-300x116.png 300w, https:\/\/www.adra.sk\/wp-content\/uploads\/2022\/03\/Copy-of-13.5-piatok-1800-1024x396.png 1024w, https:\/\/www.adra.sk\/wp-content\/uploads\/2022\/03\/Copy-of-13.5-piatok-1800-768x297.png 768w, https:\/\/www.adra.sk\/wp-content\/uploads\/2022\/03\/Copy-of-13.5-piatok-1800-1536x594.png 1536w, https:\/\/www.adra.sk\/wp-content\/uploads\/2022\/03\/Copy-of-13.5-piatok-1800-18x7.png 18w, https:\/\/www.adra.sk\/wp-content\/uploads\/2022\/03\/Copy-of-13.5-piatok-1800.png 1912w\" sizes=\"(max-width: 300px) 100vw, 300px\" \/><\/div><\/a>\n\t\t\t\t<div class=\"elementor-post__badge\">Ukrajina<\/div>\n\t\t\t\t<div class=\"elementor-post__text\">\n\t\t\t\t<h3 class=\"elementor-post__title\">\n\t\t\t<a href=\"https:\/\/www.adra.sk\/en\/vasa-podpora-pre-ukrajinu\/\" target=&quot;_blank&quot;>\n\t\t\t\tVa\u0161a pomoc Ukrajine\t\t\t<\/a>\n\t\t<\/h3>\n\t\t\t\t<div class=\"elementor-post__excerpt\">\n\t\t\t<p>\u010eakujeme na\u0161im darcom, prostredn\u00edctvom ktor\u00fdch pom\u00e1hame \u013eu\u010fom zasiahnut\u00fdm vojnou: Na\u0161a humanit\u00e1rna pomoc pomohla viac ako<\/p>\n\t\t<\/div>\n\t\t\t\t<\/div>\n\t\t\t\t<div class=\"elementor-post__meta-data\">\n\t\t\t\t\t<span class=\"elementor-post-date\">\n\t\t\tMarch 16, 2022\t\t<\/span>\n\t\t\t\t<\/div>\n\t\t\t\t\t<\/div>\n\t\t<\/article>\n\t\t\t\t<article class=\"elementor-post elementor-grid-item post-22677 post type-post status-publish format-standard has-post-thumbnail hentry category-ukrajina category-vo-svete tag-ukrajina\" role=\"listitem\">\n\t\t\t<div class=\"elementor-post__card\">\n\t\t\t\t<a class=\"elementor-post__thumbnail__link\" href=\"https:\/\/www.adra.sk\/en\/to-bola-zase-nocc\/\" tabindex=\"-1\" target=\"_blank\"><div class=\"elementor-post__thumbnail\"><img loading=\"lazy\" decoding=\"async\" width=\"300\" height=\"144\" src=\"https:\/\/www.adra.sk\/wp-content\/uploads\/2022\/03\/2UA-07-1-scaled-e1647149952599-300x144.jpg\" class=\"attachment-medium size-medium wp-image-22678\" alt=\"\" srcset=\"https:\/\/www.adra.sk\/wp-content\/uploads\/2022\/03\/2UA-07-1-scaled-e1647149952599-300x144.jpg 300w, https:\/\/www.adra.sk\/wp-content\/uploads\/2022\/03\/2UA-07-1-scaled-e1647149952599-1024x491.jpg 1024w, https:\/\/www.adra.sk\/wp-content\/uploads\/2022\/03\/2UA-07-1-scaled-e1647149952599-768x368.jpg 768w, https:\/\/www.adra.sk\/wp-content\/uploads\/2022\/03\/2UA-07-1-scaled-e1647149952599-1536x737.jpg 1536w, https:\/\/www.adra.sk\/wp-content\/uploads\/2022\/03\/2UA-07-1-scaled-e1647149952599-2048x982.jpg 2048w, https:\/\/www.adra.sk\/wp-content\/uploads\/2022\/03\/2UA-07-1-scaled-e1647149952599-16x8.jpg 16w, https:\/\/www.adra.sk\/wp-content\/uploads\/2022\/03\/2UA-07-1-scaled-e1647149952599-2000x959.jpg 2000w\" sizes=\"(max-width: 300px) 100vw, 300px\" \/><\/div><\/a>\n\t\t\t\t<div class=\"elementor-post__badge\">Ukrajina<\/div>\n\t\t\t\t<div class=\"elementor-post__text\">\n\t\t\t\t<h3 class=\"elementor-post__title\">\n\t\t\t<a href=\"https:\/\/www.adra.sk\/en\/to-bola-zase-nocc\/\" target=&quot;_blank&quot;>\n\t\t\t\tTo bola zase noc!\t\t\t<\/a>\n\t\t<\/h3>\n\t\t\t\t<div class=\"elementor-post__excerpt\">\n\t\t\t<p>Zhon na hrani\u010dnom priechode Vy\u0161n\u00e9 Nemeck\u00e9 sa po polnoci na chv\u00ed\u013eu ut\u00ed\u0161il a humanit\u00e1rny t\u00e1bor<\/p>\n\t\t<\/div>\n\t\t\t\t<\/div>\n\t\t\t\t<div class=\"elementor-post__meta-data\">\n\t\t\t\t\t<span class=\"elementor-post-date\">\n\t\t\tMarch 13, 2022\t\t<\/span>\n\t\t\t\t<\/div>\n\t\t\t\t\t<\/div>\n\t\t<\/article>\n\t\t\t\t<article class=\"elementor-post elementor-grid-item post-22631 post type-post status-publish format-standard has-post-thumbnail hentry category-ukrajina category-vo-svete tag-ukrajina\" role=\"listitem\">\n\t\t\t<div class=\"elementor-post__card\">\n\t\t\t\t<a class=\"elementor-post__thumbnail__link\" href=\"https:\/\/www.adra.sk\/en\/v-prvej-linii\/\" tabindex=\"-1\" target=\"_blank\"><div class=\"elementor-post__thumbnail\"><img loading=\"lazy\" decoding=\"async\" width=\"300\" height=\"175\" src=\"https:\/\/www.adra.sk\/wp-content\/uploads\/2022\/03\/UA-43-1-scaled-e1646545999176-300x175.jpg\" class=\"attachment-medium size-medium wp-image-22635\" alt=\"\" srcset=\"https:\/\/www.adra.sk\/wp-content\/uploads\/2022\/03\/UA-43-1-scaled-e1646545999176-300x175.jpg 300w, https:\/\/www.adra.sk\/wp-content\/uploads\/2022\/03\/UA-43-1-scaled-e1646545999176-1024x596.jpg 1024w, https:\/\/www.adra.sk\/wp-content\/uploads\/2022\/03\/UA-43-1-scaled-e1646545999176-768x447.jpg 768w, https:\/\/www.adra.sk\/wp-content\/uploads\/2022\/03\/UA-43-1-scaled-e1646545999176-1536x894.jpg 1536w, https:\/\/www.adra.sk\/wp-content\/uploads\/2022\/03\/UA-43-1-scaled-e1646545999176-16x9.jpg 16w, https:\/\/www.adra.sk\/wp-content\/uploads\/2022\/03\/UA-43-1-scaled-e1646545999176-2000x1164.jpg 2000w, https:\/\/www.adra.sk\/wp-content\/uploads\/2022\/03\/UA-43-1-scaled-e1646545999176.jpg 2035w\" sizes=\"(max-width: 300px) 100vw, 300px\" \/><\/div><\/a>\n\t\t\t\t<div class=\"elementor-post__badge\">Ukrajina<\/div>\n\t\t\t\t<div class=\"elementor-post__text\">\n\t\t\t\t<h3 class=\"elementor-post__title\">\n\t\t\t<a href=\"https:\/\/www.adra.sk\/en\/v-prvej-linii\/\" target=&quot;_blank&quot;>\n\t\t\t\tV prvej l\u00ednii\t\t\t<\/a>\n\t\t<\/h3>\n\t\t\t\t<div class=\"elementor-post__excerpt\">\n\t\t\t<p>Nad r\u00e1nom bol zase mr\u00e1z a&nbsp; \u013eudia, ktor\u00ed cel\u00e9 hodiny st\u00e1li na vetre v&nbsp;radoch pri<\/p>\n\t\t<\/div>\n\t\t\t\t<\/div>\n\t\t\t\t<div class=\"elementor-post__meta-data\">\n\t\t\t\t\t<span class=\"elementor-post-date\">\n\t\t\tMarch 6, 2022\t\t<\/span>\n\t\t\t\t<\/div>\n\t\t\t\t\t<\/div>\n\t\t<\/article>\n\t\t\t\t<article class=\"elementor-post elementor-grid-item post-22581 post type-post status-publish format-standard has-post-thumbnail hentry category-ukrajina category-vo-svete tag-ukrajina\" role=\"listitem\">\n\t\t\t<div class=\"elementor-post__card\">\n\t\t\t\t<a class=\"elementor-post__thumbnail__link\" href=\"https:\/\/www.adra.sk\/en\/pomoc-pre-ludi-z-ukrajiny\/\" tabindex=\"-1\" target=\"_blank\"><div class=\"elementor-post__thumbnail\"><img loading=\"lazy\" decoding=\"async\" width=\"300\" height=\"145\" src=\"https:\/\/www.adra.sk\/wp-content\/uploads\/2022\/03\/UA-29-scaled-e1646209976376-300x145.jpg\" class=\"attachment-medium size-medium wp-image-22584\" alt=\"\" srcset=\"https:\/\/www.adra.sk\/wp-content\/uploads\/2022\/03\/UA-29-scaled-e1646209976376-300x145.jpg 300w, https:\/\/www.adra.sk\/wp-content\/uploads\/2022\/03\/UA-29-scaled-e1646209976376-1024x494.jpg 1024w, https:\/\/www.adra.sk\/wp-content\/uploads\/2022\/03\/UA-29-scaled-e1646209976376-768x370.jpg 768w, https:\/\/www.adra.sk\/wp-content\/uploads\/2022\/03\/UA-29-scaled-e1646209976376-1536x741.jpg 1536w, https:\/\/www.adra.sk\/wp-content\/uploads\/2022\/03\/UA-29-scaled-e1646209976376-2048x987.jpg 2048w, https:\/\/www.adra.sk\/wp-content\/uploads\/2022\/03\/UA-29-scaled-e1646209976376-16x8.jpg 16w, https:\/\/www.adra.sk\/wp-content\/uploads\/2022\/03\/UA-29-scaled-e1646209976376-2000x964.jpg 2000w\" sizes=\"(max-width: 300px) 100vw, 300px\" \/><\/div><\/a>\n\t\t\t\t<div class=\"elementor-post__badge\">Ukrajina<\/div>\n\t\t\t\t<div class=\"elementor-post__text\">\n\t\t\t\t<h3 class=\"elementor-post__title\">\n\t\t\t<a href=\"https:\/\/www.adra.sk\/en\/pomoc-pre-ludi-z-ukrajiny\/\" target=&quot;_blank&quot;>\n\t\t\t\tPomoc pre Ukrajinu\t\t\t<\/a>\n\t\t<\/h3>\n\t\t\t\t<div class=\"elementor-post__excerpt\">\n\t\t\t<p>Na hraniciach s Ukrajinou vo Vy\u0161nom Nemeckom ADRA Slovensko rozlo\u017eila svoj hlavn\u00fd stan pomoci. &nbsp;&nbsp;<\/p>\n\t\t<\/div>\n\t\t\t\t<\/div>\n\t\t\t\t<div class=\"elementor-post__meta-data\">\n\t\t\t\t\t<span class=\"elementor-post-date\">\n\t\t\tMarch 2, 2022\t\t<\/span>\n\t\t\t\t<\/div>\n\t\t\t\t\t<\/div>\n\t\t<\/article>\n\t\t\t\t<article class=\"elementor-post elementor-grid-item post-22555 post type-post status-publish format-standard has-post-thumbnail hentry category-uganda category-vo-svete tag-uganda\" role=\"listitem\">\n\t\t\t<div class=\"elementor-post__card\">\n\t\t\t\t<a class=\"elementor-post__thumbnail__link\" href=\"https:\/\/www.adra.sk\/en\/slavnostne-otvorenie\/\" tabindex=\"-1\" target=\"_blank\"><div class=\"elementor-post__thumbnail\"><img loading=\"lazy\" decoding=\"async\" width=\"300\" height=\"155\" src=\"https:\/\/www.adra.sk\/wp-content\/uploads\/2022\/02\/O-11-1-scaled-e1645767575298-300x155.jpg\" class=\"attachment-medium size-medium wp-image-22556\" alt=\"\" srcset=\"https:\/\/www.adra.sk\/wp-content\/uploads\/2022\/02\/O-11-1-scaled-e1645767575298-300x155.jpg 300w, https:\/\/www.adra.sk\/wp-content\/uploads\/2022\/02\/O-11-1-scaled-e1645767575298-1024x530.jpg 1024w, https:\/\/www.adra.sk\/wp-content\/uploads\/2022\/02\/O-11-1-scaled-e1645767575298-768x397.jpg 768w, https:\/\/www.adra.sk\/wp-content\/uploads\/2022\/02\/O-11-1-scaled-e1645767575298-1536x794.jpg 1536w, https:\/\/www.adra.sk\/wp-content\/uploads\/2022\/02\/O-11-1-scaled-e1645767575298-2048x1059.jpg 2048w, https:\/\/www.adra.sk\/wp-content\/uploads\/2022\/02\/O-11-1-scaled-e1645767575298-16x8.jpg 16w, https:\/\/www.adra.sk\/wp-content\/uploads\/2022\/02\/O-11-1-scaled-e1645767575298-2000x1034.jpg 2000w\" sizes=\"(max-width: 300px) 100vw, 300px\" \/><\/div><\/a>\n\t\t\t\t<div class=\"elementor-post__badge\">Uganda<\/div>\n\t\t\t\t<div class=\"elementor-post__text\">\n\t\t\t\t<h3 class=\"elementor-post__title\">\n\t\t\t<a href=\"https:\/\/www.adra.sk\/en\/slavnostne-otvorenie\/\" target=&quot;_blank&quot;>\n\t\t\t\tSl\u00e1vnostn\u00e9 otvorenie\t\t\t<\/a>\n\t\t<\/h3>\n\t\t\t\t<div class=\"elementor-post__excerpt\">\n\t\t\t<p>Sl\u00e1vnostne sme otvorili a odovzdali svojmu \u00fa\u010delu tr\u00e9ningov\u00e9 centrum a infra\u0161trukt\u00faru farmy v Ugande. &nbsp;&nbsp;<\/p>\n\t\t<\/div>\n\t\t\t\t<\/div>\n\t\t\t\t<div class=\"elementor-post__meta-data\">\n\t\t\t\t\t<span class=\"elementor-post-date\">\n\t\t\tFebruary 25, 2022\t\t<\/span>\n\t\t\t\t<\/div>\n\t\t\t\t\t<\/div>\n\t\t<\/article>\n\t\t\t\t<article class=\"elementor-post elementor-grid-item post-22485 post type-post status-publish format-standard has-post-thumbnail hentry category-uganda category-vo-svete tag-uganda\" role=\"listitem\">\n\t\t\t<div class=\"elementor-post__card\">\n\t\t\t\t<a class=\"elementor-post__thumbnail__link\" href=\"https:\/\/www.adra.sk\/en\/nie-je-skola-ako-skola\/\" tabindex=\"-1\" target=\"_blank\"><div class=\"elementor-post__thumbnail\"><img loading=\"lazy\" decoding=\"async\" width=\"300\" height=\"144\" src=\"https:\/\/www.adra.sk\/wp-content\/uploads\/2022\/02\/S-02-scaled-e1645586384251-300x144.jpg\" class=\"attachment-medium size-medium wp-image-22515\" alt=\"\" srcset=\"https:\/\/www.adra.sk\/wp-content\/uploads\/2022\/02\/S-02-scaled-e1645586384251-300x144.jpg 300w, https:\/\/www.adra.sk\/wp-content\/uploads\/2022\/02\/S-02-scaled-e1645586384251-1024x491.jpg 1024w, https:\/\/www.adra.sk\/wp-content\/uploads\/2022\/02\/S-02-scaled-e1645586384251-768x368.jpg 768w, https:\/\/www.adra.sk\/wp-content\/uploads\/2022\/02\/S-02-scaled-e1645586384251-1536x737.jpg 1536w, https:\/\/www.adra.sk\/wp-content\/uploads\/2022\/02\/S-02-scaled-e1645586384251-2048x982.jpg 2048w, https:\/\/www.adra.sk\/wp-content\/uploads\/2022\/02\/S-02-scaled-e1645586384251-16x8.jpg 16w, https:\/\/www.adra.sk\/wp-content\/uploads\/2022\/02\/S-02-scaled-e1645586384251-2000x959.jpg 2000w\" sizes=\"(max-width: 300px) 100vw, 300px\" \/><\/div><\/a>\n\t\t\t\t<div class=\"elementor-post__badge\">Uganda<\/div>\n\t\t\t\t<div class=\"elementor-post__text\">\n\t\t\t\t<h3 class=\"elementor-post__title\">\n\t\t\t<a href=\"https:\/\/www.adra.sk\/en\/nie-je-skola-ako-skola\/\" target=&quot;_blank&quot;>\n\t\t\t\tNie je \u0161kola ako \u0161kola\t\t\t<\/a>\n\t\t<\/h3>\n\t\t\t\t<div class=\"elementor-post__excerpt\">\n\t\t\t<p>V\u010dera ma James Gihoma \u2013 zakladate\u013e komunitnej \u0161koly zobral na motorke do svojej \u0161koly.&nbsp;<\/p>\n\t\t<\/div>\n\t\t\t\t<\/div>\n\t\t\t\t<div class=\"elementor-post__meta-data\">\n\t\t\t\t\t<span class=\"elementor-post-date\">\n\t\t\tFebruary 23, 2022\t\t<\/span>\n\t\t\t\t<\/div>\n\t\t\t\t\t<\/div>\n\t\t<\/article>\n\t\t\t\t<article class=\"elementor-post elementor-grid-item post-22454 post type-post status-publish format-standard has-post-thumbnail hentry category-uganda category-vo-svete tag-uganda\" role=\"listitem\">\n\t\t\t<div class=\"elementor-post__card\">\n\t\t\t\t<a class=\"elementor-post__thumbnail__link\" href=\"https:\/\/www.adra.sk\/en\/na-farme-v-ugande-je-zivo\/\" tabindex=\"-1\" target=\"_blank\"><div class=\"elementor-post__thumbnail\"><img loading=\"lazy\" decoding=\"async\" width=\"300\" height=\"128\" src=\"https:\/\/www.adra.sk\/wp-content\/uploads\/2022\/02\/TC-11-1-scaled-e1645249717329-300x128.jpg\" class=\"attachment-medium size-medium wp-image-22456\" alt=\"\" srcset=\"https:\/\/www.adra.sk\/wp-content\/uploads\/2022\/02\/TC-11-1-scaled-e1645249717329-300x128.jpg 300w, https:\/\/www.adra.sk\/wp-content\/uploads\/2022\/02\/TC-11-1-scaled-e1645249717329-1024x438.jpg 1024w, https:\/\/www.adra.sk\/wp-content\/uploads\/2022\/02\/TC-11-1-scaled-e1645249717329-768x328.jpg 768w, https:\/\/www.adra.sk\/wp-content\/uploads\/2022\/02\/TC-11-1-scaled-e1645249717329-1536x656.jpg 1536w, https:\/\/www.adra.sk\/wp-content\/uploads\/2022\/02\/TC-11-1-scaled-e1645249717329-2048x875.jpg 2048w, https:\/\/www.adra.sk\/wp-content\/uploads\/2022\/02\/TC-11-1-scaled-e1645249717329-16x7.jpg 16w, https:\/\/www.adra.sk\/wp-content\/uploads\/2022\/02\/TC-11-1-scaled-e1645249717329-2000x855.jpg 2000w\" sizes=\"(max-width: 300px) 100vw, 300px\" \/><\/div><\/a>\n\t\t\t\t<div class=\"elementor-post__badge\">Uganda<\/div>\n\t\t\t\t<div class=\"elementor-post__text\">\n\t\t\t\t<h3 class=\"elementor-post__title\">\n\t\t\t<a href=\"https:\/\/www.adra.sk\/en\/na-farme-v-ugande-je-zivo\/\" target=&quot;_blank&quot;>\n\t\t\t\tNa farme v Ugande je \u017eivo\t\t\t<\/a>\n\t\t<\/h3>\n\t\t\t\t<div class=\"elementor-post__excerpt\">\n\t\t\t<p>Svietime, te\u010die voda z vlastnej studne, dokon\u010dili sme tr\u00e9ningov\u00e9 centrum i farm\u00e1rske budovy. Pripravujeme sl\u00e1vnostn\u00e9<\/p>\n\t\t<\/div>\n\t\t\t\t<\/div>\n\t\t\t\t<div class=\"elementor-post__meta-data\">\n\t\t\t\t\t<span class=\"elementor-post-date\">\n\t\t\tFebruary 19, 2022\t\t<\/span>\n\t\t\t\t<\/div>\n\t\t\t\t\t<\/div>\n\t\t<\/article>\n\t\t\t\t<article class=\"elementor-post elementor-grid-item post-22280 post type-post status-publish format-standard has-post-thumbnail hentry category-novinky category-vo-svete tag-dobrovolnictvo\" role=\"listitem\">\n\t\t\t<div class=\"elementor-post__card\">\n\t\t\t\t<a class=\"elementor-post__thumbnail__link\" href=\"https:\/\/www.adra.sk\/en\/volunteer-for-project-management-wanted-in-uganda\/\" tabindex=\"-1\" target=\"_blank\"><div class=\"elementor-post__thumbnail\"><img loading=\"lazy\" decoding=\"async\" width=\"300\" height=\"212\" src=\"https:\/\/www.adra.sk\/wp-content\/uploads\/2021\/11\/volunteer-gf464c241f_1920-300x212.png\" class=\"attachment-medium size-medium wp-image-21576\" alt=\"\" srcset=\"https:\/\/www.adra.sk\/wp-content\/uploads\/2021\/11\/volunteer-gf464c241f_1920-300x212.png 300w, https:\/\/www.adra.sk\/wp-content\/uploads\/2021\/11\/volunteer-gf464c241f_1920-1024x724.png 1024w, https:\/\/www.adra.sk\/wp-content\/uploads\/2021\/11\/volunteer-gf464c241f_1920-768x543.png 768w, https:\/\/www.adra.sk\/wp-content\/uploads\/2021\/11\/volunteer-gf464c241f_1920-1536x1086.png 1536w, https:\/\/www.adra.sk\/wp-content\/uploads\/2021\/11\/volunteer-gf464c241f_1920-16x12.png 16w, https:\/\/www.adra.sk\/wp-content\/uploads\/2021\/11\/volunteer-gf464c241f_1920.png 1920w\" sizes=\"(max-width: 300px) 100vw, 300px\" \/><\/div><\/a>\n\t\t\t\t<div class=\"elementor-post__badge\">Novinky<\/div>\n\t\t\t\t<div class=\"elementor-post__text\">\n\t\t\t\t<h3 class=\"elementor-post__title\">\n\t\t\t<a href=\"https:\/\/www.adra.sk\/en\/volunteer-for-project-management-wanted-in-uganda\/\" target=&quot;_blank&quot;>\n\t\t\t\tVolunteer for project management wanted in Uganda!\t\t\t<\/a>\n\t\t<\/h3>\n\t\t\t\t<div class=\"elementor-post__excerpt\">\n\t\t\t<p>We are looking for a Project Management volunteer to be deployed for 6 months at<\/p>\n\t\t<\/div>\n\t\t\t\t<\/div>\n\t\t\t\t<div class=\"elementor-post__meta-data\">\n\t\t\t\t\t<span class=\"elementor-post-date\">\n\t\t\tFebruary 1, 2022\t\t<\/span>\n\t\t\t\t<\/div>\n\t\t\t\t\t<\/div>\n\t\t<\/article>\n\t\t\t\t<article class=\"elementor-post elementor-grid-item post-22272 post type-post status-publish format-standard has-post-thumbnail hentry category-novinky category-vo-svete tag-dobrovolnictvo\" role=\"listitem\">\n\t\t\t<div class=\"elementor-post__card\">\n\t\t\t\t<a class=\"elementor-post__thumbnail__link\" href=\"https:\/\/www.adra.sk\/en\/volunteer-for-community-work-wanted-in-uganda\/\" tabindex=\"-1\" target=\"_blank\"><div class=\"elementor-post__thumbnail\"><img loading=\"lazy\" decoding=\"async\" width=\"300\" height=\"212\" src=\"https:\/\/www.adra.sk\/wp-content\/uploads\/2021\/11\/volunteer-gf464c241f_1920-300x212.png\" class=\"attachment-medium size-medium wp-image-21576\" alt=\"\" srcset=\"https:\/\/www.adra.sk\/wp-content\/uploads\/2021\/11\/volunteer-gf464c241f_1920-300x212.png 300w, https:\/\/www.adra.sk\/wp-content\/uploads\/2021\/11\/volunteer-gf464c241f_1920-1024x724.png 1024w, https:\/\/www.adra.sk\/wp-content\/uploads\/2021\/11\/volunteer-gf464c241f_1920-768x543.png 768w, https:\/\/www.adra.sk\/wp-content\/uploads\/2021\/11\/volunteer-gf464c241f_1920-1536x1086.png 1536w, https:\/\/www.adra.sk\/wp-content\/uploads\/2021\/11\/volunteer-gf464c241f_1920-16x12.png 16w, https:\/\/www.adra.sk\/wp-content\/uploads\/2021\/11\/volunteer-gf464c241f_1920.png 1920w\" sizes=\"(max-width: 300px) 100vw, 300px\" \/><\/div><\/a>\n\t\t\t\t<div class=\"elementor-post__badge\">Novinky<\/div>\n\t\t\t\t<div class=\"elementor-post__text\">\n\t\t\t\t<h3 class=\"elementor-post__title\">\n\t\t\t<a href=\"https:\/\/www.adra.sk\/en\/volunteer-for-community-work-wanted-in-uganda\/\" target=&quot;_blank&quot;>\n\t\t\t\tVolunteer for community work wanted in Uganda!\t\t\t<\/a>\n\t\t<\/h3>\n\t\t\t\t<div class=\"elementor-post__excerpt\">\n\t\t\t<p>We are looking for a Community Worker volunteer to be deployed for 6 months at<\/p>\n\t\t<\/div>\n\t\t\t\t<\/div>\n\t\t\t\t<div class=\"elementor-post__meta-data\">\n\t\t\t\t\t<span class=\"elementor-post-date\">\n\t\t\tFebruary 1, 2022\t\t<\/span>\n\t\t\t\t<\/div>\n\t\t\t\t\t<\/div>\n\t\t<\/article>\n\t\t\t\t<article class=\"elementor-post elementor-grid-item post-22227 post type-post status-publish format-standard has-post-thumbnail hentry category-libanon category-novinky category-vo-svete tag-libanon\" role=\"listitem\">\n\t\t\t<div class=\"elementor-post__card\">\n\t\t\t\t<a class=\"elementor-post__thumbnail__link\" href=\"https:\/\/www.adra.sk\/en\/humanitarna-pomoc-pre-libanon-2\/\" tabindex=\"-1\" target=\"_blank\"><div class=\"elementor-post__thumbnail\"><img loading=\"lazy\" decoding=\"async\" width=\"300\" height=\"176\" src=\"https:\/\/www.adra.sk\/wp-content\/uploads\/2022\/01\/272260257_1042528696332486_2587004016694447351_n-e1643624643512-300x176.jpg\" class=\"attachment-medium size-medium wp-image-22232\" alt=\"\" srcset=\"https:\/\/www.adra.sk\/wp-content\/uploads\/2022\/01\/272260257_1042528696332486_2587004016694447351_n-e1643624643512-300x176.jpg 300w, https:\/\/www.adra.sk\/wp-content\/uploads\/2022\/01\/272260257_1042528696332486_2587004016694447351_n-e1643624643512-768x450.jpg 768w, https:\/\/www.adra.sk\/wp-content\/uploads\/2022\/01\/272260257_1042528696332486_2587004016694447351_n-e1643624643512-16x9.jpg 16w, https:\/\/www.adra.sk\/wp-content\/uploads\/2022\/01\/272260257_1042528696332486_2587004016694447351_n-e1643624643512.jpg 960w\" sizes=\"(max-width: 300px) 100vw, 300px\" \/><\/div><\/a>\n\t\t\t\t<div class=\"elementor-post__badge\">Libanon<\/div>\n\t\t\t\t<div class=\"elementor-post__text\">\n\t\t\t\t<h3 class=\"elementor-post__title\">\n\t\t\t<a href=\"https:\/\/www.adra.sk\/en\/humanitarna-pomoc-pre-libanon-2\/\" target=&quot;_blank&quot;>\n\t\t\t\tHumanit\u00e1rna pomoc pre Libanon\t\t\t<\/a>\n\t\t<\/h3>\n\t\t\t\t<div class=\"elementor-post__excerpt\">\n\t\t\t<p>Walid El Hajj m\u00e1 korene na Slovensku. Po\u010das stretnutia v Bejr\u00fate mi porozpr\u00e1val svoj pr\u00edbeh:<\/p>\n\t\t<\/div>\n\t\t\t\t<\/div>\n\t\t\t\t<div class=\"elementor-post__meta-data\">\n\t\t\t\t\t<span class=\"elementor-post-date\">\n\t\t\tJanuary 31, 2022\t\t<\/span>\n\t\t\t\t<\/div>\n\t\t\t\t\t<\/div>\n\t\t<\/article>\n\t\t\t\t<article class=\"elementor-post elementor-grid-item post-22109 post type-post status-publish format-standard has-post-thumbnail hentry category-novinky category-vo-svete tag-dobrovolnictvo\" role=\"listitem\">\n\t\t\t<div class=\"elementor-post__card\">\n\t\t\t\t<a class=\"elementor-post__thumbnail__link\" href=\"https:\/\/www.adra.sk\/en\/volunteer-for-income-generation-wanted-in-turkey\/\" tabindex=\"-1\" target=\"_blank\"><div class=\"elementor-post__thumbnail\"><img loading=\"lazy\" decoding=\"async\" width=\"300\" height=\"212\" src=\"https:\/\/www.adra.sk\/wp-content\/uploads\/2021\/11\/volunteer-gf464c241f_1920-300x212.png\" class=\"attachment-medium size-medium wp-image-21576\" alt=\"\" srcset=\"https:\/\/www.adra.sk\/wp-content\/uploads\/2021\/11\/volunteer-gf464c241f_1920-300x212.png 300w, https:\/\/www.adra.sk\/wp-content\/uploads\/2021\/11\/volunteer-gf464c241f_1920-1024x724.png 1024w, https:\/\/www.adra.sk\/wp-content\/uploads\/2021\/11\/volunteer-gf464c241f_1920-768x543.png 768w, https:\/\/www.adra.sk\/wp-content\/uploads\/2021\/11\/volunteer-gf464c241f_1920-1536x1086.png 1536w, https:\/\/www.adra.sk\/wp-content\/uploads\/2021\/11\/volunteer-gf464c241f_1920-16x12.png 16w, https:\/\/www.adra.sk\/wp-content\/uploads\/2021\/11\/volunteer-gf464c241f_1920.png 1920w\" sizes=\"(max-width: 300px) 100vw, 300px\" \/><\/div><\/a>\n\t\t\t\t<div class=\"elementor-post__badge\">Novinky<\/div>\n\t\t\t\t<div class=\"elementor-post__text\">\n\t\t\t\t<h3 class=\"elementor-post__title\">\n\t\t\t<a href=\"https:\/\/www.adra.sk\/en\/volunteer-for-income-generation-wanted-in-turkey\/\" target=&quot;_blank&quot;>\n\t\t\t\tVolunteer for income generation wanted in Turkey!\t\t\t<\/a>\n\t\t<\/h3>\n\t\t\t\t<div class=\"elementor-post__excerpt\">\n\t\t\t<p>&#8222;The selection process was completed. The vacancy is closed.&#8220; We are looking for an Income<\/p>\n\t\t<\/div>\n\t\t\t\t<\/div>\n\t\t\t\t<div class=\"elementor-post__meta-data\">\n\t\t\t\t\t<span class=\"elementor-post-date\">\n\t\t\tJanuary 3, 2022\t\t<\/span>\n\t\t\t\t<\/div>\n\t\t\t\t\t<\/div>\n\t\t<\/article>\n\t\t\t\t<article class=\"elementor-post elementor-grid-item post-22078 post type-post status-publish format-standard has-post-thumbnail hentry category-novinky category-na-slovensku tag-na-slovensku\" role=\"listitem\">\n\t\t\t<div class=\"elementor-post__card\">\n\t\t\t\t<a class=\"elementor-post__thumbnail__link\" href=\"https:\/\/www.adra.sk\/en\/podakovanie\/\" tabindex=\"-1\" target=\"_blank\"><div class=\"elementor-post__thumbnail\"><img loading=\"lazy\" decoding=\"async\" width=\"300\" height=\"225\" src=\"https:\/\/www.adra.sk\/wp-content\/uploads\/2021\/11\/foto-26-300x225.jpg\" class=\"attachment-medium size-medium wp-image-21663\" alt=\"\" srcset=\"https:\/\/www.adra.sk\/wp-content\/uploads\/2021\/11\/foto-26-300x225.jpg 300w, https:\/\/www.adra.sk\/wp-content\/uploads\/2021\/11\/foto-26-1024x768.jpg 1024w, https:\/\/www.adra.sk\/wp-content\/uploads\/2021\/11\/foto-26-768x576.jpg 768w, https:\/\/www.adra.sk\/wp-content\/uploads\/2021\/11\/foto-26-1536x1152.jpg 1536w, https:\/\/www.adra.sk\/wp-content\/uploads\/2021\/11\/foto-26-16x12.jpg 16w, https:\/\/www.adra.sk\/wp-content\/uploads\/2021\/11\/foto-26-1000x750.jpg 1000w, https:\/\/www.adra.sk\/wp-content\/uploads\/2021\/11\/foto-26-2000x1500.jpg 2000w, https:\/\/www.adra.sk\/wp-content\/uploads\/2021\/11\/foto-26.jpg 2048w\" sizes=\"(max-width: 300px) 100vw, 300px\" \/><\/div><\/a>\n\t\t\t\t<div class=\"elementor-post__badge\">Novinky<\/div>\n\t\t\t\t<div class=\"elementor-post__text\">\n\t\t\t\t<h3 class=\"elementor-post__title\">\n\t\t\t<a href=\"https:\/\/www.adra.sk\/en\/podakovanie\/\" target=&quot;_blank&quot;>\n\t\t\t\t\u010eakujeme!\t\t\t<\/a>\n\t\t<\/h3>\n\t\t\t\t<div class=\"elementor-post__excerpt\">\n\t\t\t<p>Sme v\u010fa\u010dn\u00ed, \u017ee sme mohli aspo\u0148 svojou malou tro\u0161kou pom\u00f4c\u0165 zmierni\u0165 utrpenie a&nbsp;naplni\u0165 tie najz\u00e1kladnej\u0161ie<\/p>\n\t\t<\/div>\n\t\t\t\t<\/div>\n\t\t\t\t<div class=\"elementor-post__meta-data\">\n\t\t\t\t\t<span class=\"elementor-post-date\">\n\t\t\tJanuary 3, 2022\t\t<\/span>\n\t\t\t\t<\/div>\n\t\t\t\t\t<\/div>\n\t\t<\/article>\n\t\t\t\t<article class=\"elementor-post elementor-grid-item post-22017 post type-post status-publish format-standard has-post-thumbnail hentry category-novinky category-vo-svete tag-dobrovolnictvo\" role=\"listitem\">\n\t\t\t<div class=\"elementor-post__card\">\n\t\t\t\t<a class=\"elementor-post__thumbnail__link\" href=\"https:\/\/www.adra.sk\/en\/volunteer-for-fundraising-wanted-in-georgia\/\" tabindex=\"-1\" target=\"_blank\"><div class=\"elementor-post__thumbnail\"><img loading=\"lazy\" decoding=\"async\" width=\"300\" height=\"212\" src=\"https:\/\/www.adra.sk\/wp-content\/uploads\/2021\/11\/volunteer-gf464c241f_1920-300x212.png\" class=\"attachment-medium size-medium wp-image-21576\" alt=\"\" srcset=\"https:\/\/www.adra.sk\/wp-content\/uploads\/2021\/11\/volunteer-gf464c241f_1920-300x212.png 300w, https:\/\/www.adra.sk\/wp-content\/uploads\/2021\/11\/volunteer-gf464c241f_1920-1024x724.png 1024w, https:\/\/www.adra.sk\/wp-content\/uploads\/2021\/11\/volunteer-gf464c241f_1920-768x543.png 768w, https:\/\/www.adra.sk\/wp-content\/uploads\/2021\/11\/volunteer-gf464c241f_1920-1536x1086.png 1536w, https:\/\/www.adra.sk\/wp-content\/uploads\/2021\/11\/volunteer-gf464c241f_1920-16x12.png 16w, https:\/\/www.adra.sk\/wp-content\/uploads\/2021\/11\/volunteer-gf464c241f_1920.png 1920w\" sizes=\"(max-width: 300px) 100vw, 300px\" \/><\/div><\/a>\n\t\t\t\t<div class=\"elementor-post__badge\">Novinky<\/div>\n\t\t\t\t<div class=\"elementor-post__text\">\n\t\t\t\t<h3 class=\"elementor-post__title\">\n\t\t\t<a href=\"https:\/\/www.adra.sk\/en\/volunteer-for-fundraising-wanted-in-georgia\/\" target=&quot;_blank&quot;>\n\t\t\t\tVolunteer for charity fundraising wanted in Georgia!\t\t\t<\/a>\n\t\t<\/h3>\n\t\t\t\t<div class=\"elementor-post__excerpt\">\n\t\t\t<p>We are looking for a Charities Fundraising volunteer to be deployed for 5 months in<\/p>\n\t\t<\/div>\n\t\t\t\t<\/div>\n\t\t\t\t<div class=\"elementor-post__meta-data\">\n\t\t\t\t\t<span class=\"elementor-post-date\">\n\t\t\tDecember 20, 2021\t\t<\/span>\n\t\t\t\t<\/div>\n\t\t\t\t\t<\/div>\n\t\t<\/article>\n\t\t\t\t<article class=\"elementor-post elementor-grid-item post-21993 post type-post status-publish format-standard has-post-thumbnail hentry category-itibo category-novinky tag-na-slovensku\" role=\"listitem\">\n\t\t\t<div class=\"elementor-post__card\">\n\t\t\t\t<a class=\"elementor-post__thumbnail__link\" href=\"https:\/\/www.adra.sk\/en\/santabus\/\" tabindex=\"-1\" target=\"_blank\"><div class=\"elementor-post__thumbnail\"><img loading=\"lazy\" decoding=\"async\" width=\"300\" height=\"107\" src=\"https:\/\/www.adra.sk\/wp-content\/uploads\/2021\/12\/S-titulka-e1639810605646-300x107.jpg\" class=\"attachment-medium size-medium wp-image-22008\" alt=\"\" srcset=\"https:\/\/www.adra.sk\/wp-content\/uploads\/2021\/12\/S-titulka-e1639810605646-300x107.jpg 300w, https:\/\/www.adra.sk\/wp-content\/uploads\/2021\/12\/S-titulka-e1639810605646-1024x366.jpg 1024w, https:\/\/www.adra.sk\/wp-content\/uploads\/2021\/12\/S-titulka-e1639810605646-768x275.jpg 768w, https:\/\/www.adra.sk\/wp-content\/uploads\/2021\/12\/S-titulka-e1639810605646-1536x549.jpg 1536w, https:\/\/www.adra.sk\/wp-content\/uploads\/2021\/12\/S-titulka-e1639810605646-2048x732.jpg 2048w, https:\/\/www.adra.sk\/wp-content\/uploads\/2021\/12\/S-titulka-e1639810605646-16x6.jpg 16w, https:\/\/www.adra.sk\/wp-content\/uploads\/2021\/12\/S-titulka-e1639810605646-2000x715.jpg 2000w\" sizes=\"(max-width: 300px) 100vw, 300px\" \/><\/div><\/a>\n\t\t\t\t<div class=\"elementor-post__badge\">Itibo<\/div>\n\t\t\t\t<div class=\"elementor-post__text\">\n\t\t\t\t<h3 class=\"elementor-post__title\">\n\t\t\t<a href=\"https:\/\/www.adra.sk\/en\/santabus\/\" target=&quot;_blank&quot;>\n\t\t\t\tSantabus\t\t\t<\/a>\n\t\t<\/h3>\n\t\t\t\t<div class=\"elementor-post__excerpt\">\n\t\t\t<p>Ujo vy ste Santa? Zasko\u010dili ma deti z&nbsp;domova, z\u00edzaj\u00fac na moju siv\u00fa bradu. Pr\u00e1ve sme<\/p>\n\t\t<\/div>\n\t\t\t\t<\/div>\n\t\t\t\t<div class=\"elementor-post__meta-data\">\n\t\t\t\t\t<span class=\"elementor-post-date\">\n\t\t\tDecember 18, 2021\t\t<\/span>\n\t\t\t\t<\/div>\n\t\t\t\t\t<\/div>\n\t\t<\/article>\n\t\t\t\t<article class=\"elementor-post elementor-grid-item post-21924 post type-post status-publish format-standard has-post-thumbnail hentry category-uganda category-vo-svete tag-uganda\" role=\"listitem\">\n\t\t\t<div class=\"elementor-post__card\">\n\t\t\t\t<a class=\"elementor-post__thumbnail__link\" href=\"https:\/\/www.adra.sk\/en\/preco-utecenci-utekaju\/\" tabindex=\"-1\" target=\"_blank\"><div class=\"elementor-post__thumbnail\"><img loading=\"lazy\" decoding=\"async\" width=\"300\" height=\"103\" src=\"https:\/\/www.adra.sk\/wp-content\/uploads\/2021\/12\/ADR03377-scaled-e1639328371581-300x103.jpg\" class=\"attachment-medium size-medium wp-image-21940\" alt=\"\" srcset=\"https:\/\/www.adra.sk\/wp-content\/uploads\/2021\/12\/ADR03377-scaled-e1639328371581-300x103.jpg 300w, https:\/\/www.adra.sk\/wp-content\/uploads\/2021\/12\/ADR03377-scaled-e1639328371581-1024x353.jpg 1024w, https:\/\/www.adra.sk\/wp-content\/uploads\/2021\/12\/ADR03377-scaled-e1639328371581-768x265.jpg 768w, https:\/\/www.adra.sk\/wp-content\/uploads\/2021\/12\/ADR03377-scaled-e1639328371581-1536x530.jpg 1536w, https:\/\/www.adra.sk\/wp-content\/uploads\/2021\/12\/ADR03377-scaled-e1639328371581-2048x706.jpg 2048w, https:\/\/www.adra.sk\/wp-content\/uploads\/2021\/12\/ADR03377-scaled-e1639328371581-16x6.jpg 16w, https:\/\/www.adra.sk\/wp-content\/uploads\/2021\/12\/ADR03377-scaled-e1639328371581-2000x690.jpg 2000w\" sizes=\"(max-width: 300px) 100vw, 300px\" \/><\/div><\/a>\n\t\t\t\t<div class=\"elementor-post__badge\">Uganda<\/div>\n\t\t\t\t<div class=\"elementor-post__text\">\n\t\t\t\t<h3 class=\"elementor-post__title\">\n\t\t\t<a href=\"https:\/\/www.adra.sk\/en\/preco-utecenci-utekaju\/\" target=&quot;_blank&quot;>\n\t\t\t\tPre\u010do ute\u010denci utekaj\u00fa?\t\t\t<\/a>\n\t\t<\/h3>\n\t\t\t\t<div class=\"elementor-post__excerpt\">\n\t\t\t<p>&#8222;Po\u010f sa pozrie\u0165 \u010do n\u00e1m poslali na\u0161i zn\u00e1mi z Konga! To mus\u00ed\u0161 vidie\u0165, aby si<\/p>\n\t\t<\/div>\n\t\t\t\t<\/div>\n\t\t\t\t<div class=\"elementor-post__meta-data\">\n\t\t\t\t\t<span class=\"elementor-post-date\">\n\t\t\tDecember 12, 2021\t\t<\/span>\n\t\t\t\t<\/div>\n\t\t\t\t\t<\/div>\n\t\t<\/article>\n\t\t\t\t<article class=\"elementor-post elementor-grid-item post-21783 post type-post status-publish format-standard has-post-thumbnail hentry category-novinky category-srbsko category-vo-svete tag-srbsko\" role=\"listitem\">\n\t\t\t<div class=\"elementor-post__card\">\n\t\t\t\t<a class=\"elementor-post__thumbnail__link\" href=\"https:\/\/www.adra.sk\/en\/zdravie-pre-ludi-bez-domova\/\" tabindex=\"-1\" target=\"_blank\"><div class=\"elementor-post__thumbnail\"><img loading=\"lazy\" decoding=\"async\" width=\"300\" height=\"100\" src=\"https:\/\/www.adra.sk\/wp-content\/uploads\/2021\/11\/Za-peniaze-si-zdravie-nekupis-ale-lieky-ano-1-300x100.png\" class=\"attachment-medium size-medium wp-image-21797\" alt=\"\" srcset=\"https:\/\/www.adra.sk\/wp-content\/uploads\/2021\/11\/Za-peniaze-si-zdravie-nekupis-ale-lieky-ano-1-300x100.png 300w, https:\/\/www.adra.sk\/wp-content\/uploads\/2021\/11\/Za-peniaze-si-zdravie-nekupis-ale-lieky-ano-1-768x257.png 768w, https:\/\/www.adra.sk\/wp-content\/uploads\/2021\/11\/Za-peniaze-si-zdravie-nekupis-ale-lieky-ano-1-16x5.png 16w, https:\/\/www.adra.sk\/wp-content\/uploads\/2021\/11\/Za-peniaze-si-zdravie-nekupis-ale-lieky-ano-1.png 965w\" sizes=\"(max-width: 300px) 100vw, 300px\" \/><\/div><\/a>\n\t\t\t\t<div class=\"elementor-post__badge\">Novinky<\/div>\n\t\t\t\t<div class=\"elementor-post__text\">\n\t\t\t\t<h3 class=\"elementor-post__title\">\n\t\t\t<a href=\"https:\/\/www.adra.sk\/en\/zdravie-pre-ludi-bez-domova\/\" target=&quot;_blank&quot;>\n\t\t\t\tZdravie si za peniaze nek\u00fapi\u0161, ale lieky \u00e1no\t\t\t<\/a>\n\t\t<\/h3>\n\t\t\t\t<div class=\"elementor-post__excerpt\">\n\t\t\t<p>Hovor\u00ed sa, \u017ee zdravie si za peniaze nek\u00fapi\u0161. Ke\u010f v\u0161ak ochorieme, predsa len je lek\u00e1re\u0148<\/p>\n\t\t<\/div>\n\t\t\t\t<\/div>\n\t\t\t\t<div class=\"elementor-post__meta-data\">\n\t\t\t\t\t<span class=\"elementor-post-date\">\n\t\t\tNovember 28, 2021\t\t<\/span>\n\t\t\t\t<\/div>\n\t\t\t\t\t<\/div>\n\t\t<\/article>\n\t\t\t\t<article class=\"elementor-post elementor-grid-item post-21776 post type-post status-publish format-standard has-post-thumbnail hentry category-novinky category-uganda category-vo-svete tag-dobrovolnictvo\" role=\"listitem\">\n\t\t\t<div class=\"elementor-post__card\">\n\t\t\t\t<a class=\"elementor-post__thumbnail__link\" href=\"https:\/\/www.adra.sk\/en\/adra-team-v-ugande\/\" tabindex=\"-1\" target=\"_blank\"><div class=\"elementor-post__thumbnail\"><img loading=\"lazy\" decoding=\"async\" width=\"300\" height=\"109\" src=\"https:\/\/www.adra.sk\/wp-content\/uploads\/2021\/11\/plumber-7-scaled-e1637636887548-300x109.jpg\" class=\"attachment-medium size-medium wp-image-21779\" alt=\"\" srcset=\"https:\/\/www.adra.sk\/wp-content\/uploads\/2021\/11\/plumber-7-scaled-e1637636887548-300x109.jpg 300w, https:\/\/www.adra.sk\/wp-content\/uploads\/2021\/11\/plumber-7-scaled-e1637636887548-1024x371.jpg 1024w, https:\/\/www.adra.sk\/wp-content\/uploads\/2021\/11\/plumber-7-scaled-e1637636887548-768x278.jpg 768w, https:\/\/www.adra.sk\/wp-content\/uploads\/2021\/11\/plumber-7-scaled-e1637636887548-1536x557.jpg 1536w, https:\/\/www.adra.sk\/wp-content\/uploads\/2021\/11\/plumber-7-scaled-e1637636887548-2048x742.jpg 2048w, https:\/\/www.adra.sk\/wp-content\/uploads\/2021\/11\/plumber-7-scaled-e1637636887548-16x6.jpg 16w, https:\/\/www.adra.sk\/wp-content\/uploads\/2021\/11\/plumber-7-scaled-e1637636887548-2000x725.jpg 2000w\" sizes=\"(max-width: 300px) 100vw, 300px\" \/><\/div><\/a>\n\t\t\t\t<div class=\"elementor-post__badge\">Novinky<\/div>\n\t\t\t\t<div class=\"elementor-post__text\">\n\t\t\t\t<h3 class=\"elementor-post__title\">\n\t\t\t<a href=\"https:\/\/www.adra.sk\/en\/adra-team-v-ugande\/\" target=&quot;_blank&quot;>\n\t\t\t\tADRA team v Ugande\t\t\t<\/a>\n\t\t<\/h3>\n\t\t\t\t<div class=\"elementor-post__excerpt\">\n\t\t\t<p>S na\u0161im mal\u00fdm t\u00edmom sme sa pustili do dokon\u010dovac\u00edch stavebn\u00fdch pr\u00e1c na na\u0161ej slovenskej farme<\/p>\n\t\t<\/div>\n\t\t\t\t<\/div>\n\t\t\t\t<div class=\"elementor-post__meta-data\">\n\t\t\t\t\t<span class=\"elementor-post-date\">\n\t\t\tNovember 23, 2021\t\t<\/span>\n\t\t\t\t<\/div>\n\t\t\t\t\t<\/div>\n\t\t<\/article>\n\t\t\t\t<article class=\"elementor-post elementor-grid-item post-21624 post type-post status-publish format-standard has-post-thumbnail hentry category-novinky category-uganda category-vo-svete tag-dobrovolnictvo\" role=\"listitem\">\n\t\t\t<div class=\"elementor-post__card\">\n\t\t\t\t<a class=\"elementor-post__thumbnail__link\" href=\"https:\/\/www.adra.sk\/en\/volunteer-wanted-in-uganda\/\" tabindex=\"-1\" target=\"_blank\"><div class=\"elementor-post__thumbnail\"><img loading=\"lazy\" decoding=\"async\" width=\"300\" height=\"212\" src=\"https:\/\/www.adra.sk\/wp-content\/uploads\/2021\/11\/volunteer-gf464c241f_1920-300x212.png\" class=\"attachment-medium size-medium wp-image-21576\" alt=\"\" srcset=\"https:\/\/www.adra.sk\/wp-content\/uploads\/2021\/11\/volunteer-gf464c241f_1920-300x212.png 300w, https:\/\/www.adra.sk\/wp-content\/uploads\/2021\/11\/volunteer-gf464c241f_1920-1024x724.png 1024w, https:\/\/www.adra.sk\/wp-content\/uploads\/2021\/11\/volunteer-gf464c241f_1920-768x543.png 768w, https:\/\/www.adra.sk\/wp-content\/uploads\/2021\/11\/volunteer-gf464c241f_1920-1536x1086.png 1536w, https:\/\/www.adra.sk\/wp-content\/uploads\/2021\/11\/volunteer-gf464c241f_1920-16x12.png 16w, https:\/\/www.adra.sk\/wp-content\/uploads\/2021\/11\/volunteer-gf464c241f_1920.png 1920w\" sizes=\"(max-width: 300px) 100vw, 300px\" \/><\/div><\/a>\n\t\t\t\t<div class=\"elementor-post__badge\">Novinky<\/div>\n\t\t\t\t<div class=\"elementor-post__text\">\n\t\t\t\t<h3 class=\"elementor-post__title\">\n\t\t\t<a href=\"https:\/\/www.adra.sk\/en\/volunteer-wanted-in-uganda\/\" target=&quot;_blank&quot;>\n\t\t\t\tVolunteer wanted in Uganda!\t\t\t<\/a>\n\t\t<\/h3>\n\t\t\t\t<div class=\"elementor-post__excerpt\">\n\t\t\t<p>We are looking for a Project Assistant volunteer to be deployed for 6 months in<\/p>\n\t\t<\/div>\n\t\t\t\t<\/div>\n\t\t\t\t<div class=\"elementor-post__meta-data\">\n\t\t\t\t\t<span class=\"elementor-post-date\">\n\t\t\tNovember 18, 2021\t\t<\/span>\n\t\t\t\t<\/div>\n\t\t\t\t\t<\/div>\n\t\t<\/article>\n\t\t\t\t<article class=\"elementor-post elementor-grid-item post-21578 post type-post status-publish format-standard has-post-thumbnail hentry category-novinky category-vo-svete tag-dobrovolnictvo\" role=\"listitem\">\n\t\t\t<div class=\"elementor-post__card\">\n\t\t\t\t<a class=\"elementor-post__thumbnail__link\" href=\"https:\/\/www.adra.sk\/en\/volunteer-for-public-relations-wanted-in-albania\/\" tabindex=\"-1\" target=\"_blank\"><div class=\"elementor-post__thumbnail\"><img loading=\"lazy\" decoding=\"async\" width=\"300\" height=\"212\" src=\"https:\/\/www.adra.sk\/wp-content\/uploads\/2021\/11\/volunteer-gf464c241f_1920-300x212.png\" class=\"attachment-medium size-medium wp-image-21576\" alt=\"\" srcset=\"https:\/\/www.adra.sk\/wp-content\/uploads\/2021\/11\/volunteer-gf464c241f_1920-300x212.png 300w, https:\/\/www.adra.sk\/wp-content\/uploads\/2021\/11\/volunteer-gf464c241f_1920-1024x724.png 1024w, https:\/\/www.adra.sk\/wp-content\/uploads\/2021\/11\/volunteer-gf464c241f_1920-768x543.png 768w, https:\/\/www.adra.sk\/wp-content\/uploads\/2021\/11\/volunteer-gf464c241f_1920-1536x1086.png 1536w, https:\/\/www.adra.sk\/wp-content\/uploads\/2021\/11\/volunteer-gf464c241f_1920-16x12.png 16w, https:\/\/www.adra.sk\/wp-content\/uploads\/2021\/11\/volunteer-gf464c241f_1920.png 1920w\" sizes=\"(max-width: 300px) 100vw, 300px\" \/><\/div><\/a>\n\t\t\t\t<div class=\"elementor-post__badge\">Novinky<\/div>\n\t\t\t\t<div class=\"elementor-post__text\">\n\t\t\t\t<h3 class=\"elementor-post__title\">\n\t\t\t<a href=\"https:\/\/www.adra.sk\/en\/volunteer-for-public-relations-wanted-in-albania\/\" target=&quot;_blank&quot;>\n\t\t\t\tVolunteer for public relations wanted in Albania!\t\t\t<\/a>\n\t\t<\/h3>\n\t\t\t\t<div class=\"elementor-post__excerpt\">\n\t\t\t<p>We are looking for a Public Relations Officer volunteer to be deployed for 9 months<\/p>\n\t\t<\/div>\n\t\t\t\t<\/div>\n\t\t\t\t<div class=\"elementor-post__meta-data\">\n\t\t\t\t\t<span class=\"elementor-post-date\">\n\t\t\tNovember 15, 2021\t\t<\/span>\n\t\t\t\t<\/div>\n\t\t\t\t\t<\/div>\n\t\t<\/article>\n\t\t\t\t<article class=\"elementor-post elementor-grid-item post-21574 post type-post status-publish format-standard has-post-thumbnail hentry category-novinky category-vo-svete tag-dobrovolnictvo\" role=\"listitem\">\n\t\t\t<div class=\"elementor-post__card\">\n\t\t\t\t<a class=\"elementor-post__thumbnail__link\" href=\"https:\/\/www.adra.sk\/en\/volunteer-for-project-development-wanted-in-albania\/\" tabindex=\"-1\" target=\"_blank\"><div class=\"elementor-post__thumbnail\"><img loading=\"lazy\" decoding=\"async\" width=\"300\" height=\"212\" src=\"https:\/\/www.adra.sk\/wp-content\/uploads\/2021\/11\/volunteer-gf464c241f_1920-300x212.png\" class=\"attachment-medium size-medium wp-image-21576\" alt=\"\" srcset=\"https:\/\/www.adra.sk\/wp-content\/uploads\/2021\/11\/volunteer-gf464c241f_1920-300x212.png 300w, https:\/\/www.adra.sk\/wp-content\/uploads\/2021\/11\/volunteer-gf464c241f_1920-1024x724.png 1024w, https:\/\/www.adra.sk\/wp-content\/uploads\/2021\/11\/volunteer-gf464c241f_1920-768x543.png 768w, https:\/\/www.adra.sk\/wp-content\/uploads\/2021\/11\/volunteer-gf464c241f_1920-1536x1086.png 1536w, https:\/\/www.adra.sk\/wp-content\/uploads\/2021\/11\/volunteer-gf464c241f_1920-16x12.png 16w, https:\/\/www.adra.sk\/wp-content\/uploads\/2021\/11\/volunteer-gf464c241f_1920.png 1920w\" sizes=\"(max-width: 300px) 100vw, 300px\" \/><\/div><\/a>\n\t\t\t\t<div class=\"elementor-post__badge\">Novinky<\/div>\n\t\t\t\t<div class=\"elementor-post__text\">\n\t\t\t\t<h3 class=\"elementor-post__title\">\n\t\t\t<a href=\"https:\/\/www.adra.sk\/en\/volunteer-for-project-development-wanted-in-albania\/\" target=&quot;_blank&quot;>\n\t\t\t\tVolunteer for project development wanted in Albania!\t\t\t<\/a>\n\t\t<\/h3>\n\t\t\t\t<div class=\"elementor-post__excerpt\">\n\t\t\t<p>We are looking for a Project Developer volunteer to be deployed for 9 months in<\/p>\n\t\t<\/div>\n\t\t\t\t<\/div>\n\t\t\t\t<div class=\"elementor-post__meta-data\">\n\t\t\t\t\t<span class=\"elementor-post-date\">\n\t\t\tNovember 15, 2021\t\t<\/span>\n\t\t\t\t<\/div>\n\t\t\t\t\t<\/div>\n\t\t<\/article>\n\t\t\t\t<article class=\"elementor-post elementor-grid-item post-21517 post type-post status-publish format-standard has-post-thumbnail hentry category-novinky category-vo-svete tag-dobrovolnictvo tag-kapacita\" role=\"listitem\">\n\t\t\t<div class=\"elementor-post__card\">\n\t\t\t\t<a class=\"elementor-post__thumbnail__link\" href=\"https:\/\/www.adra.sk\/en\/budujeme-kapacity-v-nizkoprijmovych-krajinach\/\" tabindex=\"-1\" target=\"_blank\"><div class=\"elementor-post__thumbnail\"><img loading=\"lazy\" decoding=\"async\" width=\"300\" height=\"173\" src=\"https:\/\/www.adra.sk\/wp-content\/uploads\/2021\/10\/5-300x173.jpg\" class=\"attachment-medium size-medium wp-image-21526\" alt=\"\" srcset=\"https:\/\/www.adra.sk\/wp-content\/uploads\/2021\/10\/5-300x173.jpg 300w, https:\/\/www.adra.sk\/wp-content\/uploads\/2021\/10\/5-1024x590.jpg 1024w, https:\/\/www.adra.sk\/wp-content\/uploads\/2021\/10\/5-768x443.jpg 768w, https:\/\/www.adra.sk\/wp-content\/uploads\/2021\/10\/5-16x9.jpg 16w, https:\/\/www.adra.sk\/wp-content\/uploads\/2021\/10\/5.jpg 1503w\" sizes=\"(max-width: 300px) 100vw, 300px\" \/><\/div><\/a>\n\t\t\t\t<div class=\"elementor-post__badge\">Novinky<\/div>\n\t\t\t\t<div class=\"elementor-post__text\">\n\t\t\t\t<h3 class=\"elementor-post__title\">\n\t\t\t<a href=\"https:\/\/www.adra.sk\/en\/budujeme-kapacity-v-nizkoprijmovych-krajinach\/\" target=&quot;_blank&quot;>\n\t\t\t\tV \u00fastrety efekt\u00edvnemu humanit\u00e1rnemu dobrovo\u013en\u00edctvu\t\t\t<\/a>\n\t\t<\/h3>\n\t\t\t\t<div class=\"elementor-post__excerpt\">\n\t\t\t<p>Budujeme kapacity organiz\u00e1ci\u00ed v n\u00edzkopr\u00edjmov\u00fdch krajin\u00e1ch a pom\u00e1hame im pripravi\u0165 sa na hostenie humanit\u00e1rnych dobrovo\u013en\u00edkov.&nbsp;<\/p>\n\t\t<\/div>\n\t\t\t\t<\/div>\n\t\t\t\t<div class=\"elementor-post__meta-data\">\n\t\t\t\t\t<span class=\"elementor-post-date\">\n\t\t\tOctober 20, 2021\t\t<\/span>\n\t\t\t\t<\/div>\n\t\t\t\t\t<\/div>\n\t\t<\/article>\n\t\t\t\t<article class=\"elementor-post elementor-grid-item post-21637 post type-post status-publish format-standard has-post-thumbnail hentry category-novinky category-vo-svete tag-dobrovolnictvo tag-kapacita\" role=\"listitem\">\n\t\t\t<div class=\"elementor-post__card\">\n\t\t\t\t<a class=\"elementor-post__thumbnail__link\" href=\"https:\/\/www.adra.sk\/en\/vymena-osvedcenych-postupov-a-spolupraca-v-oblasti-humanitarnej-cinnosti-s-cielom-dosiahnut-zapojenie\/\" tabindex=\"-1\" target=\"_blank\"><div class=\"elementor-post__thumbnail\"><img loading=\"lazy\" decoding=\"async\" width=\"300\" height=\"193\" src=\"https:\/\/www.adra.sk\/wp-content\/uploads\/2021\/11\/01_titulka-Podstranky-na-webe-300x193.jpg\" class=\"attachment-medium size-medium wp-image-21696\" alt=\"\" srcset=\"https:\/\/www.adra.sk\/wp-content\/uploads\/2021\/11\/01_titulka-Podstranky-na-webe-300x193.jpg 300w, https:\/\/www.adra.sk\/wp-content\/uploads\/2021\/11\/01_titulka-Podstranky-na-webe-1024x657.jpg 1024w, https:\/\/www.adra.sk\/wp-content\/uploads\/2021\/11\/01_titulka-Podstranky-na-webe-768x493.jpg 768w, https:\/\/www.adra.sk\/wp-content\/uploads\/2021\/11\/01_titulka-Podstranky-na-webe-16x10.jpg 16w, https:\/\/www.adra.sk\/wp-content\/uploads\/2021\/11\/01_titulka-Podstranky-na-webe.jpg 1030w\" sizes=\"(max-width: 300px) 100vw, 300px\" \/><\/div><\/a>\n\t\t\t\t<div class=\"elementor-post__badge\">Novinky<\/div>\n\t\t\t\t<div class=\"elementor-post__text\">\n\t\t\t\t<h3 class=\"elementor-post__title\">\n\t\t\t<a href=\"https:\/\/www.adra.sk\/en\/vymena-osvedcenych-postupov-a-spolupraca-v-oblasti-humanitarnej-cinnosti-s-cielom-dosiahnut-zapojenie\/\" target=&quot;_blank&quot;>\n\t\t\t\tV\u00fdmena osved\u010den\u00fdch postupov a spolupr\u00e1ca v oblasti humanit\u00e1rnej \u010dinnosti s cie\u013eom dosiahnu\u0165 zapojenie\t\t\t<\/a>\n\t\t<\/h3>\n\t\t\t\t<div class=\"elementor-post__excerpt\">\n\t\t\t<p>&nbsp;<\/p>\n\t\t<\/div>\n\t\t\t\t<\/div>\n\t\t\t\t<div class=\"elementor-post__meta-data\">\n\t\t\t\t\t<span class=\"elementor-post-date\">\n\t\t\tSeptember 19, 2021\t\t<\/span>\n\t\t\t\t<\/div>\n\t\t\t\t\t<\/div>\n\t\t<\/article>\n\t\t\t\t<article class=\"elementor-post elementor-grid-item post-21402 post type-post status-publish format-standard has-post-thumbnail hentry category-uganda tag-covid\" role=\"listitem\">\n\t\t\t<div class=\"elementor-post__card\">\n\t\t\t\t<a class=\"elementor-post__thumbnail__link\" href=\"https:\/\/www.adra.sk\/en\/novi-farmari-v-ugande\/\" tabindex=\"-1\" target=\"_blank\"><div class=\"elementor-post__thumbnail\"><img loading=\"lazy\" decoding=\"async\" width=\"300\" height=\"113\" src=\"https:\/\/www.adra.sk\/wp-content\/uploads\/2021\/09\/CE-08-scaled-e1631247084553-300x113.jpg\" class=\"attachment-medium size-medium wp-image-21403\" alt=\"\" srcset=\"https:\/\/www.adra.sk\/wp-content\/uploads\/2021\/09\/CE-08-scaled-e1631247084553-300x113.jpg 300w, https:\/\/www.adra.sk\/wp-content\/uploads\/2021\/09\/CE-08-scaled-e1631247084553-1024x384.jpg 1024w, https:\/\/www.adra.sk\/wp-content\/uploads\/2021\/09\/CE-08-scaled-e1631247084553-768x288.jpg 768w, https:\/\/www.adra.sk\/wp-content\/uploads\/2021\/09\/CE-08-scaled-e1631247084553-1536x576.jpg 1536w, https:\/\/www.adra.sk\/wp-content\/uploads\/2021\/09\/CE-08-scaled-e1631247084553-2048x768.jpg 2048w, https:\/\/www.adra.sk\/wp-content\/uploads\/2021\/09\/CE-08-scaled-e1631247084553-16x6.jpg 16w, https:\/\/www.adra.sk\/wp-content\/uploads\/2021\/09\/CE-08-scaled-e1631247084553-2000x750.jpg 2000w\" sizes=\"(max-width: 300px) 100vw, 300px\" \/><\/div><\/a>\n\t\t\t\t<div class=\"elementor-post__badge\">Uganda<\/div>\n\t\t\t\t<div class=\"elementor-post__text\">\n\t\t\t\t<h3 class=\"elementor-post__title\">\n\t\t\t<a href=\"https:\/\/www.adra.sk\/en\/novi-farmari-v-ugande\/\" target=&quot;_blank&quot;>\n\t\t\t\tNov\u00ed farm\u00e1ri v Ugande\t\t\t<\/a>\n\t\t<\/h3>\n\t\t\t\t<div class=\"elementor-post__excerpt\">\n\t\t\t<p>Na farme Kyjaka II. v Ugande sme sl\u00e1vnostne ukon\u010dili vzdel\u00e1vac\u00ed program a odovzdali absolventom certifik\u00e1ty<\/p>\n\t\t<\/div>\n\t\t\t\t<\/div>\n\t\t\t\t<div class=\"elementor-post__meta-data\">\n\t\t\t\t\t<span class=\"elementor-post-date\">\n\t\t\tSeptember 10, 2021\t\t<\/span>\n\t\t\t\t<\/div>\n\t\t\t\t\t<\/div>\n\t\t<\/article>\n\t\t\t\t<article class=\"elementor-post elementor-grid-item post-21399 post type-post status-publish format-standard has-post-thumbnail hentry category-uganda tag-covid\" role=\"listitem\">\n\t\t\t<div class=\"elementor-post__card\">\n\t\t\t\t<a class=\"elementor-post__thumbnail__link\" href=\"https:\/\/www.adra.sk\/en\/navsteva-projektu-v-ugande\/\" tabindex=\"-1\" target=\"_blank\"><div class=\"elementor-post__thumbnail\"><img loading=\"lazy\" decoding=\"async\" width=\"300\" height=\"139\" src=\"https:\/\/www.adra.sk\/wp-content\/uploads\/2021\/09\/UGA-S10-scaled-e1631161221275-300x139.jpg\" class=\"attachment-medium size-medium wp-image-21400\" alt=\"\" srcset=\"https:\/\/www.adra.sk\/wp-content\/uploads\/2021\/09\/UGA-S10-scaled-e1631161221275-300x139.jpg 300w, https:\/\/www.adra.sk\/wp-content\/uploads\/2021\/09\/UGA-S10-scaled-e1631161221275-1024x474.jpg 1024w, https:\/\/www.adra.sk\/wp-content\/uploads\/2021\/09\/UGA-S10-scaled-e1631161221275-768x355.jpg 768w, https:\/\/www.adra.sk\/wp-content\/uploads\/2021\/09\/UGA-S10-scaled-e1631161221275-1536x711.jpg 1536w, https:\/\/www.adra.sk\/wp-content\/uploads\/2021\/09\/UGA-S10-scaled-e1631161221275-2048x948.jpg 2048w, https:\/\/www.adra.sk\/wp-content\/uploads\/2021\/09\/UGA-S10-scaled-e1631161221275-16x7.jpg 16w, https:\/\/www.adra.sk\/wp-content\/uploads\/2021\/09\/UGA-S10-scaled-e1631161221275-2000x926.jpg 2000w\" sizes=\"(max-width: 300px) 100vw, 300px\" \/><\/div><\/a>\n\t\t\t\t<div class=\"elementor-post__badge\">Uganda<\/div>\n\t\t\t\t<div class=\"elementor-post__text\">\n\t\t\t\t<h3 class=\"elementor-post__title\">\n\t\t\t<a href=\"https:\/\/www.adra.sk\/en\/navsteva-projektu-v-ugande\/\" target=&quot;_blank&quot;>\n\t\t\t\tN\u00e1v\u0161teva projektu v Ugande\t\t\t<\/a>\n\t\t<\/h3>\n\t\t\t\t<div class=\"elementor-post__excerpt\">\n\t\t\t<p>ADRA team, ktor\u00fd je aktu\u00e1lne na monitorovacej ceste v Ugande sa stretol na na\u0161ej slovenskej<\/p>\n\t\t<\/div>\n\t\t\t\t<\/div>\n\t\t\t\t<div class=\"elementor-post__meta-data\">\n\t\t\t\t\t<span class=\"elementor-post-date\">\n\t\t\tSeptember 9, 2021\t\t<\/span>\n\t\t\t\t<\/div>\n\t\t\t\t\t<\/div>\n\t\t<\/article>\n\t\t\t\t<article class=\"elementor-post elementor-grid-item post-21276 post type-post status-publish format-standard has-post-thumbnail hentry category-na-slovensku tag-covid\" role=\"listitem\">\n\t\t\t<div class=\"elementor-post__card\">\n\t\t\t\t<a class=\"elementor-post__thumbnail__link\" href=\"https:\/\/www.adra.sk\/en\/koncert-vdaky-zdravotnikom-v-banskej-bystrici-odstartuje-verejnu-zbierku\/\" tabindex=\"-1\" target=\"_blank\"><div class=\"elementor-post__thumbnail\"><img loading=\"lazy\" decoding=\"async\" width=\"300\" height=\"144\" src=\"https:\/\/www.adra.sk\/wp-content\/uploads\/2021\/09\/DSC01174-e1630738065853-300x144.jpg\" class=\"attachment-medium size-medium wp-image-21364\" alt=\"\" srcset=\"https:\/\/www.adra.sk\/wp-content\/uploads\/2021\/09\/DSC01174-e1630738065853-300x144.jpg 300w, https:\/\/www.adra.sk\/wp-content\/uploads\/2021\/09\/DSC01174-e1630738065853-1024x491.jpg 1024w, https:\/\/www.adra.sk\/wp-content\/uploads\/2021\/09\/DSC01174-e1630738065853-768x368.jpg 768w, https:\/\/www.adra.sk\/wp-content\/uploads\/2021\/09\/DSC01174-e1630738065853-1536x737.jpg 1536w, https:\/\/www.adra.sk\/wp-content\/uploads\/2021\/09\/DSC01174-e1630738065853-16x8.jpg 16w, https:\/\/www.adra.sk\/wp-content\/uploads\/2021\/09\/DSC01174-e1630738065853.jpg 1920w\" sizes=\"(max-width: 300px) 100vw, 300px\" \/><\/div><\/a>\n\t\t\t\t<div class=\"elementor-post__badge\">Slovensko<\/div>\n\t\t\t\t<div class=\"elementor-post__text\">\n\t\t\t\t<h3 class=\"elementor-post__title\">\n\t\t\t<a href=\"https:\/\/www.adra.sk\/en\/koncert-vdaky-zdravotnikom-v-banskej-bystrici-odstartuje-verejnu-zbierku\/\" target=&quot;_blank&quot;>\n\t\t\t\tKoncert v\u010faky pre zdravotn\u00edkov\t\t\t<\/a>\n\t\t<\/h3>\n\t\t\t\t<div class=\"elementor-post__excerpt\">\n\t\t\t\t\t<\/div>\n\t\t\t\t<\/div>\n\t\t\t\t<div class=\"elementor-post__meta-data\">\n\t\t\t\t\t<span class=\"elementor-post-date\">\n\t\t\tSeptember 1, 2021\t\t<\/span>\n\t\t\t\t<\/div>\n\t\t\t\t\t<\/div>\n\t\t<\/article>\n\t\t\t\t<article class=\"elementor-post elementor-grid-item post-21195 post type-post status-publish format-standard has-post-thumbnail hentry category-na-slovensku tag-covid\" role=\"listitem\">\n\t\t\t<div class=\"elementor-post__card\">\n\t\t\t\t<a class=\"elementor-post__thumbnail__link\" href=\"https:\/\/www.adra.sk\/en\/spravy-z-dobrovolnickeho-tabora-v-pohorelskej-masi\/\" tabindex=\"-1\" target=\"_blank\"><div class=\"elementor-post__thumbnail\"><img loading=\"lazy\" decoding=\"async\" width=\"300\" height=\"138\" src=\"https:\/\/www.adra.sk\/wp-content\/uploads\/2021\/08\/MASA-25-scaled-e1629065328685-300x138.jpg\" class=\"attachment-medium size-medium wp-image-21198\" alt=\"\" srcset=\"https:\/\/www.adra.sk\/wp-content\/uploads\/2021\/08\/MASA-25-scaled-e1629065328685-300x138.jpg 300w, https:\/\/www.adra.sk\/wp-content\/uploads\/2021\/08\/MASA-25-scaled-e1629065328685-1024x471.jpg 1024w, https:\/\/www.adra.sk\/wp-content\/uploads\/2021\/08\/MASA-25-scaled-e1629065328685-768x353.jpg 768w, https:\/\/www.adra.sk\/wp-content\/uploads\/2021\/08\/MASA-25-scaled-e1629065328685-1536x706.jpg 1536w, https:\/\/www.adra.sk\/wp-content\/uploads\/2021\/08\/MASA-25-scaled-e1629065328685-2048x942.jpg 2048w, https:\/\/www.adra.sk\/wp-content\/uploads\/2021\/08\/MASA-25-scaled-e1629065328685-16x7.jpg 16w, https:\/\/www.adra.sk\/wp-content\/uploads\/2021\/08\/MASA-25-scaled-e1629065328685-2000x920.jpg 2000w\" sizes=\"(max-width: 300px) 100vw, 300px\" \/><\/div><\/a>\n\t\t\t\t<div class=\"elementor-post__badge\">Slovensko<\/div>\n\t\t\t\t<div class=\"elementor-post__text\">\n\t\t\t\t<h3 class=\"elementor-post__title\">\n\t\t\t<a href=\"https:\/\/www.adra.sk\/en\/spravy-z-dobrovolnickeho-tabora-v-pohorelskej-masi\/\" target=&quot;_blank&quot;>\n\t\t\t\tSpr\u00e1vy z dobrovo\u013en\u00edckeho t\u00e1bora v Pohorelskej Ma\u0161i\t\t\t<\/a>\n\t\t<\/h3>\n\t\t\t\t<div class=\"elementor-post__excerpt\">\n\t\t\t<p>&nbsp;<\/p>\n\t\t<\/div>\n\t\t\t\t<\/div>\n\t\t\t\t<div class=\"elementor-post__meta-data\">\n\t\t\t\t\t<span class=\"elementor-post-date\">\n\t\t\tAugust 15, 2021\t\t<\/span>\n\t\t\t\t<\/div>\n\t\t\t\t\t<\/div>\n\t\t<\/article>\n\t\t\t\t<article class=\"elementor-post elementor-grid-item post-21178 post type-post status-publish format-standard has-post-thumbnail hentry category-srbsko category-vo-svete tag-srbsko\" role=\"listitem\">\n\t\t\t<div class=\"elementor-post__card\">\n\t\t\t\t<a class=\"elementor-post__thumbnail__link\" href=\"https:\/\/www.adra.sk\/en\/drumodom-pomocnik-na-kolesach\/\" tabindex=\"-1\" target=\"_blank\"><div class=\"elementor-post__thumbnail\"><img loading=\"lazy\" decoding=\"async\" width=\"300\" height=\"105\" src=\"https:\/\/www.adra.sk\/wp-content\/uploads\/2021\/08\/544309_article_photo_6e50f4g-e1628615638596-300x105.jpeg\" class=\"attachment-medium size-medium wp-image-21183\" alt=\"\" srcset=\"https:\/\/www.adra.sk\/wp-content\/uploads\/2021\/08\/544309_article_photo_6e50f4g-e1628615638596-300x105.jpeg 300w, https:\/\/www.adra.sk\/wp-content\/uploads\/2021\/08\/544309_article_photo_6e50f4g-e1628615638596-16x6.jpeg 16w, https:\/\/www.adra.sk\/wp-content\/uploads\/2021\/08\/544309_article_photo_6e50f4g-e1628615638596.jpeg 607w\" sizes=\"(max-width: 300px) 100vw, 300px\" \/><\/div><\/a>\n\t\t\t\t<div class=\"elementor-post__badge\">Srbsko<\/div>\n\t\t\t\t<div class=\"elementor-post__text\">\n\t\t\t\t<h3 class=\"elementor-post__title\">\n\t\t\t<a href=\"https:\/\/www.adra.sk\/en\/drumodom-pomocnik-na-kolesach\/\" target=&quot;_blank&quot;>\n\t\t\t\tDrumodom, pomocn\u00edk na koles\u00e1ch\t\t\t<\/a>\n\t\t<\/h3>\n\t\t\t\t<div class=\"elementor-post__excerpt\">\n\t\t\t<p>&nbsp;<\/p>\n\t\t<\/div>\n\t\t\t\t<\/div>\n\t\t\t\t<div class=\"elementor-post__meta-data\">\n\t\t\t\t\t<span class=\"elementor-post-date\">\n\t\t\tAugust 10, 2021\t\t<\/span>\n\t\t\t\t<\/div>\n\t\t\t\t\t<\/div>\n\t\t<\/article>\n\t\t\t\t<article class=\"elementor-post elementor-grid-item post-21118 post type-post status-publish format-standard has-post-thumbnail hentry category-na-slovensku tag-covid\" role=\"listitem\">\n\t\t\t<div class=\"elementor-post__card\">\n\t\t\t\t<a class=\"elementor-post__thumbnail__link\" href=\"https:\/\/www.adra.sk\/en\/humanitarny-tabor-2021\/\" tabindex=\"-1\" target=\"_blank\"><div class=\"elementor-post__thumbnail\"><img loading=\"lazy\" decoding=\"async\" width=\"300\" height=\"147\" src=\"https:\/\/www.adra.sk\/wp-content\/uploads\/2021\/08\/MASA-03-scaled-e1627806666599-300x147.jpg\" class=\"attachment-medium size-medium wp-image-21151\" alt=\"\" srcset=\"https:\/\/www.adra.sk\/wp-content\/uploads\/2021\/08\/MASA-03-scaled-e1627806666599-300x147.jpg 300w, https:\/\/www.adra.sk\/wp-content\/uploads\/2021\/08\/MASA-03-scaled-e1627806666599-1024x502.jpg 1024w, https:\/\/www.adra.sk\/wp-content\/uploads\/2021\/08\/MASA-03-scaled-e1627806666599-768x376.jpg 768w, https:\/\/www.adra.sk\/wp-content\/uploads\/2021\/08\/MASA-03-scaled-e1627806666599-1536x752.jpg 1536w, https:\/\/www.adra.sk\/wp-content\/uploads\/2021\/08\/MASA-03-scaled-e1627806666599-2048x1003.jpg 2048w, https:\/\/www.adra.sk\/wp-content\/uploads\/2021\/08\/MASA-03-scaled-e1627806666599-16x8.jpg 16w, https:\/\/www.adra.sk\/wp-content\/uploads\/2021\/08\/MASA-03-scaled-e1627806666599-2000x980.jpg 2000w\" sizes=\"(max-width: 300px) 100vw, 300px\" \/><\/div><\/a>\n\t\t\t\t<div class=\"elementor-post__badge\">Slovensko<\/div>\n\t\t\t\t<div class=\"elementor-post__text\">\n\t\t\t\t<h3 class=\"elementor-post__title\">\n\t\t\t<a href=\"https:\/\/www.adra.sk\/en\/humanitarny-tabor-2021\/\" target=&quot;_blank&quot;>\n\t\t\t\tT\u00e1bor Pohorelsk\u00e1 Ma\u0161a\t\t\t<\/a>\n\t\t<\/h3>\n\t\t\t\t<div class=\"elementor-post__excerpt\">\n\t\t\t<p>ADRA pom\u00e1ha v Pohorelskej Ma\u0161i Help team bus zaparkoval na dvore DSS a dva t\u00fd\u017edne<\/p>\n\t\t<\/div>\n\t\t\t\t<\/div>\n\t\t\t\t<div class=\"elementor-post__meta-data\">\n\t\t\t\t\t<span class=\"elementor-post-date\">\n\t\t\tAugust 1, 2021\t\t<\/span>\n\t\t\t\t<\/div>\n\t\t\t\t\t<\/div>\n\t\t<\/article>\n\t\t\t\t<article class=\"elementor-post elementor-grid-item post-21096 post type-post status-publish format-standard has-post-thumbnail hentry category-na-slovensku\" role=\"listitem\">\n\t\t\t<div class=\"elementor-post__card\">\n\t\t\t\t<a class=\"elementor-post__thumbnail__link\" href=\"https:\/\/www.adra.sk\/en\/hladame-financneho-manazera-financnu-manazerku\/\" tabindex=\"-1\" target=\"_blank\"><div class=\"elementor-post__thumbnail\"><img loading=\"lazy\" decoding=\"async\" width=\"300\" height=\"163\" src=\"https:\/\/www.adra.sk\/wp-content\/uploads\/2021\/05\/Asistentka-financneho-manaZERA_page-0001-e1621268930132-300x163.jpg\" class=\"attachment-medium size-medium wp-image-20781\" alt=\"\" srcset=\"https:\/\/www.adra.sk\/wp-content\/uploads\/2021\/05\/Asistentka-financneho-manaZERA_page-0001-e1621268930132-300x163.jpg 300w, https:\/\/www.adra.sk\/wp-content\/uploads\/2021\/05\/Asistentka-financneho-manaZERA_page-0001-e1621268930132-16x9.jpg 16w, https:\/\/www.adra.sk\/wp-content\/uploads\/2021\/05\/Asistentka-financneho-manaZERA_page-0001-e1621268930132.jpg 620w\" sizes=\"(max-width: 300px) 100vw, 300px\" \/><\/div><\/a>\n\t\t\t\t<div class=\"elementor-post__badge\">Slovensko<\/div>\n\t\t\t\t<div class=\"elementor-post__text\">\n\t\t\t\t<h3 class=\"elementor-post__title\">\n\t\t\t<a href=\"https:\/\/www.adra.sk\/en\/hladame-financneho-manazera-financnu-manazerku\/\" target=&quot;_blank&quot;>\n\t\t\t\tH\u013ead\u00e1me finan\u010dn\u00e9ho mana\u017e\u00e9ra\/ finan\u010dn\u00fa mana\u017e\u00e9rku\t\t\t<\/a>\n\t\t<\/h3>\n\t\t\t\t<div class=\"elementor-post__excerpt\">\n\t\t\t<p>&nbsp;<\/p>\n\t\t<\/div>\n\t\t\t\t<\/div>\n\t\t\t\t<div class=\"elementor-post__meta-data\">\n\t\t\t\t\t<span class=\"elementor-post-date\">\n\t\t\tJuly 16, 2021\t\t<\/span>\n\t\t\t\t<\/div>\n\t\t\t\t\t<\/div>\n\t\t<\/article>\n\t\t\t\t<article class=\"elementor-post elementor-grid-item post-22302 post type-post status-publish format-standard has-post-thumbnail hentry category-novinky category-vo-svete tag-dobrovolnictvo\" role=\"listitem\">\n\t\t\t<div class=\"elementor-post__card\">\n\t\t\t\t<a class=\"elementor-post__thumbnail__link\" href=\"https:\/\/www.adra.sk\/en\/na-stazi-v-adra\/\" tabindex=\"-1\" target=\"_blank\"><div class=\"elementor-post__thumbnail\"><img loading=\"lazy\" decoding=\"async\" width=\"296\" height=\"300\" src=\"https:\/\/www.adra.sk\/wp-content\/uploads\/2021\/07\/world-g51d49b0ac_1280-296x300.png\" class=\"attachment-medium size-medium wp-image-22312\" alt=\"\" srcset=\"https:\/\/www.adra.sk\/wp-content\/uploads\/2021\/07\/world-g51d49b0ac_1280-296x300.png 296w, https:\/\/www.adra.sk\/wp-content\/uploads\/2021\/07\/world-g51d49b0ac_1280-1011x1024.png 1011w, https:\/\/www.adra.sk\/wp-content\/uploads\/2021\/07\/world-g51d49b0ac_1280-768x778.png 768w, https:\/\/www.adra.sk\/wp-content\/uploads\/2021\/07\/world-g51d49b0ac_1280-12x12.png 12w, https:\/\/www.adra.sk\/wp-content\/uploads\/2021\/07\/world-g51d49b0ac_1280-100x100.png 100w, https:\/\/www.adra.sk\/wp-content\/uploads\/2021\/07\/world-g51d49b0ac_1280.png 1264w\" sizes=\"(max-width: 296px) 100vw, 296px\" \/><\/div><\/a>\n\t\t\t\t<div class=\"elementor-post__badge\">Novinky<\/div>\n\t\t\t\t<div class=\"elementor-post__text\">\n\t\t\t\t<h3 class=\"elementor-post__title\">\n\t\t\t<a href=\"https:\/\/www.adra.sk\/en\/na-stazi-v-adra\/\" target=&quot;_blank&quot;>\n\t\t\t\tNa st\u00e1\u017ei v ADRA\t\t\t<\/a>\n\t\t<\/h3>\n\t\t\t\t<div class=\"elementor-post__excerpt\">\n\t\t\t<p>Kika a Dominique u n\u00e1s st\u00e1\u017eovali od febru\u00e1ra do j\u00fana 2021. V rozhovore prezradia, ako<\/p>\n\t\t<\/div>\n\t\t\t\t<\/div>\n\t\t\t\t<div class=\"elementor-post__meta-data\">\n\t\t\t\t\t<span class=\"elementor-post-date\">\n\t\t\tJuly 4, 2021\t\t<\/span>\n\t\t\t\t<\/div>\n\t\t\t\t\t<\/div>\n\t\t<\/article>\n\t\t\t\t<article class=\"elementor-post elementor-grid-item post-21059 post type-post status-publish format-standard has-post-thumbnail hentry category-na-slovensku\" role=\"listitem\">\n\t\t\t<div class=\"elementor-post__card\">\n\t\t\t\t<a class=\"elementor-post__thumbnail__link\" href=\"https:\/\/www.adra.sk\/en\/stanovisko-adra-k-relacii-cez-ciaru-kde-koncia-slovenske-miliony-eur-na-humanitarnu-pomoc\/\" tabindex=\"-1\" target=\"_blank\"><div class=\"elementor-post__thumbnail\"><img loading=\"lazy\" decoding=\"async\" width=\"300\" height=\"169\" src=\"https:\/\/www.adra.sk\/wp-content\/uploads\/2021\/07\/20210518_121210-300x169.jpg\" class=\"attachment-medium size-medium wp-image-21064\" alt=\"\" srcset=\"https:\/\/www.adra.sk\/wp-content\/uploads\/2021\/07\/20210518_121210-300x169.jpg 300w, https:\/\/www.adra.sk\/wp-content\/uploads\/2021\/07\/20210518_121210-1024x576.jpg 1024w, https:\/\/www.adra.sk\/wp-content\/uploads\/2021\/07\/20210518_121210-768x432.jpg 768w, https:\/\/www.adra.sk\/wp-content\/uploads\/2021\/07\/20210518_121210-1536x864.jpg 1536w, https:\/\/www.adra.sk\/wp-content\/uploads\/2021\/07\/20210518_121210-2048x1152.jpg 2048w, https:\/\/www.adra.sk\/wp-content\/uploads\/2021\/07\/20210518_121210-16x9.jpg 16w, https:\/\/www.adra.sk\/wp-content\/uploads\/2021\/07\/20210518_121210-2000x1125.jpg 2000w\" sizes=\"(max-width: 300px) 100vw, 300px\" \/><\/div><\/a>\n\t\t\t\t<div class=\"elementor-post__badge\">Slovensko<\/div>\n\t\t\t\t<div class=\"elementor-post__text\">\n\t\t\t\t<h3 class=\"elementor-post__title\">\n\t\t\t<a href=\"https:\/\/www.adra.sk\/en\/stanovisko-adra-k-relacii-cez-ciaru-kde-koncia-slovenske-miliony-eur-na-humanitarnu-pomoc\/\" target=&quot;_blank&quot;>\n\t\t\t\tStanovisko ADRA k rel\u00e1cii &#8222;Cez \u010diaru: Kde kon\u010dia slovensk\u00e9 mili\u00f3ny eur na humanit\u00e1rnu pomoc&#8220;\t\t\t<\/a>\n\t\t<\/h3>\n\t\t\t\t<div class=\"elementor-post__excerpt\">\n\t\t\t<p>&nbsp;<\/p>\n\t\t<\/div>\n\t\t\t\t<\/div>\n\t\t\t\t<div class=\"elementor-post__meta-data\">\n\t\t\t\t\t<span class=\"elementor-post-date\">\n\t\t\tJuly 2, 2021\t\t<\/span>\n\t\t\t\t<\/div>\n\t\t\t\t\t<\/div>\n\t\t<\/article>\n\t\t\t\t<article class=\"elementor-post elementor-grid-item post-21449 post type-post status-publish format-standard has-post-thumbnail hentry category-na-slovensku tag-covid\" role=\"listitem\">\n\t\t\t<div class=\"elementor-post__card\">\n\t\t\t\t<a class=\"elementor-post__thumbnail__link\" href=\"https:\/\/www.adra.sk\/en\/zbierka-pre-ustav-srdcovych-a-cievnych-chorob\/\" tabindex=\"-1\" target=\"_blank\"><div class=\"elementor-post__thumbnail\"><img loading=\"lazy\" decoding=\"async\" width=\"300\" height=\"144\" src=\"https:\/\/www.adra.sk\/wp-content\/uploads\/2021\/09\/DSC01174-e1630738065853-300x144.jpg\" class=\"attachment-medium size-medium wp-image-21364\" alt=\"\" srcset=\"https:\/\/www.adra.sk\/wp-content\/uploads\/2021\/09\/DSC01174-e1630738065853-300x144.jpg 300w, https:\/\/www.adra.sk\/wp-content\/uploads\/2021\/09\/DSC01174-e1630738065853-1024x491.jpg 1024w, https:\/\/www.adra.sk\/wp-content\/uploads\/2021\/09\/DSC01174-e1630738065853-768x368.jpg 768w, https:\/\/www.adra.sk\/wp-content\/uploads\/2021\/09\/DSC01174-e1630738065853-1536x737.jpg 1536w, https:\/\/www.adra.sk\/wp-content\/uploads\/2021\/09\/DSC01174-e1630738065853-16x8.jpg 16w, https:\/\/www.adra.sk\/wp-content\/uploads\/2021\/09\/DSC01174-e1630738065853.jpg 1920w\" sizes=\"(max-width: 300px) 100vw, 300px\" \/><\/div><\/a>\n\t\t\t\t<div class=\"elementor-post__badge\">Slovensko<\/div>\n\t\t\t\t<div class=\"elementor-post__text\">\n\t\t\t\t<h3 class=\"elementor-post__title\">\n\t\t\t<a href=\"https:\/\/www.adra.sk\/en\/zbierka-pre-ustav-srdcovych-a-cievnych-chorob\/\" target=&quot;_blank&quot;>\n\t\t\t\tZbierka pre \u00fastav srdcov\u00fdch a cievn\u00fdch chor\u00f4b\t\t\t<\/a>\n\t\t<\/h3>\n\t\t\t\t<div class=\"elementor-post__excerpt\">\n\t\t\t\t\t<\/div>\n\t\t\t\t<\/div>\n\t\t\t\t<div class=\"elementor-post__meta-data\">\n\t\t\t\t\t<span class=\"elementor-post-date\">\n\t\t\tJuly 1, 2021\t\t<\/span>\n\t\t\t\t<\/div>\n\t\t\t\t\t<\/div>\n\t\t<\/article>\n\t\t\t\t<article class=\"elementor-post elementor-grid-item post-21447 post type-post status-publish format-standard has-post-thumbnail hentry category-na-slovensku tag-covid\" role=\"listitem\">\n\t\t\t<div class=\"elementor-post__card\">\n\t\t\t\t<a class=\"elementor-post__thumbnail__link\" href=\"https:\/\/www.adra.sk\/en\/zbierka-pre-nemocnicu-f-d-roosvelta\/\" tabindex=\"-1\" target=\"_blank\"><div class=\"elementor-post__thumbnail\"><img loading=\"lazy\" decoding=\"async\" width=\"300\" height=\"144\" src=\"https:\/\/www.adra.sk\/wp-content\/uploads\/2021\/09\/DSC01174-e1630738065853-300x144.jpg\" class=\"attachment-medium size-medium wp-image-21364\" alt=\"\" srcset=\"https:\/\/www.adra.sk\/wp-content\/uploads\/2021\/09\/DSC01174-e1630738065853-300x144.jpg 300w, https:\/\/www.adra.sk\/wp-content\/uploads\/2021\/09\/DSC01174-e1630738065853-1024x491.jpg 1024w, https:\/\/www.adra.sk\/wp-content\/uploads\/2021\/09\/DSC01174-e1630738065853-768x368.jpg 768w, https:\/\/www.adra.sk\/wp-content\/uploads\/2021\/09\/DSC01174-e1630738065853-1536x737.jpg 1536w, https:\/\/www.adra.sk\/wp-content\/uploads\/2021\/09\/DSC01174-e1630738065853-16x8.jpg 16w, https:\/\/www.adra.sk\/wp-content\/uploads\/2021\/09\/DSC01174-e1630738065853.jpg 1920w\" sizes=\"(max-width: 300px) 100vw, 300px\" \/><\/div><\/a>\n\t\t\t\t<div class=\"elementor-post__badge\">Slovensko<\/div>\n\t\t\t\t<div class=\"elementor-post__text\">\n\t\t\t\t<h3 class=\"elementor-post__title\">\n\t\t\t<a href=\"https:\/\/www.adra.sk\/en\/zbierka-pre-nemocnicu-f-d-roosvelta\/\" target=&quot;_blank&quot;>\n\t\t\t\tZbierka pre nemocnicu F.D.Roosvelta\t\t\t<\/a>\n\t\t<\/h3>\n\t\t\t\t<div class=\"elementor-post__excerpt\">\n\t\t\t\t\t<\/div>\n\t\t\t\t<\/div>\n\t\t\t\t<div class=\"elementor-post__meta-data\">\n\t\t\t\t\t<span class=\"elementor-post-date\">\n\t\t\tJuly 1, 2021\t\t<\/span>\n\t\t\t\t<\/div>\n\t\t\t\t\t<\/div>\n\t\t<\/article>\n\t\t\t\t<article class=\"elementor-post elementor-grid-item post-21444 post type-post status-publish format-standard has-post-thumbnail hentry category-na-slovensku tag-covid\" role=\"listitem\">\n\t\t\t<div class=\"elementor-post__card\">\n\t\t\t\t<a class=\"elementor-post__thumbnail__link\" href=\"https:\/\/www.adra.sk\/en\/zbierka-pre-detsku-fakultnu-nemocnicu\/\" tabindex=\"-1\" target=\"_blank\"><div class=\"elementor-post__thumbnail\"><img loading=\"lazy\" decoding=\"async\" width=\"300\" height=\"144\" src=\"https:\/\/www.adra.sk\/wp-content\/uploads\/2021\/09\/DSC01174-e1630738065853-300x144.jpg\" class=\"attachment-medium size-medium wp-image-21364\" alt=\"\" srcset=\"https:\/\/www.adra.sk\/wp-content\/uploads\/2021\/09\/DSC01174-e1630738065853-300x144.jpg 300w, https:\/\/www.adra.sk\/wp-content\/uploads\/2021\/09\/DSC01174-e1630738065853-1024x491.jpg 1024w, https:\/\/www.adra.sk\/wp-content\/uploads\/2021\/09\/DSC01174-e1630738065853-768x368.jpg 768w, https:\/\/www.adra.sk\/wp-content\/uploads\/2021\/09\/DSC01174-e1630738065853-1536x737.jpg 1536w, https:\/\/www.adra.sk\/wp-content\/uploads\/2021\/09\/DSC01174-e1630738065853-16x8.jpg 16w, https:\/\/www.adra.sk\/wp-content\/uploads\/2021\/09\/DSC01174-e1630738065853.jpg 1920w\" sizes=\"(max-width: 300px) 100vw, 300px\" \/><\/div><\/a>\n\t\t\t\t<div class=\"elementor-post__badge\">Slovensko<\/div>\n\t\t\t\t<div class=\"elementor-post__text\">\n\t\t\t\t<h3 class=\"elementor-post__title\">\n\t\t\t<a href=\"https:\/\/www.adra.sk\/en\/zbierka-pre-detsku-fakultnu-nemocnicu\/\" target=&quot;_blank&quot;>\n\t\t\t\tZbierka pre detsk\u00fa fakultn\u00fa nemocnicu\t\t\t<\/a>\n\t\t<\/h3>\n\t\t\t\t<div class=\"elementor-post__excerpt\">\n\t\t\t\t\t<\/div>\n\t\t\t\t<\/div>\n\t\t\t\t<div class=\"elementor-post__meta-data\">\n\t\t\t\t\t<span class=\"elementor-post-date\">\n\t\t\tJuly 1, 2021\t\t<\/span>\n\t\t\t\t<\/div>\n\t\t\t\t\t<\/div>\n\t\t<\/article>\n\t\t\t\t<article class=\"elementor-post elementor-grid-item post-21011 post type-post status-publish format-standard has-post-thumbnail hentry category-ohrozeni tag-tornado\" role=\"listitem\">\n\t\t\t<div class=\"elementor-post__card\">\n\t\t\t\t<a class=\"elementor-post__thumbnail__link\" href=\"https:\/\/www.adra.sk\/en\/po-nicivom-tornade-hurikan-dobrocinnosti\/\" tabindex=\"-1\" target=\"_blank\"><div class=\"elementor-post__thumbnail\"><img loading=\"lazy\" decoding=\"async\" width=\"300\" height=\"100\" src=\"https:\/\/www.adra.sk\/wp-content\/uploads\/2021\/06\/20210627_173759-scaled-e1624876645572-300x100.jpg\" class=\"attachment-medium size-medium wp-image-21013\" alt=\"\" srcset=\"https:\/\/www.adra.sk\/wp-content\/uploads\/2021\/06\/20210627_173759-scaled-e1624876645572-300x100.jpg 300w, https:\/\/www.adra.sk\/wp-content\/uploads\/2021\/06\/20210627_173759-scaled-e1624876645572-1024x343.jpg 1024w, https:\/\/www.adra.sk\/wp-content\/uploads\/2021\/06\/20210627_173759-scaled-e1624876645572-768x257.jpg 768w, https:\/\/www.adra.sk\/wp-content\/uploads\/2021\/06\/20210627_173759-scaled-e1624876645572-1536x514.jpg 1536w, https:\/\/www.adra.sk\/wp-content\/uploads\/2021\/06\/20210627_173759-scaled-e1624876645572-2048x686.jpg 2048w, https:\/\/www.adra.sk\/wp-content\/uploads\/2021\/06\/20210627_173759-scaled-e1624876645572-16x5.jpg 16w, https:\/\/www.adra.sk\/wp-content\/uploads\/2021\/06\/20210627_173759-scaled-e1624876645572-2000x670.jpg 2000w\" sizes=\"(max-width: 300px) 100vw, 300px\" \/><\/div><\/a>\n\t\t\t\t<div class=\"elementor-post__badge\">V ohrozen\u00ed<\/div>\n\t\t\t\t<div class=\"elementor-post__text\">\n\t\t\t\t<h3 class=\"elementor-post__title\">\n\t\t\t<a href=\"https:\/\/www.adra.sk\/en\/po-nicivom-tornade-hurikan-dobrocinnosti\/\" target=&quot;_blank&quot;>\n\t\t\t\tTorn\u00e1do na Morave\t\t\t<\/a>\n\t\t<\/h3>\n\t\t\t\t<div class=\"elementor-post__excerpt\">\n\t\t\t<p>Moravsk\u00e1 Nov\u00e1 Ves jej jednou z obc\u00ed v ktorej ni\u010div\u00e9 torn\u00e1do zanechalo sp\u00fa\u0161\u0165 nev\u00eddan\u00fdch rozmerov.<\/p>\n\t\t<\/div>\n\t\t\t\t<\/div>\n\t\t\t\t<div class=\"elementor-post__meta-data\">\n\t\t\t\t\t<span class=\"elementor-post-date\">\n\t\t\tJune 28, 2021\t\t<\/span>\n\t\t\t\t<\/div>\n\t\t\t\t\t<\/div>\n\t\t<\/article>\n\t\t\t\t<article class=\"elementor-post elementor-grid-item post-20978 post type-post status-publish format-standard has-post-thumbnail hentry category-na-slovensku tag-covid\" role=\"listitem\">\n\t\t\t<div class=\"elementor-post__card\">\n\t\t\t\t<a class=\"elementor-post__thumbnail__link\" href=\"https:\/\/www.adra.sk\/en\/20978-2\/\" tabindex=\"-1\" target=\"_blank\"><div class=\"elementor-post__thumbnail\"><img loading=\"lazy\" decoding=\"async\" width=\"300\" height=\"91\" src=\"https:\/\/www.adra.sk\/wp-content\/uploads\/2021\/06\/ADRA-Workcamp2021-web-300x91.jpg\" class=\"attachment-medium size-medium wp-image-20983\" alt=\"\" srcset=\"https:\/\/www.adra.sk\/wp-content\/uploads\/2021\/06\/ADRA-Workcamp2021-web-300x91.jpg 300w, https:\/\/www.adra.sk\/wp-content\/uploads\/2021\/06\/ADRA-Workcamp2021-web-1024x311.jpg 1024w, https:\/\/www.adra.sk\/wp-content\/uploads\/2021\/06\/ADRA-Workcamp2021-web-768x233.jpg 768w, https:\/\/www.adra.sk\/wp-content\/uploads\/2021\/06\/ADRA-Workcamp2021-web-1536x467.jpg 1536w, https:\/\/www.adra.sk\/wp-content\/uploads\/2021\/06\/ADRA-Workcamp2021-web-2048x623.jpg 2048w, https:\/\/www.adra.sk\/wp-content\/uploads\/2021\/06\/ADRA-Workcamp2021-web-16x5.jpg 16w, https:\/\/www.adra.sk\/wp-content\/uploads\/2021\/06\/ADRA-Workcamp2021-web-2000x608.jpg 2000w\" sizes=\"(max-width: 300px) 100vw, 300px\" \/><\/div><\/a>\n\t\t\t\t<div class=\"elementor-post__badge\">Slovensko<\/div>\n\t\t\t\t<div class=\"elementor-post__text\">\n\t\t\t\t<h3 class=\"elementor-post__title\">\n\t\t\t<a href=\"https:\/\/www.adra.sk\/en\/20978-2\/\" target=&quot;_blank&quot;>\n\t\t\t\tLT 2021\t\t\t<\/a>\n\t\t<\/h3>\n\t\t\t\t<div class=\"elementor-post__excerpt\">\n\t\t\t<p>Mil\u00ed dobrovo\u013en\u00edci Po rokoch obnovujeme aktivitu letn\u00fdch pracovn\u00fdch t\u00e1borov ADRA pre dobrovo\u013en\u00edkov. Je to pr\u00edle\u017eitos\u0165<\/p>\n\t\t<\/div>\n\t\t\t\t<\/div>\n\t\t\t\t<div class=\"elementor-post__meta-data\">\n\t\t\t\t\t<span class=\"elementor-post-date\">\n\t\t\tJune 15, 2021\t\t<\/span>\n\t\t\t\t<\/div>\n\t\t\t\t\t<\/div>\n\t\t<\/article>\n\t\t\t\t<article class=\"elementor-post elementor-grid-item post-20970 post type-post status-publish format-standard has-post-thumbnail hentry category-na-slovensku tag-covid\" role=\"listitem\">\n\t\t\t<div class=\"elementor-post__card\">\n\t\t\t\t<a class=\"elementor-post__thumbnail__link\" href=\"https:\/\/www.adra.sk\/en\/pomozme-spolu\/\" tabindex=\"-1\" target=\"_blank\"><div class=\"elementor-post__thumbnail\"><img loading=\"lazy\" decoding=\"async\" width=\"300\" height=\"117\" src=\"https:\/\/www.adra.sk\/wp-content\/uploads\/2021\/06\/Pozvanka_210x297mm_ADRA-1-e1623747069204-300x117.jpg\" class=\"attachment-medium size-medium wp-image-20975\" alt=\"\" srcset=\"https:\/\/www.adra.sk\/wp-content\/uploads\/2021\/06\/Pozvanka_210x297mm_ADRA-1-e1623747069204-300x117.jpg 300w, https:\/\/www.adra.sk\/wp-content\/uploads\/2021\/06\/Pozvanka_210x297mm_ADRA-1-e1623747069204-1024x398.jpg 1024w, https:\/\/www.adra.sk\/wp-content\/uploads\/2021\/06\/Pozvanka_210x297mm_ADRA-1-e1623747069204-768x299.jpg 768w, https:\/\/www.adra.sk\/wp-content\/uploads\/2021\/06\/Pozvanka_210x297mm_ADRA-1-e1623747069204-1536x597.jpg 1536w, https:\/\/www.adra.sk\/wp-content\/uploads\/2021\/06\/Pozvanka_210x297mm_ADRA-1-e1623747069204-16x6.jpg 16w, https:\/\/www.adra.sk\/wp-content\/uploads\/2021\/06\/Pozvanka_210x297mm_ADRA-1-e1623747069204.jpg 1754w\" sizes=\"(max-width: 300px) 100vw, 300px\" \/><\/div><\/a>\n\t\t\t\t<div class=\"elementor-post__badge\">Slovensko<\/div>\n\t\t\t\t<div class=\"elementor-post__text\">\n\t\t\t\t<h3 class=\"elementor-post__title\">\n\t\t\t<a href=\"https:\/\/www.adra.sk\/en\/pomozme-spolu\/\" target=&quot;_blank&quot;>\n\t\t\t\tPom\u00f4\u017eme spolu\t\t\t<\/a>\n\t\t<\/h3>\n\t\t\t\t<div class=\"elementor-post__excerpt\">\n\t\t\t<p>Pom\u00f4\u017eme spolu. To je motto online benefi\u010dn\u00e9ho koncertu, ktor\u00fd m\u00f4\u017eete sledova\u0165 v sobotu 19. j\u00fana<\/p>\n\t\t<\/div>\n\t\t\t\t<\/div>\n\t\t\t\t<div class=\"elementor-post__meta-data\">\n\t\t\t\t\t<span class=\"elementor-post-date\">\n\t\t\tJune 15, 2021\t\t<\/span>\n\t\t\t\t<\/div>\n\t\t\t\t\t<\/div>\n\t\t<\/article>\n\t\t\t\t<article class=\"elementor-post elementor-grid-item post-20931 post type-post status-publish format-standard has-post-thumbnail hentry category-na-slovensku tag-covid\" role=\"listitem\">\n\t\t\t<div class=\"elementor-post__card\">\n\t\t\t\t<a class=\"elementor-post__thumbnail__link\" href=\"https:\/\/www.adra.sk\/en\/spat-do-skol\/\" tabindex=\"-1\" target=\"_blank\"><div class=\"elementor-post__thumbnail\"><img loading=\"lazy\" decoding=\"async\" width=\"300\" height=\"109\" src=\"https:\/\/www.adra.sk\/wp-content\/uploads\/2021\/06\/OCK-07-scaled-e1623041624264-300x109.jpg\" class=\"attachment-medium size-medium wp-image-20935\" alt=\"\" srcset=\"https:\/\/www.adra.sk\/wp-content\/uploads\/2021\/06\/OCK-07-scaled-e1623041624264-300x109.jpg 300w, https:\/\/www.adra.sk\/wp-content\/uploads\/2021\/06\/OCK-07-scaled-e1623041624264-1024x374.jpg 1024w, https:\/\/www.adra.sk\/wp-content\/uploads\/2021\/06\/OCK-07-scaled-e1623041624264-768x280.jpg 768w, https:\/\/www.adra.sk\/wp-content\/uploads\/2021\/06\/OCK-07-scaled-e1623041624264-1536x560.jpg 1536w, https:\/\/www.adra.sk\/wp-content\/uploads\/2021\/06\/OCK-07-scaled-e1623041624264-2048x747.jpg 2048w, https:\/\/www.adra.sk\/wp-content\/uploads\/2021\/06\/OCK-07-scaled-e1623041624264-16x6.jpg 16w, https:\/\/www.adra.sk\/wp-content\/uploads\/2021\/06\/OCK-07-scaled-e1623041624264-2000x730.jpg 2000w\" sizes=\"(max-width: 300px) 100vw, 300px\" \/><\/div><\/a>\n\t\t\t\t<div class=\"elementor-post__badge\">Slovensko<\/div>\n\t\t\t\t<div class=\"elementor-post__text\">\n\t\t\t\t<h3 class=\"elementor-post__title\">\n\t\t\t<a href=\"https:\/\/www.adra.sk\/en\/spat-do-skol\/\" target=&quot;_blank&quot;>\n\t\t\t\tSp\u00e4\u0165 do \u0161k\u00f4l\t\t\t<\/a>\n\t\t<\/h3>\n\t\t\t\t<div class=\"elementor-post__excerpt\">\n\t\t\t<p>U\u010ditelia i \u0161tudenti sa rozhodli zao\u010dkova\u0165, aby sa \u0161koly op\u00e4\u0165 stali bezpe\u010dn\u00fdm miestom. Do programu<\/p>\n\t\t<\/div>\n\t\t\t\t<\/div>\n\t\t\t\t<div class=\"elementor-post__meta-data\">\n\t\t\t\t\t<span class=\"elementor-post-date\">\n\t\t\tJune 7, 2021\t\t<\/span>\n\t\t\t\t<\/div>\n\t\t\t\t\t<\/div>\n\t\t<\/article>\n\t\t\t\t<article class=\"elementor-post elementor-grid-item post-20923 post type-post status-publish format-standard has-post-thumbnail hentry category-libanon category-novinky category-vo-svete tag-libanon\" role=\"listitem\">\n\t\t\t<div class=\"elementor-post__card\">\n\t\t\t\t<a class=\"elementor-post__thumbnail__link\" href=\"https:\/\/www.adra.sk\/en\/zasielka-humanitarnej-pomoci-smerovala-do-libanonu\/\" tabindex=\"-1\" target=\"_blank\"><div class=\"elementor-post__thumbnail\"><img loading=\"lazy\" decoding=\"async\" width=\"300\" height=\"190\" src=\"https:\/\/www.adra.sk\/wp-content\/uploads\/2021\/06\/IMG-20210517-WA0000-e1622549633609-300x190.jpg\" class=\"attachment-medium size-medium wp-image-20925\" alt=\"\" srcset=\"https:\/\/www.adra.sk\/wp-content\/uploads\/2021\/06\/IMG-20210517-WA0000-e1622549633609-300x190.jpg 300w, https:\/\/www.adra.sk\/wp-content\/uploads\/2021\/06\/IMG-20210517-WA0000-e1622549633609-1024x647.jpg 1024w, https:\/\/www.adra.sk\/wp-content\/uploads\/2021\/06\/IMG-20210517-WA0000-e1622549633609-768x485.jpg 768w, https:\/\/www.adra.sk\/wp-content\/uploads\/2021\/06\/IMG-20210517-WA0000-e1622549633609-16x10.jpg 16w, https:\/\/www.adra.sk\/wp-content\/uploads\/2021\/06\/IMG-20210517-WA0000-e1622549633609.jpg 1280w\" sizes=\"(max-width: 300px) 100vw, 300px\" \/><\/div><\/a>\n\t\t\t\t<div class=\"elementor-post__badge\">Libanon<\/div>\n\t\t\t\t<div class=\"elementor-post__text\">\n\t\t\t\t<h3 class=\"elementor-post__title\">\n\t\t\t<a href=\"https:\/\/www.adra.sk\/en\/zasielka-humanitarnej-pomoci-smerovala-do-libanonu\/\" target=&quot;_blank&quot;>\n\t\t\t\tZ\u00e1sielka humanit\u00e1rnej pomoci smerovala do Libanonu\t\t\t<\/a>\n\t\t<\/h3>\n\t\t\t\t<div class=\"elementor-post__excerpt\">\n\t\t\t\t\t<\/div>\n\t\t\t\t<\/div>\n\t\t\t\t<div class=\"elementor-post__meta-data\">\n\t\t\t\t\t<span class=\"elementor-post-date\">\n\t\t\tJune 1, 2021\t\t<\/span>\n\t\t\t\t<\/div>\n\t\t\t\t\t<\/div>\n\t\t<\/article>\n\t\t\t\t<article class=\"elementor-post elementor-grid-item post-20918 post type-post status-publish format-standard has-post-thumbnail hentry category-novinky category-vo-svete tag-dobrovolnictvo\" role=\"listitem\">\n\t\t\t<div class=\"elementor-post__card\">\n\t\t\t\t<a class=\"elementor-post__thumbnail__link\" href=\"https:\/\/www.adra.sk\/en\/nastartuj-karieru-v-humanitarnom-sektore-dobrovolnictvom-v-srbsku\/\" tabindex=\"-1\" target=\"_blank\"><div class=\"elementor-post__thumbnail\"><img loading=\"lazy\" decoding=\"async\" width=\"300\" height=\"104\" src=\"https:\/\/www.adra.sk\/wp-content\/uploads\/2021\/05\/Lucni_most_broj_jedan_preko_Lepenice_u_Kragujevcu-e1622484100357-300x104.jpg\" class=\"attachment-medium size-medium wp-image-20921\" alt=\"\" srcset=\"https:\/\/www.adra.sk\/wp-content\/uploads\/2021\/05\/Lucni_most_broj_jedan_preko_Lepenice_u_Kragujevcu-e1622484100357-300x104.jpg 300w, https:\/\/www.adra.sk\/wp-content\/uploads\/2021\/05\/Lucni_most_broj_jedan_preko_Lepenice_u_Kragujevcu-e1622484100357-1024x356.jpg 1024w, https:\/\/www.adra.sk\/wp-content\/uploads\/2021\/05\/Lucni_most_broj_jedan_preko_Lepenice_u_Kragujevcu-e1622484100357-768x267.jpg 768w, https:\/\/www.adra.sk\/wp-content\/uploads\/2021\/05\/Lucni_most_broj_jedan_preko_Lepenice_u_Kragujevcu-e1622484100357-16x6.jpg 16w, https:\/\/www.adra.sk\/wp-content\/uploads\/2021\/05\/Lucni_most_broj_jedan_preko_Lepenice_u_Kragujevcu-e1622484100357.jpg 1500w\" sizes=\"(max-width: 300px) 100vw, 300px\" \/><\/div><\/a>\n\t\t\t\t<div class=\"elementor-post__badge\">Novinky<\/div>\n\t\t\t\t<div class=\"elementor-post__text\">\n\t\t\t\t<h3 class=\"elementor-post__title\">\n\t\t\t<a href=\"https:\/\/www.adra.sk\/en\/nastartuj-karieru-v-humanitarnom-sektore-dobrovolnictvom-v-srbsku\/\" target=&quot;_blank&quot;>\n\t\t\t\tNa\u0161tartuj kari\u00e9ru v humanit\u00e1rnom sektore dobrovo\u013en\u00edctvom v Srbsku!\t\t\t<\/a>\n\t\t<\/h3>\n\t\t\t\t<div class=\"elementor-post__excerpt\">\n\t\t\t\t\t<\/div>\n\t\t\t\t<\/div>\n\t\t\t\t<div class=\"elementor-post__meta-data\">\n\t\t\t\t\t<span class=\"elementor-post-date\">\n\t\t\tMay 31, 2021\t\t<\/span>\n\t\t\t\t<\/div>\n\t\t\t\t\t<\/div>\n\t\t<\/article>\n\t\t\t\t<article class=\"elementor-post elementor-grid-item post-20827 post type-post status-publish format-standard has-post-thumbnail hentry category-libanon category-novinky category-vo-svete tag-libanon\" role=\"listitem\">\n\t\t\t<div class=\"elementor-post__card\">\n\t\t\t\t<a class=\"elementor-post__thumbnail__link\" href=\"https:\/\/www.adra.sk\/en\/voda-pre-libanon\/\" tabindex=\"-1\" target=\"_blank\"><div class=\"elementor-post__thumbnail\"><img loading=\"lazy\" decoding=\"async\" width=\"300\" height=\"217\" src=\"https:\/\/www.adra.sk\/wp-content\/uploads\/2021\/05\/IMG-20210519-WA0019-1-e1625233600930-300x217.jpg\" class=\"attachment-medium size-medium wp-image-20866\" alt=\"\" srcset=\"https:\/\/www.adra.sk\/wp-content\/uploads\/2021\/05\/IMG-20210519-WA0019-1-e1625233600930-300x217.jpg 300w, https:\/\/www.adra.sk\/wp-content\/uploads\/2021\/05\/IMG-20210519-WA0019-1-e1625233600930-768x556.jpg 768w, https:\/\/www.adra.sk\/wp-content\/uploads\/2021\/05\/IMG-20210519-WA0019-1-e1625233600930-16x12.jpg 16w, https:\/\/www.adra.sk\/wp-content\/uploads\/2021\/05\/IMG-20210519-WA0019-1-e1625233600930.jpg 844w\" sizes=\"(max-width: 300px) 100vw, 300px\" \/><\/div><\/a>\n\t\t\t\t<div class=\"elementor-post__badge\">Libanon<\/div>\n\t\t\t\t<div class=\"elementor-post__text\">\n\t\t\t\t<h3 class=\"elementor-post__title\">\n\t\t\t<a href=\"https:\/\/www.adra.sk\/en\/voda-pre-libanon\/\" target=&quot;_blank&quot;>\n\t\t\t\tVoda pre Libanon\t\t\t<\/a>\n\t\t<\/h3>\n\t\t\t\t<div class=\"elementor-post__excerpt\">\n\t\t\t<p>Libanonci a&nbsp;s\u00fdrski ute\u010denci v&nbsp;meste Baalbek sa te\u0161ia z&nbsp;najvz\u00e1cnej\u0161ieho daru. Z koh\u00fatikov im pote\u010die pitn\u00e1 voda.<\/p>\n\t\t<\/div>\n\t\t\t\t<\/div>\n\t\t\t\t<div class=\"elementor-post__meta-data\">\n\t\t\t\t\t<span class=\"elementor-post-date\">\n\t\t\tMay 26, 2021\t\t<\/span>\n\t\t\t\t<\/div>\n\t\t\t\t\t<\/div>\n\t\t<\/article>\n\t\t\t\t<article class=\"elementor-post elementor-grid-item post-20786 post type-post status-publish format-standard has-post-thumbnail hentry category-novinky category-na-slovensku category-vo-svete tag-dobrovolnictvo\" role=\"listitem\">\n\t\t\t<div class=\"elementor-post__card\">\n\t\t\t\t<a class=\"elementor-post__thumbnail__link\" href=\"https:\/\/www.adra.sk\/en\/hladame-dobrovolnikov-cky-do-srbska\/\" tabindex=\"-1\" target=\"_blank\"><div class=\"elementor-post__thumbnail\"><img loading=\"lazy\" decoding=\"async\" width=\"300\" height=\"88\" src=\"https:\/\/www.adra.sk\/wp-content\/uploads\/2021\/05\/obr-5-8178143651_209c68c99a_o-300x88.jpg\" class=\"attachment-medium size-medium wp-image-20793\" alt=\"\" srcset=\"https:\/\/www.adra.sk\/wp-content\/uploads\/2021\/05\/obr-5-8178143651_209c68c99a_o-300x88.jpg 300w, https:\/\/www.adra.sk\/wp-content\/uploads\/2021\/05\/obr-5-8178143651_209c68c99a_o-1024x301.jpg 1024w, https:\/\/www.adra.sk\/wp-content\/uploads\/2021\/05\/obr-5-8178143651_209c68c99a_o-768x226.jpg 768w, https:\/\/www.adra.sk\/wp-content\/uploads\/2021\/05\/obr-5-8178143651_209c68c99a_o-1536x452.jpg 1536w, https:\/\/www.adra.sk\/wp-content\/uploads\/2021\/05\/obr-5-8178143651_209c68c99a_o-2048x603.jpg 2048w, https:\/\/www.adra.sk\/wp-content\/uploads\/2021\/05\/obr-5-8178143651_209c68c99a_o-16x5.jpg 16w, https:\/\/www.adra.sk\/wp-content\/uploads\/2021\/05\/obr-5-8178143651_209c68c99a_o-2000x589.jpg 2000w\" sizes=\"(max-width: 300px) 100vw, 300px\" \/><\/div><\/a>\n\t\t\t\t<div class=\"elementor-post__badge\">Novinky<\/div>\n\t\t\t\t<div class=\"elementor-post__text\">\n\t\t\t\t<h3 class=\"elementor-post__title\">\n\t\t\t<a href=\"https:\/\/www.adra.sk\/en\/hladame-dobrovolnikov-cky-do-srbska\/\" target=&quot;_blank&quot;>\n\t\t\t\tH\u013ead\u00e1me dobrovo\u013en\u00edkov\/-\u010dky do Srbska\t\t\t<\/a>\n\t\t<\/h3>\n\t\t\t\t<div class=\"elementor-post__excerpt\">\n\t\t\t<p>&nbsp;<\/p>\n\t\t<\/div>\n\t\t\t\t<\/div>\n\t\t\t\t<div class=\"elementor-post__meta-data\">\n\t\t\t\t\t<span class=\"elementor-post-date\">\n\t\t\tMay 19, 2021\t\t<\/span>\n\t\t\t\t<\/div>\n\t\t\t\t\t<\/div>\n\t\t<\/article>\n\t\t\t\t<article class=\"elementor-post elementor-grid-item post-20776 post type-post status-publish format-standard has-post-thumbnail hentry category-novinky category-na-slovensku\" role=\"listitem\">\n\t\t\t<div class=\"elementor-post__card\">\n\t\t\t\t<a class=\"elementor-post__thumbnail__link\" href=\"https:\/\/www.adra.sk\/en\/rozsirujeme-financny-tim\/\" tabindex=\"-1\" target=\"_blank\"><div class=\"elementor-post__thumbnail\"><img loading=\"lazy\" decoding=\"async\" width=\"300\" height=\"186\" src=\"https:\/\/www.adra.sk\/wp-content\/uploads\/2021\/05\/Asistentka-financneho-manaZERA_page-0001-1-e1621269061308-300x186.jpg\" class=\"attachment-medium size-medium wp-image-20783\" alt=\"\" srcset=\"https:\/\/www.adra.sk\/wp-content\/uploads\/2021\/05\/Asistentka-financneho-manaZERA_page-0001-1-e1621269061308-300x186.jpg 300w, https:\/\/www.adra.sk\/wp-content\/uploads\/2021\/05\/Asistentka-financneho-manaZERA_page-0001-1-e1621269061308-16x10.jpg 16w, https:\/\/www.adra.sk\/wp-content\/uploads\/2021\/05\/Asistentka-financneho-manaZERA_page-0001-1-e1621269061308.jpg 620w\" sizes=\"(max-width: 300px) 100vw, 300px\" \/><\/div><\/a>\n\t\t\t\t<div class=\"elementor-post__badge\">Novinky<\/div>\n\t\t\t\t<div class=\"elementor-post__text\">\n\t\t\t\t<h3 class=\"elementor-post__title\">\n\t\t\t<a href=\"https:\/\/www.adra.sk\/en\/rozsirujeme-financny-tim\/\" target=&quot;_blank&quot;>\n\t\t\t\tRoz\u0161irujeme finan\u010dn\u00fd t\u00edm!\t\t\t<\/a>\n\t\t<\/h3>\n\t\t\t\t<div class=\"elementor-post__excerpt\">\n\t\t\t<p>H\u013ead\u00e1me nov\u00e9ho kolegu alebo nov\u00fa kolegy\u0148u na na\u0161e finan\u010dn\u00e9 oddelenie.<\/p>\n\t\t<\/div>\n\t\t\t\t<\/div>\n\t\t\t\t<div class=\"elementor-post__meta-data\">\n\t\t\t\t\t<span class=\"elementor-post-date\">\n\t\t\tMay 17, 2021\t\t<\/span>\n\t\t\t\t<\/div>\n\t\t\t\t\t<\/div>\n\t\t<\/article>\n\t\t\t\t<article class=\"elementor-post elementor-grid-item post-20764 post type-post status-publish format-standard has-post-thumbnail hentry category-libanon category-vo-svete tag-libanon\" role=\"listitem\">\n\t\t\t<div class=\"elementor-post__card\">\n\t\t\t\t<a class=\"elementor-post__thumbnail__link\" href=\"https:\/\/www.adra.sk\/en\/humanitarna-pomoc-pre-libanon\/\" tabindex=\"-1\" target=\"_blank\"><div class=\"elementor-post__thumbnail\"><img loading=\"lazy\" decoding=\"async\" width=\"300\" height=\"120\" src=\"https:\/\/www.adra.sk\/wp-content\/uploads\/2021\/05\/20210517_054512-scaled-e1621245269653-300x120.jpg\" class=\"attachment-medium size-medium wp-image-20773\" alt=\"\" srcset=\"https:\/\/www.adra.sk\/wp-content\/uploads\/2021\/05\/20210517_054512-scaled-e1621245269653-300x120.jpg 300w, https:\/\/www.adra.sk\/wp-content\/uploads\/2021\/05\/20210517_054512-scaled-e1621245269653-1024x410.jpg 1024w, https:\/\/www.adra.sk\/wp-content\/uploads\/2021\/05\/20210517_054512-scaled-e1621245269653-768x307.jpg 768w, https:\/\/www.adra.sk\/wp-content\/uploads\/2021\/05\/20210517_054512-scaled-e1621245269653-1536x614.jpg 1536w, https:\/\/www.adra.sk\/wp-content\/uploads\/2021\/05\/20210517_054512-scaled-e1621245269653-2048x819.jpg 2048w, https:\/\/www.adra.sk\/wp-content\/uploads\/2021\/05\/20210517_054512-scaled-e1621245269653-16x6.jpg 16w, https:\/\/www.adra.sk\/wp-content\/uploads\/2021\/05\/20210517_054512-scaled-e1621245269653-2000x800.jpg 2000w\" sizes=\"(max-width: 300px) 100vw, 300px\" \/><\/div><\/a>\n\t\t\t\t<div class=\"elementor-post__badge\">Libanon<\/div>\n\t\t\t\t<div class=\"elementor-post__text\">\n\t\t\t\t<h3 class=\"elementor-post__title\">\n\t\t\t<a href=\"https:\/\/www.adra.sk\/en\/humanitarna-pomoc-pre-libanon\/\" target=&quot;_blank&quot;>\n\t\t\t\tHumanit\u00e1rna pomoc pre Libanon\t\t\t<\/a>\n\t\t<\/h3>\n\t\t\t\t<div class=\"elementor-post__excerpt\">\n\t\t\t<p>Lietadlo s deleg\u00e1ciou zo Slovenska odletelo do \u0165a\u017eko sk\u00fa\u0161an\u00e9ho Bejr\u00fatu. Nelet\u00ed v\u0161ak napr\u00e1zdno, ale je<\/p>\n\t\t<\/div>\n\t\t\t\t<\/div>\n\t\t\t\t<div class=\"elementor-post__meta-data\">\n\t\t\t\t\t<span class=\"elementor-post-date\">\n\t\t\tMay 17, 2021\t\t<\/span>\n\t\t\t\t<\/div>\n\t\t\t\t\t<\/div>\n\t\t<\/article>\n\t\t\t\t<article class=\"elementor-post elementor-grid-item post-20751 post type-post status-publish format-standard has-post-thumbnail hentry category-na-slovensku tag-covid\" role=\"listitem\">\n\t\t\t<div class=\"elementor-post__card\">\n\t\t\t\t<a class=\"elementor-post__thumbnail__link\" href=\"https:\/\/www.adra.sk\/en\/help-team-bus-na-cestach\/\" tabindex=\"-1\" target=\"_blank\"><div class=\"elementor-post__thumbnail\"><img loading=\"lazy\" decoding=\"async\" width=\"300\" height=\"144\" src=\"https:\/\/www.adra.sk\/wp-content\/uploads\/2021\/05\/20210511_170059-scaled-e1620968474948-300x144.jpg\" class=\"attachment-medium size-medium wp-image-20760\" alt=\"\" srcset=\"https:\/\/www.adra.sk\/wp-content\/uploads\/2021\/05\/20210511_170059-scaled-e1620968474948-300x144.jpg 300w, https:\/\/www.adra.sk\/wp-content\/uploads\/2021\/05\/20210511_170059-scaled-e1620968474948-1024x492.jpg 1024w, https:\/\/www.adra.sk\/wp-content\/uploads\/2021\/05\/20210511_170059-scaled-e1620968474948-768x369.jpg 768w, https:\/\/www.adra.sk\/wp-content\/uploads\/2021\/05\/20210511_170059-scaled-e1620968474948-1536x738.jpg 1536w, https:\/\/www.adra.sk\/wp-content\/uploads\/2021\/05\/20210511_170059-scaled-e1620968474948-2048x984.jpg 2048w, https:\/\/www.adra.sk\/wp-content\/uploads\/2021\/05\/20210511_170059-scaled-e1620968474948-16x8.jpg 16w, https:\/\/www.adra.sk\/wp-content\/uploads\/2021\/05\/20210511_170059-scaled-e1620968474948-2000x960.jpg 2000w\" sizes=\"(max-width: 300px) 100vw, 300px\" \/><\/div><\/a>\n\t\t\t\t<div class=\"elementor-post__badge\">Slovensko<\/div>\n\t\t\t\t<div class=\"elementor-post__text\">\n\t\t\t\t<h3 class=\"elementor-post__title\">\n\t\t\t<a href=\"https:\/\/www.adra.sk\/en\/help-team-bus-na-cestach\/\" target=&quot;_blank&quot;>\n\t\t\t\tHelp Team Bus na cest\u00e1ch\t\t\t<\/a>\n\t\t<\/h3>\n\t\t\t\t<div class=\"elementor-post__excerpt\">\n\t\t\t<p>BUS ADRA je naplno zapojen\u00fd do pomoci pri boji s pand\u00e9miou. Sl\u00fa\u017eime pre t\u00edmy zdravotn\u00edkov<\/p>\n\t\t<\/div>\n\t\t\t\t<\/div>\n\t\t\t\t<div class=\"elementor-post__meta-data\">\n\t\t\t\t\t<span class=\"elementor-post-date\">\n\t\t\tMay 14, 2021\t\t<\/span>\n\t\t\t\t<\/div>\n\t\t\t\t\t<\/div>\n\t\t<\/article>\n\t\t\t\t<article class=\"elementor-post elementor-grid-item post-20734 post type-post status-publish format-standard has-post-thumbnail hentry category-na-slovensku tag-covid\" role=\"listitem\">\n\t\t\t<div class=\"elementor-post__card\">\n\t\t\t\t<a class=\"elementor-post__thumbnail__link\" href=\"https:\/\/www.adra.sk\/en\/mobilne-ockovanie-2\/\" tabindex=\"-1\" target=\"_blank\"><div class=\"elementor-post__thumbnail\"><img loading=\"lazy\" decoding=\"async\" width=\"300\" height=\"169\" src=\"https:\/\/www.adra.sk\/wp-content\/uploads\/2021\/05\/BUS-03-300x169.jpg\" class=\"attachment-medium size-medium wp-image-20735\" alt=\"\" srcset=\"https:\/\/www.adra.sk\/wp-content\/uploads\/2021\/05\/BUS-03-300x169.jpg 300w, https:\/\/www.adra.sk\/wp-content\/uploads\/2021\/05\/BUS-03-1024x576.jpg 1024w, https:\/\/www.adra.sk\/wp-content\/uploads\/2021\/05\/BUS-03-768x432.jpg 768w, https:\/\/www.adra.sk\/wp-content\/uploads\/2021\/05\/BUS-03-1536x864.jpg 1536w, https:\/\/www.adra.sk\/wp-content\/uploads\/2021\/05\/BUS-03-2048x1152.jpg 2048w, https:\/\/www.adra.sk\/wp-content\/uploads\/2021\/05\/BUS-03-16x9.jpg 16w, https:\/\/www.adra.sk\/wp-content\/uploads\/2021\/05\/BUS-03-2000x1125.jpg 2000w\" sizes=\"(max-width: 300px) 100vw, 300px\" \/><\/div><\/a>\n\t\t\t\t<div class=\"elementor-post__badge\">Slovensko<\/div>\n\t\t\t\t<div class=\"elementor-post__text\">\n\t\t\t\t<h3 class=\"elementor-post__title\">\n\t\t\t<a href=\"https:\/\/www.adra.sk\/en\/mobilne-ockovanie-2\/\" target=&quot;_blank&quot;>\n\t\t\t\tADRA BUS nastupuje\t\t\t<\/a>\n\t\t<\/h3>\n\t\t\t\t<div class=\"elementor-post__excerpt\">\n\t\t\t<p>HELP TEAM BUS ADRA u\u017e je po prestavbe k&nbsp;dispoz\u00edcii na pomoc pri boji s&nbsp;pand\u00e9miou aj<\/p>\n\t\t<\/div>\n\t\t\t\t<\/div>\n\t\t\t\t<div class=\"elementor-post__meta-data\">\n\t\t\t\t\t<span class=\"elementor-post-date\">\n\t\t\tMay 7, 2021\t\t<\/span>\n\t\t\t\t<\/div>\n\t\t\t\t\t<\/div>\n\t\t<\/article>\n\t\t\t\t<article class=\"elementor-post elementor-grid-item post-20467 post type-post status-publish format-standard has-post-thumbnail hentry category-na-slovensku tag-covid\" role=\"listitem\">\n\t\t\t<div class=\"elementor-post__card\">\n\t\t\t\t<a class=\"elementor-post__thumbnail__link\" href=\"https:\/\/www.adra.sk\/en\/mobilne-ockovanie\/\" tabindex=\"-1\" target=\"_blank\"><div class=\"elementor-post__thumbnail\"><img loading=\"lazy\" decoding=\"async\" width=\"300\" height=\"134\" src=\"https:\/\/www.adra.sk\/wp-content\/uploads\/2021\/04\/MOJ-1-e1617945306968-300x134.jpg\" class=\"attachment-medium size-medium wp-image-20470\" alt=\"\" srcset=\"https:\/\/www.adra.sk\/wp-content\/uploads\/2021\/04\/MOJ-1-e1617945306968-300x134.jpg 300w, https:\/\/www.adra.sk\/wp-content\/uploads\/2021\/04\/MOJ-1-e1617945306968-1024x456.jpg 1024w, https:\/\/www.adra.sk\/wp-content\/uploads\/2021\/04\/MOJ-1-e1617945306968-768x342.jpg 768w, https:\/\/www.adra.sk\/wp-content\/uploads\/2021\/04\/MOJ-1-e1617945306968-1536x684.jpg 1536w, https:\/\/www.adra.sk\/wp-content\/uploads\/2021\/04\/MOJ-1-e1617945306968-16x7.jpg 16w, https:\/\/www.adra.sk\/wp-content\/uploads\/2021\/04\/MOJ-1-e1617945306968.jpg 1600w\" sizes=\"(max-width: 300px) 100vw, 300px\" \/><\/div><\/a>\n\t\t\t\t<div class=\"elementor-post__badge\">Slovensko<\/div>\n\t\t\t\t<div class=\"elementor-post__text\">\n\t\t\t\t<h3 class=\"elementor-post__title\">\n\t\t\t<a href=\"https:\/\/www.adra.sk\/en\/mobilne-ockovanie\/\" target=&quot;_blank&quot;>\n\t\t\t\tMobiln\u00e9 o\u010dkovanie\t\t\t<\/a>\n\t\t<\/h3>\n\t\t\t\t<div class=\"elementor-post__excerpt\">\n\t\t\t<p>HELP BUS ADRA bude sl\u00fa\u017ei\u0165 ako mobiln\u00e1 o\u010dkovacia jednotka.<\/p>\n\t\t<\/div>\n\t\t\t\t<\/div>\n\t\t\t\t<div class=\"elementor-post__meta-data\">\n\t\t\t\t\t<span class=\"elementor-post-date\">\n\t\t\tApril 9, 2021\t\t<\/span>\n\t\t\t\t<\/div>\n\t\t\t\t\t<\/div>\n\t\t<\/article>\n\t\t\t\t<article class=\"elementor-post elementor-grid-item post-20367 post type-post status-publish format-standard has-post-thumbnail hentry category-vo-svete tag-dobrovolnictvo tag-hva\" role=\"listitem\">\n\t\t\t<div class=\"elementor-post__card\">\n\t\t\t\t<a class=\"elementor-post__thumbnail__link\" href=\"https:\/\/www.adra.sk\/en\/aj-slovensko-prispieva-k-rozvojovej-pomoci-eu-cez-expertne-dobrovolnictvo\/\" tabindex=\"-1\" target=\"_blank\"><div class=\"elementor-post__thumbnail\"><img loading=\"lazy\" decoding=\"async\" width=\"300\" height=\"168\" src=\"https:\/\/www.adra.sk\/wp-content\/uploads\/2021\/03\/aya-e1617004798892-300x168.jpg\" class=\"attachment-medium size-medium wp-image-20374\" alt=\"\" srcset=\"https:\/\/www.adra.sk\/wp-content\/uploads\/2021\/03\/aya-e1617004798892-300x168.jpg 300w, https:\/\/www.adra.sk\/wp-content\/uploads\/2021\/03\/aya-e1617004798892-16x9.jpg 16w, https:\/\/www.adra.sk\/wp-content\/uploads\/2021\/03\/aya-e1617004798892.jpg 664w\" sizes=\"(max-width: 300px) 100vw, 300px\" \/><\/div><\/a>\n\t\t\t\t<div class=\"elementor-post__badge\">Vo svete<\/div>\n\t\t\t\t<div class=\"elementor-post__text\">\n\t\t\t\t<h3 class=\"elementor-post__title\">\n\t\t\t<a href=\"https:\/\/www.adra.sk\/en\/aj-slovensko-prispieva-k-rozvojovej-pomoci-eu-cez-expertne-dobrovolnictvo\/\" target=&quot;_blank&quot;>\n\t\t\t\tAj Slovensko prispieva k rozvojovej pomoci E\u00da cez expertn\u00e9 dobrovo\u013en\u00edctvo\t\t\t<\/a>\n\t\t<\/h3>\n\t\t\t\t<div class=\"elementor-post__excerpt\">\n\t\t\t<p>Osemn\u00e1s\u0165 expertn\u00fdch dobrovo\u013en\u00edkov z E\u00da s podporou troch vysielaj\u00facich organiz\u00e1ci\u00ed zo Slovenska, Franc\u00fazka a Est\u00f3nska<\/p>\n\t\t<\/div>\n\t\t\t\t<\/div>\n\t\t\t\t<div class=\"elementor-post__meta-data\">\n\t\t\t\t\t<span class=\"elementor-post-date\">\n\t\t\tMarch 28, 2021\t\t<\/span>\n\t\t\t\t<\/div>\n\t\t\t\t\t<\/div>\n\t\t<\/article>\n\t\t\t\t<article class=\"elementor-post elementor-grid-item post-20354 post type-post status-publish format-standard has-post-thumbnail hentry category-blogen category-vo-svete tag-dobrovolnictvo tag-hva\" role=\"listitem\">\n\t\t\t<div class=\"elementor-post__card\">\n\t\t\t\t<a class=\"elementor-post__thumbnail__link\" href=\"https:\/\/www.adra.sk\/en\/16-vzacnych-mesiacov-v-albansku\/\" tabindex=\"-1\" target=\"_blank\"><div class=\"elementor-post__thumbnail\"><img loading=\"lazy\" decoding=\"async\" width=\"300\" height=\"141\" src=\"https:\/\/www.adra.sk\/wp-content\/uploads\/2021\/03\/IMG_0680-scaled-e1616882428490-300x141.jpg\" class=\"attachment-medium size-medium wp-image-20357\" alt=\"\" srcset=\"https:\/\/www.adra.sk\/wp-content\/uploads\/2021\/03\/IMG_0680-scaled-e1616882428490-300x141.jpg 300w, https:\/\/www.adra.sk\/wp-content\/uploads\/2021\/03\/IMG_0680-scaled-e1616882428490-1024x481.jpg 1024w, https:\/\/www.adra.sk\/wp-content\/uploads\/2021\/03\/IMG_0680-scaled-e1616882428490-768x361.jpg 768w, https:\/\/www.adra.sk\/wp-content\/uploads\/2021\/03\/IMG_0680-scaled-e1616882428490-1536x721.jpg 1536w, https:\/\/www.adra.sk\/wp-content\/uploads\/2021\/03\/IMG_0680-scaled-e1616882428490-2048x962.jpg 2048w, https:\/\/www.adra.sk\/wp-content\/uploads\/2021\/03\/IMG_0680-scaled-e1616882428490-16x8.jpg 16w, https:\/\/www.adra.sk\/wp-content\/uploads\/2021\/03\/IMG_0680-scaled-e1616882428490-2000x939.jpg 2000w\" sizes=\"(max-width: 300px) 100vw, 300px\" \/><\/div><\/a>\n\t\t\t\t<div class=\"elementor-post__badge\">BlogEN<\/div>\n\t\t\t\t<div class=\"elementor-post__text\">\n\t\t\t\t<h3 class=\"elementor-post__title\">\n\t\t\t<a href=\"https:\/\/www.adra.sk\/en\/16-vzacnych-mesiacov-v-albansku\/\" target=&quot;_blank&quot;>\n\t\t\t\t16 vz\u00e1cnych mesiacov v Alb\u00e1nsku\t\t\t<\/a>\n\t\t<\/h3>\n\t\t\t\t<div class=\"elementor-post__excerpt\">\n\t\t\t<p>Cyriakus, n\u00e1\u0161 dobrovo\u013en\u00edk v Alb\u00e1nsku, ukon\u010dil svoje vyslanie po 16 podnetn\u00fdch mesiacoch dobrovo\u013en\u00edctva v na\u0161ej<\/p>\n\t\t<\/div>\n\t\t\t\t<\/div>\n\t\t\t\t<div class=\"elementor-post__meta-data\">\n\t\t\t\t\t<span class=\"elementor-post-date\">\n\t\t\tMarch 27, 2021\t\t<\/span>\n\t\t\t\t<\/div>\n\t\t\t\t\t<\/div>\n\t\t<\/article>\n\t\t\t\t<article class=\"elementor-post elementor-grid-item post-20330 post type-post status-publish format-standard has-post-thumbnail hentry category-itibo category-vo-svete tag-itibo\" role=\"listitem\">\n\t\t\t<div class=\"elementor-post__card\">\n\t\t\t\t<a class=\"elementor-post__thumbnail__link\" href=\"https:\/\/www.adra.sk\/en\/itibo\/\" tabindex=\"-1\" target=\"_blank\"><div class=\"elementor-post__thumbnail\"><img loading=\"lazy\" decoding=\"async\" width=\"300\" height=\"159\" src=\"https:\/\/www.adra.sk\/wp-content\/uploads\/2021\/03\/Z-Itibo-gen-5-scaled-e1616834708266-300x159.jpg\" class=\"attachment-medium size-medium wp-image-20333\" alt=\"\" srcset=\"https:\/\/www.adra.sk\/wp-content\/uploads\/2021\/03\/Z-Itibo-gen-5-scaled-e1616834708266-300x159.jpg 300w, https:\/\/www.adra.sk\/wp-content\/uploads\/2021\/03\/Z-Itibo-gen-5-scaled-e1616834708266-1024x542.jpg 1024w, https:\/\/www.adra.sk\/wp-content\/uploads\/2021\/03\/Z-Itibo-gen-5-scaled-e1616834708266-768x407.jpg 768w, https:\/\/www.adra.sk\/wp-content\/uploads\/2021\/03\/Z-Itibo-gen-5-scaled-e1616834708266-1536x814.jpg 1536w, https:\/\/www.adra.sk\/wp-content\/uploads\/2021\/03\/Z-Itibo-gen-5-scaled-e1616834708266-2048x1085.jpg 2048w, https:\/\/www.adra.sk\/wp-content\/uploads\/2021\/03\/Z-Itibo-gen-5-scaled-e1616834708266-16x8.jpg 16w, https:\/\/www.adra.sk\/wp-content\/uploads\/2021\/03\/Z-Itibo-gen-5-scaled-e1616834708266-2000x1059.jpg 2000w\" sizes=\"(max-width: 300px) 100vw, 300px\" \/><\/div><\/a>\n\t\t\t\t<div class=\"elementor-post__badge\">Itibo<\/div>\n\t\t\t\t<div class=\"elementor-post__text\">\n\t\t\t\t<h3 class=\"elementor-post__title\">\n\t\t\t<a href=\"https:\/\/www.adra.sk\/en\/itibo\/\" target=&quot;_blank&quot;>\n\t\t\t\tPo\u010fakovanie z nemocnice ITIBO\t\t\t<\/a>\n\t\t<\/h3>\n\t\t\t\t<div class=\"elementor-post__excerpt\">\n\t\t\t<p>Uplynul rok od na\u0161ej cesty do Afriky, po\u010das ktorej sme namontovali v nemocnici Itibo (Ke\u0148a)<\/p>\n\t\t<\/div>\n\t\t\t\t<\/div>\n\t\t\t\t<div class=\"elementor-post__meta-data\">\n\t\t\t\t\t<span class=\"elementor-post-date\">\n\t\t\tMarch 27, 2021\t\t<\/span>\n\t\t\t\t<\/div>\n\t\t\t\t\t<\/div>\n\t\t<\/article>\n\t\t\t\t<article class=\"elementor-post elementor-grid-item post-20316 post type-post status-publish format-standard has-post-thumbnail hentry category-na-slovensku tag-covid\" role=\"listitem\">\n\t\t\t<div class=\"elementor-post__card\">\n\t\t\t\t<a class=\"elementor-post__thumbnail__link\" href=\"https:\/\/www.adra.sk\/en\/help-bus-k-dispozicii\/\" tabindex=\"-1\" target=\"_blank\"><div class=\"elementor-post__thumbnail\"><img loading=\"lazy\" decoding=\"async\" width=\"300\" height=\"108\" src=\"https:\/\/www.adra.sk\/wp-content\/uploads\/2021\/03\/MOM-01-scaled-e1616478389158-300x108.jpg\" class=\"attachment-medium size-medium wp-image-20318\" alt=\"\" srcset=\"https:\/\/www.adra.sk\/wp-content\/uploads\/2021\/03\/MOM-01-scaled-e1616478389158-300x108.jpg 300w, https:\/\/www.adra.sk\/wp-content\/uploads\/2021\/03\/MOM-01-scaled-e1616478389158-1024x368.jpg 1024w, https:\/\/www.adra.sk\/wp-content\/uploads\/2021\/03\/MOM-01-scaled-e1616478389158-768x276.jpg 768w, https:\/\/www.adra.sk\/wp-content\/uploads\/2021\/03\/MOM-01-scaled-e1616478389158-1536x553.jpg 1536w, https:\/\/www.adra.sk\/wp-content\/uploads\/2021\/03\/MOM-01-scaled-e1616478389158-2048x737.jpg 2048w, https:\/\/www.adra.sk\/wp-content\/uploads\/2021\/03\/MOM-01-scaled-e1616478389158-16x6.jpg 16w, https:\/\/www.adra.sk\/wp-content\/uploads\/2021\/03\/MOM-01-scaled-e1616478389158-2000x720.jpg 2000w\" sizes=\"(max-width: 300px) 100vw, 300px\" \/><\/div><\/a>\n\t\t\t\t<div class=\"elementor-post__badge\">Slovensko<\/div>\n\t\t\t\t<div class=\"elementor-post__text\">\n\t\t\t\t<h3 class=\"elementor-post__title\">\n\t\t\t<a href=\"https:\/\/www.adra.sk\/en\/help-bus-k-dispozicii\/\" target=&quot;_blank&quot;>\n\t\t\t\tHELP BUS k dispoz\u00edcii\t\t\t<\/a>\n\t\t<\/h3>\n\t\t\t\t<div class=\"elementor-post__excerpt\">\n\t\t\t<p>ADRA poskytuje HELP BUS \u2013 autobus upraven\u00fd ako \u0161peci\u00e1lne vozidlo s ambulanciou pre testovanie a<\/p>\n\t\t<\/div>\n\t\t\t\t<\/div>\n\t\t\t\t<div class=\"elementor-post__meta-data\">\n\t\t\t\t\t<span class=\"elementor-post-date\">\n\t\t\tMarch 23, 2021\t\t<\/span>\n\t\t\t\t<\/div>\n\t\t\t\t\t<\/div>\n\t\t<\/article>\n\t\t\t\t<article class=\"elementor-post elementor-grid-item post-20250 post type-post status-publish format-standard has-post-thumbnail hentry category-uganda category-vo-svete tag-uganda\" role=\"listitem\">\n\t\t\t<div class=\"elementor-post__card\">\n\t\t\t\t<a class=\"elementor-post__thumbnail__link\" href=\"https:\/\/www.adra.sk\/en\/trenujeme-trenerov\/\" tabindex=\"-1\" target=\"_blank\"><div class=\"elementor-post__thumbnail\"><img loading=\"lazy\" decoding=\"async\" width=\"300\" height=\"201\" src=\"https:\/\/www.adra.sk\/wp-content\/uploads\/2021\/03\/Prax-06-e1616419611553-300x201.jpg\" class=\"attachment-medium size-medium wp-image-20252\" alt=\"\" srcset=\"https:\/\/www.adra.sk\/wp-content\/uploads\/2021\/03\/Prax-06-e1616419611553-300x201.jpg 300w, https:\/\/www.adra.sk\/wp-content\/uploads\/2021\/03\/Prax-06-e1616419611553-768x514.jpg 768w, https:\/\/www.adra.sk\/wp-content\/uploads\/2021\/03\/Prax-06-e1616419611553-16x12.jpg 16w, https:\/\/www.adra.sk\/wp-content\/uploads\/2021\/03\/Prax-06-e1616419611553.jpg 982w\" sizes=\"(max-width: 300px) 100vw, 300px\" \/><\/div><\/a>\n\t\t\t\t<div class=\"elementor-post__badge\">Uganda<\/div>\n\t\t\t\t<div class=\"elementor-post__text\">\n\t\t\t\t<h3 class=\"elementor-post__title\">\n\t\t\t<a href=\"https:\/\/www.adra.sk\/en\/trenujeme-trenerov\/\" target=&quot;_blank&quot;>\n\t\t\t\tTr\u00e9nujeme tr\u00e9nerov\t\t\t<\/a>\n\t\t<\/h3>\n\t\t\t\t<div class=\"elementor-post__excerpt\">\n\t\t\t<p>\u201eDaj chudobn\u00e9mu rybu \u2013 nas\u00fdti\u0161 ho na jeden de\u0148. Nau\u010d ho lovi\u0165 ryby \u2013 d\u00e1\u0161<\/p>\n\t\t<\/div>\n\t\t\t\t<\/div>\n\t\t\t\t<div class=\"elementor-post__meta-data\">\n\t\t\t\t\t<span class=\"elementor-post-date\">\n\t\t\tMarch 22, 2021\t\t<\/span>\n\t\t\t\t<\/div>\n\t\t\t\t\t<\/div>\n\t\t<\/article>\n\t\t\t\t<article class=\"elementor-post elementor-grid-item post-20169 post type-post status-publish format-standard has-post-thumbnail hentry category-na-slovensku tag-covid\" role=\"listitem\">\n\t\t\t<div class=\"elementor-post__card\">\n\t\t\t\t<a class=\"elementor-post__thumbnail__link\" href=\"https:\/\/www.adra.sk\/en\/spravy-z-domova-socialnych-sluzieb\/\" tabindex=\"-1\" target=\"_blank\"><div class=\"elementor-post__thumbnail\"><img loading=\"lazy\" decoding=\"async\" width=\"300\" height=\"192\" src=\"https:\/\/www.adra.sk\/wp-content\/uploads\/2021\/03\/Help-team-5-e1616143590657-300x192.jpg\" class=\"attachment-medium size-medium wp-image-20171\" alt=\"\" srcset=\"https:\/\/www.adra.sk\/wp-content\/uploads\/2021\/03\/Help-team-5-e1616143590657-300x192.jpg 300w, https:\/\/www.adra.sk\/wp-content\/uploads\/2021\/03\/Help-team-5-e1616143590657-1024x655.jpg 1024w, https:\/\/www.adra.sk\/wp-content\/uploads\/2021\/03\/Help-team-5-e1616143590657-768x492.jpg 768w, https:\/\/www.adra.sk\/wp-content\/uploads\/2021\/03\/Help-team-5-e1616143590657-1536x983.jpg 1536w, https:\/\/www.adra.sk\/wp-content\/uploads\/2021\/03\/Help-team-5-e1616143590657-16x10.jpg 16w, https:\/\/www.adra.sk\/wp-content\/uploads\/2021\/03\/Help-team-5-e1616143590657.jpg 1959w\" sizes=\"(max-width: 300px) 100vw, 300px\" \/><\/div><\/a>\n\t\t\t\t<div class=\"elementor-post__badge\">Slovensko<\/div>\n\t\t\t\t<div class=\"elementor-post__text\">\n\t\t\t\t<h3 class=\"elementor-post__title\">\n\t\t\t<a href=\"https:\/\/www.adra.sk\/en\/spravy-z-domova-socialnych-sluzieb\/\" target=&quot;_blank&quot;>\n\t\t\t\tSpr\u00e1vy z domova (soci\u00e1lnych slu\u017eieb)\t\t\t<\/a>\n\t\t<\/h3>\n\t\t\t\t<div class=\"elementor-post__excerpt\">\n\t\t\t<p>N\u00e1\u0161 \u010fal\u0161\u00ed dobrovo\u013en\u00edcky HELP T\u00cdM tento t\u00fd\u017ede\u0148 sl\u00fa\u017ei v jednom z DSS v Trnavskom kraji,<\/p>\n\t\t<\/div>\n\t\t\t\t<\/div>\n\t\t\t\t<div class=\"elementor-post__meta-data\">\n\t\t\t\t\t<span class=\"elementor-post-date\">\n\t\t\tMarch 19, 2021\t\t<\/span>\n\t\t\t\t<\/div>\n\t\t\t\t\t<\/div>\n\t\t<\/article>\n\t\t\t\t<article class=\"elementor-post elementor-grid-item post-20159 post type-post status-publish format-standard has-post-thumbnail hentry category-na-slovensku tag-dobrovolnictvo\" role=\"listitem\">\n\t\t\t<div class=\"elementor-post__card\">\n\t\t\t\t<a class=\"elementor-post__thumbnail__link\" href=\"https:\/\/www.adra.sk\/en\/dobrovolnik-roka\/\" tabindex=\"-1\" target=\"_blank\"><div class=\"elementor-post__thumbnail\"><img loading=\"lazy\" decoding=\"async\" width=\"300\" height=\"131\" src=\"https:\/\/www.adra.sk\/wp-content\/uploads\/2021\/03\/160010848_4052898128096160_3068090700003469412_o-1-e1615617211517-300x131.jpg\" class=\"attachment-medium size-medium wp-image-20168\" alt=\"\" srcset=\"https:\/\/www.adra.sk\/wp-content\/uploads\/2021\/03\/160010848_4052898128096160_3068090700003469412_o-1-e1615617211517-300x131.jpg 300w, https:\/\/www.adra.sk\/wp-content\/uploads\/2021\/03\/160010848_4052898128096160_3068090700003469412_o-1-e1615617211517-1024x448.jpg 1024w, https:\/\/www.adra.sk\/wp-content\/uploads\/2021\/03\/160010848_4052898128096160_3068090700003469412_o-1-e1615617211517-768x336.jpg 768w, https:\/\/www.adra.sk\/wp-content\/uploads\/2021\/03\/160010848_4052898128096160_3068090700003469412_o-1-e1615617211517-1536x672.jpg 1536w, https:\/\/www.adra.sk\/wp-content\/uploads\/2021\/03\/160010848_4052898128096160_3068090700003469412_o-1-e1615617211517-16x7.jpg 16w, https:\/\/www.adra.sk\/wp-content\/uploads\/2021\/03\/160010848_4052898128096160_3068090700003469412_o-1-e1615617211517.jpg 1600w\" sizes=\"(max-width: 300px) 100vw, 300px\" \/><\/div><\/a>\n\t\t\t\t<div class=\"elementor-post__badge\">Slovensko<\/div>\n\t\t\t\t<div class=\"elementor-post__text\">\n\t\t\t\t<h3 class=\"elementor-post__title\">\n\t\t\t<a href=\"https:\/\/www.adra.sk\/en\/dobrovolnik-roka\/\" target=&quot;_blank&quot;>\n\t\t\t\tDobrovo\u013en\u00edk roka\t\t\t<\/a>\n\t\t<\/h3>\n\t\t\t\t<div class=\"elementor-post__excerpt\">\n\t\t\t<p>Andrij Dich\u0165aruk z\u00edskal ocenenie \u201eSrdce na dlani\u201c v kateg\u00f3ri\u00ed \u201eDobrovo\u013en\u00edk roka 2020\u201c. Andrij bol vyslan\u00fd<\/p>\n\t\t<\/div>\n\t\t\t\t<\/div>\n\t\t\t\t<div class=\"elementor-post__meta-data\">\n\t\t\t\t\t<span class=\"elementor-post-date\">\n\t\t\tMarch 13, 2021\t\t<\/span>\n\t\t\t\t<\/div>\n\t\t\t\t\t<\/div>\n\t\t<\/article>\n\t\t\t\t<article class=\"elementor-post elementor-grid-item post-20113 post type-post status-publish format-standard has-post-thumbnail hentry category-na-slovensku tag-covid\" role=\"listitem\">\n\t\t\t<div class=\"elementor-post__card\">\n\t\t\t\t<a class=\"elementor-post__thumbnail__link\" href=\"https:\/\/www.adra.sk\/en\/film-dss\/\" tabindex=\"-1\" target=\"_blank\"><div class=\"elementor-post__thumbnail\"><img loading=\"lazy\" decoding=\"async\" width=\"300\" height=\"169\" src=\"https:\/\/www.adra.sk\/wp-content\/uploads\/2021\/02\/VideoCapture_20210128-211118-300x169.jpg\" class=\"attachment-medium size-medium wp-image-20015\" alt=\"\" srcset=\"https:\/\/www.adra.sk\/wp-content\/uploads\/2021\/02\/VideoCapture_20210128-211118-300x169.jpg 300w, https:\/\/www.adra.sk\/wp-content\/uploads\/2021\/02\/VideoCapture_20210128-211118-1024x576.jpg 1024w, https:\/\/www.adra.sk\/wp-content\/uploads\/2021\/02\/VideoCapture_20210128-211118-768x432.jpg 768w, https:\/\/www.adra.sk\/wp-content\/uploads\/2021\/02\/VideoCapture_20210128-211118-1536x864.jpg 1536w, https:\/\/www.adra.sk\/wp-content\/uploads\/2021\/02\/VideoCapture_20210128-211118-2048x1152.jpg 2048w, https:\/\/www.adra.sk\/wp-content\/uploads\/2021\/02\/VideoCapture_20210128-211118-2000x1125.jpg 2000w\" sizes=\"(max-width: 300px) 100vw, 300px\" \/><\/div><\/a>\n\t\t\t\t<div class=\"elementor-post__badge\">Slovensko<\/div>\n\t\t\t\t<div class=\"elementor-post__text\">\n\t\t\t\t<h3 class=\"elementor-post__title\">\n\t\t\t<a href=\"https:\/\/www.adra.sk\/en\/film-dss\/\" target=&quot;_blank&quot;>\n\t\t\t\tFilm &#8222;ADRA v prej l\u00ednii&#8220;\t\t\t<\/a>\n\t\t<\/h3>\n\t\t\t\t<div class=\"elementor-post__excerpt\">\n\t\t\t<p>Po\u010das slu\u017eby na\u0161ich dobrovo\u013en\u00edkov v DSS Arcus Ko\u0161ice sme nato\u010dili kr\u00e1tky film. Je to poh\u013ead<\/p>\n\t\t<\/div>\n\t\t\t\t<\/div>\n\t\t\t\t<div class=\"elementor-post__meta-data\">\n\t\t\t\t\t<span class=\"elementor-post-date\">\n\t\t\tFebruary 24, 2021\t\t<\/span>\n\t\t\t\t<\/div>\n\t\t\t\t\t<\/div>\n\t\t<\/article>\n\t\t\t\t<article class=\"elementor-post elementor-grid-item post-20107 post type-post status-publish format-standard has-post-thumbnail hentry category-vo-svete tag-dobrovolnictvo tag-hva\" role=\"listitem\">\n\t\t\t<div class=\"elementor-post__card\">\n\t\t\t\t<a class=\"elementor-post__thumbnail__link\" href=\"https:\/\/www.adra.sk\/en\/online-stopy-dobrovolnikov\/\" tabindex=\"-1\" target=\"_blank\"><div class=\"elementor-post__thumbnail\"><img loading=\"lazy\" decoding=\"async\" width=\"300\" height=\"130\" src=\"https:\/\/www.adra.sk\/wp-content\/uploads\/2020\/03\/108209807_3358405954212051_2617352605550790571_n-e1618170510476-300x130.jpg\" class=\"attachment-medium size-medium wp-image-19066\" alt=\"\" srcset=\"https:\/\/www.adra.sk\/wp-content\/uploads\/2020\/03\/108209807_3358405954212051_2617352605550790571_n-e1618170510476-300x130.jpg 300w, https:\/\/www.adra.sk\/wp-content\/uploads\/2020\/03\/108209807_3358405954212051_2617352605550790571_n-e1618170510476-768x334.jpg 768w, https:\/\/www.adra.sk\/wp-content\/uploads\/2020\/03\/108209807_3358405954212051_2617352605550790571_n-e1618170510476-16x7.jpg 16w, https:\/\/www.adra.sk\/wp-content\/uploads\/2020\/03\/108209807_3358405954212051_2617352605550790571_n-e1618170510476.jpg 960w\" sizes=\"(max-width: 300px) 100vw, 300px\" \/><\/div><\/a>\n\t\t\t\t<div class=\"elementor-post__badge\">Vo svete<\/div>\n\t\t\t\t<div class=\"elementor-post__text\">\n\t\t\t\t<h3 class=\"elementor-post__title\">\n\t\t\t<a href=\"https:\/\/www.adra.sk\/en\/online-stopy-dobrovolnikov\/\" target=&quot;_blank&quot;>\n\t\t\t\tStopy EUAV dobrovo\u013en\u00edkov v miestnych komunit\u00e1ch\t\t\t<\/a>\n\t\t<\/h3>\n\t\t\t\t<div class=\"elementor-post__excerpt\">\n\t\t\t<p>Chceli by ste sa dozvedie\u0165 ak\u00fd je dopad dobrovo\u013en\u00edctva na komunity v krajin\u00e1ch p\u00f4sobenia dobrovo\u013en\u00edkov?<\/p>\n\t\t<\/div>\n\t\t\t\t<\/div>\n\t\t\t\t<div class=\"elementor-post__meta-data\">\n\t\t\t\t\t<span class=\"elementor-post-date\">\n\t\t\tFebruary 24, 2021\t\t<\/span>\n\t\t\t\t<\/div>\n\t\t\t\t\t<\/div>\n\t\t<\/article>\n\t\t\t\t<article class=\"elementor-post elementor-grid-item post-20046 post type-post status-publish format-standard has-post-thumbnail hentry category-na-slovensku tag-covid\" role=\"listitem\">\n\t\t\t<div class=\"elementor-post__card\">\n\t\t\t\t<a class=\"elementor-post__thumbnail__link\" href=\"https:\/\/www.adra.sk\/en\/help-bus\/\" tabindex=\"-1\" target=\"_blank\"><div class=\"elementor-post__thumbnail\"><img loading=\"lazy\" decoding=\"async\" width=\"300\" height=\"136\" src=\"https:\/\/www.adra.sk\/wp-content\/uploads\/2021\/02\/BUS-04-scaled-e1613856254654-300x136.jpg\" class=\"attachment-medium size-medium wp-image-20059\" alt=\"\" srcset=\"https:\/\/www.adra.sk\/wp-content\/uploads\/2021\/02\/BUS-04-scaled-e1613856254654-300x136.jpg 300w, https:\/\/www.adra.sk\/wp-content\/uploads\/2021\/02\/BUS-04-scaled-e1613856254654-1024x463.jpg 1024w, https:\/\/www.adra.sk\/wp-content\/uploads\/2021\/02\/BUS-04-scaled-e1613856254654-768x347.jpg 768w, https:\/\/www.adra.sk\/wp-content\/uploads\/2021\/02\/BUS-04-scaled-e1613856254654-1536x695.jpg 1536w, https:\/\/www.adra.sk\/wp-content\/uploads\/2021\/02\/BUS-04-scaled-e1613856254654-2048x926.jpg 2048w, https:\/\/www.adra.sk\/wp-content\/uploads\/2021\/02\/BUS-04-scaled-e1613856254654-2000x905.jpg 2000w\" sizes=\"(max-width: 300px) 100vw, 300px\" \/><\/div><\/a>\n\t\t\t\t<div class=\"elementor-post__badge\">Slovensko<\/div>\n\t\t\t\t<div class=\"elementor-post__text\">\n\t\t\t\t<h3 class=\"elementor-post__title\">\n\t\t\t<a href=\"https:\/\/www.adra.sk\/en\/help-bus\/\" target=&quot;_blank&quot;>\n\t\t\t\tNev\u0161edne ve\u013ek\u00fd dar\t\t\t<\/a>\n\t\t<\/h3>\n\t\t\t\t<div class=\"elementor-post__excerpt\">\n\t\t\t<p>ADRA v&nbsp;posledn\u00fdch d\u0148och obdr\u017eala nev\u0161edne ve\u013ek\u00fd humanit\u00e1rny dar. Je 12 m dlh\u00fd a&nbsp;v\u00e1\u017ei 18 ton!<\/p>\n\t\t<\/div>\n\t\t\t\t<\/div>\n\t\t\t\t<div class=\"elementor-post__meta-data\">\n\t\t\t\t\t<span class=\"elementor-post-date\">\n\t\t\tFebruary 20, 2021\t\t<\/span>\n\t\t\t\t<\/div>\n\t\t\t\t\t<\/div>\n\t\t<\/article>\n\t\t\t\t<article class=\"elementor-post elementor-grid-item post-19860 post type-post status-publish format-standard has-post-thumbnail hentry category-na-slovensku tag-dss\" role=\"listitem\">\n\t\t\t<div class=\"elementor-post__card\">\n\t\t\t\t<a class=\"elementor-post__thumbnail__link\" href=\"https:\/\/www.adra.sk\/en\/seniori-dss\/\" tabindex=\"-1\" target=\"_blank\"><div class=\"elementor-post__thumbnail\"><img loading=\"lazy\" decoding=\"async\" width=\"300\" height=\"134\" src=\"https:\/\/www.adra.sk\/wp-content\/uploads\/2021\/02\/VideoCapture_20210130-195641-scaled-e1655808772375-300x134.jpg\" class=\"attachment-medium size-medium wp-image-19862\" alt=\"\" srcset=\"https:\/\/www.adra.sk\/wp-content\/uploads\/2021\/02\/VideoCapture_20210130-195641-scaled-e1655808772375-300x134.jpg 300w, https:\/\/www.adra.sk\/wp-content\/uploads\/2021\/02\/VideoCapture_20210130-195641-scaled-e1655808772375-1024x458.jpg 1024w, https:\/\/www.adra.sk\/wp-content\/uploads\/2021\/02\/VideoCapture_20210130-195641-scaled-e1655808772375-768x344.jpg 768w, https:\/\/www.adra.sk\/wp-content\/uploads\/2021\/02\/VideoCapture_20210130-195641-scaled-e1655808772375-1536x687.jpg 1536w, https:\/\/www.adra.sk\/wp-content\/uploads\/2021\/02\/VideoCapture_20210130-195641-scaled-e1655808772375-2048x916.jpg 2048w, https:\/\/www.adra.sk\/wp-content\/uploads\/2021\/02\/VideoCapture_20210130-195641-scaled-e1655808772375-2000x895.jpg 2000w, https:\/\/www.adra.sk\/wp-content\/uploads\/2021\/02\/VideoCapture_20210130-195641-scaled-e1655808772375-18x8.jpg 18w\" sizes=\"(max-width: 300px) 100vw, 300px\" \/><\/div><\/a>\n\t\t\t\t<div class=\"elementor-post__badge\">Slovensko<\/div>\n\t\t\t\t<div class=\"elementor-post__text\">\n\t\t\t\t<h3 class=\"elementor-post__title\">\n\t\t\t<a href=\"https:\/\/www.adra.sk\/en\/seniori-dss\/\" target=&quot;_blank&quot;>\n\t\t\t\tPomoc seniorom\t\t\t<\/a>\n\t\t<\/h3>\n\t\t\t\t<div class=\"elementor-post__excerpt\">\n\t\t\t<p>Situ\u00e1cia v domovoch pre seniorov je dramatick\u00e1. Tam, kde prepukol koronav\u00edrus sa nakazilo mno\u017estvo klientov<\/p>\n\t\t<\/div>\n\t\t\t\t<\/div>\n\t\t\t\t<div class=\"elementor-post__meta-data\">\n\t\t\t\t\t<span class=\"elementor-post-date\">\n\t\t\tFebruary 13, 2021\t\t<\/span>\n\t\t\t\t<\/div>\n\t\t\t\t\t<\/div>\n\t\t<\/article>\n\t\t\t\t<article class=\"elementor-post elementor-grid-item post-19836 post type-post status-publish format-standard has-post-thumbnail hentry category-uganda category-ohrozeni category-vo-svete tag-uganda\" role=\"listitem\">\n\t\t\t<div class=\"elementor-post__card\">\n\t\t\t\t<a class=\"elementor-post__thumbnail__link\" href=\"https:\/\/www.adra.sk\/en\/ud-dom\/\" tabindex=\"-1\" target=\"_blank\"><div class=\"elementor-post__thumbnail\"><img loading=\"lazy\" decoding=\"async\" width=\"300\" height=\"200\" src=\"https:\/\/www.adra.sk\/wp-content\/uploads\/2021\/02\/005-UGA-40-300x200.jpg\" class=\"attachment-medium size-medium wp-image-19850\" alt=\"\" srcset=\"https:\/\/www.adra.sk\/wp-content\/uploads\/2021\/02\/005-UGA-40-300x200.jpg 300w, https:\/\/www.adra.sk\/wp-content\/uploads\/2021\/02\/005-UGA-40-1024x683.jpg 1024w, https:\/\/www.adra.sk\/wp-content\/uploads\/2021\/02\/005-UGA-40-768x512.jpg 768w, https:\/\/www.adra.sk\/wp-content\/uploads\/2021\/02\/005-UGA-40-1536x1024.jpg 1536w, https:\/\/www.adra.sk\/wp-content\/uploads\/2021\/02\/005-UGA-40-2048x1365.jpg 2048w, https:\/\/www.adra.sk\/wp-content\/uploads\/2021\/02\/005-UGA-40-2000x1333.jpg 2000w\" sizes=\"(max-width: 300px) 100vw, 300px\" \/><\/div><\/a>\n\t\t\t\t<div class=\"elementor-post__badge\">Uganda<\/div>\n\t\t\t\t<div class=\"elementor-post__text\">\n\t\t\t\t<h3 class=\"elementor-post__title\">\n\t\t\t<a href=\"https:\/\/www.adra.sk\/en\/ud-dom\/\" target=&quot;_blank&quot;>\n\t\t\t\tPostav dom, zasa\u010f strom&#8230;\t\t\t<\/a>\n\t\t<\/h3>\n\t\t\t\t<div class=\"elementor-post__excerpt\">\n\t\t\t<p>ADRA Uganda je na\u0161im partnerom Slovenskej humanit\u00e1rnej misie. My u\u010d\u00edme \u013eud\u00ed \u201esadi\u0165 stromy\u201c oni im<\/p>\n\t\t<\/div>\n\t\t\t\t<\/div>\n\t\t\t\t<div class=\"elementor-post__meta-data\">\n\t\t\t\t\t<span class=\"elementor-post-date\">\n\t\t\tFebruary 13, 2021\t\t<\/span>\n\t\t\t\t<\/div>\n\t\t\t\t\t<\/div>\n\t\t<\/article>\n\t\t\t\t<article class=\"elementor-post elementor-grid-item post-18875 post type-post status-publish format-standard has-post-thumbnail hentry category-na-slovensku category-ohrozeni tag-dss\" role=\"listitem\">\n\t\t\t<div class=\"elementor-post__card\">\n\t\t\t\t<a class=\"elementor-post__thumbnail__link\" href=\"https:\/\/www.adra.sk\/en\/help-tim\/\" tabindex=\"-1\" target=\"_blank\"><div class=\"elementor-post__thumbnail\"><img loading=\"lazy\" decoding=\"async\" width=\"300\" height=\"156\" src=\"https:\/\/www.adra.sk\/wp-content\/uploads\/2021\/02\/TEAM-KE-300x156.jpg\" class=\"attachment-medium size-medium wp-image-18880\" alt=\"\" srcset=\"https:\/\/www.adra.sk\/wp-content\/uploads\/2021\/02\/TEAM-KE-300x156.jpg 300w, https:\/\/www.adra.sk\/wp-content\/uploads\/2021\/02\/TEAM-KE-1024x532.jpg 1024w, https:\/\/www.adra.sk\/wp-content\/uploads\/2021\/02\/TEAM-KE-768x399.jpg 768w, https:\/\/www.adra.sk\/wp-content\/uploads\/2021\/02\/TEAM-KE-1536x798.jpg 1536w, https:\/\/www.adra.sk\/wp-content\/uploads\/2021\/02\/TEAM-KE-2048x1064.jpg 2048w, https:\/\/www.adra.sk\/wp-content\/uploads\/2021\/02\/TEAM-KE-2000x1039.jpg 2000w\" sizes=\"(max-width: 300px) 100vw, 300px\" \/><\/div><\/a>\n\t\t\t\t<div class=\"elementor-post__badge\">Slovensko<\/div>\n\t\t\t\t<div class=\"elementor-post__text\">\n\t\t\t\t<h3 class=\"elementor-post__title\">\n\t\t\t<a href=\"https:\/\/www.adra.sk\/en\/help-tim\/\" target=&quot;_blank&quot;>\n\t\t\t\tADRA HELP team nast\u00fapil do DSS\t\t\t<\/a>\n\t\t<\/h3>\n\t\t\t\t<div class=\"elementor-post__excerpt\">\n\t\t\t<p>Situ\u00e1cia DSS v\u00a0ktor\u00fdch sa vyskytol Covid-19 je dramatick\u00e1. Mno\u017estvo chor\u00fdch klientov i\u00a0person\u00e1lu. MPSVR n\u00e1s po\u017eiadalo<\/p>\n\t\t<\/div>\n\t\t\t\t<\/div>\n\t\t\t\t<div class=\"elementor-post__meta-data\">\n\t\t\t\t\t<span class=\"elementor-post-date\">\n\t\t\tFebruary 1, 2021\t\t<\/span>\n\t\t\t\t<\/div>\n\t\t\t\t\t<\/div>\n\t\t<\/article>\n\t\t\t\t<article class=\"elementor-post elementor-grid-item post-18398 post type-post status-publish format-standard has-post-thumbnail hentry category-na-slovensku category-ohrozeni tag-dss\" role=\"listitem\">\n\t\t\t<div class=\"elementor-post__card\">\n\t\t\t\t<a class=\"elementor-post__thumbnail__link\" href=\"https:\/\/www.adra.sk\/en\/dss\/\" tabindex=\"-1\" target=\"_blank\"><div class=\"elementor-post__thumbnail\"><img loading=\"lazy\" decoding=\"async\" width=\"300\" height=\"128\" src=\"https:\/\/www.adra.sk\/wp-content\/uploads\/2021\/01\/DSS-TIT-3-1-300x128.jpg\" class=\"attachment-medium size-medium wp-image-18807\" alt=\"\" srcset=\"https:\/\/www.adra.sk\/wp-content\/uploads\/2021\/01\/DSS-TIT-3-1-300x128.jpg 300w, https:\/\/www.adra.sk\/wp-content\/uploads\/2021\/01\/DSS-TIT-3-1-1024x437.jpg 1024w, https:\/\/www.adra.sk\/wp-content\/uploads\/2021\/01\/DSS-TIT-3-1-768x327.jpg 768w, https:\/\/www.adra.sk\/wp-content\/uploads\/2021\/01\/DSS-TIT-3-1-1536x655.jpg 1536w, https:\/\/www.adra.sk\/wp-content\/uploads\/2021\/01\/DSS-TIT-3-1-2048x873.jpg 2048w, https:\/\/www.adra.sk\/wp-content\/uploads\/2021\/01\/DSS-TIT-3-1-2000x853.jpg 2000w\" sizes=\"(max-width: 300px) 100vw, 300px\" \/><\/div><\/a>\n\t\t\t\t<div class=\"elementor-post__badge\">Slovensko<\/div>\n\t\t\t\t<div class=\"elementor-post__text\">\n\t\t\t\t<h3 class=\"elementor-post__title\">\n\t\t\t<a href=\"https:\/\/www.adra.sk\/en\/dss\/\" target=&quot;_blank&quot;>\n\t\t\t\tH\u013ead\u00e1me spolupracovn\u00edkov do HELP t\u00edmov pre DSS\t\t\t<\/a>\n\t\t<\/h3>\n\t\t\t\t<div class=\"elementor-post__excerpt\">\n\t\t\t<p>Situ\u00e1cia DSS v ktor\u00fdch sa vyskytol Covid-19 je dramatick\u00e1. Mno\u017estvo chor\u00fdch klientov i person\u00e1lu. U\u017e<\/p>\n\t\t<\/div>\n\t\t\t\t<\/div>\n\t\t\t\t<div class=\"elementor-post__meta-data\">\n\t\t\t\t\t<span class=\"elementor-post-date\">\n\t\t\tJanuary 31, 2021\t\t<\/span>\n\t\t\t\t<\/div>\n\t\t\t\t\t<\/div>\n\t\t<\/article>\n\t\t\t\t<article class=\"elementor-post elementor-grid-item post-20531 post type-post status-publish format-standard has-post-thumbnail hentry category-vo-svete tag-dobrovolnictvo tag-hva\" role=\"listitem\">\n\t\t\t<div class=\"elementor-post__card\">\n\t\t\t\t<a class=\"elementor-post__thumbnail__link\" href=\"https:\/\/www.adra.sk\/en\/dobrovolnicke-vyslania-v-post-covid-ere\/\" tabindex=\"-1\" target=\"_blank\"><div class=\"elementor-post__thumbnail\"><img loading=\"lazy\" decoding=\"async\" width=\"300\" height=\"128\" src=\"https:\/\/www.adra.sk\/wp-content\/uploads\/2021\/04\/FOTO-34-e1618171335994-300x128.png\" class=\"attachment-medium size-medium wp-image-20532\" alt=\"\" srcset=\"https:\/\/www.adra.sk\/wp-content\/uploads\/2021\/04\/FOTO-34-e1618171335994-300x128.png 300w, https:\/\/www.adra.sk\/wp-content\/uploads\/2021\/04\/FOTO-34-e1618171335994-1024x435.png 1024w, https:\/\/www.adra.sk\/wp-content\/uploads\/2021\/04\/FOTO-34-e1618171335994-768x326.png 768w, https:\/\/www.adra.sk\/wp-content\/uploads\/2021\/04\/FOTO-34-e1618171335994-16x7.png 16w, https:\/\/www.adra.sk\/wp-content\/uploads\/2021\/04\/FOTO-34-e1618171335994.png 1080w\" sizes=\"(max-width: 300px) 100vw, 300px\" \/><\/div><\/a>\n\t\t\t\t<div class=\"elementor-post__badge\">Vo svete<\/div>\n\t\t\t\t<div class=\"elementor-post__text\">\n\t\t\t\t<h3 class=\"elementor-post__title\">\n\t\t\t<a href=\"https:\/\/www.adra.sk\/en\/dobrovolnicke-vyslania-v-post-covid-ere\/\" target=&quot;_blank&quot;>\n\t\t\t\tDobrovo\u013en\u00edcke vyslania v post-covid \u00e9re\t\t\t<\/a>\n\t\t<\/h3>\n\t\t\t\t<div class=\"elementor-post__excerpt\">\n\t\t\t<p>Aktu\u00e1lne a bud\u00face v\u00fdzvy pre vysielaj\u00face a hostite\u013esk\u00e9 organiz\u00e1cie<\/p>\n\t\t<\/div>\n\t\t\t\t<\/div>\n\t\t\t\t<div class=\"elementor-post__meta-data\">\n\t\t\t\t\t<span class=\"elementor-post-date\">\n\t\t\tJanuary 28, 2021\t\t<\/span>\n\t\t\t\t<\/div>\n\t\t\t\t\t<\/div>\n\t\t<\/article>\n\t\t\t\t<article class=\"elementor-post elementor-grid-item post-16639 post type-post status-publish format-standard has-post-thumbnail hentry category-ohrozeni category-vo-svete tag-chorvatsko\" role=\"listitem\">\n\t\t\t<div class=\"elementor-post__card\">\n\t\t\t\t<a class=\"elementor-post__thumbnail__link\" href=\"https:\/\/www.adra.sk\/en\/chorvatsko-zemetrasenie\/\" tabindex=\"-1\" target=\"_blank\"><div class=\"elementor-post__thumbnail\"><img loading=\"lazy\" decoding=\"async\" width=\"300\" height=\"169\" src=\"https:\/\/www.adra.sk\/wp-content\/uploads\/2021\/01\/CH-01-300x169.jpg\" class=\"attachment-medium size-medium wp-image-16643\" alt=\"\" srcset=\"https:\/\/www.adra.sk\/wp-content\/uploads\/2021\/01\/CH-01-300x169.jpg 300w, https:\/\/www.adra.sk\/wp-content\/uploads\/2021\/01\/CH-01-1024x576.jpg 1024w, https:\/\/www.adra.sk\/wp-content\/uploads\/2021\/01\/CH-01-768x432.jpg 768w, https:\/\/www.adra.sk\/wp-content\/uploads\/2021\/01\/CH-01-1536x864.jpg 1536w, https:\/\/www.adra.sk\/wp-content\/uploads\/2021\/01\/CH-01-2048x1152.jpg 2048w, https:\/\/www.adra.sk\/wp-content\/uploads\/2021\/01\/CH-01-2000x1125.jpg 2000w\" sizes=\"(max-width: 300px) 100vw, 300px\" \/><\/div><\/a>\n\t\t\t\t<div class=\"elementor-post__badge\">V ohrozen\u00ed<\/div>\n\t\t\t\t<div class=\"elementor-post__text\">\n\t\t\t\t<h3 class=\"elementor-post__title\">\n\t\t\t<a href=\"https:\/\/www.adra.sk\/en\/chorvatsko-zemetrasenie\/\" target=&quot;_blank&quot;>\n\t\t\t\tChorv\u00e1tsko po zemetrasen\u00ed potrebuje na\u0161u pomoc\t\t\t<\/a>\n\t\t<\/h3>\n\t\t\t\t<div class=\"elementor-post__excerpt\">\n\t\t\t<p>Siln\u00e9 zemetrasenie zasiahlo Sisacko-moslavinsk\u00fa \u017eupu v&nbsp;strednom Chorv\u00e1tsku 28. decembra (magnit\u00fada 5,2 stup\u0148a) a&nbsp;29. decembra (magnit\u00fada<\/p>\n\t\t<\/div>\n\t\t\t\t<\/div>\n\t\t\t\t<div class=\"elementor-post__meta-data\">\n\t\t\t\t\t<span class=\"elementor-post-date\">\n\t\t\tJanuary 9, 2021\t\t<\/span>\n\t\t\t\t<\/div>\n\t\t\t\t\t<\/div>\n\t\t<\/article>\n\t\t\t\t<article class=\"elementor-post elementor-grid-item post-20537 post type-post status-publish format-standard has-post-thumbnail hentry category-vo-svete tag-dobrovolnictvo tag-hva\" role=\"listitem\">\n\t\t\t<div class=\"elementor-post__card\">\n\t\t\t\t<a class=\"elementor-post__thumbnail__link\" href=\"https:\/\/www.adra.sk\/en\/dobrovolnictvo-v-ere-covidu-pribehy-z-terenu\/\" tabindex=\"-1\" target=\"_blank\"><div class=\"elementor-post__thumbnail\"><img loading=\"lazy\" decoding=\"async\" width=\"300\" height=\"133\" src=\"https:\/\/www.adra.sk\/wp-content\/uploads\/2021\/04\/FOTO-22-e1618172111620-300x133.jpg\" class=\"attachment-medium size-medium wp-image-20513\" alt=\"\" srcset=\"https:\/\/www.adra.sk\/wp-content\/uploads\/2021\/04\/FOTO-22-e1618172111620-300x133.jpg 300w, https:\/\/www.adra.sk\/wp-content\/uploads\/2021\/04\/FOTO-22-e1618172111620-1024x453.jpg 1024w, https:\/\/www.adra.sk\/wp-content\/uploads\/2021\/04\/FOTO-22-e1618172111620-768x340.jpg 768w, https:\/\/www.adra.sk\/wp-content\/uploads\/2021\/04\/FOTO-22-e1618172111620-1536x679.jpg 1536w, https:\/\/www.adra.sk\/wp-content\/uploads\/2021\/04\/FOTO-22-e1618172111620-16x7.jpg 16w, https:\/\/www.adra.sk\/wp-content\/uploads\/2021\/04\/FOTO-22-e1618172111620.jpg 1753w\" sizes=\"(max-width: 300px) 100vw, 300px\" \/><\/div><\/a>\n\t\t\t\t<div class=\"elementor-post__badge\">Vo svete<\/div>\n\t\t\t\t<div class=\"elementor-post__text\">\n\t\t\t\t<h3 class=\"elementor-post__title\">\n\t\t\t<a href=\"https:\/\/www.adra.sk\/en\/dobrovolnictvo-v-ere-covidu-pribehy-z-terenu\/\" target=&quot;_blank&quot;>\n\t\t\t\tDobrovo\u013en\u00edctvo v \u00e9re covidu &#8211; pr\u00edbehy z ter\u00e9nu\t\t\t<\/a>\n\t\t<\/h3>\n\t\t\t\t<div class=\"elementor-post__excerpt\">\n\t\t\t\t\t<\/div>\n\t\t\t\t<\/div>\n\t\t\t\t<div class=\"elementor-post__meta-data\">\n\t\t\t\t\t<span class=\"elementor-post-date\">\n\t\t\tDecember 1, 2020\t\t<\/span>\n\t\t\t\t<\/div>\n\t\t\t\t\t<\/div>\n\t\t<\/article>\n\t\t\t\t<article class=\"elementor-post elementor-grid-item post-15481 post type-post status-publish format-standard has-post-thumbnail hentry category-ohrozeni category-vo-svete tag-armenia tag-azerbajdzan\" role=\"listitem\">\n\t\t\t<div class=\"elementor-post__card\">\n\t\t\t\t<a class=\"elementor-post__thumbnail__link\" href=\"https:\/\/www.adra.sk\/en\/adra-pomaha-v-nahornom-karabachu\/\" tabindex=\"-1\" target=\"_blank\"><div class=\"elementor-post__thumbnail\"><img loading=\"lazy\" decoding=\"async\" width=\"300\" height=\"188\" src=\"https:\/\/www.adra.sk\/wp-content\/uploads\/2020\/10\/Karabach-1-300x188.jpg\" class=\"attachment-medium size-medium wp-image-15482\" alt=\"\" srcset=\"https:\/\/www.adra.sk\/wp-content\/uploads\/2020\/10\/Karabach-1-300x188.jpg 300w, https:\/\/www.adra.sk\/wp-content\/uploads\/2020\/10\/Karabach-1-1024x642.jpg 1024w, https:\/\/www.adra.sk\/wp-content\/uploads\/2020\/10\/Karabach-1-768x481.jpg 768w, https:\/\/www.adra.sk\/wp-content\/uploads\/2020\/10\/Karabach-1-1536x963.jpg 1536w, https:\/\/www.adra.sk\/wp-content\/uploads\/2020\/10\/Karabach-1-2048x1284.jpg 2048w, https:\/\/www.adra.sk\/wp-content\/uploads\/2020\/10\/Karabach-1-2000x1254.jpg 2000w\" sizes=\"(max-width: 300px) 100vw, 300px\" \/><\/div><\/a>\n\t\t\t\t<div class=\"elementor-post__badge\">V ohrozen\u00ed<\/div>\n\t\t\t\t<div class=\"elementor-post__text\">\n\t\t\t\t<h3 class=\"elementor-post__title\">\n\t\t\t<a href=\"https:\/\/www.adra.sk\/en\/adra-pomaha-v-nahornom-karabachu\/\" target=&quot;_blank&quot;>\n\t\t\t\tADRA pom\u00e1ha v N\u00e1hornom Karabachu\t\t\t<\/a>\n\t\t<\/h3>\n\t\t\t\t<div class=\"elementor-post__excerpt\">\n\t\t\t<p>27. septembra 2020 o 7:00 r\u00e1no vypukli prudk\u00e9 boje v oblasti N\u00e1horn\u00e9ho Karabachu, kde je<\/p>\n\t\t<\/div>\n\t\t\t\t<\/div>\n\t\t\t\t<div class=\"elementor-post__meta-data\">\n\t\t\t\t\t<span class=\"elementor-post-date\">\n\t\t\tOctober 17, 2020\t\t<\/span>\n\t\t\t\t<\/div>\n\t\t\t\t\t<\/div>\n\t\t<\/article>\n\t\t\t\t<article class=\"elementor-post elementor-grid-item post-15479 post type-post status-publish format-standard has-post-thumbnail hentry category-na-slovensku tag-dss\" role=\"listitem\">\n\t\t\t<div class=\"elementor-post__card\">\n\t\t\t\t<a class=\"elementor-post__thumbnail__link\" href=\"https:\/\/www.adra.sk\/en\/adra-priviezla-z-rakuska-pomoc-pre-domov-dobry-pastier\/\" tabindex=\"-1\" target=\"_blank\"><div class=\"elementor-post__thumbnail\"><img loading=\"lazy\" decoding=\"async\" width=\"300\" height=\"146\" src=\"https:\/\/www.adra.sk\/wp-content\/uploads\/2020\/10\/BR-06-300x146.jpg\" class=\"attachment-medium size-medium wp-image-15480\" alt=\"\" srcset=\"https:\/\/www.adra.sk\/wp-content\/uploads\/2020\/10\/BR-06-300x146.jpg 300w, https:\/\/www.adra.sk\/wp-content\/uploads\/2020\/10\/BR-06-1024x498.jpg 1024w, https:\/\/www.adra.sk\/wp-content\/uploads\/2020\/10\/BR-06-768x373.jpg 768w, https:\/\/www.adra.sk\/wp-content\/uploads\/2020\/10\/BR-06-1536x746.jpg 1536w, https:\/\/www.adra.sk\/wp-content\/uploads\/2020\/10\/BR-06-2048x995.jpg 2048w, https:\/\/www.adra.sk\/wp-content\/uploads\/2020\/10\/BR-06-2000x972.jpg 2000w\" sizes=\"(max-width: 300px) 100vw, 300px\" \/><\/div><\/a>\n\t\t\t\t<div class=\"elementor-post__badge\">Slovensko<\/div>\n\t\t\t\t<div class=\"elementor-post__text\">\n\t\t\t\t<h3 class=\"elementor-post__title\">\n\t\t\t<a href=\"https:\/\/www.adra.sk\/en\/adra-priviezla-z-rakuska-pomoc-pre-domov-dobry-pastier\/\" target=&quot;_blank&quot;>\n\t\t\t\tADRA priviezla z Rak\u00faska pomoc pre domov \u201eDobr\u00fd Pastier\u201c\t\t\t<\/a>\n\t\t<\/h3>\n\t\t\t\t<div class=\"elementor-post__excerpt\">\n\t\t\t<p>Ako m\u00f4\u017eu v \u010dase koronakr\u00edzy \u013eudia bez domova osta\u0165 doma? Otec Vladim\u00edr Masl\u00e1k zasv\u00e4til svoj<\/p>\n\t\t<\/div>\n\t\t\t\t<\/div>\n\t\t\t\t<div class=\"elementor-post__meta-data\">\n\t\t\t\t\t<span class=\"elementor-post-date\">\n\t\t\tOctober 15, 2020\t\t<\/span>\n\t\t\t\t<\/div>\n\t\t\t\t\t<\/div>\n\t\t<\/article>\n\t\t\t\t<article class=\"elementor-post elementor-grid-item post-16046 post type-post status-publish format-standard has-post-thumbnail hentry category-na-slovensku category-uncategorized tag-dss tag-nemocnice\" role=\"listitem\">\n\t\t\t<div class=\"elementor-post__card\">\n\t\t\t\t<a class=\"elementor-post__thumbnail__link\" href=\"https:\/\/www.adra.sk\/en\/druha-vlna-covid-19-adra-stale-v-akcii\/\" tabindex=\"-1\" target=\"_blank\"><div class=\"elementor-post__thumbnail\"><img loading=\"lazy\" decoding=\"async\" width=\"300\" height=\"169\" src=\"https:\/\/www.adra.sk\/wp-content\/uploads\/2020\/11\/K-020-300x169.jpg\" class=\"attachment-medium size-medium wp-image-16043\" alt=\"\" srcset=\"https:\/\/www.adra.sk\/wp-content\/uploads\/2020\/11\/K-020-300x169.jpg 300w, https:\/\/www.adra.sk\/wp-content\/uploads\/2020\/11\/K-020-1024x576.jpg 1024w, https:\/\/www.adra.sk\/wp-content\/uploads\/2020\/11\/K-020-768x432.jpg 768w, https:\/\/www.adra.sk\/wp-content\/uploads\/2020\/11\/K-020-1536x864.jpg 1536w, https:\/\/www.adra.sk\/wp-content\/uploads\/2020\/11\/K-020-2048x1152.jpg 2048w, https:\/\/www.adra.sk\/wp-content\/uploads\/2020\/11\/K-020-2000x1125.jpg 2000w\" sizes=\"(max-width: 300px) 100vw, 300px\" \/><\/div><\/a>\n\t\t\t\t<div class=\"elementor-post__badge\">Slovensko<\/div>\n\t\t\t\t<div class=\"elementor-post__text\">\n\t\t\t\t<h3 class=\"elementor-post__title\">\n\t\t\t<a href=\"https:\/\/www.adra.sk\/en\/druha-vlna-covid-19-adra-stale-v-akcii\/\" target=&quot;_blank&quot;>\n\t\t\t\tDruh\u00e1 vlna COVID-19, ADRA st\u00e1le v akcii&#8230;\t\t\t<\/a>\n\t\t<\/h3>\n\t\t\t\t<div class=\"elementor-post__excerpt\">\n\t\t\t<p>ADRA pom\u00e1ha zaisti\u0165 logistiku pri roz\u0161irovan\u00ed kapacity odberov\u00fdch miest v Bratislavsk\u00fdch nemocniciach. Na\u0161i spolupracovn\u00edci, ktor\u00fdch<\/p>\n\t\t<\/div>\n\t\t\t\t<\/div>\n\t\t\t\t<div class=\"elementor-post__meta-data\">\n\t\t\t\t\t<span class=\"elementor-post-date\">\n\t\t\tSeptember 28, 2020\t\t<\/span>\n\t\t\t\t<\/div>\n\t\t\t\t\t<\/div>\n\t\t<\/article>\n\t\t\t\t<article class=\"elementor-post elementor-grid-item post-16047 post type-post status-publish format-standard has-post-thumbnail hentry category-libanon category-ohrozeni tag-libanon\" role=\"listitem\">\n\t\t\t<div class=\"elementor-post__card\">\n\t\t\t\t<a class=\"elementor-post__thumbnail__link\" href=\"https:\/\/www.adra.sk\/en\/ukoncenie-a-pouzitie-verejnej-zbierky-pre-libanon\/\" tabindex=\"-1\" target=\"_blank\"><div class=\"elementor-post__thumbnail\"><img loading=\"lazy\" decoding=\"async\" width=\"300\" height=\"176\" src=\"https:\/\/www.adra.sk\/wp-content\/uploads\/2020\/09\/Bejrut-02-e1603831084598-300x176.jpg\" class=\"attachment-medium size-medium wp-image-16048\" alt=\"\" srcset=\"https:\/\/www.adra.sk\/wp-content\/uploads\/2020\/09\/Bejrut-02-e1603831084598-300x176.jpg 300w, https:\/\/www.adra.sk\/wp-content\/uploads\/2020\/09\/Bejrut-02-e1603831084598-1024x601.jpg 1024w, https:\/\/www.adra.sk\/wp-content\/uploads\/2020\/09\/Bejrut-02-e1603831084598-768x451.jpg 768w, https:\/\/www.adra.sk\/wp-content\/uploads\/2020\/09\/Bejrut-02-e1603831084598.jpg 1399w\" sizes=\"(max-width: 300px) 100vw, 300px\" \/><\/div><\/a>\n\t\t\t\t<div class=\"elementor-post__badge\">Libanon<\/div>\n\t\t\t\t<div class=\"elementor-post__text\">\n\t\t\t\t<h3 class=\"elementor-post__title\">\n\t\t\t<a href=\"https:\/\/www.adra.sk\/en\/ukoncenie-a-pouzitie-verejnej-zbierky-pre-libanon\/\" target=&quot;_blank&quot;>\n\t\t\t\tUkon\u010denie a pou\u017eitie verejnej zbierky pre Libanon\t\t\t<\/a>\n\t\t<\/h3>\n\t\t\t\t<div class=\"elementor-post__excerpt\">\n\t\t\t<p>ADRA realizuje spolo\u010dn\u00fa humanit\u00e1rnu pomoc v Libanonskom Bejr\u00fate. Lok\u00e1lne t\u00edmy posilnili \u0161pecialisti na kr\u00edzov\u00fa pomoc<\/p>\n\t\t<\/div>\n\t\t\t\t<\/div>\n\t\t\t\t<div class=\"elementor-post__meta-data\">\n\t\t\t\t\t<span class=\"elementor-post-date\">\n\t\t\tSeptember 25, 2020\t\t<\/span>\n\t\t\t\t<\/div>\n\t\t\t\t\t<\/div>\n\t\t<\/article>\n\t\t\t\t<article class=\"elementor-post elementor-grid-item post-16037 post type-post status-publish format-standard has-post-thumbnail hentry category-libanon category-ohrozeni\" role=\"listitem\">\n\t\t\t<div class=\"elementor-post__card\">\n\t\t\t\t<a class=\"elementor-post__thumbnail__link\" href=\"https:\/\/www.adra.sk\/en\/naliehava-pomoc-ludom-v-bejrute\/\" tabindex=\"-1\" target=\"_blank\"><div class=\"elementor-post__thumbnail\"><img loading=\"lazy\" decoding=\"async\" width=\"300\" height=\"200\" src=\"https:\/\/www.adra.sk\/wp-content\/uploads\/2020\/08\/118208884_3463484120370900_8850129908334825956_o-300x200.jpg\" class=\"attachment-medium size-medium wp-image-16038\" alt=\"\" srcset=\"https:\/\/www.adra.sk\/wp-content\/uploads\/2020\/08\/118208884_3463484120370900_8850129908334825956_o-300x200.jpg 300w, https:\/\/www.adra.sk\/wp-content\/uploads\/2020\/08\/118208884_3463484120370900_8850129908334825956_o-1024x683.jpg 1024w, https:\/\/www.adra.sk\/wp-content\/uploads\/2020\/08\/118208884_3463484120370900_8850129908334825956_o-768x512.jpg 768w, https:\/\/www.adra.sk\/wp-content\/uploads\/2020\/08\/118208884_3463484120370900_8850129908334825956_o-1536x1024.jpg 1536w, https:\/\/www.adra.sk\/wp-content\/uploads\/2020\/08\/118208884_3463484120370900_8850129908334825956_o-2000x1333.jpg 2000w, https:\/\/www.adra.sk\/wp-content\/uploads\/2020\/08\/118208884_3463484120370900_8850129908334825956_o.jpg 2048w\" sizes=\"(max-width: 300px) 100vw, 300px\" \/><\/div><\/a>\n\t\t\t\t<div class=\"elementor-post__badge\">Libanon<\/div>\n\t\t\t\t<div class=\"elementor-post__text\">\n\t\t\t\t<h3 class=\"elementor-post__title\">\n\t\t\t<a href=\"https:\/\/www.adra.sk\/en\/naliehava-pomoc-ludom-v-bejrute\/\" target=&quot;_blank&quot;>\n\t\t\t\tNaliehav\u00e1 pomoc \u013eu\u010fom v Bejr\u00fate\t\t\t<\/a>\n\t\t<\/h3>\n\t\t\t\t<div class=\"elementor-post__excerpt\">\n\t\t\t<p>Eli je jeden z t\u00fdch, ktor\u00ed pre\u017eili v\u00fdbuch v Bejr\u00fate. Bezprostredne po katastrofe zachra\u0148oval svojich<\/p>\n\t\t<\/div>\n\t\t\t\t<\/div>\n\t\t\t\t<div class=\"elementor-post__meta-data\">\n\t\t\t\t\t<span class=\"elementor-post-date\">\n\t\t\tAugust 30, 2020\t\t<\/span>\n\t\t\t\t<\/div>\n\t\t\t\t\t<\/div>\n\t\t<\/article>\n\t\t\t\t<article class=\"elementor-post elementor-grid-item post-16035 post type-post status-publish format-standard has-post-thumbnail hentry category-libanon category-uncategorized category-ohrozeni\" role=\"listitem\">\n\t\t\t<div class=\"elementor-post__card\">\n\t\t\t\t<a class=\"elementor-post__thumbnail__link\" href=\"https:\/\/www.adra.sk\/en\/prva-tona-pomoci-adra-je-uz-v-bejrute\/\" tabindex=\"-1\" target=\"_blank\"><div class=\"elementor-post__thumbnail\"><img loading=\"lazy\" decoding=\"async\" width=\"300\" height=\"225\" src=\"https:\/\/www.adra.sk\/wp-content\/uploads\/2020\/08\/Bejrut-02-300x225.jpg\" class=\"attachment-medium size-medium wp-image-16036\" alt=\"\" srcset=\"https:\/\/www.adra.sk\/wp-content\/uploads\/2020\/08\/Bejrut-02-300x225.jpg 300w, https:\/\/www.adra.sk\/wp-content\/uploads\/2020\/08\/Bejrut-02-1024x768.jpg 1024w, https:\/\/www.adra.sk\/wp-content\/uploads\/2020\/08\/Bejrut-02-768x576.jpg 768w, https:\/\/www.adra.sk\/wp-content\/uploads\/2020\/08\/Bejrut-02-1000x750.jpg 1000w, https:\/\/www.adra.sk\/wp-content\/uploads\/2020\/08\/Bejrut-02.jpg 1032w\" sizes=\"(max-width: 300px) 100vw, 300px\" \/><\/div><\/a>\n\t\t\t\t<div class=\"elementor-post__badge\">Libanon<\/div>\n\t\t\t\t<div class=\"elementor-post__text\">\n\t\t\t\t<h3 class=\"elementor-post__title\">\n\t\t\t<a href=\"https:\/\/www.adra.sk\/en\/prva-tona-pomoci-adra-je-uz-v-bejrute\/\" target=&quot;_blank&quot;>\n\t\t\t\tPrv\u00e1 tona pomoci ADRA je u\u017e v Bejr\u00fate\t\t\t<\/a>\n\t\t<\/h3>\n\t\t\t\t<div class=\"elementor-post__excerpt\">\n\t\t\t<p>11. augusta odletel z\u00a0Bratislavy do Libanonu vl\u00e1dny \u0161peci\u00e1l s\u00a0humanit\u00e1rnou pomocou pre miestne obyvate\u013estvo, ktor\u00e9 sa<\/p>\n\t\t<\/div>\n\t\t\t\t<\/div>\n\t\t\t\t<div class=\"elementor-post__meta-data\">\n\t\t\t\t\t<span class=\"elementor-post-date\">\n\t\t\tAugust 12, 2020\t\t<\/span>\n\t\t\t\t<\/div>\n\t\t\t\t\t<\/div>\n\t\t<\/article>\n\t\t\t\t<article class=\"elementor-post elementor-grid-item post-16033 post type-post status-publish format-standard has-post-thumbnail hentry category-libanon category-ohrozeni\" role=\"listitem\">\n\t\t\t<div class=\"elementor-post__card\">\n\t\t\t\t<a class=\"elementor-post__thumbnail__link\" href=\"https:\/\/www.adra.sk\/en\/bejrut-vola-o-pomoc\/\" tabindex=\"-1\" target=\"_blank\"><div class=\"elementor-post__thumbnail\"><img loading=\"lazy\" decoding=\"async\" width=\"300\" height=\"225\" src=\"https:\/\/www.adra.sk\/wp-content\/uploads\/2020\/08\/Libanon-02-300x225.jpg\" class=\"attachment-medium size-medium wp-image-16034\" alt=\"\" srcset=\"https:\/\/www.adra.sk\/wp-content\/uploads\/2020\/08\/Libanon-02-300x225.jpg 300w, https:\/\/www.adra.sk\/wp-content\/uploads\/2020\/08\/Libanon-02-1024x768.jpg 1024w, https:\/\/www.adra.sk\/wp-content\/uploads\/2020\/08\/Libanon-02-768x576.jpg 768w, https:\/\/www.adra.sk\/wp-content\/uploads\/2020\/08\/Libanon-02-1000x750.jpg 1000w, https:\/\/www.adra.sk\/wp-content\/uploads\/2020\/08\/Libanon-02.jpg 1280w\" sizes=\"(max-width: 300px) 100vw, 300px\" \/><\/div><\/a>\n\t\t\t\t<div class=\"elementor-post__badge\">Libanon<\/div>\n\t\t\t\t<div class=\"elementor-post__text\">\n\t\t\t\t<h3 class=\"elementor-post__title\">\n\t\t\t<a href=\"https:\/\/www.adra.sk\/en\/bejrut-vola-o-pomoc\/\" target=&quot;_blank&quot;>\n\t\t\t\tBejr\u00fat vol\u00e1 o pomoc&#8230;\t\t\t<\/a>\n\t\t<\/h3>\n\t\t\t\t<div class=\"elementor-post__excerpt\">\n\t\t\t<p>\u010co sa stalo v\u00a0Bejr\u00fate? Stovky obet\u00ed na \u017eivotoch, 5 000 zranen\u00fdch, 300 000 \u013eud\u00ed bez<\/p>\n\t\t<\/div>\n\t\t\t\t<\/div>\n\t\t\t\t<div class=\"elementor-post__meta-data\">\n\t\t\t\t\t<span class=\"elementor-post-date\">\n\t\t\tAugust 7, 2020\t\t<\/span>\n\t\t\t\t<\/div>\n\t\t\t\t\t<\/div>\n\t\t<\/article>\n\t\t\t\t<article class=\"elementor-post elementor-grid-item post-16039 post type-post status-publish format-standard has-post-thumbnail hentry category-libanon category-ohrozeni\" role=\"listitem\">\n\t\t\t<div class=\"elementor-post__card\">\n\t\t\t\t<a class=\"elementor-post__thumbnail__link\" href=\"https:\/\/www.adra.sk\/en\/kancelaria-adra-libanon-zasiahnuta-vybuchom-v-bejrute\/\" tabindex=\"-1\" target=\"_blank\"><div class=\"elementor-post__thumbnail\"><img loading=\"lazy\" decoding=\"async\" width=\"300\" height=\"225\" src=\"https:\/\/www.adra.sk\/wp-content\/uploads\/2020\/08\/Libanon-01-300x225.jpg\" class=\"attachment-medium size-medium wp-image-16040\" alt=\"\" srcset=\"https:\/\/www.adra.sk\/wp-content\/uploads\/2020\/08\/Libanon-01-300x225.jpg 300w, https:\/\/www.adra.sk\/wp-content\/uploads\/2020\/08\/Libanon-01-1024x770.jpg 1024w, https:\/\/www.adra.sk\/wp-content\/uploads\/2020\/08\/Libanon-01-768x577.jpg 768w, https:\/\/www.adra.sk\/wp-content\/uploads\/2020\/08\/Libanon-01-1000x750.jpg 1000w, https:\/\/www.adra.sk\/wp-content\/uploads\/2020\/08\/Libanon-01.jpg 1280w\" sizes=\"(max-width: 300px) 100vw, 300px\" \/><\/div><\/a>\n\t\t\t\t<div class=\"elementor-post__badge\">Libanon<\/div>\n\t\t\t\t<div class=\"elementor-post__text\">\n\t\t\t\t<h3 class=\"elementor-post__title\">\n\t\t\t<a href=\"https:\/\/www.adra.sk\/en\/kancelaria-adra-libanon-zasiahnuta-vybuchom-v-bejrute\/\" target=&quot;_blank&quot;>\n\t\t\t\tKancel\u00e1ria ADRA Libanon zasiahnut\u00e1 v\u00fdbuchom v Bejr\u00fate\t\t\t<\/a>\n\t\t<\/h3>\n\t\t\t\t<div class=\"elementor-post__excerpt\">\n\t\t\t<p>ADRA Slovensko vyhlasuje verejn\u00fa zbierku na pomoc Libanonu Mohutn\u00fd v\u00fdbuch v utorok 4. augusta 2020<\/p>\n\t\t<\/div>\n\t\t\t\t<\/div>\n\t\t\t\t<div class=\"elementor-post__meta-data\">\n\t\t\t\t\t<span class=\"elementor-post-date\">\n\t\t\tAugust 6, 2020\t\t<\/span>\n\t\t\t\t<\/div>\n\t\t\t\t\t<\/div>\n\t\t<\/article>\n\t\t\t\t<article class=\"elementor-post elementor-grid-item post-16031 post type-post status-publish format-standard has-post-thumbnail hentry category-na-slovensku category-uncategorized tag-dss\" role=\"listitem\">\n\t\t\t<div class=\"elementor-post__card\">\n\t\t\t\t<a class=\"elementor-post__thumbnail__link\" href=\"https:\/\/www.adra.sk\/en\/pomahame-restartovat-dss-pezinok\/\" tabindex=\"-1\" target=\"_blank\"><div class=\"elementor-post__thumbnail\"><img loading=\"lazy\" decoding=\"async\" width=\"300\" height=\"225\" src=\"https:\/\/www.adra.sk\/wp-content\/uploads\/2020\/07\/Pezinok-03-300x225.jpg\" class=\"attachment-medium size-medium wp-image-16032\" alt=\"\" srcset=\"https:\/\/www.adra.sk\/wp-content\/uploads\/2020\/07\/Pezinok-03-300x225.jpg 300w, https:\/\/www.adra.sk\/wp-content\/uploads\/2020\/07\/Pezinok-03-1024x768.jpg 1024w, https:\/\/www.adra.sk\/wp-content\/uploads\/2020\/07\/Pezinok-03-768x576.jpg 768w, https:\/\/www.adra.sk\/wp-content\/uploads\/2020\/07\/Pezinok-03-1536x1152.jpg 1536w, https:\/\/www.adra.sk\/wp-content\/uploads\/2020\/07\/Pezinok-03-2048x1536.jpg 2048w, https:\/\/www.adra.sk\/wp-content\/uploads\/2020\/07\/Pezinok-03-1000x750.jpg 1000w, https:\/\/www.adra.sk\/wp-content\/uploads\/2020\/07\/Pezinok-03-2000x1500.jpg 2000w\" sizes=\"(max-width: 300px) 100vw, 300px\" \/><\/div><\/a>\n\t\t\t\t<div class=\"elementor-post__badge\">Slovensko<\/div>\n\t\t\t\t<div class=\"elementor-post__text\">\n\t\t\t\t<h3 class=\"elementor-post__title\">\n\t\t\t<a href=\"https:\/\/www.adra.sk\/en\/pomahame-restartovat-dss-pezinok\/\" target=&quot;_blank&quot;>\n\t\t\t\tPom\u00e1hame re\u0161tartova\u0165 DSS Pezinok\t\t\t<\/a>\n\t\t<\/h3>\n\t\t\t\t<div class=\"elementor-post__excerpt\">\n\t\t\t<p>\u201e\u010eakujeme. Dok\u00e1zali sme to spolu\u201c! hl\u00e1sa transparent na balk\u00f3ne domova pre seniorov Pezinok, v ktorom<\/p>\n\t\t<\/div>\n\t\t\t\t<\/div>\n\t\t\t\t<div class=\"elementor-post__meta-data\">\n\t\t\t\t\t<span class=\"elementor-post-date\">\n\t\t\tJuly 3, 2020\t\t<\/span>\n\t\t\t\t<\/div>\n\t\t\t\t\t<\/div>\n\t\t<\/article>\n\t\t\t\t<article class=\"elementor-post elementor-grid-item post-16027 post type-post status-publish format-standard has-post-thumbnail hentry category-na-slovensku\" role=\"listitem\">\n\t\t\t<div class=\"elementor-post__card\">\n\t\t\t\t<a class=\"elementor-post__thumbnail__link\" href=\"https:\/\/www.adra.sk\/en\/patri-sa-povedat-jedno-velke-dakujeme\/\" tabindex=\"-1\" target=\"_blank\"><div class=\"elementor-post__thumbnail\"><img loading=\"lazy\" decoding=\"async\" width=\"300\" height=\"152\" src=\"https:\/\/www.adra.sk\/wp-content\/uploads\/2020\/06\/sponzori2-blur-300x152.jpg\" class=\"attachment-medium size-medium wp-image-20691\" alt=\"\" srcset=\"https:\/\/www.adra.sk\/wp-content\/uploads\/2020\/06\/sponzori2-blur-300x152.jpg 300w, https:\/\/www.adra.sk\/wp-content\/uploads\/2020\/06\/sponzori2-blur-1024x520.jpg 1024w, https:\/\/www.adra.sk\/wp-content\/uploads\/2020\/06\/sponzori2-blur-768x390.jpg 768w, https:\/\/www.adra.sk\/wp-content\/uploads\/2020\/06\/sponzori2-blur-16x8.jpg 16w, https:\/\/www.adra.sk\/wp-content\/uploads\/2020\/06\/sponzori2-blur.jpg 1180w\" sizes=\"(max-width: 300px) 100vw, 300px\" \/><\/div><\/a>\n\t\t\t\t<div class=\"elementor-post__badge\">Slovensko<\/div>\n\t\t\t\t<div class=\"elementor-post__text\">\n\t\t\t\t<h3 class=\"elementor-post__title\">\n\t\t\t<a href=\"https:\/\/www.adra.sk\/en\/patri-sa-povedat-jedno-velke-dakujeme\/\" target=&quot;_blank&quot;>\n\t\t\t\tPatr\u00ed sa poveda\u0165 jedno ve\u013ek\u00e9 \u201e\u010eAKUJEME\u201c!\t\t\t<\/a>\n\t\t<\/h3>\n\t\t\t\t<div class=\"elementor-post__excerpt\">\n\t\t\t<p>Ve\u013ea sa nahovorilo a pop\u00edsalo o v\u0161etk\u00fdch negat\u00edvach z pand\u00e9mie COVID-19. T\u00e1to kr\u00edza v\u0161ak odhalila<\/p>\n\t\t<\/div>\n\t\t\t\t<\/div>\n\t\t\t\t<div class=\"elementor-post__meta-data\">\n\t\t\t\t\t<span class=\"elementor-post-date\">\n\t\t\tJune 22, 2020\t\t<\/span>\n\t\t\t\t<\/div>\n\t\t\t\t\t<\/div>\n\t\t<\/article>\n\t\t\t\t<article class=\"elementor-post elementor-grid-item post-16025 post type-post status-publish format-standard has-post-thumbnail hentry category-uganda category-vo-svete\" role=\"listitem\">\n\t\t\t<div class=\"elementor-post__card\">\n\t\t\t\t<a class=\"elementor-post__thumbnail__link\" href=\"https:\/\/www.adra.sk\/en\/v-afrike-pre-koronavirus-zomrie-viac-ludi-od-hladu-ako-od-virusu-covid-19\/\" tabindex=\"-1\" target=\"_blank\"><div class=\"elementor-post__thumbnail\"><img loading=\"lazy\" decoding=\"async\" width=\"300\" height=\"200\" src=\"https:\/\/www.adra.sk\/wp-content\/uploads\/2020\/06\/UGH-0-titulka-300x200.jpg\" class=\"attachment-medium size-medium wp-image-16026\" alt=\"\" srcset=\"https:\/\/www.adra.sk\/wp-content\/uploads\/2020\/06\/UGH-0-titulka-300x200.jpg 300w, https:\/\/www.adra.sk\/wp-content\/uploads\/2020\/06\/UGH-0-titulka-1024x683.jpg 1024w, https:\/\/www.adra.sk\/wp-content\/uploads\/2020\/06\/UGH-0-titulka-768x512.jpg 768w, https:\/\/www.adra.sk\/wp-content\/uploads\/2020\/06\/UGH-0-titulka-1536x1024.jpg 1536w, https:\/\/www.adra.sk\/wp-content\/uploads\/2020\/06\/UGH-0-titulka-2048x1365.jpg 2048w, https:\/\/www.adra.sk\/wp-content\/uploads\/2020\/06\/UGH-0-titulka-2000x1333.jpg 2000w\" sizes=\"(max-width: 300px) 100vw, 300px\" \/><\/div><\/a>\n\t\t\t\t<div class=\"elementor-post__badge\">Uganda<\/div>\n\t\t\t\t<div class=\"elementor-post__text\">\n\t\t\t\t<h3 class=\"elementor-post__title\">\n\t\t\t<a href=\"https:\/\/www.adra.sk\/en\/v-afrike-pre-koronavirus-zomrie-viac-ludi-od-hladu-ako-od-virusu-covid-19\/\" target=&quot;_blank&quot;>\n\t\t\t\tV Afrike pre koronav\u00edrus zomrie viac \u013eud\u00ed od hladu ako od v\u00edrusu COVID-19\t\t\t<\/a>\n\t\t<\/h3>\n\t\t\t\t<div class=\"elementor-post__excerpt\">\n\t\t\t<p>COVID-19 m\u00e1 v rozvojov\u00fdch krajin\u00e1ch e\u0161te \u010fal\u0161\u00ed d\u00f4sledok \u2013 kr\u00edza v z\u00e1sobovan\u00ed potravinami a n\u00e1sledne<\/p>\n\t\t<\/div>\n\t\t\t\t<\/div>\n\t\t\t\t<div class=\"elementor-post__meta-data\">\n\t\t\t\t\t<span class=\"elementor-post-date\">\n\t\t\tJune 21, 2020\t\t<\/span>\n\t\t\t\t<\/div>\n\t\t\t\t\t<\/div>\n\t\t<\/article>\n\t\t\t\t<article class=\"elementor-post elementor-grid-item post-16023 post type-post status-publish format-standard has-post-thumbnail hentry category-rwanda category-vo-svete tag-rwanda\" role=\"listitem\">\n\t\t\t<div class=\"elementor-post__card\">\n\t\t\t\t<a class=\"elementor-post__thumbnail__link\" href=\"https:\/\/www.adra.sk\/en\/rwanda-bolestive-spomienky-na-genocidu\/\" tabindex=\"-1\" target=\"_blank\"><div class=\"elementor-post__thumbnail\"><img loading=\"lazy\" decoding=\"async\" width=\"300\" height=\"188\" src=\"https:\/\/www.adra.sk\/wp-content\/uploads\/2020\/06\/RW-0-titulka-300x188.jpg\" class=\"attachment-medium size-medium wp-image-16024\" alt=\"\" srcset=\"https:\/\/www.adra.sk\/wp-content\/uploads\/2020\/06\/RW-0-titulka-300x188.jpg 300w, https:\/\/www.adra.sk\/wp-content\/uploads\/2020\/06\/RW-0-titulka-1024x640.jpg 1024w, https:\/\/www.adra.sk\/wp-content\/uploads\/2020\/06\/RW-0-titulka-768x480.jpg 768w, https:\/\/www.adra.sk\/wp-content\/uploads\/2020\/06\/RW-0-titulka-1536x960.jpg 1536w, https:\/\/www.adra.sk\/wp-content\/uploads\/2020\/06\/RW-0-titulka-2048x1280.jpg 2048w, https:\/\/www.adra.sk\/wp-content\/uploads\/2020\/06\/RW-0-titulka-2000x1250.jpg 2000w\" sizes=\"(max-width: 300px) 100vw, 300px\" \/><\/div><\/a>\n\t\t\t\t<div class=\"elementor-post__badge\">Rwanda<\/div>\n\t\t\t\t<div class=\"elementor-post__text\">\n\t\t\t\t<h3 class=\"elementor-post__title\">\n\t\t\t<a href=\"https:\/\/www.adra.sk\/en\/rwanda-bolestive-spomienky-na-genocidu\/\" target=&quot;_blank&quot;>\n\t\t\t\tRwanda \u2013 bolestiv\u00e9 spomienky na genoc\u00eddu\t\t\t<\/a>\n\t\t<\/h3>\n\t\t\t\t<div class=\"elementor-post__excerpt\">\n\t\t\t<p>Uplynulo 26 rokov od genoc\u00eddy v&nbsp;Rwande. Rana sa zahojila, ale jazvy zostali. Po\u010das pr\u00edpravy rozvojov\u00e9ho<\/p>\n\t\t<\/div>\n\t\t\t\t<\/div>\n\t\t\t\t<div class=\"elementor-post__meta-data\">\n\t\t\t\t\t<span class=\"elementor-post-date\">\n\t\t\tJune 15, 2020\t\t<\/span>\n\t\t\t\t<\/div>\n\t\t\t\t\t<\/div>\n\t\t<\/article>\n\t\t\t\t<article class=\"elementor-post elementor-grid-item post-16007 post type-post status-publish format-standard has-post-thumbnail hentry category-na-slovensku\" role=\"listitem\">\n\t\t\t<div class=\"elementor-post__card\">\n\t\t\t\t<a class=\"elementor-post__thumbnail__link\" href=\"https:\/\/www.adra.sk\/en\/adra-distribuuje-vitaminy-na-podporu-imunity-pre-seniorov\/\" tabindex=\"-1\" target=\"_blank\"><div class=\"elementor-post__thumbnail\"><img loading=\"lazy\" decoding=\"async\" width=\"300\" height=\"239\" src=\"https:\/\/www.adra.sk\/wp-content\/uploads\/2020\/05\/web-titulka-300x239.jpg\" class=\"attachment-medium size-medium wp-image-16008\" alt=\"\" srcset=\"https:\/\/www.adra.sk\/wp-content\/uploads\/2020\/05\/web-titulka-300x239.jpg 300w, https:\/\/www.adra.sk\/wp-content\/uploads\/2020\/05\/web-titulka-1024x815.jpg 1024w, https:\/\/www.adra.sk\/wp-content\/uploads\/2020\/05\/web-titulka-768x611.jpg 768w, https:\/\/www.adra.sk\/wp-content\/uploads\/2020\/05\/web-titulka-1536x1222.jpg 1536w, https:\/\/www.adra.sk\/wp-content\/uploads\/2020\/05\/web-titulka-2048x1629.jpg 2048w, https:\/\/www.adra.sk\/wp-content\/uploads\/2020\/05\/web-titulka-2000x1591.jpg 2000w\" sizes=\"(max-width: 300px) 100vw, 300px\" \/><\/div><\/a>\n\t\t\t\t<div class=\"elementor-post__badge\">Slovensko<\/div>\n\t\t\t\t<div class=\"elementor-post__text\">\n\t\t\t\t<h3 class=\"elementor-post__title\">\n\t\t\t<a href=\"https:\/\/www.adra.sk\/en\/adra-distribuuje-vitaminy-na-podporu-imunity-pre-seniorov\/\" target=&quot;_blank&quot;>\n\t\t\t\tADRA distribuuje vitam\u00edny na podporu imunity pre seniorov\t\t\t<\/a>\n\t\t<\/h3>\n\t\t\t\t<div class=\"elementor-post__excerpt\">\n\t\t\t<p>Seniori s\u00fa najviac ohrozen\u00ed koronav\u00edrusom COVID-19. Preto sme sa rozhodli svoju pomoc s\u00fastredi\u0165 aj na<\/p>\n\t\t<\/div>\n\t\t\t\t<\/div>\n\t\t\t\t<div class=\"elementor-post__meta-data\">\n\t\t\t\t\t<span class=\"elementor-post-date\">\n\t\t\tMay 31, 2020\t\t<\/span>\n\t\t\t\t<\/div>\n\t\t\t\t\t<\/div>\n\t\t<\/article>\n\t\t\t\t<article class=\"elementor-post elementor-grid-item post-16009 post type-post status-publish format-standard has-post-thumbnail hentry category-na-slovensku tag-nemocnice\" role=\"listitem\">\n\t\t\t<div class=\"elementor-post__card\">\n\t\t\t\t<a class=\"elementor-post__thumbnail__link\" href=\"https:\/\/www.adra.sk\/en\/adra-pomaha-oddelit-filtrami-biele-a-cervene-zony-v-nemocniciach\/\" tabindex=\"-1\" target=\"_blank\"><div class=\"elementor-post__thumbnail\"><img loading=\"lazy\" decoding=\"async\" width=\"300\" height=\"225\" src=\"https:\/\/www.adra.sk\/wp-content\/uploads\/2020\/05\/F0-Titulka-300x225.jpg\" class=\"attachment-medium size-medium wp-image-16010\" alt=\"\" srcset=\"https:\/\/www.adra.sk\/wp-content\/uploads\/2020\/05\/F0-Titulka-300x225.jpg 300w, https:\/\/www.adra.sk\/wp-content\/uploads\/2020\/05\/F0-Titulka-1024x768.jpg 1024w, https:\/\/www.adra.sk\/wp-content\/uploads\/2020\/05\/F0-Titulka-768x576.jpg 768w, https:\/\/www.adra.sk\/wp-content\/uploads\/2020\/05\/F0-Titulka-1536x1152.jpg 1536w, https:\/\/www.adra.sk\/wp-content\/uploads\/2020\/05\/F0-Titulka-2048x1536.jpg 2048w, https:\/\/www.adra.sk\/wp-content\/uploads\/2020\/05\/F0-Titulka-1000x750.jpg 1000w, https:\/\/www.adra.sk\/wp-content\/uploads\/2020\/05\/F0-Titulka-2000x1500.jpg 2000w\" sizes=\"(max-width: 300px) 100vw, 300px\" \/><\/div><\/a>\n\t\t\t\t<div class=\"elementor-post__badge\">Slovensko<\/div>\n\t\t\t\t<div class=\"elementor-post__text\">\n\t\t\t\t<h3 class=\"elementor-post__title\">\n\t\t\t<a href=\"https:\/\/www.adra.sk\/en\/adra-pomaha-oddelit-filtrami-biele-a-cervene-zony-v-nemocniciach\/\" target=&quot;_blank&quot;>\n\t\t\t\tADRA pom\u00e1ha oddeli\u0165 filtrami biele a \u010derven\u00e9 z\u00f3ny v nemocniciach\t\t\t<\/a>\n\t\t<\/h3>\n\t\t\t\t<div class=\"elementor-post__excerpt\">\n\t\t\t<p>Pacientov s\u00a0diagn\u00f3zou COVID-19 prib\u00fada. Preto na oddeleniach nemocn\u00edc vznikaj\u00fa \u201e\u010derven\u00e9 z\u00f3ny\u201c, kde platia pr\u00edsne epidemiologick\u00e9<\/p>\n\t\t<\/div>\n\t\t\t\t<\/div>\n\t\t\t\t<div class=\"elementor-post__meta-data\">\n\t\t\t\t\t<span class=\"elementor-post-date\">\n\t\t\tMay 15, 2020\t\t<\/span>\n\t\t\t\t<\/div>\n\t\t\t\t\t<\/div>\n\t\t<\/article>\n\t\t\t\t<article class=\"elementor-post elementor-grid-item post-16011 post type-post status-publish format-standard has-post-thumbnail hentry category-na-slovensku tag-nemocnice\" role=\"listitem\">\n\t\t\t<div class=\"elementor-post__card\">\n\t\t\t\t<a class=\"elementor-post__thumbnail__link\" href=\"https:\/\/www.adra.sk\/en\/testovacie-centra-pre-covid-19\/\" tabindex=\"-1\" target=\"_blank\"><div class=\"elementor-post__thumbnail\"><img loading=\"lazy\" decoding=\"async\" width=\"300\" height=\"225\" src=\"https:\/\/www.adra.sk\/wp-content\/uploads\/2020\/05\/C0-titulka-300x225.jpg\" class=\"attachment-medium size-medium wp-image-16012\" alt=\"\" srcset=\"https:\/\/www.adra.sk\/wp-content\/uploads\/2020\/05\/C0-titulka-300x225.jpg 300w, https:\/\/www.adra.sk\/wp-content\/uploads\/2020\/05\/C0-titulka-1024x768.jpg 1024w, https:\/\/www.adra.sk\/wp-content\/uploads\/2020\/05\/C0-titulka-768x576.jpg 768w, https:\/\/www.adra.sk\/wp-content\/uploads\/2020\/05\/C0-titulka-1536x1152.jpg 1536w, https:\/\/www.adra.sk\/wp-content\/uploads\/2020\/05\/C0-titulka-2048x1536.jpg 2048w, https:\/\/www.adra.sk\/wp-content\/uploads\/2020\/05\/C0-titulka-1000x750.jpg 1000w, https:\/\/www.adra.sk\/wp-content\/uploads\/2020\/05\/C0-titulka-2000x1500.jpg 2000w\" sizes=\"(max-width: 300px) 100vw, 300px\" \/><\/div><\/a>\n\t\t\t\t<div class=\"elementor-post__badge\">Slovensko<\/div>\n\t\t\t\t<div class=\"elementor-post__text\">\n\t\t\t\t<h3 class=\"elementor-post__title\">\n\t\t\t<a href=\"https:\/\/www.adra.sk\/en\/testovacie-centra-pre-covid-19\/\" target=&quot;_blank&quot;>\n\t\t\t\tTESTOVACIE CENTR\u00c1 pre COVID-19\t\t\t<\/a>\n\t\t<\/h3>\n\t\t\t\t<div class=\"elementor-post__excerpt\">\n\t\t\t<p>Pand\u00e9mia koronav\u00edrusu COVID-19 sa stala pre n\u00e1s v\u00fdzvou sk\u00fasenosti zo zahrani\u010dn\u00fdch humanit\u00e1rnych misi\u00ed vyu\u017ei\u0165 doma.<\/p>\n\t\t<\/div>\n\t\t\t\t<\/div>\n\t\t\t\t<div class=\"elementor-post__meta-data\">\n\t\t\t\t\t<span class=\"elementor-post-date\">\n\t\t\tMay 1, 2020\t\t<\/span>\n\t\t\t\t<\/div>\n\t\t\t\t\t<\/div>\n\t\t<\/article>\n\t\t\t\t<article class=\"elementor-post elementor-grid-item post-15998 post type-post status-publish format-standard has-post-thumbnail hentry category-na-slovensku\" role=\"listitem\">\n\t\t\t<div class=\"elementor-post__card\">\n\t\t\t\t<a class=\"elementor-post__thumbnail__link\" href=\"https:\/\/www.adra.sk\/en\/covid-19-desatoro-pomoci-seniorom\/\" tabindex=\"-1\" target=\"_blank\"><div class=\"elementor-post__thumbnail\"><img loading=\"lazy\" decoding=\"async\" width=\"300\" height=\"167\" src=\"https:\/\/www.adra.sk\/wp-content\/uploads\/2020\/03\/corona-seniori-300x167.jpg\" class=\"attachment-medium size-medium wp-image-15999\" alt=\"\" srcset=\"https:\/\/www.adra.sk\/wp-content\/uploads\/2020\/03\/corona-seniori-300x167.jpg 300w, https:\/\/www.adra.sk\/wp-content\/uploads\/2020\/03\/corona-seniori-768x428.jpg 768w, https:\/\/www.adra.sk\/wp-content\/uploads\/2020\/03\/corona-seniori.jpg 1000w\" sizes=\"(max-width: 300px) 100vw, 300px\" \/><\/div><\/a>\n\t\t\t\t<div class=\"elementor-post__badge\">Slovensko<\/div>\n\t\t\t\t<div class=\"elementor-post__text\">\n\t\t\t\t<h3 class=\"elementor-post__title\">\n\t\t\t<a href=\"https:\/\/www.adra.sk\/en\/covid-19-desatoro-pomoci-seniorom\/\" target=&quot;_blank&quot;>\n\t\t\t\tCOVID-19 &#8211; Desatoro pomoci seniorom\t\t\t<\/a>\n\t\t<\/h3>\n\t\t\t\t<div class=\"elementor-post__excerpt\">\n\t\t\t<p>Pripravili sme pre V\u00e1s in\u0161pir\u00e1ciu pre t\u00fato mimoriadnu situ\u00e1ciu, ako sa d\u00e1 pom\u00f4c\u0165 najviac ohrozenej<\/p>\n\t\t<\/div>\n\t\t\t\t<\/div>\n\t\t\t\t<div class=\"elementor-post__meta-data\">\n\t\t\t\t\t<span class=\"elementor-post-date\">\n\t\t\tMarch 19, 2020\t\t<\/span>\n\t\t\t\t<\/div>\n\t\t\t\t\t<\/div>\n\t\t<\/article>\n\t\t\t\t<article class=\"elementor-post elementor-grid-item post-16002 post type-post status-publish format-standard has-post-thumbnail hentry category-vo-svete tag-dobrovolnictvo\" role=\"listitem\">\n\t\t\t<div class=\"elementor-post__card\">\n\t\t\t\t<a class=\"elementor-post__thumbnail__link\" href=\"https:\/\/www.adra.sk\/en\/covid-19-dobrovolnici\/\" tabindex=\"-1\" target=\"_blank\"><div class=\"elementor-post__thumbnail\"><img loading=\"lazy\" decoding=\"async\" width=\"300\" height=\"130\" src=\"https:\/\/www.adra.sk\/wp-content\/uploads\/2020\/03\/108209807_3358405954212051_2617352605550790571_n-e1618170510476-300x130.jpg\" class=\"attachment-medium size-medium wp-image-19066\" alt=\"\" srcset=\"https:\/\/www.adra.sk\/wp-content\/uploads\/2020\/03\/108209807_3358405954212051_2617352605550790571_n-e1618170510476-300x130.jpg 300w, https:\/\/www.adra.sk\/wp-content\/uploads\/2020\/03\/108209807_3358405954212051_2617352605550790571_n-e1618170510476-768x334.jpg 768w, https:\/\/www.adra.sk\/wp-content\/uploads\/2020\/03\/108209807_3358405954212051_2617352605550790571_n-e1618170510476-16x7.jpg 16w, https:\/\/www.adra.sk\/wp-content\/uploads\/2020\/03\/108209807_3358405954212051_2617352605550790571_n-e1618170510476.jpg 960w\" sizes=\"(max-width: 300px) 100vw, 300px\" \/><\/div><\/a>\n\t\t\t\t<div class=\"elementor-post__badge\">Vo svete<\/div>\n\t\t\t\t<div class=\"elementor-post__text\">\n\t\t\t\t<h3 class=\"elementor-post__title\">\n\t\t\t<a href=\"https:\/\/www.adra.sk\/en\/covid-19-dobrovolnici\/\" target=&quot;_blank&quot;>\n\t\t\t\tCOVID-19 &#8211; Na\u0161i zahrani\u010dn\u00ed dobrovo\u013en\u00edci\t\t\t<\/a>\n\t\t<\/h3>\n\t\t\t\t<div class=\"elementor-post__excerpt\">\n\t\t\t<p>ADRA je medzin\u00e1rodn\u00e1 organiz\u00e1cia. Aj slovensk\u00e1 kancel\u00e1ria vysiela svojich dobrovo\u013en\u00edkov do r\u00f4znych kraj\u00edn, kde pom\u00e1haj\u00fa<\/p>\n\t\t<\/div>\n\t\t\t\t<\/div>\n\t\t\t\t<div class=\"elementor-post__meta-data\">\n\t\t\t\t\t<span class=\"elementor-post-date\">\n\t\t\tMarch 19, 2020\t\t<\/span>\n\t\t\t\t<\/div>\n\t\t\t\t\t<\/div>\n\t\t<\/article>\n\t\t\t\t<article class=\"elementor-post elementor-grid-item post-16003 post type-post status-publish format-standard has-post-thumbnail hentry category-na-slovensku\" role=\"listitem\">\n\t\t\t<div class=\"elementor-post__card\">\n\t\t\t\t<a class=\"elementor-post__thumbnail__link\" href=\"https:\/\/www.adra.sk\/en\/covid-19-ruska\/\" tabindex=\"-1\" target=\"_blank\"><div class=\"elementor-post__thumbnail\"><img loading=\"lazy\" decoding=\"async\" width=\"300\" height=\"167\" src=\"https:\/\/www.adra.sk\/wp-content\/uploads\/2020\/03\/corona-ruska-300x167.jpg\" class=\"attachment-medium size-medium wp-image-16000\" alt=\"\" srcset=\"https:\/\/www.adra.sk\/wp-content\/uploads\/2020\/03\/corona-ruska-300x167.jpg 300w, https:\/\/www.adra.sk\/wp-content\/uploads\/2020\/03\/corona-ruska-768x428.jpg 768w, https:\/\/www.adra.sk\/wp-content\/uploads\/2020\/03\/corona-ruska.jpg 1000w\" sizes=\"(max-width: 300px) 100vw, 300px\" \/><\/div><\/a>\n\t\t\t\t<div class=\"elementor-post__badge\">Slovensko<\/div>\n\t\t\t\t<div class=\"elementor-post__text\">\n\t\t\t\t<h3 class=\"elementor-post__title\">\n\t\t\t<a href=\"https:\/\/www.adra.sk\/en\/covid-19-ruska\/\" target=&quot;_blank&quot;>\n\t\t\t\tCOVID-19 &#8211; R\u00fa\u0161ka pom\u00e1haj\u00fa!\t\t\t<\/a>\n\t\t<\/h3>\n\t\t\t\t<div class=\"elementor-post__excerpt\">\n\t\t\t<p>Jedn\u00fdm z opatren\u00ed na zlep\u0161enie situ\u00e1cie v s\u00favislosti s v\u00edrusom Corona s\u00fa r\u00fa\u0161ka. Prin\u00e1\u0161am V\u00e1m<\/p>\n\t\t<\/div>\n\t\t\t\t<\/div>\n\t\t\t\t<div class=\"elementor-post__meta-data\">\n\t\t\t\t\t<span class=\"elementor-post-date\">\n\t\t\tMarch 19, 2020\t\t<\/span>\n\t\t\t\t<\/div>\n\t\t\t\t\t<\/div>\n\t\t<\/article>\n\t\t\t\t<article class=\"elementor-post elementor-grid-item post-16004 post type-post status-publish format-standard has-post-thumbnail hentry category-na-slovensku\" role=\"listitem\">\n\t\t\t<div class=\"elementor-post__card\">\n\t\t\t\t<a class=\"elementor-post__thumbnail__link\" href=\"https:\/\/www.adra.sk\/en\/covid-19-verejna-zbierka-pre-boj-s-covid-19\/\" tabindex=\"-1\" target=\"_blank\"><div class=\"elementor-post__thumbnail\"><img loading=\"lazy\" decoding=\"async\" width=\"300\" height=\"167\" src=\"https:\/\/www.adra.sk\/wp-content\/uploads\/2020\/03\/corona-zbierka-300x167.jpg\" class=\"attachment-medium size-medium wp-image-16005\" alt=\"\" srcset=\"https:\/\/www.adra.sk\/wp-content\/uploads\/2020\/03\/corona-zbierka-300x167.jpg 300w, https:\/\/www.adra.sk\/wp-content\/uploads\/2020\/03\/corona-zbierka-768x428.jpg 768w, https:\/\/www.adra.sk\/wp-content\/uploads\/2020\/03\/corona-zbierka.jpg 1000w\" sizes=\"(max-width: 300px) 100vw, 300px\" \/><\/div><\/a>\n\t\t\t\t<div class=\"elementor-post__badge\">Slovensko<\/div>\n\t\t\t\t<div class=\"elementor-post__text\">\n\t\t\t\t<h3 class=\"elementor-post__title\">\n\t\t\t<a href=\"https:\/\/www.adra.sk\/en\/covid-19-verejna-zbierka-pre-boj-s-covid-19\/\" target=&quot;_blank&quot;>\n\t\t\t\tCOVID-19 &#8211; Verejn\u00e1 zbierka pre boj s COVID-19\t\t\t<\/a>\n\t\t<\/h3>\n\t\t\t\t<div class=\"elementor-post__excerpt\">\n\t\t\t<p>ADRA Slovensko vyhlasuje verejn\u00fa zbierku na pomoc pri boji s koronav\u00edrusom. Svojim pr\u00edspevkom n\u00e1m pom\u00f4\u017eete<\/p>\n\t\t<\/div>\n\t\t\t\t<\/div>\n\t\t\t\t<div class=\"elementor-post__meta-data\">\n\t\t\t\t\t<span class=\"elementor-post-date\">\n\t\t\tMarch 19, 2020\t\t<\/span>\n\t\t\t\t<\/div>\n\t\t\t\t\t<\/div>\n\t\t<\/article>\n\t\t\t\t<article class=\"elementor-post elementor-grid-item post-15996 post type-post status-publish format-standard has-post-thumbnail hentry category-na-slovensku\" role=\"listitem\">\n\t\t\t<div class=\"elementor-post__card\">\n\t\t\t\t<a class=\"elementor-post__thumbnail__link\" href=\"https:\/\/www.adra.sk\/en\/covidpomoc\/\" tabindex=\"-1\" target=\"_blank\"><div class=\"elementor-post__thumbnail\"><img loading=\"lazy\" decoding=\"async\" width=\"300\" height=\"167\" src=\"https:\/\/www.adra.sk\/wp-content\/uploads\/2020\/03\/doencas-infecciosas-300x167.jpg\" class=\"attachment-medium size-medium wp-image-15997\" alt=\"\" srcset=\"https:\/\/www.adra.sk\/wp-content\/uploads\/2020\/03\/doencas-infecciosas-300x167.jpg 300w, https:\/\/www.adra.sk\/wp-content\/uploads\/2020\/03\/doencas-infecciosas-768x428.jpg 768w, https:\/\/www.adra.sk\/wp-content\/uploads\/2020\/03\/doencas-infecciosas.jpg 1000w\" sizes=\"(max-width: 300px) 100vw, 300px\" \/><\/div><\/a>\n\t\t\t\t<div class=\"elementor-post__badge\">Slovensko<\/div>\n\t\t\t\t<div class=\"elementor-post__text\">\n\t\t\t\t<h3 class=\"elementor-post__title\">\n\t\t\t<a href=\"https:\/\/www.adra.sk\/en\/covidpomoc\/\" target=&quot;_blank&quot;>\n\t\t\t\tCOVID-19 &#8211; ADRA pom\u00e1ha!\t\t\t<\/a>\n\t\t<\/h3>\n\t\t\t\t<div class=\"elementor-post__excerpt\">\n\t\t\t<p>ADRA reaguje na mimoriadnu situ\u00e1ciu! Cez v\u00edkend n\u00e1s kontaktovali lek\u00e1ri z kliniky infektologie na Kram\u00e1roch,<\/p>\n\t\t<\/div>\n\t\t\t\t<\/div>\n\t\t\t\t<div class=\"elementor-post__meta-data\">\n\t\t\t\t\t<span class=\"elementor-post-date\">\n\t\t\tMarch 16, 2020\t\t<\/span>\n\t\t\t\t<\/div>\n\t\t\t\t\t<\/div>\n\t\t<\/article>\n\t\t\t\t<article class=\"elementor-post elementor-grid-item post-15994 post type-post status-publish format-standard has-post-thumbnail hentry category-na-slovensku category-uncategorized\" role=\"listitem\">\n\t\t\t<div class=\"elementor-post__card\">\n\t\t\t\t<a class=\"elementor-post__thumbnail__link\" href=\"https:\/\/www.adra.sk\/en\/koronavirus\/\" tabindex=\"-1\" target=\"_blank\"><div class=\"elementor-post__thumbnail\"><img loading=\"lazy\" decoding=\"async\" width=\"300\" height=\"83\" src=\"https:\/\/www.adra.sk\/wp-content\/uploads\/2020\/03\/home-banner-300x83.jpg\" class=\"attachment-medium size-medium wp-image-15995\" alt=\"\" srcset=\"https:\/\/www.adra.sk\/wp-content\/uploads\/2020\/03\/home-banner-300x83.jpg 300w, https:\/\/www.adra.sk\/wp-content\/uploads\/2020\/03\/home-banner-1024x285.jpg 1024w, https:\/\/www.adra.sk\/wp-content\/uploads\/2020\/03\/home-banner-768x214.jpg 768w, https:\/\/www.adra.sk\/wp-content\/uploads\/2020\/03\/home-banner.jpg 1330w\" sizes=\"(max-width: 300px) 100vw, 300px\" \/><\/div><\/a>\n\t\t\t\t<div class=\"elementor-post__badge\">Slovensko<\/div>\n\t\t\t\t<div class=\"elementor-post__text\">\n\t\t\t\t<h3 class=\"elementor-post__title\">\n\t\t\t<a href=\"https:\/\/www.adra.sk\/en\/koronavirus\/\" target=&quot;_blank&quot;>\n\t\t\t\tADRA prevent\u00edvne zdravotn\u00e9 opatrenia proti koronav\u00edrusu COVID-19\t\t\t<\/a>\n\t\t<\/h3>\n\t\t\t\t<div class=\"elementor-post__excerpt\">\n\t\t\t<p>ADRA Slovensko m\u00e1 aktu\u00e1lne svojich dobrovo\u013en\u00edkov vyslan\u00fdch na zahrani\u010dn\u00fdch misi\u00e1ch v Alb\u00e1nsku, Gruz\u00ednsku, Moldavsku a<\/p>\n\t\t<\/div>\n\t\t\t\t<\/div>\n\t\t\t\t<div class=\"elementor-post__meta-data\">\n\t\t\t\t\t<span class=\"elementor-post-date\">\n\t\t\tMarch 2, 2020\t\t<\/span>\n\t\t\t\t<\/div>\n\t\t\t\t\t<\/div>\n\t\t<\/article>\n\t\t\t\t<article class=\"elementor-post elementor-grid-item post-16015 post type-post status-publish format-standard has-post-thumbnail hentry category-uganda category-vo-svete tag-uganda-rwanda\" role=\"listitem\">\n\t\t\t<div class=\"elementor-post__card\">\n\t\t\t\t<a class=\"elementor-post__thumbnail__link\" href=\"https:\/\/www.adra.sk\/en\/slovenska-cesta-k-potravinovej-sebestacnosti-afriky\/\" tabindex=\"-1\" target=\"_blank\"><div class=\"elementor-post__thumbnail\"><img loading=\"lazy\" decoding=\"async\" width=\"300\" height=\"169\" src=\"https:\/\/www.adra.sk\/wp-content\/uploads\/2020\/03\/UG-05-300x169.jpg\" class=\"attachment-medium size-medium wp-image-16016\" alt=\"\" srcset=\"https:\/\/www.adra.sk\/wp-content\/uploads\/2020\/03\/UG-05-300x169.jpg 300w, https:\/\/www.adra.sk\/wp-content\/uploads\/2020\/03\/UG-05-1024x576.jpg 1024w, https:\/\/www.adra.sk\/wp-content\/uploads\/2020\/03\/UG-05-768x432.jpg 768w, https:\/\/www.adra.sk\/wp-content\/uploads\/2020\/03\/UG-05-1536x864.jpg 1536w, https:\/\/www.adra.sk\/wp-content\/uploads\/2020\/03\/UG-05-2048x1152.jpg 2048w, https:\/\/www.adra.sk\/wp-content\/uploads\/2020\/03\/UG-05-2000x1125.jpg 2000w\" sizes=\"(max-width: 300px) 100vw, 300px\" \/><\/div><\/a>\n\t\t\t\t<div class=\"elementor-post__badge\">Uganda<\/div>\n\t\t\t\t<div class=\"elementor-post__text\">\n\t\t\t\t<h3 class=\"elementor-post__title\">\n\t\t\t<a href=\"https:\/\/www.adra.sk\/en\/slovenska-cesta-k-potravinovej-sebestacnosti-afriky\/\" target=&quot;_blank&quot;>\n\t\t\t\tSlovensk\u00e1 cesta k potravinovej sebesta\u010dnosti Afriky\t\t\t<\/a>\n\t\t<\/h3>\n\t\t\t\t<div class=\"elementor-post__excerpt\">\n\t\t\t<p>Ako rie\u0161i\u0165 ute\u010deneck\u00fa kr\u00edzu? Najlep\u0161ie je pom\u00f4c\u0165 \u013eu\u010fom vytvori\u0165 v&nbsp;ich vlasti tak\u00e9 podmienky, aby nemuseli<\/p>\n\t\t<\/div>\n\t\t\t\t<\/div>\n\t\t\t\t<div class=\"elementor-post__meta-data\">\n\t\t\t\t\t<span class=\"elementor-post-date\">\n\t\t\tMarch 2, 2020\t\t<\/span>\n\t\t\t\t<\/div>\n\t\t\t\t\t<\/div>\n\t\t<\/article>\n\t\t\t\t<article class=\"elementor-post elementor-grid-item post-15992 post type-post status-publish format-standard has-post-thumbnail hentry category-blog category-na-slovensku\" role=\"listitem\">\n\t\t\t<div class=\"elementor-post__card\">\n\t\t\t\t<a class=\"elementor-post__thumbnail__link\" href=\"https:\/\/www.adra.sk\/en\/pohorelska-masa\/\" tabindex=\"-1\" target=\"_blank\"><div class=\"elementor-post__thumbnail\"><img loading=\"lazy\" decoding=\"async\" width=\"300\" height=\"91\" src=\"https:\/\/www.adra.sk\/wp-content\/uploads\/2020\/02\/ADRA-tabor-2020-B-300x91.jpg\" class=\"attachment-medium size-medium wp-image-15993\" alt=\"\" srcset=\"https:\/\/www.adra.sk\/wp-content\/uploads\/2020\/02\/ADRA-tabor-2020-B-300x91.jpg 300w, https:\/\/www.adra.sk\/wp-content\/uploads\/2020\/02\/ADRA-tabor-2020-B-1024x311.jpg 1024w, https:\/\/www.adra.sk\/wp-content\/uploads\/2020\/02\/ADRA-tabor-2020-B-768x233.jpg 768w, https:\/\/www.adra.sk\/wp-content\/uploads\/2020\/02\/ADRA-tabor-2020-B-1536x466.jpg 1536w, https:\/\/www.adra.sk\/wp-content\/uploads\/2020\/02\/ADRA-tabor-2020-B.jpg 1720w\" sizes=\"(max-width: 300px) 100vw, 300px\" \/><\/div><\/a>\n\t\t\t\t<div class=\"elementor-post__badge\">Blog<\/div>\n\t\t\t\t<div class=\"elementor-post__text\">\n\t\t\t\t<h3 class=\"elementor-post__title\">\n\t\t\t<a href=\"https:\/\/www.adra.sk\/en\/pohorelska-masa\/\" target=&quot;_blank&quot;>\n\t\t\t\tHumanit\u00e1rny t\u00e1bor Pohorelsk\u00e1 Ma\u0161a\t\t\t<\/a>\n\t\t<\/h3>\n\t\t\t\t<div class=\"elementor-post__excerpt\">\n\t\t\t<p>Mil\u00ed dobrovo\u013en\u00edci, Po rokoch obnovujeme aktivitu letn\u00fdch pracovn\u00fdch t\u00e1borov ADRA pre ml\u00e1de\u017e a dobrovo\u013en\u00edkov. Je<\/p>\n\t\t<\/div>\n\t\t\t\t<\/div>\n\t\t\t\t<div class=\"elementor-post__meta-data\">\n\t\t\t\t\t<span class=\"elementor-post-date\">\n\t\t\tFebruary 26, 2020\t\t<\/span>\n\t\t\t\t<\/div>\n\t\t\t\t\t<\/div>\n\t\t<\/article>\n\t\t\t\t<article class=\"elementor-post elementor-grid-item post-15991 post type-post status-publish format-standard has-post-thumbnail hentry category-na-slovensku category-uncategorized category-ohrozeni\" role=\"listitem\">\n\t\t\t<div class=\"elementor-post__card\">\n\t\t\t\t<a class=\"elementor-post__thumbnail__link\" href=\"https:\/\/www.adra.sk\/en\/presov-dakujeme\/\" tabindex=\"-1\" target=\"_blank\"><div class=\"elementor-post__thumbnail\"><img loading=\"lazy\" decoding=\"async\" width=\"300\" height=\"200\" src=\"https:\/\/www.adra.sk\/wp-content\/uploads\/2019\/12\/DSC05934-300x200.jpg\" class=\"attachment-medium size-medium wp-image-15969\" alt=\"\" srcset=\"https:\/\/www.adra.sk\/wp-content\/uploads\/2019\/12\/DSC05934-300x200.jpg 300w, https:\/\/www.adra.sk\/wp-content\/uploads\/2019\/12\/DSC05934-1024x683.jpg 1024w, https:\/\/www.adra.sk\/wp-content\/uploads\/2019\/12\/DSC05934-768x512.jpg 768w, https:\/\/www.adra.sk\/wp-content\/uploads\/2019\/12\/DSC05934-1536x1024.jpg 1536w, https:\/\/www.adra.sk\/wp-content\/uploads\/2019\/12\/DSC05934-2048x1365.jpg 2048w, https:\/\/www.adra.sk\/wp-content\/uploads\/2019\/12\/DSC05934-2000x1333.jpg 2000w\" sizes=\"(max-width: 300px) 100vw, 300px\" \/><\/div><\/a>\n\t\t\t\t<div class=\"elementor-post__badge\">Slovensko<\/div>\n\t\t\t\t<div class=\"elementor-post__text\">\n\t\t\t\t<h3 class=\"elementor-post__title\">\n\t\t\t<a href=\"https:\/\/www.adra.sk\/en\/presov-dakujeme\/\" target=&quot;_blank&quot;>\n\t\t\t\tPo\u010fakovanie za pomoc Pre\u0161ov\u010danom\t\t\t<\/a>\n\t\t<\/h3>\n\t\t\t\t<div class=\"elementor-post__excerpt\">\n\t\t\t<p>Mil\u00ed priatelia dobro\u010dinnosti. Chceme v\u00e1m vyjadri\u0165 ve\u013ek\u00fd obdiv a\u00a0po\u010fakovanie za mimoriadnu obetavos\u0165 a\u00a0\u0161tedros\u0165, ktor\u00fa ste<\/p>\n\t\t<\/div>\n\t\t\t\t<\/div>\n\t\t\t\t<div class=\"elementor-post__meta-data\">\n\t\t\t\t\t<span class=\"elementor-post-date\">\n\t\t\tFebruary 25, 2020\t\t<\/span>\n\t\t\t\t<\/div>\n\t\t\t\t\t<\/div>\n\t\t<\/article>\n\t\t\t\t<article class=\"elementor-post elementor-grid-item post-15981 post type-post status-publish format-standard has-post-thumbnail hentry category-vo-svete tag-dobrovolnictvo\" role=\"listitem\">\n\t\t\t<div class=\"elementor-post__card\">\n\t\t\t\t<a class=\"elementor-post__thumbnail__link\" href=\"https:\/\/www.adra.sk\/en\/sudhav3-volunteers\/\" tabindex=\"-1\" target=\"_blank\"><div class=\"elementor-post__thumbnail\"><img loading=\"lazy\" decoding=\"async\" width=\"300\" height=\"225\" src=\"https:\/\/www.adra.sk\/wp-content\/uploads\/2020\/02\/UNADJUSTEDNONRAW_thumb_1389-300x225.jpg\" class=\"attachment-medium size-medium wp-image-15982\" alt=\"\" srcset=\"https:\/\/www.adra.sk\/wp-content\/uploads\/2020\/02\/UNADJUSTEDNONRAW_thumb_1389-300x225.jpg 300w, https:\/\/www.adra.sk\/wp-content\/uploads\/2020\/02\/UNADJUSTEDNONRAW_thumb_1389-768x576.jpg 768w, https:\/\/www.adra.sk\/wp-content\/uploads\/2020\/02\/UNADJUSTEDNONRAW_thumb_1389-1000x750.jpg 1000w, https:\/\/www.adra.sk\/wp-content\/uploads\/2020\/02\/UNADJUSTEDNONRAW_thumb_1389.jpg 1024w\" sizes=\"(max-width: 300px) 100vw, 300px\" \/><\/div><\/a>\n\t\t\t\t<div class=\"elementor-post__badge\">Vo svete<\/div>\n\t\t\t\t<div class=\"elementor-post__text\">\n\t\t\t\t<h3 class=\"elementor-post__title\">\n\t\t\t<a href=\"https:\/\/www.adra.sk\/en\/sudhav3-volunteers\/\" target=&quot;_blank&quot;>\n\t\t\t\tSudHAV 3 &#8211; EU Aid volunteers\t\t\t<\/a>\n\t\t<\/h3>\n\t\t\t\t<div class=\"elementor-post__excerpt\">\n\t\t\t<p>SudHAV 3 project is an EU Aid volunteers deployment project which aims at sending 42<\/p>\n\t\t<\/div>\n\t\t\t\t<\/div>\n\t\t\t\t<div class=\"elementor-post__meta-data\">\n\t\t\t\t\t<span class=\"elementor-post-date\">\n\t\t\tFebruary 12, 2020\t\t<\/span>\n\t\t\t\t<\/div>\n\t\t\t\t\t<\/div>\n\t\t<\/article>\n\t\t\t\t<article class=\"elementor-post elementor-grid-item post-16017 post type-post status-publish format-standard has-post-thumbnail hentry category-itibo category-vo-svete\" role=\"listitem\">\n\t\t\t<div class=\"elementor-post__card\">\n\t\t\t\t<a class=\"elementor-post__thumbnail__link\" href=\"https:\/\/www.adra.sk\/en\/ako-sme-rozsvietili-v-africkej-nemocnici-itibo\/\" tabindex=\"-1\" target=\"_blank\"><div class=\"elementor-post__thumbnail\"><img loading=\"lazy\" decoding=\"async\" width=\"300\" height=\"225\" src=\"https:\/\/www.adra.sk\/wp-content\/uploads\/2020\/02\/I-0-titulka-300x225.jpg\" class=\"attachment-medium size-medium wp-image-16018\" alt=\"\" srcset=\"https:\/\/www.adra.sk\/wp-content\/uploads\/2020\/02\/I-0-titulka-300x225.jpg 300w, https:\/\/www.adra.sk\/wp-content\/uploads\/2020\/02\/I-0-titulka-1024x768.jpg 1024w, https:\/\/www.adra.sk\/wp-content\/uploads\/2020\/02\/I-0-titulka-768x576.jpg 768w, https:\/\/www.adra.sk\/wp-content\/uploads\/2020\/02\/I-0-titulka-1536x1152.jpg 1536w, https:\/\/www.adra.sk\/wp-content\/uploads\/2020\/02\/I-0-titulka-2048x1536.jpg 2048w, https:\/\/www.adra.sk\/wp-content\/uploads\/2020\/02\/I-0-titulka-1000x750.jpg 1000w, https:\/\/www.adra.sk\/wp-content\/uploads\/2020\/02\/I-0-titulka-2000x1500.jpg 2000w\" sizes=\"(max-width: 300px) 100vw, 300px\" \/><\/div><\/a>\n\t\t\t\t<div class=\"elementor-post__badge\">Itibo<\/div>\n\t\t\t\t<div class=\"elementor-post__text\">\n\t\t\t\t<h3 class=\"elementor-post__title\">\n\t\t\t<a href=\"https:\/\/www.adra.sk\/en\/ako-sme-rozsvietili-v-africkej-nemocnici-itibo\/\" target=&quot;_blank&quot;>\n\t\t\t\tAko sme rozsvietili v africkej nemocnici ITIBO\t\t\t<\/a>\n\t\t<\/h3>\n\t\t\t\t<div class=\"elementor-post__excerpt\">\n\t\t\t<p>V janu\u00e1ri 2020 sme vycestovali do Kene s\u00a0t\u00edmom elektrik\u00e1rov \u2013 dobrovo\u013en\u00edkov, aby sme vybudovali z\u00e1lo\u017en\u00e9<\/p>\n\t\t<\/div>\n\t\t\t\t<\/div>\n\t\t\t\t<div class=\"elementor-post__meta-data\">\n\t\t\t\t\t<span class=\"elementor-post-date\">\n\t\t\tFebruary 2, 2020\t\t<\/span>\n\t\t\t\t<\/div>\n\t\t\t\t\t<\/div>\n\t\t<\/article>\n\t\t\t\t<article class=\"elementor-post elementor-grid-item post-15978 post type-post status-publish format-standard has-post-thumbnail hentry category-itibo category-vo-svete\" role=\"listitem\">\n\t\t\t<div class=\"elementor-post__card\">\n\t\t\t\t<a class=\"elementor-post__thumbnail__link\" href=\"https:\/\/www.adra.sk\/en\/afrika1\/\" tabindex=\"-1\" target=\"_blank\"><div class=\"elementor-post__thumbnail\"><img loading=\"lazy\" decoding=\"async\" width=\"300\" height=\"225\" src=\"https:\/\/www.adra.sk\/wp-content\/uploads\/2020\/01\/Gen-1-300x225.jpg\" class=\"attachment-medium size-medium wp-image-15979\" alt=\"\" srcset=\"https:\/\/www.adra.sk\/wp-content\/uploads\/2020\/01\/Gen-1-300x225.jpg 300w, https:\/\/www.adra.sk\/wp-content\/uploads\/2020\/01\/Gen-1-1024x768.jpg 1024w, https:\/\/www.adra.sk\/wp-content\/uploads\/2020\/01\/Gen-1-768x576.jpg 768w, https:\/\/www.adra.sk\/wp-content\/uploads\/2020\/01\/Gen-1-1536x1152.jpg 1536w, https:\/\/www.adra.sk\/wp-content\/uploads\/2020\/01\/Gen-1-2048x1536.jpg 2048w, https:\/\/www.adra.sk\/wp-content\/uploads\/2020\/01\/Gen-1-1000x750.jpg 1000w, https:\/\/www.adra.sk\/wp-content\/uploads\/2020\/01\/Gen-1-2000x1500.jpg 2000w\" sizes=\"(max-width: 300px) 100vw, 300px\" \/><\/div><\/a>\n\t\t\t\t<div class=\"elementor-post__badge\">Itibo<\/div>\n\t\t\t\t<div class=\"elementor-post__text\">\n\t\t\t\t<h3 class=\"elementor-post__title\">\n\t\t\t<a href=\"https:\/\/www.adra.sk\/en\/afrika1\/\" target=&quot;_blank&quot;>\n\t\t\t\tADRA Slovensko sa pripojila k projektu Itibo\t\t\t<\/a>\n\t\t<\/h3>\n\t\t\t\t<div class=\"elementor-post__excerpt\">\n\t\t\t<p>V\u00a0r. 2019 sme v ADRA CZ a\u00a0ADRA SZ spojili sily a\u00a0dohodli sme sa na spolupr\u00e1ci<\/p>\n\t\t<\/div>\n\t\t\t\t<\/div>\n\t\t\t\t<div class=\"elementor-post__meta-data\">\n\t\t\t\t\t<span class=\"elementor-post-date\">\n\t\t\tJanuary 31, 2020\t\t<\/span>\n\t\t\t\t<\/div>\n\t\t\t\t\t<\/div>\n\t\t<\/article>\n\t\t\t\t<article class=\"elementor-post elementor-grid-item post-15975 post type-post status-publish format-standard has-post-thumbnail hentry category-vo-svete tag-dobrovolnictvo\" role=\"listitem\">\n\t\t\t<div class=\"elementor-post__card\">\n\t\t\t\t<a class=\"elementor-post__thumbnail__link\" href=\"https:\/\/www.adra.sk\/en\/denosn-2-2-2\/\" tabindex=\"-1\" target=\"_blank\"><div class=\"elementor-post__thumbnail\"><img loading=\"lazy\" decoding=\"async\" width=\"224\" height=\"300\" src=\"https:\/\/www.adra.sk\/wp-content\/uploads\/2019\/12\/78741070_2842532002466118_6495935484542320640_n-224x300.jpg\" class=\"attachment-medium size-medium wp-image-15976\" alt=\"\" srcset=\"https:\/\/www.adra.sk\/wp-content\/uploads\/2019\/12\/78741070_2842532002466118_6495935484542320640_n-224x300.jpg 224w, https:\/\/www.adra.sk\/wp-content\/uploads\/2019\/12\/78741070_2842532002466118_6495935484542320640_n.jpg 280w\" sizes=\"(max-width: 224px) 100vw, 224px\" \/><\/div><\/a>\n\t\t\t\t<div class=\"elementor-post__badge\">Vo svete<\/div>\n\t\t\t\t<div class=\"elementor-post__text\">\n\t\t\t\t<h3 class=\"elementor-post__title\">\n\t\t\t<a href=\"https:\/\/www.adra.sk\/en\/denosn-2-2-2\/\" target=&quot;_blank&quot;>\n\t\t\t\tVeronika Zimov\u00e1 &#8211; Dobrovo\u013en\u00edk roka 2018\/2019 v kateg\u00f3rii Slovak Aid\t\t\t<\/a>\n\t\t<\/h3>\n\t\t\t\t<div class=\"elementor-post__excerpt\">\n\t\t\t<p>V\u00cd\u0164AZOM DOBROVO\u013dN\u00cdK ROKA 2018 A 2019, V KATEG\u00d3RII SLOVAK AID JE NA\u0160A VERONIKA ZIMOV\u00c1 Toto<\/p>\n\t\t<\/div>\n\t\t\t\t<\/div>\n\t\t\t\t<div class=\"elementor-post__meta-data\">\n\t\t\t\t\t<span class=\"elementor-post-date\">\n\t\t\tDecember 11, 2019\t\t<\/span>\n\t\t\t\t<\/div>\n\t\t\t\t\t<\/div>\n\t\t<\/article>\n\t\t\t\t<article class=\"elementor-post elementor-grid-item post-15977 post type-post status-publish format-standard has-post-thumbnail hentry category-blog category-uncategorized\" role=\"listitem\">\n\t\t\t<div class=\"elementor-post__card\">\n\t\t\t\t<a class=\"elementor-post__thumbnail__link\" href=\"https:\/\/www.adra.sk\/en\/denosn-2-2-2-2\/\" tabindex=\"-1\" target=\"_blank\"><div class=\"elementor-post__thumbnail\"><img loading=\"lazy\" decoding=\"async\" width=\"300\" height=\"169\" src=\"https:\/\/www.adra.sk\/wp-content\/uploads\/2020\/11\/IMG_4295-300x169.jpg\" class=\"attachment-medium size-medium wp-image-15585\" alt=\"\" srcset=\"https:\/\/www.adra.sk\/wp-content\/uploads\/2020\/11\/IMG_4295-300x169.jpg 300w, https:\/\/www.adra.sk\/wp-content\/uploads\/2020\/11\/IMG_4295-1024x575.jpg 1024w, https:\/\/www.adra.sk\/wp-content\/uploads\/2020\/11\/IMG_4295-768x432.jpg 768w, https:\/\/www.adra.sk\/wp-content\/uploads\/2020\/11\/IMG_4295-1536x863.jpg 1536w, https:\/\/www.adra.sk\/wp-content\/uploads\/2020\/11\/IMG_4295-2048x1151.jpg 2048w, https:\/\/www.adra.sk\/wp-content\/uploads\/2020\/11\/IMG_4295-2000x1124.jpg 2000w\" sizes=\"(max-width: 300px) 100vw, 300px\" \/><\/div><\/a>\n\t\t\t\t<div class=\"elementor-post__badge\">Blog<\/div>\n\t\t\t\t<div class=\"elementor-post__text\">\n\t\t\t\t<h3 class=\"elementor-post__title\">\n\t\t\t<a href=\"https:\/\/www.adra.sk\/en\/denosn-2-2-2-2\/\" target=&quot;_blank&quot;>\n\t\t\t\tH\u013ead\u00e1me dobrovo\u013en\u00edkov!!!!\t\t\t<\/a>\n\t\t<\/h3>\n\t\t\t\t<div class=\"elementor-post__excerpt\">\n\t\t\t<p>Do svojho t\u00edmu h\u013ead\u00e1me dobrovo\u013en\u00edkov, ktor\u00ed by p\u00f4sobili v zahrani\u010d\u00ed v r\u00e1mci n\u00e1\u0161ho programu glob\u00e1lneho<\/p>\n\t\t<\/div>\n\t\t\t\t<\/div>\n\t\t\t\t<div class=\"elementor-post__meta-data\">\n\t\t\t\t\t<span class=\"elementor-post-date\">\n\t\t\tDecember 11, 2019\t\t<\/span>\n\t\t\t\t<\/div>\n\t\t\t\t\t<\/div>\n\t\t<\/article>\n\t\t\t\t<article class=\"elementor-post elementor-grid-item post-15337 post type-post status-publish format-standard has-post-thumbnail hentry category-promote-to-homepage-carousel tag-use-right-text-banner-template\" role=\"listitem\">\n\t\t\t<div class=\"elementor-post__card\">\n\t\t\t\t<a class=\"elementor-post__thumbnail__link\" href=\"https:\/\/www.adra.sk\/en\/sweden-is-here\/\" tabindex=\"-1\" target=\"_blank\"><div class=\"elementor-post__thumbnail\"><img loading=\"lazy\" decoding=\"async\" width=\"300\" height=\"200\" src=\"https:\/\/www.adra.sk\/wp-content\/uploads\/2019\/11\/madagascar-15-0838-300x200.jpg\" class=\"attachment-medium size-medium wp-image-13236\" alt=\"\" srcset=\"https:\/\/www.adra.sk\/wp-content\/uploads\/2019\/11\/madagascar-15-0838-300x200.jpg 300w, https:\/\/www.adra.sk\/wp-content\/uploads\/2019\/11\/madagascar-15-0838-768x512.jpg 768w, https:\/\/www.adra.sk\/wp-content\/uploads\/2019\/11\/madagascar-15-0838-1024x683.jpg 1024w, https:\/\/www.adra.sk\/wp-content\/uploads\/2019\/11\/madagascar-15-0838-2000x1333.jpg 2000w\" sizes=\"(max-width: 300px) 100vw, 300px\" \/><\/div><\/a>\n\t\t\t\t<div class=\"elementor-post__badge\">Promote to Homepage Carousel<\/div>\n\t\t\t\t<div class=\"elementor-post__text\">\n\t\t\t\t<h3 class=\"elementor-post__title\">\n\t\t\t<a href=\"https:\/\/www.adra.sk\/en\/sweden-is-here\/\" target=&quot;_blank&quot;>\n\t\t\t\tADRA SWEDEN has raised more than half\t\t\t<\/a>\n\t\t<\/h3>\n\t\t\t\t<div class=\"elementor-post__excerpt\">\n\t\t\t<p>Lorem ipsum dolor sit amet<\/p>\n\t\t<\/div>\n\t\t\t\t<\/div>\n\t\t\t\t<div class=\"elementor-post__meta-data\">\n\t\t\t\t\t<span class=\"elementor-post-date\">\n\t\t\tDecember 10, 2019\t\t<\/span>\n\t\t\t\t<\/div>\n\t\t\t\t\t<\/div>\n\t\t<\/article>\n\t\t\t\t<article class=\"elementor-post elementor-grid-item post-15966 post type-post status-publish format-standard has-post-thumbnail hentry category-blog category-uncategorized\" role=\"listitem\">\n\t\t\t<div class=\"elementor-post__card\">\n\t\t\t\t<a class=\"elementor-post__thumbnail__link\" href=\"https:\/\/www.adra.sk\/en\/denosn-2\/\" tabindex=\"-1\" target=\"_blank\"><div class=\"elementor-post__thumbnail\"><img loading=\"lazy\" decoding=\"async\" width=\"300\" height=\"225\" src=\"https:\/\/www.adra.sk\/wp-content\/uploads\/2019\/12\/B-01-300x225.jpg\" class=\"attachment-medium size-medium wp-image-15967\" alt=\"\" srcset=\"https:\/\/www.adra.sk\/wp-content\/uploads\/2019\/12\/B-01-300x225.jpg 300w, https:\/\/www.adra.sk\/wp-content\/uploads\/2019\/12\/B-01-1024x768.jpg 1024w, https:\/\/www.adra.sk\/wp-content\/uploads\/2019\/12\/B-01-768x576.jpg 768w, https:\/\/www.adra.sk\/wp-content\/uploads\/2019\/12\/B-01-1536x1152.jpg 1536w, https:\/\/www.adra.sk\/wp-content\/uploads\/2019\/12\/B-01-2048x1536.jpg 2048w, https:\/\/www.adra.sk\/wp-content\/uploads\/2019\/12\/B-01-1000x750.jpg 1000w, https:\/\/www.adra.sk\/wp-content\/uploads\/2019\/12\/B-01-2000x1500.jpg 2000w\" sizes=\"(max-width: 300px) 100vw, 300px\" \/><\/div><\/a>\n\t\t\t\t<div class=\"elementor-post__badge\">Blog<\/div>\n\t\t\t\t<div class=\"elementor-post__text\">\n\t\t\t\t<h3 class=\"elementor-post__title\">\n\t\t\t<a href=\"https:\/\/www.adra.sk\/en\/denosn-2\/\" target=&quot;_blank&quot;>\n\t\t\t\tUte\u010deneck\u00fd t\u00e1bor U\u0161ivak?&#8230; hor\u0161ie ako v mojich predstav\u00e1ch\t\t\t<\/a>\n\t\t<\/h3>\n\t\t\t\t<div class=\"elementor-post__excerpt\">\n\t\t\t<p>V priebehu novembra prebehla zbierka spac\u00e1kov, prikr\u00fdvok a hygienick\u00fdch potrieb pre ute\u010deneck\u00fd t\u00e1bor U\u0161ivak v<\/p>\n\t\t<\/div>\n\t\t\t\t<\/div>\n\t\t\t\t<div class=\"elementor-post__meta-data\">\n\t\t\t\t\t<span class=\"elementor-post-date\">\n\t\t\tDecember 6, 2019\t\t<\/span>\n\t\t\t\t<\/div>\n\t\t\t\t\t<\/div>\n\t\t<\/article>\n\t\t\t\t<article class=\"elementor-post elementor-grid-item post-15968 post type-post status-publish format-standard has-post-thumbnail hentry category-ohrozeni tag-ohrozenie\" role=\"listitem\">\n\t\t\t<div class=\"elementor-post__card\">\n\t\t\t\t<a class=\"elementor-post__thumbnail__link\" href=\"https:\/\/www.adra.sk\/en\/denosn-2-2\/\" tabindex=\"-1\" target=\"_blank\"><div class=\"elementor-post__thumbnail\"><img loading=\"lazy\" decoding=\"async\" width=\"300\" height=\"200\" src=\"https:\/\/www.adra.sk\/wp-content\/uploads\/2019\/12\/DSC05934-300x200.jpg\" class=\"attachment-medium size-medium wp-image-15969\" alt=\"\" srcset=\"https:\/\/www.adra.sk\/wp-content\/uploads\/2019\/12\/DSC05934-300x200.jpg 300w, https:\/\/www.adra.sk\/wp-content\/uploads\/2019\/12\/DSC05934-1024x683.jpg 1024w, https:\/\/www.adra.sk\/wp-content\/uploads\/2019\/12\/DSC05934-768x512.jpg 768w, https:\/\/www.adra.sk\/wp-content\/uploads\/2019\/12\/DSC05934-1536x1024.jpg 1536w, https:\/\/www.adra.sk\/wp-content\/uploads\/2019\/12\/DSC05934-2048x1365.jpg 2048w, https:\/\/www.adra.sk\/wp-content\/uploads\/2019\/12\/DSC05934-2000x1333.jpg 2000w\" sizes=\"(max-width: 300px) 100vw, 300px\" \/><\/div><\/a>\n\t\t\t\t<div class=\"elementor-post__badge\">V ohrozen\u00ed<\/div>\n\t\t\t\t<div class=\"elementor-post__text\">\n\t\t\t\t<h3 class=\"elementor-post__title\">\n\t\t\t<a href=\"https:\/\/www.adra.sk\/en\/denosn-2-2\/\" target=&quot;_blank&quot;>\n\t\t\t\tPom\u00f4\u017eme spolo\u010dne Pre\u0161ov\u010danom.\t\t\t<\/a>\n\t\t<\/h3>\n\t\t\t\t<div class=\"elementor-post__excerpt\">\n\t\t\t<p>V\u00fdbuch a n\u00e1sledn\u00fd po\u017eiar bytovky v Pre\u0161ove zobral desiatkam rod\u00edn strechu nad hlavou. ADRA vyjadruje<\/p>\n\t\t<\/div>\n\t\t\t\t<\/div>\n\t\t\t\t<div class=\"elementor-post__meta-data\">\n\t\t\t\t\t<span class=\"elementor-post-date\">\n\t\t\tDecember 6, 2019\t\t<\/span>\n\t\t\t\t<\/div>\n\t\t\t\t\t<\/div>\n\t\t<\/article>\n\t\t\t\t<article class=\"elementor-post elementor-grid-item post-15325 post type-post status-publish format-standard has-post-thumbnail hentry category-promote-to-homepage-carousel\" role=\"listitem\">\n\t\t\t<div class=\"elementor-post__card\">\n\t\t\t\t<a class=\"elementor-post__thumbnail__link\" href=\"https:\/\/www.adra.sk\/en\/this-is-a-title\/\" tabindex=\"-1\" target=\"_blank\"><div class=\"elementor-post__thumbnail\"><img loading=\"lazy\" decoding=\"async\" width=\"300\" height=\"200\" src=\"https:\/\/www.adra.sk\/wp-content\/uploads\/2019\/11\/madagascar-15-0838-300x200.jpg\" class=\"attachment-medium size-medium wp-image-13236\" alt=\"\" srcset=\"https:\/\/www.adra.sk\/wp-content\/uploads\/2019\/11\/madagascar-15-0838-300x200.jpg 300w, https:\/\/www.adra.sk\/wp-content\/uploads\/2019\/11\/madagascar-15-0838-768x512.jpg 768w, https:\/\/www.adra.sk\/wp-content\/uploads\/2019\/11\/madagascar-15-0838-1024x683.jpg 1024w, https:\/\/www.adra.sk\/wp-content\/uploads\/2019\/11\/madagascar-15-0838-2000x1333.jpg 2000w\" sizes=\"(max-width: 300px) 100vw, 300px\" \/><\/div><\/a>\n\t\t\t\t<div class=\"elementor-post__badge\">Promote to Homepage Carousel<\/div>\n\t\t\t\t<div class=\"elementor-post__text\">\n\t\t\t\t<h3 class=\"elementor-post__title\">\n\t\t\t<a href=\"https:\/\/www.adra.sk\/en\/this-is-a-title\/\" target=&quot;_blank&quot;>\n\t\t\t\tThis is a title\t\t\t<\/a>\n\t\t<\/h3>\n\t\t\t\t<div class=\"elementor-post__excerpt\">\n\t\t\t<p>This is an excerpt<\/p>\n\t\t<\/div>\n\t\t\t\t<\/div>\n\t\t\t\t<div class=\"elementor-post__meta-data\">\n\t\t\t\t\t<span class=\"elementor-post-date\">\n\t\t\tDecember 3, 2019\t\t<\/span>\n\t\t\t\t<\/div>\n\t\t\t\t\t<\/div>\n\t\t<\/article>\n\t\t\t\t<article class=\"elementor-post elementor-grid-item post-15318 post type-post status-publish format-standard has-post-thumbnail hentry category-promote-to-homepage-carousel\" role=\"listitem\">\n\t\t\t<div class=\"elementor-post__card\">\n\t\t\t\t<a class=\"elementor-post__thumbnail__link\" href=\"https:\/\/www.adra.sk\/en\/new-post\/\" tabindex=\"-1\" target=\"_blank\"><div class=\"elementor-post__thumbnail\"><img loading=\"lazy\" decoding=\"async\" width=\"300\" height=\"200\" src=\"https:\/\/www.adra.sk\/wp-content\/uploads\/2019\/11\/Carousel-3-Advocacy-300x200.jpg\" class=\"attachment-medium size-medium wp-image-13143\" alt=\"\" srcset=\"https:\/\/www.adra.sk\/wp-content\/uploads\/2019\/11\/Carousel-3-Advocacy-300x200.jpg 300w, https:\/\/www.adra.sk\/wp-content\/uploads\/2019\/11\/Carousel-3-Advocacy-768x512.jpg 768w, https:\/\/www.adra.sk\/wp-content\/uploads\/2019\/11\/Carousel-3-Advocacy-1024x683.jpg 1024w, https:\/\/www.adra.sk\/wp-content\/uploads\/2019\/11\/Carousel-3-Advocacy-2000x1333.jpg 2000w\" sizes=\"(max-width: 300px) 100vw, 300px\" \/><\/div><\/a>\n\t\t\t\t<div class=\"elementor-post__badge\">Promote to Homepage Carousel<\/div>\n\t\t\t\t<div class=\"elementor-post__text\">\n\t\t\t\t<h3 class=\"elementor-post__title\">\n\t\t\t<a href=\"https:\/\/www.adra.sk\/en\/new-post\/\" target=&quot;_blank&quot;>\n\t\t\t\tNew post\t\t\t<\/a>\n\t\t<\/h3>\n\t\t\t\t<div class=\"elementor-post__excerpt\">\n\t\t\t<p>Let&#8217;s write some excerpt<\/p>\n\t\t<\/div>\n\t\t\t\t<\/div>\n\t\t\t\t<div class=\"elementor-post__meta-data\">\n\t\t\t\t\t<span class=\"elementor-post-date\">\n\t\t\tDecember 3, 2019\t\t<\/span>\n\t\t\t\t<\/div>\n\t\t\t\t\t<\/div>\n\t\t<\/article>\n\t\t\t\t<article class=\"elementor-post elementor-grid-item post-15291 post type-post status-publish format-standard has-post-thumbnail hentry category-promote-to-homepage-carousel category-promote-to-homepage-stories\" role=\"listitem\">\n\t\t\t<div class=\"elementor-post__card\">\n\t\t\t\t<a class=\"elementor-post__thumbnail__link\" href=\"https:\/\/www.adra.sk\/en\/sample-post-3\/\" tabindex=\"-1\" target=\"_blank\"><div class=\"elementor-post__thumbnail\"><img loading=\"lazy\" decoding=\"async\" width=\"300\" height=\"200\" src=\"https:\/\/www.adra.sk\/wp-content\/uploads\/2019\/11\/dsc_0164_webres-300x200.jpg\" class=\"attachment-medium size-medium wp-image-13454\" alt=\"\" srcset=\"https:\/\/www.adra.sk\/wp-content\/uploads\/2019\/11\/dsc_0164_webres-300x200.jpg 300w, https:\/\/www.adra.sk\/wp-content\/uploads\/2019\/11\/dsc_0164_webres-768x513.jpg 768w, https:\/\/www.adra.sk\/wp-content\/uploads\/2019\/11\/dsc_0164_webres-1024x683.jpg 1024w, https:\/\/www.adra.sk\/wp-content\/uploads\/2019\/11\/dsc_0164_webres-2000x1335.jpg 2000w\" sizes=\"(max-width: 300px) 100vw, 300px\" \/><\/div><\/a>\n\t\t\t\t<div class=\"elementor-post__badge\">Promote to Homepage Carousel<\/div>\n\t\t\t\t<div class=\"elementor-post__text\">\n\t\t\t\t<h3 class=\"elementor-post__title\">\n\t\t\t<a href=\"https:\/\/www.adra.sk\/en\/sample-post-3\/\" target=&quot;_blank&quot;>\n\t\t\t\tSample post 3\t\t\t<\/a>\n\t\t<\/h3>\n\t\t\t\t<div class=\"elementor-post__excerpt\">\n\t\t\t<p>Small excerpt<\/p>\n\t\t<\/div>\n\t\t\t\t<\/div>\n\t\t\t\t<div class=\"elementor-post__meta-data\">\n\t\t\t\t\t<span class=\"elementor-post-date\">\n\t\t\tNovember 19, 2019\t\t<\/span>\n\t\t\t\t<\/div>\n\t\t\t\t\t<\/div>\n\t\t<\/article>\n\t\t\t\t<article class=\"elementor-post elementor-grid-item post-15289 post type-post status-publish format-standard has-post-thumbnail hentry category-promote-to-homepage-carousel\" role=\"listitem\">\n\t\t\t<div class=\"elementor-post__card\">\n\t\t\t\t<a class=\"elementor-post__thumbnail__link\" href=\"https:\/\/www.adra.sk\/en\/sample-post-2\/\" tabindex=\"-1\" target=\"_blank\"><div class=\"elementor-post__thumbnail\"><img loading=\"lazy\" decoding=\"async\" width=\"300\" height=\"200\" src=\"https:\/\/www.adra.sk\/wp-content\/uploads\/2019\/11\/dsc_0164_webres-300x200.jpg\" class=\"attachment-medium size-medium wp-image-13454\" alt=\"\" srcset=\"https:\/\/www.adra.sk\/wp-content\/uploads\/2019\/11\/dsc_0164_webres-300x200.jpg 300w, https:\/\/www.adra.sk\/wp-content\/uploads\/2019\/11\/dsc_0164_webres-768x513.jpg 768w, https:\/\/www.adra.sk\/wp-content\/uploads\/2019\/11\/dsc_0164_webres-1024x683.jpg 1024w, https:\/\/www.adra.sk\/wp-content\/uploads\/2019\/11\/dsc_0164_webres-2000x1335.jpg 2000w\" sizes=\"(max-width: 300px) 100vw, 300px\" \/><\/div><\/a>\n\t\t\t\t<div class=\"elementor-post__badge\">Promote to Homepage Carousel<\/div>\n\t\t\t\t<div class=\"elementor-post__text\">\n\t\t\t\t<h3 class=\"elementor-post__title\">\n\t\t\t<a href=\"https:\/\/www.adra.sk\/en\/sample-post-2\/\" target=&quot;_blank&quot;>\n\t\t\t\tSample post 2\t\t\t<\/a>\n\t\t<\/h3>\n\t\t\t\t<div class=\"elementor-post__excerpt\">\n\t\t\t<p>Small excerpt<\/p>\n\t\t<\/div>\n\t\t\t\t<\/div>\n\t\t\t\t<div class=\"elementor-post__meta-data\">\n\t\t\t\t\t<span class=\"elementor-post-date\">\n\t\t\tNovember 19, 2019\t\t<\/span>\n\t\t\t\t<\/div>\n\t\t\t\t\t<\/div>\n\t\t<\/article>\n\t\t\t\t<article class=\"elementor-post elementor-grid-item post-15287 post type-post status-publish format-standard has-post-thumbnail hentry category-uncategorized\" role=\"listitem\">\n\t\t\t<div class=\"elementor-post__card\">\n\t\t\t\t<a class=\"elementor-post__thumbnail__link\" href=\"https:\/\/www.adra.sk\/en\/sample-post\/\" tabindex=\"-1\" target=\"_blank\"><div class=\"elementor-post__thumbnail\"><img loading=\"lazy\" decoding=\"async\" width=\"300\" height=\"200\" src=\"https:\/\/www.adra.sk\/wp-content\/uploads\/2019\/11\/dsc_0164_webres-300x200.jpg\" class=\"attachment-medium size-medium wp-image-13454\" alt=\"\" srcset=\"https:\/\/www.adra.sk\/wp-content\/uploads\/2019\/11\/dsc_0164_webres-300x200.jpg 300w, https:\/\/www.adra.sk\/wp-content\/uploads\/2019\/11\/dsc_0164_webres-768x513.jpg 768w, https:\/\/www.adra.sk\/wp-content\/uploads\/2019\/11\/dsc_0164_webres-1024x683.jpg 1024w, https:\/\/www.adra.sk\/wp-content\/uploads\/2019\/11\/dsc_0164_webres-2000x1335.jpg 2000w\" sizes=\"(max-width: 300px) 100vw, 300px\" \/><\/div><\/a>\n\t\t\t\t<div class=\"elementor-post__badge\">Uncategorized<\/div>\n\t\t\t\t<div class=\"elementor-post__text\">\n\t\t\t\t<h3 class=\"elementor-post__title\">\n\t\t\t<a href=\"https:\/\/www.adra.sk\/en\/sample-post\/\" target=&quot;_blank&quot;>\n\t\t\t\tSample post\t\t\t<\/a>\n\t\t<\/h3>\n\t\t\t\t<div class=\"elementor-post__excerpt\">\n\t\t\t<p>Small excerpt<\/p>\n\t\t<\/div>\n\t\t\t\t<\/div>\n\t\t\t\t<div class=\"elementor-post__meta-data\">\n\t\t\t\t\t<span class=\"elementor-post-date\">\n\t\t\tNovember 19, 2019\t\t<\/span>\n\t\t\t\t<\/div>\n\t\t\t\t\t<\/div>\n\t\t<\/article>\n\t\t\t\t<article class=\"elementor-post elementor-grid-item post-15964 post type-post status-publish format-standard has-post-thumbnail hentry category-blog category-uncategorized\" role=\"listitem\">\n\t\t\t<div class=\"elementor-post__card\">\n\t\t\t\t<a class=\"elementor-post__thumbnail__link\" href=\"https:\/\/www.adra.sk\/en\/denosn\/\" tabindex=\"-1\" target=\"_blank\"><div class=\"elementor-post__thumbnail\"><img loading=\"lazy\" decoding=\"async\" width=\"300\" height=\"200\" src=\"https:\/\/www.adra.sk\/wp-content\/uploads\/2019\/10\/435px-Flag_of_the_United_Nations.svg_-300x200.png\" class=\"attachment-medium size-medium wp-image-15965\" alt=\"\" srcset=\"https:\/\/www.adra.sk\/wp-content\/uploads\/2019\/10\/435px-Flag_of_the_United_Nations.svg_-300x200.png 300w, https:\/\/www.adra.sk\/wp-content\/uploads\/2019\/10\/435px-Flag_of_the_United_Nations.svg_.png 435w\" sizes=\"(max-width: 300px) 100vw, 300px\" \/><\/div><\/a>\n\t\t\t\t<div class=\"elementor-post__badge\">Blog<\/div>\n\t\t\t\t<div class=\"elementor-post__text\">\n\t\t\t\t<h3 class=\"elementor-post__title\">\n\t\t\t<a href=\"https:\/\/www.adra.sk\/en\/denosn\/\" target=&quot;_blank&quot;>\n\t\t\t\t24. okt\u00f3ber &#8211; De\u0148 OSN\t\t\t<\/a>\n\t\t<\/h3>\n\t\t\t\t<div class=\"elementor-post__excerpt\">\n\t\t\t<p>D\u0148a 24.10.1945 vst\u00fapila do platnosti Charta OSN. Odvtedy je 24. okt\u00f3ber d\u0148om OSN. Organiz\u00e1cia Spojen\u00fdch<\/p>\n\t\t<\/div>\n\t\t\t\t<\/div>\n\t\t\t\t<div class=\"elementor-post__meta-data\">\n\t\t\t\t\t<span class=\"elementor-post-date\">\n\t\t\tOctober 25, 2019\t\t<\/span>\n\t\t\t\t<\/div>\n\t\t\t\t\t<\/div>\n\t\t<\/article>\n\t\t\t\t<article class=\"elementor-post elementor-grid-item post-15961 post type-post status-publish format-standard has-post-thumbnail hentry category-blog category-uncategorized\" role=\"listitem\">\n\t\t\t<div class=\"elementor-post__card\">\n\t\t\t\t<a class=\"elementor-post__thumbnail__link\" href=\"https:\/\/www.adra.sk\/en\/adra-pomaha-na-bahamach-ktore-zasiahol-hurikan-dorian\/\" tabindex=\"-1\" target=\"_blank\"><div class=\"elementor-post__thumbnail\"><img loading=\"lazy\" decoding=\"async\" width=\"300\" height=\"167\" src=\"https:\/\/www.adra.sk\/wp-content\/uploads\/2019\/10\/dorian_2-300x167.jpg\" class=\"attachment-medium size-medium wp-image-15962\" alt=\"\" srcset=\"https:\/\/www.adra.sk\/wp-content\/uploads\/2019\/10\/dorian_2-300x167.jpg 300w, https:\/\/www.adra.sk\/wp-content\/uploads\/2019\/10\/dorian_2-1024x570.jpg 1024w, https:\/\/www.adra.sk\/wp-content\/uploads\/2019\/10\/dorian_2-768x427.jpg 768w, https:\/\/www.adra.sk\/wp-content\/uploads\/2019\/10\/dorian_2-1536x854.jpg 1536w, https:\/\/www.adra.sk\/wp-content\/uploads\/2019\/10\/dorian_2.jpg 1920w\" sizes=\"(max-width: 300px) 100vw, 300px\" \/><\/div><\/a>\n\t\t\t\t<div class=\"elementor-post__badge\">Blog<\/div>\n\t\t\t\t<div class=\"elementor-post__text\">\n\t\t\t\t<h3 class=\"elementor-post__title\">\n\t\t\t<a href=\"https:\/\/www.adra.sk\/en\/adra-pomaha-na-bahamach-ktore-zasiahol-hurikan-dorian\/\" target=&quot;_blank&quot;>\n\t\t\t\tADRA pom\u00e1ha na Baham\u00e1ch, ktor\u00e9 zasiahol hurik\u00e1n Dorian\t\t\t<\/a>\n\t\t<\/h3>\n\t\t\t\t<div class=\"elementor-post__excerpt\">\n\t\t\t<p>Hurik\u00e1n 5 kateg\u00f3rie \u201eDorian\u201c zasiahol 1.-3. septembra Bahamy. Zdevastoval ostrovy Abaco a Grand Bahama. Doteraz<\/p>\n\t\t<\/div>\n\t\t\t\t<\/div>\n\t\t\t\t<div class=\"elementor-post__meta-data\">\n\t\t\t\t\t<span class=\"elementor-post-date\">\n\t\t\tOctober 3, 2019\t\t<\/span>\n\t\t\t\t<\/div>\n\t\t\t\t\t<\/div>\n\t\t<\/article>\n\t\t\t\t<article class=\"elementor-post elementor-grid-item post-15959 post type-post status-publish format-standard has-post-thumbnail hentry category-blog category-uncategorized\" role=\"listitem\">\n\t\t\t<div class=\"elementor-post__card\">\n\t\t\t\t<a class=\"elementor-post__thumbnail__link\" href=\"https:\/\/www.adra.sk\/en\/klimatickystrajk\/\" tabindex=\"-1\" target=\"_blank\"><div class=\"elementor-post__thumbnail\"><img loading=\"lazy\" decoding=\"async\" width=\"300\" height=\"114\" src=\"https:\/\/www.adra.sk\/wp-content\/uploads\/2019\/09\/70349863_3399596673384135_8838688716848365568_o-300x114.png\" class=\"attachment-medium size-medium wp-image-15960\" alt=\"\" srcset=\"https:\/\/www.adra.sk\/wp-content\/uploads\/2019\/09\/70349863_3399596673384135_8838688716848365568_o-300x114.png 300w, https:\/\/www.adra.sk\/wp-content\/uploads\/2019\/09\/70349863_3399596673384135_8838688716848365568_o-1024x390.png 1024w, https:\/\/www.adra.sk\/wp-content\/uploads\/2019\/09\/70349863_3399596673384135_8838688716848365568_o-768x292.png 768w, https:\/\/www.adra.sk\/wp-content\/uploads\/2019\/09\/70349863_3399596673384135_8838688716848365568_o-1536x584.png 1536w, https:\/\/www.adra.sk\/wp-content\/uploads\/2019\/09\/70349863_3399596673384135_8838688716848365568_o-2048x779.png 2048w, https:\/\/www.adra.sk\/wp-content\/uploads\/2019\/09\/70349863_3399596673384135_8838688716848365568_o-2000x761.png 2000w\" sizes=\"(max-width: 300px) 100vw, 300px\" \/><\/div><\/a>\n\t\t\t\t<div class=\"elementor-post__badge\">Blog<\/div>\n\t\t\t\t<div class=\"elementor-post__text\">\n\t\t\t\t<h3 class=\"elementor-post__title\">\n\t\t\t<a href=\"https:\/\/www.adra.sk\/en\/klimatickystrajk\/\" target=&quot;_blank&quot;>\n\t\t\t\tPODPORUJEME KLIMATICK\u00dd \u0160TRAJK A VYZDVIHUJEME MO\u017dNOS\u0164 EKO-DOBROVO\u013dN\u00cdCTVA\t\t\t<\/a>\n\t\t<\/h3>\n\t\t\t\t<div class=\"elementor-post__excerpt\">\n\t\t\t<p>ADRA Slovensko ako \u010dlensk\u00e1 organiz\u00e1cia Platformy MVRO VYBER SI sa prip\u00e1ja k podpore klimatick\u00e9ho \u0161trajku<\/p>\n\t\t<\/div>\n\t\t\t\t<\/div>\n\t\t\t\t<div class=\"elementor-post__meta-data\">\n\t\t\t\t\t<span class=\"elementor-post-date\">\n\t\t\tSeptember 20, 2019\t\t<\/span>\n\t\t\t\t<\/div>\n\t\t\t\t\t<\/div>\n\t\t<\/article>\n\t\t\t\t<article class=\"elementor-post elementor-grid-item post-15957 post type-post status-publish format-standard has-post-thumbnail hentry category-blog category-uncategorized\" role=\"listitem\">\n\t\t\t<div class=\"elementor-post__card\">\n\t\t\t\t<a class=\"elementor-post__thumbnail__link\" href=\"https:\/\/www.adra.sk\/en\/potravinymaxsport\/\" tabindex=\"-1\" target=\"_blank\"><div class=\"elementor-post__thumbnail\"><img loading=\"lazy\" decoding=\"async\" width=\"300\" height=\"160\" src=\"https:\/\/www.adra.sk\/wp-content\/uploads\/2019\/09\/newpasta-all-300x160.png\" class=\"attachment-medium size-medium wp-image-15958\" alt=\"\" srcset=\"https:\/\/www.adra.sk\/wp-content\/uploads\/2019\/09\/newpasta-all-300x160.png 300w, https:\/\/www.adra.sk\/wp-content\/uploads\/2019\/09\/newpasta-all.png 750w\" sizes=\"(max-width: 300px) 100vw, 300px\" \/><\/div><\/a>\n\t\t\t\t<div class=\"elementor-post__badge\">Blog<\/div>\n\t\t\t\t<div class=\"elementor-post__text\">\n\t\t\t\t<h3 class=\"elementor-post__title\">\n\t\t\t<a href=\"https:\/\/www.adra.sk\/en\/potravinymaxsport\/\" target=&quot;_blank&quot;>\n\t\t\t\tPotravinov\u00fd dar firmy Max Sport\t\t\t<\/a>\n\t\t<\/h3>\n\t\t\t\t<div class=\"elementor-post__excerpt\">\n\t\t\t<p>ADRA Slovensko \u010fakuje firme Max Sport za dodanie v\u00fd\u017eivn\u00fdch potravinov\u00fdch produktov, v\u010faka ktor\u00fdm sme mohli<\/p>\n\t\t<\/div>\n\t\t\t\t<\/div>\n\t\t\t\t<div class=\"elementor-post__meta-data\">\n\t\t\t\t\t<span class=\"elementor-post-date\">\n\t\t\tSeptember 18, 2019\t\t<\/span>\n\t\t\t\t<\/div>\n\t\t\t\t\t<\/div>\n\t\t<\/article>\n\t\t\t\t<article class=\"elementor-post elementor-grid-item post-15955 post type-post status-publish format-standard has-post-thumbnail hentry category-blog category-uncategorized\" role=\"listitem\">\n\t\t\t<div class=\"elementor-post__card\">\n\t\t\t\t<a class=\"elementor-post__thumbnail__link\" href=\"https:\/\/www.adra.sk\/en\/svetovy-den-humanitarnej-pomoci-2-2\/\" tabindex=\"-1\" target=\"_blank\"><div class=\"elementor-post__thumbnail\"><img loading=\"lazy\" decoding=\"async\" width=\"300\" height=\"200\" src=\"https:\/\/www.adra.sk\/wp-content\/uploads\/2019\/09\/680a6766-300x200.jpg\" class=\"attachment-medium size-medium wp-image-15956\" alt=\"\" srcset=\"https:\/\/www.adra.sk\/wp-content\/uploads\/2019\/09\/680a6766-300x200.jpg 300w, https:\/\/www.adra.sk\/wp-content\/uploads\/2019\/09\/680a6766-1024x683.jpg 1024w, https:\/\/www.adra.sk\/wp-content\/uploads\/2019\/09\/680a6766-768x512.jpg 768w, https:\/\/www.adra.sk\/wp-content\/uploads\/2019\/09\/680a6766-1536x1024.jpg 1536w, https:\/\/www.adra.sk\/wp-content\/uploads\/2019\/09\/680a6766-2048x1365.jpg 2048w, https:\/\/www.adra.sk\/wp-content\/uploads\/2019\/09\/680a6766-2000x1333.jpg 2000w\" sizes=\"(max-width: 300px) 100vw, 300px\" \/><\/div><\/a>\n\t\t\t\t<div class=\"elementor-post__badge\">Blog<\/div>\n\t\t\t\t<div class=\"elementor-post__text\">\n\t\t\t\t<h3 class=\"elementor-post__title\">\n\t\t\t<a href=\"https:\/\/www.adra.sk\/en\/svetovy-den-humanitarnej-pomoci-2-2\/\" target=&quot;_blank&quot;>\n\t\t\t\tMedzin\u00e1rodn\u00e1 kampa\u0148: Pom\u00f4\u017ete de\u0165om do \u0161koly!\t\t\t<\/a>\n\t\t<\/h3>\n\t\t\t\t<div class=\"elementor-post__excerpt\">\n\t\t\t<p>Mil\u00ed priatelia, pros\u00edme v\u00e1s, zapojte sa do celosvetovej pet\u00edcie, ktor\u00e1 m\u00f4\u017ee pom\u00f4c\u0165 mnoh\u00fdm de\u0165om, ktor\u00fdm<\/p>\n\t\t<\/div>\n\t\t\t\t<\/div>\n\t\t\t\t<div class=\"elementor-post__meta-data\">\n\t\t\t\t\t<span class=\"elementor-post-date\">\n\t\t\tSeptember 2, 2019\t\t<\/span>\n\t\t\t\t<\/div>\n\t\t\t\t\t<\/div>\n\t\t<\/article>\n\t\t\t\t<article class=\"elementor-post elementor-grid-item post-15953 post type-post status-publish format-standard has-post-thumbnail hentry category-blog category-uncategorized\" role=\"listitem\">\n\t\t\t<div class=\"elementor-post__card\">\n\t\t\t\t<a class=\"elementor-post__thumbnail__link\" href=\"https:\/\/www.adra.sk\/en\/svetovy-den-humanitarnej-pomoci-2\/\" tabindex=\"-1\" target=\"_blank\"><div class=\"elementor-post__thumbnail\"><img loading=\"lazy\" decoding=\"async\" width=\"300\" height=\"200\" src=\"https:\/\/www.adra.sk\/wp-content\/uploads\/2019\/08\/Myfest01-300x200.jpg\" class=\"attachment-medium size-medium wp-image-15954\" alt=\"\" srcset=\"https:\/\/www.adra.sk\/wp-content\/uploads\/2019\/08\/Myfest01-300x200.jpg 300w, https:\/\/www.adra.sk\/wp-content\/uploads\/2019\/08\/Myfest01-1024x683.jpg 1024w, https:\/\/www.adra.sk\/wp-content\/uploads\/2019\/08\/Myfest01-768x512.jpg 768w, https:\/\/www.adra.sk\/wp-content\/uploads\/2019\/08\/Myfest01-1536x1024.jpg 1536w, https:\/\/www.adra.sk\/wp-content\/uploads\/2019\/08\/Myfest01-2048x1365.jpg 2048w, https:\/\/www.adra.sk\/wp-content\/uploads\/2019\/08\/Myfest01-2000x1333.jpg 2000w\" sizes=\"(max-width: 300px) 100vw, 300px\" \/><\/div><\/a>\n\t\t\t\t<div class=\"elementor-post__badge\">Blog<\/div>\n\t\t\t\t<div class=\"elementor-post__text\">\n\t\t\t\t<h3 class=\"elementor-post__title\">\n\t\t\t<a href=\"https:\/\/www.adra.sk\/en\/svetovy-den-humanitarnej-pomoci-2\/\" target=&quot;_blank&quot;>\n\t\t\t\tADRA na festivale MY FEST\t\t\t<\/a>\n\t\t<\/h3>\n\t\t\t\t<div class=\"elementor-post__excerpt\">\n\t\t\t<p>D\u0148a 17. augusta 2019 sa uskuto\u010dnil prv\u00fd ro\u010dn\u00edk letn\u00e9ho festivalu pre cel\u00fa rodinu a ADRA<\/p>\n\t\t<\/div>\n\t\t\t\t<\/div>\n\t\t\t\t<div class=\"elementor-post__meta-data\">\n\t\t\t\t\t<span class=\"elementor-post-date\">\n\t\t\tAugust 26, 2019\t\t<\/span>\n\t\t\t\t<\/div>\n\t\t\t\t\t<\/div>\n\t\t<\/article>\n\t\t\t\t<article class=\"elementor-post elementor-grid-item post-15951 post type-post status-publish format-standard has-post-thumbnail hentry category-uncategorized category-vo-svete\" role=\"listitem\">\n\t\t\t<div class=\"elementor-post__card\">\n\t\t\t\t<a class=\"elementor-post__thumbnail__link\" href=\"https:\/\/www.adra.sk\/en\/svetovy-den-humanitarnej-pomoci\/\" tabindex=\"-1\" target=\"_blank\"><div class=\"elementor-post__thumbnail\"><img loading=\"lazy\" decoding=\"async\" width=\"300\" height=\"200\" src=\"https:\/\/www.adra.sk\/wp-content\/uploads\/2019\/08\/68428868_2603439126375408_6094135100658679808_n-300x200.jpg\" class=\"attachment-medium size-medium wp-image-15952\" alt=\"\" srcset=\"https:\/\/www.adra.sk\/wp-content\/uploads\/2019\/08\/68428868_2603439126375408_6094135100658679808_n-300x200.jpg 300w, https:\/\/www.adra.sk\/wp-content\/uploads\/2019\/08\/68428868_2603439126375408_6094135100658679808_n-768x512.jpg 768w, https:\/\/www.adra.sk\/wp-content\/uploads\/2019\/08\/68428868_2603439126375408_6094135100658679808_n.jpg 960w\" sizes=\"(max-width: 300px) 100vw, 300px\" \/><\/div><\/a>\n\t\t\t\t<div class=\"elementor-post__badge\">Uncategorized<\/div>\n\t\t\t\t<div class=\"elementor-post__text\">\n\t\t\t\t<h3 class=\"elementor-post__title\">\n\t\t\t<a href=\"https:\/\/www.adra.sk\/en\/svetovy-den-humanitarnej-pomoci\/\" target=&quot;_blank&quot;>\n\t\t\t\tSvetov\u00fd de\u0148 humanit\u00e1rnej pomoci\t\t\t<\/a>\n\t\t<\/h3>\n\t\t\t\t<div class=\"elementor-post__excerpt\">\n\t\t\t<p>Svetov\u00fd de\u0148 humanit\u00e1rnej pomoci (World Humanitarian Day) sa kon\u00e1 ka\u017ed\u00fd rok 19. augusta s cie\u013eom<\/p>\n\t\t<\/div>\n\t\t\t\t<\/div>\n\t\t\t\t<div class=\"elementor-post__meta-data\">\n\t\t\t\t\t<span class=\"elementor-post-date\">\n\t\t\tAugust 21, 2019\t\t<\/span>\n\t\t\t\t<\/div>\n\t\t\t\t\t<\/div>\n\t\t<\/article>\n\t\t\t\t<article class=\"elementor-post elementor-grid-item post-16019 post type-post status-publish format-standard has-post-thumbnail hentry category-blog category-itibo category-uncategorized\" role=\"listitem\">\n\t\t\t<div class=\"elementor-post__card\">\n\t\t\t\t<a class=\"elementor-post__thumbnail__link\" href=\"https:\/\/www.adra.sk\/en\/zdravotnicke-zariadenie-itibo\/\" tabindex=\"-1\" target=\"_blank\"><div class=\"elementor-post__thumbnail\"><img loading=\"lazy\" decoding=\"async\" width=\"300\" height=\"225\" src=\"https:\/\/www.adra.sk\/wp-content\/uploads\/2019\/08\/9141-300x225.jpg\" class=\"attachment-medium size-medium wp-image-16020\" alt=\"\" srcset=\"https:\/\/www.adra.sk\/wp-content\/uploads\/2019\/08\/9141-300x225.jpg 300w, https:\/\/www.adra.sk\/wp-content\/uploads\/2019\/08\/9141.jpg 640w\" sizes=\"(max-width: 300px) 100vw, 300px\" \/><\/div><\/a>\n\t\t\t\t<div class=\"elementor-post__badge\">Blog<\/div>\n\t\t\t\t<div class=\"elementor-post__text\">\n\t\t\t\t<h3 class=\"elementor-post__title\">\n\t\t\t<a href=\"https:\/\/www.adra.sk\/en\/zdravotnicke-zariadenie-itibo\/\" target=&quot;_blank&quot;>\n\t\t\t\tZdravotn\u00edcke zariadenie Itibo\t\t\t<\/a>\n\t\t<\/h3>\n\t\t\t\t<div class=\"elementor-post__excerpt\">\n\t\t\t<p>Itibo je humanit\u00e1rny a rozvojov\u00fd program v zdravotn\u00edckom zariaden\u00ed v juhoz\u00e1padnej horskej oblasti v Keni<\/p>\n\t\t<\/div>\n\t\t\t\t<\/div>\n\t\t\t\t<div class=\"elementor-post__meta-data\">\n\t\t\t\t\t<span class=\"elementor-post-date\">\n\t\t\tAugust 18, 2019\t\t<\/span>\n\t\t\t\t<\/div>\n\t\t\t\t\t<\/div>\n\t\t<\/article>\n\t\t\t\t<article class=\"elementor-post elementor-grid-item post-20491 post type-post status-publish format-standard has-post-thumbnail hentry category-vo-svete tag-dobrovolnictvo tag-hva\" role=\"listitem\">\n\t\t\t<div class=\"elementor-post__card\">\n\t\t\t\t<a class=\"elementor-post__thumbnail__link\" href=\"https:\/\/www.adra.sk\/en\/aktuality-o-nasich-eu-aid-dobrovolnikoch\/\" tabindex=\"-1\" target=\"_blank\"><div class=\"elementor-post__thumbnail\"><img loading=\"lazy\" decoding=\"async\" width=\"300\" height=\"175\" src=\"https:\/\/www.adra.sk\/wp-content\/uploads\/2021\/04\/FOTO-23-e1618167403213-300x175.jpg\" class=\"attachment-medium size-medium wp-image-20514\" alt=\"\" srcset=\"https:\/\/www.adra.sk\/wp-content\/uploads\/2021\/04\/FOTO-23-e1618167403213-300x175.jpg 300w, https:\/\/www.adra.sk\/wp-content\/uploads\/2021\/04\/FOTO-23-e1618167403213-1024x597.jpg 1024w, https:\/\/www.adra.sk\/wp-content\/uploads\/2021\/04\/FOTO-23-e1618167403213-768x447.jpg 768w, https:\/\/www.adra.sk\/wp-content\/uploads\/2021\/04\/FOTO-23-e1618167403213-1536x895.jpg 1536w, https:\/\/www.adra.sk\/wp-content\/uploads\/2021\/04\/FOTO-23-e1618167403213-16x9.jpg 16w, https:\/\/www.adra.sk\/wp-content\/uploads\/2021\/04\/FOTO-23-e1618167403213.jpg 1730w\" sizes=\"(max-width: 300px) 100vw, 300px\" \/><\/div><\/a>\n\t\t\t\t<div class=\"elementor-post__badge\">Vo svete<\/div>\n\t\t\t\t<div class=\"elementor-post__text\">\n\t\t\t\t<h3 class=\"elementor-post__title\">\n\t\t\t<a href=\"https:\/\/www.adra.sk\/en\/aktuality-o-nasich-eu-aid-dobrovolnikoch\/\" target=&quot;_blank&quot;>\n\t\t\t\tAktuality o na\u0161ich EU Aid dobrovo\u013en\u00edkoch\t\t\t<\/a>\n\t\t<\/h3>\n\t\t\t\t<div class=\"elementor-post__excerpt\">\n\t\t\t<p>Na tejto podstr\u00e1nke mapujeme vyslania na\u0161ich piatich EU Aid dobrovo\u013en\u00edkov. Postupne si tu budete m\u00f4c\u0165<\/p>\n\t\t<\/div>\n\t\t\t\t<\/div>\n\t\t\t\t<div class=\"elementor-post__meta-data\">\n\t\t\t\t\t<span class=\"elementor-post-date\">\n\t\t\tJuly 18, 2019\t\t<\/span>\n\t\t\t\t<\/div>\n\t\t\t\t\t<\/div>\n\t\t<\/article>\n\t\t\t\t<article class=\"elementor-post elementor-grid-item post-15950 post type-post status-publish format-standard has-post-thumbnail hentry category-uncategorized tag-dobrovolnictvo\" role=\"listitem\">\n\t\t\t<div class=\"elementor-post__card\">\n\t\t\t\t<a class=\"elementor-post__thumbnail__link\" href=\"https:\/\/www.adra.sk\/en\/hladame-piatich-rozvojovych-dobrovolnikov-a-dobrovolnicky\/\" tabindex=\"-1\" target=\"_blank\"><div class=\"elementor-post__thumbnail\"><img loading=\"lazy\" decoding=\"async\" width=\"300\" height=\"225\" src=\"https:\/\/www.adra.sk\/wp-content\/uploads\/2020\/11\/Martin-Pavelka-a-jeho-projekt-Leadership-academy-v-Gruzinsku-300x225.jpg\" class=\"attachment-medium size-medium wp-image-15935\" alt=\"\" srcset=\"https:\/\/www.adra.sk\/wp-content\/uploads\/2020\/11\/Martin-Pavelka-a-jeho-projekt-Leadership-academy-v-Gruzinsku-300x225.jpg 300w, https:\/\/www.adra.sk\/wp-content\/uploads\/2020\/11\/Martin-Pavelka-a-jeho-projekt-Leadership-academy-v-Gruzinsku-1024x768.jpg 1024w, https:\/\/www.adra.sk\/wp-content\/uploads\/2020\/11\/Martin-Pavelka-a-jeho-projekt-Leadership-academy-v-Gruzinsku-768x576.jpg 768w, https:\/\/www.adra.sk\/wp-content\/uploads\/2020\/11\/Martin-Pavelka-a-jeho-projekt-Leadership-academy-v-Gruzinsku-1536x1152.jpg 1536w, https:\/\/www.adra.sk\/wp-content\/uploads\/2020\/11\/Martin-Pavelka-a-jeho-projekt-Leadership-academy-v-Gruzinsku-1000x750.jpg 1000w, https:\/\/www.adra.sk\/wp-content\/uploads\/2020\/11\/Martin-Pavelka-a-jeho-projekt-Leadership-academy-v-Gruzinsku.jpg 1548w\" sizes=\"(max-width: 300px) 100vw, 300px\" \/><\/div><\/a>\n\t\t\t\t<div class=\"elementor-post__badge\">Uncategorized<\/div>\n\t\t\t\t<div class=\"elementor-post__text\">\n\t\t\t\t<h3 class=\"elementor-post__title\">\n\t\t\t<a href=\"https:\/\/www.adra.sk\/en\/hladame-piatich-rozvojovych-dobrovolnikov-a-dobrovolnicky\/\" target=&quot;_blank&quot;>\n\t\t\t\tH\u013ead\u00e1me piatich rozvojov\u00fdch dobrovo\u013en\u00edkov a dobrovo\u013en\u00ed\u010dky\t\t\t<\/a>\n\t\t<\/h3>\n\t\t\t\t<div class=\"elementor-post__excerpt\">\n\t\t\t<p>OZ ADRA Slovensko\u00a0H\u013dAD\u00c1 piatich rozvojov\u00fdch dobrovo\u013en\u00edkov a\/alebo dobrovo\u013en\u00ed\u010dky: \u00a0 1. Rozvojov\u00fd dobrovo\u013en\u00edk \/ dobrovo\u013en\u00ed\u010dka do\u00a0Alb\u00e1nska<\/p>\n\t\t<\/div>\n\t\t\t\t<\/div>\n\t\t\t\t<div class=\"elementor-post__meta-data\">\n\t\t\t\t\t<span class=\"elementor-post-date\">\n\t\t\tJuly 8, 2019\t\t<\/span>\n\t\t\t\t<\/div>\n\t\t\t\t\t<\/div>\n\t\t<\/article>\n\t\t\t\t<article class=\"elementor-post elementor-grid-item post-20485 post type-post status-publish format-standard has-post-thumbnail hentry category-vo-svete tag-dobrovolnictvo tag-hva\" role=\"listitem\">\n\t\t\t<div class=\"elementor-post__card\">\n\t\t\t\t<a class=\"elementor-post__thumbnail__link\" href=\"https:\/\/www.adra.sk\/en\/uz-onedlho-vysleme-prvych-eu-aid-dobrovolnikov-na-svoju-misiu\/\" tabindex=\"-1\" target=\"_blank\"><div class=\"elementor-post__thumbnail\"><img loading=\"lazy\" decoding=\"async\" width=\"300\" height=\"139\" src=\"https:\/\/www.adra.sk\/wp-content\/uploads\/2019\/06\/FOTO-2-e1618162678326-300x139.jpg\" class=\"attachment-medium size-medium wp-image-20488\" alt=\"\" srcset=\"https:\/\/www.adra.sk\/wp-content\/uploads\/2019\/06\/FOTO-2-e1618162678326-300x139.jpg 300w, https:\/\/www.adra.sk\/wp-content\/uploads\/2019\/06\/FOTO-2-e1618162678326-16x7.jpg 16w, https:\/\/www.adra.sk\/wp-content\/uploads\/2019\/06\/FOTO-2-e1618162678326.jpg 705w\" sizes=\"(max-width: 300px) 100vw, 300px\" \/><\/div><\/a>\n\t\t\t\t<div class=\"elementor-post__badge\">Vo svete<\/div>\n\t\t\t\t<div class=\"elementor-post__text\">\n\t\t\t\t<h3 class=\"elementor-post__title\">\n\t\t\t<a href=\"https:\/\/www.adra.sk\/en\/uz-onedlho-vysleme-prvych-eu-aid-dobrovolnikov-na-svoju-misiu\/\" target=&quot;_blank&quot;>\n\t\t\t\tU\u017e onedlho vy\u0161leme prv\u00fdch EU Aid dobrovo\u013en\u00edkov na svoju misiu\t\t\t<\/a>\n\t\t<\/h3>\n\t\t\t\t<div class=\"elementor-post__excerpt\">\n\t\t\t<p>Pred v\u00fdjazdom na dobrovo\u013en\u00edcky pobyt ich e\u0161te \u010dak\u00e1 tr\u00e9ning v ADRA.&nbsp;<\/p>\n\t\t<\/div>\n\t\t\t\t<\/div>\n\t\t\t\t<div class=\"elementor-post__meta-data\">\n\t\t\t\t\t<span class=\"elementor-post-date\">\n\t\t\tJune 4, 2019\t\t<\/span>\n\t\t\t\t<\/div>\n\t\t\t\t\t<\/div>\n\t\t<\/article>\n\t\t\t\t<article class=\"elementor-post elementor-grid-item post-15945 post type-post status-publish format-standard has-post-thumbnail hentry category-blog category-uncategorized\" role=\"listitem\">\n\t\t\t<div class=\"elementor-post__card\">\n\t\t\t\t<a class=\"elementor-post__thumbnail__link\" href=\"https:\/\/www.adra.sk\/en\/vymena-riaditelov-adra-slovensko\/\" tabindex=\"-1\" target=\"_blank\"><div class=\"elementor-post__thumbnail\"><img loading=\"lazy\" decoding=\"async\" width=\"300\" height=\"200\" src=\"https:\/\/www.adra.sk\/wp-content\/uploads\/2019\/06\/Byvali-riaditelia-recnici-a-recnicka-na-oslavach-25.-vyrocia-ADRA-Slovensko-foto-ADRA-archiv-300x200.jpg\" class=\"attachment-medium size-medium wp-image-15946\" alt=\"\" srcset=\"https:\/\/www.adra.sk\/wp-content\/uploads\/2019\/06\/Byvali-riaditelia-recnici-a-recnicka-na-oslavach-25.-vyrocia-ADRA-Slovensko-foto-ADRA-archiv-300x200.jpg 300w, https:\/\/www.adra.sk\/wp-content\/uploads\/2019\/06\/Byvali-riaditelia-recnici-a-recnicka-na-oslavach-25.-vyrocia-ADRA-Slovensko-foto-ADRA-archiv-768x512.jpg 768w, https:\/\/www.adra.sk\/wp-content\/uploads\/2019\/06\/Byvali-riaditelia-recnici-a-recnicka-na-oslavach-25.-vyrocia-ADRA-Slovensko-foto-ADRA-archiv.jpg 1000w\" sizes=\"(max-width: 300px) 100vw, 300px\" \/><\/div><\/a>\n\t\t\t\t<div class=\"elementor-post__badge\">Blog<\/div>\n\t\t\t\t<div class=\"elementor-post__text\">\n\t\t\t\t<h3 class=\"elementor-post__title\">\n\t\t\t<a href=\"https:\/\/www.adra.sk\/en\/vymena-riaditelov-adra-slovensko\/\" target=&quot;_blank&quot;>\n\t\t\t\tV\u00fdmena na poste riadite\u013ea, resp. riadite\u013eov ADRA Slovensko\t\t\t<\/a>\n\t\t<\/h3>\n\t\t\t\t<div class=\"elementor-post__excerpt\">\n\t\t\t<p>Takto pred rokom osl\u00e1vila humanit\u00e1rna a rozvojov\u00e1 organiz\u00e1cia ADRA Slovensko 25. v\u00fdro\u010die svojej existencie. V<\/p>\n\t\t<\/div>\n\t\t\t\t<\/div>\n\t\t\t\t<div class=\"elementor-post__meta-data\">\n\t\t\t\t\t<span class=\"elementor-post-date\">\n\t\t\tJune 2, 2019\t\t<\/span>\n\t\t\t\t<\/div>\n\t\t\t\t\t<\/div>\n\t\t<\/article>\n\t\t\t\t<article class=\"elementor-post elementor-grid-item post-15942 post type-post status-publish format-standard has-post-thumbnail hentry category-blog category-uncategorized\" role=\"listitem\">\n\t\t\t<div class=\"elementor-post__card\">\n\t\t\t\t<a class=\"elementor-post__thumbnail__link\" href=\"https:\/\/www.adra.sk\/en\/rany-po-vystupeni-z-kruhu-domaceho-nasilia\/\" tabindex=\"-1\" target=\"_blank\"><div class=\"elementor-post__thumbnail\"><img loading=\"lazy\" decoding=\"async\" width=\"300\" height=\"200\" src=\"https:\/\/www.adra.sk\/wp-content\/uploads\/2019\/05\/European-Union-Agency-for-Fundamental-Rights-300x200.jpg\" class=\"attachment-medium size-medium wp-image-15943\" alt=\"\" srcset=\"https:\/\/www.adra.sk\/wp-content\/uploads\/2019\/05\/European-Union-Agency-for-Fundamental-Rights-300x200.jpg 300w, https:\/\/www.adra.sk\/wp-content\/uploads\/2019\/05\/European-Union-Agency-for-Fundamental-Rights.jpg 700w\" sizes=\"(max-width: 300px) 100vw, 300px\" \/><\/div><\/a>\n\t\t\t\t<div class=\"elementor-post__badge\">Blog<\/div>\n\t\t\t\t<div class=\"elementor-post__text\">\n\t\t\t\t<h3 class=\"elementor-post__title\">\n\t\t\t<a href=\"https:\/\/www.adra.sk\/en\/rany-po-vystupeni-z-kruhu-domaceho-nasilia\/\" target=&quot;_blank&quot;>\n\t\t\t\t\u010co v obetiach ost\u00e1va aj po vyst\u00fapen\u00ed z kruhu dom\u00e1ceho n\u00e1silia\t\t\t<\/a>\n\t\t<\/h3>\n\t\t\t\t<div class=\"elementor-post__excerpt\">\n\t\t\t<p>Dom\u00e1ce n\u00e1silie m\u00f4\u017ee ma\u0165 stovky foriem a\u00a0prejavov. D\u00f4le\u017eit\u00e9 je v\u0161ak vedie\u0165, \u017ee toto spr\u00e1vanie sa<\/p>\n\t\t<\/div>\n\t\t\t\t<\/div>\n\t\t\t\t<div class=\"elementor-post__meta-data\">\n\t\t\t\t\t<span class=\"elementor-post-date\">\n\t\t\tMay 24, 2019\t\t<\/span>\n\t\t\t\t<\/div>\n\t\t\t\t\t<\/div>\n\t\t<\/article>\n\t\t\t\t<article class=\"elementor-post elementor-grid-item post-15939 post type-post status-publish format-standard has-post-thumbnail hentry category-blog category-uncategorized\" role=\"listitem\">\n\t\t\t<div class=\"elementor-post__card\">\n\t\t\t\t<a class=\"elementor-post__thumbnail__link\" href=\"https:\/\/www.adra.sk\/en\/rozvojovy-dobrovolnik-martin-pavelka-kedze-vyzvy-vyhladavam-gruzinsko-bolo-jasnou-volbou-rozhovor\/\" tabindex=\"-1\" target=\"_blank\"><div class=\"elementor-post__thumbnail\"><img loading=\"lazy\" decoding=\"async\" width=\"300\" height=\"158\" src=\"https:\/\/www.adra.sk\/wp-content\/uploads\/2019\/05\/Martin-v-tricku-SlovakAid-priamo-v-osidli-Tserovani-300x158.jpg\" class=\"attachment-medium size-medium wp-image-15940\" alt=\"\" srcset=\"https:\/\/www.adra.sk\/wp-content\/uploads\/2019\/05\/Martin-v-tricku-SlovakAid-priamo-v-osidli-Tserovani-300x158.jpg 300w, https:\/\/www.adra.sk\/wp-content\/uploads\/2019\/05\/Martin-v-tricku-SlovakAid-priamo-v-osidli-Tserovani-1024x538.jpg 1024w, https:\/\/www.adra.sk\/wp-content\/uploads\/2019\/05\/Martin-v-tricku-SlovakAid-priamo-v-osidli-Tserovani-768x403.jpg 768w, https:\/\/www.adra.sk\/wp-content\/uploads\/2019\/05\/Martin-v-tricku-SlovakAid-priamo-v-osidli-Tserovani-1536x806.jpg 1536w, https:\/\/www.adra.sk\/wp-content\/uploads\/2019\/05\/Martin-v-tricku-SlovakAid-priamo-v-osidli-Tserovani-2048x1075.jpg 2048w, https:\/\/www.adra.sk\/wp-content\/uploads\/2019\/05\/Martin-v-tricku-SlovakAid-priamo-v-osidli-Tserovani-2000x1050.jpg 2000w\" sizes=\"(max-width: 300px) 100vw, 300px\" \/><\/div><\/a>\n\t\t\t\t<div class=\"elementor-post__badge\">Blog<\/div>\n\t\t\t\t<div class=\"elementor-post__text\">\n\t\t\t\t<h3 class=\"elementor-post__title\">\n\t\t\t<a href=\"https:\/\/www.adra.sk\/en\/rozvojovy-dobrovolnik-martin-pavelka-kedze-vyzvy-vyhladavam-gruzinsko-bolo-jasnou-volbou-rozhovor\/\" target=&quot;_blank&quot;>\n\t\t\t\tRozvojov\u00fd dobrovo\u013en\u00edk Martin Pavelka: Ke\u010f\u017ee v\u00fdzvy vyh\u013ead\u00e1vam, Gruz\u00ednsko bolo jasnou vo\u013ebou (rozhovor)\t\t\t<\/a>\n\t\t<\/h3>\n\t\t\t\t<div class=\"elementor-post__excerpt\">\n\t\t\t<p>Komer\u010dn\u00e1 sf\u00e9ra je pre neho nadlho uzavret\u00e1 a pre\u010d\u00edtan\u00e1 kapitola. Teraz chce naplno p\u00f4sobi\u0165 tam,<\/p>\n\t\t<\/div>\n\t\t\t\t<\/div>\n\t\t\t\t<div class=\"elementor-post__meta-data\">\n\t\t\t\t\t<span class=\"elementor-post-date\">\n\t\t\tMay 19, 2019\t\t<\/span>\n\t\t\t\t<\/div>\n\t\t\t\t\t<\/div>\n\t\t<\/article>\n\t\t\t\t<article class=\"elementor-post elementor-grid-item post-15934 post type-post status-publish format-standard has-post-thumbnail hentry category-blog category-uncategorized\" role=\"listitem\">\n\t\t\t<div class=\"elementor-post__card\">\n\t\t\t\t<a class=\"elementor-post__thumbnail__link\" href=\"https:\/\/www.adra.sk\/en\/ku-sobotnajsej-zbierke-na-podporu-adra-slovensko\/\" tabindex=\"-1\" target=\"_blank\"><div class=\"elementor-post__thumbnail\"><img loading=\"lazy\" decoding=\"async\" width=\"300\" height=\"200\" src=\"https:\/\/www.adra.sk\/wp-content\/uploads\/2019\/03\/adra-vzrocka-a-stena-300x200.jpg\" class=\"attachment-medium size-medium wp-image-15922\" alt=\"\" srcset=\"https:\/\/www.adra.sk\/wp-content\/uploads\/2019\/03\/adra-vzrocka-a-stena-300x200.jpg 300w, https:\/\/www.adra.sk\/wp-content\/uploads\/2019\/03\/adra-vzrocka-a-stena-768x512.jpg 768w, https:\/\/www.adra.sk\/wp-content\/uploads\/2019\/03\/adra-vzrocka-a-stena.jpg 943w\" sizes=\"(max-width: 300px) 100vw, 300px\" \/><\/div><\/a>\n\t\t\t\t<div class=\"elementor-post__badge\">Blog<\/div>\n\t\t\t\t<div class=\"elementor-post__text\">\n\t\t\t\t<h3 class=\"elementor-post__title\">\n\t\t\t<a href=\"https:\/\/www.adra.sk\/en\/ku-sobotnajsej-zbierke-na-podporu-adra-slovensko\/\" target=&quot;_blank&quot;>\n\t\t\t\tKu sobot\u0148aj\u0161ej zbierke na podporu ADRA Slovensko\t\t\t<\/a>\n\t\t<\/h3>\n\t\t\t\t<div class=\"elementor-post__excerpt\">\n\t\t\t<p>Organiz\u00e1cia ADRA Slovensko poskytuje humanit\u00e1rnu pomoc a realizuje projekty rozvojovej spolupr\u00e1ce v post-konfliktn\u00fdch krajin\u00e1ch, ktor\u00e9<\/p>\n\t\t<\/div>\n\t\t\t\t<\/div>\n\t\t\t\t<div class=\"elementor-post__meta-data\">\n\t\t\t\t\t<span class=\"elementor-post-date\">\n\t\t\tMay 17, 2019\t\t<\/span>\n\t\t\t\t<\/div>\n\t\t\t\t\t<\/div>\n\t\t<\/article>\n\t\t\t\t<article class=\"elementor-post elementor-grid-item post-15932 post type-post status-publish format-standard has-post-thumbnail hentry category-blog category-uncategorized\" role=\"listitem\">\n\t\t\t<div class=\"elementor-post__card\">\n\t\t\t\t<a class=\"elementor-post__thumbnail__link\" href=\"https:\/\/www.adra.sk\/en\/diskusia-o-nasili-po-projekcii-filmu\/\" tabindex=\"-1\" target=\"_blank\"><div class=\"elementor-post__thumbnail\"><img loading=\"lazy\" decoding=\"async\" width=\"300\" height=\"172\" src=\"https:\/\/www.adra.sk\/wp-content\/uploads\/2019\/04\/striedava-starostlivost-ASFK-1-300x172.jpg\" class=\"attachment-medium size-medium wp-image-15933\" alt=\"\" srcset=\"https:\/\/www.adra.sk\/wp-content\/uploads\/2019\/04\/striedava-starostlivost-ASFK-1-300x172.jpg 300w, https:\/\/www.adra.sk\/wp-content\/uploads\/2019\/04\/striedava-starostlivost-ASFK-1-768x441.jpg 768w, https:\/\/www.adra.sk\/wp-content\/uploads\/2019\/04\/striedava-starostlivost-ASFK-1.jpg 940w\" sizes=\"(max-width: 300px) 100vw, 300px\" \/><\/div><\/a>\n\t\t\t\t<div class=\"elementor-post__badge\">Blog<\/div>\n\t\t\t\t<div class=\"elementor-post__text\">\n\t\t\t\t<h3 class=\"elementor-post__title\">\n\t\t\t<a href=\"https:\/\/www.adra.sk\/en\/diskusia-o-nasili-po-projekcii-filmu\/\" target=&quot;_blank&quot;>\n\t\t\t\tDiskusia KIT-u po projekcii filmu Striedav\u00e1 starostlivos\u0165\t\t\t<\/a>\n\t\t<\/h3>\n\t\t\t\t<div class=\"elementor-post__excerpt\">\n\t\t\t<p>ADRA Slovensko v\u00e1s poz\u00fdva 18. apr\u00edla o 18ej do petr\u017ealsk\u00e9ho Artkina za zrkadlom na projekciu<\/p>\n\t\t<\/div>\n\t\t\t\t<\/div>\n\t\t\t\t<div class=\"elementor-post__meta-data\">\n\t\t\t\t\t<span class=\"elementor-post-date\">\n\t\t\tApril 3, 2019\t\t<\/span>\n\t\t\t\t<\/div>\n\t\t\t\t\t<\/div>\n\t\t<\/article>\n\t\t\t\t<article class=\"elementor-post elementor-grid-item post-15929 post type-post status-publish format-standard has-post-thumbnail hentry category-blog category-uncategorized\" role=\"listitem\">\n\t\t\t<div class=\"elementor-post__card\">\n\t\t\t\t<a class=\"elementor-post__thumbnail__link\" href=\"https:\/\/www.adra.sk\/en\/hladame-stazistu-a-alebo-stazistku-na-oddelenie-zahranicnych-projektov\/\" tabindex=\"-1\" target=\"_blank\"><div class=\"elementor-post__thumbnail\"><img loading=\"lazy\" decoding=\"async\" width=\"300\" height=\"214\" src=\"https:\/\/www.adra.sk\/wp-content\/uploads\/2019\/03\/adra-staz-300x214.jpg\" class=\"attachment-medium size-medium wp-image-15930\" alt=\"\" srcset=\"https:\/\/www.adra.sk\/wp-content\/uploads\/2019\/03\/adra-staz-300x214.jpg 300w, https:\/\/www.adra.sk\/wp-content\/uploads\/2019\/03\/adra-staz-768x549.jpg 768w, https:\/\/www.adra.sk\/wp-content\/uploads\/2019\/03\/adra-staz.jpg 813w\" sizes=\"(max-width: 300px) 100vw, 300px\" \/><\/div><\/a>\n\t\t\t\t<div class=\"elementor-post__badge\">Blog<\/div>\n\t\t\t\t<div class=\"elementor-post__text\">\n\t\t\t\t<h3 class=\"elementor-post__title\">\n\t\t\t<a href=\"https:\/\/www.adra.sk\/en\/hladame-stazistu-a-alebo-stazistku-na-oddelenie-zahranicnych-projektov\/\" target=&quot;_blank&quot;>\n\t\t\t\tH\u013ead\u00e1me st\u00e1\u017eistu a\/alebo st\u00e1\u017eistku na oddelenie zahrani\u010dn\u00fdch projektov\t\t\t<\/a>\n\t\t<\/h3>\n\t\t\t\t<div class=\"elementor-post__excerpt\">\n\t\t\t<p>ADRA SLOVENSKO h\u013ead\u00e1 st\u00e1\u017eistu a\/alebo st\u00e1\u017eistku na oddelenie zahrani\u010dn\u00fdch projektov s okam\u017eit\u00fdm n\u00e1stupom na obdobie<\/p>\n\t\t<\/div>\n\t\t\t\t<\/div>\n\t\t\t\t<div class=\"elementor-post__meta-data\">\n\t\t\t\t\t<span class=\"elementor-post-date\">\n\t\t\tMarch 23, 2019\t\t<\/span>\n\t\t\t\t<\/div>\n\t\t\t\t\t<\/div>\n\t\t<\/article>\n\t\t\t\t<article class=\"elementor-post elementor-grid-item post-15920 post type-post status-publish format-standard has-post-thumbnail hentry category-blog category-novinky category-uncategorized\" role=\"listitem\">\n\t\t\t<div class=\"elementor-post__card\">\n\t\t\t\t<a class=\"elementor-post__thumbnail__link\" href=\"https:\/\/www.adra.sk\/en\/vyzva-2-percenta-z-dane-pre-adra\/\" tabindex=\"-1\" target=\"_blank\"><div class=\"elementor-post__thumbnail\"><img loading=\"lazy\" decoding=\"async\" width=\"300\" height=\"116\" src=\"https:\/\/www.adra.sk\/wp-content\/uploads\/2019\/03\/2percenta-pre-ADRA-Slovensko-i-v-roku-2019-300x116.png\" class=\"attachment-medium size-medium wp-image-15921\" alt=\"\" srcset=\"https:\/\/www.adra.sk\/wp-content\/uploads\/2019\/03\/2percenta-pre-ADRA-Slovensko-i-v-roku-2019-300x116.png 300w, https:\/\/www.adra.sk\/wp-content\/uploads\/2019\/03\/2percenta-pre-ADRA-Slovensko-i-v-roku-2019-768x298.png 768w, https:\/\/www.adra.sk\/wp-content\/uploads\/2019\/03\/2percenta-pre-ADRA-Slovensko-i-v-roku-2019.png 1024w\" sizes=\"(max-width: 300px) 100vw, 300px\" \/><\/div><\/a>\n\t\t\t\t<div class=\"elementor-post__badge\">Blog<\/div>\n\t\t\t\t<div class=\"elementor-post__text\">\n\t\t\t\t<h3 class=\"elementor-post__title\">\n\t\t\t<a href=\"https:\/\/www.adra.sk\/en\/vyzva-2-percenta-z-dane-pre-adra\/\" target=&quot;_blank&quot;>\n\t\t\t\tKe\u010f v\u00fdzvu k darovaniu 2% z dane nejde vtesna\u0165 do jedn\u00e9ho riadku. Ani odseku\t\t\t<\/a>\n\t\t<\/h3>\n\t\t\t\t<div class=\"elementor-post__excerpt\">\n\t\t\t<p>Pozdravujeme z kancel\u00e1rie ADRA Slovensko v\u0161etk\u00fdch na\u0161ich dlhoro\u010dn\u00fdch podporovate\u013eov a podporovate\u013eky, ale aj t\u00fdch, ktor\u00ed<\/p>\n\t\t<\/div>\n\t\t\t\t<\/div>\n\t\t\t\t<div class=\"elementor-post__meta-data\">\n\t\t\t\t\t<span class=\"elementor-post-date\">\n\t\t\tMarch 14, 2019\t\t<\/span>\n\t\t\t\t<\/div>\n\t\t\t\t\t<\/div>\n\t\t<\/article>\n\t\t\t\t<article class=\"elementor-post elementor-grid-item post-20576 post type-post status-publish format-standard has-post-thumbnail hentry category-vo-svete tag-dobrovolnictvo tag-hva\" role=\"listitem\">\n\t\t\t<div class=\"elementor-post__card\">\n\t\t\t\t<a class=\"elementor-post__thumbnail__link\" href=\"https:\/\/www.adra.sk\/en\/aktualne-vyzvy-na-eu-aid-volunteers\/\" tabindex=\"-1\" target=\"_blank\"><div class=\"elementor-post__thumbnail\"><img loading=\"lazy\" decoding=\"async\" width=\"300\" height=\"129\" src=\"https:\/\/www.adra.sk\/wp-content\/uploads\/2021\/04\/EU-Aid-Volunteers-info-1024x651-1-e1618182007767-300x129.jpg\" class=\"attachment-medium size-medium wp-image-20579\" alt=\"\" srcset=\"https:\/\/www.adra.sk\/wp-content\/uploads\/2021\/04\/EU-Aid-Volunteers-info-1024x651-1-e1618182007767-300x129.jpg 300w, https:\/\/www.adra.sk\/wp-content\/uploads\/2021\/04\/EU-Aid-Volunteers-info-1024x651-1-e1618182007767-768x332.jpg 768w, https:\/\/www.adra.sk\/wp-content\/uploads\/2021\/04\/EU-Aid-Volunteers-info-1024x651-1-e1618182007767-16x7.jpg 16w, https:\/\/www.adra.sk\/wp-content\/uploads\/2021\/04\/EU-Aid-Volunteers-info-1024x651-1-e1618182007767.jpg 1024w\" sizes=\"(max-width: 300px) 100vw, 300px\" \/><\/div><\/a>\n\t\t\t\t<div class=\"elementor-post__badge\">Vo svete<\/div>\n\t\t\t\t<div class=\"elementor-post__text\">\n\t\t\t\t<h3 class=\"elementor-post__title\">\n\t\t\t<a href=\"https:\/\/www.adra.sk\/en\/aktualne-vyzvy-na-eu-aid-volunteers\/\" target=&quot;_blank&quot;>\n\t\t\t\tAktu\u00e1lne v\u00fdzvy na EU Aid Volunteers\t\t\t<\/a>\n\t\t<\/h3>\n\t\t\t\t<div class=\"elementor-post__excerpt\">\n\t\t\t\t\t<\/div>\n\t\t\t\t<\/div>\n\t\t\t\t<div class=\"elementor-post__meta-data\">\n\t\t\t\t\t<span class=\"elementor-post-date\">\n\t\t\tMarch 13, 2019\t\t<\/span>\n\t\t\t\t<\/div>\n\t\t\t\t\t<\/div>\n\t\t<\/article>\n\t\t\t\t<article class=\"elementor-post elementor-grid-item post-15914 post type-post status-publish format-standard has-post-thumbnail hentry category-blog category-novinky category-uncategorized\" role=\"listitem\">\n\t\t\t<div class=\"elementor-post__card\">\n\t\t\t\t<a class=\"elementor-post__thumbnail__link\" href=\"https:\/\/www.adra.sk\/en\/2-percenta-na-pomoc-obetiam-nasilia\/\" tabindex=\"-1\" target=\"_blank\"><div class=\"elementor-post__thumbnail\"><img loading=\"lazy\" decoding=\"async\" width=\"300\" height=\"225\" src=\"https:\/\/www.adra.sk\/wp-content\/uploads\/2019\/03\/KIT-diskusia-na-FSEV-marec-2019-300x225.jpg\" class=\"attachment-medium size-medium wp-image-15915\" alt=\"\" srcset=\"https:\/\/www.adra.sk\/wp-content\/uploads\/2019\/03\/KIT-diskusia-na-FSEV-marec-2019-300x225.jpg 300w, https:\/\/www.adra.sk\/wp-content\/uploads\/2019\/03\/KIT-diskusia-na-FSEV-marec-2019-1024x768.jpg 1024w, https:\/\/www.adra.sk\/wp-content\/uploads\/2019\/03\/KIT-diskusia-na-FSEV-marec-2019-768x576.jpg 768w, https:\/\/www.adra.sk\/wp-content\/uploads\/2019\/03\/KIT-diskusia-na-FSEV-marec-2019-1536x1152.jpg 1536w, https:\/\/www.adra.sk\/wp-content\/uploads\/2019\/03\/KIT-diskusia-na-FSEV-marec-2019-2048x1536.jpg 2048w, https:\/\/www.adra.sk\/wp-content\/uploads\/2019\/03\/KIT-diskusia-na-FSEV-marec-2019-1000x750.jpg 1000w, https:\/\/www.adra.sk\/wp-content\/uploads\/2019\/03\/KIT-diskusia-na-FSEV-marec-2019-2000x1500.jpg 2000w\" sizes=\"(max-width: 300px) 100vw, 300px\" \/><\/div><\/a>\n\t\t\t\t<div class=\"elementor-post__badge\">Blog<\/div>\n\t\t\t\t<div class=\"elementor-post__text\">\n\t\t\t\t<h3 class=\"elementor-post__title\">\n\t\t\t<a href=\"https:\/\/www.adra.sk\/en\/2-percenta-na-pomoc-obetiam-nasilia\/\" target=&quot;_blank&quot;>\n\t\t\t\tV\u010eAKA VA\u0160IM 2 % BUDEME \u010eALEJ POM\u00c1HA\u0164 OBETIAM N\u00c1SILIA V SR\t\t\t<\/a>\n\t\t<\/h3>\n\t\t\t\t<div class=\"elementor-post__excerpt\">\n\t\t\t<p>Marec sa nesie v znamen\u00ed osvety a hne\u010f nieko\u013ek\u00fdch diskusi\u00ed n\u00e1\u0161ho Kr\u00edzov\u00e9ho interven\u010dn\u00e9ho t\u00edmu (ADRA<\/p>\n\t\t<\/div>\n\t\t\t\t<\/div>\n\t\t\t\t<div class=\"elementor-post__meta-data\">\n\t\t\t\t\t<span class=\"elementor-post-date\">\n\t\t\tMarch 13, 2019\t\t<\/span>\n\t\t\t\t<\/div>\n\t\t\t\t\t<\/div>\n\t\t<\/article>\n\t\t\t\t<article class=\"elementor-post elementor-grid-item post-15909 post type-post status-publish format-standard has-post-thumbnail hentry category-blog category-novinky category-uncategorized\" role=\"listitem\">\n\t\t\t<div class=\"elementor-post__card\">\n\t\t\t\t<a class=\"elementor-post__thumbnail__link\" href=\"https:\/\/www.adra.sk\/en\/zomrela-danica-olexova\/\" tabindex=\"-1\" target=\"_blank\"><div class=\"elementor-post__thumbnail\"><img loading=\"lazy\" decoding=\"async\" width=\"300\" height=\"201\" src=\"https:\/\/www.adra.sk\/wp-content\/uploads\/2019\/03\/54230802_415412912595706_3105077105205968896_n-300x201.jpg\" class=\"attachment-medium size-medium wp-image-15910\" alt=\"\" srcset=\"https:\/\/www.adra.sk\/wp-content\/uploads\/2019\/03\/54230802_415412912595706_3105077105205968896_n-300x201.jpg 300w, https:\/\/www.adra.sk\/wp-content\/uploads\/2019\/03\/54230802_415412912595706_3105077105205968896_n-1024x685.jpg 1024w, https:\/\/www.adra.sk\/wp-content\/uploads\/2019\/03\/54230802_415412912595706_3105077105205968896_n-768x514.jpg 768w, https:\/\/www.adra.sk\/wp-content\/uploads\/2019\/03\/54230802_415412912595706_3105077105205968896_n.jpg 1105w\" sizes=\"(max-width: 300px) 100vw, 300px\" \/><\/div><\/a>\n\t\t\t\t<div class=\"elementor-post__badge\">Blog<\/div>\n\t\t\t\t<div class=\"elementor-post__text\">\n\t\t\t\t<h3 class=\"elementor-post__title\">\n\t\t\t<a href=\"https:\/\/www.adra.sk\/en\/zomrela-danica-olexova\/\" target=&quot;_blank&quot;>\n\t\t\t\tSmr\u0165 Danice Olexovej pozna\u010dila cel\u00fa slovensk\u00fa rozvojov\u00fa komunitu\t\t\t<\/a>\n\t\t<\/h3>\n\t\t\t\t<div class=\"elementor-post__excerpt\">\n\t\t\t<p>V druh\u00fa marcov\u00fa nede\u013eu havarovalo lietadlo spolo\u010dnosti Ethiopian airlines na ceste z Addis Abeba do<\/p>\n\t\t<\/div>\n\t\t\t\t<\/div>\n\t\t\t\t<div class=\"elementor-post__meta-data\">\n\t\t\t\t\t<span class=\"elementor-post-date\">\n\t\t\tMarch 12, 2019\t\t<\/span>\n\t\t\t\t<\/div>\n\t\t\t\t\t<\/div>\n\t\t<\/article>\n\t\t\t\t<article class=\"elementor-post elementor-grid-item post-15904 post type-post status-publish format-standard has-post-thumbnail hentry category-blog category-uncategorized\" role=\"listitem\">\n\t\t\t<div class=\"elementor-post__card\">\n\t\t\t\t<a class=\"elementor-post__thumbnail__link\" href=\"https:\/\/www.adra.sk\/en\/adra-banglades-rozhovor\/\" tabindex=\"-1\" target=\"_blank\"><div class=\"elementor-post__thumbnail\"><img loading=\"lazy\" decoding=\"async\" width=\"300\" height=\"200\" src=\"https:\/\/www.adra.sk\/wp-content\/uploads\/2019\/03\/bangl-300x200.jpg\" class=\"attachment-medium size-medium wp-image-15905\" alt=\"\" srcset=\"https:\/\/www.adra.sk\/wp-content\/uploads\/2019\/03\/bangl-300x200.jpg 300w, https:\/\/www.adra.sk\/wp-content\/uploads\/2019\/03\/bangl-1024x683.jpg 1024w, https:\/\/www.adra.sk\/wp-content\/uploads\/2019\/03\/bangl-768x512.jpg 768w, https:\/\/www.adra.sk\/wp-content\/uploads\/2019\/03\/bangl-1536x1024.jpg 1536w, https:\/\/www.adra.sk\/wp-content\/uploads\/2019\/03\/bangl.jpg 1600w\" sizes=\"(max-width: 300px) 100vw, 300px\" \/><\/div><\/a>\n\t\t\t\t<div class=\"elementor-post__badge\">Blog<\/div>\n\t\t\t\t<div class=\"elementor-post__text\">\n\t\t\t\t<h3 class=\"elementor-post__title\">\n\t\t\t<a href=\"https:\/\/www.adra.sk\/en\/adra-banglades-rozhovor\/\" target=&quot;_blank&quot;>\n\t\t\t\tZachyti\u0165 objekt\u00edvom \u017eivoty t\u00fdch v relat\u00edvnom bezpe\u010d\u00ed susednej krajiny (rozhovor)\t\t\t<\/a>\n\t\t<\/h3>\n\t\t\t\t<div class=\"elementor-post__excerpt\">\n\t\t\t<p>V ute\u010deneck\u00fdch t\u00e1boroch v Banglad\u00e9\u0161i moment\u00e1lne \u017eije pribli\u017ene 740-tis\u00edc Rohingov. T\u00ed museli do tohto susedn\u00e9ho<\/p>\n\t\t<\/div>\n\t\t\t\t<\/div>\n\t\t\t\t<div class=\"elementor-post__meta-data\">\n\t\t\t\t\t<span class=\"elementor-post-date\">\n\t\t\tMarch 9, 2019\t\t<\/span>\n\t\t\t\t<\/div>\n\t\t\t\t\t<\/div>\n\t\t<\/article>\n\t\t\t\t<article class=\"elementor-post elementor-grid-item post-15926 post type-post status-publish format-standard has-post-thumbnail hentry category-blog category-vo-svete tag-dobrovolnictvo tag-hva\" role=\"listitem\">\n\t\t\t<div class=\"elementor-post__card\">\n\t\t\t\t<a class=\"elementor-post__thumbnail__link\" href=\"https:\/\/www.adra.sk\/en\/humanitarne-dobrovolnictvo-zugdidi\/\" tabindex=\"-1\" target=\"_blank\"><div class=\"elementor-post__thumbnail\"><img loading=\"lazy\" decoding=\"async\" width=\"300\" height=\"225\" src=\"https:\/\/www.adra.sk\/wp-content\/uploads\/2019\/03\/54381525_314461075934132_4613594697598763008_n-300x225.jpg\" class=\"attachment-medium size-medium wp-image-15927\" alt=\"\" srcset=\"https:\/\/www.adra.sk\/wp-content\/uploads\/2019\/03\/54381525_314461075934132_4613594697598763008_n-300x225.jpg 300w, https:\/\/www.adra.sk\/wp-content\/uploads\/2019\/03\/54381525_314461075934132_4613594697598763008_n-768x576.jpg 768w, https:\/\/www.adra.sk\/wp-content\/uploads\/2019\/03\/54381525_314461075934132_4613594697598763008_n-1000x750.jpg 1000w, https:\/\/www.adra.sk\/wp-content\/uploads\/2019\/03\/54381525_314461075934132_4613594697598763008_n.jpg 1024w\" sizes=\"(max-width: 300px) 100vw, 300px\" \/><\/div><\/a>\n\t\t\t\t<div class=\"elementor-post__badge\">Blog<\/div>\n\t\t\t\t<div class=\"elementor-post__text\">\n\t\t\t\t<h3 class=\"elementor-post__title\">\n\t\t\t<a href=\"https:\/\/www.adra.sk\/en\/humanitarne-dobrovolnictvo-zugdidi\/\" target=&quot;_blank&quot;>\n\t\t\t\tPr\u00edprava na humanit\u00e1rne dobrovo\u013en\u00edctvo v gruz\u00ednskom Zugdidi\t\t\t<\/a>\n\t\t<\/h3>\n\t\t\t\t<div class=\"elementor-post__excerpt\">\n\t\t\t<p>Na\u0161a kolegy\u0148a sa ned\u00e1vno vr\u00e1tila z tzv. \u201epreparatory visit\u201c z gruz\u00ednskeho Zugdidi. Spolu s partnermi<\/p>\n\t\t<\/div>\n\t\t\t\t<\/div>\n\t\t\t\t<div class=\"elementor-post__meta-data\">\n\t\t\t\t\t<span class=\"elementor-post-date\">\n\t\t\tMarch 7, 2019\t\t<\/span>\n\t\t\t\t<\/div>\n\t\t\t\t\t<\/div>\n\t\t<\/article>\n\t\t\t\t<article class=\"elementor-post elementor-grid-item post-15894 post type-post status-publish format-standard has-post-thumbnail hentry category-blog category-vo-svete tag-dobrovolnictvo tag-hva\" role=\"listitem\">\n\t\t\t<div class=\"elementor-post__card\">\n\t\t\t\t<a class=\"elementor-post__thumbnail__link\" href=\"https:\/\/www.adra.sk\/en\/humanitarne-dobrovolnictvo-istanbul\/\" tabindex=\"-1\" target=\"_blank\"><div class=\"elementor-post__thumbnail\"><img loading=\"lazy\" decoding=\"async\" width=\"300\" height=\"225\" src=\"https:\/\/www.adra.sk\/wp-content\/uploads\/2019\/02\/IMG_9770-300x225.jpg\" class=\"attachment-medium size-medium wp-image-15895\" alt=\"\" srcset=\"https:\/\/www.adra.sk\/wp-content\/uploads\/2019\/02\/IMG_9770-300x225.jpg 300w, https:\/\/www.adra.sk\/wp-content\/uploads\/2019\/02\/IMG_9770-1024x768.jpg 1024w, https:\/\/www.adra.sk\/wp-content\/uploads\/2019\/02\/IMG_9770-768x576.jpg 768w, https:\/\/www.adra.sk\/wp-content\/uploads\/2019\/02\/IMG_9770-1536x1152.jpg 1536w, https:\/\/www.adra.sk\/wp-content\/uploads\/2019\/02\/IMG_9770-1000x750.jpg 1000w, https:\/\/www.adra.sk\/wp-content\/uploads\/2019\/02\/IMG_9770-2000x1500.jpg 2000w, https:\/\/www.adra.sk\/wp-content\/uploads\/2019\/02\/IMG_9770.jpg 2016w\" sizes=\"(max-width: 300px) 100vw, 300px\" \/><\/div><\/a>\n\t\t\t\t<div class=\"elementor-post__badge\">Blog<\/div>\n\t\t\t\t<div class=\"elementor-post__text\">\n\t\t\t\t<h3 class=\"elementor-post__title\">\n\t\t\t<a href=\"https:\/\/www.adra.sk\/en\/humanitarne-dobrovolnictvo-istanbul\/\" target=&quot;_blank&quot;>\n\t\t\t\tPr\u00edprava na humanit\u00e1rne dobrovo\u013en\u00edctvo v tureckom Istanbule\t\t\t<\/a>\n\t\t<\/h3>\n\t\t\t\t<div class=\"elementor-post__excerpt\">\n\t\t\t<p>Na\u0161a kolegy\u0148a sa ned\u00e1vno vr\u00e1tila z tzv. \u201epreparatory visit\u201c z tureck\u00e9ho Istanbulu. Spolu s partnermi<\/p>\n\t\t<\/div>\n\t\t\t\t<\/div>\n\t\t\t\t<div class=\"elementor-post__meta-data\">\n\t\t\t\t\t<span class=\"elementor-post-date\">\n\t\t\tFebruary 23, 2019\t\t<\/span>\n\t\t\t\t<\/div>\n\t\t\t\t\t<\/div>\n\t\t<\/article>\n\t\t\t\t<article class=\"elementor-post elementor-grid-item post-15885 post type-post status-publish format-standard has-post-thumbnail hentry category-blog category-novinky category-uncategorized\" role=\"listitem\">\n\t\t\t<div class=\"elementor-post__card\">\n\t\t\t\t<a class=\"elementor-post__thumbnail__link\" href=\"https:\/\/www.adra.sk\/en\/pocuvat-pribehy-obeti-nasilia\/\" tabindex=\"-1\" target=\"_blank\"><div class=\"elementor-post__thumbnail\"><img loading=\"lazy\" decoding=\"async\" width=\"300\" height=\"171\" src=\"https:\/\/www.adra.sk\/wp-content\/uploads\/2019\/02\/end-GB-violence-UN-Women-4-300x171.jpg\" class=\"attachment-medium size-medium wp-image-15886\" alt=\"\" srcset=\"https:\/\/www.adra.sk\/wp-content\/uploads\/2019\/02\/end-GB-violence-UN-Women-4-300x171.jpg 300w, https:\/\/www.adra.sk\/wp-content\/uploads\/2019\/02\/end-GB-violence-UN-Women-4-1024x585.jpg 1024w, https:\/\/www.adra.sk\/wp-content\/uploads\/2019\/02\/end-GB-violence-UN-Women-4-768x439.jpg 768w, https:\/\/www.adra.sk\/wp-content\/uploads\/2019\/02\/end-GB-violence-UN-Women-4.jpg 1280w\" sizes=\"(max-width: 300px) 100vw, 300px\" \/><\/div><\/a>\n\t\t\t\t<div class=\"elementor-post__badge\">Blog<\/div>\n\t\t\t\t<div class=\"elementor-post__text\">\n\t\t\t\t<h3 class=\"elementor-post__title\">\n\t\t\t<a href=\"https:\/\/www.adra.sk\/en\/pocuvat-pribehy-obeti-nasilia\/\" target=&quot;_blank&quot;>\n\t\t\t\tJe n\u00e1ro\u010dn\u00e9 po\u010d\u00fava\u0165 pr\u00edbehy obet\u00ed n\u00e1silia, ktor\u00e9 n\u00e1s kontaktuj\u00fa. No inak to nejde.\t\t\t<\/a>\n\t\t<\/h3>\n\t\t\t\t<div class=\"elementor-post__excerpt\">\n\t\t\t<p>Po\u010det hl\u00e1sen\u00fdch pr\u00edpadov dom\u00e1ceho a sexu\u00e1lneho n\u00e1silia vzr\u00e1stol za posledn\u00e9 roky o 80 %. Po\u010det<\/p>\n\t\t<\/div>\n\t\t\t\t<\/div>\n\t\t\t\t<div class=\"elementor-post__meta-data\">\n\t\t\t\t\t<span class=\"elementor-post-date\">\n\t\t\tFebruary 9, 2019\t\t<\/span>\n\t\t\t\t<\/div>\n\t\t\t\t\t<\/div>\n\t\t<\/article>\n\t\t\t\t<article class=\"elementor-post elementor-grid-item post-15889 post type-post status-publish format-standard has-post-thumbnail hentry category-blog category-novinky category-uncategorized\" role=\"listitem\">\n\t\t\t<div class=\"elementor-post__card\">\n\t\t\t\t<a class=\"elementor-post__thumbnail__link\" href=\"https:\/\/www.adra.sk\/en\/diskusia-kit-nitra\/\" tabindex=\"-1\" target=\"_blank\"><div class=\"elementor-post__thumbnail\"><img loading=\"lazy\" decoding=\"async\" width=\"300\" height=\"274\" src=\"https:\/\/www.adra.sk\/wp-content\/uploads\/2020\/11\/Dolezitost-kampane-OrangeTheWorld-od-UN-Women-300x274.jpg\" class=\"attachment-medium size-medium wp-image-15863\" alt=\"\" srcset=\"https:\/\/www.adra.sk\/wp-content\/uploads\/2020\/11\/Dolezitost-kampane-OrangeTheWorld-od-UN-Women-300x274.jpg 300w, https:\/\/www.adra.sk\/wp-content\/uploads\/2020\/11\/Dolezitost-kampane-OrangeTheWorld-od-UN-Women.jpg 640w\" sizes=\"(max-width: 300px) 100vw, 300px\" \/><\/div><\/a>\n\t\t\t\t<div class=\"elementor-post__badge\">Blog<\/div>\n\t\t\t\t<div class=\"elementor-post__text\">\n\t\t\t\t<h3 class=\"elementor-post__title\">\n\t\t\t<a href=\"https:\/\/www.adra.sk\/en\/diskusia-kit-nitra\/\" target=&quot;_blank&quot;>\n\t\t\t\tAko odhali\u0165 manipul\u00e1tora vo vz\u0165ahu (pozv\u00e1nka na diskusiu do Nitry)\t\t\t<\/a>\n\t\t<\/h3>\n\t\t\t\t<div class=\"elementor-post__excerpt\">\n\t\t\t<p>\u010clenky Kr\u00edzov\u00e9ho interven\u010dn\u00e9ho t\u00edmu (KIT) organiz\u00e1cie ADRA Slovensko maj\u00fa hne\u010f na za\u010diatku roka 2019 za<\/p>\n\t\t<\/div>\n\t\t\t\t<\/div>\n\t\t\t\t<div class=\"elementor-post__meta-data\">\n\t\t\t\t\t<span class=\"elementor-post-date\">\n\t\t\tFebruary 9, 2019\t\t<\/span>\n\t\t\t\t<\/div>\n\t\t\t\t\t<\/div>\n\t\t<\/article>\n\t\t\t\t<article class=\"elementor-post elementor-grid-item post-15881 post type-post status-publish format-standard has-post-thumbnail hentry category-blog category-novinky category-uncategorized\" role=\"listitem\">\n\t\t\t<div class=\"elementor-post__card\">\n\t\t\t\t<a class=\"elementor-post__thumbnail__link\" href=\"https:\/\/www.adra.sk\/en\/step-pomaha-jemenskym-rodinam\/\" tabindex=\"-1\" target=\"_blank\"><div class=\"elementor-post__thumbnail\"><img loading=\"lazy\" decoding=\"async\" width=\"300\" height=\"212\" src=\"https:\/\/www.adra.sk\/wp-content\/uploads\/2019\/02\/adra-Yemen-300x212.jpg\" class=\"attachment-medium size-medium wp-image-15882\" alt=\"\" srcset=\"https:\/\/www.adra.sk\/wp-content\/uploads\/2019\/02\/adra-Yemen-300x212.jpg 300w, https:\/\/www.adra.sk\/wp-content\/uploads\/2019\/02\/adra-Yemen-1024x724.jpg 1024w, https:\/\/www.adra.sk\/wp-content\/uploads\/2019\/02\/adra-Yemen-768x543.jpg 768w, https:\/\/www.adra.sk\/wp-content\/uploads\/2019\/02\/adra-Yemen-1536x1085.jpg 1536w, https:\/\/www.adra.sk\/wp-content\/uploads\/2019\/02\/adra-Yemen-2000x1413.jpg 2000w, https:\/\/www.adra.sk\/wp-content\/uploads\/2019\/02\/adra-Yemen.jpg 2048w\" sizes=\"(max-width: 300px) 100vw, 300px\" \/><\/div><\/a>\n\t\t\t\t<div class=\"elementor-post__badge\">Blog<\/div>\n\t\t\t\t<div class=\"elementor-post__text\">\n\t\t\t\t<h3 class=\"elementor-post__title\">\n\t\t\t<a href=\"https:\/\/www.adra.sk\/en\/step-pomaha-jemenskym-rodinam\/\" target=&quot;_blank&quot;>\n\t\t\t\tPom\u00e1hame n\u00fadznym rodin\u00e1m n\u00e1js\u0165 u n\u00e1s nov\u00fd domov. Aj t\u00fdm z Jemenu\t\t\t<\/a>\n\t\t<\/h3>\n\t\t\t\t<div class=\"elementor-post__excerpt\">\n\t\t\t<p>Ned\u00e1vno Medzin\u00e1rodn\u00fd z\u00e1chrann\u00fd v\u00fdbor uverejnil zoznam desiatich n\u00edzkopr\u00edjmov\u00fdch kraj\u00edn, ktor\u00e9 v roku 2019 bud\u00fa \u010deli\u0165<\/p>\n\t\t<\/div>\n\t\t\t\t<\/div>\n\t\t\t\t<div class=\"elementor-post__meta-data\">\n\t\t\t\t\t<span class=\"elementor-post-date\">\n\t\t\tFebruary 7, 2019\t\t<\/span>\n\t\t\t\t<\/div>\n\t\t\t\t\t<\/div>\n\t\t<\/article>\n\t\t\t\t<article class=\"elementor-post elementor-grid-item post-15877 post type-post status-publish format-standard has-post-thumbnail hentry category-blog category-novinky category-uncategorized\" role=\"listitem\">\n\t\t\t<div class=\"elementor-post__card\">\n\t\t\t\t<a class=\"elementor-post__thumbnail__link\" href=\"https:\/\/www.adra.sk\/en\/muzi-ako-obete-nasilia\/\" tabindex=\"-1\" target=\"_blank\"><div class=\"elementor-post__thumbnail\"><img loading=\"lazy\" decoding=\"async\" width=\"300\" height=\"225\" src=\"https:\/\/www.adra.sk\/wp-content\/uploads\/2020\/11\/orangeTheWorld-UN-Women-3-300x225.jpg\" class=\"attachment-medium size-medium wp-image-15862\" alt=\"\" srcset=\"https:\/\/www.adra.sk\/wp-content\/uploads\/2020\/11\/orangeTheWorld-UN-Women-3-300x225.jpg 300w, https:\/\/www.adra.sk\/wp-content\/uploads\/2020\/11\/orangeTheWorld-UN-Women-3.jpg 519w\" sizes=\"(max-width: 300px) 100vw, 300px\" \/><\/div><\/a>\n\t\t\t\t<div class=\"elementor-post__badge\">Blog<\/div>\n\t\t\t\t<div class=\"elementor-post__text\">\n\t\t\t\t<h3 class=\"elementor-post__title\">\n\t\t\t<a href=\"https:\/\/www.adra.sk\/en\/muzi-ako-obete-nasilia\/\" target=&quot;_blank&quot;>\n\t\t\t\tPomoc potrebuju mu\u017ei, rovnako ako \u017eeny, ak ide o obete n\u00e1silia\t\t\t<\/a>\n\t\t<\/h3>\n\t\t\t\t<div class=\"elementor-post__excerpt\">\n\t\t\t<p>PROJEKT POMOCI OBETIAM DOM\u00c1CEHO N\u00c1SILIA BOL UKON\u010cEN\u00dd. V spolo\u010dnosti sa kone\u010dne hovor\u00ed o tom, ako<\/p>\n\t\t<\/div>\n\t\t\t\t<\/div>\n\t\t\t\t<div class=\"elementor-post__meta-data\">\n\t\t\t\t\t<span class=\"elementor-post-date\">\n\t\t\tFebruary 6, 2019\t\t<\/span>\n\t\t\t\t<\/div>\n\t\t\t\t\t<\/div>\n\t\t<\/article>\n\t\t\t\t<article class=\"elementor-post elementor-grid-item post-15874 post type-post status-publish format-standard has-post-thumbnail hentry category-blog category-novinky category-uncategorized\" role=\"listitem\">\n\t\t\t<div class=\"elementor-post__card\">\n\t\t\t\t<a class=\"elementor-post__thumbnail__link\" href=\"https:\/\/www.adra.sk\/en\/dobrovolnictvo-ukrajina\/\" tabindex=\"-1\" target=\"_blank\"><div class=\"elementor-post__thumbnail\"><img loading=\"lazy\" decoding=\"async\" width=\"300\" height=\"225\" src=\"https:\/\/www.adra.sk\/wp-content\/uploads\/2019\/02\/chramy-v-zime-300x225.jpg\" class=\"attachment-medium size-medium wp-image-15875\" alt=\"\" srcset=\"https:\/\/www.adra.sk\/wp-content\/uploads\/2019\/02\/chramy-v-zime-300x225.jpg 300w, https:\/\/www.adra.sk\/wp-content\/uploads\/2019\/02\/chramy-v-zime-1024x768.jpg 1024w, https:\/\/www.adra.sk\/wp-content\/uploads\/2019\/02\/chramy-v-zime-768x576.jpg 768w, https:\/\/www.adra.sk\/wp-content\/uploads\/2019\/02\/chramy-v-zime-1536x1152.jpg 1536w, https:\/\/www.adra.sk\/wp-content\/uploads\/2019\/02\/chramy-v-zime-1000x750.jpg 1000w, https:\/\/www.adra.sk\/wp-content\/uploads\/2019\/02\/chramy-v-zime-2000x1500.jpg 2000w, https:\/\/www.adra.sk\/wp-content\/uploads\/2019\/02\/chramy-v-zime.jpg 2016w\" sizes=\"(max-width: 300px) 100vw, 300px\" \/><\/div><\/a>\n\t\t\t\t<div class=\"elementor-post__badge\">Blog<\/div>\n\t\t\t\t<div class=\"elementor-post__text\">\n\t\t\t\t<h3 class=\"elementor-post__title\">\n\t\t\t<a href=\"https:\/\/www.adra.sk\/en\/dobrovolnictvo-ukrajina\/\" target=&quot;_blank&quot;>\n\t\t\t\tAko vyzer\u00e1 dobrovo\u013en\u00edctvo na Ukrajine\t\t\t<\/a>\n\t\t<\/h3>\n\t\t\t\t<div class=\"elementor-post__excerpt\">\n\t\t\t<p>Na jese\u0148 vyrazila (po dvojmesa\u010dnej povinnej st\u00e1\u017ei v kancel\u00e1rii ADRA Slovensko) na svoj dobrovo\u013en\u00edcky projekt<\/p>\n\t\t<\/div>\n\t\t\t\t<\/div>\n\t\t\t\t<div class=\"elementor-post__meta-data\">\n\t\t\t\t\t<span class=\"elementor-post-date\">\n\t\t\tFebruary 3, 2019\t\t<\/span>\n\t\t\t\t<\/div>\n\t\t\t\t\t<\/div>\n\t\t<\/article>\n\t\t\t\t<article class=\"elementor-post elementor-grid-item post-15864 post type-post status-publish format-standard has-post-thumbnail hentry category-blog category-novinky category-uncategorized\" role=\"listitem\">\n\t\t\t<div class=\"elementor-post__card\">\n\t\t\t\t<a class=\"elementor-post__thumbnail__link\" href=\"https:\/\/www.adra.sk\/en\/skutocne-pribehy-obeti-nasilia\/\" tabindex=\"-1\" target=\"_blank\"><div class=\"elementor-post__thumbnail\"><img loading=\"lazy\" decoding=\"async\" width=\"266\" height=\"300\" src=\"https:\/\/www.adra.sk\/wp-content\/uploads\/2019\/01\/kampan-UN-Women-zamerana-na-riesenie-nasilia-na-zenach-266x300.jpg\" class=\"attachment-medium size-medium wp-image-15865\" alt=\"\" srcset=\"https:\/\/www.adra.sk\/wp-content\/uploads\/2019\/01\/kampan-UN-Women-zamerana-na-riesenie-nasilia-na-zenach-266x300.jpg 266w, https:\/\/www.adra.sk\/wp-content\/uploads\/2019\/01\/kampan-UN-Women-zamerana-na-riesenie-nasilia-na-zenach.jpg 639w\" sizes=\"(max-width: 266px) 100vw, 266px\" \/><\/div><\/a>\n\t\t\t\t<div class=\"elementor-post__badge\">Blog<\/div>\n\t\t\t\t<div class=\"elementor-post__text\">\n\t\t\t\t<h3 class=\"elementor-post__title\">\n\t\t\t<a href=\"https:\/\/www.adra.sk\/en\/skutocne-pribehy-obeti-nasilia\/\" target=&quot;_blank&quot;>\n\t\t\t\tSkuto\u010dn\u00e9 pr\u00edbehy obet\u00ed n\u00e1m potvrdzuj\u00fa, \u017ee KIT m\u00e1 zmysel\t\t\t<\/a>\n\t\t<\/h3>\n\t\t\t\t<div class=\"elementor-post__excerpt\">\n\t\t\t<p>Ak sa nebudete m\u00f4c\u0165 osobne z\u00fa\u010dastni\u0165 na na\u0161ich diskusi\u00e1ch o\u00a0rozpozn\u00e1van\u00ed manipul\u00e1cie a\u00a0prejavov dom\u00e1ceho n\u00e1silia v\u00a0partnerskom<\/p>\n\t\t<\/div>\n\t\t\t\t<\/div>\n\t\t\t\t<div class=\"elementor-post__meta-data\">\n\t\t\t\t\t<span class=\"elementor-post-date\">\n\t\t\tJanuary 29, 2019\t\t<\/span>\n\t\t\t\t<\/div>\n\t\t\t\t\t<\/div>\n\t\t<\/article>\n\t\t\t\t<article class=\"elementor-post elementor-grid-item post-15860 post type-post status-publish format-standard has-post-thumbnail hentry category-blog category-novinky category-uncategorized\" role=\"listitem\">\n\t\t\t<div class=\"elementor-post__card\">\n\t\t\t\t<a class=\"elementor-post__thumbnail__link\" href=\"https:\/\/www.adra.sk\/en\/albanske-povesti\/\" tabindex=\"-1\" target=\"_blank\"><div class=\"elementor-post__thumbnail\"><img loading=\"lazy\" decoding=\"async\" width=\"300\" height=\"225\" src=\"https:\/\/www.adra.sk\/wp-content\/uploads\/2019\/01\/albanske-povesti-COVER-300x225.jpg\" class=\"attachment-medium size-medium wp-image-15861\" alt=\"\" srcset=\"https:\/\/www.adra.sk\/wp-content\/uploads\/2019\/01\/albanske-povesti-COVER-300x225.jpg 300w, https:\/\/www.adra.sk\/wp-content\/uploads\/2019\/01\/albanske-povesti-COVER-1024x768.jpg 1024w, https:\/\/www.adra.sk\/wp-content\/uploads\/2019\/01\/albanske-povesti-COVER-768x576.jpg 768w, https:\/\/www.adra.sk\/wp-content\/uploads\/2019\/01\/albanske-povesti-COVER-1000x750.jpg 1000w, https:\/\/www.adra.sk\/wp-content\/uploads\/2019\/01\/albanske-povesti-COVER.jpg 1280w\" sizes=\"(max-width: 300px) 100vw, 300px\" \/><\/div><\/a>\n\t\t\t\t<div class=\"elementor-post__badge\">Blog<\/div>\n\t\t\t\t<div class=\"elementor-post__text\">\n\t\t\t\t<h3 class=\"elementor-post__title\">\n\t\t\t<a href=\"https:\/\/www.adra.sk\/en\/albanske-povesti\/\" target=&quot;_blank&quot;>\n\t\t\t\tZa prekladom Alb\u00e1nskych povest\u00ed stoj\u00ed na\u0161a dobrovo\u013en\u00ed\u010dka\t\t\t<\/a>\n\t\t<\/h3>\n\t\t\t\t<div class=\"elementor-post__excerpt\">\n\t\t\t<p>Na\u0161a rozvojov\u00e1 dobrovo\u013en\u00ed\u010dka Veronika Zimova, bola denne s\u00fa\u010das\u0165ou pozit\u00edvnej zmeny vo vyl\u00fa\u010den\u00fdch komunit\u00e1ch Alb\u00e1nska. To<\/p>\n\t\t<\/div>\n\t\t\t\t<\/div>\n\t\t\t\t<div class=\"elementor-post__meta-data\">\n\t\t\t\t\t<span class=\"elementor-post-date\">\n\t\t\tJanuary 25, 2019\t\t<\/span>\n\t\t\t\t<\/div>\n\t\t\t\t\t<\/div>\n\t\t<\/article>\n\t\t\t\t<article class=\"elementor-post elementor-grid-item post-15869 post type-post status-publish format-standard has-post-thumbnail hentry category-blog category-vo-svete tag-dobrovolnictvo tag-hva\" role=\"listitem\">\n\t\t\t<div class=\"elementor-post__card\">\n\t\t\t\t<a class=\"elementor-post__thumbnail__link\" href=\"https:\/\/www.adra.sk\/en\/humanitarne-dobrovolnictvo-rozhovor\/\" tabindex=\"-1\" target=\"_blank\"><div class=\"elementor-post__thumbnail\"><img loading=\"lazy\" decoding=\"async\" width=\"300\" height=\"225\" src=\"https:\/\/www.adra.sk\/wp-content\/uploads\/2019\/01\/Alena-Horvathova-moderuje-25.-vyrocie-ADRA-Slovensko-v-juni-2018-300x225.jpg\" class=\"attachment-medium size-medium wp-image-15870\" alt=\"\" srcset=\"https:\/\/www.adra.sk\/wp-content\/uploads\/2019\/01\/Alena-Horvathova-moderuje-25.-vyrocie-ADRA-Slovensko-v-juni-2018-300x225.jpg 300w, https:\/\/www.adra.sk\/wp-content\/uploads\/2019\/01\/Alena-Horvathova-moderuje-25.-vyrocie-ADRA-Slovensko-v-juni-2018-1024x768.jpg 1024w, https:\/\/www.adra.sk\/wp-content\/uploads\/2019\/01\/Alena-Horvathova-moderuje-25.-vyrocie-ADRA-Slovensko-v-juni-2018-768x576.jpg 768w, https:\/\/www.adra.sk\/wp-content\/uploads\/2019\/01\/Alena-Horvathova-moderuje-25.-vyrocie-ADRA-Slovensko-v-juni-2018-1536x1152.jpg 1536w, https:\/\/www.adra.sk\/wp-content\/uploads\/2019\/01\/Alena-Horvathova-moderuje-25.-vyrocie-ADRA-Slovensko-v-juni-2018-2048x1536.jpg 2048w, https:\/\/www.adra.sk\/wp-content\/uploads\/2019\/01\/Alena-Horvathova-moderuje-25.-vyrocie-ADRA-Slovensko-v-juni-2018-1000x750.jpg 1000w, https:\/\/www.adra.sk\/wp-content\/uploads\/2019\/01\/Alena-Horvathova-moderuje-25.-vyrocie-ADRA-Slovensko-v-juni-2018-2000x1500.jpg 2000w\" sizes=\"(max-width: 300px) 100vw, 300px\" \/><\/div><\/a>\n\t\t\t\t<div class=\"elementor-post__badge\">Blog<\/div>\n\t\t\t\t<div class=\"elementor-post__text\">\n\t\t\t\t<h3 class=\"elementor-post__title\">\n\t\t\t<a href=\"https:\/\/www.adra.sk\/en\/humanitarne-dobrovolnictvo-rozhovor\/\" target=&quot;_blank&quot;>\n\t\t\t\tHumanit\u00e1rne dobrovo\u013en\u00edctvo m\u00e1 ve\u013ek\u00fd v\u00fdznam. Ak sa rob\u00ed dobre.\t\t\t<\/a>\n\t\t<\/h3>\n\t\t\t\t<div class=\"elementor-post__excerpt\">\n\t\t\t<p>Pom\u00e1ha\u0165 n\u00fadznym v&nbsp;oblastiach, ktor\u00e9 sa zmietaj\u00fa v humanit\u00e1rnej kr\u00edze, mo\u017eno i&nbsp;formou vysielania humanit\u00e1rnych dobrovo\u013en\u00edkov a&nbsp;dobrovo\u013en\u00ed\u010dok<\/p>\n\t\t<\/div>\n\t\t\t\t<\/div>\n\t\t\t\t<div class=\"elementor-post__meta-data\">\n\t\t\t\t\t<span class=\"elementor-post-date\">\n\t\t\tJanuary 20, 2019\t\t<\/span>\n\t\t\t\t<\/div>\n\t\t\t\t\t<\/div>\n\t\t<\/article>\n\t\t\t\t<article class=\"elementor-post elementor-grid-item post-15856 post type-post status-publish format-standard has-post-thumbnail hentry category-blog category-novinky category-uncategorized\" role=\"listitem\">\n\t\t\t<div class=\"elementor-post__card\">\n\t\t\t\t<a class=\"elementor-post__thumbnail__link\" href=\"https:\/\/www.adra.sk\/en\/rozvojova-dobrovolnicka-albansko\/\" tabindex=\"-1\" target=\"_blank\"><div class=\"elementor-post__thumbnail\"><img loading=\"lazy\" decoding=\"async\" width=\"300\" height=\"225\" src=\"https:\/\/www.adra.sk\/wp-content\/uploads\/2019\/01\/veronika-albansko-300x225.jpg\" class=\"attachment-medium size-medium wp-image-15857\" alt=\"\" srcset=\"https:\/\/www.adra.sk\/wp-content\/uploads\/2019\/01\/veronika-albansko-300x225.jpg 300w, https:\/\/www.adra.sk\/wp-content\/uploads\/2019\/01\/veronika-albansko.jpg 682w\" sizes=\"(max-width: 300px) 100vw, 300px\" \/><\/div><\/a>\n\t\t\t\t<div class=\"elementor-post__badge\">Blog<\/div>\n\t\t\t\t<div class=\"elementor-post__text\">\n\t\t\t\t<h3 class=\"elementor-post__title\">\n\t\t\t<a href=\"https:\/\/www.adra.sk\/en\/rozvojova-dobrovolnicka-albansko\/\" target=&quot;_blank&quot;>\n\t\t\t\tRozvojov\u00e1 dobrovo\u013en\u00ed\u010dka Veronika Zimov\u00e1: Alb\u00e1nsko si ma vybralo\t\t\t<\/a>\n\t\t<\/h3>\n\t\t\t\t<div class=\"elementor-post__excerpt\">\n\t\t\t<p>Za svoj\u00edm cie\u013eom (pracova\u0165 v\u00a0rozvojovom sektore) \u0161la cie\u013eavedome \u2013 cez \u00fa\u010das\u0165 na dobrovo\u013en\u00edckom pobyte v\u010faka<\/p>\n\t\t<\/div>\n\t\t\t\t<\/div>\n\t\t\t\t<div class=\"elementor-post__meta-data\">\n\t\t\t\t\t<span class=\"elementor-post-date\">\n\t\t\tJanuary 16, 2019\t\t<\/span>\n\t\t\t\t<\/div>\n\t\t\t\t\t<\/div>\n\t\t<\/article>\n\t\t\t\t<article class=\"elementor-post elementor-grid-item post-15844 post type-post status-publish format-standard has-post-thumbnail hentry category-blog category-novinky category-uncategorized\" role=\"listitem\">\n\t\t\t<div class=\"elementor-post__card\">\n\t\t\t\t<a class=\"elementor-post__thumbnail__link\" href=\"https:\/\/www.adra.sk\/en\/diskusia-kit\/\" tabindex=\"-1\" target=\"_blank\"><div class=\"elementor-post__thumbnail\"><img loading=\"lazy\" decoding=\"async\" width=\"300\" height=\"225\" src=\"https:\/\/www.adra.sk\/wp-content\/uploads\/2019\/01\/violence-UN-Women-2-300x225.jpg\" class=\"attachment-medium size-medium wp-image-15845\" alt=\"\" srcset=\"https:\/\/www.adra.sk\/wp-content\/uploads\/2019\/01\/violence-UN-Women-2-300x225.jpg 300w, https:\/\/www.adra.sk\/wp-content\/uploads\/2019\/01\/violence-UN-Women-2.jpg 423w\" sizes=\"(max-width: 300px) 100vw, 300px\" \/><\/div><\/a>\n\t\t\t\t<div class=\"elementor-post__badge\">Blog<\/div>\n\t\t\t\t<div class=\"elementor-post__text\">\n\t\t\t\t<h3 class=\"elementor-post__title\">\n\t\t\t<a href=\"https:\/\/www.adra.sk\/en\/diskusia-kit\/\" target=&quot;_blank&quot;>\n\t\t\t\tAko odhali\u0165 manipul\u00e1tora vo vz\u0165ahu (pozv\u00e1nka na diskusiu)\t\t\t<\/a>\n\t\t<\/h3>\n\t\t\t\t<div class=\"elementor-post__excerpt\">\n\t\t\t<p>\u010clenky Kr\u00edzov\u00e9ho interven\u010dn\u00e9ho t\u00edmu (KIT) organiz\u00e1cie ADRA Slovensko vst\u00fapili do roka 2019 s predsavzat\u00edm: na\u010falej<\/p>\n\t\t<\/div>\n\t\t\t\t<\/div>\n\t\t\t\t<div class=\"elementor-post__meta-data\">\n\t\t\t\t\t<span class=\"elementor-post-date\">\n\t\t\tJanuary 7, 2019\t\t<\/span>\n\t\t\t\t<\/div>\n\t\t\t\t\t<\/div>\n\t\t<\/article>\n\t\t\t\t<article class=\"elementor-post elementor-grid-item post-15850 post type-post status-publish format-standard has-post-thumbnail hentry category-blog category-vo-svete tag-dobrovolnictvo tag-hva\" role=\"listitem\">\n\t\t\t<div class=\"elementor-post__card\">\n\t\t\t\t<a class=\"elementor-post__thumbnail__link\" href=\"https:\/\/www.adra.sk\/en\/dobrovolnictvo-albansko\/\" tabindex=\"-1\" target=\"_blank\"><div class=\"elementor-post__thumbnail\"><img loading=\"lazy\" decoding=\"async\" width=\"280\" height=\"300\" src=\"https:\/\/www.adra.sk\/wp-content\/uploads\/2019\/01\/albanksa-vlajka-280x300.jpg\" class=\"attachment-medium size-medium wp-image-15851\" alt=\"\" srcset=\"https:\/\/www.adra.sk\/wp-content\/uploads\/2019\/01\/albanksa-vlajka-280x300.jpg 280w, https:\/\/www.adra.sk\/wp-content\/uploads\/2019\/01\/albanksa-vlajka-956x1024.jpg 956w, https:\/\/www.adra.sk\/wp-content\/uploads\/2019\/01\/albanksa-vlajka-768x823.jpg 768w, https:\/\/www.adra.sk\/wp-content\/uploads\/2019\/01\/albanksa-vlajka.jpg 1195w\" sizes=\"(max-width: 280px) 100vw, 280px\" \/><\/div><\/a>\n\t\t\t\t<div class=\"elementor-post__badge\">Blog<\/div>\n\t\t\t\t<div class=\"elementor-post__text\">\n\t\t\t\t<h3 class=\"elementor-post__title\">\n\t\t\t<a href=\"https:\/\/www.adra.sk\/en\/dobrovolnictvo-albansko\/\" target=&quot;_blank&quot;>\n\t\t\t\tAko vyzer\u00e1 dobrovo\u013en\u00edctvo v Alb\u00e1nsku\t\t\t<\/a>\n\t\t<\/h3>\n\t\t\t\t<div class=\"elementor-post__excerpt\">\n\t\t\t<p>Na\u0161a dobrovo\u013en\u00ed\u010dka Veronika Zimova, ktor\u00e1 p\u00f4sob\u00ed v Alb\u00e1nsku v\u010faka podpore SlovakAid, n\u00e1m po\u010das ADRA ve\u010dera<\/p>\n\t\t<\/div>\n\t\t\t\t<\/div>\n\t\t\t\t<div class=\"elementor-post__meta-data\">\n\t\t\t\t\t<span class=\"elementor-post-date\">\n\t\t\tJanuary 5, 2019\t\t<\/span>\n\t\t\t\t<\/div>\n\t\t\t\t\t<\/div>\n\t\t<\/article>\n\t\t\t\t<article class=\"elementor-post elementor-grid-item post-15836 post type-post status-publish format-standard has-post-thumbnail hentry category-blog category-novinky category-uncategorized\" role=\"listitem\">\n\t\t\t<div class=\"elementor-post__card\">\n\t\t\t\t<a class=\"elementor-post__thumbnail__link\" href=\"https:\/\/www.adra.sk\/en\/pf-2019\/\" tabindex=\"-1\" target=\"_blank\"><div class=\"elementor-post__thumbnail\"><img loading=\"lazy\" decoding=\"async\" width=\"300\" height=\"300\" src=\"https:\/\/www.adra.sk\/wp-content\/uploads\/2020\/11\/PF2019_ADRA-300x300.jpg\" class=\"attachment-medium size-medium wp-image-15835\" alt=\"\" srcset=\"https:\/\/www.adra.sk\/wp-content\/uploads\/2020\/11\/PF2019_ADRA-300x300.jpg 300w, https:\/\/www.adra.sk\/wp-content\/uploads\/2020\/11\/PF2019_ADRA-150x150.jpg 150w, https:\/\/www.adra.sk\/wp-content\/uploads\/2020\/11\/PF2019_ADRA-768x768.jpg 768w, https:\/\/www.adra.sk\/wp-content\/uploads\/2020\/11\/PF2019_ADRA-100x100.jpg 100w, https:\/\/www.adra.sk\/wp-content\/uploads\/2020\/11\/PF2019_ADRA.jpg 800w\" sizes=\"(max-width: 300px) 100vw, 300px\" \/><\/div><\/a>\n\t\t\t\t<div class=\"elementor-post__badge\">Blog<\/div>\n\t\t\t\t<div class=\"elementor-post__text\">\n\t\t\t\t<h3 class=\"elementor-post__title\">\n\t\t\t<a href=\"https:\/\/www.adra.sk\/en\/pf-2019\/\" target=&quot;_blank&quot;>\n\t\t\t\tPokojn\u00e9 viano\u010dn\u00e9 sviatky a \u00faspe\u0161n\u00fd rok prajeme \u2013 PF 2019\t\t\t<\/a>\n\t\t<\/h3>\n\t\t\t\t<div class=\"elementor-post__excerpt\">\n\t\t\t<p>Osmi\u010dkov\u00fd rok bol d\u00f4le\u017eit\u00fd nielen pre Slovensko, ale aj pre na\u0161u jubiluj\u00facu organiz\u00e1ciu. Osl\u00e1vili sme<\/p>\n\t\t<\/div>\n\t\t\t\t<\/div>\n\t\t\t\t<div class=\"elementor-post__meta-data\">\n\t\t\t\t\t<span class=\"elementor-post-date\">\n\t\t\tDecember 21, 2018\t\t<\/span>\n\t\t\t\t<\/div>\n\t\t\t\t\t<\/div>\n\t\t<\/article>\n\t\t\t\t<article class=\"elementor-post elementor-grid-item post-15839 post type-post status-publish format-standard has-post-thumbnail hentry category-blog category-novinky category-uncategorized\" role=\"listitem\">\n\t\t\t<div class=\"elementor-post__card\">\n\t\t\t\t<a class=\"elementor-post__thumbnail__link\" href=\"https:\/\/www.adra.sk\/en\/dobrovolnictvo-gruzinsko\/\" tabindex=\"-1\" target=\"_blank\"><div class=\"elementor-post__thumbnail\"><img loading=\"lazy\" decoding=\"async\" width=\"300\" height=\"225\" src=\"https:\/\/www.adra.sk\/wp-content\/uploads\/2018\/12\/4-300x225.jpg\" class=\"attachment-medium size-medium wp-image-15840\" alt=\"\" srcset=\"https:\/\/www.adra.sk\/wp-content\/uploads\/2018\/12\/4-300x225.jpg 300w, https:\/\/www.adra.sk\/wp-content\/uploads\/2018\/12\/4-768x576.jpg 768w, https:\/\/www.adra.sk\/wp-content\/uploads\/2018\/12\/4.jpg 876w\" sizes=\"(max-width: 300px) 100vw, 300px\" \/><\/div><\/a>\n\t\t\t\t<div class=\"elementor-post__badge\">Blog<\/div>\n\t\t\t\t<div class=\"elementor-post__text\">\n\t\t\t\t<h3 class=\"elementor-post__title\">\n\t\t\t<a href=\"https:\/\/www.adra.sk\/en\/dobrovolnictvo-gruzinsko\/\" target=&quot;_blank&quot;>\n\t\t\t\tAko vyzer\u00e1 dobrovo\u013en\u00edctvo v Gruz\u00ednsku\t\t\t<\/a>\n\t\t<\/h3>\n\t\t\t\t<div class=\"elementor-post__excerpt\">\n\t\t\t<p>Os\u00eddlie Tserovani sa nach\u00e1dza iba nieko\u013eko kilometrov od hlavn\u00e9ho mesta Gruz\u00ednska, Tbilisi. Pozost\u00e1va z 8008<\/p>\n\t\t<\/div>\n\t\t\t\t<\/div>\n\t\t\t\t<div class=\"elementor-post__meta-data\">\n\t\t\t\t\t<span class=\"elementor-post-date\">\n\t\t\tDecember 19, 2018\t\t<\/span>\n\t\t\t\t<\/div>\n\t\t\t\t\t<\/div>\n\t\t<\/article>\n\t\t\t\t<article class=\"elementor-post elementor-grid-item post-15832 post type-post status-publish format-standard has-post-thumbnail hentry category-blog category-novinky category-uncategorized\" role=\"listitem\">\n\t\t\t<div class=\"elementor-post__card\">\n\t\t\t\t<a class=\"elementor-post__thumbnail__link\" href=\"https:\/\/www.adra.sk\/en\/kit-reprezentuje\/\" tabindex=\"-1\" target=\"_blank\"><div class=\"elementor-post__thumbnail\"><img loading=\"lazy\" decoding=\"async\" width=\"300\" height=\"225\" src=\"https:\/\/www.adra.sk\/wp-content\/uploads\/2018\/12\/KIT-na-Sobote-s-adrou-2018-300x225.jpeg\" class=\"attachment-medium size-medium wp-image-15833\" alt=\"\" srcset=\"https:\/\/www.adra.sk\/wp-content\/uploads\/2018\/12\/KIT-na-Sobote-s-adrou-2018-300x225.jpeg 300w, https:\/\/www.adra.sk\/wp-content\/uploads\/2018\/12\/KIT-na-Sobote-s-adrou-2018-1024x768.jpeg 1024w, https:\/\/www.adra.sk\/wp-content\/uploads\/2018\/12\/KIT-na-Sobote-s-adrou-2018-768x576.jpeg 768w, https:\/\/www.adra.sk\/wp-content\/uploads\/2018\/12\/KIT-na-Sobote-s-adrou-2018-1536x1152.jpeg 1536w, https:\/\/www.adra.sk\/wp-content\/uploads\/2018\/12\/KIT-na-Sobote-s-adrou-2018-1000x750.jpeg 1000w, https:\/\/www.adra.sk\/wp-content\/uploads\/2018\/12\/KIT-na-Sobote-s-adrou-2018-2000x1500.jpeg 2000w, https:\/\/www.adra.sk\/wp-content\/uploads\/2018\/12\/KIT-na-Sobote-s-adrou-2018.jpeg 2048w\" sizes=\"(max-width: 300px) 100vw, 300px\" \/><\/div><\/a>\n\t\t\t\t<div class=\"elementor-post__badge\">Blog<\/div>\n\t\t\t\t<div class=\"elementor-post__text\">\n\t\t\t\t<h3 class=\"elementor-post__title\">\n\t\t\t<a href=\"https:\/\/www.adra.sk\/en\/kit-reprezentuje\/\" target=&quot;_blank&quot;>\n\t\t\t\tKIT re)prezentuje na vzdel\u00e1vac\u00edch podujatiach\t\t\t<\/a>\n\t\t<\/h3>\n\t\t\t\t<div class=\"elementor-post__excerpt\">\n\t\t\t<p>Medzi oblasti, ktor\u00e9 Kr\u00edzov\u00fd interven\u010dn\u00fd t\u00edm (KIT) zastre\u0161uje, patr\u00ed: kr\u00edzov\u00e1 intervencia; soci\u00e1lna rehabilit\u00e1cia a adapt\u00e1cia;<\/p>\n\t\t<\/div>\n\t\t\t\t<\/div>\n\t\t\t\t<div class=\"elementor-post__meta-data\">\n\t\t\t\t\t<span class=\"elementor-post-date\">\n\t\t\tDecember 14, 2018\t\t<\/span>\n\t\t\t\t<\/div>\n\t\t\t\t\t<\/div>\n\t\t<\/article>\n\t\t\t\t<article class=\"elementor-post elementor-grid-item post-15827 post type-post status-publish format-standard has-post-thumbnail hentry category-blog category-novinky category-uncategorized\" role=\"listitem\">\n\t\t\t<div class=\"elementor-post__card\">\n\t\t\t\t<a class=\"elementor-post__thumbnail__link\" href=\"https:\/\/www.adra.sk\/en\/70-rokov-deklaracie-ludskych-prav\/\" tabindex=\"-1\" target=\"_blank\"><div class=\"elementor-post__thumbnail\"><img loading=\"lazy\" decoding=\"async\" width=\"300\" height=\"300\" src=\"https:\/\/www.adra.sk\/wp-content\/uploads\/2018\/12\/70UDHR-FB-POST-300x300.png\" class=\"attachment-medium size-medium wp-image-15828\" alt=\"\" srcset=\"https:\/\/www.adra.sk\/wp-content\/uploads\/2018\/12\/70UDHR-FB-POST-300x300.png 300w, https:\/\/www.adra.sk\/wp-content\/uploads\/2018\/12\/70UDHR-FB-POST-1024x1024.png 1024w, https:\/\/www.adra.sk\/wp-content\/uploads\/2018\/12\/70UDHR-FB-POST-150x150.png 150w, https:\/\/www.adra.sk\/wp-content\/uploads\/2018\/12\/70UDHR-FB-POST-768x768.png 768w, https:\/\/www.adra.sk\/wp-content\/uploads\/2018\/12\/70UDHR-FB-POST-100x100.png 100w, https:\/\/www.adra.sk\/wp-content\/uploads\/2018\/12\/70UDHR-FB-POST.png 1500w\" sizes=\"(max-width: 300px) 100vw, 300px\" \/><\/div><\/a>\n\t\t\t\t<div class=\"elementor-post__badge\">Blog<\/div>\n\t\t\t\t<div class=\"elementor-post__text\">\n\t\t\t\t<h3 class=\"elementor-post__title\">\n\t\t\t<a href=\"https:\/\/www.adra.sk\/en\/70-rokov-deklaracie-ludskych-prav\/\" target=&quot;_blank&quot;>\n\t\t\t\tPrinc\u00edpy, zap\u00edsan\u00e9 vo V\u0161eobecnej deklar\u00e1cii \u013eudsk\u00fdch pr\u00e1v pred 70 rokmi, platia i dnes\t\t\t<\/a>\n\t\t<\/h3>\n\t\t\t\t<div class=\"elementor-post__excerpt\">\n\t\t\t<p>Vedeli ste, \u017ee V\u0161eobecn\u00e1 deklar\u00e1cia \u013eudsk\u00fdch pr\u00e1v existuje vo vy\u0161e 500 jazykoch (vr\u00e1tane sloven\u010diny), a<\/p>\n\t\t<\/div>\n\t\t\t\t<\/div>\n\t\t\t\t<div class=\"elementor-post__meta-data\">\n\t\t\t\t\t<span class=\"elementor-post-date\">\n\t\t\tDecember 10, 2018\t\t<\/span>\n\t\t\t\t<\/div>\n\t\t\t\t\t<\/div>\n\t\t<\/article>\n\t\t\t\t<article class=\"elementor-post elementor-grid-item post-15805 post type-post status-publish format-standard has-post-thumbnail hentry category-novinky category-uncategorized\" role=\"listitem\">\n\t\t\t<div class=\"elementor-post__card\">\n\t\t\t\t<a class=\"elementor-post__thumbnail__link\" href=\"https:\/\/www.adra.sk\/en\/sobota-s-adrou-2018\/\" tabindex=\"-1\" target=\"_blank\"><div class=\"elementor-post__thumbnail\"><img loading=\"lazy\" decoding=\"async\" width=\"300\" height=\"300\" src=\"https:\/\/www.adra.sk\/wp-content\/uploads\/2018\/12\/somtocosmiemFB_sobota_adra-300x300.png\" class=\"attachment-medium size-medium wp-image-15806\" alt=\"\" srcset=\"https:\/\/www.adra.sk\/wp-content\/uploads\/2018\/12\/somtocosmiemFB_sobota_adra-300x300.png 300w, https:\/\/www.adra.sk\/wp-content\/uploads\/2018\/12\/somtocosmiemFB_sobota_adra-150x150.png 150w, https:\/\/www.adra.sk\/wp-content\/uploads\/2018\/12\/somtocosmiemFB_sobota_adra-768x768.png 768w, https:\/\/www.adra.sk\/wp-content\/uploads\/2018\/12\/somtocosmiemFB_sobota_adra-100x100.png 100w, https:\/\/www.adra.sk\/wp-content\/uploads\/2018\/12\/somtocosmiemFB_sobota_adra.png 850w\" sizes=\"(max-width: 300px) 100vw, 300px\" \/><\/div><\/a>\n\t\t\t\t<div class=\"elementor-post__badge\">Novinky<\/div>\n\t\t\t\t<div class=\"elementor-post__text\">\n\t\t\t\t<h3 class=\"elementor-post__title\">\n\t\t\t<a href=\"https:\/\/www.adra.sk\/en\/sobota-s-adrou-2018\/\" target=&quot;_blank&quot;>\n\t\t\t\tSobota s &#8222;adrou&#8220; tento rok na t\u00e9mu: vz\u0165ahy a n\u00e1silie\t\t\t<\/a>\n\t\t<\/h3>\n\t\t\t\t<div class=\"elementor-post__excerpt\">\n\t\t\t<p>Cel\u00fd tento rok oslavujeme 25 rokov existencie na\u0161ej humanit\u00e1rnej a rozvojovej organiz\u00e1cie ADRA Slovensko. Po\u010das<\/p>\n\t\t<\/div>\n\t\t\t\t<\/div>\n\t\t\t\t<div class=\"elementor-post__meta-data\">\n\t\t\t\t\t<span class=\"elementor-post-date\">\n\t\t\tDecember 5, 2018\t\t<\/span>\n\t\t\t\t<\/div>\n\t\t\t\t\t<\/div>\n\t\t<\/article>\n\t\t\t\t<article class=\"elementor-post elementor-grid-item post-15801 post type-post status-publish format-standard has-post-thumbnail hentry category-vo-svete tag-dobrovolnictvo tag-hva\" role=\"listitem\">\n\t\t\t<div class=\"elementor-post__card\">\n\t\t\t\t<a class=\"elementor-post__thumbnail__link\" href=\"https:\/\/www.adra.sk\/en\/adra-vecer-a-kapustnica-2018\/\" tabindex=\"-1\" target=\"_blank\"><div class=\"elementor-post__thumbnail\"><img loading=\"lazy\" decoding=\"async\" width=\"300\" height=\"200\" src=\"https:\/\/www.adra.sk\/wp-content\/uploads\/2018\/11\/atmo-ADRA-kapustnice-300x200.jpg\" class=\"attachment-medium size-medium wp-image-15802\" alt=\"\" srcset=\"https:\/\/www.adra.sk\/wp-content\/uploads\/2018\/11\/atmo-ADRA-kapustnice-300x200.jpg 300w, https:\/\/www.adra.sk\/wp-content\/uploads\/2018\/11\/atmo-ADRA-kapustnice-1024x684.jpg 1024w, https:\/\/www.adra.sk\/wp-content\/uploads\/2018\/11\/atmo-ADRA-kapustnice-768x513.jpg 768w, https:\/\/www.adra.sk\/wp-content\/uploads\/2018\/11\/atmo-ADRA-kapustnice-1536x1025.jpg 1536w, https:\/\/www.adra.sk\/wp-content\/uploads\/2018\/11\/atmo-ADRA-kapustnice-2048x1367.jpg 2048w, https:\/\/www.adra.sk\/wp-content\/uploads\/2018\/11\/atmo-ADRA-kapustnice-2000x1335.jpg 2000w\" sizes=\"(max-width: 300px) 100vw, 300px\" \/><\/div><\/a>\n\t\t\t\t<div class=\"elementor-post__badge\">Vo svete<\/div>\n\t\t\t\t<div class=\"elementor-post__text\">\n\t\t\t\t<h3 class=\"elementor-post__title\">\n\t\t\t<a href=\"https:\/\/www.adra.sk\/en\/adra-vecer-a-kapustnica-2018\/\" target=&quot;_blank&quot;>\n\t\t\t\tPozv\u00e1nka na ADRA ve\u010der o dobrovo\u013en\u00edctve a viano\u010dn\u00fa kapustnicu\t\t\t<\/a>\n\t\t<\/h3>\n\t\t\t\t<div class=\"elementor-post__excerpt\">\n\t\t\t<p>Tento rok sme sa rozhodli pred Vianocami vyjs\u0165 v \u00fastrety va\u0161im preplnen\u00fdm kalend\u00e1rom a posp\u00e1ja\u0165<\/p>\n\t\t<\/div>\n\t\t\t\t<\/div>\n\t\t\t\t<div class=\"elementor-post__meta-data\">\n\t\t\t\t\t<span class=\"elementor-post-date\">\n\t\t\tNovember 27, 2018\t\t<\/span>\n\t\t\t\t<\/div>\n\t\t\t\t\t<\/div>\n\t\t<\/article>\n\t\t\t\t<article class=\"elementor-post elementor-grid-item post-15799 post type-post status-publish format-standard has-post-thumbnail hentry category-novinky category-uncategorized\" role=\"listitem\">\n\t\t\t<div class=\"elementor-post__card\">\n\t\t\t\t<a class=\"elementor-post__thumbnail__link\" href=\"https:\/\/www.adra.sk\/en\/podporte-adra-kit-giving-tuesday\/\" tabindex=\"-1\" target=\"_blank\"><div class=\"elementor-post__thumbnail\"><img loading=\"lazy\" decoding=\"async\" width=\"300\" height=\"300\" src=\"https:\/\/www.adra.sk\/wp-content\/uploads\/2020\/11\/1FBpost_KIT_adragivingtuesday-300x300.png\" class=\"attachment-medium size-medium wp-image-15797\" alt=\"\" srcset=\"https:\/\/www.adra.sk\/wp-content\/uploads\/2020\/11\/1FBpost_KIT_adragivingtuesday-300x300.png 300w, https:\/\/www.adra.sk\/wp-content\/uploads\/2020\/11\/1FBpost_KIT_adragivingtuesday-1024x1024.png 1024w, https:\/\/www.adra.sk\/wp-content\/uploads\/2020\/11\/1FBpost_KIT_adragivingtuesday-150x150.png 150w, https:\/\/www.adra.sk\/wp-content\/uploads\/2020\/11\/1FBpost_KIT_adragivingtuesday-768x768.png 768w, https:\/\/www.adra.sk\/wp-content\/uploads\/2020\/11\/1FBpost_KIT_adragivingtuesday-1536x1536.png 1536w, https:\/\/www.adra.sk\/wp-content\/uploads\/2020\/11\/1FBpost_KIT_adragivingtuesday-2048x2048.png 2048w, https:\/\/www.adra.sk\/wp-content\/uploads\/2020\/11\/1FBpost_KIT_adragivingtuesday-2000x2000.png 2000w, https:\/\/www.adra.sk\/wp-content\/uploads\/2020\/11\/1FBpost_KIT_adragivingtuesday-100x100.png 100w\" sizes=\"(max-width: 300px) 100vw, 300px\" \/><\/div><\/a>\n\t\t\t\t<div class=\"elementor-post__badge\">Novinky<\/div>\n\t\t\t\t<div class=\"elementor-post__text\">\n\t\t\t\t<h3 class=\"elementor-post__title\">\n\t\t\t<a href=\"https:\/\/www.adra.sk\/en\/podporte-adra-kit-giving-tuesday\/\" target=&quot;_blank&quot;>\n\t\t\t\tPodporte n\u00e1\u0161 ADRA KIT v kampani Giving Tuesday\t\t\t<\/a>\n\t\t<\/h3>\n\t\t\t\t<div class=\"elementor-post__excerpt\">\n\t\t\t<p>I tento rok sa na Slovensku uskuto\u010dn\u00ed glob\u00e1lna charitat\u00edvna kampa\u0148 #GivingTuesday! V utorok (27. novembra)<\/p>\n\t\t<\/div>\n\t\t\t\t<\/div>\n\t\t\t\t<div class=\"elementor-post__meta-data\">\n\t\t\t\t\t<span class=\"elementor-post-date\">\n\t\t\tNovember 26, 2018\t\t<\/span>\n\t\t\t\t<\/div>\n\t\t\t\t\t<\/div>\n\t\t<\/article>\n\t\t\t\t<article class=\"elementor-post elementor-grid-item post-15816 post type-post status-publish format-standard has-post-thumbnail hentry category-blog category-novinky category-uncategorized\" role=\"listitem\">\n\t\t\t<div class=\"elementor-post__card\">\n\t\t\t\t<a class=\"elementor-post__thumbnail__link\" href=\"https:\/\/www.adra.sk\/en\/kit-na-odbornych-diskusiach-a-vzdelavacich-podujatiach\/\" tabindex=\"-1\" target=\"_blank\"><div class=\"elementor-post__thumbnail\"><img loading=\"lazy\" decoding=\"async\" width=\"300\" height=\"200\" src=\"https:\/\/www.adra.sk\/wp-content\/uploads\/2018\/11\/46499232_2173395016046490_5464074805768617984_o-300x200.jpg\" class=\"attachment-medium size-medium wp-image-15817\" alt=\"\" srcset=\"https:\/\/www.adra.sk\/wp-content\/uploads\/2018\/11\/46499232_2173395016046490_5464074805768617984_o-300x200.jpg 300w, https:\/\/www.adra.sk\/wp-content\/uploads\/2018\/11\/46499232_2173395016046490_5464074805768617984_o-1024x682.jpg 1024w, https:\/\/www.adra.sk\/wp-content\/uploads\/2018\/11\/46499232_2173395016046490_5464074805768617984_o-768x512.jpg 768w, https:\/\/www.adra.sk\/wp-content\/uploads\/2018\/11\/46499232_2173395016046490_5464074805768617984_o-1536x1024.jpg 1536w, https:\/\/www.adra.sk\/wp-content\/uploads\/2018\/11\/46499232_2173395016046490_5464074805768617984_o.jpg 2000w\" sizes=\"(max-width: 300px) 100vw, 300px\" \/><\/div><\/a>\n\t\t\t\t<div class=\"elementor-post__badge\">Blog<\/div>\n\t\t\t\t<div class=\"elementor-post__text\">\n\t\t\t\t<h3 class=\"elementor-post__title\">\n\t\t\t<a href=\"https:\/\/www.adra.sk\/en\/kit-na-odbornych-diskusiach-a-vzdelavacich-podujatiach\/\" target=&quot;_blank&quot;>\n\t\t\t\tKIT NA ODBORN\u00ddCH DISKUSI\u00c1CH A VZDEL\u00c1VAC\u00cdCH PODUJATIACH\t\t\t<\/a>\n\t\t<\/h3>\n\t\t\t\t<div class=\"elementor-post__excerpt\">\n\t\t\t<p>Na\u0161e expertky z Kr\u00edzov\u00e9ho interven\u010dn\u00e9ho t\u00edmu (KIT) sa okrem komplexnej pomoci obetiam dom\u00e1ceho a sexu\u00e1lneho<\/p>\n\t\t<\/div>\n\t\t\t\t<\/div>\n\t\t\t\t<div class=\"elementor-post__meta-data\">\n\t\t\t\t\t<span class=\"elementor-post-date\">\n\t\t\tNovember 26, 2018\t\t<\/span>\n\t\t\t\t<\/div>\n\t\t\t\t\t<\/div>\n\t\t<\/article>\n\t\t\t\t<article class=\"elementor-post elementor-grid-item post-15814 post type-post status-publish format-standard has-post-thumbnail hentry category-blog category-novinky category-uncategorized\" role=\"listitem\">\n\t\t\t<div class=\"elementor-post__card\">\n\t\t\t\t<a class=\"elementor-post__thumbnail__link\" href=\"https:\/\/www.adra.sk\/en\/16-dni-aktivizmu-proti-nasiliu\/\" tabindex=\"-1\" target=\"_blank\"><div class=\"elementor-post__thumbnail\"><img loading=\"lazy\" decoding=\"async\" width=\"300\" height=\"114\" src=\"https:\/\/www.adra.sk\/wp-content\/uploads\/2018\/11\/16-dni-banner-300x114.jpg\" class=\"attachment-medium size-medium wp-image-15815\" alt=\"\" srcset=\"https:\/\/www.adra.sk\/wp-content\/uploads\/2018\/11\/16-dni-banner-300x114.jpg 300w, https:\/\/www.adra.sk\/wp-content\/uploads\/2018\/11\/16-dni-banner-768x292.jpg 768w, https:\/\/www.adra.sk\/wp-content\/uploads\/2018\/11\/16-dni-banner.jpg 828w\" sizes=\"(max-width: 300px) 100vw, 300px\" \/><\/div><\/a>\n\t\t\t\t<div class=\"elementor-post__badge\">Blog<\/div>\n\t\t\t\t<div class=\"elementor-post__text\">\n\t\t\t\t<h3 class=\"elementor-post__title\">\n\t\t\t<a href=\"https:\/\/www.adra.sk\/en\/16-dni-aktivizmu-proti-nasiliu\/\" target=&quot;_blank&quot;>\n\t\t\t\t16 dn\u00ed aktivizmu proti n\u00e1siliu na \u017een\u00e1ch s podtitulom: #HearMeToo\t\t\t<\/a>\n\t\t<\/h3>\n\t\t\t\t<div class=\"elementor-post__excerpt\">\n\t\t\t<p>Za\u010diatok celosvetovej kampane \u201816 dn\u00ed aktivizmu proti n\u00e1siliu na \u017een\u00e1ch\u2019 ka\u017edoro\u010dne pripad\u00e1 na 25. November<\/p>\n\t\t<\/div>\n\t\t\t\t<\/div>\n\t\t\t\t<div class=\"elementor-post__meta-data\">\n\t\t\t\t\t<span class=\"elementor-post-date\">\n\t\t\tNovember 25, 2018\t\t<\/span>\n\t\t\t\t<\/div>\n\t\t\t\t\t<\/div>\n\t\t<\/article>\n\t\t\t\t<article class=\"elementor-post elementor-grid-item post-15813 post type-post status-publish format-standard has-post-thumbnail hentry category-blog category-novinky category-uncategorized\" role=\"listitem\">\n\t\t\t<div class=\"elementor-post__card\">\n\t\t\t\t<a class=\"elementor-post__thumbnail__link\" href=\"https:\/\/www.adra.sk\/en\/spolupraca-fsev-a-adra\/\" tabindex=\"-1\" target=\"_blank\"><div class=\"elementor-post__thumbnail\"><img loading=\"lazy\" decoding=\"async\" width=\"300\" height=\"300\" src=\"https:\/\/www.adra.sk\/wp-content\/uploads\/2020\/11\/CHS_Diagram-300x300.jpg\" class=\"attachment-medium size-medium wp-image-15811\" alt=\"\" srcset=\"https:\/\/www.adra.sk\/wp-content\/uploads\/2020\/11\/CHS_Diagram-300x300.jpg 300w, https:\/\/www.adra.sk\/wp-content\/uploads\/2020\/11\/CHS_Diagram-150x150.jpg 150w, https:\/\/www.adra.sk\/wp-content\/uploads\/2020\/11\/CHS_Diagram-768x768.jpg 768w, https:\/\/www.adra.sk\/wp-content\/uploads\/2020\/11\/CHS_Diagram-100x100.jpg 100w, https:\/\/www.adra.sk\/wp-content\/uploads\/2020\/11\/CHS_Diagram.jpg 1000w\" sizes=\"(max-width: 300px) 100vw, 300px\" \/><\/div><\/a>\n\t\t\t\t<div class=\"elementor-post__badge\">Blog<\/div>\n\t\t\t\t<div class=\"elementor-post__text\">\n\t\t\t\t<h3 class=\"elementor-post__title\">\n\t\t\t<a href=\"https:\/\/www.adra.sk\/en\/spolupraca-fsev-a-adra\/\" target=&quot;_blank&quot;>\n\t\t\t\tSemin\u00e1r o \u013eudsk\u00fdch pr\u00e1vach v oblasti humanit\u00e1rnej pomoci (ako v\u00fdsledok spolupr\u00e1ce ADRA SR a FSEV UK)\t\t\t<\/a>\n\t\t<\/h3>\n\t\t\t\t<div class=\"elementor-post__excerpt\">\n\t\t\t<p>V\u00a0novembri bolo v\u00a0Bratislave podp\u00edsan\u00e9 Memorandum o\u00a0spolupr\u00e1ci (MoU) medzi na\u0161ou organiz\u00e1ciou ADRA Slovensko a\u00a0najmlad\u0161ou fakultou Univerzity<\/p>\n\t\t<\/div>\n\t\t\t\t<\/div>\n\t\t\t\t<div class=\"elementor-post__meta-data\">\n\t\t\t\t\t<span class=\"elementor-post-date\">\n\t\t\tNovember 23, 2018\t\t<\/span>\n\t\t\t\t<\/div>\n\t\t\t\t\t<\/div>\n\t\t<\/article>\n\t\t\t\t<article class=\"elementor-post elementor-grid-item post-15808 post type-post status-publish format-standard has-post-thumbnail hentry category-blog category-novinky category-uncategorized\" role=\"listitem\">\n\t\t\t<div class=\"elementor-post__card\">\n\t\t\t\t<a class=\"elementor-post__thumbnail__link\" href=\"https:\/\/www.adra.sk\/en\/globalny_kompakt_o_migracii\/\" tabindex=\"-1\" target=\"_blank\"><div class=\"elementor-post__thumbnail\"><img loading=\"lazy\" decoding=\"async\" width=\"300\" height=\"101\" src=\"https:\/\/www.adra.sk\/wp-content\/uploads\/2018\/11\/globalny-kompakt-300x101.jpg\" class=\"attachment-medium size-medium wp-image-15809\" alt=\"\" srcset=\"https:\/\/www.adra.sk\/wp-content\/uploads\/2018\/11\/globalny-kompakt-300x101.jpg 300w, https:\/\/www.adra.sk\/wp-content\/uploads\/2018\/11\/globalny-kompakt-1024x346.jpg 1024w, https:\/\/www.adra.sk\/wp-content\/uploads\/2018\/11\/globalny-kompakt-768x259.jpg 768w, https:\/\/www.adra.sk\/wp-content\/uploads\/2018\/11\/globalny-kompakt.jpg 1280w\" sizes=\"(max-width: 300px) 100vw, 300px\" \/><\/div><\/a>\n\t\t\t\t<div class=\"elementor-post__badge\">Blog<\/div>\n\t\t\t\t<div class=\"elementor-post__text\">\n\t\t\t\t<h3 class=\"elementor-post__title\">\n\t\t\t<a href=\"https:\/\/www.adra.sk\/en\/globalny_kompakt_o_migracii\/\" target=&quot;_blank&quot;>\n\t\t\t\tZa Glob\u00e1lnym kompaktom o migr\u00e1cii netreba h\u013eada\u0165 komplot\t\t\t<\/a>\n\t\t<\/h3>\n\t\t\t\t<div class=\"elementor-post__excerpt\">\n\t\t\t<p>Migr\u00e1cia je celospolo\u010densk\u00e1 t\u00e9ma. Ak hovor\u00edme o prijat\u00ed Glob\u00e1lneho r\u00e1mca o bezpe\u010dnej, riadenej a leg\u00e1lnej<\/p>\n\t\t<\/div>\n\t\t\t\t<\/div>\n\t\t\t\t<div class=\"elementor-post__meta-data\">\n\t\t\t\t\t<span class=\"elementor-post-date\">\n\t\t\tNovember 21, 2018\t\t<\/span>\n\t\t\t\t<\/div>\n\t\t\t\t\t<\/div>\n\t\t<\/article>\n\t\t\t\t<article class=\"elementor-post elementor-grid-item post-15822 post type-post status-publish format-standard has-post-thumbnail hentry category-blog category-novinky category-uncategorized\" role=\"listitem\">\n\t\t\t<div class=\"elementor-post__card\">\n\t\t\t\t<a class=\"elementor-post__thumbnail__link\" href=\"https:\/\/www.adra.sk\/en\/poznat_motivacie_dobrovolnikov\/\" tabindex=\"-1\" target=\"_blank\"><div class=\"elementor-post__thumbnail\"><img loading=\"lazy\" decoding=\"async\" width=\"300\" height=\"173\" src=\"https:\/\/www.adra.sk\/wp-content\/uploads\/2018\/11\/interview-with-a-candidate-300x173.jpg\" class=\"attachment-medium size-medium wp-image-15823\" alt=\"\" srcset=\"https:\/\/www.adra.sk\/wp-content\/uploads\/2018\/11\/interview-with-a-candidate-300x173.jpg 300w, https:\/\/www.adra.sk\/wp-content\/uploads\/2018\/11\/interview-with-a-candidate-768x442.jpg 768w, https:\/\/www.adra.sk\/wp-content\/uploads\/2018\/11\/interview-with-a-candidate.jpg 800w\" sizes=\"(max-width: 300px) 100vw, 300px\" \/><\/div><\/a>\n\t\t\t\t<div class=\"elementor-post__badge\">Blog<\/div>\n\t\t\t\t<div class=\"elementor-post__text\">\n\t\t\t\t<h3 class=\"elementor-post__title\">\n\t\t\t<a href=\"https:\/\/www.adra.sk\/en\/poznat_motivacie_dobrovolnikov\/\" target=&quot;_blank&quot;>\n\t\t\t\tPozna\u0165 motiv\u00e1cie humanit\u00e1rnych dobrovo\u013en\u00edkov pred odchodom na misiu\t\t\t<\/a>\n\t\t<\/h3>\n\t\t\t\t<div class=\"elementor-post__excerpt\">\n\t\t\t<p>Slovensko sa zapojilo do programu vysielania humanit\u00e1rnych dobrovo\u013en\u00edkov a\u00a0dobrovo\u013en\u00ed\u010dok pod hlavi\u010dkou \u201eEU Aid volunteers\u201c, a\u00a0tak<\/p>\n\t\t<\/div>\n\t\t\t\t<\/div>\n\t\t\t\t<div class=\"elementor-post__meta-data\">\n\t\t\t\t\t<span class=\"elementor-post-date\">\n\t\t\tNovember 10, 2018\t\t<\/span>\n\t\t\t\t<\/div>\n\t\t\t\t\t<\/div>\n\t\t<\/article>\n\t\t\t\t<article class=\"elementor-post elementor-grid-item post-20519 post type-post status-publish format-standard has-post-thumbnail hentry category-vo-svete tag-dobrovolnictvo tag-hva\" role=\"listitem\">\n\t\t\t<div class=\"elementor-post__card\">\n\t\t\t\t<a class=\"elementor-post__thumbnail__link\" href=\"https:\/\/www.adra.sk\/en\/budovanie-kapacit-prostrednictvom-projektu-humanitarni-dobrovolnici-v-akcii\/\" tabindex=\"-1\" target=\"_blank\"><div class=\"elementor-post__thumbnail\"><img loading=\"lazy\" decoding=\"async\" width=\"300\" height=\"124\" src=\"https:\/\/www.adra.sk\/wp-content\/uploads\/2021\/04\/FOTO-28-e1618169474939-300x124.jpg\" class=\"attachment-medium size-medium wp-image-20521\" alt=\"\" srcset=\"https:\/\/www.adra.sk\/wp-content\/uploads\/2021\/04\/FOTO-28-e1618169474939-300x124.jpg 300w, https:\/\/www.adra.sk\/wp-content\/uploads\/2021\/04\/FOTO-28-e1618169474939-768x317.jpg 768w, https:\/\/www.adra.sk\/wp-content\/uploads\/2021\/04\/FOTO-28-e1618169474939-16x7.jpg 16w, https:\/\/www.adra.sk\/wp-content\/uploads\/2021\/04\/FOTO-28-e1618169474939.jpg 960w\" sizes=\"(max-width: 300px) 100vw, 300px\" \/><\/div><\/a>\n\t\t\t\t<div class=\"elementor-post__badge\">Vo svete<\/div>\n\t\t\t\t<div class=\"elementor-post__text\">\n\t\t\t\t<h3 class=\"elementor-post__title\">\n\t\t\t<a href=\"https:\/\/www.adra.sk\/en\/budovanie-kapacit-prostrednictvom-projektu-humanitarni-dobrovolnici-v-akcii\/\" target=&quot;_blank&quot;>\n\t\t\t\tBudovanie kapac\u00edt prostredn\u00edctvom projektu \u201eHumanit\u00e1rni dobrovo\u013en\u00edci v akcii\u201c\t\t\t<\/a>\n\t\t<\/h3>\n\t\t\t\t<div class=\"elementor-post__excerpt\">\n\t\t\t<p>&nbsp;<\/p>\n\t\t<\/div>\n\t\t\t\t<\/div>\n\t\t\t\t<div class=\"elementor-post__meta-data\">\n\t\t\t\t\t<span class=\"elementor-post-date\">\n\t\t\tNovember 1, 2018\t\t<\/span>\n\t\t\t\t<\/div>\n\t\t\t\t\t<\/div>\n\t\t<\/article>\n\t\t\t\t<article class=\"elementor-post elementor-grid-item post-15819 post type-post status-publish format-standard has-post-thumbnail hentry category-blog category-novinky category-uncategorized\" role=\"listitem\">\n\t\t\t<div class=\"elementor-post__card\">\n\t\t\t\t<a class=\"elementor-post__thumbnail__link\" href=\"https:\/\/www.adra.sk\/en\/dolezity_manazment_dobrovolnikov\/\" tabindex=\"-1\" target=\"_blank\"><div class=\"elementor-post__thumbnail\"><img loading=\"lazy\" decoding=\"async\" width=\"300\" height=\"225\" src=\"https:\/\/www.adra.sk\/wp-content\/uploads\/2018\/10\/adra-na-hvm-trnngu-300x225.jpg\" class=\"attachment-medium size-medium wp-image-15820\" alt=\"\" srcset=\"https:\/\/www.adra.sk\/wp-content\/uploads\/2018\/10\/adra-na-hvm-trnngu-300x225.jpg 300w, https:\/\/www.adra.sk\/wp-content\/uploads\/2018\/10\/adra-na-hvm-trnngu-1024x768.jpg 1024w, https:\/\/www.adra.sk\/wp-content\/uploads\/2018\/10\/adra-na-hvm-trnngu-768x576.jpg 768w, https:\/\/www.adra.sk\/wp-content\/uploads\/2018\/10\/adra-na-hvm-trnngu-1536x1152.jpg 1536w, https:\/\/www.adra.sk\/wp-content\/uploads\/2018\/10\/adra-na-hvm-trnngu-2048x1536.jpg 2048w, https:\/\/www.adra.sk\/wp-content\/uploads\/2018\/10\/adra-na-hvm-trnngu-1000x750.jpg 1000w, https:\/\/www.adra.sk\/wp-content\/uploads\/2018\/10\/adra-na-hvm-trnngu-2000x1500.jpg 2000w\" sizes=\"(max-width: 300px) 100vw, 300px\" \/><\/div><\/a>\n\t\t\t\t<div class=\"elementor-post__badge\">Blog<\/div>\n\t\t\t\t<div class=\"elementor-post__text\">\n\t\t\t\t<h3 class=\"elementor-post__title\">\n\t\t\t<a href=\"https:\/\/www.adra.sk\/en\/dolezity_manazment_dobrovolnikov\/\" target=&quot;_blank&quot;>\n\t\t\t\tPre\u010do je d\u00f4le\u017eit\u00fd mana\u017ement humanit\u00e1rnych dobrovo\u013en\u00edkov a dobrovo\u013en\u00ed\u010dok\t\t\t<\/a>\n\t\t<\/h3>\n\t\t\t\t<div class=\"elementor-post__excerpt\">\n\t\t\t<p>Ned\u00e1vno z\u00edskala ADRA Slovensko certifik\u00e1t od Eur\u00f3pskej komisie na vysielanie humanit\u00e1rnych dobrovo\u013en\u00edkov a dobrovo\u013en\u00ed\u010dok cez<\/p>\n\t\t<\/div>\n\t\t\t\t<\/div>\n\t\t\t\t<div class=\"elementor-post__meta-data\">\n\t\t\t\t\t<span class=\"elementor-post-date\">\n\t\t\tOctober 30, 2018\t\t<\/span>\n\t\t\t\t<\/div>\n\t\t\t\t\t<\/div>\n\t\t<\/article>\n\t\t\t\t<article class=\"elementor-post elementor-grid-item post-15793 post type-post status-publish format-standard has-post-thumbnail hentry category-blog category-novinky category-uncategorized\" role=\"listitem\">\n\t\t\t<div class=\"elementor-post__card\">\n\t\t\t\t<a class=\"elementor-post__thumbnail__link\" href=\"https:\/\/www.adra.sk\/en\/kritickym_myslenim_proti_dezinformaciam\/\" tabindex=\"-1\" target=\"_blank\"><div class=\"elementor-post__thumbnail\"><img loading=\"lazy\" decoding=\"async\" width=\"300\" height=\"225\" src=\"https:\/\/www.adra.sk\/wp-content\/uploads\/2018\/10\/kriticke-300x225.jpg\" class=\"attachment-medium size-medium wp-image-15794\" alt=\"\" srcset=\"https:\/\/www.adra.sk\/wp-content\/uploads\/2018\/10\/kriticke-300x225.jpg 300w, https:\/\/www.adra.sk\/wp-content\/uploads\/2018\/10\/kriticke-1024x767.jpg 1024w, https:\/\/www.adra.sk\/wp-content\/uploads\/2018\/10\/kriticke-768x576.jpg 768w, https:\/\/www.adra.sk\/wp-content\/uploads\/2018\/10\/kriticke-1000x750.jpg 1000w, https:\/\/www.adra.sk\/wp-content\/uploads\/2018\/10\/kriticke.jpg 1201w\" sizes=\"(max-width: 300px) 100vw, 300px\" \/><\/div><\/a>\n\t\t\t\t<div class=\"elementor-post__badge\">Blog<\/div>\n\t\t\t\t<div class=\"elementor-post__text\">\n\t\t\t\t<h3 class=\"elementor-post__title\">\n\t\t\t<a href=\"https:\/\/www.adra.sk\/en\/kritickym_myslenim_proti_dezinformaciam\/\" target=&quot;_blank&quot;>\n\t\t\t\tKe\u010f kritick\u00e9 myslenie pom\u00e1ha \u010deli\u0165 dezinform\u00e1ci\u00e1m\t\t\t<\/a>\n\t\t<\/h3>\n\t\t\t\t<div class=\"elementor-post__excerpt\">\n\t\t\t<p>Vedeli ste, \u017ee deti a ml\u00e1de\u017e vo Ve\u013ekej Brit\u00e1nii str\u00e1via viac hod\u00edn denne pred telev\u00edznymi<\/p>\n\t\t<\/div>\n\t\t\t\t<\/div>\n\t\t\t\t<div class=\"elementor-post__meta-data\">\n\t\t\t\t\t<span class=\"elementor-post-date\">\n\t\t\tOctober 15, 2018\t\t<\/span>\n\t\t\t\t<\/div>\n\t\t\t\t\t<\/div>\n\t\t<\/article>\n\t\t\t\t<article class=\"elementor-post elementor-grid-item post-15787 post type-post status-publish format-standard has-post-thumbnail hentry category-blog category-novinky category-uncategorized\" role=\"listitem\">\n\t\t\t<div class=\"elementor-post__card\">\n\t\t\t\t<a class=\"elementor-post__thumbnail__link\" href=\"https:\/\/www.adra.sk\/en\/podpora-adra-kitu\/\" tabindex=\"-1\" target=\"_blank\"><div class=\"elementor-post__thumbnail\"><img loading=\"lazy\" decoding=\"async\" width=\"300\" height=\"225\" src=\"https:\/\/www.adra.sk\/wp-content\/uploads\/2018\/10\/iluKIT-300x225.jpg\" class=\"attachment-medium size-medium wp-image-15788\" alt=\"\" srcset=\"https:\/\/www.adra.sk\/wp-content\/uploads\/2018\/10\/iluKIT-300x225.jpg 300w, https:\/\/www.adra.sk\/wp-content\/uploads\/2018\/10\/iluKIT-768x576.jpg 768w, https:\/\/www.adra.sk\/wp-content\/uploads\/2018\/10\/iluKIT.jpg 800w\" sizes=\"(max-width: 300px) 100vw, 300px\" \/><\/div><\/a>\n\t\t\t\t<div class=\"elementor-post__badge\">Blog<\/div>\n\t\t\t\t<div class=\"elementor-post__text\">\n\t\t\t\t<h3 class=\"elementor-post__title\">\n\t\t\t<a href=\"https:\/\/www.adra.sk\/en\/podpora-adra-kitu\/\" target=&quot;_blank&quot;>\n\t\t\t\tMesiac be\u017e\u00ed kampa\u0148 D\u00f4stojn\u00fd \u017eivot na podporu fungovania ADRA KIT-u\t\t\t<\/a>\n\t\t<\/h3>\n\t\t\t\t<div class=\"elementor-post__excerpt\">\n\t\t\t<p>\u0160tart kampane \u201eD\u00f4stojn\u00fd \u017eivot\u201c na prelome mesiacov august\/september spo\u010d\u00edval v\u00a0spusten\u00ed samostatnej str\u00e1nky a\u00a0nakr\u00faten\u00ed video-rozhovoru s\u00a0troma<\/p>\n\t\t<\/div>\n\t\t\t\t<\/div>\n\t\t\t\t<div class=\"elementor-post__meta-data\">\n\t\t\t\t\t<span class=\"elementor-post-date\">\n\t\t\tOctober 5, 2018\t\t<\/span>\n\t\t\t\t<\/div>\n\t\t\t\t\t<\/div>\n\t\t<\/article>\n\t\t\t\t<article class=\"elementor-post elementor-grid-item post-15783 post type-post status-publish format-standard has-post-thumbnail hentry category-blog category-novinky category-uncategorized\" role=\"listitem\">\n\t\t\t<div class=\"elementor-post__card\">\n\t\t\t\t<a class=\"elementor-post__thumbnail__link\" href=\"https:\/\/www.adra.sk\/en\/tyzden_dobrovolnictva\/\" tabindex=\"-1\" target=\"_blank\"><div class=\"elementor-post__thumbnail\"><img loading=\"lazy\" decoding=\"async\" width=\"300\" height=\"175\" src=\"https:\/\/www.adra.sk\/wp-content\/uploads\/2018\/10\/41751551_2078136562239003_6453067806802968576_o-300x175.jpg\" class=\"attachment-medium size-medium wp-image-15784\" alt=\"\" srcset=\"https:\/\/www.adra.sk\/wp-content\/uploads\/2018\/10\/41751551_2078136562239003_6453067806802968576_o-300x175.jpg 300w, https:\/\/www.adra.sk\/wp-content\/uploads\/2018\/10\/41751551_2078136562239003_6453067806802968576_o-1024x598.jpg 1024w, https:\/\/www.adra.sk\/wp-content\/uploads\/2018\/10\/41751551_2078136562239003_6453067806802968576_o-768x448.jpg 768w, https:\/\/www.adra.sk\/wp-content\/uploads\/2018\/10\/41751551_2078136562239003_6453067806802968576_o-1536x896.jpg 1536w, https:\/\/www.adra.sk\/wp-content\/uploads\/2018\/10\/41751551_2078136562239003_6453067806802968576_o.jpg 1967w\" sizes=\"(max-width: 300px) 100vw, 300px\" \/><\/div><\/a>\n\t\t\t\t<div class=\"elementor-post__badge\">Blog<\/div>\n\t\t\t\t<div class=\"elementor-post__text\">\n\t\t\t\t<h3 class=\"elementor-post__title\">\n\t\t\t<a href=\"https:\/\/www.adra.sk\/en\/tyzden_dobrovolnictva\/\" target=&quot;_blank&quot;>\n\t\t\t\tADRA Slovensko \u017eije dobrovo\u013en\u00edctvom nielen po\u010das T\u00fd\u017ed\u0148a dobrovo\u013en\u00edctva\t\t\t<\/a>\n\t\t<\/h3>\n\t\t\t\t<div class=\"elementor-post__excerpt\">\n\t\t\t<p>Na\u0161a organiz\u00e1cia sa dlhodobo venuje dobrovo\u013en\u00ed\u010deniu a budovaniu kapac\u00edt v\u00a0oblasti dobrovo\u013en\u00edctva, a\u00a0to rovnako doma, ako<\/p>\n\t\t<\/div>\n\t\t\t\t<\/div>\n\t\t\t\t<div class=\"elementor-post__meta-data\">\n\t\t\t\t\t<span class=\"elementor-post-date\">\n\t\t\tOctober 4, 2018\t\t<\/span>\n\t\t\t\t<\/div>\n\t\t\t\t\t<\/div>\n\t\t<\/article>\n\t\t\t\t<article class=\"elementor-post elementor-grid-item post-15785 post type-post status-publish format-standard has-post-thumbnail hentry category-novinky category-uncategorized\" role=\"listitem\">\n\t\t\t<div class=\"elementor-post__card\">\n\t\t\t\t<a class=\"elementor-post__thumbnail__link\" href=\"https:\/\/www.adra.sk\/en\/utoky-na-zeny-cudzinky\/\" tabindex=\"-1\" target=\"_blank\"><div class=\"elementor-post__thumbnail\"><img loading=\"lazy\" decoding=\"async\" width=\"300\" height=\"200\" src=\"https:\/\/www.adra.sk\/wp-content\/uploads\/2018\/09\/interakcia-pracovnicok-ADRA-Slovensko-a-verejnosti-foto-Dominika-Nagyova-copy-300x200.jpg\" class=\"attachment-medium size-medium wp-image-15786\" alt=\"\" srcset=\"https:\/\/www.adra.sk\/wp-content\/uploads\/2018\/09\/interakcia-pracovnicok-ADRA-Slovensko-a-verejnosti-foto-Dominika-Nagyova-copy-300x200.jpg 300w, https:\/\/www.adra.sk\/wp-content\/uploads\/2018\/09\/interakcia-pracovnicok-ADRA-Slovensko-a-verejnosti-foto-Dominika-Nagyova-copy-768x511.jpg 768w, https:\/\/www.adra.sk\/wp-content\/uploads\/2018\/09\/interakcia-pracovnicok-ADRA-Slovensko-a-verejnosti-foto-Dominika-Nagyova-copy.jpg 1000w\" sizes=\"(max-width: 300px) 100vw, 300px\" \/><\/div><\/a>\n\t\t\t\t<div class=\"elementor-post__badge\">Novinky<\/div>\n\t\t\t\t<div class=\"elementor-post__text\">\n\t\t\t\t<h3 class=\"elementor-post__title\">\n\t\t\t<a href=\"https:\/\/www.adra.sk\/en\/utoky-na-zeny-cudzinky\/\" target=&quot;_blank&quot;>\n\t\t\t\t\u00datoky na \u017eeny-cudzinky vo verejnom priestore sa opakuj\u00fa\t\t\t<\/a>\n\t\t<\/h3>\n\t\t\t\t<div class=\"elementor-post__excerpt\">\n\t\t\t<p>Leto 2018 so sebou prinieslo \u010fal\u0161ie verb\u00e1lne a\u00a0fyzick\u00e9 \u00fatoky na \u017eeny-cudzinky v uliciach centra mesta<\/p>\n\t\t<\/div>\n\t\t\t\t<\/div>\n\t\t\t\t<div class=\"elementor-post__meta-data\">\n\t\t\t\t\t<span class=\"elementor-post-date\">\n\t\t\tSeptember 27, 2018\t\t<\/span>\n\t\t\t\t<\/div>\n\t\t\t\t\t<\/div>\n\t\t<\/article>\n\t\t\t\t<article class=\"elementor-post elementor-grid-item post-15776 post type-post status-publish format-standard has-post-thumbnail hentry category-blog category-uncategorized\" role=\"listitem\">\n\t\t\t<div class=\"elementor-post__card\">\n\t\t\t\t<a class=\"elementor-post__thumbnail__link\" href=\"https:\/\/www.adra.sk\/en\/rozhovor-s-barborkou-za-oponou-raja\/\" tabindex=\"-1\" target=\"_blank\"><div class=\"elementor-post__thumbnail\"><img loading=\"lazy\" decoding=\"async\" width=\"300\" height=\"225\" src=\"https:\/\/www.adra.sk\/wp-content\/uploads\/2020\/11\/unnamed-1-300x225.jpg\" class=\"attachment-medium size-medium wp-image-15775\" alt=\"\" srcset=\"https:\/\/www.adra.sk\/wp-content\/uploads\/2020\/11\/unnamed-1-300x225.jpg 300w, https:\/\/www.adra.sk\/wp-content\/uploads\/2020\/11\/unnamed-1-1024x768.jpg 1024w, https:\/\/www.adra.sk\/wp-content\/uploads\/2020\/11\/unnamed-1-768x576.jpg 768w, https:\/\/www.adra.sk\/wp-content\/uploads\/2020\/11\/unnamed-1-1000x750.jpg 1000w, https:\/\/www.adra.sk\/wp-content\/uploads\/2020\/11\/unnamed-1.jpg 1280w\" sizes=\"(max-width: 300px) 100vw, 300px\" \/><\/div><\/a>\n\t\t\t\t<div class=\"elementor-post__badge\">Blog<\/div>\n\t\t\t\t<div class=\"elementor-post__text\">\n\t\t\t\t<h3 class=\"elementor-post__title\">\n\t\t\t<a href=\"https:\/\/www.adra.sk\/en\/rozhovor-s-barborkou-za-oponou-raja\/\" target=&quot;_blank&quot;>\n\t\t\t\tRozhovor s Barborkou &#8211; Za oponou raja\t\t\t<\/a>\n\t\t<\/h3>\n\t\t\t\t<div class=\"elementor-post__excerpt\">\n\t\t\t<p>Pre\u010do si sa prihl\u00e1sila ako dobrovo\u013en\u00ed\u010dka na Filip\u00edny? Zauj\u00edmala ma rozvojov\u00e1 pomoc \u2013 najm\u00e4 teda<\/p>\n\t\t<\/div>\n\t\t\t\t<\/div>\n\t\t\t\t<div class=\"elementor-post__meta-data\">\n\t\t\t\t\t<span class=\"elementor-post-date\">\n\t\t\tSeptember 18, 2018\t\t<\/span>\n\t\t\t\t<\/div>\n\t\t\t\t\t<\/div>\n\t\t<\/article>\n\t\t\t\t<article class=\"elementor-post elementor-grid-item post-15778 post type-post status-publish format-standard has-post-thumbnail hentry category-blog category-novinky category-uncategorized\" role=\"listitem\">\n\t\t\t<div class=\"elementor-post__card\">\n\t\t\t\t<a class=\"elementor-post__thumbnail__link\" href=\"https:\/\/www.adra.sk\/en\/rozhovor-s-barborkou-filipiny\/\" tabindex=\"-1\" target=\"_blank\"><div class=\"elementor-post__thumbnail\"><img loading=\"lazy\" decoding=\"async\" width=\"300\" height=\"225\" src=\"https:\/\/www.adra.sk\/wp-content\/uploads\/2018\/08\/50083fff-4329-44bf-aee2-826a75c1495a-300x225.jpg\" class=\"attachment-medium size-medium wp-image-15764\" alt=\"\" srcset=\"https:\/\/www.adra.sk\/wp-content\/uploads\/2018\/08\/50083fff-4329-44bf-aee2-826a75c1495a-300x225.jpg 300w, https:\/\/www.adra.sk\/wp-content\/uploads\/2018\/08\/50083fff-4329-44bf-aee2-826a75c1495a-1024x768.jpg 1024w, https:\/\/www.adra.sk\/wp-content\/uploads\/2018\/08\/50083fff-4329-44bf-aee2-826a75c1495a-768x576.jpg 768w, https:\/\/www.adra.sk\/wp-content\/uploads\/2018\/08\/50083fff-4329-44bf-aee2-826a75c1495a-1000x750.jpg 1000w, https:\/\/www.adra.sk\/wp-content\/uploads\/2018\/08\/50083fff-4329-44bf-aee2-826a75c1495a.jpg 1280w\" sizes=\"(max-width: 300px) 100vw, 300px\" \/><\/div><\/a>\n\t\t\t\t<div class=\"elementor-post__badge\">Blog<\/div>\n\t\t\t\t<div class=\"elementor-post__text\">\n\t\t\t\t<h3 class=\"elementor-post__title\">\n\t\t\t<a href=\"https:\/\/www.adra.sk\/en\/rozhovor-s-barborkou-filipiny\/\" target=&quot;_blank&quot;>\n\t\t\t\tPorovn\u00e1van\u00edm Manily a Bratislavy si ve\u013ea uvedom\u00edte (Rozhovor o dobrovo\u013en\u00edckom pobyte na Filip\u00ednach)\t\t\t<\/a>\n\t\t<\/h3>\n\t\t\t\t<div class=\"elementor-post__excerpt\">\n\t\t\t<p>O svoje z\u00e1\u017eitky a sk\u00fasenosti z pobytu na Filip\u00ednach sa s nami podelila na\u0161a dobrovo\u013en\u00ed\u010dka<\/p>\n\t\t<\/div>\n\t\t\t\t<\/div>\n\t\t\t\t<div class=\"elementor-post__meta-data\">\n\t\t\t\t\t<span class=\"elementor-post-date\">\n\t\t\tSeptember 18, 2018\t\t<\/span>\n\t\t\t\t<\/div>\n\t\t\t\t\t<\/div>\n\t\t<\/article>\n\t\t\t\t<article class=\"elementor-post elementor-grid-item post-15769 post type-post status-publish format-standard has-post-thumbnail hentry category-novinky category-uncategorized\" role=\"listitem\">\n\t\t\t<div class=\"elementor-post__card\">\n\t\t\t\t<a class=\"elementor-post__thumbnail__link\" href=\"https:\/\/www.adra.sk\/en\/vymozitelnost-prava-domace-nasilie-adra-kit\/\" tabindex=\"-1\" target=\"_blank\"><div class=\"elementor-post__thumbnail\"><img loading=\"lazy\" decoding=\"async\" width=\"300\" height=\"200\" src=\"https:\/\/www.adra.sk\/wp-content\/uploads\/2018\/09\/pexels-photo-918441-300x200.jpeg\" class=\"attachment-medium size-medium wp-image-15770\" alt=\"\" srcset=\"https:\/\/www.adra.sk\/wp-content\/uploads\/2018\/09\/pexels-photo-918441-300x200.jpeg 300w, https:\/\/www.adra.sk\/wp-content\/uploads\/2018\/09\/pexels-photo-918441-1024x682.jpeg 1024w, https:\/\/www.adra.sk\/wp-content\/uploads\/2018\/09\/pexels-photo-918441-768x512.jpeg 768w, https:\/\/www.adra.sk\/wp-content\/uploads\/2018\/09\/pexels-photo-918441-1536x1024.jpeg 1536w, https:\/\/www.adra.sk\/wp-content\/uploads\/2018\/09\/pexels-photo-918441.jpeg 1880w\" sizes=\"(max-width: 300px) 100vw, 300px\" \/><\/div><\/a>\n\t\t\t\t<div class=\"elementor-post__badge\">Novinky<\/div>\n\t\t\t\t<div class=\"elementor-post__text\">\n\t\t\t\t<h3 class=\"elementor-post__title\">\n\t\t\t<a href=\"https:\/\/www.adra.sk\/en\/vymozitelnost-prava-domace-nasilie-adra-kit\/\" target=&quot;_blank&quot;>\n\t\t\t\tVymo\u017eite\u013enos\u0165 pr\u00e1va v\u00a0pr\u00edpade dom\u00e1ceho n\u00e1silia. Aj toho medzi \u0161tyrmi stenami\t\t\t<\/a>\n\t\t<\/h3>\n\t\t\t\t<div class=\"elementor-post__excerpt\">\n\t\t\t<p>Text:\u00a0Daniela Borzov\u00e1, pr\u00e1vni\u010dka \/ ADRA KIT, Foto: ADRA Slovensko (www.adra.sk) B\u00fdval\u00e1 vy\u0161etrovate\u013eka, pr\u00e1vni\u010dka a spoluzakladate\u013eka<\/p>\n\t\t<\/div>\n\t\t\t\t<\/div>\n\t\t\t\t<div class=\"elementor-post__meta-data\">\n\t\t\t\t\t<span class=\"elementor-post-date\">\n\t\t\tSeptember 6, 2018\t\t<\/span>\n\t\t\t\t<\/div>\n\t\t\t\t\t<\/div>\n\t\t<\/article>\n\t\t\t\t<article class=\"elementor-post elementor-grid-item post-15767 post type-post status-publish format-standard has-post-thumbnail hentry category-novinky category-uncategorized\" role=\"listitem\">\n\t\t\t<div class=\"elementor-post__card\">\n\t\t\t\t<a class=\"elementor-post__thumbnail__link\" href=\"https:\/\/www.adra.sk\/en\/kto-pomoze-obetiam-domaceho-nasilia-povedat-nie-hladame-6-zodpovednych-firiem\/\" tabindex=\"-1\" target=\"_blank\"><div class=\"elementor-post__thumbnail\"><img loading=\"lazy\" decoding=\"async\" width=\"300\" height=\"229\" src=\"https:\/\/www.adra.sk\/wp-content\/uploads\/2018\/09\/ponizova_tyr1-e1535357780594-300x229.png\" class=\"attachment-medium size-medium wp-image-15768\" alt=\"\" srcset=\"https:\/\/www.adra.sk\/wp-content\/uploads\/2018\/09\/ponizova_tyr1-e1535357780594-300x229.png 300w, https:\/\/www.adra.sk\/wp-content\/uploads\/2018\/09\/ponizova_tyr1-e1535357780594.png 726w\" sizes=\"(max-width: 300px) 100vw, 300px\" \/><\/div><\/a>\n\t\t\t\t<div class=\"elementor-post__badge\">Novinky<\/div>\n\t\t\t\t<div class=\"elementor-post__text\">\n\t\t\t\t<h3 class=\"elementor-post__title\">\n\t\t\t<a href=\"https:\/\/www.adra.sk\/en\/kto-pomoze-obetiam-domaceho-nasilia-povedat-nie-hladame-6-zodpovednych-firiem\/\" target=&quot;_blank&quot;>\n\t\t\t\tAj ty m\u00f4\u017ee\u0161 pom\u00f4c\u0165 obetiam dom\u00e1ceho n\u00e1silia poveda\u0165 NIE. Zisti ako\t\t\t<\/a>\n\t\t<\/h3>\n\t\t\t\t<div class=\"elementor-post__excerpt\">\n\t\t\t<p>PRV\u00ddM PARTNEROM N\u00c1\u0160HO PROJEKTU ADRA KIT SA STAL E-SHOP ENIKIBENIKI \u2013 \u010eAKUJEME! \u00a0 Pom\u00e1hame obetiam<\/p>\n\t\t<\/div>\n\t\t\t\t<\/div>\n\t\t\t\t<div class=\"elementor-post__meta-data\">\n\t\t\t\t\t<span class=\"elementor-post-date\">\n\t\t\tSeptember 1, 2018\t\t<\/span>\n\t\t\t\t<\/div>\n\t\t\t\t\t<\/div>\n\t\t<\/article>\n\t\t\t\t<article class=\"elementor-post elementor-grid-item post-15765 post type-post status-publish format-standard has-post-thumbnail hentry category-novinky category-uncategorized\" role=\"listitem\">\n\t\t\t<div class=\"elementor-post__card\">\n\t\t\t\t<a class=\"elementor-post__thumbnail__link\" href=\"https:\/\/www.adra.sk\/en\/darujme-obetiam-nasilia-na-slovensku-novy-dostojny-zivot\/\" tabindex=\"-1\" target=\"_blank\"><div class=\"elementor-post__thumbnail\"><img loading=\"lazy\" decoding=\"async\" width=\"300\" height=\"178\" src=\"https:\/\/www.adra.sk\/wp-content\/uploads\/2018\/08\/IMG_2631-e1535447789644-300x178.jpg\" class=\"attachment-medium size-medium wp-image-15766\" alt=\"\" srcset=\"https:\/\/www.adra.sk\/wp-content\/uploads\/2018\/08\/IMG_2631-e1535447789644-300x178.jpg 300w, https:\/\/www.adra.sk\/wp-content\/uploads\/2018\/08\/IMG_2631-e1535447789644-1024x608.jpg 1024w, https:\/\/www.adra.sk\/wp-content\/uploads\/2018\/08\/IMG_2631-e1535447789644-768x456.jpg 768w, https:\/\/www.adra.sk\/wp-content\/uploads\/2018\/08\/IMG_2631-e1535447789644-1536x912.jpg 1536w, https:\/\/www.adra.sk\/wp-content\/uploads\/2018\/08\/IMG_2631-e1535447789644-2048x1217.jpg 2048w, https:\/\/www.adra.sk\/wp-content\/uploads\/2018\/08\/IMG_2631-e1535447789644-2000x1188.jpg 2000w\" sizes=\"(max-width: 300px) 100vw, 300px\" \/><\/div><\/a>\n\t\t\t\t<div class=\"elementor-post__badge\">Novinky<\/div>\n\t\t\t\t<div class=\"elementor-post__text\">\n\t\t\t\t<h3 class=\"elementor-post__title\">\n\t\t\t<a href=\"https:\/\/www.adra.sk\/en\/darujme-obetiam-nasilia-na-slovensku-novy-dostojny-zivot\/\" target=&quot;_blank&quot;>\n\t\t\t\tADRA KIT &#8211; Darujme spolu d\u00f4stojn\u00fd \u017eivot\t\t\t<\/a>\n\t\t<\/h3>\n\t\t\t\t<div class=\"elementor-post__excerpt\">\n\t\t\t<p>Po\u010det hl\u00e1sen\u00fdch pr\u00edpadov dom\u00e1ceho a sexu\u00e1lneho n\u00e1silia vzr\u00e1stol za posledn\u00e9 roky o 80 %. Po\u010det<\/p>\n\t\t<\/div>\n\t\t\t\t<\/div>\n\t\t\t\t<div class=\"elementor-post__meta-data\">\n\t\t\t\t\t<span class=\"elementor-post-date\">\n\t\t\tAugust 30, 2018\t\t<\/span>\n\t\t\t\t<\/div>\n\t\t\t\t\t<\/div>\n\t\t<\/article>\n\t\t\t\t<article class=\"elementor-post elementor-grid-item post-15762 post type-post status-publish format-standard has-post-thumbnail hentry category-novinky category-uncategorized\" role=\"listitem\">\n\t\t\t<div class=\"elementor-post__card\">\n\t\t\t\t<a class=\"elementor-post__thumbnail__link\" href=\"https:\/\/www.adra.sk\/en\/adra-vecer-za-oponou-raja\/\" tabindex=\"-1\" target=\"_blank\"><div class=\"elementor-post__thumbnail\"><img loading=\"lazy\" decoding=\"async\" width=\"300\" height=\"242\" src=\"https:\/\/www.adra.sk\/wp-content\/uploads\/2018\/08\/Screen-Shot-2018-08-31-at-09.44.37-e1535702734541-300x242.png\" class=\"attachment-medium size-medium wp-image-15763\" alt=\"\" srcset=\"https:\/\/www.adra.sk\/wp-content\/uploads\/2018\/08\/Screen-Shot-2018-08-31-at-09.44.37-e1535702734541-300x242.png 300w, https:\/\/www.adra.sk\/wp-content\/uploads\/2018\/08\/Screen-Shot-2018-08-31-at-09.44.37-e1535702734541-1024x826.png 1024w, https:\/\/www.adra.sk\/wp-content\/uploads\/2018\/08\/Screen-Shot-2018-08-31-at-09.44.37-e1535702734541-768x620.png 768w, https:\/\/www.adra.sk\/wp-content\/uploads\/2018\/08\/Screen-Shot-2018-08-31-at-09.44.37-e1535702734541.png 1300w\" sizes=\"(max-width: 300px) 100vw, 300px\" \/><\/div><\/a>\n\t\t\t\t<div class=\"elementor-post__badge\">Novinky<\/div>\n\t\t\t\t<div class=\"elementor-post__text\">\n\t\t\t\t<h3 class=\"elementor-post__title\">\n\t\t\t<a href=\"https:\/\/www.adra.sk\/en\/adra-vecer-za-oponou-raja\/\" target=&quot;_blank&quot;>\n\t\t\t\tZa oponou raja &#8211; Filip\u00edny, ADRA Ve\u010der v Bratislave a Ko\u0161iciach\t\t\t<\/a>\n\t\t<\/h3>\n\t\t\t\t<div class=\"elementor-post__excerpt\">\n\t\t\t<p>Srde\u010dne \u0165a poz\u00fdvame na 10. ADRA diskusn\u00fd ve\u010der s rozvojovou a humanit\u00e1rnou tematikou: &gt;&gt;Za oponou<\/p>\n\t\t<\/div>\n\t\t\t\t<\/div>\n\t\t\t\t<div class=\"elementor-post__meta-data\">\n\t\t\t\t\t<span class=\"elementor-post-date\">\n\t\t\tAugust 27, 2018\t\t<\/span>\n\t\t\t\t<\/div>\n\t\t\t\t\t<\/div>\n\t\t<\/article>\n\t\t\t\t<article class=\"elementor-post elementor-grid-item post-15771 post type-post status-publish format-standard has-post-thumbnail hentry category-novinky category-uncategorized\" role=\"listitem\">\n\t\t\t<div class=\"elementor-post__card\">\n\t\t\t\t<a class=\"elementor-post__thumbnail__link\" href=\"https:\/\/www.adra.sk\/en\/s-riaditelom-adra-slovensko-o-adresnej-pomoci-nudznym-vo-svete-ale-i-doma\/\" tabindex=\"-1\" target=\"_blank\"><div class=\"elementor-post__thumbnail\"><img loading=\"lazy\" decoding=\"async\" width=\"300\" height=\"225\" src=\"https:\/\/www.adra.sk\/wp-content\/uploads\/2018\/08\/37909123_1996881040364556_6503236924650553344_o-300x225.jpg\" class=\"attachment-medium size-medium wp-image-15772\" alt=\"\" srcset=\"https:\/\/www.adra.sk\/wp-content\/uploads\/2018\/08\/37909123_1996881040364556_6503236924650553344_o-300x225.jpg 300w, https:\/\/www.adra.sk\/wp-content\/uploads\/2018\/08\/37909123_1996881040364556_6503236924650553344_o-1024x768.jpg 1024w, https:\/\/www.adra.sk\/wp-content\/uploads\/2018\/08\/37909123_1996881040364556_6503236924650553344_o-768x576.jpg 768w, https:\/\/www.adra.sk\/wp-content\/uploads\/2018\/08\/37909123_1996881040364556_6503236924650553344_o-1536x1152.jpg 1536w, https:\/\/www.adra.sk\/wp-content\/uploads\/2018\/08\/37909123_1996881040364556_6503236924650553344_o-1000x750.jpg 1000w, https:\/\/www.adra.sk\/wp-content\/uploads\/2018\/08\/37909123_1996881040364556_6503236924650553344_o-2000x1500.jpg 2000w, https:\/\/www.adra.sk\/wp-content\/uploads\/2018\/08\/37909123_1996881040364556_6503236924650553344_o.jpg 2048w\" sizes=\"(max-width: 300px) 100vw, 300px\" \/><\/div><\/a>\n\t\t\t\t<div class=\"elementor-post__badge\">Novinky<\/div>\n\t\t\t\t<div class=\"elementor-post__text\">\n\t\t\t\t<h3 class=\"elementor-post__title\">\n\t\t\t<a href=\"https:\/\/www.adra.sk\/en\/s-riaditelom-adra-slovensko-o-adresnej-pomoci-nudznym-vo-svete-ale-i-doma\/\" target=&quot;_blank&quot;>\n\t\t\t\tS RIADITE\u013dOM ADRA SLOVENSKO O ADRESNEJ POMOCI N\u00daDZNYM VO SVETE, ALE I DOMA\t\t\t<\/a>\n\t\t<\/h3>\n\t\t\t\t<div class=\"elementor-post__excerpt\">\n\t\t\t<p>O pomoci obetiam n\u00e1silia a o na\u0161om jedine\u010dnom ADRA KIT t\u00edme; o podpore \u013eud\u00ed s<\/p>\n\t\t<\/div>\n\t\t\t\t<\/div>\n\t\t\t\t<div class=\"elementor-post__meta-data\">\n\t\t\t\t\t<span class=\"elementor-post-date\">\n\t\t\tAugust 24, 2018\t\t<\/span>\n\t\t\t\t<\/div>\n\t\t\t\t\t<\/div>\n\t\t<\/article>\n\t\t\t\t<article class=\"elementor-post elementor-grid-item post-15755 post type-post status-publish format-standard has-post-thumbnail hentry category-novinky category-uncategorized\" role=\"listitem\">\n\t\t\t<div class=\"elementor-post__card\">\n\t\t\t\t<a class=\"elementor-post__thumbnail__link\" href=\"https:\/\/www.adra.sk\/en\/nezostanme-ticho-o-nasili-nahlas\/\" tabindex=\"-1\" target=\"_blank\"><div class=\"elementor-post__thumbnail\"><img loading=\"lazy\" decoding=\"async\" width=\"300\" height=\"179\" src=\"https:\/\/www.adra.sk\/wp-content\/uploads\/2018\/08\/violence-against-women-1169348_1280-300x179.jpg\" class=\"attachment-medium size-medium wp-image-15756\" alt=\"\" srcset=\"https:\/\/www.adra.sk\/wp-content\/uploads\/2018\/08\/violence-against-women-1169348_1280-300x179.jpg 300w, https:\/\/www.adra.sk\/wp-content\/uploads\/2018\/08\/violence-against-women-1169348_1280-1024x612.jpg 1024w, https:\/\/www.adra.sk\/wp-content\/uploads\/2018\/08\/violence-against-women-1169348_1280-768x459.jpg 768w, https:\/\/www.adra.sk\/wp-content\/uploads\/2018\/08\/violence-against-women-1169348_1280.jpg 1280w\" sizes=\"(max-width: 300px) 100vw, 300px\" \/><\/div><\/a>\n\t\t\t\t<div class=\"elementor-post__badge\">Novinky<\/div>\n\t\t\t\t<div class=\"elementor-post__text\">\n\t\t\t\t<h3 class=\"elementor-post__title\">\n\t\t\t<a href=\"https:\/\/www.adra.sk\/en\/nezostanme-ticho-o-nasili-nahlas\/\" target=&quot;_blank&quot;>\n\t\t\t\tNezosta\u0148me ticho, o n\u00e1sil\u00ed je potrebn\u00e9 hovori\u0165 nahlas\t\t\t<\/a>\n\t\t<\/h3>\n\t\t\t\t<div class=\"elementor-post__excerpt\">\n\t\t\t<p>Kedy hovor\u00edme o dom\u00e1com \u010di sexu\u00e1lnom n\u00e1sil\u00ed? Ako vieme rozpozna\u0165 zneu\u017e\u00edvaj\u00faci vz\u0165ah? Je potrebn\u00e9 vyh\u013eada\u0165<\/p>\n\t\t<\/div>\n\t\t\t\t<\/div>\n\t\t\t\t<div class=\"elementor-post__meta-data\">\n\t\t\t\t\t<span class=\"elementor-post-date\">\n\t\t\tAugust 16, 2018\t\t<\/span>\n\t\t\t\t<\/div>\n\t\t\t\t\t<\/div>\n\t\t<\/article>\n\t\t\t\t<article class=\"elementor-post elementor-grid-item post-15753 post type-post status-publish format-standard has-post-thumbnail hentry category-novinky category-uncategorized\" role=\"listitem\">\n\t\t\t<div class=\"elementor-post__card\">\n\t\t\t\t<a class=\"elementor-post__thumbnail__link\" href=\"https:\/\/www.adra.sk\/en\/obnova-nemocnice-kralovsky-chlmec\/\" tabindex=\"-1\" target=\"_blank\"><div class=\"elementor-post__thumbnail\"><img loading=\"lazy\" decoding=\"async\" width=\"300\" height=\"225\" src=\"https:\/\/www.adra.sk\/wp-content\/uploads\/2018\/07\/IMG_1660-e1532688200980-300x225.jpg\" class=\"attachment-medium size-medium wp-image-15754\" alt=\"\" srcset=\"https:\/\/www.adra.sk\/wp-content\/uploads\/2018\/07\/IMG_1660-e1532688200980-300x225.jpg 300w, https:\/\/www.adra.sk\/wp-content\/uploads\/2018\/07\/IMG_1660-e1532688200980-1024x768.jpg 1024w, https:\/\/www.adra.sk\/wp-content\/uploads\/2018\/07\/IMG_1660-e1532688200980-768x576.jpg 768w, https:\/\/www.adra.sk\/wp-content\/uploads\/2018\/07\/IMG_1660-e1532688200980-1536x1152.jpg 1536w, https:\/\/www.adra.sk\/wp-content\/uploads\/2018\/07\/IMG_1660-e1532688200980-1000x750.jpg 1000w, https:\/\/www.adra.sk\/wp-content\/uploads\/2018\/07\/IMG_1660-e1532688200980.jpg 2000w\" sizes=\"(max-width: 300px) 100vw, 300px\" \/><\/div><\/a>\n\t\t\t\t<div class=\"elementor-post__badge\">Novinky<\/div>\n\t\t\t\t<div class=\"elementor-post__text\">\n\t\t\t\t<h3 class=\"elementor-post__title\">\n\t\t\t<a href=\"https:\/\/www.adra.sk\/en\/obnova-nemocnice-kralovsky-chlmec\/\" target=&quot;_blank&quot;>\n\t\t\t\tObnova nemocnice na V\u00fdchodnom Slovensku &#8211; \u010fakujeme\t\t\t<\/a>\n\t\t<\/h3>\n\t\t\t\t<div class=\"elementor-post__excerpt\">\n\t\t\t<p>\u00da\u010dastn\u00edci a\u00a0\u00fa\u010dastn\u00ed\u010dky letn\u00e9ho ADRA t\u00e1bora obnovovali nemocnicu Pacienti a\u00a0pacientky, ako aj samotn\u00fd person\u00e1l nemocnice v<\/p>\n\t\t<\/div>\n\t\t\t\t<\/div>\n\t\t\t\t<div class=\"elementor-post__meta-data\">\n\t\t\t\t\t<span class=\"elementor-post-date\">\n\t\t\tJuly 27, 2018\t\t<\/span>\n\t\t\t\t<\/div>\n\t\t\t\t\t<\/div>\n\t\t<\/article>\n\t\t\t\t<article class=\"elementor-post elementor-grid-item post-15743 post type-post status-publish format-standard has-post-thumbnail hentry category-novinky category-uncategorized\" role=\"listitem\">\n\t\t\t<div class=\"elementor-post__card\">\n\t\t\t\t<a class=\"elementor-post__thumbnail__link\" href=\"https:\/\/www.adra.sk\/en\/adra-spajza-zbierka-suchych-potravin\/\" tabindex=\"-1\" target=\"_blank\"><div class=\"elementor-post__thumbnail\"><img loading=\"lazy\" decoding=\"async\" width=\"300\" height=\"259\" src=\"https:\/\/www.adra.sk\/wp-content\/uploads\/2018\/07\/IMG_4689-1-e1532674152143-300x259.jpg\" class=\"attachment-medium size-medium wp-image-15744\" alt=\"\" srcset=\"https:\/\/www.adra.sk\/wp-content\/uploads\/2018\/07\/IMG_4689-1-e1532674152143-300x259.jpg 300w, https:\/\/www.adra.sk\/wp-content\/uploads\/2018\/07\/IMG_4689-1-e1532674152143-1024x884.jpg 1024w, https:\/\/www.adra.sk\/wp-content\/uploads\/2018\/07\/IMG_4689-1-e1532674152143-768x663.jpg 768w, https:\/\/www.adra.sk\/wp-content\/uploads\/2018\/07\/IMG_4689-1-e1532674152143-1536x1326.jpg 1536w, https:\/\/www.adra.sk\/wp-content\/uploads\/2018\/07\/IMG_4689-1-e1532674152143-2048x1768.jpg 2048w, https:\/\/www.adra.sk\/wp-content\/uploads\/2018\/07\/IMG_4689-1-e1532674152143-2000x1726.jpg 2000w\" sizes=\"(max-width: 300px) 100vw, 300px\" \/><\/div><\/a>\n\t\t\t\t<div class=\"elementor-post__badge\">Novinky<\/div>\n\t\t\t\t<div class=\"elementor-post__text\">\n\t\t\t\t<h3 class=\"elementor-post__title\">\n\t\t\t<a href=\"https:\/\/www.adra.sk\/en\/adra-spajza-zbierka-suchych-potravin\/\" target=&quot;_blank&quot;>\n\t\t\t\tADRA \u0161pajza &#8211; zbierka such\u00fdch potrav\u00edn pre 13 rod\u00edn\t\t\t<\/a>\n\t\t<\/h3>\n\t\t\t\t<div class=\"elementor-post__excerpt\">\n\t\t\t<p>Zbierka such\u00fdch potrav\u00edn pre \u013eud\u00ed v n\u00fadzi Zapoj sa teraz do zbierky such\u00fdch potrav\u00edn pre<\/p>\n\t\t<\/div>\n\t\t\t\t<\/div>\n\t\t\t\t<div class=\"elementor-post__meta-data\">\n\t\t\t\t\t<span class=\"elementor-post-date\">\n\t\t\tJuly 16, 2018\t\t<\/span>\n\t\t\t\t<\/div>\n\t\t\t\t\t<\/div>\n\t\t<\/article>\n\t\t\t\t<article class=\"elementor-post elementor-grid-item post-15738 post type-post status-publish format-standard has-post-thumbnail hentry category-novinky category-uncategorized\" role=\"listitem\">\n\t\t\t<div class=\"elementor-post__card\">\n\t\t\t\t<a class=\"elementor-post__thumbnail__link\" href=\"https:\/\/www.adra.sk\/en\/adra-vecer-o-krajine-ukrajine\/\" tabindex=\"-1\" target=\"_blank\"><div class=\"elementor-post__thumbnail\"><img loading=\"lazy\" decoding=\"async\" width=\"300\" height=\"176\" src=\"https:\/\/www.adra.sk\/wp-content\/uploads\/2018\/07\/36484339_1956697461049581_2271533530552991744_n-e1530868027451-300x176.jpg\" class=\"attachment-medium size-medium wp-image-15739\" alt=\"\" srcset=\"https:\/\/www.adra.sk\/wp-content\/uploads\/2018\/07\/36484339_1956697461049581_2271533530552991744_n-e1530868027451-300x176.jpg 300w, https:\/\/www.adra.sk\/wp-content\/uploads\/2018\/07\/36484339_1956697461049581_2271533530552991744_n-e1530868027451-768x450.jpg 768w, https:\/\/www.adra.sk\/wp-content\/uploads\/2018\/07\/36484339_1956697461049581_2271533530552991744_n-e1530868027451.jpg 957w\" sizes=\"(max-width: 300px) 100vw, 300px\" \/><\/div><\/a>\n\t\t\t\t<div class=\"elementor-post__badge\">Novinky<\/div>\n\t\t\t\t<div class=\"elementor-post__text\">\n\t\t\t\t<h3 class=\"elementor-post__title\">\n\t\t\t<a href=\"https:\/\/www.adra.sk\/en\/adra-vecer-o-krajine-ukrajine\/\" target=&quot;_blank&quot;>\n\t\t\t\tADRA ve\u010der: O krajine &#8211; Ukrajine &#8211; 11. 7. 2018 o 17,30 hod.\t\t\t<\/a>\n\t\t<\/h3>\n\t\t\t\t<div class=\"elementor-post__excerpt\">\n\t\t\t<p>Ako sa vyzna\u0165 v aktu\u00e1lnej politickej situ\u00e1cii na Ukrajine? Ak\u00e9 s\u00fa pohn\u00fatky utekaj\u00facich \u013eud\u00ed, ale<\/p>\n\t\t<\/div>\n\t\t\t\t<\/div>\n\t\t\t\t<div class=\"elementor-post__meta-data\">\n\t\t\t\t\t<span class=\"elementor-post-date\">\n\t\t\tJuly 6, 2018\t\t<\/span>\n\t\t\t\t<\/div>\n\t\t\t\t\t<\/div>\n\t\t<\/article>\n\t\t\t\t<article class=\"elementor-post elementor-grid-item post-15748 post type-post status-publish format-standard has-post-thumbnail hentry category-novinky category-uncategorized\" role=\"listitem\">\n\t\t\t<div class=\"elementor-post__card\">\n\t\t\t\t<a class=\"elementor-post__thumbnail__link\" href=\"https:\/\/www.adra.sk\/en\/svetovy-den-utecencov-adra\/\" tabindex=\"-1\" target=\"_blank\"><div class=\"elementor-post__thumbnail\"><img loading=\"lazy\" decoding=\"async\" width=\"300\" height=\"200\" src=\"https:\/\/www.adra.sk\/wp-content\/uploads\/2018\/06\/klientky-a-pracovnicky-ADRA-Slovensko-na-Nedelnej-parade-2018-foto-Dominika-Nagyova-300x200.jpg\" class=\"attachment-medium size-medium wp-image-15749\" alt=\"\" srcset=\"https:\/\/www.adra.sk\/wp-content\/uploads\/2018\/06\/klientky-a-pracovnicky-ADRA-Slovensko-na-Nedelnej-parade-2018-foto-Dominika-Nagyova-300x200.jpg 300w, https:\/\/www.adra.sk\/wp-content\/uploads\/2018\/06\/klientky-a-pracovnicky-ADRA-Slovensko-na-Nedelnej-parade-2018-foto-Dominika-Nagyova-768x511.jpg 768w, https:\/\/www.adra.sk\/wp-content\/uploads\/2018\/06\/klientky-a-pracovnicky-ADRA-Slovensko-na-Nedelnej-parade-2018-foto-Dominika-Nagyova.jpg 1000w\" sizes=\"(max-width: 300px) 100vw, 300px\" \/><\/div><\/a>\n\t\t\t\t<div class=\"elementor-post__badge\">Novinky<\/div>\n\t\t\t\t<div class=\"elementor-post__text\">\n\t\t\t\t<h3 class=\"elementor-post__title\">\n\t\t\t<a href=\"https:\/\/www.adra.sk\/en\/svetovy-den-utecencov-adra\/\" target=&quot;_blank&quot;>\n\t\t\t\tSvetov\u00fd de\u0148 ute\u010dencov a ute\u010deniek: \u010d\u00edsla, fakty,\u00a0pr\u00edbehy\t\t\t<\/a>\n\t\t<\/h3>\n\t\t\t\t<div class=\"elementor-post__excerpt\">\n\t\t\t<p>V\u00a0druhej polovici j\u00fana pracovn\u00ed\u010dky jubiluj\u00facej humanit\u00e1rnej a\u00a0rozvojovej organiz\u00e1cie ADRA Slovensko uk\u00e1zali verejnosti, ako podporuje ich<\/p>\n\t\t<\/div>\n\t\t\t\t<\/div>\n\t\t\t\t<div class=\"elementor-post__meta-data\">\n\t\t\t\t\t<span class=\"elementor-post-date\">\n\t\t\tJune 20, 2018\t\t<\/span>\n\t\t\t\t<\/div>\n\t\t\t\t\t<\/div>\n\t\t<\/article>\n\t\t\t\t<article class=\"elementor-post elementor-grid-item post-15733 post type-post status-publish format-standard has-post-thumbnail hentry category-novinky category-uncategorized\" role=\"listitem\">\n\t\t\t<div class=\"elementor-post__card\">\n\t\t\t\t<a class=\"elementor-post__thumbnail__link\" href=\"https:\/\/www.adra.sk\/en\/25rokov\/\" tabindex=\"-1\" target=\"_blank\"><div class=\"elementor-post__thumbnail\"><img loading=\"lazy\" decoding=\"async\" width=\"300\" height=\"111\" src=\"https:\/\/www.adra.sk\/wp-content\/uploads\/2018\/06\/26962200_1774613189258010_8328868986592477414_o-300x111.jpg\" class=\"attachment-medium size-medium wp-image-15734\" alt=\"\" srcset=\"https:\/\/www.adra.sk\/wp-content\/uploads\/2018\/06\/26962200_1774613189258010_8328868986592477414_o-300x111.jpg 300w, https:\/\/www.adra.sk\/wp-content\/uploads\/2018\/06\/26962200_1774613189258010_8328868986592477414_o-1024x379.jpg 1024w, https:\/\/www.adra.sk\/wp-content\/uploads\/2018\/06\/26962200_1774613189258010_8328868986592477414_o-768x284.jpg 768w, https:\/\/www.adra.sk\/wp-content\/uploads\/2018\/06\/26962200_1774613189258010_8328868986592477414_o-1536x568.jpg 1536w, https:\/\/www.adra.sk\/wp-content\/uploads\/2018\/06\/26962200_1774613189258010_8328868986592477414_o-2048x758.jpg 2048w, https:\/\/www.adra.sk\/wp-content\/uploads\/2018\/06\/26962200_1774613189258010_8328868986592477414_o-2000x740.jpg 2000w\" sizes=\"(max-width: 300px) 100vw, 300px\" \/><\/div><\/a>\n\t\t\t\t<div class=\"elementor-post__badge\">Novinky<\/div>\n\t\t\t\t<div class=\"elementor-post__text\">\n\t\t\t\t<h3 class=\"elementor-post__title\">\n\t\t\t<a href=\"https:\/\/www.adra.sk\/en\/25rokov\/\" target=&quot;_blank&quot;>\n\t\t\t\tU\u017e 25 rokov pom\u00e1hate s nami. \u010eakujeme\t\t\t<\/a>\n\t\t<\/h3>\n\t\t\t\t<div class=\"elementor-post__excerpt\">\n\t\t\t\t\t<\/div>\n\t\t\t\t<\/div>\n\t\t\t\t<div class=\"elementor-post__meta-data\">\n\t\t\t\t\t<span class=\"elementor-post-date\">\n\t\t\tJune 11, 2018\t\t<\/span>\n\t\t\t\t<\/div>\n\t\t\t\t\t<\/div>\n\t\t<\/article>\n\t\t\t\t<article class=\"elementor-post elementor-grid-item post-15728 post type-post status-publish format-standard has-post-thumbnail hentry category-novinky category-uncategorized\" role=\"listitem\">\n\t\t\t<div class=\"elementor-post__card\">\n\t\t\t\t<a class=\"elementor-post__thumbnail__link\" href=\"https:\/\/www.adra.sk\/en\/vyrocna-sprava-2017-nasa-pomoc-ma-zmysel\/\" tabindex=\"-1\" target=\"_blank\"><div class=\"elementor-post__thumbnail\"><img loading=\"lazy\" decoding=\"async\" width=\"300\" height=\"195\" src=\"https:\/\/www.adra.sk\/wp-content\/uploads\/2018\/06\/Screen-Shot-2018-06-07-at-18.03.26-300x195.png\" class=\"attachment-medium size-medium wp-image-15729\" alt=\"\" srcset=\"https:\/\/www.adra.sk\/wp-content\/uploads\/2018\/06\/Screen-Shot-2018-06-07-at-18.03.26-300x195.png 300w, https:\/\/www.adra.sk\/wp-content\/uploads\/2018\/06\/Screen-Shot-2018-06-07-at-18.03.26-1024x667.png 1024w, https:\/\/www.adra.sk\/wp-content\/uploads\/2018\/06\/Screen-Shot-2018-06-07-at-18.03.26-768x500.png 768w, https:\/\/www.adra.sk\/wp-content\/uploads\/2018\/06\/Screen-Shot-2018-06-07-at-18.03.26-1536x1001.png 1536w, https:\/\/www.adra.sk\/wp-content\/uploads\/2018\/06\/Screen-Shot-2018-06-07-at-18.03.26-2000x1303.png 2000w, https:\/\/www.adra.sk\/wp-content\/uploads\/2018\/06\/Screen-Shot-2018-06-07-at-18.03.26.png 2048w\" sizes=\"(max-width: 300px) 100vw, 300px\" \/><\/div><\/a>\n\t\t\t\t<div class=\"elementor-post__badge\">Novinky<\/div>\n\t\t\t\t<div class=\"elementor-post__text\">\n\t\t\t\t<h3 class=\"elementor-post__title\">\n\t\t\t<a href=\"https:\/\/www.adra.sk\/en\/vyrocna-sprava-2017-nasa-pomoc-ma-zmysel\/\" target=&quot;_blank&quot;>\n\t\t\t\tV\u00fdro\u010dn\u00e1 spr\u00e1va 2017 &#8211; na\u0161a pomoc m\u00e1 zmysel\t\t\t<\/a>\n\t\t<\/h3>\n\t\t\t\t<div class=\"elementor-post__excerpt\">\n\t\t\t<p>PRE\u010c\u00cdTAJ SI, AKO, KDE A PRE\u010cO SME POM\u00c1HALI V ROKU 2017 A \u010cO SA N\u00c1M<\/p>\n\t\t<\/div>\n\t\t\t\t<\/div>\n\t\t\t\t<div class=\"elementor-post__meta-data\">\n\t\t\t\t\t<span class=\"elementor-post-date\">\n\t\t\tJune 7, 2018\t\t<\/span>\n\t\t\t\t<\/div>\n\t\t\t\t\t<\/div>\n\t\t<\/article>\n\t\t\t\t<article class=\"elementor-post elementor-grid-item post-15731 post type-post status-publish format-standard has-post-thumbnail hentry category-novinky category-uncategorized\" role=\"listitem\">\n\t\t\t<div class=\"elementor-post__card\">\n\t\t\t\t<a class=\"elementor-post__thumbnail__link\" href=\"https:\/\/www.adra.sk\/en\/musime-si-pomahat-humanitarny-program-eu\/\" tabindex=\"-1\" target=\"_blank\"><div class=\"elementor-post__thumbnail\"><img loading=\"lazy\" decoding=\"async\" width=\"300\" height=\"200\" src=\"https:\/\/www.adra.sk\/wp-content\/uploads\/2018\/05\/33171937_1902560619796599_8293973562478297088_n-300x200.jpg\" class=\"attachment-medium size-medium wp-image-15732\" alt=\"\" srcset=\"https:\/\/www.adra.sk\/wp-content\/uploads\/2018\/05\/33171937_1902560619796599_8293973562478297088_n-300x200.jpg 300w, https:\/\/www.adra.sk\/wp-content\/uploads\/2018\/05\/33171937_1902560619796599_8293973562478297088_n-768x512.jpg 768w, https:\/\/www.adra.sk\/wp-content\/uploads\/2018\/05\/33171937_1902560619796599_8293973562478297088_n.jpg 960w\" sizes=\"(max-width: 300px) 100vw, 300px\" \/><\/div><\/a>\n\t\t\t\t<div class=\"elementor-post__badge\">Novinky<\/div>\n\t\t\t\t<div class=\"elementor-post__text\">\n\t\t\t\t<h3 class=\"elementor-post__title\">\n\t\t\t<a href=\"https:\/\/www.adra.sk\/en\/musime-si-pomahat-humanitarny-program-eu\/\" target=&quot;_blank&quot;>\n\t\t\t\tMUS\u00cdME SI POM\u00c1HA\u0164 &#8211; HUMANIT\u00c1RNY PROGRAM E\u00da\t\t\t<\/a>\n\t\t<\/h3>\n\t\t\t\t<div class=\"elementor-post__excerpt\">\n\t\t\t<p>V apr\u00edli 2018 sme sa z\u00fa\u010dastnili na semin\u00e1ri pre vysielanie humanit\u00e1rnych dobrovo\u013en\u00edkov. Tento workshop organizovala<\/p>\n\t\t<\/div>\n\t\t\t\t<\/div>\n\t\t\t\t<div class=\"elementor-post__meta-data\">\n\t\t\t\t\t<span class=\"elementor-post-date\">\n\t\t\tMay 29, 2018\t\t<\/span>\n\t\t\t\t<\/div>\n\t\t\t\t\t<\/div>\n\t\t<\/article>\n\t\t\t\t<article class=\"elementor-post elementor-grid-item post-15718 post type-post status-publish format-standard has-post-thumbnail hentry category-novinky category-uncategorized\" role=\"listitem\">\n\t\t\t<div class=\"elementor-post__card\">\n\t\t\t\t<a class=\"elementor-post__thumbnail__link\" href=\"https:\/\/www.adra.sk\/en\/adra-newsletter-5-2018\/\" tabindex=\"-1\" target=\"_blank\"><div class=\"elementor-post__thumbnail\"><img loading=\"lazy\" decoding=\"async\" width=\"300\" height=\"218\" src=\"https:\/\/www.adra.sk\/wp-content\/uploads\/2018\/02\/aFBpost_25vyr-e1518525620771-300x218.png\" class=\"attachment-medium size-medium wp-image-15687\" alt=\"\" srcset=\"https:\/\/www.adra.sk\/wp-content\/uploads\/2018\/02\/aFBpost_25vyr-e1518525620771-300x218.png 300w, https:\/\/www.adra.sk\/wp-content\/uploads\/2018\/02\/aFBpost_25vyr-e1518525620771-1024x742.png 1024w, https:\/\/www.adra.sk\/wp-content\/uploads\/2018\/02\/aFBpost_25vyr-e1518525620771-768x557.png 768w, https:\/\/www.adra.sk\/wp-content\/uploads\/2018\/02\/aFBpost_25vyr-e1518525620771-1536x1114.png 1536w, https:\/\/www.adra.sk\/wp-content\/uploads\/2018\/02\/aFBpost_25vyr-e1518525620771-2048x1485.png 2048w, https:\/\/www.adra.sk\/wp-content\/uploads\/2018\/02\/aFBpost_25vyr-e1518525620771-2000x1450.png 2000w\" sizes=\"(max-width: 300px) 100vw, 300px\" \/><\/div><\/a>\n\t\t\t\t<div class=\"elementor-post__badge\">Novinky<\/div>\n\t\t\t\t<div class=\"elementor-post__text\">\n\t\t\t\t<h3 class=\"elementor-post__title\">\n\t\t\t<a href=\"https:\/\/www.adra.sk\/en\/adra-newsletter-5-2018\/\" target=&quot;_blank&quot;>\n\t\t\t\tADRA NEWSLETTER 5\/2018\t\t\t<\/a>\n\t\t<\/h3>\n\t\t\t\t<div class=\"elementor-post__excerpt\">\n\t\t\t<p>Aktu\u00e1lne\u00a0novinky &#8211; Zisti viac o tom, ako, kde a pre\u010do pom\u00e1hame \u013eu\u010fom v n\u00fadzi Klikni<\/p>\n\t\t<\/div>\n\t\t\t\t<\/div>\n\t\t\t\t<div class=\"elementor-post__meta-data\">\n\t\t\t\t\t<span class=\"elementor-post-date\">\n\t\t\tMay 24, 2018\t\t<\/span>\n\t\t\t\t<\/div>\n\t\t\t\t\t<\/div>\n\t\t<\/article>\n\t\t\t\t<article class=\"elementor-post elementor-grid-item post-15721 post type-post status-publish format-standard has-post-thumbnail hentry category-novinky category-uncategorized\" role=\"listitem\">\n\t\t\t<div class=\"elementor-post__card\">\n\t\t\t\t<a class=\"elementor-post__thumbnail__link\" href=\"https:\/\/www.adra.sk\/en\/dajme-veciam-druhu-sancu-a-pomozme-si-navzajom\/\" tabindex=\"-1\" target=\"_blank\"><div class=\"elementor-post__thumbnail\"><img loading=\"lazy\" decoding=\"async\" width=\"300\" height=\"185\" src=\"https:\/\/www.adra.sk\/wp-content\/uploads\/2018\/05\/recyklaciaKE-300x185.png\" class=\"attachment-medium size-medium wp-image-15722\" alt=\"\" srcset=\"https:\/\/www.adra.sk\/wp-content\/uploads\/2018\/05\/recyklaciaKE-300x185.png 300w, https:\/\/www.adra.sk\/wp-content\/uploads\/2018\/05\/recyklaciaKE-1024x632.png 1024w, https:\/\/www.adra.sk\/wp-content\/uploads\/2018\/05\/recyklaciaKE-768x474.png 768w, https:\/\/www.adra.sk\/wp-content\/uploads\/2018\/05\/recyklaciaKE.png 1225w\" sizes=\"(max-width: 300px) 100vw, 300px\" \/><\/div><\/a>\n\t\t\t\t<div class=\"elementor-post__badge\">Novinky<\/div>\n\t\t\t\t<div class=\"elementor-post__text\">\n\t\t\t\t<h3 class=\"elementor-post__title\">\n\t\t\t<a href=\"https:\/\/www.adra.sk\/en\/dajme-veciam-druhu-sancu-a-pomozme-si-navzajom\/\" target=&quot;_blank&quot;>\n\t\t\t\tDAJME VECIAM DRUH\u00da \u0160ANCU A POM\u00d4\u017dME SI NAVZ\u00c1JOM\t\t\t<\/a>\n\t\t<\/h3>\n\t\t\t\t<div class=\"elementor-post__excerpt\">\n\t\t\t<p>DAJME VECIAM DRUH\u00da \u0160ANCU A POM\u00d4\u017dME SI NAVZ\u00c1JOM Zapojte sa do na\u0161ej spolo\u010dnej ekologicko-charitat\u00edvnej akcie<\/p>\n\t\t<\/div>\n\t\t\t\t<\/div>\n\t\t\t\t<div class=\"elementor-post__meta-data\">\n\t\t\t\t\t<span class=\"elementor-post-date\">\n\t\t\tMay 19, 2018\t\t<\/span>\n\t\t\t\t<\/div>\n\t\t\t\t\t<\/div>\n\t\t<\/article>\n\t\t\t\t<article class=\"elementor-post elementor-grid-item post-15709 post type-post status-publish format-standard has-post-thumbnail hentry category-novinky category-uncategorized\" role=\"listitem\">\n\t\t\t<div class=\"elementor-post__card\">\n\t\t\t\t<a class=\"elementor-post__thumbnail__link\" href=\"https:\/\/www.adra.sk\/en\/letny-tabor-vylepsime-nemocnicu-adra\/\" tabindex=\"-1\" target=\"_blank\"><div class=\"elementor-post__thumbnail\"><img loading=\"lazy\" decoding=\"async\" width=\"300\" height=\"199\" src=\"https:\/\/www.adra.sk\/wp-content\/uploads\/2018\/05\/Screen-Shot-2018-05-14-at-18.47.12-e1526316664480-300x199.png\" class=\"attachment-medium size-medium wp-image-15710\" alt=\"\" srcset=\"https:\/\/www.adra.sk\/wp-content\/uploads\/2018\/05\/Screen-Shot-2018-05-14-at-18.47.12-e1526316664480-300x199.png 300w, https:\/\/www.adra.sk\/wp-content\/uploads\/2018\/05\/Screen-Shot-2018-05-14-at-18.47.12-e1526316664480-1024x678.png 1024w, https:\/\/www.adra.sk\/wp-content\/uploads\/2018\/05\/Screen-Shot-2018-05-14-at-18.47.12-e1526316664480-768x508.png 768w, https:\/\/www.adra.sk\/wp-content\/uploads\/2018\/05\/Screen-Shot-2018-05-14-at-18.47.12-e1526316664480.png 1500w\" sizes=\"(max-width: 300px) 100vw, 300px\" \/><\/div><\/a>\n\t\t\t\t<div class=\"elementor-post__badge\">Novinky<\/div>\n\t\t\t\t<div class=\"elementor-post__text\">\n\t\t\t\t<h3 class=\"elementor-post__title\">\n\t\t\t<a href=\"https:\/\/www.adra.sk\/en\/letny-tabor-vylepsime-nemocnicu-adra\/\" target=&quot;_blank&quot;>\n\t\t\t\tLetn\u00fd ADRA t\u00e1bor: vylep\u0161\u00edme spolu nemocnicu!\t\t\t<\/a>\n\t\t<\/h3>\n\t\t\t\t<div class=\"elementor-post__excerpt\">\n\t\t\t<p>M\u00e1\u0161 v lete vo\u013en\u00fd \u010das aj chu\u0165 fyzicky pracova\u0165 a pom\u00f4c\u0165 dobrej veci? Pridaj sa<\/p>\n\t\t<\/div>\n\t\t\t\t<\/div>\n\t\t\t\t<div class=\"elementor-post__meta-data\">\n\t\t\t\t\t<span class=\"elementor-post-date\">\n\t\t\tMay 14, 2018\t\t<\/span>\n\t\t\t\t<\/div>\n\t\t\t\t\t<\/div>\n\t\t<\/article>\n\t\t\t\t<article class=\"elementor-post elementor-grid-item post-15711 post type-post status-publish format-standard has-post-thumbnail hentry category-novinky category-uncategorized\" role=\"listitem\">\n\t\t\t<div class=\"elementor-post__card\">\n\t\t\t\t<a class=\"elementor-post__thumbnail__link\" href=\"https:\/\/www.adra.sk\/en\/pod-k-nam-na-staz\/\" tabindex=\"-1\" target=\"_blank\"><div class=\"elementor-post__thumbnail\"><img loading=\"lazy\" decoding=\"async\" width=\"300\" height=\"225\" src=\"https:\/\/www.adra.sk\/wp-content\/uploads\/2018\/05\/IMG_8559-e1526319191378-300x225.jpg\" class=\"attachment-medium size-medium wp-image-15712\" alt=\"\" srcset=\"https:\/\/www.adra.sk\/wp-content\/uploads\/2018\/05\/IMG_8559-e1526319191378-300x225.jpg 300w, https:\/\/www.adra.sk\/wp-content\/uploads\/2018\/05\/IMG_8559-e1526319191378-1024x768.jpg 1024w, https:\/\/www.adra.sk\/wp-content\/uploads\/2018\/05\/IMG_8559-e1526319191378-768x576.jpg 768w, https:\/\/www.adra.sk\/wp-content\/uploads\/2018\/05\/IMG_8559-e1526319191378-1000x750.jpg 1000w, https:\/\/www.adra.sk\/wp-content\/uploads\/2018\/05\/IMG_8559-e1526319191378.jpg 1280w\" sizes=\"(max-width: 300px) 100vw, 300px\" \/><\/div><\/a>\n\t\t\t\t<div class=\"elementor-post__badge\">Novinky<\/div>\n\t\t\t\t<div class=\"elementor-post__text\">\n\t\t\t\t<h3 class=\"elementor-post__title\">\n\t\t\t<a href=\"https:\/\/www.adra.sk\/en\/pod-k-nam-na-staz\/\" target=&quot;_blank&quot;>\n\t\t\t\tPo\u010f k n\u00e1m na st\u00e1\u017e!\t\t\t<\/a>\n\t\t<\/h3>\n\t\t\t\t<div class=\"elementor-post__excerpt\">\n\t\t\t<p>MA\u0164O, \u010eAKUJEME! KTO \u010eAL\u0160\u00cd SI TR\u00daFA? Martin \u00faspe\u0161ne pre\u0161iel za\u0165a\u017ek\u00e1vaj\u00facou sk\u00fa\u0161kou v \u017eivote &#8211; str\u00e1vil<\/p>\n\t\t<\/div>\n\t\t\t\t<\/div>\n\t\t\t\t<div class=\"elementor-post__meta-data\">\n\t\t\t\t\t<span class=\"elementor-post-date\">\n\t\t\tMay 11, 2018\t\t<\/span>\n\t\t\t\t<\/div>\n\t\t\t\t\t<\/div>\n\t\t<\/article>\n\t\t\t\t<article class=\"elementor-post elementor-grid-item post-15715 post type-post status-publish format-standard has-post-thumbnail hentry category-novinky category-uncategorized\" role=\"listitem\">\n\t\t\t<div class=\"elementor-post__card\">\n\t\t\t\t<a class=\"elementor-post__thumbnail__link\" href=\"https:\/\/www.adra.sk\/en\/gruzinsko-vzdelavanie-pomoc-adra\/\" tabindex=\"-1\" target=\"_blank\"><div class=\"elementor-post__thumbnail\"><img loading=\"lazy\" decoding=\"async\" width=\"300\" height=\"200\" src=\"https:\/\/www.adra.sk\/wp-content\/uploads\/2018\/05\/img-0818_orig-300x200.jpg\" class=\"attachment-medium size-medium wp-image-15716\" alt=\"\" srcset=\"https:\/\/www.adra.sk\/wp-content\/uploads\/2018\/05\/img-0818_orig-300x200.jpg 300w, https:\/\/www.adra.sk\/wp-content\/uploads\/2018\/05\/img-0818_orig-1024x682.jpg 1024w, https:\/\/www.adra.sk\/wp-content\/uploads\/2018\/05\/img-0818_orig-768x512.jpg 768w, https:\/\/www.adra.sk\/wp-content\/uploads\/2018\/05\/img-0818_orig.jpg 1100w\" sizes=\"(max-width: 300px) 100vw, 300px\" \/><\/div><\/a>\n\t\t\t\t<div class=\"elementor-post__badge\">Novinky<\/div>\n\t\t\t\t<div class=\"elementor-post__text\">\n\t\t\t\t<h3 class=\"elementor-post__title\">\n\t\t\t<a href=\"https:\/\/www.adra.sk\/en\/gruzinsko-vzdelavanie-pomoc-adra\/\" target=&quot;_blank&quot;>\n\t\t\t\tV Guz\u00ednsku pom\u00e1hame cez vzdel\u00e1vanie\t\t\t<\/a>\n\t\t<\/h3>\n\t\t\t\t<div class=\"elementor-post__excerpt\">\n\t\t\t<p>Predstavte si, \u017ee by ste ako p\u00e4tn\u00e1s\u0165ro\u010dn\u00fd t\u00ednejd\u017eer kv\u00f4li rusko-gruz\u00ednskej vojne museli opusti\u0165 svoj domov<\/p>\n\t\t<\/div>\n\t\t\t\t<\/div>\n\t\t\t\t<div class=\"elementor-post__meta-data\">\n\t\t\t\t\t<span class=\"elementor-post-date\">\n\t\t\tMay 3, 2018\t\t<\/span>\n\t\t\t\t<\/div>\n\t\t\t\t\t<\/div>\n\t\t<\/article>\n\t\t\t\t<article class=\"elementor-post elementor-grid-item post-15705 post type-post status-publish format-standard has-post-thumbnail hentry category-novinky category-uncategorized\" role=\"listitem\">\n\t\t\t<div class=\"elementor-post__card\">\n\t\t\t\t<a class=\"elementor-post__thumbnail__link\" href=\"https:\/\/www.adra.sk\/en\/vase-2-pomozu-na-100\/\" tabindex=\"-1\" target=\"_blank\"><div class=\"elementor-post__thumbnail\"><img loading=\"lazy\" decoding=\"async\" width=\"300\" height=\"238\" src=\"https:\/\/www.adra.sk\/wp-content\/uploads\/2018\/04\/C_22018-e1524489932910-300x238.png\" class=\"attachment-medium size-medium wp-image-15706\" alt=\"\" srcset=\"https:\/\/www.adra.sk\/wp-content\/uploads\/2018\/04\/C_22018-e1524489932910-300x238.png 300w, https:\/\/www.adra.sk\/wp-content\/uploads\/2018\/04\/C_22018-e1524489932910.png 565w\" sizes=\"(max-width: 300px) 100vw, 300px\" \/><\/div><\/a>\n\t\t\t\t<div class=\"elementor-post__badge\">Novinky<\/div>\n\t\t\t\t<div class=\"elementor-post__text\">\n\t\t\t\t<h3 class=\"elementor-post__title\">\n\t\t\t<a href=\"https:\/\/www.adra.sk\/en\/vase-2-pomozu-na-100\/\" target=&quot;_blank&quot;>\n\t\t\t\tVa\u0161e 2 % pom\u00f4\u017eu na 100 %\t\t\t<\/a>\n\t\t<\/h3>\n\t\t\t\t<div class=\"elementor-post__excerpt\">\n\t\t\t<p>Zamestnanci, e\u0161te st\u00e1le m\u00f4\u017eete pom\u00f4c\u0165, a\u017e do 30. apr\u00edla 2018! Aj v\u010faka va\u0161im 2 %<\/p>\n\t\t<\/div>\n\t\t\t\t<\/div>\n\t\t\t\t<div class=\"elementor-post__meta-data\">\n\t\t\t\t\t<span class=\"elementor-post-date\">\n\t\t\tApril 19, 2018\t\t<\/span>\n\t\t\t\t<\/div>\n\t\t\t\t\t<\/div>\n\t\t<\/article>\n\t\t\t\t<article class=\"elementor-post elementor-grid-item post-15700 post type-post status-publish format-standard has-post-thumbnail hentry category-novinky category-uncategorized\" role=\"listitem\">\n\t\t\t<div class=\"elementor-post__card\">\n\t\t\t\t<a class=\"elementor-post__thumbnail__link\" href=\"https:\/\/www.adra.sk\/en\/darujeme-25-eko-taska\/\" tabindex=\"-1\" target=\"_blank\"><div class=\"elementor-post__thumbnail\"><img loading=\"lazy\" decoding=\"async\" width=\"300\" height=\"208\" src=\"https:\/\/www.adra.sk\/wp-content\/uploads\/2018\/04\/3_skFBpost_25tasiek-1-e1528852638210-300x208.png\" class=\"attachment-medium size-medium wp-image-15701\" alt=\"\" srcset=\"https:\/\/www.adra.sk\/wp-content\/uploads\/2018\/04\/3_skFBpost_25tasiek-1-e1528852638210-300x208.png 300w, https:\/\/www.adra.sk\/wp-content\/uploads\/2018\/04\/3_skFBpost_25tasiek-1-e1528852638210-768x534.png 768w, https:\/\/www.adra.sk\/wp-content\/uploads\/2018\/04\/3_skFBpost_25tasiek-1-e1528852638210.png 770w\" sizes=\"(max-width: 300px) 100vw, 300px\" \/><\/div><\/a>\n\t\t\t\t<div class=\"elementor-post__badge\">Novinky<\/div>\n\t\t\t\t<div class=\"elementor-post__text\">\n\t\t\t\t<h3 class=\"elementor-post__title\">\n\t\t\t<a href=\"https:\/\/www.adra.sk\/en\/darujeme-25-eko-taska\/\" target=&quot;_blank&quot;>\n\t\t\t\tVy darujete 25 Eur, my v\u00e1m darujeme eko ta\u0161ku\t\t\t<\/a>\n\t\t<\/h3>\n\t\t\t\t<div class=\"elementor-post__excerpt\">\n\t\t\t<p>OSLAVUJEME TO\u013dKO ROKOV, \u010cO SLOVENSKO! DARUJTE TERAZ 25 EUR U\u017e 25 rokov pom\u00e1hate s nami.<\/p>\n\t\t<\/div>\n\t\t\t\t<\/div>\n\t\t\t\t<div class=\"elementor-post__meta-data\">\n\t\t\t\t\t<span class=\"elementor-post-date\">\n\t\t\tApril 10, 2018\t\t<\/span>\n\t\t\t\t<\/div>\n\t\t\t\t\t<\/div>\n\t\t<\/article>\n\t\t\t\t<article class=\"elementor-post elementor-grid-item post-15695 post type-post status-publish format-standard has-post-thumbnail hentry category-novinky category-uncategorized\" role=\"listitem\">\n\t\t\t<div class=\"elementor-post__card\">\n\t\t\t\t<a class=\"elementor-post__thumbnail__link\" href=\"https:\/\/www.adra.sk\/en\/hovorme-o-nasili-nahlas-diskusia-pre-obete-nasilia-bbystrica\/\" tabindex=\"-1\" target=\"_blank\"><div class=\"elementor-post__thumbnail\"><img loading=\"lazy\" decoding=\"async\" width=\"300\" height=\"186\" src=\"https:\/\/www.adra.sk\/wp-content\/uploads\/2018\/04\/29749233_1853346968051298_5700587000755211936_o-e1523020565985-300x186.jpg\" class=\"attachment-medium size-medium wp-image-15696\" alt=\"\" srcset=\"https:\/\/www.adra.sk\/wp-content\/uploads\/2018\/04\/29749233_1853346968051298_5700587000755211936_o-e1523020565985-300x186.jpg 300w, https:\/\/www.adra.sk\/wp-content\/uploads\/2018\/04\/29749233_1853346968051298_5700587000755211936_o-e1523020565985-1024x635.jpg 1024w, https:\/\/www.adra.sk\/wp-content\/uploads\/2018\/04\/29749233_1853346968051298_5700587000755211936_o-e1523020565985-768x476.jpg 768w, https:\/\/www.adra.sk\/wp-content\/uploads\/2018\/04\/29749233_1853346968051298_5700587000755211936_o-e1523020565985-1536x953.jpg 1536w, https:\/\/www.adra.sk\/wp-content\/uploads\/2018\/04\/29749233_1853346968051298_5700587000755211936_o-e1523020565985.jpg 1712w\" sizes=\"(max-width: 300px) 100vw, 300px\" \/><\/div><\/a>\n\t\t\t\t<div class=\"elementor-post__badge\">Novinky<\/div>\n\t\t\t\t<div class=\"elementor-post__text\">\n\t\t\t\t<h3 class=\"elementor-post__title\">\n\t\t\t<a href=\"https:\/\/www.adra.sk\/en\/hovorme-o-nasili-nahlas-diskusia-pre-obete-nasilia-bbystrica\/\" target=&quot;_blank&quot;>\n\t\t\t\tHOVORME O N\u00c1SIL\u00cd NAHLAS &#8211; V BANSKEJ BYSTRICI\t\t\t<\/a>\n\t\t<\/h3>\n\t\t\t\t<div class=\"elementor-post__excerpt\">\n\t\t\t<p>Poz\u00fdvame v\u00e1s na pokra\u010dovanie zauj\u00edmavej a potrebnej diskusie HOVORME O N\u00c1SIL\u00cd NAHLAS, ktor\u00e1 sa uskuto\u010dn\u00ed\u00a026.<\/p>\n\t\t<\/div>\n\t\t\t\t<\/div>\n\t\t\t\t<div class=\"elementor-post__meta-data\">\n\t\t\t\t\t<span class=\"elementor-post-date\">\n\t\t\tApril 4, 2018\t\t<\/span>\n\t\t\t\t<\/div>\n\t\t\t\t\t<\/div>\n\t\t<\/article>\n\t\t\t\t<article class=\"elementor-post elementor-grid-item post-15703 post type-post status-publish format-standard has-post-thumbnail hentry category-novinky category-uncategorized\" role=\"listitem\">\n\t\t\t<div class=\"elementor-post__card\">\n\t\t\t\t<a class=\"elementor-post__thumbnail__link\" href=\"https:\/\/www.adra.sk\/en\/reakcia-na-nepodlozene-utoky-politikov-o-netransparentnom-financovani\/\" tabindex=\"-1\" target=\"_blank\"><div class=\"elementor-post__thumbnail\"><img loading=\"lazy\" decoding=\"async\" width=\"300\" height=\"201\" src=\"https:\/\/www.adra.sk\/wp-content\/uploads\/2018\/03\/Screen-Shot-2018-04-12-at-00.03.29-e1523484282492-300x201.png\" class=\"attachment-medium size-medium wp-image-15704\" alt=\"\" srcset=\"https:\/\/www.adra.sk\/wp-content\/uploads\/2018\/03\/Screen-Shot-2018-04-12-at-00.03.29-e1523484282492-300x201.png 300w, https:\/\/www.adra.sk\/wp-content\/uploads\/2018\/03\/Screen-Shot-2018-04-12-at-00.03.29-e1523484282492-768x515.png 768w, https:\/\/www.adra.sk\/wp-content\/uploads\/2018\/03\/Screen-Shot-2018-04-12-at-00.03.29-e1523484282492.png 1000w\" sizes=\"(max-width: 300px) 100vw, 300px\" \/><\/div><\/a>\n\t\t\t\t<div class=\"elementor-post__badge\">Novinky<\/div>\n\t\t\t\t<div class=\"elementor-post__text\">\n\t\t\t\t<h3 class=\"elementor-post__title\">\n\t\t\t<a href=\"https:\/\/www.adra.sk\/en\/reakcia-na-nepodlozene-utoky-politikov-o-netransparentnom-financovani\/\" target=&quot;_blank&quot;>\n\t\t\t\tSpolo\u010dn\u00e1 reakcia na nepodlo\u017een\u00e9 \u00fatoky politikov o netransparentnom financovan\u00ed\t\t\t<\/a>\n\t\t<\/h3>\n\t\t\t\t<div class=\"elementor-post__excerpt\">\n\t\t\t<p>Vy\u0161e 30 predstavite\u013eov tretieho sektora sa pridalo k spolo\u010dn\u00e9mu stanovisku o financovan\u00ed neziskov\u00e9ho sektora a<\/p>\n\t\t<\/div>\n\t\t\t\t<\/div>\n\t\t\t\t<div class=\"elementor-post__meta-data\">\n\t\t\t\t\t<span class=\"elementor-post-date\">\n\t\t\tMarch 27, 2018\t\t<\/span>\n\t\t\t\t<\/div>\n\t\t\t\t\t<\/div>\n\t\t<\/article>\n\t\t\t\t<article class=\"elementor-post elementor-grid-item post-15697 post type-post status-publish format-standard has-post-thumbnail hentry category-novinky category-uncategorized\" role=\"listitem\">\n\t\t\t<div class=\"elementor-post__card\">\n\t\t\t\t<a class=\"elementor-post__thumbnail__link\" href=\"https:\/\/www.adra.sk\/en\/adra-newsletter-2018-3\/\" tabindex=\"-1\" target=\"_blank\"><div class=\"elementor-post__thumbnail\"><img loading=\"lazy\" decoding=\"async\" width=\"300\" height=\"198\" src=\"https:\/\/www.adra.sk\/wp-content\/uploads\/2018\/03\/29136097_10213857777590903_4458115816331673600_o-e1523020015331-300x198.jpg\" class=\"attachment-medium size-medium wp-image-15698\" alt=\"\" srcset=\"https:\/\/www.adra.sk\/wp-content\/uploads\/2018\/03\/29136097_10213857777590903_4458115816331673600_o-e1523020015331-300x198.jpg 300w, https:\/\/www.adra.sk\/wp-content\/uploads\/2018\/03\/29136097_10213857777590903_4458115816331673600_o-e1523020015331-1024x676.jpg 1024w, https:\/\/www.adra.sk\/wp-content\/uploads\/2018\/03\/29136097_10213857777590903_4458115816331673600_o-e1523020015331-768x507.jpg 768w, https:\/\/www.adra.sk\/wp-content\/uploads\/2018\/03\/29136097_10213857777590903_4458115816331673600_o-e1523020015331-1536x1015.jpg 1536w, https:\/\/www.adra.sk\/wp-content\/uploads\/2018\/03\/29136097_10213857777590903_4458115816331673600_o-e1523020015331-2048x1353.jpg 2048w, https:\/\/www.adra.sk\/wp-content\/uploads\/2018\/03\/29136097_10213857777590903_4458115816331673600_o-e1523020015331-2000x1321.jpg 2000w\" sizes=\"(max-width: 300px) 100vw, 300px\" \/><\/div><\/a>\n\t\t\t\t<div class=\"elementor-post__badge\">Novinky<\/div>\n\t\t\t\t<div class=\"elementor-post__text\">\n\t\t\t\t<h3 class=\"elementor-post__title\">\n\t\t\t<a href=\"https:\/\/www.adra.sk\/en\/adra-newsletter-2018-3\/\" target=&quot;_blank&quot;>\n\t\t\t\tADRA NEWSLETTER 3\/2018\t\t\t<\/a>\n\t\t<\/h3>\n\t\t\t\t<div class=\"elementor-post__excerpt\">\n\t\t\t<p>Aktu\u00e1lne\u00a0novinky &#8211; Zisti viac o tom, ako, kde a pre\u010do pom\u00e1hame \u013eu\u010fom v n\u00fadzi Klikni<\/p>\n\t\t<\/div>\n\t\t\t\t<\/div>\n\t\t\t\t<div class=\"elementor-post__meta-data\">\n\t\t\t\t\t<span class=\"elementor-post-date\">\n\t\t\tMarch 23, 2018\t\t<\/span>\n\t\t\t\t<\/div>\n\t\t\t\t\t<\/div>\n\t\t<\/article>\n\t\t\t\t<article class=\"elementor-post elementor-grid-item post-15692 post type-post status-publish format-standard has-post-thumbnail hentry category-blog category-novinky category-uncategorized\" role=\"listitem\">\n\t\t\t<div class=\"elementor-post__card\">\n\t\t\t\t<a class=\"elementor-post__thumbnail__link\" href=\"https:\/\/www.adra.sk\/en\/istanbulsky-dohovor-ano-ci-nie\/\" tabindex=\"-1\" target=\"_blank\"><div class=\"elementor-post__thumbnail\"><img loading=\"lazy\" decoding=\"async\" width=\"300\" height=\"169\" src=\"https:\/\/www.adra.sk\/wp-content\/uploads\/2018\/03\/DYGstCdWsAAULn6-300x169.jpg\" class=\"attachment-medium size-medium wp-image-15693\" alt=\"\" srcset=\"https:\/\/www.adra.sk\/wp-content\/uploads\/2018\/03\/DYGstCdWsAAULn6-300x169.jpg 300w, https:\/\/www.adra.sk\/wp-content\/uploads\/2018\/03\/DYGstCdWsAAULn6-1024x576.jpg 1024w, https:\/\/www.adra.sk\/wp-content\/uploads\/2018\/03\/DYGstCdWsAAULn6-768x432.jpg 768w, https:\/\/www.adra.sk\/wp-content\/uploads\/2018\/03\/DYGstCdWsAAULn6.jpg 1199w\" sizes=\"(max-width: 300px) 100vw, 300px\" \/><\/div><\/a>\n\t\t\t\t<div class=\"elementor-post__badge\">Blog<\/div>\n\t\t\t\t<div class=\"elementor-post__text\">\n\t\t\t\t<h3 class=\"elementor-post__title\">\n\t\t\t<a href=\"https:\/\/www.adra.sk\/en\/istanbulsky-dohovor-ano-ci-nie\/\" target=&quot;_blank&quot;>\n\t\t\t\tIstanbulsk\u00fd dohovor &#8211; \u00e1no \u010di nie?\t\t\t<\/a>\n\t\t<\/h3>\n\t\t\t\t<div class=\"elementor-post__excerpt\">\n\t\t\t<p>\u00a0 V r\u00e1mci ADRA Slovensko sme v roku 2017 vytvorili odborn\u00fd t\u00edm, ktor\u00fd intenz\u00edvne pom\u00e1ha<\/p>\n\t\t<\/div>\n\t\t\t\t<\/div>\n\t\t\t\t<div class=\"elementor-post__meta-data\">\n\t\t\t\t\t<span class=\"elementor-post-date\">\n\t\t\tMarch 12, 2018\t\t<\/span>\n\t\t\t\t<\/div>\n\t\t\t\t\t<\/div>\n\t\t<\/article>\n\t\t\t\t<article class=\"elementor-post elementor-grid-item post-15690 post type-post status-publish format-standard has-post-thumbnail hentry category-novinky category-uncategorized\" role=\"listitem\">\n\t\t\t<div class=\"elementor-post__card\">\n\t\t\t\t<a class=\"elementor-post__thumbnail__link\" href=\"https:\/\/www.adra.sk\/en\/adra-newsletter-2-2018\/\" tabindex=\"-1\" target=\"_blank\"><div class=\"elementor-post__thumbnail\"><img loading=\"lazy\" decoding=\"async\" width=\"300\" height=\"204\" src=\"https:\/\/www.adra.sk\/wp-content\/uploads\/2018\/02\/22-e1519945588359-300x204.png\" class=\"attachment-medium size-medium wp-image-15691\" alt=\"\" srcset=\"https:\/\/www.adra.sk\/wp-content\/uploads\/2018\/02\/22-e1519945588359-300x204.png 300w, https:\/\/www.adra.sk\/wp-content\/uploads\/2018\/02\/22-e1519945588359-1024x697.png 1024w, https:\/\/www.adra.sk\/wp-content\/uploads\/2018\/02\/22-e1519945588359-768x523.png 768w, https:\/\/www.adra.sk\/wp-content\/uploads\/2018\/02\/22-e1519945588359.png 1194w\" sizes=\"(max-width: 300px) 100vw, 300px\" \/><\/div><\/a>\n\t\t\t\t<div class=\"elementor-post__badge\">Novinky<\/div>\n\t\t\t\t<div class=\"elementor-post__text\">\n\t\t\t\t<h3 class=\"elementor-post__title\">\n\t\t\t<a href=\"https:\/\/www.adra.sk\/en\/adra-newsletter-2-2018\/\" target=&quot;_blank&quot;>\n\t\t\t\tADRA NEWSLETTER 2\/2018\t\t\t<\/a>\n\t\t<\/h3>\n\t\t\t\t<div class=\"elementor-post__excerpt\">\n\t\t\t<p>Aktu\u00e1lne\u00a0novinky &#8211; Zisti viac o tom, ako, kde a pre\u010do pom\u00e1hame \u013eu\u010fom v n\u00fadzi Klikni<\/p>\n\t\t<\/div>\n\t\t\t\t<\/div>\n\t\t\t\t<div class=\"elementor-post__meta-data\">\n\t\t\t\t\t<span class=\"elementor-post-date\">\n\t\t\tFebruary 22, 2018\t\t<\/span>\n\t\t\t\t<\/div>\n\t\t\t\t\t<\/div>\n\t\t<\/article>\n\t\t\t\t<article class=\"elementor-post elementor-grid-item post-15567 post type-post status-publish format-standard has-post-thumbnail hentry category-novinky category-uncategorized\" role=\"listitem\">\n\t\t\t<div class=\"elementor-post__card\">\n\t\t\t\t<a class=\"elementor-post__thumbnail__link\" href=\"https:\/\/www.adra.sk\/en\/volne-pracovne-miesto\/\" tabindex=\"-1\" target=\"_blank\"><div class=\"elementor-post__thumbnail\"><img loading=\"lazy\" decoding=\"async\" width=\"300\" height=\"225\" src=\"https:\/\/www.adra.sk\/wp-content\/uploads\/2018\/02\/IMG_4201-e1496043988821-300x225.jpg\" class=\"attachment-medium size-medium wp-image-15568\" alt=\"\" srcset=\"https:\/\/www.adra.sk\/wp-content\/uploads\/2018\/02\/IMG_4201-e1496043988821-300x225.jpg 300w, https:\/\/www.adra.sk\/wp-content\/uploads\/2018\/02\/IMG_4201-e1496043988821-1024x768.jpg 1024w, https:\/\/www.adra.sk\/wp-content\/uploads\/2018\/02\/IMG_4201-e1496043988821-768x576.jpg 768w, https:\/\/www.adra.sk\/wp-content\/uploads\/2018\/02\/IMG_4201-e1496043988821-1536x1152.jpg 1536w, https:\/\/www.adra.sk\/wp-content\/uploads\/2018\/02\/IMG_4201-e1496043988821-2048x1536.jpg 2048w, https:\/\/www.adra.sk\/wp-content\/uploads\/2018\/02\/IMG_4201-e1496043988821-1000x750.jpg 1000w, https:\/\/www.adra.sk\/wp-content\/uploads\/2018\/02\/IMG_4201-e1496043988821-2000x1500.jpg 2000w\" sizes=\"(max-width: 300px) 100vw, 300px\" \/><\/div><\/a>\n\t\t\t\t<div class=\"elementor-post__badge\">Novinky<\/div>\n\t\t\t\t<div class=\"elementor-post__text\">\n\t\t\t\t<h3 class=\"elementor-post__title\">\n\t\t\t<a href=\"https:\/\/www.adra.sk\/en\/volne-pracovne-miesto\/\" target=&quot;_blank&quot;>\n\t\t\t\tH\u013dAD\u00c1ME DO T\u00cdMU NOV\u00c9 POSILY\t\t\t<\/a>\n\t\t<\/h3>\n\t\t\t\t<div class=\"elementor-post__excerpt\">\n\t\t\t<p>Chce\u0161\u00a0sa prida\u0165\u00a0k t\u00edmu ADRA Slovensko?\u00a0 Pozri si na\u0161u aktu\u00e1lnu ponuku vo\u013en\u00fdch pracovn\u00fdch miest a n\u00e1jdi<\/p>\n\t\t<\/div>\n\t\t\t\t<\/div>\n\t\t\t\t<div class=\"elementor-post__meta-data\">\n\t\t\t\t\t<span class=\"elementor-post-date\">\n\t\t\tFebruary 16, 2018\t\t<\/span>\n\t\t\t\t<\/div>\n\t\t\t\t\t<\/div>\n\t\t<\/article>\n\t\t\t\t<article class=\"elementor-post elementor-grid-item post-15686 post type-post status-publish format-standard has-post-thumbnail hentry category-novinky category-uncategorized\" role=\"listitem\">\n\t\t\t<div class=\"elementor-post__card\">\n\t\t\t\t<a class=\"elementor-post__thumbnail__link\" href=\"https:\/\/www.adra.sk\/en\/adra-slovensko-oslavi-tento-rok-25-vyrocie\/\" tabindex=\"-1\" target=\"_blank\"><div class=\"elementor-post__thumbnail\"><img loading=\"lazy\" decoding=\"async\" width=\"300\" height=\"218\" src=\"https:\/\/www.adra.sk\/wp-content\/uploads\/2018\/02\/aFBpost_25vyr-e1518525620771-300x218.png\" class=\"attachment-medium size-medium wp-image-15687\" alt=\"\" srcset=\"https:\/\/www.adra.sk\/wp-content\/uploads\/2018\/02\/aFBpost_25vyr-e1518525620771-300x218.png 300w, https:\/\/www.adra.sk\/wp-content\/uploads\/2018\/02\/aFBpost_25vyr-e1518525620771-1024x742.png 1024w, https:\/\/www.adra.sk\/wp-content\/uploads\/2018\/02\/aFBpost_25vyr-e1518525620771-768x557.png 768w, https:\/\/www.adra.sk\/wp-content\/uploads\/2018\/02\/aFBpost_25vyr-e1518525620771-1536x1114.png 1536w, https:\/\/www.adra.sk\/wp-content\/uploads\/2018\/02\/aFBpost_25vyr-e1518525620771-2048x1485.png 2048w, https:\/\/www.adra.sk\/wp-content\/uploads\/2018\/02\/aFBpost_25vyr-e1518525620771-2000x1450.png 2000w\" sizes=\"(max-width: 300px) 100vw, 300px\" \/><\/div><\/a>\n\t\t\t\t<div class=\"elementor-post__badge\">Novinky<\/div>\n\t\t\t\t<div class=\"elementor-post__text\">\n\t\t\t\t<h3 class=\"elementor-post__title\">\n\t\t\t<a href=\"https:\/\/www.adra.sk\/en\/adra-slovensko-oslavi-tento-rok-25-vyrocie\/\" target=&quot;_blank&quot;>\n\t\t\t\t25 rokov pom\u00e1hate s nami\t\t\t<\/a>\n\t\t<\/h3>\n\t\t\t\t<div class=\"elementor-post__excerpt\">\n\t\t\t<p>ADRA Slovensko osl\u00e1vi tento rok 25. v\u00fdro\u010die svojho vzniku. U\u017e 25 rokov pom\u00e1hate \u013eu\u010fom v<\/p>\n\t\t<\/div>\n\t\t\t\t<\/div>\n\t\t\t\t<div class=\"elementor-post__meta-data\">\n\t\t\t\t\t<span class=\"elementor-post-date\">\n\t\t\tFebruary 13, 2018\t\t<\/span>\n\t\t\t\t<\/div>\n\t\t\t\t\t<\/div>\n\t\t<\/article>\n\t\t\t\t<article class=\"elementor-post elementor-grid-item post-15684 post type-post status-publish format-standard has-post-thumbnail hentry category-novinky category-uncategorized\" role=\"listitem\">\n\t\t\t<div class=\"elementor-post__card\">\n\t\t\t\t<a class=\"elementor-post__thumbnail__link\" href=\"https:\/\/www.adra.sk\/en\/vystava-nemamconaseba-dom-quo-vadis\/\" tabindex=\"-1\" target=\"_blank\"><div class=\"elementor-post__thumbnail\"><img loading=\"lazy\" decoding=\"async\" width=\"300\" height=\"255\" src=\"https:\/\/www.adra.sk\/wp-content\/uploads\/2018\/02\/2vystava_postFB-1-300x255.png\" class=\"attachment-medium size-medium wp-image-15685\" alt=\"\" srcset=\"https:\/\/www.adra.sk\/wp-content\/uploads\/2018\/02\/2vystava_postFB-1-300x255.png 300w, https:\/\/www.adra.sk\/wp-content\/uploads\/2018\/02\/2vystava_postFB-1-1024x871.png 1024w, https:\/\/www.adra.sk\/wp-content\/uploads\/2018\/02\/2vystava_postFB-1-768x653.png 768w, https:\/\/www.adra.sk\/wp-content\/uploads\/2018\/02\/2vystava_postFB-1.png 1181w\" sizes=\"(max-width: 300px) 100vw, 300px\" \/><\/div><\/a>\n\t\t\t\t<div class=\"elementor-post__badge\">Novinky<\/div>\n\t\t\t\t<div class=\"elementor-post__text\">\n\t\t\t\t<h3 class=\"elementor-post__title\">\n\t\t\t<a href=\"https:\/\/www.adra.sk\/en\/vystava-nemamconaseba-dom-quo-vadis\/\" target=&quot;_blank&quot;>\n\t\t\t\tV\u00fdstava #NEMAMCONASEBA v Dome Quo Vadis\t\t\t<\/a>\n\t\t<\/h3>\n\t\t\t\t<div class=\"elementor-post__excerpt\">\n\t\t\t<p>Poz\u00fdvame v\u00e1s do Domu Quo Vadis\u00a0na dobr\u00fd kol\u00e1\u010dik, k\u00e1vi\u010dku, \u010dokol\u00e1du, knihy, \u010daj&#8230; a hlavne &#8211;<\/p>\n\t\t<\/div>\n\t\t\t\t<\/div>\n\t\t\t\t<div class=\"elementor-post__meta-data\">\n\t\t\t\t\t<span class=\"elementor-post-date\">\n\t\t\tFebruary 5, 2018\t\t<\/span>\n\t\t\t\t<\/div>\n\t\t\t\t\t<\/div>\n\t\t<\/article>\n\t\t\t\t<article class=\"elementor-post elementor-grid-item post-15682 post type-post status-publish format-standard has-post-thumbnail hentry category-novinky category-uncategorized\" role=\"listitem\">\n\t\t\t<div class=\"elementor-post__card\">\n\t\t\t\t<a class=\"elementor-post__thumbnail__link\" href=\"https:\/\/www.adra.sk\/en\/novinka-charitativna-reklama\/\" tabindex=\"-1\" target=\"_blank\"><div class=\"elementor-post__thumbnail\"><img loading=\"lazy\" decoding=\"async\" width=\"300\" height=\"160\" src=\"https:\/\/www.adra.sk\/wp-content\/uploads\/2018\/02\/Screen-Shot-2018-02-01-at-13.15.47-1-e1517489245887-300x160.png\" class=\"attachment-medium size-medium wp-image-15683\" alt=\"\" srcset=\"https:\/\/www.adra.sk\/wp-content\/uploads\/2018\/02\/Screen-Shot-2018-02-01-at-13.15.47-1-e1517489245887-300x160.png 300w, https:\/\/www.adra.sk\/wp-content\/uploads\/2018\/02\/Screen-Shot-2018-02-01-at-13.15.47-1-e1517489245887-1024x545.png 1024w, https:\/\/www.adra.sk\/wp-content\/uploads\/2018\/02\/Screen-Shot-2018-02-01-at-13.15.47-1-e1517489245887-768x408.png 768w, https:\/\/www.adra.sk\/wp-content\/uploads\/2018\/02\/Screen-Shot-2018-02-01-at-13.15.47-1-e1517489245887-1536x817.png 1536w, https:\/\/www.adra.sk\/wp-content\/uploads\/2018\/02\/Screen-Shot-2018-02-01-at-13.15.47-1-e1517489245887-2048x1089.png 2048w, https:\/\/www.adra.sk\/wp-content\/uploads\/2018\/02\/Screen-Shot-2018-02-01-at-13.15.47-1-e1517489245887-2000x1064.png 2000w\" sizes=\"(max-width: 300px) 100vw, 300px\" \/><\/div><\/a>\n\t\t\t\t<div class=\"elementor-post__badge\">Novinky<\/div>\n\t\t\t\t<div class=\"elementor-post__text\">\n\t\t\t\t<h3 class=\"elementor-post__title\">\n\t\t\t<a href=\"https:\/\/www.adra.sk\/en\/novinka-charitativna-reklama\/\" target=&quot;_blank&quot;>\n\t\t\t\tNovinka &#8211; charitat\u00edvna reklama\t\t\t<\/a>\n\t\t<\/h3>\n\t\t\t\t<div class=\"elementor-post__excerpt\">\n\t\t\t<p>[vc_row row_type=&#8220;row&#8220; use_row_as_full_screen_section=&#8220;no&#8220; type=&#8220;full_width&#8220; angled_section=&#8220;no&#8220; text_align=&#8220;left&#8220; background_image_as_pattern=&#8220;without_pattern&#8220; css_animation=&#8220;&#8220;][vc_column][vc_column_text]Aj va\u0161a charitat\u00edvna reklama m\u00f4\u017ee pom\u00e1ha\u0165 \u013eu\u010fom v<\/p>\n\t\t<\/div>\n\t\t\t\t<\/div>\n\t\t\t\t<div class=\"elementor-post__meta-data\">\n\t\t\t\t\t<span class=\"elementor-post-date\">\n\t\t\tFebruary 1, 2018\t\t<\/span>\n\t\t\t\t<\/div>\n\t\t\t\t\t<\/div>\n\t\t<\/article>\n\t\t\t\t<article class=\"elementor-post elementor-grid-item post-15688 post type-post status-publish format-standard has-post-thumbnail hentry category-novinky category-uncategorized\" role=\"listitem\">\n\t\t\t<div class=\"elementor-post__card\">\n\t\t\t\t<a class=\"elementor-post__thumbnail__link\" href=\"https:\/\/www.adra.sk\/en\/adra-newsletter-1-2018\/\" tabindex=\"-1\" target=\"_blank\"><div class=\"elementor-post__thumbnail\"><img loading=\"lazy\" decoding=\"async\" width=\"300\" height=\"234\" src=\"https:\/\/www.adra.sk\/wp-content\/uploads\/2018\/01\/A_22018-e1518820890133-300x234.png\" class=\"attachment-medium size-medium wp-image-15689\" alt=\"\" srcset=\"https:\/\/www.adra.sk\/wp-content\/uploads\/2018\/01\/A_22018-e1518820890133-300x234.png 300w, https:\/\/www.adra.sk\/wp-content\/uploads\/2018\/01\/A_22018-e1518820890133.png 567w\" sizes=\"(max-width: 300px) 100vw, 300px\" \/><\/div><\/a>\n\t\t\t\t<div class=\"elementor-post__badge\">Novinky<\/div>\n\t\t\t\t<div class=\"elementor-post__text\">\n\t\t\t\t<h3 class=\"elementor-post__title\">\n\t\t\t<a href=\"https:\/\/www.adra.sk\/en\/adra-newsletter-1-2018\/\" target=&quot;_blank&quot;>\n\t\t\t\tADRA NEWSLETTER 1\/2018\t\t\t<\/a>\n\t\t<\/h3>\n\t\t\t\t<div class=\"elementor-post__excerpt\">\n\t\t\t<p>Aktu\u00e1lne\u00a0novinky &#8211; Zisti viac o tom, ako, kde a pre\u010do pom\u00e1hame \u013eu\u010fom v n\u00fadzi Klikni<\/p>\n\t\t<\/div>\n\t\t\t\t<\/div>\n\t\t\t\t<div class=\"elementor-post__meta-data\">\n\t\t\t\t\t<span class=\"elementor-post-date\">\n\t\t\tJanuary 21, 2018\t\t<\/span>\n\t\t\t\t<\/div>\n\t\t\t\t\t<\/div>\n\t\t<\/article>\n\t\t\t\t<article class=\"elementor-post elementor-grid-item post-15676 post type-post status-publish format-standard has-post-thumbnail hentry category-novinky category-uncategorized\" role=\"listitem\">\n\t\t\t<div class=\"elementor-post__card\">\n\t\t\t\t<a class=\"elementor-post__thumbnail__link\" href=\"https:\/\/www.adra.sk\/en\/integracia-obcianstvo-ruhina-adra\/\" tabindex=\"-1\" target=\"_blank\"><div class=\"elementor-post__thumbnail\"><img loading=\"lazy\" decoding=\"async\" width=\"300\" height=\"225\" src=\"https:\/\/www.adra.sk\/wp-content\/uploads\/2018\/01\/DSC04081-e1516968047602-300x225.jpg\" class=\"attachment-medium size-medium wp-image-15677\" alt=\"\" srcset=\"https:\/\/www.adra.sk\/wp-content\/uploads\/2018\/01\/DSC04081-e1516968047602-300x225.jpg 300w, https:\/\/www.adra.sk\/wp-content\/uploads\/2018\/01\/DSC04081-e1516968047602-1024x768.jpg 1024w, https:\/\/www.adra.sk\/wp-content\/uploads\/2018\/01\/DSC04081-e1516968047602-768x576.jpg 768w, https:\/\/www.adra.sk\/wp-content\/uploads\/2018\/01\/DSC04081-e1516968047602-1536x1152.jpg 1536w, https:\/\/www.adra.sk\/wp-content\/uploads\/2018\/01\/DSC04081-e1516968047602-1000x750.jpg 1000w, https:\/\/www.adra.sk\/wp-content\/uploads\/2018\/01\/DSC04081-e1516968047602.jpg 2000w\" sizes=\"(max-width: 300px) 100vw, 300px\" \/><\/div><\/a>\n\t\t\t\t<div class=\"elementor-post__badge\">Novinky<\/div>\n\t\t\t\t<div class=\"elementor-post__text\">\n\t\t\t\t<h3 class=\"elementor-post__title\">\n\t\t\t<a href=\"https:\/\/www.adra.sk\/en\/integracia-obcianstvo-ruhina-adra\/\" target=&quot;_blank&quot;>\n\t\t\t\tDNES M\u00c1ME VE\u013dK\u00da RADOS\u0164\t\t\t<\/a>\n\t\t<\/h3>\n\t\t\t\t<div class=\"elementor-post__excerpt\">\n\t\t\t<p>Pani Ruhinu u\u017e pozn\u00e1te &#8211; m\u00f4\u017eete si u nej na Mileti\u010dke vychutna\u0165 skvel\u00fd kebab, baklavu<\/p>\n\t\t<\/div>\n\t\t\t\t<\/div>\n\t\t\t\t<div class=\"elementor-post__meta-data\">\n\t\t\t\t\t<span class=\"elementor-post-date\">\n\t\t\tJanuary 18, 2018\t\t<\/span>\n\t\t\t\t<\/div>\n\t\t\t\t\t<\/div>\n\t\t<\/article>\n\t\t\t\t<article class=\"elementor-post elementor-grid-item post-15674 post type-post status-publish format-standard has-post-thumbnail hentry category-novinky category-uncategorized\" role=\"listitem\">\n\t\t\t<div class=\"elementor-post__card\">\n\t\t\t\t<a class=\"elementor-post__thumbnail__link\" href=\"https:\/\/www.adra.sk\/en\/pf-2018\/\" tabindex=\"-1\" target=\"_blank\"><div class=\"elementor-post__thumbnail\"><img loading=\"lazy\" decoding=\"async\" width=\"300\" height=\"300\" src=\"https:\/\/www.adra.sk\/wp-content\/uploads\/2020\/11\/PF2018_ADRA_sk-300x300.png\" class=\"attachment-medium size-medium wp-image-15673\" alt=\"\" srcset=\"https:\/\/www.adra.sk\/wp-content\/uploads\/2020\/11\/PF2018_ADRA_sk-300x300.png 300w, https:\/\/www.adra.sk\/wp-content\/uploads\/2020\/11\/PF2018_ADRA_sk-1024x1024.png 1024w, https:\/\/www.adra.sk\/wp-content\/uploads\/2020\/11\/PF2018_ADRA_sk-150x150.png 150w, https:\/\/www.adra.sk\/wp-content\/uploads\/2020\/11\/PF2018_ADRA_sk-768x768.png 768w, https:\/\/www.adra.sk\/wp-content\/uploads\/2020\/11\/PF2018_ADRA_sk-100x100.png 100w, https:\/\/www.adra.sk\/wp-content\/uploads\/2020\/11\/PF2018_ADRA_sk.png 1417w\" sizes=\"(max-width: 300px) 100vw, 300px\" \/><\/div><\/a>\n\t\t\t\t<div class=\"elementor-post__badge\">Novinky<\/div>\n\t\t\t\t<div class=\"elementor-post__text\">\n\t\t\t\t<h3 class=\"elementor-post__title\">\n\t\t\t<a href=\"https:\/\/www.adra.sk\/en\/pf-2018\/\" target=&quot;_blank&quot;>\n\t\t\t\tPF 2018\t\t\t<\/a>\n\t\t<\/h3>\n\t\t\t\t<div class=\"elementor-post__excerpt\">\n\t\t\t\t\t<\/div>\n\t\t\t\t<\/div>\n\t\t\t\t<div class=\"elementor-post__meta-data\">\n\t\t\t\t\t<span class=\"elementor-post-date\">\n\t\t\tJanuary 3, 2018\t\t<\/span>\n\t\t\t\t<\/div>\n\t\t\t\t\t<\/div>\n\t\t<\/article>\n\t\t\t\t<article class=\"elementor-post elementor-grid-item post-15670 post type-post status-publish format-standard has-post-thumbnail hentry category-novinky category-uncategorized\" role=\"listitem\">\n\t\t\t<div class=\"elementor-post__card\">\n\t\t\t\t<a class=\"elementor-post__thumbnail__link\" href=\"https:\/\/www.adra.sk\/en\/dakujeme-2017\/\" tabindex=\"-1\" target=\"_blank\"><div class=\"elementor-post__thumbnail\"><img loading=\"lazy\" decoding=\"async\" width=\"300\" height=\"225\" src=\"https:\/\/www.adra.sk\/wp-content\/uploads\/2017\/12\/Dormitory-building-e1513764599934-300x225.jpg\" class=\"attachment-medium size-medium wp-image-15671\" alt=\"\" srcset=\"https:\/\/www.adra.sk\/wp-content\/uploads\/2017\/12\/Dormitory-building-e1513764599934-300x225.jpg 300w, https:\/\/www.adra.sk\/wp-content\/uploads\/2017\/12\/Dormitory-building-e1513764599934-1024x768.jpg 1024w, https:\/\/www.adra.sk\/wp-content\/uploads\/2017\/12\/Dormitory-building-e1513764599934-768x576.jpg 768w, https:\/\/www.adra.sk\/wp-content\/uploads\/2017\/12\/Dormitory-building-e1513764599934-1536x1152.jpg 1536w, https:\/\/www.adra.sk\/wp-content\/uploads\/2017\/12\/Dormitory-building-e1513764599934-1000x750.jpg 1000w, https:\/\/www.adra.sk\/wp-content\/uploads\/2017\/12\/Dormitory-building-e1513764599934.jpg 2000w\" sizes=\"(max-width: 300px) 100vw, 300px\" \/><\/div><\/a>\n\t\t\t\t<div class=\"elementor-post__badge\">Novinky<\/div>\n\t\t\t\t<div class=\"elementor-post__text\">\n\t\t\t\t<h3 class=\"elementor-post__title\">\n\t\t\t<a href=\"https:\/\/www.adra.sk\/en\/dakujeme-2017\/\" target=&quot;_blank&quot;>\n\t\t\t\tVIDEO &#8211; \u010eakujeme, \u017ee pom\u00e1hate s nami (2017)\t\t\t<\/a>\n\t\t<\/h3>\n\t\t\t\t<div class=\"elementor-post__excerpt\">\n\t\t\t<p>Pozri si, ako vyzerala na\u0161a pomoc v roku 2017. \u010eakujeme v\u0161etk\u00fdm dobr\u00fdm \u013eu\u010fom aj firm\u00e1m,<\/p>\n\t\t<\/div>\n\t\t\t\t<\/div>\n\t\t\t\t<div class=\"elementor-post__meta-data\">\n\t\t\t\t\t<span class=\"elementor-post-date\">\n\t\t\tDecember 22, 2017\t\t<\/span>\n\t\t\t\t<\/div>\n\t\t\t\t\t<\/div>\n\t\t<\/article>\n\t\t\t\t<article class=\"elementor-post elementor-grid-item post-15668 post type-post status-publish format-standard has-post-thumbnail hentry category-novinky category-uncategorized\" role=\"listitem\">\n\t\t\t<div class=\"elementor-post__card\">\n\t\t\t\t<a class=\"elementor-post__thumbnail__link\" href=\"https:\/\/www.adra.sk\/en\/adra-newsletter-2017-11\/\" tabindex=\"-1\" target=\"_blank\"><div class=\"elementor-post__thumbnail\"><img loading=\"lazy\" decoding=\"async\" width=\"300\" height=\"214\" src=\"https:\/\/www.adra.sk\/wp-content\/uploads\/2017\/12\/image3-e1513595685124-300x214.jpeg\" class=\"attachment-medium size-medium wp-image-15669\" alt=\"\" srcset=\"https:\/\/www.adra.sk\/wp-content\/uploads\/2017\/12\/image3-e1513595685124-300x214.jpeg 300w, https:\/\/www.adra.sk\/wp-content\/uploads\/2017\/12\/image3-e1513595685124-1024x732.jpeg 1024w, https:\/\/www.adra.sk\/wp-content\/uploads\/2017\/12\/image3-e1513595685124-768x549.jpeg 768w, https:\/\/www.adra.sk\/wp-content\/uploads\/2017\/12\/image3-e1513595685124.jpeg 1500w\" sizes=\"(max-width: 300px) 100vw, 300px\" \/><\/div><\/a>\n\t\t\t\t<div class=\"elementor-post__badge\">Novinky<\/div>\n\t\t\t\t<div class=\"elementor-post__text\">\n\t\t\t\t<h3 class=\"elementor-post__title\">\n\t\t\t<a href=\"https:\/\/www.adra.sk\/en\/adra-newsletter-2017-11\/\" target=&quot;_blank&quot;>\n\t\t\t\tADRA NEWSLETTER 11\/2017\t\t\t<\/a>\n\t\t<\/h3>\n\t\t\t\t<div class=\"elementor-post__excerpt\">\n\t\t\t<p>Aktu\u00e1lne\u00a0novinky &#8211; Zisti viac o tom, ako, kde a pre\u010do pom\u00e1hame \u013eu\u010fom v n\u00fadzi Klikni<\/p>\n\t\t<\/div>\n\t\t\t\t<\/div>\n\t\t\t\t<div class=\"elementor-post__meta-data\">\n\t\t\t\t\t<span class=\"elementor-post-date\">\n\t\t\tDecember 18, 2017\t\t<\/span>\n\t\t\t\t<\/div>\n\t\t\t\t\t<\/div>\n\t\t<\/article>\n\t\t\t\t<article class=\"elementor-post elementor-grid-item post-15666 post type-post status-publish format-standard has-post-thumbnail hentry category-novinky category-uncategorized\" role=\"listitem\">\n\t\t\t<div class=\"elementor-post__card\">\n\t\t\t\t<a class=\"elementor-post__thumbnail__link\" href=\"https:\/\/www.adra.sk\/en\/dobra-kapustnica-s-adrou-video\/\" tabindex=\"-1\" target=\"_blank\"><div class=\"elementor-post__thumbnail\"><img loading=\"lazy\" decoding=\"async\" width=\"300\" height=\"252\" src=\"https:\/\/www.adra.sk\/wp-content\/uploads\/2017\/12\/Pozvanka_Dobra_kapustnica_ADRA-300x252.png\" class=\"attachment-medium size-medium wp-image-15667\" alt=\"\" srcset=\"https:\/\/www.adra.sk\/wp-content\/uploads\/2017\/12\/Pozvanka_Dobra_kapustnica_ADRA-300x252.png 300w, https:\/\/www.adra.sk\/wp-content\/uploads\/2017\/12\/Pozvanka_Dobra_kapustnica_ADRA.png 709w\" sizes=\"(max-width: 300px) 100vw, 300px\" \/><\/div><\/a>\n\t\t\t\t<div class=\"elementor-post__badge\">Novinky<\/div>\n\t\t\t\t<div class=\"elementor-post__text\">\n\t\t\t\t<h3 class=\"elementor-post__title\">\n\t\t\t<a href=\"https:\/\/www.adra.sk\/en\/dobra-kapustnica-s-adrou-video\/\" target=&quot;_blank&quot;>\n\t\t\t\tVIDEO &#8211; Dobr\u00e1 kapustnica s ADROU 2017\t\t\t<\/a>\n\t\t<\/h3>\n\t\t\t\t<div class=\"elementor-post__excerpt\">\n\t\t\t<p>Pozri si kr\u00e1tke video z prv\u00e9ho ro\u010dn\u00edka Dobrej kapustnice s ADROU, kde sme sa stretli<\/p>\n\t\t<\/div>\n\t\t\t\t<\/div>\n\t\t\t\t<div class=\"elementor-post__meta-data\">\n\t\t\t\t\t<span class=\"elementor-post-date\">\n\t\t\tDecember 14, 2017\t\t<\/span>\n\t\t\t\t<\/div>\n\t\t\t\t\t<\/div>\n\t\t<\/article>\n\t\t\t\t<article class=\"elementor-post elementor-grid-item post-15664 post type-post status-publish format-standard has-post-thumbnail hentry category-novinky category-uncategorized\" role=\"listitem\">\n\t\t\t<div class=\"elementor-post__card\">\n\t\t\t\t<a class=\"elementor-post__thumbnail__link\" href=\"https:\/\/www.adra.sk\/en\/zaujimavy-rozhovor-s-nasou-milkou-biela-vrana\/\" tabindex=\"-1\" target=\"_blank\"><div class=\"elementor-post__thumbnail\"><img loading=\"lazy\" decoding=\"async\" width=\"300\" height=\"200\" src=\"https:\/\/www.adra.sk\/wp-content\/uploads\/2017\/12\/Screen-Shot-2017-12-18-at-10.56.33-300x200.png\" class=\"attachment-medium size-medium wp-image-15665\" alt=\"\" srcset=\"https:\/\/www.adra.sk\/wp-content\/uploads\/2017\/12\/Screen-Shot-2017-12-18-at-10.56.33-300x200.png 300w, https:\/\/www.adra.sk\/wp-content\/uploads\/2017\/12\/Screen-Shot-2017-12-18-at-10.56.33-1024x683.png 1024w, https:\/\/www.adra.sk\/wp-content\/uploads\/2017\/12\/Screen-Shot-2017-12-18-at-10.56.33-768x512.png 768w, https:\/\/www.adra.sk\/wp-content\/uploads\/2017\/12\/Screen-Shot-2017-12-18-at-10.56.33-1536x1024.png 1536w, https:\/\/www.adra.sk\/wp-content\/uploads\/2017\/12\/Screen-Shot-2017-12-18-at-10.56.33.png 1596w\" sizes=\"(max-width: 300px) 100vw, 300px\" \/><\/div><\/a>\n\t\t\t\t<div class=\"elementor-post__badge\">Novinky<\/div>\n\t\t\t\t<div class=\"elementor-post__text\">\n\t\t\t\t<h3 class=\"elementor-post__title\">\n\t\t\t<a href=\"https:\/\/www.adra.sk\/en\/zaujimavy-rozhovor-s-nasou-milkou-biela-vrana\/\" target=&quot;_blank&quot;>\n\t\t\t\tBiela vrana Em\u00edlia Trep\u00e1\u010dov\u00e1: Ka\u017ed\u00fd m\u00e1me pr\u00e1vo vyzera\u0165, ako vyzer\u00e1me a veri\u0165 v to, \u010domu ver\u00edme\t\t\t<\/a>\n\t\t<\/h3>\n\t\t\t\t<div class=\"elementor-post__excerpt\">\n\t\t\t<p>Humanit\u00e1rna pracovn\u00ed\u010dka Em\u00edlia Trep\u00e1\u010dov\u00e1: Ka\u017ed\u00fd m\u00e1me pr\u00e1vo vyzera\u0165, ako vyzer\u00e1me a&nbsp;veri\u0165 v&nbsp;to, \u010domu ver\u00edme<\/p>\n\t\t<\/div>\n\t\t\t\t<\/div>\n\t\t\t\t<div class=\"elementor-post__meta-data\">\n\t\t\t\t\t<span class=\"elementor-post-date\">\n\t\t\tDecember 11, 2017\t\t<\/span>\n\t\t\t\t<\/div>\n\t\t\t\t\t<\/div>\n\t\t<\/article>\n\t\t\t\t<article class=\"elementor-post elementor-grid-item post-15662 post type-post status-publish format-standard has-post-thumbnail hentry category-novinky category-uncategorized\" role=\"listitem\">\n\t\t\t<div class=\"elementor-post__card\">\n\t\t\t\t<a class=\"elementor-post__thumbnail__link\" href=\"https:\/\/www.adra.sk\/en\/posli-teraz-balik-pomoci-na-slovensko-alebo-kene\/\" tabindex=\"-1\" target=\"_blank\"><div class=\"elementor-post__thumbnail\"><img loading=\"lazy\" decoding=\"async\" width=\"300\" height=\"177\" src=\"https:\/\/www.adra.sk\/wp-content\/uploads\/2017\/12\/adra_web_novinka_VIAN2017-e1513595810339-300x177.png\" class=\"attachment-medium size-medium wp-image-15663\" alt=\"\" srcset=\"https:\/\/www.adra.sk\/wp-content\/uploads\/2017\/12\/adra_web_novinka_VIAN2017-e1513595810339-300x177.png 300w, https:\/\/www.adra.sk\/wp-content\/uploads\/2017\/12\/adra_web_novinka_VIAN2017-e1513595810339-1024x605.png 1024w, https:\/\/www.adra.sk\/wp-content\/uploads\/2017\/12\/adra_web_novinka_VIAN2017-e1513595810339-768x454.png 768w, https:\/\/www.adra.sk\/wp-content\/uploads\/2017\/12\/adra_web_novinka_VIAN2017-e1513595810339-1536x908.png 1536w, https:\/\/www.adra.sk\/wp-content\/uploads\/2017\/12\/adra_web_novinka_VIAN2017-e1513595810339.png 2000w\" sizes=\"(max-width: 300px) 100vw, 300px\" \/><\/div><\/a>\n\t\t\t\t<div class=\"elementor-post__badge\">Novinky<\/div>\n\t\t\t\t<div class=\"elementor-post__text\">\n\t\t\t\t<h3 class=\"elementor-post__title\">\n\t\t\t<a href=\"https:\/\/www.adra.sk\/en\/posli-teraz-balik-pomoci-na-slovensko-alebo-kene\/\" target=&quot;_blank&quot;>\n\t\t\t\tPo\u0161li teraz bal\u00edk pomoci na Slovensko alebo do Kene\t\t\t<\/a>\n\t\t<\/h3>\n\t\t\t\t<div class=\"elementor-post__excerpt\">\n\t\t\t<p>Daruj najlep\u0161\u00ed dar\u010dek na svete Nekupuj zbyto\u010dnosti. Po\u0161li rad\u0161ej ADRA bal\u00edk pomoci \u013eu\u010fom v n\u00fadzi<\/p>\n\t\t<\/div>\n\t\t\t\t<\/div>\n\t\t\t\t<div class=\"elementor-post__meta-data\">\n\t\t\t\t\t<span class=\"elementor-post-date\">\n\t\t\tDecember 5, 2017\t\t<\/span>\n\t\t\t\t<\/div>\n\t\t\t\t\t<\/div>\n\t\t<\/article>\n\t\t\t\t<article class=\"elementor-post elementor-grid-item post-15659 post type-post status-publish format-standard has-post-thumbnail hentry category-novinky category-uncategorized\" role=\"listitem\">\n\t\t\t<div class=\"elementor-post__card\">\n\t\t\t\t<a class=\"elementor-post__thumbnail__link\" href=\"https:\/\/www.adra.sk\/en\/giving-tuesday-pomoz-vyhraj\/\" tabindex=\"-1\" target=\"_blank\"><div class=\"elementor-post__thumbnail\"><img loading=\"lazy\" decoding=\"async\" width=\"300\" height=\"111\" src=\"https:\/\/www.adra.sk\/wp-content\/uploads\/2020\/11\/FBtitle_adragivingtuesday-1-300x111.png\" class=\"attachment-medium size-medium wp-image-15658\" alt=\"\" srcset=\"https:\/\/www.adra.sk\/wp-content\/uploads\/2020\/11\/FBtitle_adragivingtuesday-1-300x111.png 300w, https:\/\/www.adra.sk\/wp-content\/uploads\/2020\/11\/FBtitle_adragivingtuesday-1-1024x379.png 1024w, https:\/\/www.adra.sk\/wp-content\/uploads\/2020\/11\/FBtitle_adragivingtuesday-1-768x284.png 768w, https:\/\/www.adra.sk\/wp-content\/uploads\/2020\/11\/FBtitle_adragivingtuesday-1.png 1200w\" sizes=\"(max-width: 300px) 100vw, 300px\" \/><\/div><\/a>\n\t\t\t\t<div class=\"elementor-post__badge\">Novinky<\/div>\n\t\t\t\t<div class=\"elementor-post__text\">\n\t\t\t\t<h3 class=\"elementor-post__title\">\n\t\t\t<a href=\"https:\/\/www.adra.sk\/en\/giving-tuesday-pomoz-vyhraj\/\" target=&quot;_blank&quot;>\n\t\t\t\tGiving Tuesday &#8211; pom\u00f4\u017e dnes a vyhraj!\t\t\t<\/a>\n\t\t<\/h3>\n\t\t\t\t<div class=\"elementor-post__excerpt\">\n\t\t\t<p>Dnes m\u00e1me prv\u00fdkr\u00e1t aj na Slovensku #GivingTuesday! Utorok, kedy \u013eudia u\u017e vo vy\u0161e 100 krajin\u00e1ch<\/p>\n\t\t<\/div>\n\t\t\t\t<\/div>\n\t\t\t\t<div class=\"elementor-post__meta-data\">\n\t\t\t\t\t<span class=\"elementor-post-date\">\n\t\t\tNovember 28, 2017\t\t<\/span>\n\t\t\t\t<\/div>\n\t\t\t\t\t<\/div>\n\t\t<\/article>\n\t\t\t\t<article class=\"elementor-post elementor-grid-item post-15655 post type-post status-publish format-standard has-post-thumbnail hentry category-novinky category-uncategorized\" role=\"listitem\">\n\t\t\t<div class=\"elementor-post__card\">\n\t\t\t\t<a class=\"elementor-post__thumbnail__link\" href=\"https:\/\/www.adra.sk\/en\/adra-vecer-albansko-ocami-dobrovolnicky\/\" tabindex=\"-1\" target=\"_blank\"><div class=\"elementor-post__thumbnail\"><img loading=\"lazy\" decoding=\"async\" width=\"300\" height=\"215\" src=\"https:\/\/www.adra.sk\/wp-content\/uploads\/2017\/11\/image001-300x215.jpeg\" class=\"attachment-medium size-medium wp-image-15656\" alt=\"\" srcset=\"https:\/\/www.adra.sk\/wp-content\/uploads\/2017\/11\/image001-300x215.jpeg 300w, https:\/\/www.adra.sk\/wp-content\/uploads\/2017\/11\/image001-1024x733.jpeg 1024w, https:\/\/www.adra.sk\/wp-content\/uploads\/2017\/11\/image001-768x550.jpeg 768w, https:\/\/www.adra.sk\/wp-content\/uploads\/2017\/11\/image001.jpeg 1280w\" sizes=\"(max-width: 300px) 100vw, 300px\" \/><\/div><\/a>\n\t\t\t\t<div class=\"elementor-post__badge\">Novinky<\/div>\n\t\t\t\t<div class=\"elementor-post__text\">\n\t\t\t\t<h3 class=\"elementor-post__title\">\n\t\t\t<a href=\"https:\/\/www.adra.sk\/en\/adra-vecer-albansko-ocami-dobrovolnicky\/\" target=&quot;_blank&quot;>\n\t\t\t\tADRA VE\u010cER &#8211; Alb\u00e1nsko o\u010dami dobrovo\u013en\u00ed\u010dky\t\t\t<\/a>\n\t\t<\/h3>\n\t\t\t\t<div class=\"elementor-post__excerpt\">\n\t\t\t<p>Zauj\u00edma \u0165a pr\u00e1ca dobrovo\u013en\u00edkov \u010di to, ako sa \u017eije v Alb\u00e1nsku? Pr\u00ed\u010f na ADRA VE\u010cER<\/p>\n\t\t<\/div>\n\t\t\t\t<\/div>\n\t\t\t\t<div class=\"elementor-post__meta-data\">\n\t\t\t\t\t<span class=\"elementor-post-date\">\n\t\t\tNovember 13, 2017\t\t<\/span>\n\t\t\t\t<\/div>\n\t\t\t\t\t<\/div>\n\t\t<\/article>\n\t\t\t\t<article class=\"elementor-post elementor-grid-item post-15648 post type-post status-publish format-standard has-post-thumbnail hentry category-novinky category-uncategorized\" role=\"listitem\">\n\t\t\t<div class=\"elementor-post__card\">\n\t\t\t\t<a class=\"elementor-post__thumbnail__link\" href=\"https:\/\/www.adra.sk\/en\/hovorme-o-nasili-nahlas-diskusia\/\" tabindex=\"-1\" target=\"_blank\"><div class=\"elementor-post__thumbnail\"><img loading=\"lazy\" decoding=\"async\" width=\"300\" height=\"186\" src=\"https:\/\/www.adra.sk\/wp-content\/uploads\/2017\/11\/Screen-Shot-2017-10-30-at-18.49.03-e1510077546748-300x186.png\" class=\"attachment-medium size-medium wp-image-15649\" alt=\"\" srcset=\"https:\/\/www.adra.sk\/wp-content\/uploads\/2017\/11\/Screen-Shot-2017-10-30-at-18.49.03-e1510077546748-300x186.png 300w, https:\/\/www.adra.sk\/wp-content\/uploads\/2017\/11\/Screen-Shot-2017-10-30-at-18.49.03-e1510077546748-1024x634.png 1024w, https:\/\/www.adra.sk\/wp-content\/uploads\/2017\/11\/Screen-Shot-2017-10-30-at-18.49.03-e1510077546748-768x476.png 768w, https:\/\/www.adra.sk\/wp-content\/uploads\/2017\/11\/Screen-Shot-2017-10-30-at-18.49.03-e1510077546748.png 1500w\" sizes=\"(max-width: 300px) 100vw, 300px\" \/><\/div><\/a>\n\t\t\t\t<div class=\"elementor-post__badge\">Novinky<\/div>\n\t\t\t\t<div class=\"elementor-post__text\">\n\t\t\t\t<h3 class=\"elementor-post__title\">\n\t\t\t<a href=\"https:\/\/www.adra.sk\/en\/hovorme-o-nasili-nahlas-diskusia\/\" target=&quot;_blank&quot;>\n\t\t\t\tHOVORME O N\u00c1SIL\u00cd NAHLAS &#8211; DISKUSIA PRE OBETE N\u00c1SILIA\t\t\t<\/a>\n\t\t<\/h3>\n\t\t\t\t<div class=\"elementor-post__excerpt\">\n\t\t\t<p>Poz\u00fdvame v\u00e1s na zauj\u00edmav\u00fa a potrebn\u00fa diskusiu HOVORME O N\u00c1SIL\u00cd NAHLAS, ktor\u00e1 sa uskuto\u010dn\u00ed u\u017e<\/p>\n\t\t<\/div>\n\t\t\t\t<\/div>\n\t\t\t\t<div class=\"elementor-post__meta-data\">\n\t\t\t\t\t<span class=\"elementor-post-date\">\n\t\t\tNovember 2, 2017\t\t<\/span>\n\t\t\t\t<\/div>\n\t\t\t\t\t<\/div>\n\t\t<\/article>\n\t\t\t\t<article class=\"elementor-post elementor-grid-item post-15644 post type-post status-publish format-standard has-post-thumbnail hentry category-novinky category-uncategorized\" role=\"listitem\">\n\t\t\t<div class=\"elementor-post__card\">\n\t\t\t\t<a class=\"elementor-post__thumbnail__link\" href=\"https:\/\/www.adra.sk\/en\/experti-zo-strednej-europy-ucili-ukrajincov-ako-vytazit-z-prehry\/\" tabindex=\"-1\" target=\"_blank\"><div class=\"elementor-post__thumbnail\"><img loading=\"lazy\" decoding=\"async\" width=\"300\" height=\"200\" src=\"https:\/\/www.adra.sk\/wp-content\/uploads\/2017\/10\/WSS_2382-e1508868258763-300x200.jpg\" class=\"attachment-medium size-medium wp-image-15645\" alt=\"\" srcset=\"https:\/\/www.adra.sk\/wp-content\/uploads\/2017\/10\/WSS_2382-e1508868258763-300x200.jpg 300w, https:\/\/www.adra.sk\/wp-content\/uploads\/2017\/10\/WSS_2382-e1508868258763-1024x683.jpg 1024w, https:\/\/www.adra.sk\/wp-content\/uploads\/2017\/10\/WSS_2382-e1508868258763-768x512.jpg 768w, https:\/\/www.adra.sk\/wp-content\/uploads\/2017\/10\/WSS_2382-e1508868258763-1536x1025.jpg 1536w, https:\/\/www.adra.sk\/wp-content\/uploads\/2017\/10\/WSS_2382-e1508868258763.jpg 2000w\" sizes=\"(max-width: 300px) 100vw, 300px\" \/><\/div><\/a>\n\t\t\t\t<div class=\"elementor-post__badge\">Novinky<\/div>\n\t\t\t\t<div class=\"elementor-post__text\">\n\t\t\t\t<h3 class=\"elementor-post__title\">\n\t\t\t<a href=\"https:\/\/www.adra.sk\/en\/experti-zo-strednej-europy-ucili-ukrajincov-ako-vytazit-z-prehry\/\" target=&quot;_blank&quot;>\n\t\t\t\tExperti zo\u00a0strednej Eur\u00f3py u\u010dili Ukrajincov, ako vy\u0165a\u017ei\u0165 z prehry\t\t\t<\/a>\n\t\t<\/h3>\n\t\t\t\t<div class=\"elementor-post__excerpt\">\n\t\t\t<p>Ako sa u\u010dia humanit\u00e1rne organiz\u00e1cie z\u00a0vlastn\u00fdch ch\u00fdb? T\u00e1to ot\u00e1zka bola najviac diskutovanou na konferencii \u201eZlyhan\u00e9<\/p>\n\t\t<\/div>\n\t\t\t\t<\/div>\n\t\t\t\t<div class=\"elementor-post__meta-data\">\n\t\t\t\t\t<span class=\"elementor-post-date\">\n\t\t\tOctober 26, 2017\t\t<\/span>\n\t\t\t\t<\/div>\n\t\t\t\t\t<\/div>\n\t\t<\/article>\n\t\t\t\t<article class=\"elementor-post elementor-grid-item post-15623 post type-post status-publish format-standard has-post-thumbnail hentry category-novinky category-uncategorized\" role=\"listitem\">\n\t\t\t<div class=\"elementor-post__card\">\n\t\t\t\t<a class=\"elementor-post__thumbnail__link\" href=\"https:\/\/www.adra.sk\/en\/adra-newsletter-2017-10\/\" tabindex=\"-1\" target=\"_blank\"><div class=\"elementor-post__thumbnail\"><img loading=\"lazy\" decoding=\"async\" width=\"300\" height=\"198\" src=\"https:\/\/www.adra.sk\/wp-content\/uploads\/2017\/10\/IMG_5574-e1508778304308-300x198.jpg\" class=\"attachment-medium size-medium wp-image-15624\" alt=\"\" srcset=\"https:\/\/www.adra.sk\/wp-content\/uploads\/2017\/10\/IMG_5574-e1508778304308-300x198.jpg 300w, https:\/\/www.adra.sk\/wp-content\/uploads\/2017\/10\/IMG_5574-e1508778304308-1024x678.jpg 1024w, https:\/\/www.adra.sk\/wp-content\/uploads\/2017\/10\/IMG_5574-e1508778304308-768x508.jpg 768w, https:\/\/www.adra.sk\/wp-content\/uploads\/2017\/10\/IMG_5574-e1508778304308-1536x1016.jpg 1536w, https:\/\/www.adra.sk\/wp-content\/uploads\/2017\/10\/IMG_5574-e1508778304308.jpg 1995w\" sizes=\"(max-width: 300px) 100vw, 300px\" \/><\/div><\/a>\n\t\t\t\t<div class=\"elementor-post__badge\">Novinky<\/div>\n\t\t\t\t<div class=\"elementor-post__text\">\n\t\t\t\t<h3 class=\"elementor-post__title\">\n\t\t\t<a href=\"https:\/\/www.adra.sk\/en\/adra-newsletter-2017-10\/\" target=&quot;_blank&quot;>\n\t\t\t\tADRA NEWSLETTER 10\/2017\t\t\t<\/a>\n\t\t<\/h3>\n\t\t\t\t<div class=\"elementor-post__excerpt\">\n\t\t\t<p>Aktu\u00e1lne\u00a0novinky &#8211; Zisti viac o tom, ako, kde a pre\u010do pom\u00e1hame \u013eu\u010fom v n\u00fadzi Klikni<\/p>\n\t\t<\/div>\n\t\t\t\t<\/div>\n\t\t\t\t<div class=\"elementor-post__meta-data\">\n\t\t\t\t\t<span class=\"elementor-post-date\">\n\t\t\tOctober 24, 2017\t\t<\/span>\n\t\t\t\t<\/div>\n\t\t\t\t\t<\/div>\n\t\t<\/article>\n\t\t\t\t<article class=\"elementor-post elementor-grid-item post-15621 post type-post status-publish format-standard has-post-thumbnail hentry category-novinky category-uncategorized\" role=\"listitem\">\n\t\t\t<div class=\"elementor-post__card\">\n\t\t\t\t<a class=\"elementor-post__thumbnail__link\" href=\"https:\/\/www.adra.sk\/en\/sobota-s-adrou-9-12-2017\/\" tabindex=\"-1\" target=\"_blank\"><div class=\"elementor-post__thumbnail\"><img loading=\"lazy\" decoding=\"async\" width=\"300\" height=\"205\" src=\"https:\/\/www.adra.sk\/wp-content\/uploads\/2017\/10\/3FB_sobota_adra-1-e1508773588899-300x205.jpg\" class=\"attachment-medium size-medium wp-image-15622\" alt=\"\" srcset=\"https:\/\/www.adra.sk\/wp-content\/uploads\/2017\/10\/3FB_sobota_adra-1-e1508773588899-300x205.jpg 300w, https:\/\/www.adra.sk\/wp-content\/uploads\/2017\/10\/3FB_sobota_adra-1-e1508773588899-768x524.jpg 768w, https:\/\/www.adra.sk\/wp-content\/uploads\/2017\/10\/3FB_sobota_adra-1-e1508773588899.jpg 847w\" sizes=\"(max-width: 300px) 100vw, 300px\" \/><\/div><\/a>\n\t\t\t\t<div class=\"elementor-post__badge\">Novinky<\/div>\n\t\t\t\t<div class=\"elementor-post__text\">\n\t\t\t\t<h3 class=\"elementor-post__title\">\n\t\t\t<a href=\"https:\/\/www.adra.sk\/en\/sobota-s-adrou-9-12-2017\/\" target=&quot;_blank&quot;>\n\t\t\t\tSobota s ADROU &#8211; u\u017e 9. decembra\t\t\t<\/a>\n\t\t<\/h3>\n\t\t\t\t<div class=\"elementor-post__excerpt\">\n\t\t\t<p>Zauj\u00edma v\u00e1s, ako pom\u00e1hame na Slovensku? Aj tento rok v\u00e1m po\u010das Soboty s ADROU pribl\u00ed\u017eime<\/p>\n\t\t<\/div>\n\t\t\t\t<\/div>\n\t\t\t\t<div class=\"elementor-post__meta-data\">\n\t\t\t\t\t<span class=\"elementor-post-date\">\n\t\t\tOctober 21, 2017\t\t<\/span>\n\t\t\t\t<\/div>\n\t\t\t\t\t<\/div>\n\t\t<\/article>\n\t\t\t\t<article class=\"elementor-post elementor-grid-item post-15631 post type-post status-publish format-standard has-post-thumbnail hentry category-novinky category-uncategorized\" role=\"listitem\">\n\t\t\t<div class=\"elementor-post__card\">\n\t\t\t\t<a class=\"elementor-post__thumbnail__link\" href=\"https:\/\/www.adra.sk\/en\/pomoc-v-greckych-uteceneckych-taboroch-odovzdana\/\" tabindex=\"-1\" target=\"_blank\"><div class=\"elementor-post__thumbnail\"><img loading=\"lazy\" decoding=\"async\" width=\"300\" height=\"184\" src=\"https:\/\/www.adra.sk\/wp-content\/uploads\/2017\/10\/20187373_1532526553465543_622538294_o-e1508778191316-300x184.jpg\" class=\"attachment-medium size-medium wp-image-15632\" alt=\"\" srcset=\"https:\/\/www.adra.sk\/wp-content\/uploads\/2017\/10\/20187373_1532526553465543_622538294_o-e1508778191316-300x184.jpg 300w, https:\/\/www.adra.sk\/wp-content\/uploads\/2017\/10\/20187373_1532526553465543_622538294_o-e1508778191316-1024x629.jpg 1024w, https:\/\/www.adra.sk\/wp-content\/uploads\/2017\/10\/20187373_1532526553465543_622538294_o-e1508778191316-768x472.jpg 768w, https:\/\/www.adra.sk\/wp-content\/uploads\/2017\/10\/20187373_1532526553465543_622538294_o-e1508778191316.jpg 1161w\" sizes=\"(max-width: 300px) 100vw, 300px\" \/><\/div><\/a>\n\t\t\t\t<div class=\"elementor-post__badge\">Novinky<\/div>\n\t\t\t\t<div class=\"elementor-post__text\">\n\t\t\t\t<h3 class=\"elementor-post__title\">\n\t\t\t<a href=\"https:\/\/www.adra.sk\/en\/pomoc-v-greckych-uteceneckych-taboroch-odovzdana\/\" target=&quot;_blank&quot;>\n\t\t\t\tPomoc v gr\u00e9ckych ute\u010deneck\u00fdch t\u00e1boroch odovzdan\u00e1\t\t\t<\/a>\n\t\t<\/h3>\n\t\t\t\t<div class=\"elementor-post__excerpt\">\n\t\t\t<p>Zubn\u00e9 kefky Curaprox pom\u00e1haj\u00fa rodin\u00e1m v t\u00e1boroch \u00a0 Zubn\u00e9 kefky, ktor\u00e9 venovala rodin\u00e1m na \u00fateku<\/p>\n\t\t<\/div>\n\t\t\t\t<\/div>\n\t\t\t\t<div class=\"elementor-post__meta-data\">\n\t\t\t\t\t<span class=\"elementor-post-date\">\n\t\t\tOctober 19, 2017\t\t<\/span>\n\t\t\t\t<\/div>\n\t\t\t\t\t<\/div>\n\t\t<\/article>\n\t\t\t\t<article class=\"elementor-post elementor-grid-item post-15619 post type-post status-publish format-standard has-post-thumbnail hentry category-novinky category-uncategorized\" role=\"listitem\">\n\t\t\t<div class=\"elementor-post__card\">\n\t\t\t\t<a class=\"elementor-post__thumbnail__link\" href=\"https:\/\/www.adra.sk\/en\/potes-niekoho-kto-nema-co-na-seba\/\" tabindex=\"-1\" target=\"_blank\"><div class=\"elementor-post__thumbnail\"><img loading=\"lazy\" decoding=\"async\" width=\"300\" height=\"200\" src=\"https:\/\/www.adra.sk\/wp-content\/uploads\/2017\/10\/IMG_3246u-e1508174573986-300x200.jpg\" class=\"attachment-medium size-medium wp-image-15620\" alt=\"\" srcset=\"https:\/\/www.adra.sk\/wp-content\/uploads\/2017\/10\/IMG_3246u-e1508174573986-300x200.jpg 300w, https:\/\/www.adra.sk\/wp-content\/uploads\/2017\/10\/IMG_3246u-e1508174573986-768x512.jpg 768w, https:\/\/www.adra.sk\/wp-content\/uploads\/2017\/10\/IMG_3246u-e1508174573986.jpg 1000w\" sizes=\"(max-width: 300px) 100vw, 300px\" \/><\/div><\/a>\n\t\t\t\t<div class=\"elementor-post__badge\">Novinky<\/div>\n\t\t\t\t<div class=\"elementor-post__text\">\n\t\t\t\t<h3 class=\"elementor-post__title\">\n\t\t\t<a href=\"https:\/\/www.adra.sk\/en\/potes-niekoho-kto-nema-co-na-seba\/\" target=&quot;_blank&quot;>\n\t\t\t\tJesenn\u00e1 mini zbierka oble\u010denia\t\t\t<\/a>\n\t\t<\/h3>\n\t\t\t\t<div class=\"elementor-post__excerpt\">\n\t\t\t<p>ADRA Slovensko vyhlasuje jesenn\u00fa mini zbierku oble\u010denia pre konkr\u00e9tne osoby, ktor\u00e9 potrebuj\u00fa va\u0161u pomoc &#8211;<\/p>\n\t\t<\/div>\n\t\t\t\t<\/div>\n\t\t\t\t<div class=\"elementor-post__meta-data\">\n\t\t\t\t\t<span class=\"elementor-post-date\">\n\t\t\tOctober 12, 2017\t\t<\/span>\n\t\t\t\t<\/div>\n\t\t\t\t\t<\/div>\n\t\t<\/article>\n\t\t\t\t<article class=\"elementor-post elementor-grid-item post-15616 post type-post status-publish format-standard has-post-thumbnail hentry category-novinky category-uncategorized\" role=\"listitem\">\n\t\t\t<div class=\"elementor-post__card\">\n\t\t\t\t<a class=\"elementor-post__thumbnail__link\" href=\"https:\/\/www.adra.sk\/en\/maraton-mieru-2017-adra\/\" tabindex=\"-1\" target=\"_blank\"><div class=\"elementor-post__thumbnail\"><img loading=\"lazy\" decoding=\"async\" width=\"300\" height=\"225\" src=\"https:\/\/www.adra.sk\/wp-content\/uploads\/2017\/10\/IMG_0721-300x225.jpg\" class=\"attachment-medium size-medium wp-image-15617\" alt=\"\" srcset=\"https:\/\/www.adra.sk\/wp-content\/uploads\/2017\/10\/IMG_0721-300x225.jpg 300w, https:\/\/www.adra.sk\/wp-content\/uploads\/2017\/10\/IMG_0721-1024x768.jpg 1024w, https:\/\/www.adra.sk\/wp-content\/uploads\/2017\/10\/IMG_0721-768x576.jpg 768w, https:\/\/www.adra.sk\/wp-content\/uploads\/2017\/10\/IMG_0721-1536x1152.jpg 1536w, https:\/\/www.adra.sk\/wp-content\/uploads\/2017\/10\/IMG_0721-1000x750.jpg 1000w, https:\/\/www.adra.sk\/wp-content\/uploads\/2017\/10\/IMG_0721.jpg 1600w\" sizes=\"(max-width: 300px) 100vw, 300px\" \/><\/div><\/a>\n\t\t\t\t<div class=\"elementor-post__badge\">Novinky<\/div>\n\t\t\t\t<div class=\"elementor-post__text\">\n\t\t\t\t<h3 class=\"elementor-post__title\">\n\t\t\t<a href=\"https:\/\/www.adra.sk\/en\/maraton-mieru-2017-adra\/\" target=&quot;_blank&quot;>\n\t\t\t\tAJ TENTO ROK SME SPOLU BE\u017dALI ZA MIER\t\t\t<\/a>\n\t\t<\/h3>\n\t\t\t\t<div class=\"elementor-post__excerpt\">\n\t\t\t<p>T\u00edm ADRA Slovensko sa v nede\u013eu 1. okt\u00f3bra 2017 op\u00e4\u0165 stretol v cieli na Medzin\u00e1rodnom<\/p>\n\t\t<\/div>\n\t\t\t\t<\/div>\n\t\t\t\t<div class=\"elementor-post__meta-data\">\n\t\t\t\t\t<span class=\"elementor-post-date\">\n\t\t\tOctober 3, 2017\t\t<\/span>\n\t\t\t\t<\/div>\n\t\t\t\t\t<\/div>\n\t\t<\/article>\n\t\t\t\t<article class=\"elementor-post elementor-grid-item post-15613 post type-post status-publish format-standard has-post-thumbnail hentry category-novinky category-uncategorized\" role=\"listitem\">\n\t\t\t<div class=\"elementor-post__card\">\n\t\t\t\t<a class=\"elementor-post__thumbnail__link\" href=\"https:\/\/www.adra.sk\/en\/adra-newsletter-2017-8-9\/\" tabindex=\"-1\" target=\"_blank\"><div class=\"elementor-post__thumbnail\"><img loading=\"lazy\" decoding=\"async\" width=\"300\" height=\"196\" src=\"https:\/\/www.adra.sk\/wp-content\/uploads\/2017\/09\/P1030388-e1503606240314-300x196.jpg\" class=\"attachment-medium size-medium wp-image-15614\" alt=\"\" srcset=\"https:\/\/www.adra.sk\/wp-content\/uploads\/2017\/09\/P1030388-e1503606240314-300x196.jpg 300w, https:\/\/www.adra.sk\/wp-content\/uploads\/2017\/09\/P1030388-e1503606240314-1024x668.jpg 1024w, https:\/\/www.adra.sk\/wp-content\/uploads\/2017\/09\/P1030388-e1503606240314-768x501.jpg 768w, https:\/\/www.adra.sk\/wp-content\/uploads\/2017\/09\/P1030388-e1503606240314.jpg 1500w\" sizes=\"(max-width: 300px) 100vw, 300px\" \/><\/div><\/a>\n\t\t\t\t<div class=\"elementor-post__badge\">Novinky<\/div>\n\t\t\t\t<div class=\"elementor-post__text\">\n\t\t\t\t<h3 class=\"elementor-post__title\">\n\t\t\t<a href=\"https:\/\/www.adra.sk\/en\/adra-newsletter-2017-8-9\/\" target=&quot;_blank&quot;>\n\t\t\t\tADRA NEWSLETTER 8-9\/2017\t\t\t<\/a>\n\t\t<\/h3>\n\t\t\t\t<div class=\"elementor-post__excerpt\">\n\t\t\t<p>Aktu\u00e1lne\u00a0novinky &#8211; zisti\u00a0viac o na\u0161ej zbierke pre svetov\u00fdch \u0161kol\u00e1kov\u00a0 Klikni teraz sem a pre\u010d\u00edtaj si<\/p>\n\t\t<\/div>\n\t\t\t\t<\/div>\n\t\t\t\t<div class=\"elementor-post__meta-data\">\n\t\t\t\t\t<span class=\"elementor-post-date\">\n\t\t\tSeptember 18, 2017\t\t<\/span>\n\t\t\t\t<\/div>\n\t\t\t\t\t<\/div>\n\t\t<\/article>\n\t\t\t\t<article class=\"elementor-post elementor-grid-item post-15610 post type-post status-publish format-standard has-post-thumbnail hentry category-novinky category-uncategorized\" role=\"listitem\">\n\t\t\t<div class=\"elementor-post__card\">\n\t\t\t\t<a class=\"elementor-post__thumbnail__link\" href=\"https:\/\/www.adra.sk\/en\/beneficny-beh-zilina-2017\/\" tabindex=\"-1\" target=\"_blank\"><div class=\"elementor-post__thumbnail\"><img loading=\"lazy\" decoding=\"async\" width=\"300\" height=\"131\" src=\"https:\/\/www.adra.sk\/wp-content\/uploads\/2017\/09\/20638163_1989329134634032_6497160339151690774_n-300x131.png\" class=\"attachment-medium size-medium wp-image-15611\" alt=\"\" srcset=\"https:\/\/www.adra.sk\/wp-content\/uploads\/2017\/09\/20638163_1989329134634032_6497160339151690774_n-300x131.png 300w, https:\/\/www.adra.sk\/wp-content\/uploads\/2017\/09\/20638163_1989329134634032_6497160339151690774_n-768x336.png 768w, https:\/\/www.adra.sk\/wp-content\/uploads\/2017\/09\/20638163_1989329134634032_6497160339151690774_n.png 820w\" sizes=\"(max-width: 300px) 100vw, 300px\" \/><\/div><\/a>\n\t\t\t\t<div class=\"elementor-post__badge\">Novinky<\/div>\n\t\t\t\t<div class=\"elementor-post__text\">\n\t\t\t\t<h3 class=\"elementor-post__title\">\n\t\t\t<a href=\"https:\/\/www.adra.sk\/en\/beneficny-beh-zilina-2017\/\" target=&quot;_blank&quot;>\n\t\t\t\tBenefi\u010dn\u00fd beh 2017 v \u017diline\t\t\t<\/a>\n\t\t<\/h3>\n\t\t\t\t<div class=\"elementor-post__excerpt\">\n\t\t\t<p>OZ \u017divot a zdravie a OZ Srdcom s n\u00e1dejou v spolupr\u00e1ci s ADRA Slovensko \u0165a<\/p>\n\t\t<\/div>\n\t\t\t\t<\/div>\n\t\t\t\t<div class=\"elementor-post__meta-data\">\n\t\t\t\t\t<span class=\"elementor-post-date\">\n\t\t\tSeptember 4, 2017\t\t<\/span>\n\t\t\t\t<\/div>\n\t\t\t\t\t<\/div>\n\t\t<\/article>\n\t\t\t\t<article class=\"elementor-post elementor-grid-item post-15606 post type-post status-publish format-standard has-post-thumbnail hentry category-novinky category-uncategorized\" role=\"listitem\">\n\t\t\t<div class=\"elementor-post__card\">\n\t\t\t\t<a class=\"elementor-post__thumbnail__link\" href=\"https:\/\/www.adra.sk\/en\/vystava-nemamconaseba-v-kafe-lampy\/\" tabindex=\"-1\" target=\"_blank\"><div class=\"elementor-post__thumbnail\"><img loading=\"lazy\" decoding=\"async\" width=\"300\" height=\"255\" src=\"https:\/\/www.adra.sk\/wp-content\/uploads\/2017\/09\/vystava_postFB-1-e1504093908103-300x255.png\" class=\"attachment-medium size-medium wp-image-15607\" alt=\"\" srcset=\"https:\/\/www.adra.sk\/wp-content\/uploads\/2017\/09\/vystava_postFB-1-e1504093908103-300x255.png 300w, https:\/\/www.adra.sk\/wp-content\/uploads\/2017\/09\/vystava_postFB-1-e1504093908103-768x653.png 768w, https:\/\/www.adra.sk\/wp-content\/uploads\/2017\/09\/vystava_postFB-1-e1504093908103.png 800w\" sizes=\"(max-width: 300px) 100vw, 300px\" \/><\/div><\/a>\n\t\t\t\t<div class=\"elementor-post__badge\">Novinky<\/div>\n\t\t\t\t<div class=\"elementor-post__text\">\n\t\t\t\t<h3 class=\"elementor-post__title\">\n\t\t\t<a href=\"https:\/\/www.adra.sk\/en\/vystava-nemamconaseba-v-kafe-lampy\/\" target=&quot;_blank&quot;>\n\t\t\t\tV\u00fdstava #NEMAMCONASEBA v Kaf\u00e9 LAMPY\t\t\t<\/a>\n\t\t<\/h3>\n\t\t\t\t<div class=\"elementor-post__excerpt\">\n\t\t\t<p>Poz\u00fdvame v\u00e1s do Kaf\u00e9 LAMPY na dobr\u00fd kol\u00e1\u010dik, k\u00e1vi\u010dku a hlavne &#8211; na jedine\u010dn\u00fa v\u00fdstavu<\/p>\n\t\t<\/div>\n\t\t\t\t<\/div>\n\t\t\t\t<div class=\"elementor-post__meta-data\">\n\t\t\t\t\t<span class=\"elementor-post-date\">\n\t\t\tSeptember 1, 2017\t\t<\/span>\n\t\t\t\t<\/div>\n\t\t\t\t\t<\/div>\n\t\t<\/article>\n\t\t\t\t<article class=\"elementor-post elementor-grid-item post-15603 post type-post status-publish format-standard has-post-thumbnail hentry category-novinky category-uncategorized\" role=\"listitem\">\n\t\t\t<div class=\"elementor-post__card\">\n\t\t\t\t<a class=\"elementor-post__thumbnail__link\" href=\"https:\/\/www.adra.sk\/en\/pozvanka-na-rozvojovy-den-2017\/\" tabindex=\"-1\" target=\"_blank\"><div class=\"elementor-post__thumbnail\"><img loading=\"lazy\" decoding=\"async\" width=\"300\" height=\"169\" src=\"https:\/\/www.adra.sk\/wp-content\/uploads\/2017\/08\/mvro-voda-fb-event-300x169.jpg\" class=\"attachment-medium size-medium wp-image-15604\" alt=\"\" srcset=\"https:\/\/www.adra.sk\/wp-content\/uploads\/2017\/08\/mvro-voda-fb-event-300x169.jpg 300w, https:\/\/www.adra.sk\/wp-content\/uploads\/2017\/08\/mvro-voda-fb-event-1024x576.jpg 1024w, https:\/\/www.adra.sk\/wp-content\/uploads\/2017\/08\/mvro-voda-fb-event-768x432.jpg 768w, https:\/\/www.adra.sk\/wp-content\/uploads\/2017\/08\/mvro-voda-fb-event-1536x864.jpg 1536w, https:\/\/www.adra.sk\/wp-content\/uploads\/2017\/08\/mvro-voda-fb-event.jpg 1920w\" sizes=\"(max-width: 300px) 100vw, 300px\" \/><\/div><\/a>\n\t\t\t\t<div class=\"elementor-post__badge\">Novinky<\/div>\n\t\t\t\t<div class=\"elementor-post__text\">\n\t\t\t\t<h3 class=\"elementor-post__title\">\n\t\t\t<a href=\"https:\/\/www.adra.sk\/en\/pozvanka-na-rozvojovy-den-2017\/\" target=&quot;_blank&quot;>\n\t\t\t\tPozv\u00e1nka na Rozvojov\u00fd de\u0148 2017 &#8211; KE, BB, BA\t\t\t<\/a>\n\t\t<\/h3>\n\t\t\t\t<div class=\"elementor-post__excerpt\">\n\t\t\t<p>Srde\u010dne v\u00e1s poz\u00fdvame na Rozvojov\u00fd de\u0148 2017 &#8211; Bez vody nie je \u017eivot, ktor\u00fd sa<\/p>\n\t\t<\/div>\n\t\t\t\t<\/div>\n\t\t\t\t<div class=\"elementor-post__meta-data\">\n\t\t\t\t\t<span class=\"elementor-post-date\">\n\t\t\tAugust 30, 2017\t\t<\/span>\n\t\t\t\t<\/div>\n\t\t\t\t\t<\/div>\n\t\t<\/article>\n\t\t\t\t<article class=\"elementor-post elementor-grid-item post-15612 post type-post status-publish format-standard has-post-thumbnail hentry category-novinky category-uncategorized\" role=\"listitem\">\n\t\t\t<div class=\"elementor-post__card\">\n\t\t\t\t<a class=\"elementor-post__thumbnail__link\" href=\"https:\/\/www.adra.sk\/en\/adra-newsletter-2017-6-7\/\" tabindex=\"-1\" target=\"_blank\"><div class=\"elementor-post__thumbnail\"><img loading=\"lazy\" decoding=\"async\" width=\"300\" height=\"225\" src=\"https:\/\/www.adra.sk\/wp-content\/uploads\/2017\/07\/20228629_1585179214868076_4211562537263669202_n-300x225.jpg\" class=\"attachment-medium size-medium wp-image-15578\" alt=\"adra\" srcset=\"https:\/\/www.adra.sk\/wp-content\/uploads\/2017\/07\/20228629_1585179214868076_4211562537263669202_n-300x225.jpg 300w, https:\/\/www.adra.sk\/wp-content\/uploads\/2017\/07\/20228629_1585179214868076_4211562537263669202_n-768x576.jpg 768w, https:\/\/www.adra.sk\/wp-content\/uploads\/2017\/07\/20228629_1585179214868076_4211562537263669202_n.jpg 960w\" sizes=\"(max-width: 300px) 100vw, 300px\" \/><\/div><\/a>\n\t\t\t\t<div class=\"elementor-post__badge\">Novinky<\/div>\n\t\t\t\t<div class=\"elementor-post__text\">\n\t\t\t\t<h3 class=\"elementor-post__title\">\n\t\t\t<a href=\"https:\/\/www.adra.sk\/en\/adra-newsletter-2017-6-7\/\" target=&quot;_blank&quot;>\n\t\t\t\tADRA NEWSLETTER 6-7\/2017\t\t\t<\/a>\n\t\t<\/h3>\n\t\t\t\t<div class=\"elementor-post__excerpt\">\n\t\t\t<p>Aktu\u00e1lne\u00a0novinky &#8211; zisti\u00a0viac o tom, ako a kde t\u00edm ADRA pom\u00e1ha Klikni teraz sem a<\/p>\n\t\t<\/div>\n\t\t\t\t<\/div>\n\t\t\t\t<div class=\"elementor-post__meta-data\">\n\t\t\t\t\t<span class=\"elementor-post-date\">\n\t\t\tAugust 24, 2017\t\t<\/span>\n\t\t\t\t<\/div>\n\t\t\t\t\t<\/div>\n\t\t<\/article>\n\t\t\t\t<article class=\"elementor-post elementor-grid-item post-15593 post type-post status-publish format-standard has-post-thumbnail hentry category-blog category-novinky category-uncategorized\" role=\"listitem\">\n\t\t\t<div class=\"elementor-post__card\">\n\t\t\t\t<a class=\"elementor-post__thumbnail__link\" href=\"https:\/\/www.adra.sk\/en\/dobrovolnik-roka-samo-cellar-rozhovor\/\" tabindex=\"-1\" target=\"_blank\"><div class=\"elementor-post__thumbnail\"><img loading=\"lazy\" decoding=\"async\" width=\"300\" height=\"169\" src=\"https:\/\/www.adra.sk\/wp-content\/uploads\/2017\/08\/IMG_7837-300x169.jpg\" class=\"attachment-medium size-medium wp-image-15594\" alt=\"\" srcset=\"https:\/\/www.adra.sk\/wp-content\/uploads\/2017\/08\/IMG_7837-300x169.jpg 300w, https:\/\/www.adra.sk\/wp-content\/uploads\/2017\/08\/IMG_7837-1024x575.jpg 1024w, https:\/\/www.adra.sk\/wp-content\/uploads\/2017\/08\/IMG_7837-768x432.jpg 768w, https:\/\/www.adra.sk\/wp-content\/uploads\/2017\/08\/IMG_7837-1536x863.jpg 1536w, https:\/\/www.adra.sk\/wp-content\/uploads\/2017\/08\/IMG_7837-2048x1151.jpg 2048w, https:\/\/www.adra.sk\/wp-content\/uploads\/2017\/08\/IMG_7837-2000x1124.jpg 2000w\" sizes=\"(max-width: 300px) 100vw, 300px\" \/><\/div><\/a>\n\t\t\t\t<div class=\"elementor-post__badge\">Blog<\/div>\n\t\t\t\t<div class=\"elementor-post__text\">\n\t\t\t\t<h3 class=\"elementor-post__title\">\n\t\t\t<a href=\"https:\/\/www.adra.sk\/en\/dobrovolnik-roka-samo-cellar-rozhovor\/\" target=&quot;_blank&quot;>\n\t\t\t\tOd sezamov\u00e9ho projektu v Keni k oceneniu Dobrovo\u013en\u00edk roka (Rozhovor so Samom \u010cell\u00e1rom)\t\t\t<\/a>\n\t\t<\/h3>\n\t\t\t\t<div class=\"elementor-post__excerpt\">\n\t\t\t<p>Samuel \u010cell\u00e1r z\u00edskal ocenenie &#8222;SlovakAid Dobrovo\u013en\u00edk roka 2016&#8220;. Zasl\u00fa\u017eil si toto uznanie za svoje p\u00f4sobenie<\/p>\n\t\t<\/div>\n\t\t\t\t<\/div>\n\t\t\t\t<div class=\"elementor-post__meta-data\">\n\t\t\t\t\t<span class=\"elementor-post-date\">\n\t\t\tAugust 14, 2017\t\t<\/span>\n\t\t\t\t<\/div>\n\t\t\t\t\t<\/div>\n\t\t<\/article>\n\t\t\t\t<article class=\"elementor-post elementor-grid-item post-15584 post type-post status-publish format-standard has-post-thumbnail hentry category-novinky category-uncategorized\" role=\"listitem\">\n\t\t\t<div class=\"elementor-post__card\">\n\t\t\t\t<a class=\"elementor-post__thumbnail__link\" href=\"https:\/\/www.adra.sk\/en\/svetovy-den-utecencov-neutekaj-sk\/\" tabindex=\"-1\" target=\"_blank\"><div class=\"elementor-post__thumbnail\"><img loading=\"lazy\" decoding=\"async\" width=\"300\" height=\"200\" src=\"https:\/\/www.adra.sk\/wp-content\/uploads\/2020\/11\/19250778_1550875831631748_7731549434835352833_o-300x200.jpg\" class=\"attachment-medium size-medium wp-image-15579\" alt=\"\" srcset=\"https:\/\/www.adra.sk\/wp-content\/uploads\/2020\/11\/19250778_1550875831631748_7731549434835352833_o-300x200.jpg 300w, https:\/\/www.adra.sk\/wp-content\/uploads\/2020\/11\/19250778_1550875831631748_7731549434835352833_o-1024x683.jpg 1024w, https:\/\/www.adra.sk\/wp-content\/uploads\/2020\/11\/19250778_1550875831631748_7731549434835352833_o-768x512.jpg 768w, https:\/\/www.adra.sk\/wp-content\/uploads\/2020\/11\/19250778_1550875831631748_7731549434835352833_o-1536x1024.jpg 1536w, https:\/\/www.adra.sk\/wp-content\/uploads\/2020\/11\/19250778_1550875831631748_7731549434835352833_o-2000x1333.jpg 2000w, https:\/\/www.adra.sk\/wp-content\/uploads\/2020\/11\/19250778_1550875831631748_7731549434835352833_o.jpg 2048w\" sizes=\"(max-width: 300px) 100vw, 300px\" \/><\/div><\/a>\n\t\t\t\t<div class=\"elementor-post__badge\">Novinky<\/div>\n\t\t\t\t<div class=\"elementor-post__text\">\n\t\t\t\t<h3 class=\"elementor-post__title\">\n\t\t\t<a href=\"https:\/\/www.adra.sk\/en\/svetovy-den-utecencov-neutekaj-sk\/\" target=&quot;_blank&quot;>\n\t\t\t\tSvetov\u00fd de\u0148 ute\u010dencov, www.neutekaj.sk\t\t\t<\/a>\n\t\t<\/h3>\n\t\t\t\t<div class=\"elementor-post__excerpt\">\n\t\t\t<p>Minul\u00fd mesiac sa v Starej tr\u017enici na n\u00e1mest\u00ed SNP v Bratislave konalo podujatie s n\u00e1zvom<\/p>\n\t\t<\/div>\n\t\t\t\t<\/div>\n\t\t\t\t<div class=\"elementor-post__meta-data\">\n\t\t\t\t\t<span class=\"elementor-post-date\">\n\t\t\tJuly 29, 2017\t\t<\/span>\n\t\t\t\t<\/div>\n\t\t\t\t\t<\/div>\n\t\t<\/article>\n\t\t\t\t<article class=\"elementor-post elementor-grid-item post-15577 post type-post status-publish format-standard has-post-thumbnail hentry category-novinky category-uncategorized\" role=\"listitem\">\n\t\t\t<div class=\"elementor-post__card\">\n\t\t\t\t<a class=\"elementor-post__thumbnail__link\" href=\"https:\/\/www.adra.sk\/en\/dobrovolnik-adra-albansko\/\" tabindex=\"-1\" target=\"_blank\"><div class=\"elementor-post__thumbnail\"><img loading=\"lazy\" decoding=\"async\" width=\"300\" height=\"214\" src=\"https:\/\/www.adra.sk\/wp-content\/uploads\/2017\/01\/dsc-0497_orig-300x214.jpg\" class=\"attachment-medium size-medium wp-image-15526\" alt=\"dobrovo\u013en\u00edk\" srcset=\"https:\/\/www.adra.sk\/wp-content\/uploads\/2017\/01\/dsc-0497_orig-300x214.jpg 300w, https:\/\/www.adra.sk\/wp-content\/uploads\/2017\/01\/dsc-0497_orig-1024x731.jpg 1024w, https:\/\/www.adra.sk\/wp-content\/uploads\/2017\/01\/dsc-0497_orig-768x548.jpg 768w, https:\/\/www.adra.sk\/wp-content\/uploads\/2017\/01\/dsc-0497_orig.jpg 1100w\" sizes=\"(max-width: 300px) 100vw, 300px\" \/><\/div><\/a>\n\t\t\t\t<div class=\"elementor-post__badge\">Novinky<\/div>\n\t\t\t\t<div class=\"elementor-post__text\">\n\t\t\t\t<h3 class=\"elementor-post__title\">\n\t\t\t<a href=\"https:\/\/www.adra.sk\/en\/dobrovolnik-adra-albansko\/\" target=&quot;_blank&quot;>\n\t\t\t\tH\u013ead\u00e1me dobrovo\u013en\u00edka do Alb\u00e1nska\t\t\t<\/a>\n\t\t<\/h3>\n\t\t\t\t<div class=\"elementor-post__excerpt\">\n\t\t\t<p>ADRA Slovensko vysiela aj tento rok\u00a0\u010fal\u0161ieho dobrovo\u013en\u00edka do Alb\u00e1nska\u00a0v\u010faka finan\u010dnej podpore grantovej sch\u00e9my SlovakAid pre<\/p>\n\t\t<\/div>\n\t\t\t\t<\/div>\n\t\t\t\t<div class=\"elementor-post__meta-data\">\n\t\t\t\t\t<span class=\"elementor-post-date\">\n\t\t\tJuly 20, 2017\t\t<\/span>\n\t\t\t\t<\/div>\n\t\t\t\t\t<\/div>\n\t\t<\/article>\n\t\t\t\t<article class=\"elementor-post elementor-grid-item post-15570 post type-post status-publish format-standard has-post-thumbnail hentry category-novinky category-uncategorized\" role=\"listitem\">\n\t\t\t<div class=\"elementor-post__card\">\n\t\t\t\t<a class=\"elementor-post__thumbnail__link\" href=\"https:\/\/www.adra.sk\/en\/vyrocna-sprava-2016-adra-slovensko\/\" tabindex=\"-1\" target=\"_blank\"><div class=\"elementor-post__thumbnail\"><img loading=\"lazy\" decoding=\"async\" width=\"300\" height=\"221\" src=\"https:\/\/www.adra.sk\/wp-content\/uploads\/2017\/07\/Screen-Shot-2017-07-03-at-10.06.55-300x221.png\" class=\"attachment-medium size-medium wp-image-15571\" alt=\"\" srcset=\"https:\/\/www.adra.sk\/wp-content\/uploads\/2017\/07\/Screen-Shot-2017-07-03-at-10.06.55-300x221.png 300w, https:\/\/www.adra.sk\/wp-content\/uploads\/2017\/07\/Screen-Shot-2017-07-03-at-10.06.55-1024x753.png 1024w, https:\/\/www.adra.sk\/wp-content\/uploads\/2017\/07\/Screen-Shot-2017-07-03-at-10.06.55-768x565.png 768w, https:\/\/www.adra.sk\/wp-content\/uploads\/2017\/07\/Screen-Shot-2017-07-03-at-10.06.55-1536x1130.png 1536w, https:\/\/www.adra.sk\/wp-content\/uploads\/2017\/07\/Screen-Shot-2017-07-03-at-10.06.55.png 1596w\" sizes=\"(max-width: 300px) 100vw, 300px\" \/><\/div><\/a>\n\t\t\t\t<div class=\"elementor-post__badge\">Novinky<\/div>\n\t\t\t\t<div class=\"elementor-post__text\">\n\t\t\t\t<h3 class=\"elementor-post__title\">\n\t\t\t<a href=\"https:\/\/www.adra.sk\/en\/vyrocna-sprava-2016-adra-slovensko\/\" target=&quot;_blank&quot;>\n\t\t\t\tV\u00fdro\u010dn\u00e1 spr\u00e1va 2016 &#8211; na\u0161a pomoc m\u00e1 zmysel\t\t\t<\/a>\n\t\t<\/h3>\n\t\t\t\t<div class=\"elementor-post__excerpt\">\n\t\t\t<p>1. Chce\u0161 vedie\u0165, kde, ako a pre\u010do sme minul\u00fd rok pom\u00e1hali a ak\u00e9 sme dosiahli<\/p>\n\t\t<\/div>\n\t\t\t\t<\/div>\n\t\t\t\t<div class=\"elementor-post__meta-data\">\n\t\t\t\t\t<span class=\"elementor-post-date\">\n\t\t\tJuly 7, 2017\t\t<\/span>\n\t\t\t\t<\/div>\n\t\t\t\t\t<\/div>\n\t\t<\/article>\n\t\t\t\t<article class=\"elementor-post elementor-grid-item post-15564 post type-post status-publish format-standard has-post-thumbnail hentry category-novinky category-uncategorized\" role=\"listitem\">\n\t\t\t<div class=\"elementor-post__card\">\n\t\t\t\t<a class=\"elementor-post__thumbnail__link\" href=\"https:\/\/www.adra.sk\/en\/pravna-pomoc-pre-ludi-v-nudzi\/\" tabindex=\"-1\" target=\"_blank\"><div class=\"elementor-post__thumbnail\"><img loading=\"lazy\" decoding=\"async\" width=\"300\" height=\"207\" src=\"https:\/\/www.adra.sk\/wp-content\/uploads\/2017\/06\/OIUFT30-e1496671975316-300x207.jpg\" class=\"attachment-medium size-medium wp-image-15565\" alt=\"\" srcset=\"https:\/\/www.adra.sk\/wp-content\/uploads\/2017\/06\/OIUFT30-e1496671975316-300x207.jpg 300w, https:\/\/www.adra.sk\/wp-content\/uploads\/2017\/06\/OIUFT30-e1496671975316-1024x707.jpg 1024w, https:\/\/www.adra.sk\/wp-content\/uploads\/2017\/06\/OIUFT30-e1496671975316-768x530.jpg 768w, https:\/\/www.adra.sk\/wp-content\/uploads\/2017\/06\/OIUFT30-e1496671975316-1536x1060.jpg 1536w, https:\/\/www.adra.sk\/wp-content\/uploads\/2017\/06\/OIUFT30-e1496671975316-2048x1413.jpg 2048w, https:\/\/www.adra.sk\/wp-content\/uploads\/2017\/06\/OIUFT30-e1496671975316-2000x1380.jpg 2000w\" sizes=\"(max-width: 300px) 100vw, 300px\" \/><\/div><\/a>\n\t\t\t\t<div class=\"elementor-post__badge\">Novinky<\/div>\n\t\t\t\t<div class=\"elementor-post__text\">\n\t\t\t\t<h3 class=\"elementor-post__title\">\n\t\t\t<a href=\"https:\/\/www.adra.sk\/en\/pravna-pomoc-pre-ludi-v-nudzi\/\" target=&quot;_blank&quot;>\n\t\t\t\tUKON\u010cEN\u00c9 &#8211; PR\u00c1VNA POMOC PRE \u013dUD\u00cd V N\u00daDZI NA SLOVENSKU\t\t\t<\/a>\n\t\t<\/h3>\n\t\t\t\t<div class=\"elementor-post__excerpt\">\n\t\t\t<p>PROJEKT PR\u00c1VNEJ POMOCI JE UKON\u010cEN\u00dd. ADRA Slovensko aktu\u00e1lne u\u017e t\u00fato formu forme pomoci neposkytuje. V<\/p>\n\t\t<\/div>\n\t\t\t\t<\/div>\n\t\t\t\t<div class=\"elementor-post__meta-data\">\n\t\t\t\t\t<span class=\"elementor-post-date\">\n\t\t\tJune 5, 2017\t\t<\/span>\n\t\t\t\t<\/div>\n\t\t\t\t\t<\/div>\n\t\t<\/article>\n\t\t\t\t<article class=\"elementor-post elementor-grid-item post-15566 post type-post status-publish format-standard has-post-thumbnail hentry category-novinky category-uncategorized\" role=\"listitem\">\n\t\t\t<div class=\"elementor-post__card\">\n\t\t\t\t<a class=\"elementor-post__thumbnail__link\" href=\"https:\/\/www.adra.sk\/en\/adra-newsletter-2017-4\/\" tabindex=\"-1\" target=\"_blank\"><div class=\"elementor-post__thumbnail\"><img loading=\"lazy\" decoding=\"async\" width=\"300\" height=\"199\" src=\"https:\/\/www.adra.sk\/wp-content\/uploads\/2016\/11\/DSC_5185-300x199.jpg\" class=\"attachment-medium size-medium wp-image-15502\" alt=\"\" srcset=\"https:\/\/www.adra.sk\/wp-content\/uploads\/2016\/11\/DSC_5185-300x199.jpg 300w, https:\/\/www.adra.sk\/wp-content\/uploads\/2016\/11\/DSC_5185-1024x680.jpg 1024w, https:\/\/www.adra.sk\/wp-content\/uploads\/2016\/11\/DSC_5185-768x510.jpg 768w, https:\/\/www.adra.sk\/wp-content\/uploads\/2016\/11\/DSC_5185-1536x1020.jpg 1536w, https:\/\/www.adra.sk\/wp-content\/uploads\/2016\/11\/DSC_5185-2048x1360.jpg 2048w, https:\/\/www.adra.sk\/wp-content\/uploads\/2016\/11\/DSC_5185-2000x1328.jpg 2000w\" sizes=\"(max-width: 300px) 100vw, 300px\" \/><\/div><\/a>\n\t\t\t\t<div class=\"elementor-post__badge\">Novinky<\/div>\n\t\t\t\t<div class=\"elementor-post__text\">\n\t\t\t\t<h3 class=\"elementor-post__title\">\n\t\t\t<a href=\"https:\/\/www.adra.sk\/en\/adra-newsletter-2017-4\/\" target=&quot;_blank&quot;>\n\t\t\t\tADRA NEWSLETTER 4\/2017\t\t\t<\/a>\n\t\t<\/h3>\n\t\t\t\t<div class=\"elementor-post__excerpt\">\n\t\t\t<p>Aktu\u00e1lne\u00a0novinky &#8211; zisti\u00a0viac o tom, ako pom\u00e1hame Chce\u0161 vedie\u0165, \u010do je nov\u00e9 na sezamov\u00fdch farm\u00e1ch<\/p>\n\t\t<\/div>\n\t\t\t\t<\/div>\n\t\t\t\t<div class=\"elementor-post__meta-data\">\n\t\t\t\t\t<span class=\"elementor-post-date\">\n\t\t\tMay 29, 2017\t\t<\/span>\n\t\t\t\t<\/div>\n\t\t\t\t\t<\/div>\n\t\t<\/article>\n\t\t\t\t<article class=\"elementor-post elementor-grid-item post-15559 post type-post status-publish format-standard has-post-thumbnail hentry category-blog category-uncategorized\" role=\"listitem\">\n\t\t\t<div class=\"elementor-post__card\">\n\t\t\t\t<a class=\"elementor-post__thumbnail__link\" href=\"https:\/\/www.adra.sk\/en\/jakub-jan-maria\/\" tabindex=\"-1\" target=\"_blank\"><div class=\"elementor-post__thumbnail\"><img loading=\"lazy\" decoding=\"async\" width=\"300\" height=\"225\" src=\"https:\/\/www.adra.sk\/wp-content\/uploads\/2017\/05\/17474561_10155996744802942_279895961_n-300x225.jpg\" class=\"attachment-medium size-medium wp-image-15560\" alt=\"\" srcset=\"https:\/\/www.adra.sk\/wp-content\/uploads\/2017\/05\/17474561_10155996744802942_279895961_n-300x225.jpg 300w, https:\/\/www.adra.sk\/wp-content\/uploads\/2017\/05\/17474561_10155996744802942_279895961_n-768x576.jpg 768w, https:\/\/www.adra.sk\/wp-content\/uploads\/2017\/05\/17474561_10155996744802942_279895961_n.jpg 960w\" sizes=\"(max-width: 300px) 100vw, 300px\" \/><\/div><\/a>\n\t\t\t\t<div class=\"elementor-post__badge\">Blog<\/div>\n\t\t\t\t<div class=\"elementor-post__text\">\n\t\t\t\t<h3 class=\"elementor-post__title\">\n\t\t\t<a href=\"https:\/\/www.adra.sk\/en\/jakub-jan-maria\/\" target=&quot;_blank&quot;>\n\t\t\t\tJAKUB, J\u00c1N A M\u00c1RIA\t\t\t<\/a>\n\t\t<\/h3>\n\t\t\t\t<div class=\"elementor-post__excerpt\">\n\t\t\t<p>Z\u00e1pisky z ostatnej\u00a0n\u00e1v\u0161tevy na\u0161ich farm\u00e1rov v Keni Po asi hodine jazdy od na\u0161ej kancel\u00e1rie, ktor\u00e1<\/p>\n\t\t<\/div>\n\t\t\t\t<\/div>\n\t\t\t\t<div class=\"elementor-post__meta-data\">\n\t\t\t\t\t<span class=\"elementor-post-date\">\n\t\t\tMay 19, 2017\t\t<\/span>\n\t\t\t\t<\/div>\n\t\t\t\t\t<\/div>\n\t\t<\/article>\n\t\t\t\t<article class=\"elementor-post elementor-grid-item post-15557 post type-post status-publish format-standard has-post-thumbnail hentry category-novinky category-uncategorized\" role=\"listitem\">\n\t\t\t<div class=\"elementor-post__card\">\n\t\t\t\t<a class=\"elementor-post__thumbnail__link\" href=\"https:\/\/www.adra.sk\/en\/adra-newsletter-2017-3\/\" tabindex=\"-1\" target=\"_blank\"><div class=\"elementor-post__thumbnail\"><img loading=\"lazy\" decoding=\"async\" width=\"300\" height=\"209\" src=\"https:\/\/www.adra.sk\/wp-content\/uploads\/2017\/04\/4-175d290d45fc6139c97a21256d5ad81617257881-e1510140943189-300x209.jpg\" class=\"attachment-medium size-medium wp-image-15558\" alt=\"\" srcset=\"https:\/\/www.adra.sk\/wp-content\/uploads\/2017\/04\/4-175d290d45fc6139c97a21256d5ad81617257881-e1510140943189-300x209.jpg 300w, https:\/\/www.adra.sk\/wp-content\/uploads\/2017\/04\/4-175d290d45fc6139c97a21256d5ad81617257881-e1510140943189-768x535.jpg 768w, https:\/\/www.adra.sk\/wp-content\/uploads\/2017\/04\/4-175d290d45fc6139c97a21256d5ad81617257881-e1510140943189.jpg 947w\" sizes=\"(max-width: 300px) 100vw, 300px\" \/><\/div><\/a>\n\t\t\t\t<div class=\"elementor-post__badge\">Novinky<\/div>\n\t\t\t\t<div class=\"elementor-post__text\">\n\t\t\t\t<h3 class=\"elementor-post__title\">\n\t\t\t<a href=\"https:\/\/www.adra.sk\/en\/adra-newsletter-2017-3\/\" target=&quot;_blank&quot;>\n\t\t\t\tADRA NEWSLETTER 3\/2017\t\t\t<\/a>\n\t\t<\/h3>\n\t\t\t\t<div class=\"elementor-post__excerpt\">\n\t\t\t<p>Aktu\u00e1lne\u00a0novinky &#8211; zisti\u00a0viac o tom, ako pom\u00e1hame Chce\u0161 vedie\u0165, kto vyhral ocenenie Dobrovo\u013en\u00edk roka 2016,<\/p>\n\t\t<\/div>\n\t\t\t\t<\/div>\n\t\t\t\t<div class=\"elementor-post__meta-data\">\n\t\t\t\t\t<span class=\"elementor-post-date\">\n\t\t\tApril 27, 2017\t\t<\/span>\n\t\t\t\t<\/div>\n\t\t\t\t\t<\/div>\n\t\t<\/article>\n\t\t\t\t<article class=\"elementor-post elementor-grid-item post-15556 post type-post status-publish format-standard has-post-thumbnail hentry category-novinky category-uncategorized\" role=\"listitem\">\n\t\t\t<div class=\"elementor-post__card\">\n\t\t\t\t<a class=\"elementor-post__thumbnail__link\" href=\"https:\/\/www.adra.sk\/en\/rozhovor-makongolo\/\" tabindex=\"-1\" target=\"_blank\"><div class=\"elementor-post__thumbnail\"><img loading=\"lazy\" decoding=\"async\" width=\"300\" height=\"200\" src=\"https:\/\/www.adra.sk\/wp-content\/uploads\/2017\/03\/IMG_9753-300x200.jpg\" class=\"attachment-medium size-medium wp-image-15546\" alt=\"\" srcset=\"https:\/\/www.adra.sk\/wp-content\/uploads\/2017\/03\/IMG_9753-300x200.jpg 300w, https:\/\/www.adra.sk\/wp-content\/uploads\/2017\/03\/IMG_9753-1024x683.jpg 1024w, https:\/\/www.adra.sk\/wp-content\/uploads\/2017\/03\/IMG_9753-768x512.jpg 768w, https:\/\/www.adra.sk\/wp-content\/uploads\/2017\/03\/IMG_9753-1536x1024.jpg 1536w, https:\/\/www.adra.sk\/wp-content\/uploads\/2017\/03\/IMG_9753-2048x1365.jpg 2048w, https:\/\/www.adra.sk\/wp-content\/uploads\/2017\/03\/IMG_9753-2000x1333.jpg 2000w\" sizes=\"(max-width: 300px) 100vw, 300px\" \/><\/div><\/a>\n\t\t\t\t<div class=\"elementor-post__badge\">Novinky<\/div>\n\t\t\t\t<div class=\"elementor-post__text\">\n\t\t\t\t<h3 class=\"elementor-post__title\">\n\t\t\t<a href=\"https:\/\/www.adra.sk\/en\/rozhovor-makongolo\/\" target=&quot;_blank&quot;>\n\t\t\t\tSirotinec v Marachi &#8211; Skuto\u010dn\u00fd pr\u00edbeh pastora Mohameda Makongolo\t\t\t<\/a>\n\t\t<\/h3>\n\t\t\t\t<div class=\"elementor-post__excerpt\">\n\t\t\t<p>Pre\u010d\u00edtajte si autentick\u00fd prepis rozhovoru s pastorom Mohamedom Makongolo, ktor\u00fd sa v Marachi, na hraniciach<\/p>\n\t\t<\/div>\n\t\t\t\t<\/div>\n\t\t\t\t<div class=\"elementor-post__meta-data\">\n\t\t\t\t\t<span class=\"elementor-post-date\">\n\t\t\tApril 21, 2017\t\t<\/span>\n\t\t\t\t<\/div>\n\t\t\t\t\t<\/div>\n\t\t<\/article>\n\t\t\t\t<article class=\"elementor-post elementor-grid-item post-15547 post type-post status-publish format-standard has-post-thumbnail hentry category-novinky category-uncategorized\" role=\"listitem\">\n\t\t\t<div class=\"elementor-post__card\">\n\t\t\t\t<a class=\"elementor-post__thumbnail__link\" href=\"https:\/\/www.adra.sk\/en\/dobrovolnik-adra\/\" tabindex=\"-1\" target=\"_blank\"><div class=\"elementor-post__thumbnail\"><img loading=\"lazy\" decoding=\"async\" width=\"300\" height=\"200\" src=\"https:\/\/www.adra.sk\/wp-content\/uploads\/2017\/04\/Foto-dobrovolnik-300x200.jpg\" class=\"attachment-medium size-medium wp-image-15548\" alt=\"\" srcset=\"https:\/\/www.adra.sk\/wp-content\/uploads\/2017\/04\/Foto-dobrovolnik-300x200.jpg 300w, https:\/\/www.adra.sk\/wp-content\/uploads\/2017\/04\/Foto-dobrovolnik-1024x683.jpg 1024w, https:\/\/www.adra.sk\/wp-content\/uploads\/2017\/04\/Foto-dobrovolnik-768x512.jpg 768w, https:\/\/www.adra.sk\/wp-content\/uploads\/2017\/04\/Foto-dobrovolnik-1536x1025.jpg 1536w, https:\/\/www.adra.sk\/wp-content\/uploads\/2017\/04\/Foto-dobrovolnik-2048x1366.jpg 2048w, https:\/\/www.adra.sk\/wp-content\/uploads\/2017\/04\/Foto-dobrovolnik-2000x1334.jpg 2000w\" sizes=\"(max-width: 300px) 100vw, 300px\" \/><\/div><\/a>\n\t\t\t\t<div class=\"elementor-post__badge\">Novinky<\/div>\n\t\t\t\t<div class=\"elementor-post__text\">\n\t\t\t\t<h3 class=\"elementor-post__title\">\n\t\t\t<a href=\"https:\/\/www.adra.sk\/en\/dobrovolnik-adra\/\" target=&quot;_blank&quot;>\n\t\t\t\tH\u013ead\u00e1me 4 dobrovo\u013en\u00edkov &#8211; Ke\u0148a, Alb\u00e1nsko, Filip\u00edny, Papua Nov\u00e1 Guinea\t\t\t<\/a>\n\t\t<\/h3>\n\t\t\t\t<div class=\"elementor-post__excerpt\">\n\t\t\t<p>ADRA Slovensko pl\u00e1nuje vysla\u0165 \u010fal\u0161\u00edch dobrovo\u013en\u00edkov do kraj\u00edn tretieho sveta\u00a0v\u010faka finan\u010dnej podpore grantovej sch\u00e9my SlovakAid<\/p>\n\t\t<\/div>\n\t\t\t\t<\/div>\n\t\t\t\t<div class=\"elementor-post__meta-data\">\n\t\t\t\t\t<span class=\"elementor-post-date\">\n\t\t\tApril 9, 2017\t\t<\/span>\n\t\t\t\t<\/div>\n\t\t\t\t\t<\/div>\n\t\t<\/article>\n\t\t\t\t<article class=\"elementor-post elementor-grid-item post-15544 post type-post status-publish format-standard has-post-thumbnail hentry category-novinky category-uncategorized\" role=\"listitem\">\n\t\t\t<div class=\"elementor-post__card\">\n\t\t\t\t<a class=\"elementor-post__thumbnail__link\" href=\"https:\/\/www.adra.sk\/en\/adra-newsletter-12017-2\/\" tabindex=\"-1\" target=\"_blank\"><div class=\"elementor-post__thumbnail\"><img loading=\"lazy\" decoding=\"async\" width=\"300\" height=\"225\" src=\"https:\/\/www.adra.sk\/wp-content\/uploads\/2017\/03\/IMG_3038-300x225.jpg\" class=\"attachment-medium size-medium wp-image-15545\" alt=\"\" srcset=\"https:\/\/www.adra.sk\/wp-content\/uploads\/2017\/03\/IMG_3038-300x225.jpg 300w, https:\/\/www.adra.sk\/wp-content\/uploads\/2017\/03\/IMG_3038-1024x768.jpg 1024w, https:\/\/www.adra.sk\/wp-content\/uploads\/2017\/03\/IMG_3038-768x576.jpg 768w, https:\/\/www.adra.sk\/wp-content\/uploads\/2017\/03\/IMG_3038-1536x1152.jpg 1536w, https:\/\/www.adra.sk\/wp-content\/uploads\/2017\/03\/IMG_3038-2048x1536.jpg 2048w, https:\/\/www.adra.sk\/wp-content\/uploads\/2017\/03\/IMG_3038-1000x750.jpg 1000w, https:\/\/www.adra.sk\/wp-content\/uploads\/2017\/03\/IMG_3038-2000x1500.jpg 2000w\" sizes=\"(max-width: 300px) 100vw, 300px\" \/><\/div><\/a>\n\t\t\t\t<div class=\"elementor-post__badge\">Novinky<\/div>\n\t\t\t\t<div class=\"elementor-post__text\">\n\t\t\t\t<h3 class=\"elementor-post__title\">\n\t\t\t<a href=\"https:\/\/www.adra.sk\/en\/adra-newsletter-12017-2\/\" target=&quot;_blank&quot;>\n\t\t\t\tADRA NEWSLETTER 2\/2017\t\t\t<\/a>\n\t\t<\/h3>\n\t\t\t\t<div class=\"elementor-post__excerpt\">\n\t\t\t<p>Aktu\u00e1lne\u00a0novinky &#8211; zisti\u00a0viac o tom, ako pom\u00e1hame Chce\u0161 vedie\u0165, kam sme leteli s prezidentom SR?<\/p>\n\t\t<\/div>\n\t\t\t\t<\/div>\n\t\t\t\t<div class=\"elementor-post__meta-data\">\n\t\t\t\t\t<span class=\"elementor-post-date\">\n\t\t\tMarch 23, 2017\t\t<\/span>\n\t\t\t\t<\/div>\n\t\t\t\t\t<\/div>\n\t\t<\/article>\n\t\t\t\t<article class=\"elementor-post elementor-grid-item post-15539 post type-post status-publish format-standard has-post-thumbnail hentry category-novinky category-uncategorized\" role=\"listitem\">\n\t\t\t<div class=\"elementor-post__card\">\n\t\t\t\t<a class=\"elementor-post__thumbnail__link\" href=\"https:\/\/www.adra.sk\/en\/spolu-pre-kenu\/\" tabindex=\"-1\" target=\"_blank\"><div class=\"elementor-post__thumbnail\"><img loading=\"lazy\" decoding=\"async\" width=\"300\" height=\"225\" src=\"https:\/\/www.adra.sk\/wp-content\/uploads\/2017\/03\/Turkana-drought-3-300x225.jpeg\" class=\"attachment-medium size-medium wp-image-15540\" alt=\"Spolu pre Ke\u0148u, ADRA\" srcset=\"https:\/\/www.adra.sk\/wp-content\/uploads\/2017\/03\/Turkana-drought-3-300x225.jpeg 300w, https:\/\/www.adra.sk\/wp-content\/uploads\/2017\/03\/Turkana-drought-3.jpeg 640w\" sizes=\"(max-width: 300px) 100vw, 300px\" \/><\/div><\/a>\n\t\t\t\t<div class=\"elementor-post__badge\">Novinky<\/div>\n\t\t\t\t<div class=\"elementor-post__text\">\n\t\t\t\t<h3 class=\"elementor-post__title\">\n\t\t\t<a href=\"https:\/\/www.adra.sk\/en\/spolu-pre-kenu\/\" target=&quot;_blank&quot;>\n\t\t\t\tSPOLU PRE KE\u0147U &#8211; Aj ty m\u00f4\u017ee\u0161 pom\u00f4c\u0165\t\t\t<\/a>\n\t\t<\/h3>\n\t\t\t\t<div class=\"elementor-post__excerpt\">\n\t\t\t<p>Spolu pre Ke\u0148u &#8211; Daruj online teraz Spojili sme sa, aby sme pomohli \u013eu\u010fom, ktor\u00fdch<\/p>\n\t\t<\/div>\n\t\t\t\t<\/div>\n\t\t\t\t<div class=\"elementor-post__meta-data\">\n\t\t\t\t\t<span class=\"elementor-post-date\">\n\t\t\tMarch 1, 2017\t\t<\/span>\n\t\t\t\t<\/div>\n\t\t\t\t\t<\/div>\n\t\t<\/article>\n\t\t\t\t<article class=\"elementor-post elementor-grid-item post-15542 post type-post status-publish format-standard has-post-thumbnail hentry category-novinky category-uncategorized\" role=\"listitem\">\n\t\t\t<div class=\"elementor-post__card\">\n\t\t\t\t<a class=\"elementor-post__thumbnail__link\" href=\"https:\/\/www.adra.sk\/en\/adra-newsletter-12017\/\" tabindex=\"-1\" target=\"_blank\"><div class=\"elementor-post__thumbnail\"><img loading=\"lazy\" decoding=\"async\" width=\"300\" height=\"184\" src=\"https:\/\/www.adra.sk\/wp-content\/uploads\/2017\/02\/DSCF7805-1-300x184.jpg\" class=\"attachment-medium size-medium wp-image-15543\" alt=\"2 % z dan\u00ed, da\u0148ov\u00e9 priznanie, ADRA\" srcset=\"https:\/\/www.adra.sk\/wp-content\/uploads\/2017\/02\/DSCF7805-1-300x184.jpg 300w, https:\/\/www.adra.sk\/wp-content\/uploads\/2017\/02\/DSCF7805-1-1024x629.jpg 1024w, https:\/\/www.adra.sk\/wp-content\/uploads\/2017\/02\/DSCF7805-1-768x472.jpg 768w, https:\/\/www.adra.sk\/wp-content\/uploads\/2017\/02\/DSCF7805-1-1536x943.jpg 1536w, https:\/\/www.adra.sk\/wp-content\/uploads\/2017\/02\/DSCF7805-1-2048x1257.jpg 2048w, https:\/\/www.adra.sk\/wp-content\/uploads\/2017\/02\/DSCF7805-1-2000x1228.jpg 2000w\" sizes=\"(max-width: 300px) 100vw, 300px\" \/><\/div><\/a>\n\t\t\t\t<div class=\"elementor-post__badge\">Novinky<\/div>\n\t\t\t\t<div class=\"elementor-post__text\">\n\t\t\t\t<h3 class=\"elementor-post__title\">\n\t\t\t<a href=\"https:\/\/www.adra.sk\/en\/adra-newsletter-12017\/\" target=&quot;_blank&quot;>\n\t\t\t\tADRA NEWSLETTER 1\/2017\t\t\t<\/a>\n\t\t<\/h3>\n\t\t\t\t<div class=\"elementor-post__excerpt\">\n\t\t\t<p>Aktu\u00e1lne\u00a0novinky &#8211; zisti\u00a0viac o tom, ako pom\u00e1hame Chce\u0161 vedie\u0165, komu pom\u00f4\u017eu 2 % z dane?<\/p>\n\t\t<\/div>\n\t\t\t\t<\/div>\n\t\t\t\t<div class=\"elementor-post__meta-data\">\n\t\t\t\t\t<span class=\"elementor-post-date\">\n\t\t\tFebruary 21, 2017\t\t<\/span>\n\t\t\t\t<\/div>\n\t\t\t\t\t<\/div>\n\t\t<\/article>\n\t\t\t\t<article class=\"elementor-post elementor-grid-item post-15531 post type-post status-publish format-standard has-post-thumbnail hentry category-novinky category-uncategorized\" role=\"listitem\">\n\t\t\t<div class=\"elementor-post__card\">\n\t\t\t\t<a class=\"elementor-post__thumbnail__link\" href=\"https:\/\/www.adra.sk\/en\/verejne-obstaravanie\/\" tabindex=\"-1\" target=\"_blank\"><div class=\"elementor-post__thumbnail\"><img loading=\"lazy\" decoding=\"async\" width=\"300\" height=\"150\" src=\"https:\/\/www.adra.sk\/wp-content\/uploads\/2017\/01\/logo_blank_original-300x150.png\" class=\"attachment-medium size-medium wp-image-15532\" alt=\"\" srcset=\"https:\/\/www.adra.sk\/wp-content\/uploads\/2017\/01\/logo_blank_original-300x150.png 300w, https:\/\/www.adra.sk\/wp-content\/uploads\/2017\/01\/logo_blank_original-768x384.png 768w, https:\/\/www.adra.sk\/wp-content\/uploads\/2017\/01\/logo_blank_original.png 800w\" sizes=\"(max-width: 300px) 100vw, 300px\" \/><\/div><\/a>\n\t\t\t\t<div class=\"elementor-post__badge\">Novinky<\/div>\n\t\t\t\t<div class=\"elementor-post__text\">\n\t\t\t\t<h3 class=\"elementor-post__title\">\n\t\t\t<a href=\"https:\/\/www.adra.sk\/en\/verejne-obstaravanie\/\" target=&quot;_blank&quot;>\n\t\t\t\tVerejn\u00e9 obstar\u00e1vanie\t\t\t<\/a>\n\t\t<\/h3>\n\t\t\t\t<div class=\"elementor-post__excerpt\">\n\t\t\t<p>ADRA Slovensko vyhl\u00e1sila d\u0148a 26. 1. 2017 verejn\u00e9 obstar\u00e1vanie na zabezpe\u010denie vedenia podvojn\u00e9ho \u00fa\u010dtovn\u00edctva a<\/p>\n\t\t<\/div>\n\t\t\t\t<\/div>\n\t\t\t\t<div class=\"elementor-post__meta-data\">\n\t\t\t\t\t<span class=\"elementor-post-date\">\n\t\t\tJanuary 26, 2017\t\t<\/span>\n\t\t\t\t<\/div>\n\t\t\t\t\t<\/div>\n\t\t<\/article>\n\t\t\t\t<article class=\"elementor-post elementor-grid-item post-15527 post type-post status-publish format-standard has-post-thumbnail hentry category-novinky category-uncategorized\" role=\"listitem\">\n\t\t\t<div class=\"elementor-post__card\">\n\t\t\t\t<a class=\"elementor-post__thumbnail__link\" href=\"https:\/\/www.adra.sk\/en\/adra-newsletter-122016\/\" tabindex=\"-1\" target=\"_blank\"><div class=\"elementor-post__thumbnail\"><img loading=\"lazy\" decoding=\"async\" width=\"300\" height=\"169\" src=\"https:\/\/www.adra.sk\/wp-content\/uploads\/2017\/01\/2-KeC48F-sa-do-rC3BAk-nezmestC3AD-300x169.jpg\" class=\"attachment-medium size-medium wp-image-15528\" alt=\"\" srcset=\"https:\/\/www.adra.sk\/wp-content\/uploads\/2017\/01\/2-KeC48F-sa-do-rC3BAk-nezmestC3AD-300x169.jpg 300w, https:\/\/www.adra.sk\/wp-content\/uploads\/2017\/01\/2-KeC48F-sa-do-rC3BAk-nezmestC3AD-1024x575.jpg 1024w, https:\/\/www.adra.sk\/wp-content\/uploads\/2017\/01\/2-KeC48F-sa-do-rC3BAk-nezmestC3AD-768x432.jpg 768w, https:\/\/www.adra.sk\/wp-content\/uploads\/2017\/01\/2-KeC48F-sa-do-rC3BAk-nezmestC3AD-1536x863.jpg 1536w, https:\/\/www.adra.sk\/wp-content\/uploads\/2017\/01\/2-KeC48F-sa-do-rC3BAk-nezmestC3AD.jpg 2000w\" sizes=\"(max-width: 300px) 100vw, 300px\" \/><\/div><\/a>\n\t\t\t\t<div class=\"elementor-post__badge\">Novinky<\/div>\n\t\t\t\t<div class=\"elementor-post__text\">\n\t\t\t\t<h3 class=\"elementor-post__title\">\n\t\t\t<a href=\"https:\/\/www.adra.sk\/en\/adra-newsletter-122016\/\" target=&quot;_blank&quot;>\n\t\t\t\tADRA NEWSLETTER 12\/2016\t\t\t<\/a>\n\t\t<\/h3>\n\t\t\t\t<div class=\"elementor-post__excerpt\">\n\t\t\t<p>\ud83c\udf31\u00a0Farm\u00e1rka sez\u00f3ny &#8211; Libanonsk\u00e9 &#8222;k\u00fapalisko&#8220; &#8211; N\u00e1vrat domov &#8211; S\u00fdrski kraj\u010d\u00edri &#8211; Givenio &#8211; 2<\/p>\n\t\t<\/div>\n\t\t\t\t<\/div>\n\t\t\t\t<div class=\"elementor-post__meta-data\">\n\t\t\t\t\t<span class=\"elementor-post-date\">\n\t\t\tJanuary 18, 2017\t\t<\/span>\n\t\t\t\t<\/div>\n\t\t\t\t\t<\/div>\n\t\t<\/article>\n\t\t\t\t<article class=\"elementor-post elementor-grid-item post-15525 post type-post status-publish format-standard has-post-thumbnail hentry category-blog category-uncategorized\" role=\"listitem\">\n\t\t\t<div class=\"elementor-post__card\">\n\t\t\t\t<a class=\"elementor-post__thumbnail__link\" href=\"https:\/\/www.adra.sk\/en\/novinky-priamo-terenu-albansko\/\" tabindex=\"-1\" target=\"_blank\"><div class=\"elementor-post__thumbnail\"><img loading=\"lazy\" decoding=\"async\" width=\"300\" height=\"214\" src=\"https:\/\/www.adra.sk\/wp-content\/uploads\/2017\/01\/dsc-0497_orig-300x214.jpg\" class=\"attachment-medium size-medium wp-image-15526\" alt=\"dobrovo\u013en\u00edk\" srcset=\"https:\/\/www.adra.sk\/wp-content\/uploads\/2017\/01\/dsc-0497_orig-300x214.jpg 300w, https:\/\/www.adra.sk\/wp-content\/uploads\/2017\/01\/dsc-0497_orig-1024x731.jpg 1024w, https:\/\/www.adra.sk\/wp-content\/uploads\/2017\/01\/dsc-0497_orig-768x548.jpg 768w, https:\/\/www.adra.sk\/wp-content\/uploads\/2017\/01\/dsc-0497_orig.jpg 1100w\" sizes=\"(max-width: 300px) 100vw, 300px\" \/><\/div><\/a>\n\t\t\t\t<div class=\"elementor-post__badge\">Blog<\/div>\n\t\t\t\t<div class=\"elementor-post__text\">\n\t\t\t\t<h3 class=\"elementor-post__title\">\n\t\t\t<a href=\"https:\/\/www.adra.sk\/en\/novinky-priamo-terenu-albansko\/\" target=&quot;_blank&quot;>\n\t\t\t\tNOVINKY PRIAMO Z TER\u00c9NU &#8211; ALB\u00c1NSKO\t\t\t<\/a>\n\t\t<\/h3>\n\t\t\t\t<div class=\"elementor-post__excerpt\">\n\t\t\t<p>Alb\u00e1nsko\u00a0\u2013\u00a0Rozvojov\u00e1 spolupr\u00e1ca s pobo\u010dkou ADRA Alb\u00e1nsko Sleduj blog na\u0161ej dobrovo\u013en\u00ed\u010dky Janky:\u00a0http:\/\/balbania.weebly.com\u00a0<\/p>\n\t\t<\/div>\n\t\t\t\t<\/div>\n\t\t\t\t<div class=\"elementor-post__meta-data\">\n\t\t\t\t\t<span class=\"elementor-post-date\">\n\t\t\tJanuary 9, 2017\t\t<\/span>\n\t\t\t\t<\/div>\n\t\t\t\t\t<\/div>\n\t\t<\/article>\n\t\t\t\t<article class=\"elementor-post elementor-grid-item post-15515 post type-post status-publish format-standard has-post-thumbnail hentry category-blog category-uncategorized\" role=\"listitem\">\n\t\t\t<div class=\"elementor-post__card\">\n\t\t\t\t<a class=\"elementor-post__thumbnail__link\" href=\"https:\/\/www.adra.sk\/en\/syrske-rodiny-uteku-zohriali-tele-aj-dusi\/\" tabindex=\"-1\" target=\"_blank\"><div class=\"elementor-post__thumbnail\"><img loading=\"lazy\" decoding=\"async\" width=\"300\" height=\"263\" src=\"https:\/\/www.adra.sk\/wp-content\/uploads\/2016\/12\/J-300x263.jpg\" class=\"attachment-medium size-medium wp-image-15516\" alt=\"\" srcset=\"https:\/\/www.adra.sk\/wp-content\/uploads\/2016\/12\/J-300x263.jpg 300w, https:\/\/www.adra.sk\/wp-content\/uploads\/2016\/12\/J-1024x897.jpg 1024w, https:\/\/www.adra.sk\/wp-content\/uploads\/2016\/12\/J-768x673.jpg 768w, https:\/\/www.adra.sk\/wp-content\/uploads\/2016\/12\/J-1536x1345.jpg 1536w, https:\/\/www.adra.sk\/wp-content\/uploads\/2016\/12\/J-2048x1793.jpg 2048w, https:\/\/www.adra.sk\/wp-content\/uploads\/2016\/12\/J-2000x1751.jpg 2000w\" sizes=\"(max-width: 300px) 100vw, 300px\" \/><\/div><\/a>\n\t\t\t\t<div class=\"elementor-post__badge\">Blog<\/div>\n\t\t\t\t<div class=\"elementor-post__text\">\n\t\t\t\t<h3 class=\"elementor-post__title\">\n\t\t\t<a href=\"https:\/\/www.adra.sk\/en\/syrske-rodiny-uteku-zohriali-tele-aj-dusi\/\" target=&quot;_blank&quot;>\n\t\t\t\tAko sme s\u00fdrske rodiny na \u00fateku zohriali na tele aj na du\u0161i\t\t\t<\/a>\n\t\t<\/h3>\n\t\t\t\t<div class=\"elementor-post__excerpt\">\n\t\t\t<p>Aj vy m\u00e1te doma skri\u0148u pln\u00fa oble\u010denia a aj tak m\u00e1te ob\u010das pocit, \u017ee nem\u00e1te<\/p>\n\t\t<\/div>\n\t\t\t\t<\/div>\n\t\t\t\t<div class=\"elementor-post__meta-data\">\n\t\t\t\t\t<span class=\"elementor-post-date\">\n\t\t\tDecember 15, 2016\t\t<\/span>\n\t\t\t\t<\/div>\n\t\t\t\t\t<\/div>\n\t\t<\/article>\n\t\t\t\t<article class=\"elementor-post elementor-grid-item post-15517 post type-post status-publish format-standard has-post-thumbnail hentry category-blogen category-uncategorized\" role=\"listitem\">\n\t\t\t<div class=\"elementor-post__card\">\n\t\t\t\t<a class=\"elementor-post__thumbnail__link\" href=\"https:\/\/www.adra.sk\/en\/as-we-warmed-body-and-soul-of-fleeing-syrian-families\/\" tabindex=\"-1\" target=\"_blank\"><div class=\"elementor-post__thumbnail\"><img loading=\"lazy\" decoding=\"async\" width=\"300\" height=\"263\" src=\"https:\/\/www.adra.sk\/wp-content\/uploads\/2016\/12\/J-300x263.jpg\" class=\"attachment-medium size-medium wp-image-15516\" alt=\"\" srcset=\"https:\/\/www.adra.sk\/wp-content\/uploads\/2016\/12\/J-300x263.jpg 300w, https:\/\/www.adra.sk\/wp-content\/uploads\/2016\/12\/J-1024x897.jpg 1024w, https:\/\/www.adra.sk\/wp-content\/uploads\/2016\/12\/J-768x673.jpg 768w, https:\/\/www.adra.sk\/wp-content\/uploads\/2016\/12\/J-1536x1345.jpg 1536w, https:\/\/www.adra.sk\/wp-content\/uploads\/2016\/12\/J-2048x1793.jpg 2048w, https:\/\/www.adra.sk\/wp-content\/uploads\/2016\/12\/J-2000x1751.jpg 2000w\" sizes=\"(max-width: 300px) 100vw, 300px\" \/><\/div><\/a>\n\t\t\t\t<div class=\"elementor-post__badge\">BlogEN<\/div>\n\t\t\t\t<div class=\"elementor-post__text\">\n\t\t\t\t<h3 class=\"elementor-post__title\">\n\t\t\t<a href=\"https:\/\/www.adra.sk\/en\/as-we-warmed-body-and-soul-of-fleeing-syrian-families\/\" target=&quot;_blank&quot;>\n\t\t\t\tAs we warmed body and soul of fleeing Syrian families\t\t\t<\/a>\n\t\t<\/h3>\n\t\t\t\t<div class=\"elementor-post__excerpt\">\n\t\t\t<p>Do you also have a wardrobe full of clothes at home and you still think<\/p>\n\t\t<\/div>\n\t\t\t\t<\/div>\n\t\t\t\t<div class=\"elementor-post__meta-data\">\n\t\t\t\t\t<span class=\"elementor-post-date\">\n\t\t\tDecember 15, 2016\t\t<\/span>\n\t\t\t\t<\/div>\n\t\t\t\t\t<\/div>\n\t\t<\/article>\n\t\t\t\t<article class=\"elementor-post elementor-grid-item post-15513 post type-post status-publish format-standard has-post-thumbnail hentry category-blog category-uncategorized\" role=\"listitem\">\n\t\t\t<div class=\"elementor-post__card\">\n\t\t\t\t<a class=\"elementor-post__thumbnail__link\" href=\"https:\/\/www.adra.sk\/en\/najkrajsi-darcek-cista-voda\/\" tabindex=\"-1\" target=\"_blank\"><div class=\"elementor-post__thumbnail\"><img loading=\"lazy\" decoding=\"async\" width=\"300\" height=\"200\" src=\"https:\/\/www.adra.sk\/wp-content\/uploads\/2016\/12\/IMG_6249-300x200.jpg\" class=\"attachment-medium size-medium wp-image-15514\" alt=\"\" srcset=\"https:\/\/www.adra.sk\/wp-content\/uploads\/2016\/12\/IMG_6249-300x200.jpg 300w, https:\/\/www.adra.sk\/wp-content\/uploads\/2016\/12\/IMG_6249-1024x683.jpg 1024w, https:\/\/www.adra.sk\/wp-content\/uploads\/2016\/12\/IMG_6249-768x512.jpg 768w, https:\/\/www.adra.sk\/wp-content\/uploads\/2016\/12\/IMG_6249-1536x1024.jpg 1536w, https:\/\/www.adra.sk\/wp-content\/uploads\/2016\/12\/IMG_6249-2048x1365.jpg 2048w, https:\/\/www.adra.sk\/wp-content\/uploads\/2016\/12\/IMG_6249-2000x1333.jpg 2000w\" sizes=\"(max-width: 300px) 100vw, 300px\" \/><\/div><\/a>\n\t\t\t\t<div class=\"elementor-post__badge\">Blog<\/div>\n\t\t\t\t<div class=\"elementor-post__text\">\n\t\t\t\t<h3 class=\"elementor-post__title\">\n\t\t\t<a href=\"https:\/\/www.adra.sk\/en\/najkrajsi-darcek-cista-voda\/\" target=&quot;_blank&quot;>\n\t\t\t\tNajkraj\u0161\u00ed dar\u010dek: \u010dist\u00e1 voda\t\t\t<\/a>\n\t\t<\/h3>\n\t\t\t\t<div class=\"elementor-post__excerpt\">\n\t\t\t<p>V\u00a0obdob\u00ed Vianoc \u013eudia rozm\u00fd\u0161\u013eaj\u00fa, ak\u00fdm dar\u010dekom pote\u0161i\u0165 svojich bl\u00ed\u017enych, \u010di nov\u00fdm mobilom, b\u00e1bikou, notebookom, knihou<\/p>\n\t\t<\/div>\n\t\t\t\t<\/div>\n\t\t\t\t<div class=\"elementor-post__meta-data\">\n\t\t\t\t\t<span class=\"elementor-post-date\">\n\t\t\tDecember 12, 2016\t\t<\/span>\n\t\t\t\t<\/div>\n\t\t\t\t\t<\/div>\n\t\t<\/article>\n\t\t\t\t<article class=\"elementor-post elementor-grid-item post-15518 post type-post status-publish format-standard has-post-thumbnail hentry category-blogen category-uncategorized\" role=\"listitem\">\n\t\t\t<div class=\"elementor-post__card\">\n\t\t\t\t<a class=\"elementor-post__thumbnail__link\" href=\"https:\/\/www.adra.sk\/en\/the-best-gift-drinking-water\/\" tabindex=\"-1\" target=\"_blank\"><div class=\"elementor-post__thumbnail\"><img loading=\"lazy\" decoding=\"async\" width=\"300\" height=\"200\" src=\"https:\/\/www.adra.sk\/wp-content\/uploads\/2016\/12\/IMG_6249-300x200.jpg\" class=\"attachment-medium size-medium wp-image-15514\" alt=\"\" srcset=\"https:\/\/www.adra.sk\/wp-content\/uploads\/2016\/12\/IMG_6249-300x200.jpg 300w, https:\/\/www.adra.sk\/wp-content\/uploads\/2016\/12\/IMG_6249-1024x683.jpg 1024w, https:\/\/www.adra.sk\/wp-content\/uploads\/2016\/12\/IMG_6249-768x512.jpg 768w, https:\/\/www.adra.sk\/wp-content\/uploads\/2016\/12\/IMG_6249-1536x1024.jpg 1536w, https:\/\/www.adra.sk\/wp-content\/uploads\/2016\/12\/IMG_6249-2048x1365.jpg 2048w, https:\/\/www.adra.sk\/wp-content\/uploads\/2016\/12\/IMG_6249-2000x1333.jpg 2000w\" sizes=\"(max-width: 300px) 100vw, 300px\" \/><\/div><\/a>\n\t\t\t\t<div class=\"elementor-post__badge\">BlogEN<\/div>\n\t\t\t\t<div class=\"elementor-post__text\">\n\t\t\t\t<h3 class=\"elementor-post__title\">\n\t\t\t<a href=\"https:\/\/www.adra.sk\/en\/the-best-gift-drinking-water\/\" target=&quot;_blank&quot;>\n\t\t\t\tThe best gift: drinking water\t\t\t<\/a>\n\t\t<\/h3>\n\t\t\t\t<div class=\"elementor-post__excerpt\">\n\t\t\t<p>During Christmas people think what kind of a gift could please their neighbors. Whether a<\/p>\n\t\t<\/div>\n\t\t\t\t<\/div>\n\t\t\t\t<div class=\"elementor-post__meta-data\">\n\t\t\t\t\t<span class=\"elementor-post-date\">\n\t\t\tDecember 12, 2016\t\t<\/span>\n\t\t\t\t<\/div>\n\t\t\t\t\t<\/div>\n\t\t<\/article>\n\t\t\t\t<article class=\"elementor-post elementor-grid-item post-15511 post type-post status-publish format-standard has-post-thumbnail hentry category-blog\" role=\"listitem\">\n\t\t\t<div class=\"elementor-post__card\">\n\t\t\t\t<a class=\"elementor-post__thumbnail__link\" href=\"https:\/\/www.adra.sk\/en\/adra-newsletter-112016-2\/\" tabindex=\"-1\" target=\"_blank\"><div class=\"elementor-post__thumbnail\"><img loading=\"lazy\" decoding=\"async\" width=\"300\" height=\"214\" src=\"https:\/\/www.adra.sk\/wp-content\/uploads\/2016\/12\/pomozsirotam1-300x214.png\" class=\"attachment-medium size-medium wp-image-15512\" alt=\"\" srcset=\"https:\/\/www.adra.sk\/wp-content\/uploads\/2016\/12\/pomozsirotam1-300x214.png 300w, https:\/\/www.adra.sk\/wp-content\/uploads\/2016\/12\/pomozsirotam1-1024x730.png 1024w, https:\/\/www.adra.sk\/wp-content\/uploads\/2016\/12\/pomozsirotam1-768x547.png 768w, https:\/\/www.adra.sk\/wp-content\/uploads\/2016\/12\/pomozsirotam1.png 1245w\" sizes=\"(max-width: 300px) 100vw, 300px\" \/><\/div><\/a>\n\t\t\t\t<div class=\"elementor-post__badge\">Blog<\/div>\n\t\t\t\t<div class=\"elementor-post__text\">\n\t\t\t\t<h3 class=\"elementor-post__title\">\n\t\t\t<a href=\"https:\/\/www.adra.sk\/en\/adra-newsletter-112016-2\/\" target=&quot;_blank&quot;>\n\t\t\t\tADRA Newsletter 11\/2016\t\t\t<\/a>\n\t\t<\/h3>\n\t\t\t\t<div class=\"elementor-post__excerpt\">\n\t\t\t<p>\ud83d\udeb0\u00a0Pitn\u00e1 voda pre 700 det\u00ed &#8211; \u00daspe\u0161n\u00e1 zbierka vlny a l\u00e1tok &#8211; Pom\u00f4\u017e 41 sirot\u00e1m<\/p>\n\t\t<\/div>\n\t\t\t\t<\/div>\n\t\t\t\t<div class=\"elementor-post__meta-data\">\n\t\t\t\t\t<span class=\"elementor-post-date\">\n\t\t\tDecember 2, 2016\t\t<\/span>\n\t\t\t\t<\/div>\n\t\t\t\t\t<\/div>\n\t\t<\/article>\n\t\t\t\t<article class=\"elementor-post elementor-grid-item post-15499 post type-post status-publish format-standard has-post-thumbnail hentry category-blog category-uncategorized\" role=\"listitem\">\n\t\t\t<div class=\"elementor-post__card\">\n\t\t\t\t<a class=\"elementor-post__thumbnail__link\" href=\"https:\/\/www.adra.sk\/en\/novinky-priamo-z-terenu-kena\/\" tabindex=\"-1\" target=\"_blank\"><div class=\"elementor-post__thumbnail\"><img loading=\"lazy\" decoding=\"async\" width=\"300\" height=\"199\" src=\"https:\/\/www.adra.sk\/wp-content\/uploads\/2016\/11\/DSC_5298-300x199.jpg\" class=\"attachment-medium size-medium wp-image-15500\" alt=\"\" srcset=\"https:\/\/www.adra.sk\/wp-content\/uploads\/2016\/11\/DSC_5298-300x199.jpg 300w, https:\/\/www.adra.sk\/wp-content\/uploads\/2016\/11\/DSC_5298-1024x680.jpg 1024w, https:\/\/www.adra.sk\/wp-content\/uploads\/2016\/11\/DSC_5298-768x510.jpg 768w, https:\/\/www.adra.sk\/wp-content\/uploads\/2016\/11\/DSC_5298-1536x1020.jpg 1536w, https:\/\/www.adra.sk\/wp-content\/uploads\/2016\/11\/DSC_5298-2048x1360.jpg 2048w, https:\/\/www.adra.sk\/wp-content\/uploads\/2016\/11\/DSC_5298-2000x1328.jpg 2000w\" sizes=\"(max-width: 300px) 100vw, 300px\" \/><\/div><\/a>\n\t\t\t\t<div class=\"elementor-post__badge\">Blog<\/div>\n\t\t\t\t<div class=\"elementor-post__text\">\n\t\t\t\t<h3 class=\"elementor-post__title\">\n\t\t\t<a href=\"https:\/\/www.adra.sk\/en\/novinky-priamo-z-terenu-kena\/\" target=&quot;_blank&quot;>\n\t\t\t\tNovinky priamo z ter\u00e9nu &#8211; Ke\u0148a\t\t\t<\/a>\n\t\t<\/h3>\n\t\t\t\t<div class=\"elementor-post__excerpt\">\n\t\t\t<p>Ke\u0148a &#8211; Nov\u00fd \u017eivot pre 500 farm\u00e1rskych rod\u00edn Sleduj\u00a0blog n\u00e1\u0161ho dobrovo\u013en\u00edka Sama:\u00a0http:\/\/samuelcellar.blogspot.sk \u00a0 \u00a0<\/p>\n\t\t<\/div>\n\t\t\t\t<\/div>\n\t\t\t\t<div class=\"elementor-post__meta-data\">\n\t\t\t\t\t<span class=\"elementor-post-date\">\n\t\t\tNovember 6, 2016\t\t<\/span>\n\t\t\t\t<\/div>\n\t\t\t\t\t<\/div>\n\t\t<\/article>\n\t\t\t\t<article class=\"elementor-post elementor-grid-item post-15521 post type-post status-publish format-standard has-post-thumbnail hentry category-blogen category-uncategorized\" role=\"listitem\">\n\t\t\t<div class=\"elementor-post__card\">\n\t\t\t\t<a class=\"elementor-post__thumbnail__link\" href=\"https:\/\/www.adra.sk\/en\/news-directly-from-terrain-kenya\/\" tabindex=\"-1\" target=\"_blank\"><div class=\"elementor-post__thumbnail\"><img loading=\"lazy\" decoding=\"async\" width=\"300\" height=\"199\" src=\"https:\/\/www.adra.sk\/wp-content\/uploads\/2016\/11\/DSC_5298-300x199.jpg\" class=\"attachment-medium size-medium wp-image-15500\" alt=\"\" srcset=\"https:\/\/www.adra.sk\/wp-content\/uploads\/2016\/11\/DSC_5298-300x199.jpg 300w, https:\/\/www.adra.sk\/wp-content\/uploads\/2016\/11\/DSC_5298-1024x680.jpg 1024w, https:\/\/www.adra.sk\/wp-content\/uploads\/2016\/11\/DSC_5298-768x510.jpg 768w, https:\/\/www.adra.sk\/wp-content\/uploads\/2016\/11\/DSC_5298-1536x1020.jpg 1536w, https:\/\/www.adra.sk\/wp-content\/uploads\/2016\/11\/DSC_5298-2048x1360.jpg 2048w, https:\/\/www.adra.sk\/wp-content\/uploads\/2016\/11\/DSC_5298-2000x1328.jpg 2000w\" sizes=\"(max-width: 300px) 100vw, 300px\" \/><\/div><\/a>\n\t\t\t\t<div class=\"elementor-post__badge\">BlogEN<\/div>\n\t\t\t\t<div class=\"elementor-post__text\">\n\t\t\t\t<h3 class=\"elementor-post__title\">\n\t\t\t<a href=\"https:\/\/www.adra.sk\/en\/news-directly-from-terrain-kenya\/\" target=&quot;_blank&quot;>\n\t\t\t\tNews directly from terrain \u2013 Kenya\t\t\t<\/a>\n\t\t<\/h3>\n\t\t\t\t<div class=\"elementor-post__excerpt\">\n\t\t\t<p>Kenya \u2013 new life for 500 farming families Follow the blog of our volunteer Samo:\u00a0http:\/\/samuelcellar.blogspot.sk<\/p>\n\t\t<\/div>\n\t\t\t\t<\/div>\n\t\t\t\t<div class=\"elementor-post__meta-data\">\n\t\t\t\t\t<span class=\"elementor-post-date\">\n\t\t\tNovember 6, 2016\t\t<\/span>\n\t\t\t\t<\/div>\n\t\t\t\t\t<\/div>\n\t\t<\/article>\n\t\t\t\t<article class=\"elementor-post elementor-grid-item post-15529 post type-post status-publish format-standard has-post-thumbnail hentry category-novinky category-uncategorized\" role=\"listitem\">\n\t\t\t<div class=\"elementor-post__card\">\n\t\t\t\t<a class=\"elementor-post__thumbnail__link\" href=\"https:\/\/www.adra.sk\/en\/adra-newsletter-102016\/\" tabindex=\"-1\" target=\"_blank\"><div class=\"elementor-post__thumbnail\"><img loading=\"lazy\" decoding=\"async\" width=\"300\" height=\"180\" src=\"https:\/\/www.adra.sk\/wp-content\/uploads\/2016\/11\/3-300x180.jpg\" class=\"attachment-medium size-medium wp-image-15530\" alt=\"\" srcset=\"https:\/\/www.adra.sk\/wp-content\/uploads\/2016\/11\/3-300x180.jpg 300w, https:\/\/www.adra.sk\/wp-content\/uploads\/2016\/11\/3-1024x614.jpg 1024w, https:\/\/www.adra.sk\/wp-content\/uploads\/2016\/11\/3-768x461.jpg 768w, https:\/\/www.adra.sk\/wp-content\/uploads\/2016\/11\/3-1536x922.jpg 1536w, https:\/\/www.adra.sk\/wp-content\/uploads\/2016\/11\/3.jpg 2000w\" sizes=\"(max-width: 300px) 100vw, 300px\" \/><\/div><\/a>\n\t\t\t\t<div class=\"elementor-post__badge\">Novinky<\/div>\n\t\t\t\t<div class=\"elementor-post__text\">\n\t\t\t\t<h3 class=\"elementor-post__title\">\n\t\t\t<a href=\"https:\/\/www.adra.sk\/en\/adra-newsletter-102016\/\" target=&quot;_blank&quot;>\n\t\t\t\tADRA Newsletter 10\/2016\t\t\t<\/a>\n\t\t<\/h3>\n\t\t\t\t<div class=\"elementor-post__excerpt\">\n\t\t\t<p>Pre\u010d\u00edtajte si ADRA Newsletter 10\/2016 &#8211;\u00a0ADRA Newsletter 10\/2016<\/p>\n\t\t<\/div>\n\t\t\t\t<\/div>\n\t\t\t\t<div class=\"elementor-post__meta-data\">\n\t\t\t\t\t<span class=\"elementor-post-date\">\n\t\t\tNovember 4, 2016\t\t<\/span>\n\t\t\t\t<\/div>\n\t\t\t\t\t<\/div>\n\t\t<\/article>\n\t\t\t\t<article class=\"elementor-post elementor-grid-item post-15510 post type-post status-publish format-standard has-post-thumbnail hentry category-uncategorized\" role=\"listitem\">\n\t\t\t<div class=\"elementor-post__card\">\n\t\t\t\t<a class=\"elementor-post__thumbnail__link\" href=\"https:\/\/www.adra.sk\/en\/utecencov-ucime-sebestacnosti\/\" tabindex=\"-1\" target=\"_blank\"><div class=\"elementor-post__thumbnail\"><img loading=\"lazy\" decoding=\"async\" width=\"300\" height=\"169\" src=\"https:\/\/www.adra.sk\/wp-content\/uploads\/2020\/11\/Sewing_Class-300x169.jpg\" class=\"attachment-medium size-medium wp-image-15507\" alt=\"\" srcset=\"https:\/\/www.adra.sk\/wp-content\/uploads\/2020\/11\/Sewing_Class-300x169.jpg 300w, https:\/\/www.adra.sk\/wp-content\/uploads\/2020\/11\/Sewing_Class-1024x575.jpg 1024w, https:\/\/www.adra.sk\/wp-content\/uploads\/2020\/11\/Sewing_Class-768x432.jpg 768w, https:\/\/www.adra.sk\/wp-content\/uploads\/2020\/11\/Sewing_Class-1536x863.jpg 1536w, https:\/\/www.adra.sk\/wp-content\/uploads\/2020\/11\/Sewing_Class-2048x1151.jpg 2048w, https:\/\/www.adra.sk\/wp-content\/uploads\/2020\/11\/Sewing_Class-2000x1124.jpg 2000w\" sizes=\"(max-width: 300px) 100vw, 300px\" \/><\/div><\/a>\n\t\t\t\t<div class=\"elementor-post__badge\">Uncategorized<\/div>\n\t\t\t\t<div class=\"elementor-post__text\">\n\t\t\t\t<h3 class=\"elementor-post__title\">\n\t\t\t<a href=\"https:\/\/www.adra.sk\/en\/utecencov-ucime-sebestacnosti\/\" target=&quot;_blank&quot;>\n\t\t\t\tUTE\u010cENCOV U\u010c\u00cdME SEBESTA\u010cNOSTI\t\t\t<\/a>\n\t\t<\/h3>\n\t\t\t\t<div class=\"elementor-post__excerpt\">\n\t\t\t<p>V duchu na\u0161ej filozofie u\u010di\u0165 \u013eud\u00ed a komunity zru\u010dnostiam, aby boli dlhodobo samostatn\u00ed a v\u00fdsledky<\/p>\n\t\t<\/div>\n\t\t\t\t<\/div>\n\t\t\t\t<div class=\"elementor-post__meta-data\">\n\t\t\t\t\t<span class=\"elementor-post-date\">\n\t\t\tOctober 30, 2016\t\t<\/span>\n\t\t\t\t<\/div>\n\t\t\t\t\t<\/div>\n\t\t<\/article>\n\t\t\t\t<article class=\"elementor-post elementor-grid-item post-15522 post type-post status-publish format-standard has-post-thumbnail hentry category-blogen category-uncategorized\" role=\"listitem\">\n\t\t\t<div class=\"elementor-post__card\">\n\t\t\t\t<a class=\"elementor-post__thumbnail__link\" href=\"https:\/\/www.adra.sk\/en\/we-teach-refugees-how-be-self-sufficient\/\" tabindex=\"-1\" target=\"_blank\"><div class=\"elementor-post__thumbnail\"><img loading=\"lazy\" decoding=\"async\" width=\"300\" height=\"169\" src=\"https:\/\/www.adra.sk\/wp-content\/uploads\/2020\/11\/Sewing_Class-300x169.jpg\" class=\"attachment-medium size-medium wp-image-15507\" alt=\"\" srcset=\"https:\/\/www.adra.sk\/wp-content\/uploads\/2020\/11\/Sewing_Class-300x169.jpg 300w, https:\/\/www.adra.sk\/wp-content\/uploads\/2020\/11\/Sewing_Class-1024x575.jpg 1024w, https:\/\/www.adra.sk\/wp-content\/uploads\/2020\/11\/Sewing_Class-768x432.jpg 768w, https:\/\/www.adra.sk\/wp-content\/uploads\/2020\/11\/Sewing_Class-1536x863.jpg 1536w, https:\/\/www.adra.sk\/wp-content\/uploads\/2020\/11\/Sewing_Class-2048x1151.jpg 2048w, https:\/\/www.adra.sk\/wp-content\/uploads\/2020\/11\/Sewing_Class-2000x1124.jpg 2000w\" sizes=\"(max-width: 300px) 100vw, 300px\" \/><\/div><\/a>\n\t\t\t\t<div class=\"elementor-post__badge\">BlogEN<\/div>\n\t\t\t\t<div class=\"elementor-post__text\">\n\t\t\t\t<h3 class=\"elementor-post__title\">\n\t\t\t<a href=\"https:\/\/www.adra.sk\/en\/we-teach-refugees-how-be-self-sufficient\/\" target=&quot;_blank&quot;>\n\t\t\t\tWE TEACH REFUGEES HOW TO BE SELF-SUFFICIENT\t\t\t<\/a>\n\t\t<\/h3>\n\t\t\t\t<div class=\"elementor-post__excerpt\">\n\t\t\t<p>In the spirit of our philosophy to teach people and communities in order to be<\/p>\n\t\t<\/div>\n\t\t\t\t<\/div>\n\t\t\t\t<div class=\"elementor-post__meta-data\">\n\t\t\t\t\t<span class=\"elementor-post-date\">\n\t\t\tOctober 30, 2016\t\t<\/span>\n\t\t\t\t<\/div>\n\t\t\t\t\t<\/div>\n\t\t<\/article>\n\t\t\t\t<article class=\"elementor-post elementor-grid-item post-15497 post type-post status-publish format-standard has-post-thumbnail hentry category-blog category-uncategorized\" role=\"listitem\">\n\t\t\t<div class=\"elementor-post__card\">\n\t\t\t\t<a class=\"elementor-post__thumbnail__link\" href=\"https:\/\/www.adra.sk\/en\/precitajte-si-blogy-o-nasich-projektoch-pisane-priamo-z-terenu\/\" tabindex=\"-1\" target=\"_blank\"><div class=\"elementor-post__thumbnail\"><img loading=\"lazy\" decoding=\"async\" width=\"300\" height=\"169\" src=\"https:\/\/www.adra.sk\/wp-content\/uploads\/2016\/10\/y7-300x169.jpg\" class=\"attachment-medium size-medium wp-image-15498\" alt=\"\" srcset=\"https:\/\/www.adra.sk\/wp-content\/uploads\/2016\/10\/y7-300x169.jpg 300w, https:\/\/www.adra.sk\/wp-content\/uploads\/2016\/10\/y7-1024x575.jpg 1024w, https:\/\/www.adra.sk\/wp-content\/uploads\/2016\/10\/y7-768x431.jpg 768w, https:\/\/www.adra.sk\/wp-content\/uploads\/2016\/10\/y7.jpg 1280w\" sizes=\"(max-width: 300px) 100vw, 300px\" \/><\/div><\/a>\n\t\t\t\t<div class=\"elementor-post__badge\">Blog<\/div>\n\t\t\t\t<div class=\"elementor-post__text\">\n\t\t\t\t<h3 class=\"elementor-post__title\">\n\t\t\t<a href=\"https:\/\/www.adra.sk\/en\/precitajte-si-blogy-o-nasich-projektoch-pisane-priamo-z-terenu\/\" target=&quot;_blank&quot;>\n\t\t\t\tNovinky priamo z ter\u00e9nu &#8211; Gr\u00e9cko\t\t\t<\/a>\n\t\t<\/h3>\n\t\t\t\t<div class=\"elementor-post__excerpt\">\n\t\t\t<p>Gr\u00e9cko &#8211; Pomoc s\u00fdrskym rodin\u00e1m na \u00fateku Sleduj blog na\u0161ej ter\u00e9nnej koordin\u00e1torky Zuzky: http:\/\/adraslovakia.tumblr.com \u00a0<\/p>\n\t\t<\/div>\n\t\t\t\t<\/div>\n\t\t\t\t<div class=\"elementor-post__meta-data\">\n\t\t\t\t\t<span class=\"elementor-post-date\">\n\t\t\tOctober 27, 2016\t\t<\/span>\n\t\t\t\t<\/div>\n\t\t\t\t\t<\/div>\n\t\t<\/article>\n\t\t\t\t<article class=\"elementor-post elementor-grid-item post-15520 post type-post status-publish format-standard has-post-thumbnail hentry category-blogen category-uncategorized\" role=\"listitem\">\n\t\t\t<div class=\"elementor-post__card\">\n\t\t\t\t<a class=\"elementor-post__thumbnail__link\" href=\"https:\/\/www.adra.sk\/en\/news-directly-from-terrain-greece\/\" tabindex=\"-1\" target=\"_blank\"><div class=\"elementor-post__thumbnail\"><img loading=\"lazy\" decoding=\"async\" width=\"300\" height=\"169\" src=\"https:\/\/www.adra.sk\/wp-content\/uploads\/2016\/10\/y7-300x169.jpg\" class=\"attachment-medium size-medium wp-image-15498\" alt=\"\" srcset=\"https:\/\/www.adra.sk\/wp-content\/uploads\/2016\/10\/y7-300x169.jpg 300w, https:\/\/www.adra.sk\/wp-content\/uploads\/2016\/10\/y7-1024x575.jpg 1024w, https:\/\/www.adra.sk\/wp-content\/uploads\/2016\/10\/y7-768x431.jpg 768w, https:\/\/www.adra.sk\/wp-content\/uploads\/2016\/10\/y7.jpg 1280w\" sizes=\"(max-width: 300px) 100vw, 300px\" \/><\/div><\/a>\n\t\t\t\t<div class=\"elementor-post__badge\">BlogEN<\/div>\n\t\t\t\t<div class=\"elementor-post__text\">\n\t\t\t\t<h3 class=\"elementor-post__title\">\n\t\t\t<a href=\"https:\/\/www.adra.sk\/en\/news-directly-from-terrain-greece\/\" target=&quot;_blank&quot;>\n\t\t\t\tNews directly from terrain \u2013 Greece\t\t\t<\/a>\n\t\t<\/h3>\n\t\t\t\t<div class=\"elementor-post__excerpt\">\n\t\t\t<p>Greece \u2013 Help for fleeing families. Follow the blog of our terrain coordinator Zuzka: http:\/\/adraslovakia.tumblr.com<\/p>\n\t\t<\/div>\n\t\t\t\t<\/div>\n\t\t\t\t<div class=\"elementor-post__meta-data\">\n\t\t\t\t\t<span class=\"elementor-post-date\">\n\t\t\tOctober 27, 2016\t\t<\/span>\n\t\t\t\t<\/div>\n\t\t\t\t\t<\/div>\n\t\t<\/article>\n\t\t\t\t<article class=\"elementor-post elementor-grid-item post-15503 post type-post status-publish format-standard hentry category-blog category-novinky category-uncategorized\" role=\"listitem\">\n\t\t\t<div class=\"elementor-post__card\">\n\t\t\t\t<div class=\"elementor-post__text\">\n\t\t\t\t<h3 class=\"elementor-post__title\">\n\t\t\t<a href=\"https:\/\/www.adra.sk\/en\/adra-slovensko-2015-video\/\" target=&quot;_blank&quot;>\n\t\t\t\tADRA Slovensko 2015 &#8211; video\t\t\t<\/a>\n\t\t<\/h3>\n\t\t\t\t<div class=\"elementor-post__excerpt\">\n\t\t\t<p>Pozri si kr\u00e1tke video o tom, ako ADRA Slovensko pom\u00e1hala v roku 2015. \u00a0 \u00a0<\/p>\n\t\t<\/div>\n\t\t\t\t<\/div>\n\t\t\t\t<div class=\"elementor-post__meta-data\">\n\t\t\t\t\t<span class=\"elementor-post-date\">\n\t\t\tOctober 23, 2016\t\t<\/span>\n\t\t\t\t<\/div>\n\t\t\t\t\t<\/div>\n\t\t<\/article>\n\t\t\t\t<article class=\"elementor-post elementor-grid-item post-15504 post type-post status-publish format-standard has-post-thumbnail hentry category-novinky category-uncategorized\" role=\"listitem\">\n\t\t\t<div class=\"elementor-post__card\">\n\t\t\t\t<a class=\"elementor-post__thumbnail__link\" href=\"https:\/\/www.adra.sk\/en\/vyrocna-sprava-2015\/\" tabindex=\"-1\" target=\"_blank\"><div class=\"elementor-post__thumbnail\"><img loading=\"lazy\" decoding=\"async\" width=\"300\" height=\"224\" src=\"https:\/\/www.adra.sk\/wp-content\/uploads\/2016\/10\/vs-300x224.jpg\" class=\"attachment-medium size-medium wp-image-15505\" alt=\"\" srcset=\"https:\/\/www.adra.sk\/wp-content\/uploads\/2016\/10\/vs-300x224.jpg 300w, https:\/\/www.adra.sk\/wp-content\/uploads\/2016\/10\/vs-768x574.jpg 768w, https:\/\/www.adra.sk\/wp-content\/uploads\/2016\/10\/vs.jpg 960w\" sizes=\"(max-width: 300px) 100vw, 300px\" \/><\/div><\/a>\n\t\t\t\t<div class=\"elementor-post__badge\">Novinky<\/div>\n\t\t\t\t<div class=\"elementor-post__text\">\n\t\t\t\t<h3 class=\"elementor-post__title\">\n\t\t\t<a href=\"https:\/\/www.adra.sk\/en\/vyrocna-sprava-2015\/\" target=&quot;_blank&quot;>\n\t\t\t\tV\u00fdro\u010dn\u00e1 spr\u00e1va 2015\t\t\t<\/a>\n\t\t<\/h3>\n\t\t\t\t<div class=\"elementor-post__excerpt\">\n\t\t\t<p>Pre\u010d\u00edtajte si na\u0161u V\u00fdro\u010dn\u00fa spr\u00e1vu za rok 2015. \u00a0 \u00a0<\/p>\n\t\t<\/div>\n\t\t\t\t<\/div>\n\t\t\t\t<div class=\"elementor-post__meta-data\">\n\t\t\t\t\t<span class=\"elementor-post-date\">\n\t\t\tOctober 23, 2016\t\t<\/span>\n\t\t\t\t<\/div>\n\t\t\t\t\t<\/div>\n\t\t<\/article>\n\t\t\t\t<article class=\"elementor-post elementor-grid-item post-15523 post type-post status-publish format-standard has-post-thumbnail hentry category-blogen category-uncategorized\" role=\"listitem\">\n\t\t\t<div class=\"elementor-post__card\">\n\t\t\t\t<a class=\"elementor-post__thumbnail__link\" href=\"https:\/\/www.adra.sk\/en\/annual-report-2015\/\" tabindex=\"-1\" target=\"_blank\"><div class=\"elementor-post__thumbnail\"><img loading=\"lazy\" decoding=\"async\" width=\"300\" height=\"224\" src=\"https:\/\/www.adra.sk\/wp-content\/uploads\/2016\/10\/vs-300x224.jpg\" class=\"attachment-medium size-medium wp-image-15505\" alt=\"\" srcset=\"https:\/\/www.adra.sk\/wp-content\/uploads\/2016\/10\/vs-300x224.jpg 300w, https:\/\/www.adra.sk\/wp-content\/uploads\/2016\/10\/vs-768x574.jpg 768w, https:\/\/www.adra.sk\/wp-content\/uploads\/2016\/10\/vs.jpg 960w\" sizes=\"(max-width: 300px) 100vw, 300px\" \/><\/div><\/a>\n\t\t\t\t<div class=\"elementor-post__badge\">BlogEN<\/div>\n\t\t\t\t<div class=\"elementor-post__text\">\n\t\t\t\t<h3 class=\"elementor-post__title\">\n\t\t\t<a href=\"https:\/\/www.adra.sk\/en\/annual-report-2015\/\" target=&quot;_blank&quot;>\n\t\t\t\tAnnual Report 2015\t\t\t<\/a>\n\t\t<\/h3>\n\t\t\t\t<div class=\"elementor-post__excerpt\">\n\t\t\t<p>Read our 2015 Annual Report<\/p>\n\t\t<\/div>\n\t\t\t\t<\/div>\n\t\t\t\t<div class=\"elementor-post__meta-data\">\n\t\t\t\t\t<span class=\"elementor-post-date\">\n\t\t\tOctober 23, 2016\t\t<\/span>\n\t\t\t\t<\/div>\n\t\t\t\t\t<\/div>\n\t\t<\/article>\n\t\t\t\t<article class=\"elementor-post elementor-grid-item post-15524 post type-post status-publish format-standard hentry category-blogen category-uncategorized\" role=\"listitem\">\n\t\t\t<div class=\"elementor-post__card\">\n\t\t\t\t<div class=\"elementor-post__text\">\n\t\t\t\t<h3 class=\"elementor-post__title\">\n\t\t\t<a href=\"https:\/\/www.adra.sk\/en\/adra-slovakia-2015-video\/\" target=&quot;_blank&quot;>\n\t\t\t\tADRA Slovakia 2015 \u2013 video\t\t\t<\/a>\n\t\t<\/h3>\n\t\t\t\t<div class=\"elementor-post__excerpt\">\n\t\t\t<p>Watch this short video on how ADRA Slovakia helped in 2015.<\/p>\n\t\t<\/div>\n\t\t\t\t<\/div>\n\t\t\t\t<div class=\"elementor-post__meta-data\">\n\t\t\t\t\t<span class=\"elementor-post-date\">\n\t\t\tOctober 23, 2016\t\t<\/span>\n\t\t\t\t<\/div>\n\t\t\t\t\t<\/div>\n\t\t<\/article>\n\t\t\t\t<\/div>\n\t\t\n\t\t\t\t\t\t<\/div>\n\t\t\t\t<\/div>\n\t\t\t\t\t<\/div>\n\t\t<\/div>\n\t\t\t\t\t<\/div>\n\t\t<\/section>\n\t\t\t\t<\/div>\n\t\t","protected":false},"excerpt":{"rendered":"","protected":false},"author":64,"featured_media":0,"parent":13277,"menu_order":6,"comment_status":"closed","ping_status":"closed","template":"","meta":{"_acf_changed":false,"ngg_post_thumbnail":0,"footnotes":""},"class_list":["post-26950","page","type-page","status-publish","hentry"],"acf":[],"_links":{"self":[{"href":"https:\/\/www.adra.sk\/en\/wp-json\/wp\/v2\/pages\/26950","targetHints":{"allow":["GET"]}}],"collection":[{"href":"https:\/\/www.adra.sk\/en\/wp-json\/wp\/v2\/pages"}],"about":[{"href":"https:\/\/www.adra.sk\/en\/wp-json\/wp\/v2\/types\/page"}],"author":[{"embeddable":true,"href":"https:\/\/www.adra.sk\/en\/wp-json\/wp\/v2\/users\/64"}],"replies":[{"embeddable":true,"href":"https:\/\/www.adra.sk\/en\/wp-json\/wp\/v2\/comments?post=26950"}],"version-history":[{"count":22,"href":"https:\/\/www.adra.sk\/en\/wp-json\/wp\/v2\/pages\/26950\/revisions"}],"predecessor-version":[{"id":30742,"href":"https:\/\/www.adra.sk\/en\/wp-json\/wp\/v2\/pages\/26950\/revisions\/30742"}],"up":[{"embeddable":true,"href":"https:\/\/www.adra.sk\/en\/wp-json\/wp\/v2\/pages\/13277"}],"wp:attachment":[{"href":"https:\/\/www.adra.sk\/en\/wp-json\/wp\/v2\/media?parent=26950"}],"curies":[{"name":"wp","href":"https:\/\/api.w.org\/{rel}","templated":true}]}}